{"id":140922,"date":"2026-04-27T00:01:03","date_gmt":"2026-04-26T22:01:03","guid":{"rendered":"https:\/\/ruhr-real.de\/objekt\/sehr-moderne-bueroflaechen-l-innenstadtnah-l-exzellente-anbindung-an-die-a59-provisionsfrei-2\/"},"modified":"2026-04-27T15:30:03","modified_gmt":"2026-04-27T13:30:03","slug":"sehr-moderne-bueroflaechen-l-innenstadtnah-l-exzellente-anbindung-an-die-a59-provisionsfrei-2","status":"publish","type":"property","link":"https:\/\/ruhr-real.de\/en\/objekt\/sehr-moderne-bueroflaechen-l-innenstadtnah-l-exzellente-anbindung-an-die-a59-provisionsfrei-2\/","title":{"rendered":"Ihre neuen zentral gelegene B\u00fcrofl\u00e4chen in Duisburg"},"content":{"rendered":"<p>Die f\u00fcnfgeschossige, vollunterkellerte Immobilie aus den sechziger Jahren wurde 2017 vollst\u00e4ndig saniert. Das Eller Montan Haus verf\u00fcgt \u00fcber einen Personenaufzug, \u00fcber den sich alle Etagen barrierefrei erschlie\u00dfen lassen. Das B\u00fcrohaus hat eine neue Fassade erhalten und besticht durch lichtdurchflutete R\u00e4ume, sowie das eindrucksvolle Foyer. Ferner stehen dem Nutzer Au\u00dfenstellpl\u00e4tze zur Anmietung zur Verf\u00fcgung.<br \/>\nIn den Nebenkosten ist die Stromkostenvorauszahlung bereits inbegriffen.<\/p>\n<p>Folgende Fl\u00e4chen stehen zur Disposition:<\/p>\n<p>4. OG: 407 m\u00b2<\/p>\n<p>Die B\u00fcroimmobilie befindet sich im Duisburger Zentrum mit Blick zum Hauptbahnhof und in direkter Lage zur A59 und A40.<br \/>\n\u00d6PNV-Verbindungen befinden sich direkt vor dem Objekt. Die Innenstadt ist in wenigen Minuten fu\u00dfl\u00e4ufig erreichbar.<\/p>\n<p>Bedeutende Unternehmen in der B\u00fcromarktzone: bifunda GmbH<\/p>\n<p>Hotels der Umgebung: Hotel Conti, InterCity Hotel, ibis Hotel, B&amp;B Hotels<\/p>\n<p>\u2022 Bodenbelag: Teppichboden<br \/>\n\u2022 Kabelf\u00fchrung: Kabelkan\u00e4le<br \/>\n\u2022 Sonnenschutz: au\u00dfenliegend, elektrisch<br \/>\n\u2022 Verkabelung: CAT-7<br \/>\n\u2022 Teek\u00fcche: nach Mieterwunsch<\/p>\n<p>Es gelten ausschlie\u00dflich unsere AGB (www.ruhr-real.de\/agb). Wir m\u00f6chten Sie darauf hinweisen, dass die Angaben ausschlie\u00dflich auf den uns vom Eigent\u00fcmer \u00fcbermittelten Unterlagen und Informationen basieren. F\u00fcr Richtigkeit und Vollst\u00e4ndigkeit \u00fcbernehmen wir keine Gew\u00e4hr. Zwischenvermietung vorbehalten.<br \/>\n<div class=\"widget widget_immonex_user_defined_properties_widget\"><div class=\"immonex-widget immonex-widget-houzez\">\n\t\t<div class=\"immonex-widget-title clearfix\">\n\t\t<h2 class=\"widgettitle\">Energieeffizienz<\/h2>\t<\/div>\n\t\t<ul class=\"immonex-property-details row list-lined list-unstyled\">\n\t\t\t\t<li>\n\t\t\t<div class=\"list-lined-item w-100 d-flex justify-content-between py-2\">\n\t\t\t\t\t\t\t\t<strong class=\"property-details-label\">Energieausweis-Art:<\/strong>&nbsp;<span class=\"property-details-value\">Demand<\/span>\n\t\t\t\t\t\t\t<\/div>\n\t\t<\/li>\n\t\t\t\t<li>\n\t\t\t<div class=\"list-lined-item w-100 d-flex justify-content-between py-2\">\n\t\t\t\t\t\t\t\t<strong class=\"property-details-label\">Prim\u00e4renergietr\u00e4ger:<\/strong>&nbsp;<span class=\"property-details-value\">Elektro<\/span>\n\t\t\t\t\t\t\t<\/div>\n\t\t<\/li>\n\t\t\t\t<li>\n\t\t\t<div class=\"list-lined-item w-100 d-flex justify-content-between py-2\">\n\t\t\t\t\t\t\t\t<strong class=\"property-details-label\">Stromverbrauchskennwert:<\/strong>&nbsp;<span class=\"property-details-value\">53&nbsp;kWh\/(m\u00b2*a)<\/span>\n\t\t\t\t\t\t\t<\/div>\n\t\t<\/li>\n\t\t\t\t<li>\n\t\t\t<div class=\"list-lined-item w-100 d-flex justify-content-between py-2\">\n\t\t\t\t\t\t\t\t<strong class=\"property-details-label\">Energieausweis-Ausstellungsdatum:<\/strong>&nbsp;<span class=\"property-details-value\">18.11.2013<\/span>\n\t\t\t\t\t\t\t<\/div>\n\t\t<\/li>\n\t\t\t\t<li>\n\t\t\t<div class=\"list-lined-item w-100 d-flex justify-content-between py-2\">\n\t\t\t\t\t\t\t\t<strong class=\"property-details-label\">Energieausweis-Jahrgang:<\/strong>&nbsp;<span class=\"property-details-value\">before 2014<\/span>\n\t\t\t\t\t\t\t<\/div>\n\t\t<\/li>\n\t\t\t<\/ul>\n<\/div><\/div><\/p>\n","protected":false},"excerpt":{"rendered":"<p>Die f\u00fcnfgeschossige, vollunterkellerte Immobilie aus den sechziger Jahren wurde 2017 vollst\u00e4ndig saniert. Das Eller&#8230;<\/p>\n","protected":false},"author":1,"featured_media":188138,"parent":0,"menu_order":0,"template":"","property_type":[379],"property_status":[352],"property_feature":[],"property_label":[],"property_country":[353],"property_state":[],"property_city":[334],"property_area":[],"class_list":["post-140922","property","type-property","status-publish","has-post-thumbnail","hentry","property_type-bueroflaechen","property_status-zu-vermieten","property_country-deutschland","property_city-duisburg"],"acf":[],"property_meta":{"_immonex_import_folder":["users\/RUHRREAL"],"_immonex_translation_id":["453\/E2"],"_openimmo_obid":["EA5BEFB109F444F79F8374B980BA1B98"],"_is_immonex_import_property":["1"],"_immonex_is_reference":[""],"rank_math_internal_links_processed":["1"],"copied_media_ids":["a:0:{}"],"referenced_media_ids":["a:0:{}"],"_immonex_post_status":["updated"],"fave_property_map_address":["47051 Duisburg"],"fave_property_zip":["47051"],"fave_property_country":["DE"],"_immonex_lat":["51.4346701"],"_immonex_lng":["6.7771771"],"houzez_geolocation_lat":["51.4346701"],"houzez_geolocation_long":["6.7771771"],"fave_property_location":["51.4346701,6.7771771"],"fave_property_price":["11.50"],"fave_property_sec_price":["11.5000"],"fave_property_size":["407"],"fave_property_year":["1961"],"fave_property_id":["453\/E2"],"_fave_property_id":["453\/E2"],"_immonex_iso_country":["DEU"],"fave_nebenkosten":["6&nbsp;\u20ac"],"_openimmo_anid":["0000"],"_immonex_group_number":[""],"_immonex_group_id":[""],"_immonex_group_master":[""],"_immonex_import_meta":["a:6:{s:8:\"zip_file\";s:131:\"\/www\/htdocs\/w0172e0e\/ruhr-real_2024\/wp-content\/uploads\/immonex-openimmo-import\/users\/RUHRREAL\/Immowelt_estatePro_20260427152942.zip\";s:8:\"xml_file\";s:158:\"\/www\/htdocs\/w0172e0e\/ruhr-real_2024\/wp-content\/uploads\/immonex-openimmo-import\/immowelt_estatepro_20260427152942\/Homepage_2024_NEW_estatePro20260427152942.xml\";s:12:\"mapping_file\";s:116:\"\/www\/htdocs\/w0172e0e\/ruhr-real_2024\/wp-content\/uploads\/immonex-openimmo-import\/mappings\/houzez_ruhrreal_20260325.csv\";s:9:\"timestamp\";i:1777296603;s:4:\"date\";s:10:\"2026-04-27\";s:4:\"time\";s:8:\"15:30:03\";}"],"_immonex_is_sold":[""],"_immonex_is_reserved":[""],"_immonex_is_available":["1"],"_immonex_areabutler_url_with_address":[""],"_immonex_areabutler_url_no_address":[""],"_immonex_areabutler_url":[""],"additional_features":["a:16:{i:0;a:2:{s:29:\"fave_additional_feature_title\";s:14:\"Nettokaltmiete\";s:29:\"fave_additional_feature_value\";s:14:\"11,50&nbsp;\u20ac\";}i:1;a:2:{s:29:\"fave_additional_feature_title\";s:9:\"Kaltmiete\";s:29:\"fave_additional_feature_value\";s:14:\"11,50&nbsp;\u20ac\";}i:2;a:2:{s:29:\"fave_additional_feature_title\";s:29:\"monatl. Betriebs-\/Nebenkosten\";s:29:\"fave_additional_feature_value\";s:10:\"6&nbsp;\u20ac\";}i:3;a:2:{s:29:\"fave_additional_feature_title\";s:33:\"Heizkosten in Warmmiete enthalten\";s:29:\"fave_additional_feature_value\";s:4:\"nein\";}i:4;a:2:{s:29:\"fave_additional_feature_title\";s:32:\"Preise zuz\u00fcglich Mehrwertsteuer\";s:29:\"fave_additional_feature_value\";s:4:\"nein\";}i:5;a:2:{s:29:\"fave_additional_feature_title\";s:23:\"Netto-Kaltmiete pro m\u00b2\";s:29:\"fave_additional_feature_value\";s:14:\"11,50&nbsp;\u20ac\";}i:6;a:2:{s:29:\"fave_additional_feature_title\";s:15:\"Mieterprovision\";s:29:\"fave_additional_feature_value\";s:21:\"3-4 Nettomonatsmieten\";}i:7;a:2:{s:29:\"fave_additional_feature_title\";s:20:\"Hinweis zur Courtage\";s:29:\"fave_additional_feature_value\";s:436:\"Bei Abschluss eines Mietvertrags \u00fcber die angebotenen Mietfl\u00e4chen mit bis zu einschlie\u00dflich f\u00fcnf Jahren Laufzeit ist eine Provision in H\u00f6he von 3,0 Nettomonatsmieten; bei einer Laufzeit von bis zu einschlie\u00dflich sieben Jahren ist eine Provision von 3,5 Nettomonatsmieten und bei einer Laufzeit von \u00fcber sieben Jahren ist eine Provision von 4,0 Nettomonatsmieten jeweils zzgl. Umsatzsteuer vom Auftraggeber an RUHR REAL zu zahlen.\";}i:8;a:2:{s:29:\"fave_additional_feature_title\";s:10:\"MwSt.-Satz\";s:29:\"fave_additional_feature_value\";s:9:\"19&nbsp;%\";}i:9;a:2:{s:29:\"fave_additional_feature_title\";s:12:\"B\u00fcrofl\u00e4che\";s:29:\"fave_additional_feature_value\";s:12:\"407&nbsp;m\u00b2\";}i:10;a:2:{s:29:\"fave_additional_feature_title\";s:16:\"B\u00fcroteilfl\u00e4che\";s:29:\"fave_additional_feature_value\";s:12:\"407&nbsp;m\u00b2\";}i:11;a:2:{s:29:\"fave_additional_feature_title\";s:10:\"Teilbar ab\";s:29:\"fave_additional_feature_value\";s:12:\"407&nbsp;m\u00b2\";}i:12;a:2:{s:29:\"fave_additional_feature_title\";s:10:\"Befeuerung\";s:29:\"fave_additional_feature_value\";s:7:\"Elektro\";}i:13;a:2:{s:29:\"fave_additional_feature_title\";s:13:\"Stellplatzart\";s:29:\"fave_additional_feature_value\";s:9:\"Freiplatz\";}i:14;a:2:{s:29:\"fave_additional_feature_title\";s:7:\"Zustand\";s:29:\"fave_additional_feature_value\";s:8:\"gepflegt\";}i:15;a:2:{s:29:\"fave_additional_feature_title\";s:27:\"Immobilie ist verf\u00fcgbar ab\";s:29:\"fave_additional_feature_value\";s:6:\"sofort\";}}"],"fave_additional_features_enable":["enable"],"_immonex_custom_fields":["a:5:{s:18:\"Energieausweis-Art\";a:5:{s:14:\"mapping_source\";s:35:\"zustand_angaben->energiepass->epart\";s:4:\"name\";s:0:\"\";s:5:\"group\";s:5:\"epass\";s:5:\"value\";s:6:\"Demand\";s:19:\"value_before_filter\";s:6:\"BEDARF\";}s:21:\"Prim\u00e4renergietr\u00e4ger\";a:5:{s:14:\"mapping_source\";s:32:\"ausstattung->befeuerung:ELEKTRO+\";s:4:\"name\";s:0:\"\";s:5:\"group\";s:5:\"epass\";s:5:\"value\";s:7:\"Elektro\";s:19:\"value_before_filter\";s:7:\"Elektro\";}s:23:\"Stromverbrauchskennwert\";a:5:{s:14:\"mapping_source\";s:39:\"zustand_angaben->energiepass->stromwert\";s:4:\"name\";s:0:\"\";s:5:\"group\";s:5:\"epass\";s:5:\"value\";s:19:\"53&nbsp;kWh\/(m\u00b2*a)\";s:19:\"value_before_filter\";s:2:\"53\";}s:32:\"Energieausweis-Ausstellungsdatum\";a:5:{s:14:\"mapping_source\";s:43:\"zustand_angaben->energiepass->ausstelldatum\";s:4:\"name\";s:0:\"\";s:5:\"group\";s:5:\"epass\";s:5:\"value\";s:10:\"18.11.2013\";s:19:\"value_before_filter\";s:10:\"2013-11-18\";}s:23:\"Energieausweis-Jahrgang\";a:5:{s:14:\"mapping_source\";s:38:\"zustand_angaben->energiepass->jahrgang\";s:4:\"name\";s:0:\"\";s:5:\"group\";s:5:\"epass\";s:5:\"value\";s:11:\"before 2014\";s:19:\"value_before_filter\";s:4:\"2008\";}}"],"_immonex_property_xml_source":["<?xml version=\"1.0\"?>\n<immobilie>\n<objektkategorie>\n<nutzungsart WOHNEN=\"false\" GEWERBE=\"true\"\/>\n<vermarktungsart KAUF=\"false\" MIETE_PACHT=\"true\"\/>\n<objektart>\n<buero_praxen buero_typ=\"BUEROHAUS\"\/>\n<\/objektart>\n<user_defined_simplefield\/>\n<\/objektkategorie>\n<geo>\n<plz>47051<\/plz>\n<ort>Duisburg<\/ort>\n<strasse>Mercatorstr.<\/strasse>\n<hausnummer>131-133<\/hausnummer>\n<land iso_land=\"DEU\"\/>\n<lage_im_bau\/>\n<\/geo>\n<kontaktperson>\n<email_zentrale>anfrage@ruhr-real.de<\/email_zentrale>\n<email_direkt>kruse@ruhr-real.de<\/email_direkt>\n<tel_durchw>+49 201 999963-33<\/tel_durchw>\n<tel_fax>+49 201 99 99 63 44<\/tel_fax>\n<tel_handy>+49 162 88 87 076<\/tel_handy>\n<name>Kruse<\/name>\n<vorname>Samuel<\/vorname>\n<anrede>Herr<\/anrede>\n<firma>RUHR REAL GmbH<\/firma>\n<strasse>Holsterhauser Platz<\/strasse>\n<hausnummer>2<\/hausnummer>\n<plz>45147<\/plz>\n<ort>Essen<\/ort>\n<adressfreigabe>true<\/adressfreigabe>\n<\/kontaktperson>\n<preise>\n<nettokaltmiete>11.50<\/nettokaltmiete>\n<kaltmiete>11.50<\/kaltmiete>\n<nebenkosten>6.00<\/nebenkosten>\n<heizkosten_enthalten>false<\/heizkosten_enthalten>\n<zzg_mehrwertsteuer>false<\/zzg_mehrwertsteuer>\n<preis_zeiteinheit\/>\n<mietpreis_pro_qm>11.5000<\/mietpreis_pro_qm>\n<provisionspflichtig>true<\/provisionspflichtig>\n<aussen_courtage mit_mwst=\"false\">3-4 Nettomonatsmieten<\/aussen_courtage>\n<courtage_hinweis>Bei Abschluss eines Mietvertrags &#xFC;ber die angebotenen Mietfl&#xE4;chen mit bis zu einschlie&#xDF;lich f&#xFC;nf Jahren Laufzeit ist eine Provision in H&#xF6;he von 3,0 Nettomonatsmieten; bei einer Laufzeit von bis zu einschlie&#xDF;lich sieben Jahren ist eine Provision von 3,5 Nettomonatsmieten und bei einer Laufzeit von &#xFC;ber sieben Jahren ist eine Provision von 4,0 Nettomonatsmieten jeweils zzgl. Umsatzsteuer vom Auftraggeber an RUHR REAL zu zahlen.<\/courtage_hinweis>\n<waehrung iso_waehrung=\"EUR\"\/>\n<mwst_satz>19.00<\/mwst_satz>\n<stp_carport\/>\n<stp_duplex\/>\n<stp_freiplatz\/>\n<stp_garage\/>\n<stp_parkhaus\/>\n<stp_tiefgarage\/>\n<\/preise>\n<bieterverfahren\/>\n<versteigerung\/>\n<flaechen>\n<bueroflaeche>407<\/bueroflaeche>\n<bueroteilflaeche>407<\/bueroteilflaeche>\n<teilbar_ab>407<\/teilbar_ab>\n<anzahl_stellplaetze type=\"xsd:decimal\">4<\/anzahl_stellplaetze>\n<\/flaechen>\n<ausstattung>\n<bad\/>\n<kueche\/>\n<heizungsart\/>\n<befeuerung ELEKTRO=\"true\"\/>\n<fahrstuhl\/>\n<stellplatzart FREIPLATZ=\"true\"\/>\n<ausricht_balkon_terrasse\/>\n<angeschl_gastronomie\/>\n<sicherheitstechnik\/>\n<\/ausstattung>\n<zustand_angaben>\n<baujahr>1961<\/baujahr>\n<zustand zustand_art=\"GEPFLEGT\"\/>\n<energiepass>\n<epart>BEDARF<\/epart>\n<stromwert>53<\/stromwert>\n<ausstelldatum>2013-11-18<\/ausstelldatum>\n<jahrgang>2008<\/jahrgang>\n<\/energiepass>\n<\/zustand_angaben>\n<bewertung\/>\n<infrastruktur\/>\n<freitexte>\n<objekttitel>Ihre neuen zentral gelegene B&#xFC;rofl&#xE4;chen in Duisburg<\/objekttitel>\n<lage>Die B&#xFC;roimmobilie befindet sich im Duisburger Zentrum mit Blick zum Hauptbahnhof und in direkter Lage zur A59 und A40.\n&#xD6;PNV-Verbindungen befinden sich direkt vor dem Objekt. Die Innenstadt ist in wenigen Minuten fu&#xDF;l&#xE4;ufig erreichbar. \n\nBedeutende Unternehmen in der B&#xFC;romarktzone: bifunda GmbH\n\nHotels der Umgebung: Hotel Conti, InterCity Hotel, ibis Hotel, B&amp;B Hotels<\/lage>\n<ausstatt_beschr>&#x2022; Bodenbelag: Teppichboden\n&#x2022; Kabelf&#xFC;hrung: Kabelkan&#xE4;le\n&#x2022; Sonnenschutz: au&#xDF;enliegend, elektrisch\n&#x2022; Verkabelung: CAT-7\n&#x2022; Teek&#xFC;che: nach Mieterwunsch\n\n<\/ausstatt_beschr>\n<objektbeschreibung>Die f&#xFC;nfgeschossige, vollunterkellerte Immobilie aus den sechziger Jahren wurde 2017 vollst&#xE4;ndig saniert. Das Eller Montan Haus verf&#xFC;gt &#xFC;ber einen Personenaufzug, &#xFC;ber den sich alle Etagen barrierefrei erschlie&#xDF;en lassen. Das B&#xFC;rohaus hat eine neue Fassade erhalten und besticht durch lichtdurchflutete R&#xE4;ume, sowie das eindrucksvolle Foyer. Ferner stehen dem Nutzer Au&#xDF;enstellpl&#xE4;tze zur Anmietung zur Verf&#xFC;gung.\nIn den Nebenkosten ist die Stromkostenvorauszahlung bereits inbegriffen.\n\nFolgende Fl&#xE4;chen stehen zur Disposition:\n\n4. OG: 407 m&#xB2;<\/objektbeschreibung><sonstige_angaben>Es gelten ausschlie&#xDF;lich unsere AGB (www.ruhr-real.de\/agb). Wir m&#xF6;chten Sie darauf hinweisen, dass die Angaben ausschlie&#xDF;lich auf den uns vom Eigent&#xFC;mer &#xFC;bermittelten Unterlagen und Informationen basieren. F&#xFC;r Richtigkeit und Vollst&#xE4;ndigkeit &#xFC;bernehmen wir keine Gew&#xE4;hr. Zwischenvermietung vorbehalten.<\/sonstige_angaben>\n<\/freitexte>\n<anhaenge>\n<anhang location=\"EXTERN\" gruppe=\"TITELBILD\">\n<anhangtitel>Geb&#xE4;ude Ansicht <\/anhangtitel>\n<format>jpg<\/format>\n<daten>\n<pfad>77eddaa9dff14f788fb7f7119729c6d1.jpg<\/pfad>\n<\/daten>\n<\/anhang>\n<anhang location=\"EXTERN\" gruppe=\"BILD\">\n<anhangtitel>Au&#xDF;enansicht<\/anhangtitel>\n<format>jpg<\/format>\n<daten>\n<pfad>a5290ebc9ecb426dadbabc955837e640.jpg<\/pfad>\n<\/daten>\n<\/anhang>\n<anhang location=\"EXTERN\" gruppe=\"BILD\">\n<anhangtitel>Open Space<\/anhangtitel>\n<format>jpg<\/format>\n<daten>\n<pfad>9a3058e9aa1541ca9bdc93b742f4758a.jpg<\/pfad>\n<\/daten>\n<\/anhang>\n<anhang location=\"EXTERN\" gruppe=\"BILD\">\n<anhangtitel>Backoffice<\/anhangtitel>\n<format>jpg<\/format>\n<daten>\n<pfad>256268d43e85472f90205d56b0fe8f63.jpg<\/pfad>\n<\/daten>\n<\/anhang>\n<anhang location=\"EXTERN\" gruppe=\"BILD\">\n<anhangtitel>Open Space<\/anhangtitel>\n<format>jpg<\/format>\n<daten>\n<pfad>cbdd936998974e108a6044b2a96bcb1f.jpg<\/pfad>\n<\/daten>\n<\/anhang>\n<anhang location=\"EXTERN\" gruppe=\"BILD\">\n<anhangtitel>kleines B&#xFC;ro<\/anhangtitel>\n<format>jpg<\/format>\n<daten>\n<pfad>80cd87d6df574455aa9ac2c53fbe8141.jpg<\/pfad>\n<\/daten>\n<\/anhang>\n<anhang location=\"EXTERN\" gruppe=\"BILD\">\n<anhangtitel>Parkfl&#xE4;che<\/anhangtitel>\n<format>jpg<\/format>\n<daten>\n<pfad>82853be1b51f44ecb0113cccd48ab29e.jpg<\/pfad>\n<\/daten>\n<\/anhang>\n<anhang location=\"EXTERN\" gruppe=\"BILD\">\n<anhangtitel>B&#xFC;ro\/Empfang<\/anhangtitel>\n<format>jpg<\/format>\n<daten>\n<pfad>0ea68efd54f042eab91021b3dab0399c.jpg<\/pfad>\n<\/daten>\n<\/anhang>\n<anhang location=\"EXTERN\" gruppe=\"BILD\">\n<anhangtitel>Teek&#xFC;che<\/anhangtitel>\n<format>jpg<\/format>\n<daten>\n<pfad>bbc7928801274eb2bc867c21e9c591af.jpg<\/pfad>\n<\/daten>\n<\/anhang>\n<anhang location=\"EXTERN\" gruppe=\"BILD\">\n<anhangtitel>Flur<\/anhangtitel>\n<format>jpg<\/format>\n<daten>\n<pfad>df0259c58b4e429e8061182dbd95b13e.jpg<\/pfad>\n<\/daten>\n<\/anhang>\n<anhang location=\"EXTERN\" gruppe=\"GRUNDRISS\">\n<anhangtitel>Grundriss 4. OG<\/anhangtitel>\n<format>PNG<\/format>\n<daten>\n<pfad>29af01604a7c49be83d138333a981553.PNG<\/pfad>\n<\/daten>\n<\/anhang>\n<anhang location=\"EXTERN\" gruppe=\"GRUNDRISS\">\n<anhangtitel>Grundriss EG<\/anhangtitel>\n<format>PNG<\/format>\n<daten>\n<pfad>2550dbbfce2742c797070416bc1e4d94.PNG<\/pfad>\n<\/daten>\n<\/anhang>\n<\/anhaenge>\n<verwaltung_objekt>\n<objektadresse_freigeben>false<\/objektadresse_freigeben>\n<verfuegbar_ab>sofort<\/verfuegbar_ab>\n<geschlecht\/>\n<\/verwaltung_objekt>\n<verwaltung_techn>\n<objektnr_intern>EA5BEFB109F444F79F8374B980BA1B98<\/objektnr_intern>\n<objektnr_extern>453\/E2<\/objektnr_extern>\n<aktion aktionart=\"CHANGE\"\/>\n<openimmo_obid>EA5BEFB109F444F79F8374B980BA1B98<\/openimmo_obid>\n<kennung_ursprung>estatePro V10.0.0.8<\/kennung_ursprung>\n<stand_vom>2026-04-27<\/stand_vom>\n<\/verwaltung_techn>\n<user_defined_simplefield feldname=\"Startseite\">Nein<\/user_defined_simplefield>\n<\/immobilie>\n"],"_immonex_energy_class":[""],"_immonex_energy_class_id":["0"],"_thumbnail_id":["188138"],"fave_property_images":["188138","188139","188140","188141","188142","188143","188144","188145","188146","188147"],"fave_floor_plans_enable":["enable"],"floor_plans":["a:2:{i:0;a:7:{s:15:\"fave_plan_title\";s:15:\"Grundriss 4. OG\";s:15:\"fave_plan_rooms\";s:0:\"\";s:19:\"fave_plan_bathrooms\";s:0:\"\";s:15:\"fave_plan_price\";s:0:\"\";s:14:\"fave_plan_size\";s:0:\"\";s:15:\"fave_plan_image\";s:84:\"https:\/\/ruhr-real.de\/wp-content\/uploads\/2026\/04\/29af01604a7c49be83d138333a981553.png\";s:21:\"fave_plan_description\";s:0:\"\";}i:1;a:7:{s:15:\"fave_plan_title\";s:12:\"Grundriss EG\";s:15:\"fave_plan_rooms\";s:0:\"\";s:19:\"fave_plan_bathrooms\";s:0:\"\";s:15:\"fave_plan_price\";s:0:\"\";s:14:\"fave_plan_size\";s:0:\"\";s:15:\"fave_plan_image\";s:84:\"https:\/\/ruhr-real.de\/wp-content\/uploads\/2026\/04\/2550dbbfce2742c797070416bc1e4d94.png\";s:21:\"fave_plan_description\";s:0:\"\";}}"],"fave_prop_homeslider":["yes"],"fave_prop_slider_image":["188138"],"fave_agents":["152858"],"fave_agent_display_option":["agent_info"],"fave_single_top_area":["global"],"fave_single_content_area":["global"],"fave_property_map":["1"],"fave_property_map_street_view":["hide"],"fave_property_size_prefix":["m\u00b2"],"fave_property_land_postfix":["m\u00b2"],"fave_featured":["0"],"houzez_featured_listing_date":[""],"fave_property_price_postfix":["pro&nbsp;m\u00b2"],"fave_currency":["EUR"],"fave_currency_info":["a:8:{s:2:\"id\";s:1:\"1\";s:13:\"currency_name\";s:4:\"Euro\";s:13:\"currency_code\";s:3:\"EUR\";s:15:\"currency_symbol\";s:3:\"\u20ac\";s:17:\"currency_position\";s:5:\"after\";s:16:\"currency_decimal\";s:1:\"2\";s:26:\"currency_decimal_separator\";s:1:\",\";s:27:\"currency_thousand_separator\";s:1:\".\";}"],"_wpml_word_count":["272"],"houzez_total_property_views":["10"],"houzez_views_by_date":["a:2:{s:10:\"04-27-2026\";i:4;s:10:\"04-28-2026\";i:6;}"],"houzez_recently_viewed":["2026-04-28 09:24:13"],"_elementor_page_assets":["a:0:{}"]},"_links":{"self":[{"href":"https:\/\/ruhr-real.de\/en\/wp-json\/wp\/v2\/properties\/140922","targetHints":{"allow":["GET"]}}],"collection":[{"href":"https:\/\/ruhr-real.de\/en\/wp-json\/wp\/v2\/properties"}],"about":[{"href":"https:\/\/ruhr-real.de\/en\/wp-json\/wp\/v2\/types\/property"}],"author":[{"embeddable":true,"href":"https:\/\/ruhr-real.de\/en\/wp-json\/wp\/v2\/users\/1"}],"version-history":[{"count":0,"href":"https:\/\/ruhr-real.de\/en\/wp-json\/wp\/v2\/properties\/140922\/revisions"}],"wp:featuredmedia":[{"embeddable":true,"href":"https:\/\/ruhr-real.de\/en\/wp-json\/wp\/v2\/media\/188138"}],"wp:attachment":[{"href":"https:\/\/ruhr-real.de\/en\/wp-json\/wp\/v2\/media?parent=140922"}],"wp:term":[{"taxonomy":"property_type","embeddable":true,"href":"https:\/\/ruhr-real.de\/en\/wp-json\/wp\/v2\/property_type?post=140922"},{"taxonomy":"property_status","embeddable":true,"href":"https:\/\/ruhr-real.de\/en\/wp-json\/wp\/v2\/property_status?post=140922"},{"taxonomy":"property_feature","embeddable":true,"href":"https:\/\/ruhr-real.de\/en\/wp-json\/wp\/v2\/property_feature?post=140922"},{"taxonomy":"property_label","embeddable":true,"href":"https:\/\/ruhr-real.de\/en\/wp-json\/wp\/v2\/property_label?post=140922"},{"taxonomy":"property_country","embeddable":true,"href":"https:\/\/ruhr-real.de\/en\/wp-json\/wp\/v2\/property_country?post=140922"},{"taxonomy":"property_state","embeddable":true,"href":"https:\/\/ruhr-real.de\/en\/wp-json\/wp\/v2\/property_state?post=140922"},{"taxonomy":"property_city","embeddable":true,"href":"https:\/\/ruhr-real.de\/en\/wp-json\/wp\/v2\/property_city?post=140922"},{"taxonomy":"property_area","embeddable":true,"href":"https:\/\/ruhr-real.de\/en\/wp-json\/wp\/v2\/property_area?post=140922"}],"curies":[{"name":"wp","href":"https:\/\/api.w.org\/{rel}","templated":true}]}}