{"id":143673,"date":"2025-06-24T00:02:33","date_gmt":"2025-06-23T22:02:33","guid":{"rendered":"https:\/\/ruhr-real.de\/objekt\/ihr-neues-buero-mit-zahlreichen-stellplaetzen-direkt-im-indu-park\/"},"modified":"2025-06-24T16:55:33","modified_gmt":"2025-06-24T14:55:33","slug":"ihr-neues-buero-mit-zahlreichen-stellplaetzen-direkt-im-indu-park","status":"publish","type":"property","link":"https:\/\/ruhr-real.de\/en\/objekt\/ihr-neues-buero-mit-zahlreichen-stellplaetzen-direkt-im-indu-park\/","title":{"rendered":"Ihr neues B\u00fcro mit zahlreichen Stellpl\u00e4tzen direkt im Indu-Park!"},"content":{"rendered":"<p>Die B\u00fcror\u00e4ume des 5 geschossigen Objekts bieten aufgrund der Gipskarton-Trennw\u00e4nde flexible Gestaltungsm\u00f6glichkeiten. Ferner sind ausreichend Objekteigene Stellpl\u00e4tze vorhanden. Ein moderner Personenaufzug gew\u00e4hrleistet eine m\u00fchelose Erschlie\u00dfung jeder Etage.<\/p>\n<p>Derzeit stehen folgende Fl\u00e4chen zur Disposition:<\/p>\n<p>2. OG: ca. 330 m\u00b2<br \/>\n5. OG: ca. 207 m\u00b2<\/p>\n<p>Das sehr gut sichtbare B\u00fcrogeb\u00e4ude ist in unmittelbarer N\u00e4he der Bundesstra\u00dfe B1, im bekannten Indu-Park situiert. Das Objekt ist verkehrsg\u00fcnstig gelegen und in diesem Zusammenhang sind die Autobahnen A40, A45 sowie die A1 in nur wenigen Fahrminuten erreichbar. Ferner ist das Objekt hervorragend unter anderem durch diverse S-Bahn Linien an die \u00d6PNV angeschlossen. Der Teilmarkt Indu-Park wird unter anderem von namhaften Handelsfilialisten und Gastronomen gepr\u00e4gt, welche eine ideale Nahversorgung garantieren.<\/p>\n<p>Bedeutende Unternehmen in der B\u00fcromarktzone: Hellweg, Crown, Bosch &amp; Premio, W &amp; L Jordan, Gerber Architekten, OSMA-Aufz\u00fcge<\/p>\n<p>Hotels der Umgebung: Ibis, Hotel in der Meile, Tryp Dortmund, B&amp;B Hotel Dortmund<\/p>\n<p>\u2022 Bodenbelag: Nach Mieterwunsch<br \/>\n\u2022 EDV-Verkabelung: Teilweise vorhanden<br \/>\n\u2022 Kabelf\u00fchrung: Fensterbank-Kabelkan\u00e4le<br \/>\n\u2022 Sonnenschutz: Sonnenschutzverglasung<br \/>\n\u2022 Teek\u00fcche: Nach Absprache<br \/>\n\u2022 Beleuchtung: Einbauleuchten<\/p>\n<p>  Sonstiges: \u2022 Glasfaseranschluss<br \/>\n                 \u2022 Gipskarton Trennw\u00e4nde<\/p>\n<p>Die Ausstattung kann kann bei Bedarf angepasst werden!<\/p>\n<p>Es gelten ausschlie\u00dflich unsere AGB (www.ruhr-real.de\/agb). Wir m\u00f6chten Sie darauf hinweisen, dass die Angaben ausschlie\u00dflich auf den uns vom Eigent\u00fcmer \u00fcbermittelten Unterlagen und Informationen basieren. F\u00fcr Richtigkeit und Vollst\u00e4ndigkeit \u00fcbernehmen wir keine Gew\u00e4hr. Zwischenvermietung vorbehalten.<br \/>\n<div class=\"widget widget_immonex_user_defined_properties_widget\"><div class=\"immonex-widget immonex-widget-houzez\">\n\t\t<div class=\"immonex-widget-title clearfix\">\n\t\t<h2 class=\"widgettitle\">Energieeffizienz<\/h2>\t<\/div>\n\t\t<ul class=\"immonex-property-details row list-lined list-unstyled\">\n\t\t\t\t<li>\n\t\t\t<div class=\"list-lined-item w-100 d-flex justify-content-between py-2\">\n\t\t\t\t\t\t\t\t<strong class=\"property-details-label\">Prim\u00e4renergietr\u00e4ger:<\/strong>&nbsp;<span class=\"property-details-value\">\u00d6l<\/span>\n\t\t\t\t\t\t\t<\/div>\n\t\t<\/li>\n\t\t\t<\/ul>\n<\/div><\/div><\/p>\n","protected":false},"excerpt":{"rendered":"<p>Die B\u00fcror\u00e4ume des 5 geschossigen Objekts bieten aufgrund der Gipskarton-Trennw\u00e4nde flexible&#8230;<\/p>\n","protected":false},"author":1,"featured_media":156980,"parent":0,"menu_order":0,"template":"","property_type":[379],"property_status":[352],"property_feature":[361,354,350,539],"property_label":[],"property_country":[353],"property_state":[],"property_city":[304],"property_area":[472],"class_list":["post-143673","property","type-property","status-publish","has-post-thumbnail","hentry","property_type-bueroflaechen","property_status-zu-vermieten","property_feature-klimaanlage","property_feature-personenaufzug","property_feature-raeume-veraenderbar","property_feature-teilmoebliert","property_country-deutschland","property_city-dortmund","property_area-kley-dortmund"],"acf":[],"property_meta":{"_immonex_import_folder":["users\/RUHRREAL"],"_immonex_translation_id":["254\/E1"],"_openimmo_obid":["586A71E77F0E4677B97DB9F092DE5397"],"_is_immonex_import_property":["1"],"_immonex_is_reference":[""],"rank_math_internal_links_processed":["1"],"fave_property_map_address":["44149 Dortmund"],"fave_property_zip":["44149"],"fave_property_country":["DE"],"_immonex_lat":["51.5022739"],"_immonex_lng":["7.4202947"],"houzez_geolocation_lat":["51.5022739"],"houzez_geolocation_long":["7.4202947"],"fave_property_location":["51.5022739,7.4202947"],"fave_property_price":["7.50"],"fave_property_sec_price":["7.5000"],"fave_property_size":["330"],"fave_property_year":["1973"],"fave_property_id":["254\/E1"],"_immonex_iso_country":["DEU"],"_openimmo_anid":["0000"],"_immonex_group_number":["7"],"_immonex_group_id":[""],"_immonex_group_master":[""],"_immonex_import_meta":["a:6:{s:8:\"zip_file\";s:131:\"\/www\/htdocs\/w0172e0e\/ruhr-real_2024\/wp-content\/uploads\/immonex-openimmo-import\/users\/RUHRREAL\/Immowelt_estatePro_20250624164922.zip\";s:8:\"xml_file\";s:158:\"\/www\/htdocs\/w0172e0e\/ruhr-real_2024\/wp-content\/uploads\/immonex-openimmo-import\/immowelt_estatepro_20250624164922\/Homepage_2024_NEW_estatePro20250624164922.xml\";s:12:\"mapping_file\";s:116:\"\/www\/htdocs\/w0172e0e\/ruhr-real_2024\/wp-content\/uploads\/immonex-openimmo-import\/mappings\/houzez_ruhrreal_18122023.csv\";s:9:\"timestamp\";i:1750776933;s:4:\"date\";s:10:\"2025-06-24\";s:4:\"time\";s:8:\"16:55:33\";}"],"_immonex_is_sold":[""],"_immonex_is_reserved":[""],"_immonex_is_available":["1"],"additional_features":["a:16:{i:0;a:2:{s:29:\"fave_additional_feature_title\";s:14:\"Nettokaltmiete\";s:29:\"fave_additional_feature_value\";s:13:\"7,50&nbsp;\u20ac\";}i:1;a:2:{s:29:\"fave_additional_feature_title\";s:9:\"Kaltmiete\";s:29:\"fave_additional_feature_value\";s:13:\"7,50&nbsp;\u20ac\";}i:2;a:2:{s:29:\"fave_additional_feature_title\";s:29:\"monatl. Betriebs-\/Nebenkosten\";s:29:\"fave_additional_feature_value\";s:13:\"3,90&nbsp;\u20ac\";}i:3;a:2:{s:29:\"fave_additional_feature_title\";s:33:\"Heizkosten in Warmmiete enthalten\";s:29:\"fave_additional_feature_value\";s:4:\"nein\";}i:4;a:2:{s:29:\"fave_additional_feature_title\";s:32:\"Preise zuz\u00fcglich Mehrwertsteuer\";s:29:\"fave_additional_feature_value\";s:4:\"nein\";}i:5;a:2:{s:29:\"fave_additional_feature_title\";s:23:\"Netto-Kaltmiete pro m\u00b2\";s:29:\"fave_additional_feature_value\";s:13:\"7,50&nbsp;\u20ac\";}i:6;a:2:{s:29:\"fave_additional_feature_title\";s:10:\"MwSt.-Satz\";s:29:\"fave_additional_feature_value\";s:9:\"19&nbsp;%\";}i:7;a:2:{s:29:\"fave_additional_feature_title\";s:12:\"B\u00fcrofl\u00e4che\";s:29:\"fave_additional_feature_value\";s:12:\"330&nbsp;m\u00b2\";}i:8;a:2:{s:29:\"fave_additional_feature_title\";s:16:\"B\u00fcroteilfl\u00e4che\";s:29:\"fave_additional_feature_value\";s:12:\"330&nbsp;m\u00b2\";}i:9;a:2:{s:29:\"fave_additional_feature_title\";s:10:\"Teilbar ab\";s:29:\"fave_additional_feature_value\";s:12:\"330&nbsp;m\u00b2\";}i:10;a:2:{s:29:\"fave_additional_feature_title\";s:10:\"Befeuerung\";s:29:\"fave_additional_feature_value\";s:3:\"\u00d6l\";}i:11;a:2:{s:29:\"fave_additional_feature_title\";s:10:\"Bodenbelag\";s:29:\"fave_additional_feature_value\";s:7:\"Teppich\";}i:12;a:2:{s:29:\"fave_additional_feature_title\";s:6:\"K\u00fcche\";s:29:\"fave_additional_feature_value\";s:13:\"Pantry-K\u00fcche\";}i:13;a:2:{s:29:\"fave_additional_feature_title\";s:13:\"Stellplatzart\";s:29:\"fave_additional_feature_value\";s:21:\"Tiefgarage, Freiplatz\";}i:14;a:2:{s:29:\"fave_additional_feature_title\";s:7:\"Zustand\";s:29:\"fave_additional_feature_value\";s:8:\"gepflegt\";}i:15;a:2:{s:29:\"fave_additional_feature_title\";s:27:\"Immobilie ist verf\u00fcgbar ab\";s:29:\"fave_additional_feature_value\";s:6:\"Sofort\";}}"],"fave_additional_features_enable":["enable"],"_immonex_custom_fields":["a:1:{s:21:\"Prim\u00e4renergietr\u00e4ger\";a:5:{s:14:\"mapping_source\";s:28:\"ausstattung->befeuerung:OEL+\";s:4:\"name\";s:0:\"\";s:5:\"group\";s:5:\"epass\";s:5:\"value\";s:3:\"\u00d6l\";s:19:\"value_before_filter\";s:3:\"\u00d6l\";}}"],"_immonex_property_xml_source":["<?xml version=\"1.0\"?>\n<immobilie>\n<objektkategorie>\n<nutzungsart WOHNEN=\"false\" GEWERBE=\"true\"\/>\n<vermarktungsart KAUF=\"false\" MIETE_PACHT=\"true\"\/>\n<objektart>\n<buero_praxen buero_typ=\"BUEROFLAECHE\"\/>\n<\/objektart>\n<user_defined_simplefield\/>\n<\/objektkategorie>\n<geo>\n<plz>44149<\/plz>\n<ort>Dortmund<\/ort>\n<strasse>Brandschachtstra&#xDF;e<\/strasse>\n<hausnummer>2<\/hausnummer>\n<land iso_land=\"DEU\"\/>\n<lage_im_bau\/>\n<regionaler_zusatz>Kley (Dortmund)<\/regionaler_zusatz>\n<\/geo>\n<kontaktperson>\n<email_zentrale>anfrage@ruhr-real.de<\/email_zentrale>\n<email_direkt>ostermann@ruhr-real.de<\/email_direkt>\n<tel_durchw>+49 201 99996333<\/tel_durchw>\n<tel_fax>+49 201 99996344<\/tel_fax>\n<tel_handy>+49 162 8184000<\/tel_handy>\n<name>Ostermann<\/name>\n<vorname>Leon<\/vorname>\n<anrede>Herr<\/anrede>\n<firma>RUHR REAL GmbH<\/firma>\n<strasse>Holsterhauser Platz<\/strasse>\n<hausnummer>2<\/hausnummer>\n<plz>45147<\/plz>\n<ort>Essen<\/ort>\n<adressfreigabe>true<\/adressfreigabe>\n<\/kontaktperson>\n<preise>\n<nettokaltmiete>7.50<\/nettokaltmiete>\n<kaltmiete>7.50<\/kaltmiete>\n<nebenkosten>3.90<\/nebenkosten>\n<heizkosten_enthalten>false<\/heizkosten_enthalten>\n<zzg_mehrwertsteuer>false<\/zzg_mehrwertsteuer>\n<preis_zeiteinheit\/>\n<mietpreis_pro_qm>7.5000<\/mietpreis_pro_qm>\n<provisionspflichtig>false<\/provisionspflichtig>\n<waehrung iso_waehrung=\"EUR\"\/>\n<mwst_satz>19.00<\/mwst_satz>\n<stp_carport\/>\n<stp_duplex\/>\n<stp_freiplatz\/>\n<stp_garage\/>\n<stp_parkhaus\/>\n<stp_tiefgarage\/>\n<\/preise>\n<bieterverfahren\/>\n<versteigerung\/>\n<flaechen>\n<bueroflaeche>330<\/bueroflaeche>\n<bueroteilflaeche>330<\/bueroteilflaeche>\n<teilbar_ab>330<\/teilbar_ab>\n<\/flaechen>\n<ausstattung>\n<raeume_veraenderbar>true<\/raeume_veraenderbar>\n<bad\/>\n<kueche PANTRY=\"true\"\/>\n<boden TEPPICH=\"true\"\/>\n<heizungsart\/>\n<befeuerung OEL=\"true\"\/>\n<klimatisiert>true<\/klimatisiert>\n<fahrstuhl PERSONEN=\"true\"\/>\n<stellplatzart FREIPLATZ=\"true\"\/>\n<stellplatzart TIEFGARAGE=\"true\"\/>\n<ausricht_balkon_terrasse\/>\n<moebliert moeb=\"TEIL\"\/>\n<angeschl_gastronomie\/>\n<sicherheitstechnik\/>\n<\/ausstattung>\n<zustand_angaben>\n<baujahr>1973<\/baujahr>\n<zustand zustand_art=\"GEPFLEGT\"\/>\n<\/zustand_angaben>\n<bewertung\/>\n<infrastruktur\/>\n<freitexte>\n<objekttitel>Ihr neues B&#xFC;ro mit zahlreichen Stellpl&#xE4;tzen direkt im Indu-Park!<\/objekttitel>\n<lage>Das sehr gut sichtbare B&#xFC;rogeb&#xE4;ude ist in unmittelbarer N&#xE4;he der Bundesstra&#xDF;e B1, im bekannten Indu-Park situiert. Das Objekt ist verkehrsg&#xFC;nstig gelegen und in diesem Zusammenhang sind die Autobahnen A40, A45 sowie die A1 in nur wenigen Fahrminuten erreichbar. Ferner ist das Objekt hervorragend unter anderem durch diverse S-Bahn Linien an die &#xD6;PNV angeschlossen. Der Teilmarkt Indu-Park wird unter anderem von namhaften Handelsfilialisten und Gastronomen gepr&#xE4;gt, welche eine ideale Nahversorgung garantieren.\n\nBedeutende Unternehmen in der B&#xFC;romarktzone: Hellweg, Crown, Bosch &amp; Premio, W &amp; L Jordan, Gerber Architekten, OSMA-Aufz&#xFC;ge\n\nHotels der Umgebung: Ibis, Hotel in der Meile, Tryp Dortmund, B&amp;B Hotel Dortmund<\/lage>\n<ausstatt_beschr>&#x2022; Bodenbelag: Nach Mieterwunsch\n&#x2022; EDV-Verkabelung: Teilweise vorhanden\n&#x2022; Kabelf&#xFC;hrung: Fensterbank-Kabelkan&#xE4;le\n&#x2022; Sonnenschutz: Sonnenschutzverglasung\n&#x2022; Teek&#xFC;che: Nach Absprache\n&#x2022; Beleuchtung: Einbauleuchten\n\n  Sonstiges: &#x2022; Glasfaseranschluss\n                 &#x2022; Gipskarton Trennw&#xE4;nde                 \n\nDie Ausstattung kann kann bei Bedarf angepasst werden!<\/ausstatt_beschr>\n<objektbeschreibung>Die B&#xFC;ror&#xE4;ume des 5 geschossigen Objekts bieten aufgrund der Gipskarton-Trennw&#xE4;nde flexible Gestaltungsm&#xF6;glichkeiten. Ferner sind ausreichend Objekteigene Stellpl&#xE4;tze vorhanden. Ein moderner Personenaufzug gew&#xE4;hrleistet eine m&#xFC;helose Erschlie&#xDF;ung jeder Etage.\n\nDerzeit stehen folgende Fl&#xE4;chen zur Disposition:\n\n2. OG: ca. 330 m&#xB2;\n5. OG: ca. 207 m&#xB2;<\/objektbeschreibung>\n<sonstige_angaben>Es gelten ausschlie&#xDF;lich unsere AGB (www.ruhr-real.de\/agb). Wir m&#xF6;chten Sie darauf hinweisen, dass die Angaben ausschlie&#xDF;lich auf den uns vom Eigent&#xFC;mer &#xFC;bermittelten Unterlagen und Informationen basieren. F&#xFC;r Richtigkeit und Vollst&#xE4;ndigkeit &#xFC;bernehmen wir keine Gew&#xE4;hr. Zwischenvermietung vorbehalten.<\/sonstige_angaben>\n<\/freitexte>\n<anhaenge>\n<anhang location=\"EXTERN\" gruppe=\"TITELBILD\">\n<anhangtitel>Geb&#xE4;udeansicht<\/anhangtitel>\n<format>JPG<\/format>\n<daten>\n<pfad>d78dbf3ffc584a4683a954e8d1593efd.JPG<\/pfad>\n<\/daten>\n<\/anhang>\n<anhang location=\"EXTERN\" gruppe=\"BILD\">\n<anhangtitel>Entree<\/anhangtitel>\n<format>JPG<\/format>\n<daten>\n<pfad>1b0ad225c75f49b2b3584284bdac758a.JPG<\/pfad>\n<\/daten>\n<\/anhang>\n<anhang location=\"EXTERN\" gruppe=\"BILD\">\n<anhangtitel>Au&#xDF;enansicht<\/anhangtitel>\n<format>JPG<\/format>\n<daten>\n<pfad>6a9599fdf29e42f3891a05385996b3a4.JPG<\/pfad>\n<\/daten>\n<\/anhang>\n<anhang location=\"EXTERN\" gruppe=\"BILD\">\n<anhangtitel>Einzelb&#xFC;ro<\/anhangtitel>\n<format>jpg<\/format>\n<daten>\n<pfad>8781588664c940068bd98cfdaeba4f56.jpg<\/pfad>\n<\/daten>\n<\/anhang>\n<anhang location=\"EXTERN\" gruppe=\"BILD\">\n<anhangtitel>Eckb&#xFC;ro<\/anhangtitel>\n<format>jpg<\/format>\n<daten>\n<pfad>63ecfe8524af4c938855ce329a530f44.jpg<\/pfad>\n<\/daten>\n<\/anhang>\n<anhang location=\"EXTERN\" gruppe=\"BILD\">\n<anhangtitel>Besprechungsraum<\/anhangtitel>\n<format>jpg<\/format>\n<daten>\n<pfad>532edb6abf0943d88ba8bca291771b6e.jpg<\/pfad>\n<\/daten>\n<\/anhang>\n<anhang location=\"EXTERN\" gruppe=\"BILD\">\n<anhangtitel>Personenaufzug<\/anhangtitel>\n<format>JPG<\/format>\n<daten>\n<pfad>3e223bb3d98a40a5a22f42a51cb25c6f.JPG<\/pfad>\n<\/daten>\n<\/anhang>\n<anhang location=\"EXTERN\" gruppe=\"BILD\">\n<anhangtitel>Au&#xDF;enstellpl&#xE4;tze<\/anhangtitel>\n<format>JPG<\/format>\n<daten>\n<pfad>16c6bf50f93c4ee893182ee6fb69bc18.JPG<\/pfad>\n<\/daten>\n<\/anhang>\n<anhang location=\"EXTERN\" gruppe=\"BILD\">\n<anhangtitel>Doppelb&#xFC;ro<\/anhangtitel>\n<format>jpg<\/format>\n<daten>\n<pfad>9ff1c19db23b4c1e87a8ba25cfc6217b.jpg<\/pfad>\n<\/daten>\n<\/anhang>\n<anhang location=\"EXTERN\" gruppe=\"BILD\">\n<anhangtitel>Flur<\/anhangtitel>\n<format>jpg<\/format>\n<daten>\n<pfad>13c27b7564044ce0a07fa5d0ee81e6f6.jpg<\/pfad>\n<\/daten>\n<\/anhang>\n<anhang location=\"EXTERN\" gruppe=\"GRUNDRISS\">\n<anhangtitel>2. OG Grundriss<\/anhangtitel>\n<format>jpg<\/format>\n<daten>\n<pfad>720a840261734cfb974b6ad6f37de90f.jpg<\/pfad>\n<\/daten>\n<\/anhang>\n<\/anhaenge>\n<verwaltung_objekt>\n<objektadresse_freigeben>false<\/objektadresse_freigeben>\n<verfuegbar_ab>Sofort<\/verfuegbar_ab>\n<gruppennummer>7<\/gruppennummer>\n<geschlecht\/>\n<\/verwaltung_objekt>\n<verwaltung_techn>\n<objektnr_intern>586A71E77F0E4677B97DB9F092DE5397<\/objektnr_intern>\n<objektnr_extern>254\/E1<\/objektnr_extern>\n<aktion aktionart=\"CHANGE\"\/>\n<openimmo_obid>586A71E77F0E4677B97DB9F092DE5397<\/openimmo_obid>\n<kennung_ursprung>estatePro V10.0.0.8<\/kennung_ursprung>\n<stand_vom>2025-06-24<\/stand_vom>\n<\/verwaltung_techn>\n<user_defined_simplefield feldname=\"Startseite\">Nein<\/user_defined_simplefield>\n<\/immobilie>\n"],"_thumbnail_id":["156980"],"fave_property_images":["156980","156981","156982","156983","156984","156985","156986","156987","156988","156989"],"fave_floor_plans_enable":["enable"],"floor_plans":["a:1:{i:0;a:7:{s:15:\"fave_plan_title\";s:15:\"2. OG Grundriss\";s:15:\"fave_plan_rooms\";s:0:\"\";s:19:\"fave_plan_bathrooms\";s:0:\"\";s:15:\"fave_plan_price\";s:0:\"\";s:14:\"fave_plan_size\";s:0:\"\";s:15:\"fave_plan_image\";s:93:\"https:\/\/ruhr-real.de\/wp-content\/uploads\/2025\/06\/720a840261734cfb974b6ad6f37de90f-622x1024.jpg\";s:21:\"fave_plan_description\";s:0:\"\";}}"],"fave_prop_homeslider":["yes"],"fave_prop_slider_image":["156980"],"fave_agents":["142704"],"fave_agent_display_option":["agent_info"],"fave_single_top_area":["global"],"fave_single_content_area":["global"],"fave_property_map":["1"],"fave_property_map_street_view":["hide"],"fave_property_size_prefix":["m\u00b2"],"fave_property_land_postfix":["m\u00b2"],"fave_featured":["0"],"houzez_featured_listing_date":[""],"fave_property_price_postfix":["pro&nbsp;m\u00b2"],"fave_currency":["EUR"],"fave_currency_info":["a:8:{s:2:\"id\";s:1:\"1\";s:13:\"currency_name\";s:4:\"Euro\";s:13:\"currency_code\";s:3:\"EUR\";s:15:\"currency_symbol\";s:3:\"\u20ac\";s:17:\"currency_position\";s:5:\"after\";s:16:\"currency_decimal\";s:1:\"2\";s:26:\"currency_decimal_separator\";s:1:\",\";s:27:\"currency_thousand_separator\";s:1:\".\";}"],"houzez_total_property_views":["1402"],"houzez_views_by_date":["a:61:{s:10:\"02-25-2026\";i:4;s:10:\"02-26-2026\";i:4;s:10:\"02-27-2026\";i:6;s:10:\"02-28-2026\";i:4;s:10:\"03-01-2026\";i:4;s:10:\"03-02-2026\";i:4;s:10:\"03-03-2026\";i:4;s:10:\"03-04-2026\";i:4;s:10:\"03-05-2026\";i:6;s:10:\"03-06-2026\";i:4;s:10:\"03-07-2026\";i:4;s:10:\"03-08-2026\";i:4;s:10:\"03-09-2026\";i:4;s:10:\"03-10-2026\";i:4;s:10:\"03-11-2026\";i:4;s:10:\"03-12-2026\";i:4;s:10:\"03-13-2026\";i:5;s:10:\"03-14-2026\";i:4;s:10:\"03-15-2026\";i:4;s:10:\"03-16-2026\";i:2;s:10:\"03-17-2026\";i:8;s:10:\"03-18-2026\";i:6;s:10:\"03-19-2026\";i:4;s:10:\"03-20-2026\";i:6;s:10:\"03-21-2026\";i:4;s:10:\"03-22-2026\";i:4;s:10:\"03-23-2026\";i:4;s:10:\"03-24-2026\";i:4;s:10:\"03-25-2026\";i:4;s:10:\"03-26-2026\";i:6;s:10:\"03-27-2026\";i:4;s:10:\"03-28-2026\";i:4;s:10:\"03-29-2026\";i:4;s:10:\"03-30-2026\";i:6;s:10:\"03-31-2026\";i:4;s:10:\"04-01-2026\";i:7;s:10:\"04-02-2026\";i:8;s:10:\"04-03-2026\";i:8;s:10:\"04-04-2026\";i:8;s:10:\"04-05-2026\";i:8;s:10:\"04-06-2026\";i:8;s:10:\"04-07-2026\";i:12;s:10:\"04-08-2026\";i:6;s:10:\"04-09-2026\";i:10;s:10:\"04-10-2026\";i:8;s:10:\"04-11-2026\";i:8;s:10:\"04-12-2026\";i:8;s:10:\"04-13-2026\";i:8;s:10:\"04-14-2026\";i:8;s:10:\"04-15-2026\";i:8;s:10:\"04-16-2026\";i:8;s:10:\"04-17-2026\";i:8;s:10:\"04-18-2026\";i:8;s:10:\"04-19-2026\";i:8;s:10:\"04-20-2026\";i:8;s:10:\"04-21-2026\";i:8;s:10:\"04-22-2026\";i:8;s:10:\"04-23-2026\";i:10;s:10:\"04-24-2026\";i:8;s:10:\"04-25-2026\";i:8;s:10:\"04-26-2026\";i:4;}"],"houzez_recently_viewed":["2026-04-26 08:14:37"],"tp_widgets":["a:2:{s:7:\"widgets\";a:0:{}s:9:\"update_at\";s:10:\"1764682733\";}"],"_elementor_page_assets":["a:0:{}"]},"_links":{"self":[{"href":"https:\/\/ruhr-real.de\/en\/wp-json\/wp\/v2\/properties\/143673","targetHints":{"allow":["GET"]}}],"collection":[{"href":"https:\/\/ruhr-real.de\/en\/wp-json\/wp\/v2\/properties"}],"about":[{"href":"https:\/\/ruhr-real.de\/en\/wp-json\/wp\/v2\/types\/property"}],"author":[{"embeddable":true,"href":"https:\/\/ruhr-real.de\/en\/wp-json\/wp\/v2\/users\/1"}],"version-history":[{"count":0,"href":"https:\/\/ruhr-real.de\/en\/wp-json\/wp\/v2\/properties\/143673\/revisions"}],"wp:featuredmedia":[{"embeddable":true,"href":"https:\/\/ruhr-real.de\/en\/wp-json\/wp\/v2\/media\/156980"}],"wp:attachment":[{"href":"https:\/\/ruhr-real.de\/en\/wp-json\/wp\/v2\/media?parent=143673"}],"wp:term":[{"taxonomy":"property_type","embeddable":true,"href":"https:\/\/ruhr-real.de\/en\/wp-json\/wp\/v2\/property_type?post=143673"},{"taxonomy":"property_status","embeddable":true,"href":"https:\/\/ruhr-real.de\/en\/wp-json\/wp\/v2\/property_status?post=143673"},{"taxonomy":"property_feature","embeddable":true,"href":"https:\/\/ruhr-real.de\/en\/wp-json\/wp\/v2\/property_feature?post=143673"},{"taxonomy":"property_label","embeddable":true,"href":"https:\/\/ruhr-real.de\/en\/wp-json\/wp\/v2\/property_label?post=143673"},{"taxonomy":"property_country","embeddable":true,"href":"https:\/\/ruhr-real.de\/en\/wp-json\/wp\/v2\/property_country?post=143673"},{"taxonomy":"property_state","embeddable":true,"href":"https:\/\/ruhr-real.de\/en\/wp-json\/wp\/v2\/property_state?post=143673"},{"taxonomy":"property_city","embeddable":true,"href":"https:\/\/ruhr-real.de\/en\/wp-json\/wp\/v2\/property_city?post=143673"},{"taxonomy":"property_area","embeddable":true,"href":"https:\/\/ruhr-real.de\/en\/wp-json\/wp\/v2\/property_area?post=143673"}],"curies":[{"name":"wp","href":"https:\/\/api.w.org\/{rel}","templated":true}]}}