{"id":145126,"date":"2025-02-03T00:01:37","date_gmt":"2025-02-02T23:01:37","guid":{"rendered":"https:\/\/ruhr-real.de\/objekt\/im-alleinauftrag-regalierte-lager-logistikflaeche-teilbar-rampenandienung-ruhr-real\/"},"modified":"2025-02-03T00:01:37","modified_gmt":"2025-02-02T23:01:37","slug":"im-alleinauftrag-regalierte-lager-logistikflaeche-teilbar-rampenandienung-ruhr-real","status":"publish","type":"property","link":"https:\/\/ruhr-real.de\/en\/objekt\/im-alleinauftrag-regalierte-lager-logistikflaeche-teilbar-rampenandienung-ruhr-real\/","title":{"rendered":"Im Alleinauftrag: Regalierte Lager- &amp; Logistikfl\u00e4che | teilbar | Rampenandienung | RUHR REAL"},"content":{"rendered":"<p>Bei dem angebotenen Objekt handelt es sich um eine teilbare Lager-\/Logistikimmobilie, welche in Summe ca. 2.500 m\u00b2 Hallenfl\u00e4che bietet. Anliegend finden sich ca. 150 m\u00b2 zugeh\u00f6rige B\u00fcro- und Sozialfl\u00e4che. Zudem stehen weitere B\u00fcrofl\u00e4chen separat zur Verf\u00fcgungwelche optional angemietet werden k\u00f6nnen. Auch eine zus\u00e4tzliche Mezzanine\/Werkstattfl\u00e4che im OG mit weiteren ca. 500 m2 ist bei Bedarf optional anmietbar. Unterteilt ist die Fl\u00e4che in zwei Hallenbereiche, die gemeinsam oder separat angemietet werden k\u00f6nnen.<\/p>\n<p>Halle A verf\u00fcgt \u00fcber insgesamt ca. 1.400 m\u00b2 Lager- und Logistikfl\u00e4che mit einem integrierten Regalsystem sowie insgesamt 4 Rampentoren. Dar\u00fcber hinaus gibt es eine ebenerdige Zufahrt. Die Deckenh\u00f6he liegt bei ca. 8,0 m UKB, unter der hier anliegenden Mezzanine von ca. 500 m\u00b2 ist die Deckenh\u00f6he geringer. Die Fl\u00e4che ist beheizt.<br \/>\nHalle B verf\u00fcgt \u00fcber insgesamt ca. 1.000 m\u00b2 Lager, Mezzanine- und Logistikfl\u00e4che mit einem Rampentor. Die Deckenh\u00f6he liegt bei ca. 8,0 m UKB, unter der Mezzanine von ca. 250 m\u00b2 ist die Deckenh\u00f6he geringer. Die Fl\u00e4che ist beheizt, B\u00fcro- &amp; Sozialfl\u00e4chen k\u00f6nnen separat angemietet werden.<br \/>\nDie B\u00fcros sind separat betretbar und bieten flexible Aufteilungen und Nutzungsm\u00f6glichkeiten. Ein Zugang von den B\u00fcros in die Halle ist ebenfalls vorhanden.<\/p>\n<p>Dieser Hallenkomplex befindet sich in einem attraktivem Gewerbegebiet in Schwelm, nahe einer Autobahnauffahrt zur A1, welche das Ruhrgebiet mit dem Rest NRWs verbindet. Die Anbindung an das \u00d6PNV-Netz ist gut und dank direkt vor der T\u00fcr gelegenen Bushaltestelle schnell erreicht, der Bahnhof von Schwelm ist in ca. 3 Minuten befahren. Der Dortmunder Flughafen ist binnen 35 Minuten erreicht, gastronomische Betriebe und Gesch\u00e4fte des t\u00e4glichen Bedarfs sind fu\u00dfl\u00e4ufig erreichbar.<\/p>\n<p>\u2022 5 Rampen<br \/>\n\u2022 500 m\u00b2 Mezzanine optional<br \/>\n\u2022 LKW &amp; PKW-Stellpl\u00e4tze<br \/>\n\u2022 Regalisierung<br \/>\n\u2022 vielseitg nutzbar<\/p>\n<p>Es gelten ausschlie\u00dflich unsere AGB (www.ruhr-real.de\/agb). Da der Eigent\u00fcmer ausschlie\u00dflich Lager\/Logistik, Produktion und Light Industrial als Nutzung w\u00fcnscht, bitten wir Sie zu ber\u00fccksichtigen, dass Anfragen zu folgenden Nutzungen nicht bearbeitet werden k\u00f6nnen: Veranstaltungen\/Events, Gastronomie\/Vergn\u00fcgungsst\u00e4tten, religi\u00f6se Einrichtungen sowie Sport- und Spielst\u00e4tten. Wir m\u00f6chten Sie darauf hinweisen, dass die Angaben ausschlie\u00dflich auf den uns vom Eigent\u00fcmer \u00fcbermittelten Unterlagen und Informationen basieren. F\u00fcr Richtigkeit und Vollst\u00e4ndigkeit \u00fcbernehmen wir keine Gew\u00e4hr. Zwischenvermietung vorbehalten.<br \/>\n<div class=\"widget widget_immonex_user_defined_properties_widget\"><div class=\"immonex-widget immonex-widget-houzez\">\n\t\t<div class=\"immonex-widget-title clearfix\">\n\t\t<h2 class=\"widgettitle\">Energieeffizienz<\/h2>\t<\/div>\n\t\t<ul class=\"immonex-property-details row list-lined list-unstyled\">\n\t\t\t\t<li>\n\t\t\t<div class=\"list-lined-item w-100 d-flex justify-content-between py-2\">\n\t\t\t\t\t\t\t\t<strong class=\"property-details-label\">Energieausweis-Jahrgang:<\/strong>&nbsp;<span class=\"property-details-value\">not available<\/span>\n\t\t\t\t\t\t\t<\/div>\n\t\t<\/li>\n\t\t\t<\/ul>\n<\/div><\/div><\/p>\n","protected":false},"excerpt":{"rendered":"<p>Bei dem angebotenen Objekt handelt es sich um eine teilbare Lager-\/Logistikimmobilie, welche in Summe ca. 2.500 m\u00b2&#8230;<\/p>\n","protected":false},"author":1,"featured_media":145127,"parent":0,"menu_order":0,"template":"","property_type":[380],"property_status":[352],"property_feature":[],"property_label":[],"property_country":[353],"property_state":[],"property_city":[521],"property_area":[],"class_list":["post-145126","property","type-property","status-publish","has-post-thumbnail","hentry","property_type-lager-und-produktionsflaechen","property_status-zu-vermieten","property_country-deutschland","property_city-schwelm"],"acf":[],"property_meta":{"rank_math_internal_links_processed":["1"],"_immonex_import_folder":["users\/RUHRREAL"],"fave_property_map_address":["58332 Schwelm"],"fave_property_zip":["58332"],"fave_property_country":["DE"],"_immonex_lat":["51.2811166"],"_immonex_lng":["7.2894712"],"houzez_geolocation_lat":["51.2811166"],"houzez_geolocation_long":["7.2894712"],"fave_property_location":["51.2811166,7.2894712"],"fave_property_size":["2500"],"fave_property_id":["3864\/E1"],"_immonex_translation_id":["3864\/E1"],"_immonex_iso_country":["DEU"],"_openimmo_obid":["D575F26EC96D457F89E841FC19DFD1B9"],"_openimmo_anid":["0000"],"_immonex_group_number":[""],"_immonex_group_id":[""],"_immonex_group_master":[""],"_immonex_import_meta":["a:6:{s:8:\"zip_file\";s:131:\"\/www\/htdocs\/w0172e0e\/ruhr-real_2024\/wp-content\/uploads\/immonex-openimmo-import\/users\/RUHRREAL\/Immowelt_estatePro_20250203190339.zip\";s:8:\"xml_file\";s:158:\"\/www\/htdocs\/w0172e0e\/ruhr-real_2024\/wp-content\/uploads\/immonex-openimmo-import\/immowelt_estatepro_20250203190339\/Homepage_2024_NEW_estatePro20250203190339.xml\";s:12:\"mapping_file\";s:116:\"\/www\/htdocs\/w0172e0e\/ruhr-real_2024\/wp-content\/uploads\/immonex-openimmo-import\/mappings\/houzez_ruhrreal_18122023.csv\";s:9:\"timestamp\";i:1738605819;s:4:\"date\";s:10:\"2025-02-03\";s:4:\"time\";s:8:\"19:03:39\";}"],"_is_immonex_import_property":["1"],"_immonex_is_reference":[""],"_immonex_is_sold":[""],"_immonex_is_reserved":[""],"_immonex_is_available":["1"],"additional_features":["a:11:{i:0;a:2:{s:29:\"fave_additional_feature_title\";s:33:\"Heizkosten in Warmmiete enthalten\";s:29:\"fave_additional_feature_value\";s:4:\"nein\";}i:1;a:2:{s:29:\"fave_additional_feature_title\";s:32:\"Preise zuz\u00fcglich Mehrwertsteuer\";s:29:\"fave_additional_feature_value\";s:4:\"nein\";}i:2;a:2:{s:29:\"fave_additional_feature_title\";s:16:\"K\u00e4uferprovision\";s:29:\"fave_additional_feature_value\";s:21:\"3-4 Nettomonatsmieten\";}i:3;a:2:{s:29:\"fave_additional_feature_title\";s:20:\"Hinweis zur Courtage\";s:29:\"fave_additional_feature_value\";s:233:\"Bei Vertr\u00e4gen bis zu f\u00fcnf Jahren Laufzeit ist ein Honorar von 3 Nettomonatsmieten vom Mieter an RUHR REAL zahlbar; bei Laufzeiten bis zu zehn Jahren werden 4 Nettomonatsmieten f\u00e4llig. Hinzu kommt die jeweils g\u00fcltige Umsatzsteuer.\";}i:4;a:2:{s:29:\"fave_additional_feature_title\";s:10:\"MwSt.-Satz\";s:29:\"fave_additional_feature_value\";s:9:\"19&nbsp;%\";}i:5;a:2:{s:29:\"fave_additional_feature_title\";s:13:\"Gesamtfl\u00e4che\";s:29:\"fave_additional_feature_value\";s:14:\"2.500&nbsp;m\u00b2\";}i:6;a:2:{s:29:\"fave_additional_feature_title\";s:12:\"Lagerfl\u00e4che\";s:29:\"fave_additional_feature_value\";s:14:\"2.500&nbsp;m\u00b2\";}i:7;a:2:{s:29:\"fave_additional_feature_title\";s:10:\"Teilbar ab\";s:29:\"fave_additional_feature_value\";s:14:\"1.000&nbsp;m\u00b2\";}i:8;a:2:{s:29:\"fave_additional_feature_title\";s:13:\"Stellplatzart\";s:29:\"fave_additional_feature_value\";s:9:\"Freiplatz\";}i:9;a:2:{s:29:\"fave_additional_feature_title\";s:7:\"Zustand\";s:29:\"fave_additional_feature_value\";s:8:\"gepflegt\";}i:10;a:2:{s:29:\"fave_additional_feature_title\";s:27:\"Immobilie ist verf\u00fcgbar ab\";s:29:\"fave_additional_feature_value\";s:17:\"nach Vereinbarung\";}}"],"fave_additional_features_enable":["enable"],"_immonex_custom_fields":["a:1:{s:23:\"Energieausweis-Jahrgang\";a:5:{s:14:\"mapping_source\";s:38:\"zustand_angaben->energiepass->jahrgang\";s:4:\"name\";s:0:\"\";s:5:\"group\";s:5:\"epass\";s:5:\"value\";s:13:\"not available\";s:19:\"value_before_filter\";s:4:\"ohne\";}}"],"_immonex_property_xml_source":["<?xml version=\"1.0\"?>\n<immobilie>\n<objektkategorie>\n<nutzungsart WOHNEN=\"false\" GEWERBE=\"true\"\/>\n<vermarktungsart KAUF=\"false\" MIETE_PACHT=\"true\"\/>\n<objektart>\n<hallen_lager_prod hallen_typ=\"LAGERFLAECHEN\"\/>\n<\/objektart>\n<user_defined_simplefield\/>\n<\/objektkategorie>\n<geo>\n<plz>58332<\/plz>\n<ort>Schwelm<\/ort>\n<strasse>Am Damm<\/strasse>\n<hausnummer>2<\/hausnummer>\n<land iso_land=\"DEU\"\/>\n<lage_im_bau\/>\n<\/geo>\n<kontaktperson>\n<email_zentrale>anfrage@ruhr-real.de<\/email_zentrale>\n<email_direkt>mehrer@ruhr-real.de<\/email_direkt>\n<tel_durchw>+49 201 99996330<\/tel_durchw>\n<tel_fax>+49 201 99996344<\/tel_fax>\n<tel_handy>+49 162 2907000<\/tel_handy>\n<name>Mehrer<\/name>\n<vorname>Nils<\/vorname>\n<anrede>Herr<\/anrede>\n<firma>RUHR REAL GmbH<\/firma>\n<strasse>Holsterhauser Platz<\/strasse>\n<hausnummer>2<\/hausnummer>\n<plz>45147<\/plz>\n<ort>Essen<\/ort>\n<adressfreigabe>true<\/adressfreigabe>\n<\/kontaktperson>\n<preise>\n<heizkosten_enthalten>false<\/heizkosten_enthalten>\n<zzg_mehrwertsteuer>false<\/zzg_mehrwertsteuer>\n<preis_zeiteinheit\/>\n<provisionspflichtig>true<\/provisionspflichtig>\n<aussen_courtage mit_mwst=\"false\">3-4 Nettomonatsmieten<\/aussen_courtage>\n<courtage_hinweis>Bei Vertr&#xE4;gen bis zu f&#xFC;nf Jahren Laufzeit ist ein Honorar von 3 Nettomonatsmieten vom Mieter an RUHR REAL zahlbar; bei Laufzeiten bis zu zehn Jahren werden 4 Nettomonatsmieten f&#xE4;llig. Hinzu kommt die jeweils g&#xFC;ltige Umsatzsteuer.<\/courtage_hinweis>\n<waehrung iso_waehrung=\"EUR\"\/>\n<mwst_satz>19.00<\/mwst_satz>\n<stp_carport\/>\n<stp_duplex\/>\n<stp_freiplatz\/>\n<stp_garage\/>\n<stp_parkhaus\/>\n<stp_tiefgarage\/>\n<\/preise>\n<bieterverfahren\/>\n<versteigerung\/>\n<flaechen>\n<gesamtflaeche>2500<\/gesamtflaeche>\n<lagerflaeche>2500<\/lagerflaeche>\n<teilbar_ab>1000<\/teilbar_ab>\n<anzahl_stellplaetze type=\"xsd:decimal\">15<\/anzahl_stellplaetze>\n<\/flaechen>\n<ausstattung>\n<bad\/>\n<kueche\/>\n<heizungsart\/>\n<befeuerung\/>\n<fahrstuhl\/>\n<stellplatzart FREIPLATZ=\"true\"\/>\n<ausricht_balkon_terrasse\/>\n<angeschl_gastronomie\/>\n<sicherheitstechnik\/>\n<\/ausstattung>\n<zustand_angaben>\n<zustand zustand_art=\"GEPFLEGT\"\/>\n<energiepass>\n<jahrgang>ohne<\/jahrgang>\n<\/energiepass>\n<\/zustand_angaben>\n<bewertung\/>\n<infrastruktur\/>\n<freitexte>\n<objekttitel>Im Alleinauftrag: Regalierte Lager- &amp; Logistikfl&#xE4;che | teilbar | Rampenandienung | RUHR REAL<\/objekttitel>\n<lage>Dieser Hallenkomplex befindet sich in einem attraktivem Gewerbegebiet in Schwelm, nahe einer Autobahnauffahrt zur A1, welche das Ruhrgebiet mit dem Rest NRWs verbindet. Die Anbindung an das &#xD6;PNV-Netz ist gut und dank direkt vor der T&#xFC;r gelegenen Bushaltestelle schnell erreicht, der Bahnhof von Schwelm ist in ca. 3 Minuten befahren. Der Dortmunder Flughafen ist binnen 35 Minuten erreicht, gastronomische Betriebe und Gesch&#xE4;fte des t&#xE4;glichen Bedarfs sind fu&#xDF;l&#xE4;ufig erreichbar.<\/lage>\n<ausstatt_beschr>&#x2022; 5 Rampen\n&#x2022; 500 m&#xB2; Mezzanine optional\n&#x2022; LKW &amp; PKW-Stellpl&#xE4;tze\n&#x2022; Regalisierung\n&#x2022; vielseitg nutzbar <\/ausstatt_beschr>\n<objektbeschreibung>Bei dem angebotenen Objekt handelt es sich um eine teilbare Lager-\/Logistikimmobilie, welche in Summe ca. 2.500 m&#xB2; Hallenfl&#xE4;che bietet. Anliegend finden sich ca. 150 m&#xB2; zugeh&#xF6;rige B&#xFC;ro- und Sozialfl&#xE4;che. Zudem stehen weitere B&#xFC;rofl&#xE4;chen separat zur Verf&#xFC;gungwelche optional angemietet werden k&#xF6;nnen. Auch eine zus&#xE4;tzliche Mezzanine\/Werkstattfl&#xE4;che im OG mit weiteren ca. 500 m2 ist bei Bedarf optional anmietbar. Unterteilt ist die Fl&#xE4;che in zwei Hallenbereiche, die gemeinsam oder separat angemietet werden k&#xF6;nnen. \n\nHalle A verf&#xFC;gt &#xFC;ber insgesamt ca. 1.400 m&#xB2; Lager- und Logistikfl&#xE4;che mit einem integrierten Regalsystem sowie insgesamt 4 Rampentoren. Dar&#xFC;ber hinaus gibt es eine ebenerdige Zufahrt. Die Deckenh&#xF6;he liegt bei ca. 8,0 m UKB, unter der hier anliegenden Mezzanine von ca. 500 m&#xB2; ist die Deckenh&#xF6;he geringer. Die Fl&#xE4;che ist beheizt. \nHalle B verf&#xFC;gt &#xFC;ber insgesamt ca. 1.000 m&#xB2; Lager, Mezzanine- und Logistikfl&#xE4;che mit einem Rampentor. Die Deckenh&#xF6;he liegt bei ca. 8,0 m UKB, unter der Mezzanine von ca. 250 m&#xB2; ist die Deckenh&#xF6;he geringer. Die Fl&#xE4;che ist beheizt, B&#xFC;ro- &amp; Sozialfl&#xE4;chen k&#xF6;nnen separat angemietet werden.\nDie B&#xFC;ros sind separat betretbar und bieten flexible Aufteilungen und Nutzungsm&#xF6;glichkeiten. Ein Zugang von den B&#xFC;ros in die Halle ist ebenfalls vorhanden. \n<\/objektbeschreibung><sonstige_angaben>Es gelten ausschlie&#xDF;lich unsere AGB (www.ruhr-real.de\/agb). Da der Eigent&#xFC;mer ausschlie&#xDF;lich Lager\/Logistik, Produktion und Light Industrial als Nutzung w&#xFC;nscht, bitten wir Sie zu ber&#xFC;cksichtigen, dass Anfragen zu folgenden Nutzungen nicht bearbeitet werden k&#xF6;nnen: Veranstaltungen\/Events, Gastronomie\/Vergn&#xFC;gungsst&#xE4;tten, religi&#xF6;se Einrichtungen sowie Sport- und Spielst&#xE4;tten. Wir m&#xF6;chten Sie darauf hinweisen, dass die Angaben ausschlie&#xDF;lich auf den uns vom Eigent&#xFC;mer &#xFC;bermittelten Unterlagen und Informationen basieren. F&#xFC;r Richtigkeit und Vollst&#xE4;ndigkeit &#xFC;bernehmen wir keine Gew&#xE4;hr. Zwischenvermietung vorbehalten.<\/sonstige_angaben>\n<\/freitexte>\n<anhaenge>\n<anhang location=\"EXTERN\" gruppe=\"TITELBILD\">\n<anhangtitel>Au&#xDF;en <\/anhangtitel>\n<format>jpg<\/format>\n<daten>\n<pfad>bc51bfcf35894af598cd62e0e5c7e1c5.jpg<\/pfad>\n<\/daten>\n<\/anhang>\n<anhang location=\"EXTERN\" gruppe=\"BILD\">\n<anhangtitel>Anfahrt<\/anhangtitel>\n<format>jpg<\/format>\n<daten>\n<pfad>969eb599797c41c080b695d828ef5467.jpg<\/pfad>\n<\/daten>\n<\/anhang>\n<anhang location=\"EXTERN\" gruppe=\"BILD\">\n<anhangtitel>Halle A<\/anhangtitel>\n<format>jpg<\/format>\n<daten>\n<pfad>c876a03299194b6c9ff9619037f35a7e.jpg<\/pfad>\n<\/daten>\n<\/anhang>\n<anhang location=\"EXTERN\" gruppe=\"BILD\">\n<anhangtitel>Rampe A<\/anhangtitel>\n<format>jpg<\/format>\n<daten>\n<pfad>8dff782b6e6345428a925d8a669948c7.jpg<\/pfad>\n<\/daten>\n<\/anhang>\n<anhang location=\"EXTERN\" gruppe=\"BILD\">\n<anhangtitel>Anlieferung A<\/anhangtitel>\n<format>jpg<\/format>\n<daten>\n<pfad>e0445d5ebac04a10b3e3888f14719420.jpg<\/pfad>\n<\/daten>\n<\/anhang>\n<anhang location=\"EXTERN\" gruppe=\"BILD\">\n<anhangtitel>Halle B + Tor<\/anhangtitel>\n<format>jpg<\/format>\n<daten>\n<pfad>c576f5b39c33431c828a9b921b5d866d.jpg<\/pfad>\n<\/daten>\n<\/anhang>\n<anhang location=\"EXTERN\" gruppe=\"BILD\">\n<anhangtitel>Rampe B<\/anhangtitel>\n<format>jpg<\/format>\n<daten>\n<pfad>cdd62b024c634488902eaaac4f133622.jpg<\/pfad>\n<\/daten>\n<\/anhang>\n<\/anhaenge>\n<verwaltung_objekt>\n<objektadresse_freigeben>false<\/objektadresse_freigeben>\n<verfuegbar_ab>nach Vereinbarung<\/verfuegbar_ab>\n<geschlecht\/>\n<\/verwaltung_objekt>\n<verwaltung_techn>\n<objektnr_intern>D575F26EC96D457F89E841FC19DFD1B9<\/objektnr_intern>\n<objektnr_extern>3864\/E1<\/objektnr_extern>\n<aktion aktionart=\"CHANGE\"\/>\n<openimmo_obid>D575F26EC96D457F89E841FC19DFD1B9<\/openimmo_obid>\n<kennung_ursprung>estatePro V10.0.0.8<\/kennung_ursprung>\n<stand_vom>2025-02-03<\/stand_vom>\n<\/verwaltung_techn>\n<user_defined_simplefield feldname=\"Startseite\">Nein<\/user_defined_simplefield>\n<\/immobilie>\n"],"_thumbnail_id":["145127"],"fave_property_images":["145127","145128","145129","145130","145131","145132","145133"],"fave_floor_plans_enable":["disable"],"fave_prop_homeslider":["yes"],"fave_prop_slider_image":["145127"],"fave_agents":["111859"],"fave_agent_display_option":["agent_info"],"fave_single_top_area":["global"],"fave_single_content_area":["global"],"fave_property_price":["0"],"fave_property_map":["1"],"fave_property_map_street_view":["hide"],"fave_property_size_prefix":["m\u00b2"],"fave_property_land_postfix":["m\u00b2"],"fave_featured":["0"],"houzez_featured_listing_date":[""],"fave_currency":["EUR"],"fave_currency_info":["a:8:{s:2:\"id\";s:1:\"1\";s:13:\"currency_name\";s:4:\"Euro\";s:13:\"currency_code\";s:3:\"EUR\";s:15:\"currency_symbol\";s:3:\"\u20ac\";s:17:\"currency_position\";s:5:\"after\";s:16:\"currency_decimal\";s:1:\"2\";s:26:\"currency_decimal_separator\";s:1:\",\";s:27:\"currency_thousand_separator\";s:1:\".\";}"],"fave_show_price_placeholder":["1"],"houzez_total_property_views":["1765"],"houzez_views_by_date":["a:61:{s:10:\"02-27-2026\";i:4;s:10:\"02-28-2026\";i:4;s:10:\"03-01-2026\";i:4;s:10:\"03-02-2026\";i:4;s:10:\"03-03-2026\";i:4;s:10:\"03-04-2026\";i:4;s:10:\"03-05-2026\";i:6;s:10:\"03-06-2026\";i:4;s:10:\"03-07-2026\";i:4;s:10:\"03-08-2026\";i:4;s:10:\"03-09-2026\";i:4;s:10:\"03-10-2026\";i:4;s:10:\"03-11-2026\";i:6;s:10:\"03-12-2026\";i:6;s:10:\"03-13-2026\";i:4;s:10:\"03-14-2026\";i:5;s:10:\"03-15-2026\";i:4;s:10:\"03-16-2026\";i:2;s:10:\"03-17-2026\";i:11;s:10:\"03-18-2026\";i:6;s:10:\"03-19-2026\";i:4;s:10:\"03-20-2026\";i:6;s:10:\"03-21-2026\";i:4;s:10:\"03-22-2026\";i:4;s:10:\"03-23-2026\";i:4;s:10:\"03-24-2026\";i:4;s:10:\"03-25-2026\";i:4;s:10:\"03-26-2026\";i:10;s:10:\"03-27-2026\";i:4;s:10:\"03-28-2026\";i:4;s:10:\"03-29-2026\";i:4;s:10:\"03-30-2026\";i:6;s:10:\"03-31-2026\";i:4;s:10:\"04-01-2026\";i:7;s:10:\"04-02-2026\";i:9;s:10:\"04-03-2026\";i:8;s:10:\"04-04-2026\";i:8;s:10:\"04-05-2026\";i:8;s:10:\"04-06-2026\";i:8;s:10:\"04-07-2026\";i:12;s:10:\"04-08-2026\";i:6;s:10:\"04-09-2026\";i:8;s:10:\"04-10-2026\";i:8;s:10:\"04-11-2026\";i:6;s:10:\"04-12-2026\";i:10;s:10:\"04-13-2026\";i:8;s:10:\"04-14-2026\";i:8;s:10:\"04-15-2026\";i:8;s:10:\"04-16-2026\";i:8;s:10:\"04-17-2026\";i:8;s:10:\"04-18-2026\";i:8;s:10:\"04-19-2026\";i:8;s:10:\"04-20-2026\";i:8;s:10:\"04-21-2026\";i:8;s:10:\"04-22-2026\";i:8;s:10:\"04-23-2026\";i:8;s:10:\"04-24-2026\";i:8;s:10:\"04-25-2026\";i:8;s:10:\"04-26-2026\";i:8;s:10:\"04-27-2026\";i:8;s:10:\"04-28-2026\";i:4;}"],"houzez_recently_viewed":["2026-04-28 09:55:15"],"tp_widgets":["a:2:{s:7:\"widgets\";a:0:{}s:9:\"update_at\";s:10:\"1764682733\";}"],"_elementor_page_assets":["a:0:{}"]},"_links":{"self":[{"href":"https:\/\/ruhr-real.de\/en\/wp-json\/wp\/v2\/properties\/145126","targetHints":{"allow":["GET"]}}],"collection":[{"href":"https:\/\/ruhr-real.de\/en\/wp-json\/wp\/v2\/properties"}],"about":[{"href":"https:\/\/ruhr-real.de\/en\/wp-json\/wp\/v2\/types\/property"}],"author":[{"embeddable":true,"href":"https:\/\/ruhr-real.de\/en\/wp-json\/wp\/v2\/users\/1"}],"version-history":[{"count":0,"href":"https:\/\/ruhr-real.de\/en\/wp-json\/wp\/v2\/properties\/145126\/revisions"}],"wp:featuredmedia":[{"embeddable":true,"href":"https:\/\/ruhr-real.de\/en\/wp-json\/wp\/v2\/media\/145127"}],"wp:attachment":[{"href":"https:\/\/ruhr-real.de\/en\/wp-json\/wp\/v2\/media?parent=145126"}],"wp:term":[{"taxonomy":"property_type","embeddable":true,"href":"https:\/\/ruhr-real.de\/en\/wp-json\/wp\/v2\/property_type?post=145126"},{"taxonomy":"property_status","embeddable":true,"href":"https:\/\/ruhr-real.de\/en\/wp-json\/wp\/v2\/property_status?post=145126"},{"taxonomy":"property_feature","embeddable":true,"href":"https:\/\/ruhr-real.de\/en\/wp-json\/wp\/v2\/property_feature?post=145126"},{"taxonomy":"property_label","embeddable":true,"href":"https:\/\/ruhr-real.de\/en\/wp-json\/wp\/v2\/property_label?post=145126"},{"taxonomy":"property_country","embeddable":true,"href":"https:\/\/ruhr-real.de\/en\/wp-json\/wp\/v2\/property_country?post=145126"},{"taxonomy":"property_state","embeddable":true,"href":"https:\/\/ruhr-real.de\/en\/wp-json\/wp\/v2\/property_state?post=145126"},{"taxonomy":"property_city","embeddable":true,"href":"https:\/\/ruhr-real.de\/en\/wp-json\/wp\/v2\/property_city?post=145126"},{"taxonomy":"property_area","embeddable":true,"href":"https:\/\/ruhr-real.de\/en\/wp-json\/wp\/v2\/property_area?post=145126"}],"curies":[{"name":"wp","href":"https:\/\/api.w.org\/{rel}","templated":true}]}}