{"id":145409,"date":"2025-09-26T15:11:00","date_gmt":"2025-09-26T13:11:00","guid":{"rendered":"https:\/\/ruhr-real.de\/objekt\/500-m%c2%b2-moderne-bueroflaeche-direkt-am-hauptbahnhof-exklusiv-ueber-ruhr-real\/"},"modified":"2025-09-26T15:11:00","modified_gmt":"2025-09-26T13:11:00","slug":"500-m%c2%b2-moderne-bueroflaeche-direkt-am-hauptbahnhof-exklusiv-ueber-ruhr-real","status":"publish","type":"property","link":"https:\/\/ruhr-real.de\/en\/objekt\/500-m%c2%b2-moderne-bueroflaeche-direkt-am-hauptbahnhof-exklusiv-ueber-ruhr-real\/","title":{"rendered":"500 m\u00b2 moderne B\u00fcrofl\u00e4che direkt am Hauptbahnhof | Exklusiv \u00fcber RUHR REAL"},"content":{"rendered":"<p>Bei der angebotenen Liegenschaft handelt es sich um ein attraktives und vielseitig nutzbares B\u00fcrogeb\u00e4ude. Die Konzeption des Geb\u00e4udes, welche st\u00fctzenfrei funktioniert, l\u00e4sst jegliche Raumkonzepte zu. Vom Open-Space bis hin zur Einzelverzimmerung k\u00f6nnen jegliche Ausbauten Mieterwunsch entsprechend realisiert werden. Die vakanten Fl\u00e4chen befinden sich in einem gepflegten und modernen Zustand.<br \/>\nDie umlaufende Fensterfront, welche mit einem elektrischen Sonnenschutz versehen ist, sorgt f\u00fcr einen lichtdurchfluteten Arbeitsplatz.<br \/>\nDie Liegenschaft ist barrierefrei zug\u00e4nglich. Jede Etage ist \u00fcber zwei Personenaufz\u00fcge erschlossen.<\/p>\n<p>Zahlreiche KFZ-Stellpl\u00e4tze stehen im Au\u00dfenbereich zur Verf\u00fcgung und k\u00f6nnen separat angemietet werden.<\/p>\n<p>Folgende Fl\u00e4chen stehen derzeit zur Disposition:<\/p>\n<p>1. OG: ca. 500 m\u00b2<\/p>\n<p>Die Liegenschaft befindet sich in direkter Hauptbahnhofslage und vis-a-vis zum beliebten Hans-B\u00f6ckler-Platz, welcher der Standort des Traditions-Einkaufszentrums &#8220;Forum City M\u00fclheim&#8221; ist. Durch seine zentrale Lage bietet das Objekt perfekte Werbem\u00f6glichkeiten und eine hervorragende Infrastruktur. Die A40 ist innerhalb weniger Fahrminuten zu erreichen. \u00d6PNV-Anbindungen befinden sich direkt an dem Objekt. Dar\u00fcber hinaus f\u00fchrt der erste Radschnellweg Deutschlands (RS1) direkt am Objekt vorbei.<\/p>\n<p>Bedeutende Unternehmen in der B\u00fcromarktzone: Deutsche Post, Sparda-Bank, Postbank, Siemens<\/p>\n<p>Hotels in der Umgebung: Best Western Hotel, B&amp;B Hotel, Hotel K\u00f6lner Hof, Hotel Handelshof<\/p>\n<p>\u2022 Sonnenschutz: au\u00dfenliegend, elektrisch<br \/>\n\u2022 Bodenbelag: nach Mieterwunsch<br \/>\n\u2022 Verkabelung: Glasfaser vorhanden<br \/>\n\u2022 Kabelf\u00fchrung: Hohlraumboden \/ Bodentanks<br \/>\n\u2022 Beleuchtung: Rasterleuchten<br \/>\n\u2022 Teek\u00fcche: Anschl\u00fcsse vorhanden<br \/>\n\u2022 Aufzug: 2 Personenaufz\u00fcge<br \/>\n\u2022 Barrierefreiheit: ebenerdiger Zugang<\/p>\n<p>Die Ausstattung kann bei Bedarf angepasst werden!<\/p>\n<p>Es gelten ausschlie\u00dflich unsere AGB (www.ruhr-real.de\/agb). Wir m\u00f6chten Sie darauf hinweisen, dass die Angaben ausschlie\u00dflich auf den uns vom Eigent\u00fcmer \u00fcbermittelten Unterlagen und Informationen basieren. F\u00fcr Richtigkeit und Vollst\u00e4ndigkeit \u00fcbernehmen wir keine Gew\u00e4hr. Zwischenvermietung vorbehalten.<br \/>\n<div class=\"widget widget_immonex_user_defined_properties_widget\"><div class=\"immonex-widget immonex-widget-houzez\">\n\t\t<div class=\"immonex-widget-title clearfix\">\n\t\t<h2 class=\"widgettitle\">Energieeffizienz<\/h2>\t<\/div>\n\t\t<ul class=\"immonex-property-details row list-lined list-unstyled\">\n\t\t\t\t<li>\n\t\t\t<div class=\"list-lined-item w-100 d-flex justify-content-between py-2\">\n\t\t\t\t\t\t\t\t<strong class=\"property-details-label\">Energieausweis g\u00fcltig bis:<\/strong>&nbsp;<span class=\"property-details-value\">07.09.2028<\/span>\n\t\t\t\t\t\t\t<\/div>\n\t\t<\/li>\n\t\t\t\t<li>\n\t\t\t<div class=\"list-lined-item w-100 d-flex justify-content-between py-2\">\n\t\t\t\t\t\t\t\t<strong class=\"property-details-label\">Energieausweis-Ausstellungsdatum:<\/strong>&nbsp;<span class=\"property-details-value\">08.09.2018<\/span>\n\t\t\t\t\t\t\t<\/div>\n\t\t<\/li>\n\t\t\t\t<li>\n\t\t\t<div class=\"list-lined-item w-100 d-flex justify-content-between py-2\">\n\t\t\t\t\t\t\t\t<strong class=\"property-details-label\">Energieausweis-Jahrgang:<\/strong>&nbsp;<span class=\"property-details-value\">as from may 2014<\/span>\n\t\t\t\t\t\t\t<\/div>\n\t\t<\/li>\n\t\t\t<\/ul>\n<\/div><\/div><\/p>\n","protected":false},"excerpt":{"rendered":"<p>Bei der angebotenen Liegenschaft handelt es sich um ein attraktives und vielseitig nutzbares B\u00fcrogeb\u00e4ude. Die&#8230;<\/p>\n","protected":false},"author":1,"featured_media":166142,"parent":0,"menu_order":0,"template":"","property_type":[379],"property_status":[352],"property_feature":[],"property_label":[],"property_country":[353],"property_state":[],"property_city":[402],"property_area":[457],"class_list":["post-145409","property","type-property","status-publish","has-post-thumbnail","hentry","property_type-bueroflaechen","property_status-zu-vermieten","property_country-deutschland","property_city-muelheim-an-der-ruhr","property_area-stadtmitte"],"acf":[],"property_meta":{"_immonex_import_folder":["users\/RUHRREAL"],"_immonex_translation_id":["1740\/E2"],"_openimmo_obid":["9566B24B6D0B497C83F11640A3CEE4C7"],"_is_immonex_import_property":["1"],"_immonex_is_reference":[""],"rank_math_internal_links_processed":["1"],"_immonex_post_status":["updated"],"fave_property_map_address":["45468 M\u00fclheim an der Ruhr"],"fave_property_zip":["45468"],"fave_property_country":["DE"],"_immonex_lat":["51.4333214"],"_immonex_lng":["6.8885323"],"houzez_geolocation_lat":["51.4333214"],"houzez_geolocation_long":["6.8885323"],"fave_property_location":["51.4333214,6.8885323"],"fave_property_price":["9.90"],"fave_property_sec_price":["9.9000"],"fave_property_size":["500"],"fave_property_id":["1740\/E2"],"_fave_property_id":["1740\/E2"],"_immonex_iso_country":["DEU"],"_openimmo_anid":["0000"],"_immonex_group_number":["13"],"_immonex_group_id":[""],"_immonex_group_master":[""],"_immonex_import_meta":["a:6:{s:8:\"zip_file\";s:131:\"\/www\/htdocs\/w0172e0e\/ruhr-real_2024\/wp-content\/uploads\/immonex-openimmo-import\/users\/RUHRREAL\/Immowelt_estatePro_20250924175912.zip\";s:8:\"xml_file\";s:158:\"\/www\/htdocs\/w0172e0e\/ruhr-real_2024\/wp-content\/uploads\/immonex-openimmo-import\/immowelt_estatepro_20250924175912\/Homepage_2024_NEW_estatePro20250924175912.xml\";s:12:\"mapping_file\";s:116:\"\/www\/htdocs\/w0172e0e\/ruhr-real_2024\/wp-content\/uploads\/immonex-openimmo-import\/mappings\/houzez_ruhrreal_18122023.csv\";s:9:\"timestamp\";i:1758732060;s:4:\"date\";s:10:\"2025-09-24\";s:4:\"time\";s:8:\"18:41:00\";}"],"_immonex_is_sold":[""],"_immonex_is_reserved":[""],"_immonex_is_available":["1"],"_immonex_areabutler_url_with_address":[""],"_immonex_areabutler_url_no_address":[""],"_immonex_areabutler_url":[""],"additional_features":["a:15:{i:0;a:2:{s:29:\"fave_additional_feature_title\";s:14:\"Nettokaltmiete\";s:29:\"fave_additional_feature_value\";s:13:\"9,90&nbsp;\u20ac\";}i:1;a:2:{s:29:\"fave_additional_feature_title\";s:9:\"Kaltmiete\";s:29:\"fave_additional_feature_value\";s:13:\"9,90&nbsp;\u20ac\";}i:2;a:2:{s:29:\"fave_additional_feature_title\";s:29:\"monatl. Betriebs-\/Nebenkosten\";s:29:\"fave_additional_feature_value\";s:13:\"2,35&nbsp;\u20ac\";}i:3;a:2:{s:29:\"fave_additional_feature_title\";s:33:\"Heizkosten in Warmmiete enthalten\";s:29:\"fave_additional_feature_value\";s:4:\"nein\";}i:4;a:2:{s:29:\"fave_additional_feature_title\";s:32:\"Preise zuz\u00fcglich Mehrwertsteuer\";s:29:\"fave_additional_feature_value\";s:4:\"nein\";}i:5;a:2:{s:29:\"fave_additional_feature_title\";s:23:\"Netto-Kaltmiete pro m\u00b2\";s:29:\"fave_additional_feature_value\";s:13:\"9,90&nbsp;\u20ac\";}i:6;a:2:{s:29:\"fave_additional_feature_title\";s:16:\"K\u00e4uferprovision\";s:29:\"fave_additional_feature_value\";s:19:\"3 Nettomonatsmieten\";}i:7;a:2:{s:29:\"fave_additional_feature_title\";s:20:\"Hinweis zur Courtage\";s:29:\"fave_additional_feature_value\";s:137:\"Bei Vertr\u00e4gen bis zu zehnJahren Laufzeit ist ein Honorar von 3 Nettomonatsmieten f\u00e4llig. Hinzu kommt die jeweils g\u00fcltige Umsatzsteuer.\";}i:8;a:2:{s:29:\"fave_additional_feature_title\";s:10:\"MwSt.-Satz\";s:29:\"fave_additional_feature_value\";s:9:\"19&nbsp;%\";}i:9;a:2:{s:29:\"fave_additional_feature_title\";s:12:\"B\u00fcrofl\u00e4che\";s:29:\"fave_additional_feature_value\";s:12:\"500&nbsp;m\u00b2\";}i:10;a:2:{s:29:\"fave_additional_feature_title\";s:16:\"B\u00fcroteilfl\u00e4che\";s:29:\"fave_additional_feature_value\";s:12:\"500&nbsp;m\u00b2\";}i:11;a:2:{s:29:\"fave_additional_feature_title\";s:10:\"Teilbar ab\";s:29:\"fave_additional_feature_value\";s:12:\"500&nbsp;m\u00b2\";}i:12;a:2:{s:29:\"fave_additional_feature_title\";s:13:\"Stellplatzart\";s:29:\"fave_additional_feature_value\";s:21:\"Tiefgarage, Freiplatz\";}i:13;a:2:{s:29:\"fave_additional_feature_title\";s:7:\"Zustand\";s:29:\"fave_additional_feature_value\";s:8:\"gepflegt\";}i:14;a:2:{s:29:\"fave_additional_feature_title\";s:27:\"Immobilie ist verf\u00fcgbar ab\";s:29:\"fave_additional_feature_value\";s:17:\"nach Vereinbarung\";}}"],"fave_additional_features_enable":["enable"],"_immonex_custom_fields":["a:3:{s:26:\"Energieausweis g\u00fcltig bis\";a:5:{s:14:\"mapping_source\";s:41:\"zustand_angaben->energiepass->gueltig_bis\";s:4:\"name\";s:0:\"\";s:5:\"group\";s:5:\"epass\";s:5:\"value\";s:10:\"07.09.2028\";s:19:\"value_before_filter\";s:10:\"07.09.2028\";}s:32:\"Energieausweis-Ausstellungsdatum\";a:5:{s:14:\"mapping_source\";s:43:\"zustand_angaben->energiepass->ausstelldatum\";s:4:\"name\";s:0:\"\";s:5:\"group\";s:5:\"epass\";s:5:\"value\";s:10:\"08.09.2018\";s:19:\"value_before_filter\";s:10:\"2018-09-08\";}s:23:\"Energieausweis-Jahrgang\";a:5:{s:14:\"mapping_source\";s:38:\"zustand_angaben->energiepass->jahrgang\";s:4:\"name\";s:0:\"\";s:5:\"group\";s:5:\"epass\";s:5:\"value\";s:16:\"as from may 2014\";s:19:\"value_before_filter\";s:4:\"2014\";}}"],"_immonex_property_xml_source":["<?xml version=\"1.0\"?>\n<immobilie>\n<objektkategorie>\n<nutzungsart WOHNEN=\"false\" GEWERBE=\"true\"\/>\n<vermarktungsart KAUF=\"false\" MIETE_PACHT=\"true\"\/>\n<objektart>\n<buero_praxen buero_typ=\"BUEROHAUS\"\/>\n<\/objektart>\n<user_defined_simplefield\/>\n<\/objektkategorie>\n<geo>\n<plz>45468<\/plz>\n<ort>M&#xFC;lheim an der Ruhr<\/ort>\n<strasse>Am Hauptbahnhof<\/strasse>\n<hausnummer>4<\/hausnummer>\n<land iso_land=\"DEU\"\/>\n<lage_im_bau\/>\n<regionaler_zusatz>Stadtmitte<\/regionaler_zusatz>\n<\/geo>\n<kontaktperson>\n<email_zentrale>anfrage@ruhr-real.de<\/email_zentrale>\n<email_direkt>kruse@ruhr-real.de<\/email_direkt>\n<tel_durchw>+49 201 999963-33<\/tel_durchw>\n<tel_fax>+49 201 99 99 63 44<\/tel_fax>\n<tel_handy>+49 162 88 87 076<\/tel_handy>\n<name>Kruse<\/name>\n<vorname>Samuel<\/vorname>\n<anrede>Herr<\/anrede>\n<firma>RUHR REAL GmbH<\/firma>\n<strasse>Holsterhauser Platz<\/strasse>\n<hausnummer>2<\/hausnummer>\n<plz>45147<\/plz>\n<ort>Essen<\/ort>\n<adressfreigabe>true<\/adressfreigabe>\n<\/kontaktperson>\n<preise>\n<nettokaltmiete>9.90<\/nettokaltmiete>\n<kaltmiete>9.90<\/kaltmiete>\n<nebenkosten>2.35<\/nebenkosten>\n<heizkosten_enthalten>false<\/heizkosten_enthalten>\n<zzg_mehrwertsteuer>false<\/zzg_mehrwertsteuer>\n<preis_zeiteinheit\/>\n<mietpreis_pro_qm>9.9000<\/mietpreis_pro_qm>\n<provisionspflichtig>true<\/provisionspflichtig>\n<aussen_courtage mit_mwst=\"false\">3 Nettomonatsmieten<\/aussen_courtage>\n<courtage_hinweis>Bei Vertr&#xE4;gen bis zu zehnJahren Laufzeit ist ein Honorar von 3 Nettomonatsmieten f&#xE4;llig. Hinzu kommt die jeweils g&#xFC;ltige Umsatzsteuer.<\/courtage_hinweis>\n<waehrung iso_waehrung=\"EUR\"\/>\n<mwst_satz>19.00<\/mwst_satz>\n<stp_carport\/>\n<stp_duplex\/>\n<stp_freiplatz\/>\n<stp_garage\/>\n<stp_parkhaus\/>\n<stp_tiefgarage\/>\n<\/preise>\n<bieterverfahren\/>\n<versteigerung\/>\n<flaechen>\n<bueroflaeche>500<\/bueroflaeche>\n<bueroteilflaeche>500<\/bueroteilflaeche>\n<teilbar_ab>500<\/teilbar_ab>\n<anzahl_stellplaetze type=\"xsd:decimal\">105<\/anzahl_stellplaetze>\n<\/flaechen>\n<ausstattung>\n<bad\/>\n<kueche\/>\n<heizungsart\/>\n<befeuerung\/>\n<fahrstuhl\/>\n<stellplatzart FREIPLATZ=\"true\"\/>\n<stellplatzart TIEFGARAGE=\"true\"\/>\n<ausricht_balkon_terrasse\/>\n<angeschl_gastronomie\/>\n<sicherheitstechnik\/>\n<\/ausstattung>\n<zustand_angaben>\n<zustand zustand_art=\"GEPFLEGT\"\/>\n<energiepass>\n<gueltig_bis>07.09.2028<\/gueltig_bis>\n<ausstelldatum>2018-09-08<\/ausstelldatum>\n<jahrgang>2014<\/jahrgang>\n<\/energiepass>\n<\/zustand_angaben>\n<bewertung\/>\n<infrastruktur\/>\n<freitexte>\n<objekttitel>500 m&#xB2; moderne B&#xFC;rofl&#xE4;che direkt am Hauptbahnhof | Exklusiv &#xFC;ber RUHR REAL<\/objekttitel>\n<lage>Die Liegenschaft befindet sich in direkter Hauptbahnhofslage und vis-a-vis zum beliebten Hans-B&#xF6;ckler-Platz, welcher der Standort des Traditions-Einkaufszentrums \"Forum City M&#xFC;lheim\" ist. Durch seine zentrale Lage bietet das Objekt perfekte Werbem&#xF6;glichkeiten und eine hervorragende Infrastruktur. Die A40 ist innerhalb weniger Fahrminuten zu erreichen. &#xD6;PNV-Anbindungen befinden sich direkt an dem Objekt. Dar&#xFC;ber hinaus f&#xFC;hrt der erste Radschnellweg Deutschlands (RS1) direkt am Objekt vorbei.\n\nBedeutende Unternehmen in der B&#xFC;romarktzone: Deutsche Post, Sparda-Bank, Postbank, Siemens\n\nHotels in der Umgebung: Best Western Hotel, B&amp;B Hotel, Hotel K&#xF6;lner Hof, Hotel Handelshof<\/lage><ausstatt_beschr>&#x2022; Sonnenschutz: au&#xDF;enliegend, elektrisch\n&#x2022; Bodenbelag: nach Mieterwunsch\n&#x2022; Verkabelung: Glasfaser vorhanden\n&#x2022; Kabelf&#xFC;hrung: Hohlraumboden \/ Bodentanks\n&#x2022; Beleuchtung: Rasterleuchten\n&#x2022; Teek&#xFC;che: Anschl&#xFC;sse vorhanden \n&#x2022; Aufzug: 2 Personenaufz&#xFC;ge\n&#x2022; Barrierefreiheit: ebenerdiger Zugang\n\nDie Ausstattung kann bei Bedarf angepasst werden!<\/ausstatt_beschr>\n<objektbeschreibung>Bei der angebotenen Liegenschaft handelt es sich um ein attraktives und vielseitig nutzbares B&#xFC;rogeb&#xE4;ude. Die Konzeption des Geb&#xE4;udes, welche st&#xFC;tzenfrei funktioniert, l&#xE4;sst jegliche Raumkonzepte zu. Vom Open-Space bis hin zur Einzelverzimmerung k&#xF6;nnen jegliche Ausbauten Mieterwunsch entsprechend realisiert werden. Die vakanten Fl&#xE4;chen befinden sich in einem gepflegten und modernen Zustand.\nDie umlaufende Fensterfront, welche mit einem elektrischen Sonnenschutz versehen ist, sorgt f&#xFC;r einen lichtdurchfluteten Arbeitsplatz.\nDie Liegenschaft ist barrierefrei zug&#xE4;nglich. Jede Etage ist &#xFC;ber zwei Personenaufz&#xFC;ge erschlossen.\n\nZahlreiche KFZ-Stellpl&#xE4;tze stehen im Au&#xDF;enbereich zur Verf&#xFC;gung und k&#xF6;nnen separat angemietet werden. \n\nFolgende Fl&#xE4;chen stehen derzeit zur Disposition:\n\n1. OG: ca. 500 m&#xB2;<\/objektbeschreibung>\n<sonstige_angaben>Es gelten ausschlie&#xDF;lich unsere AGB (www.ruhr-real.de\/agb). Wir m&#xF6;chten Sie darauf hinweisen, dass die Angaben ausschlie&#xDF;lich auf den uns vom Eigent&#xFC;mer &#xFC;bermittelten Unterlagen und Informationen basieren. F&#xFC;r Richtigkeit und Vollst&#xE4;ndigkeit &#xFC;bernehmen wir keine Gew&#xE4;hr. Zwischenvermietung vorbehalten.<\/sonstige_angaben>\n<\/freitexte>\n<anhaenge>\n<anhang location=\"EXTERN\" gruppe=\"TITELBILD\">\n<anhangtitel>Geb&#xE4;ude<\/anhangtitel>\n<format>jpg<\/format>\n<daten>\n<pfad>8e2a66d7791d4f769397e7cadaa47d2b.jpg<\/pfad>\n<\/daten>\n<\/anhang>\n<anhang location=\"EXTERN\" gruppe=\"BILD\">\n<anhangtitel>Seitenansicht<\/anhangtitel>\n<format>jpg<\/format>\n<daten>\n<pfad>abf4a2416cad457dbe497a0b6d398c22.jpg<\/pfad>\n<\/daten>\n<\/anhang>\n<anhang location=\"EXTERN\" gruppe=\"BILD\">\n<anhangtitel>Eingang<\/anhangtitel>\n<format>jpg<\/format>\n<daten>\n<pfad>d231a163c6444ab3a5ccd0daa2070c81.jpg<\/pfad>\n<\/daten>\n<\/anhang>\n<anhang location=\"EXTERN\" gruppe=\"BILD\">\n<anhangtitel>Frontansicht<\/anhangtitel>\n<format>jpg<\/format>\n<daten>\n<pfad>ffcdcec6bab14037b2681c00094f3006.jpg<\/pfad>\n<\/daten>\n<\/anhang>\n<anhang location=\"EXTERN\" gruppe=\"GRUNDRISS\">\n<anhangtitel>EG<\/anhangtitel>\n<format>png<\/format>\n<daten>\n<pfad>a5c02a9c9d654bc29c27b70947c09027.png<\/pfad>\n<\/daten>\n<\/anhang>\n<anhang location=\"EXTERN\" gruppe=\"GRUNDRISS\">\n<anhangtitel>Musterplanung<\/anhangtitel>\n<format>png<\/format>\n<daten>\n<pfad>6d26bb42a72c4b60bd1100c4116c56d9.png<\/pfad>\n<\/daten>\n<\/anhang>\n<\/anhaenge>\n<verwaltung_objekt>\n<objektadresse_freigeben>false<\/objektadresse_freigeben>\n<verfuegbar_ab>nach Vereinbarung<\/verfuegbar_ab>\n<gruppennummer>13<\/gruppennummer>\n<geschlecht\/>\n<\/verwaltung_objekt>\n<verwaltung_techn>\n<objektnr_intern>9566B24B6D0B497C83F11640A3CEE4C7<\/objektnr_intern>\n<objektnr_extern>1740\/E2<\/objektnr_extern>\n<aktion aktionart=\"CHANGE\"\/>\n<openimmo_obid>9566B24B6D0B497C83F11640A3CEE4C7<\/openimmo_obid>\n<kennung_ursprung>estatePro V10.0.0.8<\/kennung_ursprung>\n<stand_vom>2025-09-24<\/stand_vom>\n<\/verwaltung_techn>\n<user_defined_simplefield feldname=\"Startseite\">Nein<\/user_defined_simplefield>\n<\/immobilie>\n"],"_immonex_energy_class":[""],"_immonex_energy_class_id":["0"],"_thumbnail_id":["166142"],"fave_property_images":["166142","166143","166144","166145"],"fave_floor_plans_enable":["enable"],"floor_plans":["a:2:{i:0;a:7:{s:15:\"fave_plan_title\";s:2:\"EG\";s:15:\"fave_plan_rooms\";s:0:\"\";s:19:\"fave_plan_bathrooms\";s:0:\"\";s:15:\"fave_plan_price\";s:0:\"\";s:14:\"fave_plan_size\";s:0:\"\";s:15:\"fave_plan_image\";s:84:\"https:\/\/ruhr-real.de\/wp-content\/uploads\/2025\/09\/a5c02a9c9d654bc29c27b70947c09027.png\";s:21:\"fave_plan_description\";s:0:\"\";}i:1;a:7:{s:15:\"fave_plan_title\";s:13:\"Musterplanung\";s:15:\"fave_plan_rooms\";s:0:\"\";s:19:\"fave_plan_bathrooms\";s:0:\"\";s:15:\"fave_plan_price\";s:0:\"\";s:14:\"fave_plan_size\";s:0:\"\";s:15:\"fave_plan_image\";s:84:\"https:\/\/ruhr-real.de\/wp-content\/uploads\/2025\/09\/6d26bb42a72c4b60bd1100c4116c56d9.png\";s:21:\"fave_plan_description\";s:0:\"\";}}"],"fave_prop_homeslider":["yes"],"fave_prop_slider_image":["166142"],"fave_agents":["152858"],"fave_agent_display_option":["agent_info"],"fave_single_top_area":["global"],"fave_single_content_area":["global"],"fave_property_map":["1"],"fave_property_map_street_view":["hide"],"fave_property_size_prefix":["m\u00b2"],"fave_property_land_postfix":["m\u00b2"],"fave_featured":["0"],"houzez_featured_listing_date":[""],"fave_property_price_postfix":["pro&nbsp;m\u00b2"],"fave_currency":["EUR"],"fave_currency_info":["a:8:{s:2:\"id\";s:1:\"1\";s:13:\"currency_name\";s:4:\"Euro\";s:13:\"currency_code\";s:3:\"EUR\";s:15:\"currency_symbol\";s:3:\"\u20ac\";s:17:\"currency_position\";s:5:\"after\";s:16:\"currency_decimal\";s:1:\"2\";s:26:\"currency_decimal_separator\";s:1:\",\";s:27:\"currency_thousand_separator\";s:1:\".\";}"],"houzez_total_property_views":["1029"],"houzez_views_by_date":["a:61:{s:10:\"02-27-2026\";i:6;s:10:\"02-28-2026\";i:4;s:10:\"03-01-2026\";i:4;s:10:\"03-02-2026\";i:4;s:10:\"03-03-2026\";i:4;s:10:\"03-04-2026\";i:4;s:10:\"03-05-2026\";i:6;s:10:\"03-06-2026\";i:4;s:10:\"03-07-2026\";i:4;s:10:\"03-08-2026\";i:6;s:10:\"03-09-2026\";i:4;s:10:\"03-10-2026\";i:4;s:10:\"03-11-2026\";i:6;s:10:\"03-12-2026\";i:5;s:10:\"03-13-2026\";i:5;s:10:\"03-14-2026\";i:4;s:10:\"03-15-2026\";i:4;s:10:\"03-16-2026\";i:2;s:10:\"03-17-2026\";i:9;s:10:\"03-18-2026\";i:6;s:10:\"03-19-2026\";i:4;s:10:\"03-20-2026\";i:6;s:10:\"03-21-2026\";i:4;s:10:\"03-22-2026\";i:4;s:10:\"03-23-2026\";i:4;s:10:\"03-24-2026\";i:4;s:10:\"03-25-2026\";i:5;s:10:\"03-26-2026\";i:6;s:10:\"03-27-2026\";i:4;s:10:\"03-28-2026\";i:4;s:10:\"03-29-2026\";i:4;s:10:\"03-30-2026\";i:6;s:10:\"03-31-2026\";i:4;s:10:\"04-01-2026\";i:13;s:10:\"04-02-2026\";i:8;s:10:\"04-03-2026\";i:8;s:10:\"04-04-2026\";i:8;s:10:\"04-05-2026\";i:8;s:10:\"04-06-2026\";i:8;s:10:\"04-07-2026\";i:10;s:10:\"04-08-2026\";i:8;s:10:\"04-09-2026\";i:8;s:10:\"04-10-2026\";i:8;s:10:\"04-11-2026\";i:6;s:10:\"04-12-2026\";i:8;s:10:\"04-13-2026\";i:8;s:10:\"04-14-2026\";i:8;s:10:\"04-15-2026\";i:8;s:10:\"04-16-2026\";i:8;s:10:\"04-17-2026\";i:8;s:10:\"04-18-2026\";i:8;s:10:\"04-19-2026\";i:8;s:10:\"04-20-2026\";i:8;s:10:\"04-21-2026\";i:8;s:10:\"04-22-2026\";i:8;s:10:\"04-23-2026\";i:8;s:10:\"04-24-2026\";i:8;s:10:\"04-25-2026\";i:8;s:10:\"04-26-2026\";i:8;s:10:\"04-27-2026\";i:8;s:10:\"04-28-2026\";i:6;}"],"houzez_recently_viewed":["2026-04-28 18:29:07"],"tp_widgets":["a:2:{s:7:\"widgets\";a:0:{}s:9:\"update_at\";s:10:\"1764682733\";}"],"_edit_last":["1"],"_elementor_page_assets":["a:0:{}"]},"_links":{"self":[{"href":"https:\/\/ruhr-real.de\/en\/wp-json\/wp\/v2\/properties\/145409","targetHints":{"allow":["GET"]}}],"collection":[{"href":"https:\/\/ruhr-real.de\/en\/wp-json\/wp\/v2\/properties"}],"about":[{"href":"https:\/\/ruhr-real.de\/en\/wp-json\/wp\/v2\/types\/property"}],"author":[{"embeddable":true,"href":"https:\/\/ruhr-real.de\/en\/wp-json\/wp\/v2\/users\/1"}],"version-history":[{"count":0,"href":"https:\/\/ruhr-real.de\/en\/wp-json\/wp\/v2\/properties\/145409\/revisions"}],"wp:featuredmedia":[{"embeddable":true,"href":"https:\/\/ruhr-real.de\/en\/wp-json\/wp\/v2\/media\/166142"}],"wp:attachment":[{"href":"https:\/\/ruhr-real.de\/en\/wp-json\/wp\/v2\/media?parent=145409"}],"wp:term":[{"taxonomy":"property_type","embeddable":true,"href":"https:\/\/ruhr-real.de\/en\/wp-json\/wp\/v2\/property_type?post=145409"},{"taxonomy":"property_status","embeddable":true,"href":"https:\/\/ruhr-real.de\/en\/wp-json\/wp\/v2\/property_status?post=145409"},{"taxonomy":"property_feature","embeddable":true,"href":"https:\/\/ruhr-real.de\/en\/wp-json\/wp\/v2\/property_feature?post=145409"},{"taxonomy":"property_label","embeddable":true,"href":"https:\/\/ruhr-real.de\/en\/wp-json\/wp\/v2\/property_label?post=145409"},{"taxonomy":"property_country","embeddable":true,"href":"https:\/\/ruhr-real.de\/en\/wp-json\/wp\/v2\/property_country?post=145409"},{"taxonomy":"property_state","embeddable":true,"href":"https:\/\/ruhr-real.de\/en\/wp-json\/wp\/v2\/property_state?post=145409"},{"taxonomy":"property_city","embeddable":true,"href":"https:\/\/ruhr-real.de\/en\/wp-json\/wp\/v2\/property_city?post=145409"},{"taxonomy":"property_area","embeddable":true,"href":"https:\/\/ruhr-real.de\/en\/wp-json\/wp\/v2\/property_area?post=145409"}],"curies":[{"name":"wp","href":"https:\/\/api.w.org\/{rel}","templated":true}]}}