{"id":145702,"date":"2026-04-10T00:01:56","date_gmt":"2026-04-09T22:01:56","guid":{"rendered":"https:\/\/ruhr-real.de\/objekt\/attraktiver-logistikneubau-in-emmerich-viele-rampen-gute-verkehrsanbindung-provisionsfrei\/"},"modified":"2026-04-10T16:16:56","modified_gmt":"2026-04-10T14:16:56","slug":"attraktiver-logistikneubau-in-emmerich-viele-rampen-gute-verkehrsanbindung-provisionsfrei","status":"publish","type":"property","link":"https:\/\/ruhr-real.de\/en\/objekt\/attraktiver-logistikneubau-in-emmerich-viele-rampen-gute-verkehrsanbindung-provisionsfrei\/","title":{"rendered":"Attraktiver Logistikneubau in Emmerich | viele Rampen | gute Verkehrsanbindung | PROVISIONSFREI"},"content":{"rendered":"<p>Dieser attraktive Logistikneubau besticht mit seiner vielseitigen Nutzbarkeit. Dem Nutzer stehen insgesamt 18 Rampen, davon 3 Jumbo-Rampen sowie 3 ebenerdige Tore zur Verf\u00fcgung. Die Hallenfl\u00e4che verf\u00fcgt \u00fcber eine H\u00f6he von 10,5 &#8211; 12,5 m UKB. Der Neubau ist teilbar und bietet bis zu ca. 25.000 m\u00b2 Logistikfl\u00e4che. Gelegen in Emmerich sind sowohl die Niederlande als auch Rheinland und Ruhrgebiet vorz\u00fcglich angebunden.<\/p>\n<p>Derzeit stehen folgende Fl\u00e4chen zur Verf\u00fcgung:<\/p>\n<p>Unit 1: 9.896 m\u00b2 Halle, 1.118 m\u00b2 Mezzanine, 358 m\u00b2 B\u00fcro<br \/>\nUnit 2: 7.003 m\u00b2 Halle, 557 m\u00b2 Mezzanine, 352 m\u00b2 B\u00fcro<br \/>\nUnit 3: 5.842 m\u00b2 Halle, 456 m\u00b2 Mezzanine, 302 m\u00b2 B\u00fcro<\/p>\n<p>Die Hallenfl\u00e4che befindet sich in Emmerich am Rhein direkt an der niederl\u00e4ndischen Grenze. Die naheliegende Autobahn A3 bindet sowohl die Niederlande als auch Rheinland und Ruhrgebiet an. Nahegelegen ist der Bahnhof Emmerich. In 45-60 Fahrminuten sind optional der Flughafen Weeze und der internationale Flughafen D\u00fcsseldorf angebunden. In der unmittelbaren Umgebung findet sich ein gastronomisches Angebot und Einkaufsm\u00f6glichkeiten des t\u00e4glichen Bedarfs.<\/p>\n<p>\u2022 Deckenh\u00f6he: 10,5 &#8211; 12,5 m UKB<br \/>\n\u2022 18 Rampen (davon 3 Jumbo-Rampen)<br \/>\n\u2022 2 ebenerdige Tore<br \/>\n\u2022 LED Beleuchtung<br \/>\n\u2022 viele Stellpl\u00e4tze<br \/>\n\u2022 Deckensprinklerung<\/p>\n<p>Es gelten ausschlie\u00dflich unsere AGB (www.ruhr-real.de\/agb). Da der Eigent\u00fcmer ausschlie\u00dflich Lager\/Logistik, Produktion und Light Industrial als Nutzung w\u00fcnscht, bitten wir Sie zu ber\u00fccksichtigen, dass Anfragen zu folgenden Nutzungen nicht bearbeitet werden k\u00f6nnen: Veranstaltungen\/Events, Gastronomie\/Vergn\u00fcgungsst\u00e4tten, religi\u00f6se Einrichtungen sowie Sport- und Spielst\u00e4tten. Wir m\u00f6chten Sie darauf hinweisen, dass die Angaben ausschlie\u00dflich auf den uns vom Eigent\u00fcmer \u00fcbermittelten Unterlagen und Informationen basieren. F\u00fcr Richtigkeit und Vollst\u00e4ndigkeit \u00fcbernehmen wir keine Gew\u00e4hr. Zwischenvermietung vorbehalten.<br \/>\n<div class=\"widget widget_immonex_user_defined_properties_widget\"><div class=\"immonex-widget immonex-widget-houzez\">\n\t\t<div class=\"immonex-widget-title clearfix\">\n\t\t<h2 class=\"widgettitle\">Energieeffizienz<\/h2>\t<\/div>\n\t\t<ul class=\"immonex-property-details row list-lined list-unstyled\">\n\t\t\t\t<li>\n\t\t\t<div class=\"list-lined-item w-100 d-flex justify-content-between py-2\">\n\t\t\t\t\t\t\t\t<strong class=\"property-details-label\">Energieausweis-Jahrgang:<\/strong>&nbsp;<span class=\"property-details-value\">not available<\/span>\n\t\t\t\t\t\t\t<\/div>\n\t\t<\/li>\n\t\t\t<\/ul>\n<\/div><\/div><\/p>\n","protected":false},"excerpt":{"rendered":"<p>Dieser attraktive Logistikneubau besticht mit seiner vielseitigen Nutzbarkeit. Dem Nutzer stehen insgesamt 18 Rampen,&#8230;<\/p>\n","protected":false},"author":1,"featured_media":187495,"parent":0,"menu_order":0,"template":"","property_type":[380],"property_status":[352],"property_feature":[],"property_label":[],"property_country":[353],"property_state":[],"property_city":[416],"property_area":[],"class_list":["post-145702","property","type-property","status-publish","has-post-thumbnail","hentry","property_type-lager-und-produktionsflaechen","property_status-zu-vermieten","property_country-deutschland","property_city-emmerich"],"acf":[],"property_meta":{"_immonex_import_folder":["users\/RUHRREAL"],"_immonex_translation_id":["2167\/E3"],"_openimmo_obid":["19699F6BA73A4719ABDE2ADB98B24D4F"],"_is_immonex_import_property":["1"],"_immonex_is_reference":[""],"rank_math_internal_links_processed":["1"],"copied_media_ids":["a:0:{}"],"referenced_media_ids":["a:0:{}"],"_immonex_post_status":["updated"],"fave_property_map_address":["46446 Emmerich"],"fave_property_zip":["46446"],"fave_property_country":["DE"],"_immonex_lat":["51.8372608"],"_immonex_lng":["6.2546203"],"houzez_geolocation_lat":["51.8372608"],"houzez_geolocation_long":["6.2546203"],"fave_property_location":["51.8372608,6.2546203"],"fave_property_price":["6.60"],"fave_property_sec_price":["6.6000"],"fave_property_size":["6600"],"fave_property_year":["Neubau"],"fave_property_id":["2167\/E3"],"_fave_property_id":["2167\/E3"],"_immonex_iso_country":["DEU"],"_openimmo_anid":["0000"],"_immonex_group_number":[""],"_immonex_group_id":[""],"_immonex_group_master":[""],"_immonex_import_meta":["a:6:{s:8:\"zip_file\";s:131:\"\/www\/htdocs\/w0172e0e\/ruhr-real_2024\/wp-content\/uploads\/immonex-openimmo-import\/users\/RUHRREAL\/Immowelt_estatePro_20260410161557.zip\";s:8:\"xml_file\";s:158:\"\/www\/htdocs\/w0172e0e\/ruhr-real_2024\/wp-content\/uploads\/immonex-openimmo-import\/immowelt_estatepro_20260410161557\/Homepage_2024_NEW_estatePro20260410161557.xml\";s:12:\"mapping_file\";s:116:\"\/www\/htdocs\/w0172e0e\/ruhr-real_2024\/wp-content\/uploads\/immonex-openimmo-import\/mappings\/houzez_ruhrreal_20260325.csv\";s:9:\"timestamp\";i:1775830616;s:4:\"date\";s:10:\"2026-04-10\";s:4:\"time\";s:8:\"16:16:56\";}"],"_immonex_is_sold":[""],"_immonex_is_reserved":[""],"_immonex_is_available":["1"],"_immonex_areabutler_url_with_address":[""],"_immonex_areabutler_url_no_address":[""],"_immonex_areabutler_url":[""],"additional_features":["a:14:{i:0;a:2:{s:29:\"fave_additional_feature_title\";s:14:\"Nettokaltmiete\";s:29:\"fave_additional_feature_value\";s:13:\"6,60&nbsp;\u20ac\";}i:1;a:2:{s:29:\"fave_additional_feature_title\";s:9:\"Kaltmiete\";s:29:\"fave_additional_feature_value\";s:13:\"6,60&nbsp;\u20ac\";}i:2;a:2:{s:29:\"fave_additional_feature_title\";s:33:\"Heizkosten in Warmmiete enthalten\";s:29:\"fave_additional_feature_value\";s:4:\"nein\";}i:3;a:2:{s:29:\"fave_additional_feature_title\";s:32:\"Preise zuz\u00fcglich Mehrwertsteuer\";s:29:\"fave_additional_feature_value\";s:4:\"nein\";}i:4;a:2:{s:29:\"fave_additional_feature_title\";s:23:\"Netto-Kaltmiete pro m\u00b2\";s:29:\"fave_additional_feature_value\";s:13:\"6,60&nbsp;\u20ac\";}i:5;a:2:{s:29:\"fave_additional_feature_title\";s:10:\"MwSt.-Satz\";s:29:\"fave_additional_feature_value\";s:9:\"19&nbsp;%\";}i:6;a:2:{s:29:\"fave_additional_feature_title\";s:13:\"Gesamtfl\u00e4che\";s:29:\"fave_additional_feature_value\";s:14:\"6.600&nbsp;m\u00b2\";}i:7;a:2:{s:29:\"fave_additional_feature_title\";s:12:\"Lagerfl\u00e4che\";s:29:\"fave_additional_feature_value\";s:14:\"6.298&nbsp;m\u00b2\";}i:8;a:2:{s:29:\"fave_additional_feature_title\";s:12:\"B\u00fcrofl\u00e4che\";s:29:\"fave_additional_feature_value\";s:12:\"302&nbsp;m\u00b2\";}i:9;a:2:{s:29:\"fave_additional_feature_title\";s:16:\"B\u00fcroteilfl\u00e4che\";s:29:\"fave_additional_feature_value\";s:12:\"302&nbsp;m\u00b2\";}i:10;a:2:{s:29:\"fave_additional_feature_title\";s:10:\"Teilbar ab\";s:29:\"fave_additional_feature_value\";s:14:\"5.842&nbsp;m\u00b2\";}i:11;a:2:{s:29:\"fave_additional_feature_title\";s:13:\"Stellplatzart\";s:29:\"fave_additional_feature_value\";s:9:\"Freiplatz\";}i:12;a:2:{s:29:\"fave_additional_feature_title\";s:7:\"Zustand\";s:29:\"fave_additional_feature_value\";s:9:\"Erstbezug\";}i:13;a:2:{s:29:\"fave_additional_feature_title\";s:27:\"Immobilie ist verf\u00fcgbar ab\";s:29:\"fave_additional_feature_value\";s:7:\"Q1\/2026\";}}"],"fave_additional_features_enable":["enable"],"_immonex_custom_fields":["a:1:{s:23:\"Energieausweis-Jahrgang\";a:5:{s:14:\"mapping_source\";s:38:\"zustand_angaben->energiepass->jahrgang\";s:4:\"name\";s:0:\"\";s:5:\"group\";s:5:\"epass\";s:5:\"value\";s:13:\"not available\";s:19:\"value_before_filter\";s:4:\"ohne\";}}"],"_immonex_property_xml_source":["<?xml version=\"1.0\"?>\n<immobilie>\n<objektkategorie>\n<nutzungsart WOHNEN=\"false\" GEWERBE=\"true\"\/>\n<vermarktungsart KAUF=\"false\" MIETE_PACHT=\"true\"\/>\n<objektart>\n<hallen_lager_prod hallen_typ=\"LAGERFLAECHEN\"\/>\n<\/objektart>\n<user_defined_simplefield\/>\n<\/objektkategorie>\n<geo>\n<plz>46446<\/plz>\n<ort>Emmerich<\/ort>\n<strasse>Georg-Elser-Stra&#xDF;e<\/strasse>\n<hausnummer>7<\/hausnummer>\n<land iso_land=\"DEU\"\/>\n<lage_im_bau\/>\n<\/geo>\n<kontaktperson>\n<email_zentrale>anfrage@ruhr-real.de<\/email_zentrale>\n<email_direkt>degenhardt@ruhr-real.de<\/email_direkt>\n<tel_zentrale>+49 221 273229-0<\/tel_zentrale>\n<tel_durchw>+49 201 99996336<\/tel_durchw>\n<tel_fax>+49 201 99996344<\/tel_fax>\n<tel_handy>+49 162 4398000<\/tel_handy>\n<name>Degenhardt<\/name>\n<vorname>Marius<\/vorname>\n<anrede>Herr<\/anrede>\n<firma>RUHR REAL WEST GmbH<\/firma>\n<strasse>Bonner Stra&#xDF;e<\/strasse>\n<hausnummer>326<\/hausnummer>\n<plz>50968<\/plz>\n<ort>K&#xF6;ln<\/ort>\n<adressfreigabe>true<\/adressfreigabe>\n<\/kontaktperson>\n<preise>\n<nettokaltmiete>6.60<\/nettokaltmiete>\n<kaltmiete>6.60<\/kaltmiete>\n<heizkosten_enthalten>false<\/heizkosten_enthalten>\n<zzg_mehrwertsteuer>false<\/zzg_mehrwertsteuer>\n<preis_zeiteinheit\/>\n<mietpreis_pro_qm>6.6000<\/mietpreis_pro_qm>\n<provisionspflichtig>false<\/provisionspflichtig>\n<aussen_courtage mit_mwst=\"false\"\/>\n<waehrung iso_waehrung=\"EUR\"\/>\n<mwst_satz>19.00<\/mwst_satz>\n<stp_carport\/>\n<stp_duplex\/>\n<stp_freiplatz\/>\n<stp_garage\/>\n<stp_parkhaus\/>\n<stp_tiefgarage\/>\n<\/preise>\n<bieterverfahren\/>\n<versteigerung\/>\n<flaechen>\n<gesamtflaeche>6600<\/gesamtflaeche>\n<lagerflaeche>6298<\/lagerflaeche>\n<bueroflaeche>302<\/bueroflaeche>\n<bueroteilflaeche>302<\/bueroteilflaeche>\n<teilbar_ab>5842<\/teilbar_ab>\n<anzahl_stellplaetze type=\"xsd:decimal\">56<\/anzahl_stellplaetze>\n<\/flaechen>\n<ausstattung>\n<bad\/>\n<kueche\/>\n<heizungsart\/>\n<befeuerung\/>\n<fahrstuhl\/>\n<stellplatzart FREIPLATZ=\"true\"\/>\n<ausricht_balkon_terrasse\/>\n<angeschl_gastronomie\/>\n<sicherheitstechnik\/>\n<\/ausstattung>\n<zustand_angaben>\n<baujahr>Neubau<\/baujahr>\n<zustand zustand_art=\"ERSTBEZUG\"\/>\n<energiepass>\n<jahrgang>ohne<\/jahrgang>\n<\/energiepass>\n<\/zustand_angaben>\n<bewertung\/>\n<infrastruktur\/>\n<freitexte>\n<objekttitel>Attraktiver Logistikneubau in Emmerich | viele Rampen | gute Verkehrsanbindung | PROVISIONSFREI<\/objekttitel>\n<lage>Die Hallenfl&#xE4;che befindet sich in Emmerich am Rhein direkt an der niederl&#xE4;ndischen Grenze. Die naheliegende Autobahn A3 bindet sowohl die Niederlande als auch Rheinland und Ruhrgebiet an. Nahegelegen ist der Bahnhof Emmerich. In 45-60 Fahrminuten sind optional der Flughafen Weeze und der internationale Flughafen D&#xFC;sseldorf angebunden. In der unmittelbaren Umgebung findet sich ein gastronomisches Angebot und Einkaufsm&#xF6;glichkeiten des t&#xE4;glichen Bedarfs.<\/lage>\n<ausstatt_beschr>&#x2022; Deckenh&#xF6;he: 10,5 - 12,5 m UKB\n&#x2022; 18 Rampen (davon 3 Jumbo-Rampen)\n&#x2022; 2 ebenerdige Tore\n&#x2022; LED Beleuchtung\n&#x2022; viele Stellpl&#xE4;tze\n&#x2022; Deckensprinklerung<\/ausstatt_beschr>\n<objektbeschreibung>Dieser attraktive Logistikneubau besticht mit seiner vielseitigen Nutzbarkeit. Dem Nutzer stehen insgesamt 18 Rampen, davon 3 Jumbo-Rampen sowie 3 ebenerdige Tore zur Verf&#xFC;gung. Die Hallenfl&#xE4;che verf&#xFC;gt &#xFC;ber eine H&#xF6;he von 10,5 - 12,5 m UKB. Der Neubau ist teilbar und bietet bis zu ca. 25.000 m&#xB2; Logistikfl&#xE4;che. Gelegen in Emmerich sind sowohl die Niederlande als auch Rheinland und Ruhrgebiet vorz&#xFC;glich angebunden.\n\nDerzeit stehen folgende Fl&#xE4;chen zur Verf&#xFC;gung:\n\nUnit 1: 9.896 m&#xB2; Halle, 1.118 m&#xB2; Mezzanine, 358 m&#xB2; B&#xFC;ro\nUnit 2: 7.003 m&#xB2; Halle, 557 m&#xB2; Mezzanine, 352 m&#xB2; B&#xFC;ro\nUnit 3: 5.842 m&#xB2; Halle, 456 m&#xB2; Mezzanine, 302 m&#xB2; B&#xFC;ro<\/objektbeschreibung>\n<sonstige_angaben>Es gelten ausschlie&#xDF;lich unsere AGB (www.ruhr-real.de\/agb). Da der Eigent&#xFC;mer ausschlie&#xDF;lich Lager\/Logistik, Produktion und Light Industrial als Nutzung w&#xFC;nscht, bitten wir Sie zu ber&#xFC;cksichtigen, dass Anfragen zu folgenden Nutzungen nicht bearbeitet werden k&#xF6;nnen: Veranstaltungen\/Events, Gastronomie\/Vergn&#xFC;gungsst&#xE4;tten, religi&#xF6;se Einrichtungen sowie Sport- und Spielst&#xE4;tten. Wir m&#xF6;chten Sie darauf hinweisen, dass die Angaben ausschlie&#xDF;lich auf den uns vom Eigent&#xFC;mer &#xFC;bermittelten Unterlagen und Informationen basieren. F&#xFC;r Richtigkeit und Vollst&#xE4;ndigkeit &#xFC;bernehmen wir keine Gew&#xE4;hr. Zwischenvermietung vorbehalten.<\/sonstige_angaben><\/freitexte>\n<anhaenge>\n<anhang location=\"EXTERN\" gruppe=\"TITELBILD\">\n<anhangtitel>Titelbild<\/anhangtitel>\n<format>PNG<\/format>\n<daten>\n<pfad>c8bd5352d75b4343bc5f7ffe8d2fae69.PNG<\/pfad>\n<\/daten>\n<\/anhang>\n<anhang location=\"EXTERN\" gruppe=\"BILD\">\n<anhangtitel>Visualisierung<\/anhangtitel>\n<format>JPG<\/format>\n<daten>\n<pfad>b4c0c1d9678640edaf44ede27a9a925e.JPG<\/pfad>\n<\/daten>\n<\/anhang>\n<\/anhaenge>\n<verwaltung_objekt>\n<objektadresse_freigeben>false<\/objektadresse_freigeben>\n<verfuegbar_ab>Q1\/2026<\/verfuegbar_ab>\n<geschlecht\/>\n<\/verwaltung_objekt>\n<verwaltung_techn>\n<objektnr_intern>19699F6BA73A4719ABDE2ADB98B24D4F<\/objektnr_intern>\n<objektnr_extern>2167\/E3<\/objektnr_extern>\n<aktion aktionart=\"CHANGE\"\/>\n<openimmo_obid>19699F6BA73A4719ABDE2ADB98B24D4F<\/openimmo_obid>\n<kennung_ursprung>estatePro V10.0.0.8<\/kennung_ursprung>\n<stand_vom>2026-04-10<\/stand_vom>\n<\/verwaltung_techn>\n<user_defined_simplefield feldname=\"Startseite\">Nein<\/user_defined_simplefield>\n<\/immobilie>\n"],"_immonex_energy_class":[""],"_immonex_energy_class_id":["0"],"_thumbnail_id":["187495"],"fave_property_images":["187495","187496"],"fave_floor_plans_enable":["disable"],"fave_prop_homeslider":["yes"],"fave_prop_slider_image":["187495"],"fave_agents":["112643"],"fave_agent_display_option":["agent_info"],"fave_single_top_area":["global"],"fave_single_content_area":["global"],"fave_property_map":["1"],"fave_property_map_street_view":["hide"],"fave_property_size_prefix":["m\u00b2"],"fave_property_land_postfix":["m\u00b2"],"fave_featured":["0"],"houzez_featured_listing_date":[""],"fave_property_price_postfix":["pro&nbsp;m\u00b2"],"fave_currency":["EUR"],"fave_currency_info":["a:8:{s:2:\"id\";s:1:\"1\";s:13:\"currency_name\";s:4:\"Euro\";s:13:\"currency_code\";s:3:\"EUR\";s:15:\"currency_symbol\";s:3:\"\u20ac\";s:17:\"currency_position\";s:5:\"after\";s:16:\"currency_decimal\";s:1:\"2\";s:26:\"currency_decimal_separator\";s:1:\",\";s:27:\"currency_thousand_separator\";s:1:\".\";}"],"_wpml_word_count":["356"],"houzez_total_property_views":["159"],"houzez_views_by_date":["a:20:{s:10:\"04-10-2026\";i:4;s:10:\"04-11-2026\";i:8;s:10:\"04-12-2026\";i:8;s:10:\"04-13-2026\";i:8;s:10:\"04-14-2026\";i:8;s:10:\"04-15-2026\";i:8;s:10:\"04-16-2026\";i:8;s:10:\"04-17-2026\";i:8;s:10:\"04-18-2026\";i:8;s:10:\"04-19-2026\";i:8;s:10:\"04-20-2026\";i:8;s:10:\"04-21-2026\";i:8;s:10:\"04-22-2026\";i:8;s:10:\"04-23-2026\";i:10;s:10:\"04-24-2026\";i:10;s:10:\"04-25-2026\";i:8;s:10:\"04-26-2026\";i:8;s:10:\"04-27-2026\";i:8;s:10:\"04-28-2026\";i:8;s:10:\"04-29-2026\";i:7;}"],"houzez_recently_viewed":["2026-04-29 14:10:51"],"_elementor_page_assets":["a:0:{}"]},"_links":{"self":[{"href":"https:\/\/ruhr-real.de\/en\/wp-json\/wp\/v2\/properties\/145702","targetHints":{"allow":["GET"]}}],"collection":[{"href":"https:\/\/ruhr-real.de\/en\/wp-json\/wp\/v2\/properties"}],"about":[{"href":"https:\/\/ruhr-real.de\/en\/wp-json\/wp\/v2\/types\/property"}],"author":[{"embeddable":true,"href":"https:\/\/ruhr-real.de\/en\/wp-json\/wp\/v2\/users\/1"}],"version-history":[{"count":0,"href":"https:\/\/ruhr-real.de\/en\/wp-json\/wp\/v2\/properties\/145702\/revisions"}],"wp:featuredmedia":[{"embeddable":true,"href":"https:\/\/ruhr-real.de\/en\/wp-json\/wp\/v2\/media\/187495"}],"wp:attachment":[{"href":"https:\/\/ruhr-real.de\/en\/wp-json\/wp\/v2\/media?parent=145702"}],"wp:term":[{"taxonomy":"property_type","embeddable":true,"href":"https:\/\/ruhr-real.de\/en\/wp-json\/wp\/v2\/property_type?post=145702"},{"taxonomy":"property_status","embeddable":true,"href":"https:\/\/ruhr-real.de\/en\/wp-json\/wp\/v2\/property_status?post=145702"},{"taxonomy":"property_feature","embeddable":true,"href":"https:\/\/ruhr-real.de\/en\/wp-json\/wp\/v2\/property_feature?post=145702"},{"taxonomy":"property_label","embeddable":true,"href":"https:\/\/ruhr-real.de\/en\/wp-json\/wp\/v2\/property_label?post=145702"},{"taxonomy":"property_country","embeddable":true,"href":"https:\/\/ruhr-real.de\/en\/wp-json\/wp\/v2\/property_country?post=145702"},{"taxonomy":"property_state","embeddable":true,"href":"https:\/\/ruhr-real.de\/en\/wp-json\/wp\/v2\/property_state?post=145702"},{"taxonomy":"property_city","embeddable":true,"href":"https:\/\/ruhr-real.de\/en\/wp-json\/wp\/v2\/property_city?post=145702"},{"taxonomy":"property_area","embeddable":true,"href":"https:\/\/ruhr-real.de\/en\/wp-json\/wp\/v2\/property_area?post=145702"}],"curies":[{"name":"wp","href":"https:\/\/api.w.org\/{rel}","templated":true}]}}