{"id":147774,"date":"2025-12-02T00:01:05","date_gmt":"2025-12-01T23:01:05","guid":{"rendered":"https:\/\/ruhr-real.de\/objekt\/ihr-neues-buero-in-der-oberhausener-city-ausbau-nach-wunsch-sehr-gute-anbindung\/"},"modified":"2025-12-02T16:35:05","modified_gmt":"2025-12-02T15:35:05","slug":"ihr-neues-buero-in-der-oberhausener-city-ausbau-nach-wunsch-sehr-gute-anbindung","status":"publish","type":"property","link":"https:\/\/ruhr-real.de\/en\/objekt\/ihr-neues-buero-in-der-oberhausener-city-ausbau-nach-wunsch-sehr-gute-anbindung\/","title":{"rendered":"Ihr neues B\u00fcro in der Oberhausener City | Ausbau nach Wunsch | sehr gute Anbindung"},"content":{"rendered":"<p>Die angebotenen B\u00fcror\u00e4ume k\u00f6nnen im aktuellen Zustand oder alternativ nach Renovierung (wie bspw. im 1. OG) bezogen werden.<br \/>\nDie Raumaufteilung ist flexibel zu gestalten. Ferner bietet die Fl\u00e4che sehr simpel die M\u00f6glichkeit f\u00fcr ein einladendes und warmes Ambiente.<\/p>\n<p>Derzeit stehen die folgenden Fl\u00e4chen zur Disposition:<\/p>\n<p>1. OG: ca. 157 m\u00b2<br \/>\n1. OG: ca. 145 m\u00b2<br \/>\n1. OG: ca. 646 m\u00b2<br \/>\n2. OG: ca. 169 m\u00b2<\/p>\n<p>Das Gesch\u00e4ftsgeb\u00e4ude ist in der N\u00e4he des Oberhausener Hbf situiert und verf\u00fcgt \u00fcber einen guten Anschluss an das \u00d6PNV-Netz. Die B223 und A40 sind nur wenige Fahrminuten enternt und sorgen f\u00fcr eine schnelle Anbindung an das Autobahnnetz. Dar\u00fcber hinaus sind Gesch\u00e4fte des t\u00e4glichen Bedarfs fu\u00dfl\u00e4ufig erreichbar.<\/p>\n<p>Bedeutende Unternehmen in der Umgebung: VdK Kreisverband Rhein-Ruhr, WAZ<\/p>\n<p>Hotels in der Umgebung: Hotel Residenz, Hotel NH, Holiday Inn Express<\/p>\n<p>\u2022 Bodenbelag: nach Vereinbarung<br \/>\n\u2022 EDV-Verkabelung vorhanden<br \/>\n\u2022 Kabelf\u00fchrung: Kabelkan\u00e4le<br \/>\n\u2022 Beleuchtung: nach Vereinbarung<br \/>\n\u2022 Teek\u00fcche: Anschluss vorhanden<br \/>\n\u2022 Personenaufzug vorhanden<br \/>\n\u2022 Barrierearm: barrierefreier Zugang<\/p>\n<p>Die Ausstattung kann bei Bedarf angepasst werden!<\/p>\n<p>Es gelten ausschlie\u00dflich unsere AGB (www.ruhr-real.de\/agb). Wir m\u00f6chten Sie darauf hinweisen, dass die Angaben ausschlie\u00dflich auf den uns vom Eigent\u00fcmer \u00fcbermittelten Unterlagen und Informationen basieren. F\u00fcr Richtigkeit und Vollst\u00e4ndigkeit \u00fcbernehmen wir keine Gew\u00e4hr. Zwischenvermietung vorbehalten.<br \/>\n<div class=\"widget widget_immonex_user_defined_properties_widget\"><div class=\"immonex-widget immonex-widget-houzez\">\n\t\t<div class=\"immonex-widget-title clearfix\">\n\t\t<h2 class=\"widgettitle\">Energieeffizienz<\/h2>\t<\/div>\n\t\t<ul class=\"immonex-property-details row list-lined list-unstyled\">\n\t\t\t\t<li>\n\t\t\t<div class=\"list-lined-item w-100 d-flex justify-content-between py-2\">\n\t\t\t\t\t\t\t\t<strong class=\"property-details-label\">Energieausweis-Jahrgang:<\/strong>&nbsp;<span class=\"property-details-value\">not available<\/span>\n\t\t\t\t\t\t\t<\/div>\n\t\t<\/li>\n\t\t\t<\/ul>\n<\/div><\/div><\/p>\n","protected":false},"excerpt":{"rendered":"<p>Die angebotenen B\u00fcror\u00e4ume k\u00f6nnen im aktuellen Zustand oder alternativ nach Renovierung (wie bspw. im 1. OG) bezogen&#8230;<\/p>\n","protected":false},"author":1,"featured_media":174315,"parent":0,"menu_order":0,"template":"","property_type":[379],"property_status":[352],"property_feature":[537,354,350],"property_label":[],"property_country":[353],"property_state":[],"property_city":[339],"property_area":[],"class_list":["post-147774","property","type-property","status-publish","has-post-thumbnail","hentry","property_type-bueroflaechen","property_status-zu-vermieten","property_feature-gewerbliche-nutzung-moeglich","property_feature-personenaufzug","property_feature-raeume-veraenderbar","property_country-deutschland","property_city-oberhausen"],"acf":[],"property_meta":{"_immonex_import_folder":["users\/RUHRREAL"],"_immonex_translation_id":["3964\/E3"],"_openimmo_obid":["657AA3CAB00F46C28EC44C064EB783E1"],"_is_immonex_import_property":["1"],"_immonex_is_reference":[""],"rank_math_internal_links_processed":["1"],"_immonex_post_status":["updated"],"fave_property_map_address":["46045 Oberhausen"],"fave_property_zip":["46045"],"fave_property_country":["DE"],"_immonex_lat":["51.4749062"],"_immonex_lng":["6.8516806"],"houzez_geolocation_lat":["51.4749062"],"houzez_geolocation_long":["6.8516806"],"fave_property_location":["51.4749062,6.8516806"],"fave_property_price":["7.00"],"fave_property_sec_price":["7.0000"],"fave_property_size":["164"],"fave_property_id":["3964\/E3"],"_fave_property_id":["3964\/E3"],"_immonex_iso_country":["DEU"],"_openimmo_anid":["0000"],"_immonex_group_number":[""],"_immonex_group_id":[""],"_immonex_group_master":[""],"_immonex_import_meta":["a:6:{s:8:\"zip_file\";s:131:\"\/www\/htdocs\/w0172e0e\/ruhr-real_2024\/wp-content\/uploads\/immonex-openimmo-import\/users\/RUHRREAL\/Immowelt_estatePro_20251202163343.zip\";s:8:\"xml_file\";s:158:\"\/www\/htdocs\/w0172e0e\/ruhr-real_2024\/wp-content\/uploads\/immonex-openimmo-import\/immowelt_estatepro_20251202163343\/Homepage_2024_NEW_estatePro20251202163343.xml\";s:12:\"mapping_file\";s:116:\"\/www\/htdocs\/w0172e0e\/ruhr-real_2024\/wp-content\/uploads\/immonex-openimmo-import\/mappings\/houzez_ruhrreal_18122023.csv\";s:9:\"timestamp\";i:1764689743;s:4:\"date\";s:10:\"2025-12-02\";s:4:\"time\";s:8:\"16:35:43\";}"],"_immonex_is_sold":[""],"_immonex_is_reserved":[""],"_immonex_is_available":["1"],"_immonex_areabutler_url_with_address":[""],"_immonex_areabutler_url_no_address":[""],"_immonex_areabutler_url":[""],"additional_features":["a:15:{i:0;a:2:{s:29:\"fave_additional_feature_title\";s:11:\"Heizungsart\";s:29:\"fave_additional_feature_value\";s:11:\"Fernheizung\";}i:1;a:2:{s:29:\"fave_additional_feature_title\";s:14:\"Nettokaltmiete\";s:29:\"fave_additional_feature_value\";s:10:\"7&nbsp;\u20ac\";}i:2;a:2:{s:29:\"fave_additional_feature_title\";s:9:\"Kaltmiete\";s:29:\"fave_additional_feature_value\";s:10:\"7&nbsp;\u20ac\";}i:3;a:2:{s:29:\"fave_additional_feature_title\";s:29:\"monatl. Betriebs-\/Nebenkosten\";s:29:\"fave_additional_feature_value\";s:10:\"3&nbsp;\u20ac\";}i:4;a:2:{s:29:\"fave_additional_feature_title\";s:33:\"Heizkosten in Warmmiete enthalten\";s:29:\"fave_additional_feature_value\";s:4:\"nein\";}i:5;a:2:{s:29:\"fave_additional_feature_title\";s:32:\"Preise zuz\u00fcglich Mehrwertsteuer\";s:29:\"fave_additional_feature_value\";s:4:\"nein\";}i:6;a:2:{s:29:\"fave_additional_feature_title\";s:23:\"Netto-Kaltmiete pro m\u00b2\";s:29:\"fave_additional_feature_value\";s:10:\"7&nbsp;\u20ac\";}i:7;a:2:{s:29:\"fave_additional_feature_title\";s:10:\"MwSt.-Satz\";s:29:\"fave_additional_feature_value\";s:9:\"19&nbsp;%\";}i:8;a:2:{s:29:\"fave_additional_feature_title\";s:12:\"B\u00fcrofl\u00e4che\";s:29:\"fave_additional_feature_value\";s:12:\"164&nbsp;m\u00b2\";}i:9;a:2:{s:29:\"fave_additional_feature_title\";s:16:\"B\u00fcroteilfl\u00e4che\";s:29:\"fave_additional_feature_value\";s:12:\"164&nbsp;m\u00b2\";}i:10;a:2:{s:29:\"fave_additional_feature_title\";s:10:\"Teilbar ab\";s:29:\"fave_additional_feature_value\";s:12:\"164&nbsp;m\u00b2\";}i:11;a:2:{s:29:\"fave_additional_feature_title\";s:19:\"Art der Ausstattung\";s:29:\"fave_additional_feature_value\";s:8:\"Standard\";}i:12;a:2:{s:29:\"fave_additional_feature_title\";s:13:\"Stellplatzart\";s:29:\"fave_additional_feature_value\";s:9:\"Freiplatz\";}i:13;a:2:{s:29:\"fave_additional_feature_title\";s:7:\"Zustand\";s:29:\"fave_additional_feature_value\";s:8:\"gepflegt\";}i:14;a:2:{s:29:\"fave_additional_feature_title\";s:27:\"Immobilie ist verf\u00fcgbar ab\";s:29:\"fave_additional_feature_value\";s:17:\"nach Vereinbarung\";}}"],"fave_additional_features_enable":["enable"],"_immonex_custom_fields":["a:1:{s:23:\"Energieausweis-Jahrgang\";a:5:{s:14:\"mapping_source\";s:38:\"zustand_angaben->energiepass->jahrgang\";s:4:\"name\";s:0:\"\";s:5:\"group\";s:5:\"epass\";s:5:\"value\";s:13:\"not available\";s:19:\"value_before_filter\";s:4:\"ohne\";}}"],"_immonex_property_xml_source":["<?xml version=\"1.0\"?>\n<immobilie>\n<objektkategorie>\n<nutzungsart WOHNEN=\"false\" GEWERBE=\"true\"\/>\n<vermarktungsart KAUF=\"false\" MIETE_PACHT=\"true\"\/>\n<objektart>\n<buero_praxen buero_typ=\"BUEROHAUS\"\/>\n<\/objektart>\n<user_defined_simplefield\/>\n<\/objektkategorie>\n<geo>\n<plz>46045<\/plz>\n<ort>Oberhausen<\/ort>\n<strasse>W&#xF6;rthstra&#xDF;e<\/strasse>\n<hausnummer>9<\/hausnummer>\n<land iso_land=\"DEU\"\/>\n<lage_im_bau\/>\n<\/geo>\n<kontaktperson>\n<email_zentrale>anfrage@ruhr-real.de<\/email_zentrale>\n<email_direkt>kruse@ruhr-real.de<\/email_direkt>\n<tel_durchw>+49 201 999963-33<\/tel_durchw>\n<tel_fax>+49 201 99 99 63 44<\/tel_fax>\n<tel_handy>+49 162 88 87 076<\/tel_handy>\n<name>Kruse<\/name>\n<vorname>Samuel<\/vorname>\n<anrede>Herr<\/anrede>\n<firma>RUHR REAL GmbH<\/firma>\n<strasse>Holsterhauser Platz<\/strasse>\n<hausnummer>2<\/hausnummer>\n<plz>45147<\/plz>\n<ort>Essen<\/ort>\n<adressfreigabe>true<\/adressfreigabe>\n<\/kontaktperson>\n<preise>\n<nettokaltmiete>7.00<\/nettokaltmiete>\n<kaltmiete>7.00<\/kaltmiete>\n<nebenkosten>3.00<\/nebenkosten>\n<heizkosten_enthalten>false<\/heizkosten_enthalten>\n<zzg_mehrwertsteuer>false<\/zzg_mehrwertsteuer>\n<preis_zeiteinheit\/>\n<mietpreis_pro_qm>7.0000<\/mietpreis_pro_qm>\n<provisionspflichtig>false<\/provisionspflichtig>\n<waehrung iso_waehrung=\"EUR\"\/>\n<mwst_satz>19.00<\/mwst_satz>\n<stp_carport\/>\n<stp_duplex\/>\n<stp_freiplatz\/>\n<stp_garage\/>\n<stp_parkhaus\/>\n<stp_tiefgarage\/>\n<\/preise>\n<bieterverfahren\/>\n<versteigerung\/>\n<flaechen>\n<bueroflaeche>164<\/bueroflaeche>\n<bueroteilflaeche>164<\/bueroteilflaeche>\n<teilbar_ab>164<\/teilbar_ab>\n<anzahl_stellplaetze type=\"xsd:decimal\">6<\/anzahl_stellplaetze>\n<\/flaechen>\n<ausstattung>\n<ausstatt_kategorie>STANDARD<\/ausstatt_kategorie>\n<raeume_veraenderbar>true<\/raeume_veraenderbar>\n<bad\/>\n<kueche\/>\n<heizungsart FERN=\"true\"\/>\n<befeuerung\/>\n<fahrstuhl PERSONEN=\"true\"\/>\n<stellplatzart FREIPLATZ=\"true\"\/>\n<ausricht_balkon_terrasse\/>\n<angeschl_gastronomie\/>\n<sicherheitstechnik\/>\n<\/ausstattung>\n<zustand_angaben>\n<zustand zustand_art=\"GEPFLEGT\"\/>\n<energiepass>\n<jahrgang>ohne<\/jahrgang>\n<\/energiepass>\n<\/zustand_angaben>\n<bewertung\/>\n<infrastruktur\/>\n<freitexte>\n<objekttitel>Ihr neues B&#xFC;ro in der Oberhausener City | Ausbau nach Wunsch | sehr gute Anbindung<\/objekttitel>\n<lage>Das Gesch&#xE4;ftsgeb&#xE4;ude ist in der N&#xE4;he des Oberhausener Hbf situiert und verf&#xFC;gt &#xFC;ber einen guten Anschluss an das &#xD6;PNV-Netz. Die B223 und A40 sind nur wenige Fahrminuten enternt und sorgen f&#xFC;r eine schnelle Anbindung an das Autobahnnetz. Dar&#xFC;ber hinaus sind Gesch&#xE4;fte des t&#xE4;glichen Bedarfs fu&#xDF;l&#xE4;ufig erreichbar.\n\nBedeutende Unternehmen in der Umgebung: VdK Kreisverband Rhein-Ruhr, WAZ\n\nHotels in der Umgebung: Hotel Residenz, Hotel NH, Holiday Inn Express\n<\/lage>\n<ausstatt_beschr>&#x2022; Bodenbelag: nach Vereinbarung\n&#x2022; EDV-Verkabelung vorhanden\n&#x2022; Kabelf&#xFC;hrung: Kabelkan&#xE4;le\n&#x2022; Beleuchtung: nach Vereinbarung\n&#x2022; Teek&#xFC;che: Anschluss vorhanden\n&#x2022; Personenaufzug vorhanden\n&#x2022; Barrierearm: barrierefreier Zugang\n\nDie Ausstattung kann bei Bedarf angepasst werden!<\/ausstatt_beschr>\n<objektbeschreibung>Die angebotenen B&#xFC;ror&#xE4;ume k&#xF6;nnen im aktuellen Zustand oder alternativ nach Renovierung (wie bspw. im 1. OG) bezogen werden. \nDie Raumaufteilung ist flexibel zu gestalten. Ferner bietet die Fl&#xE4;che sehr simpel die M&#xF6;glichkeit f&#xFC;r ein einladendes und warmes Ambiente.\n\nDerzeit stehen die folgenden Fl&#xE4;chen zur Disposition:\n\n1. OG: ca. 157 m&#xB2;\n1. OG: ca. 145 m&#xB2;\n1. OG: ca. 646 m&#xB2;\n2. OG: ca. 169 m&#xB2;<\/objektbeschreibung>\n<sonstige_angaben>Es gelten ausschlie&#xDF;lich unsere AGB (www.ruhr-real.de\/agb). Wir m&#xF6;chten Sie darauf hinweisen, dass die Angaben ausschlie&#xDF;lich auf den uns vom Eigent&#xFC;mer &#xFC;bermittelten Unterlagen und Informationen basieren. F&#xFC;r Richtigkeit und Vollst&#xE4;ndigkeit &#xFC;bernehmen wir keine Gew&#xE4;hr. Zwischenvermietung vorbehalten.<\/sonstige_angaben><\/freitexte>\n<anhaenge>\n<anhang location=\"EXTERN\" gruppe=\"TITELBILD\">\n<anhangtitel>Geb&#xE4;udefront<\/anhangtitel>\n<format>jpg<\/format>\n<daten>\n<pfad>d5c6686e9cce4a6bae5913eb94c63d9e.jpg<\/pfad>\n<\/daten>\n<\/anhang>\n<anhang location=\"EXTERN\" gruppe=\"BILD\">\n<anhangtitel>Au&#xDF;enansicht<\/anhangtitel>\n<format>jpg<\/format>\n<daten>\n<pfad>24aa029ba6d0421793e0de52164bf3a9.jpg<\/pfad>\n<\/daten>\n<\/anhang>\n<anhang location=\"EXTERN\" gruppe=\"BILD\">\n<anhangtitel>M&#xF6;gl. Innenansicht<\/anhangtitel>\n<format>jpg<\/format>\n<daten>\n<pfad>8fc42ede03524b85b48f1dbe3f7ae704.jpg<\/pfad>\n<\/daten>\n<\/anhang>\n<anhang location=\"EXTERN\" gruppe=\"BILD\">\n<anhangtitel>M&#xF6;gl. Innenansicht<\/anhangtitel>\n<format>jpg<\/format>\n<daten>\n<pfad>1f85cd97a3fc419c87b399af0d1f8f5d.jpg<\/pfad>\n<\/daten>\n<\/anhang>\n<anhang location=\"EXTERN\" gruppe=\"BILD\">\n<anhangtitel>M&#xF6;gl. Innenansicht<\/anhangtitel>\n<format>jpg<\/format>\n<daten>\n<pfad>b10ffd8614934499b60aad9acdc17e9e.jpg<\/pfad>\n<\/daten>\n<\/anhang>\n<anhang location=\"EXTERN\" gruppe=\"BILD\">\n<anhangtitel>M&#xF6;gl. Innenansicht<\/anhangtitel>\n<format>jpg<\/format>\n<daten>\n<pfad>61265d4898614c9f9f6f41952860a14c.jpg<\/pfad>\n<\/daten>\n<\/anhang>\n<anhang location=\"EXTERN\" gruppe=\"GRUNDRISS\">\n<anhangtitel>2. OG<\/anhangtitel>\n<format>JPG<\/format>\n<daten>\n<pfad>8a85b77c18b94b74b99578ed99e1d5e2.JPG<\/pfad>\n<\/daten>\n<\/anhang>\n<\/anhaenge>\n<verwaltung_objekt>\n<objektadresse_freigeben>false<\/objektadresse_freigeben>\n<verfuegbar_ab>nach Vereinbarung<\/verfuegbar_ab>\n<geschlecht\/>\n<gewerbliche_nutzung>true<\/gewerbliche_nutzung>\n<\/verwaltung_objekt>\n<verwaltung_techn>\n<objektnr_intern>657AA3CAB00F46C28EC44C064EB783E1<\/objektnr_intern>\n<objektnr_extern>3964\/E3<\/objektnr_extern>\n<aktion aktionart=\"CHANGE\"\/>\n<openimmo_obid>657AA3CAB00F46C28EC44C064EB783E1<\/openimmo_obid>\n<kennung_ursprung>estatePro V10.0.0.8<\/kennung_ursprung>\n<stand_vom>2025-12-02<\/stand_vom>\n<\/verwaltung_techn>\n<user_defined_simplefield feldname=\"Startseite\">Nein<\/user_defined_simplefield>\n<\/immobilie>\n"],"_immonex_energy_class":[""],"_immonex_energy_class_id":["0"],"_thumbnail_id":["174315"],"fave_property_images":["174315","174316","174317","174318","174319","174320"],"fave_floor_plans_enable":["enable"],"floor_plans":["a:1:{i:0;a:7:{s:15:\"fave_plan_title\";s:5:\"2. OG\";s:15:\"fave_plan_rooms\";s:0:\"\";s:19:\"fave_plan_bathrooms\";s:0:\"\";s:15:\"fave_plan_price\";s:0:\"\";s:14:\"fave_plan_size\";s:0:\"\";s:15:\"fave_plan_image\";s:84:\"https:\/\/ruhr-real.de\/wp-content\/uploads\/2025\/12\/8a85b77c18b94b74b99578ed99e1d5e2.jpg\";s:21:\"fave_plan_description\";s:0:\"\";}}"],"fave_prop_homeslider":["yes"],"fave_prop_slider_image":["174315"],"fave_agents":["152858"],"fave_agent_display_option":["agent_info"],"fave_single_top_area":["global"],"fave_single_content_area":["global"],"fave_property_map":["1"],"fave_property_map_street_view":["hide"],"fave_property_size_prefix":["m\u00b2"],"fave_property_land_postfix":["m\u00b2"],"fave_featured":["0"],"houzez_featured_listing_date":[""],"fave_property_price_postfix":["pro&nbsp;m\u00b2"],"fave_currency":["EUR"],"fave_currency_info":["a:8:{s:2:\"id\";s:1:\"1\";s:13:\"currency_name\";s:4:\"Euro\";s:13:\"currency_code\";s:3:\"EUR\";s:15:\"currency_symbol\";s:3:\"\u20ac\";s:17:\"currency_position\";s:5:\"after\";s:16:\"currency_decimal\";s:1:\"2\";s:26:\"currency_decimal_separator\";s:1:\",\";s:27:\"currency_thousand_separator\";s:1:\".\";}"],"houzez_total_property_views":["780"],"houzez_views_by_date":["a:61:{s:10:\"03-01-2026\";i:4;s:10:\"03-02-2026\";i:4;s:10:\"03-03-2026\";i:4;s:10:\"03-04-2026\";i:4;s:10:\"03-05-2026\";i:6;s:10:\"03-06-2026\";i:4;s:10:\"03-07-2026\";i:4;s:10:\"03-08-2026\";i:4;s:10:\"03-09-2026\";i:4;s:10:\"03-10-2026\";i:4;s:10:\"03-11-2026\";i:6;s:10:\"03-12-2026\";i:6;s:10:\"03-13-2026\";i:4;s:10:\"03-14-2026\";i:4;s:10:\"03-15-2026\";i:4;s:10:\"03-16-2026\";i:2;s:10:\"03-17-2026\";i:11;s:10:\"03-18-2026\";i:6;s:10:\"03-19-2026\";i:4;s:10:\"03-20-2026\";i:6;s:10:\"03-21-2026\";i:4;s:10:\"03-22-2026\";i:4;s:10:\"03-23-2026\";i:4;s:10:\"03-24-2026\";i:4;s:10:\"03-25-2026\";i:4;s:10:\"03-26-2026\";i:8;s:10:\"03-27-2026\";i:4;s:10:\"03-28-2026\";i:4;s:10:\"03-29-2026\";i:4;s:10:\"03-30-2026\";i:6;s:10:\"03-31-2026\";i:4;s:10:\"04-01-2026\";i:9;s:10:\"04-02-2026\";i:8;s:10:\"04-03-2026\";i:8;s:10:\"04-04-2026\";i:8;s:10:\"04-05-2026\";i:8;s:10:\"04-06-2026\";i:8;s:10:\"04-07-2026\";i:12;s:10:\"04-08-2026\";i:6;s:10:\"04-09-2026\";i:10;s:10:\"04-10-2026\";i:8;s:10:\"04-11-2026\";i:6;s:10:\"04-12-2026\";i:10;s:10:\"04-13-2026\";i:8;s:10:\"04-14-2026\";i:8;s:10:\"04-15-2026\";i:8;s:10:\"04-16-2026\";i:10;s:10:\"04-17-2026\";i:6;s:10:\"04-18-2026\";i:10;s:10:\"04-19-2026\";i:8;s:10:\"04-20-2026\";i:8;s:10:\"04-21-2026\";i:8;s:10:\"04-22-2026\";i:8;s:10:\"04-23-2026\";i:12;s:10:\"04-24-2026\";i:8;s:10:\"04-25-2026\";i:8;s:10:\"04-26-2026\";i:8;s:10:\"04-27-2026\";i:8;s:10:\"04-28-2026\";i:8;s:10:\"04-29-2026\";i:10;s:10:\"04-30-2026\";i:3;}"],"houzez_recently_viewed":["2026-04-30 05:46:55"],"tp_widgets":["a:2:{s:7:\"widgets\";a:0:{}s:9:\"update_at\";s:10:\"1764682733\";}"],"_elementor_page_assets":["a:0:{}"]},"_links":{"self":[{"href":"https:\/\/ruhr-real.de\/en\/wp-json\/wp\/v2\/properties\/147774","targetHints":{"allow":["GET"]}}],"collection":[{"href":"https:\/\/ruhr-real.de\/en\/wp-json\/wp\/v2\/properties"}],"about":[{"href":"https:\/\/ruhr-real.de\/en\/wp-json\/wp\/v2\/types\/property"}],"author":[{"embeddable":true,"href":"https:\/\/ruhr-real.de\/en\/wp-json\/wp\/v2\/users\/1"}],"version-history":[{"count":0,"href":"https:\/\/ruhr-real.de\/en\/wp-json\/wp\/v2\/properties\/147774\/revisions"}],"wp:featuredmedia":[{"embeddable":true,"href":"https:\/\/ruhr-real.de\/en\/wp-json\/wp\/v2\/media\/174315"}],"wp:attachment":[{"href":"https:\/\/ruhr-real.de\/en\/wp-json\/wp\/v2\/media?parent=147774"}],"wp:term":[{"taxonomy":"property_type","embeddable":true,"href":"https:\/\/ruhr-real.de\/en\/wp-json\/wp\/v2\/property_type?post=147774"},{"taxonomy":"property_status","embeddable":true,"href":"https:\/\/ruhr-real.de\/en\/wp-json\/wp\/v2\/property_status?post=147774"},{"taxonomy":"property_feature","embeddable":true,"href":"https:\/\/ruhr-real.de\/en\/wp-json\/wp\/v2\/property_feature?post=147774"},{"taxonomy":"property_label","embeddable":true,"href":"https:\/\/ruhr-real.de\/en\/wp-json\/wp\/v2\/property_label?post=147774"},{"taxonomy":"property_country","embeddable":true,"href":"https:\/\/ruhr-real.de\/en\/wp-json\/wp\/v2\/property_country?post=147774"},{"taxonomy":"property_state","embeddable":true,"href":"https:\/\/ruhr-real.de\/en\/wp-json\/wp\/v2\/property_state?post=147774"},{"taxonomy":"property_city","embeddable":true,"href":"https:\/\/ruhr-real.de\/en\/wp-json\/wp\/v2\/property_city?post=147774"},{"taxonomy":"property_area","embeddable":true,"href":"https:\/\/ruhr-real.de\/en\/wp-json\/wp\/v2\/property_area?post=147774"}],"curies":[{"name":"wp","href":"https:\/\/api.w.org\/{rel}","templated":true}]}}