{"id":151397,"date":"2026-03-30T02:26:46","date_gmt":"2026-03-30T00:26:46","guid":{"rendered":"https:\/\/ruhr-real.de\/objekt\/bueroflaechen-an-der-rue-l-provisionsfrei-l-sofort-verfuegbar\/"},"modified":"2026-04-02T15:58:46","modified_gmt":"2026-04-02T13:58:46","slug":"bueroflaechen-an-der-rue-l-provisionsfrei-l-sofort-verfuegbar","status":"publish","type":"property","link":"https:\/\/ruhr-real.de\/en\/objekt\/bueroflaechen-an-der-rue-l-provisionsfrei-l-sofort-verfuegbar\/","title":{"rendered":"B\u00fcrofl\u00e4chen an der &#8220;R\u00dc&#8221; l PROVISIONSFREI l Sofort Verf\u00fcgbar"},"content":{"rendered":"<p>Das als Business-Center (A81 Workspace) genutzte B\u00fcrohaus befindet sich in bester Sichtbarkeit an der beliebten Alfredstra\u00dfe. Durch die repr\u00e4sentative Fassade wirkt das Geb\u00e4ude einladend und sehr modern. Die Immobilie verf\u00fcgt \u00fcber einen Empfang und einen kleinen Wartebereich f\u00fcr Besucher und Kunden. Die hellen, modernen und gut geschnittenen B\u00fcros bieten einen Arbeitsplatz zum Wohlf\u00fchlen.<\/p>\n<p>Folgende Fl\u00e4chen stehen aktuell zur Disposition:<\/p>\n<p>5. OG: 277 m\u00b2<\/p>\n<p>Die moderne Gewerbeimmobilie befindet sich in Essen-R\u00fcttenscheid gegen\u00fcber des Essener Messe-Gel\u00e4ndes und des bekannten Gruga-Parks. Die A40 und die A52 sind nur wenige Fahrminuten entfernt. Die beliebte &#8220;R\u00fcttenscheider Stra\u00dfe&#8221; ist in weniger als 1 Minuten zu Fu\u00df erreichbar. Die sogenannte &#8220;R\u00fc&#8221; ist das Szeneviertel von Essen und besticht durch die Ansiedlung von renommierten Anwaltskanzleien, Banken, \u00c4rzten und Wirtschaftspr\u00fcfern.<\/p>\n<p>Bedeutende Unternehmen in der B\u00fcromarktzone: Sparkasse, DM, EPOS, T\u00dcV, Vodafon, Commerzbank, National Bank<\/p>\n<p>Hotels der Umgebung: Novum Hotel, Hotel Jung, Parkhotel, ATLANTIC Congress Hotel<\/p>\n<p>\u2022 Sonnenschutz: innenliegend manuell<br \/>\n\u2022 Bodenbelag: Designboden<br \/>\n\u2022 Verkabelung: CAT-6<br \/>\n\u2022 Kabelf\u00fchrung: Kabelkan\u00e4le<br \/>\n\u2022 LED-Beleuchtung<br \/>\n\u2022 Teek\u00fcche vorhanden<br \/>\n\u2022 Personenaufzug<br \/>\n\u2022 Barrierefrei<br \/>\n\u2022 Barrierefreies WC im EG<br \/>\n\u2022 Heizungsart: Fernw\u00e4rme<br \/>\n\u2022 M\u00f6bel k\u00f6nnen \u00fcbernommen werden<br \/>\n\u2022 Elektrisches Schlie\u00dfsystem<br \/>\n\u2022 Kleiner Konferenzraum im EG (optional buchbar)<\/p>\n<p>Bei Bedarf kann die Ausstattung angepasst werden!<\/p>\n<p>Es gelten ausschlie\u00dflich unsere AGB (www.ruhr-real.de\/agb). Wir m\u00f6chten Sie darauf hinweisen, dass die Angaben ausschlie\u00dflich auf den uns vom Eigent\u00fcmer \u00fcbermittelten Unterlagen und Informationen basieren. F\u00fcr Richtigkeit und Vollst\u00e4ndigkeit \u00fcbernehmen wir keine Gew\u00e4hr. Zwischenvermietung vorbehalten.<br \/>\n<div class=\"widget widget_immonex_user_defined_properties_widget\"><div class=\"immonex-widget immonex-widget-houzez\">\n\t\t<div class=\"immonex-widget-title clearfix\">\n\t\t<h2 class=\"widgettitle\">Energieeffizienz<\/h2>\t<\/div>\n\t\t<ul class=\"immonex-property-details row list-lined list-unstyled\">\n\t\t\t\t<li>\n\t\t\t<div class=\"list-lined-item w-100 d-flex justify-content-between py-2\">\n\t\t\t\t\t\t\t\t<strong class=\"property-details-label\">Energieausweis-Jahrgang:<\/strong>&nbsp;<span class=\"property-details-value\">not available<\/span>\n\t\t\t\t\t\t\t<\/div>\n\t\t<\/li>\n\t\t\t<\/ul>\n<\/div><\/div><\/p>\n","protected":false},"excerpt":{"rendered":"<p>Das als Business-Center (A81 Workspace) genutzte B\u00fcrohaus befindet sich in bester Sichtbarkeit an der beliebten&#8230;<\/p>\n","protected":false},"author":1,"featured_media":185481,"parent":0,"menu_order":0,"template":"","property_type":[379],"property_status":[352],"property_feature":[355,537,361,354,350],"property_label":[],"property_country":[353],"property_state":[],"property_city":[306],"property_area":[],"class_list":["post-151397","property","type-property","status-publish","has-post-thumbnail","hentry","property_type-bueroflaechen","property_status-zu-vermieten","property_feature-barrierefrei","property_feature-gewerbliche-nutzung-moeglich","property_feature-klimaanlage","property_feature-personenaufzug","property_feature-raeume-veraenderbar","property_country-deutschland","property_city-essen"],"acf":[],"property_meta":{"_immonex_import_folder":["users\/RUHRREAL"],"_immonex_translation_id":["076\/E2"],"_openimmo_obid":["3B78A92E56A348EA88EF409324DD27AB"],"_is_immonex_import_property":["1"],"_immonex_is_reference":[""],"rank_math_internal_links_processed":["1"],"copied_media_ids":["a:0:{}"],"referenced_media_ids":["a:0:{}"],"_immonex_post_status":["updated"],"fave_property_map_address":["45130 Essen"],"fave_property_zip":["45130"],"fave_property_country":["DE"],"_immonex_lat":["51.4424332"],"_immonex_lng":["6.9951644"],"houzez_geolocation_lat":["51.4424332"],"houzez_geolocation_long":["6.9951644"],"fave_property_location":["51.4424332,6.9951644"],"fave_property_price":["12.50"],"fave_property_sec_price":["12.5000"],"fave_property_size":["277"],"fave_property_year":["1994"],"fave_property_id":["076\/E2"],"_fave_property_id":["076\/E2"],"_immonex_iso_country":["DEU"],"fave_nebenkosten":["3&nbsp;\u20ac"],"_openimmo_anid":["0000"],"_immonex_group_number":["1"],"_immonex_group_id":[""],"_immonex_group_master":[""],"_immonex_import_meta":["a:6:{s:8:\"zip_file\";s:131:\"\/www\/htdocs\/w0172e0e\/ruhr-real_2024\/wp-content\/uploads\/immonex-openimmo-import\/users\/RUHRREAL\/Immowelt_estatePro_20260402154854.zip\";s:8:\"xml_file\";s:158:\"\/www\/htdocs\/w0172e0e\/ruhr-real_2024\/wp-content\/uploads\/immonex-openimmo-import\/immowelt_estatepro_20260402154854\/Homepage_2024_NEW_estatePro20260402154854.xml\";s:12:\"mapping_file\";s:116:\"\/www\/htdocs\/w0172e0e\/ruhr-real_2024\/wp-content\/uploads\/immonex-openimmo-import\/mappings\/houzez_ruhrreal_20260325.csv\";s:9:\"timestamp\";i:1775138326;s:4:\"date\";s:10:\"2026-04-02\";s:4:\"time\";s:8:\"15:58:46\";}"],"_immonex_is_sold":[""],"_immonex_is_reserved":[""],"_immonex_is_available":["1"],"_immonex_areabutler_url_with_address":[""],"_immonex_areabutler_url_no_address":[""],"_immonex_areabutler_url":[""],"additional_features":["a:16:{i:0;a:2:{s:29:\"fave_additional_feature_title\";s:11:\"Heizungsart\";s:29:\"fave_additional_feature_value\";s:11:\"Fernheizung\";}i:1;a:2:{s:29:\"fave_additional_feature_title\";s:14:\"Nettokaltmiete\";s:29:\"fave_additional_feature_value\";s:14:\"12,50&nbsp;\u20ac\";}i:2;a:2:{s:29:\"fave_additional_feature_title\";s:9:\"Kaltmiete\";s:29:\"fave_additional_feature_value\";s:14:\"12,50&nbsp;\u20ac\";}i:3;a:2:{s:29:\"fave_additional_feature_title\";s:29:\"monatl. Betriebs-\/Nebenkosten\";s:29:\"fave_additional_feature_value\";s:10:\"3&nbsp;\u20ac\";}i:4;a:2:{s:29:\"fave_additional_feature_title\";s:33:\"Heizkosten in Warmmiete enthalten\";s:29:\"fave_additional_feature_value\";s:4:\"nein\";}i:5;a:2:{s:29:\"fave_additional_feature_title\";s:32:\"Preise zuz\u00fcglich Mehrwertsteuer\";s:29:\"fave_additional_feature_value\";s:4:\"nein\";}i:6;a:2:{s:29:\"fave_additional_feature_title\";s:23:\"Netto-Kaltmiete pro m\u00b2\";s:29:\"fave_additional_feature_value\";s:14:\"12,50&nbsp;\u20ac\";}i:7;a:2:{s:29:\"fave_additional_feature_title\";s:10:\"MwSt.-Satz\";s:29:\"fave_additional_feature_value\";s:9:\"19&nbsp;%\";}i:8;a:2:{s:29:\"fave_additional_feature_title\";s:12:\"B\u00fcrofl\u00e4che\";s:29:\"fave_additional_feature_value\";s:12:\"277&nbsp;m\u00b2\";}i:9;a:2:{s:29:\"fave_additional_feature_title\";s:16:\"B\u00fcroteilfl\u00e4che\";s:29:\"fave_additional_feature_value\";s:12:\"277&nbsp;m\u00b2\";}i:10;a:2:{s:29:\"fave_additional_feature_title\";s:10:\"Teilbar ab\";s:29:\"fave_additional_feature_value\";s:12:\"277&nbsp;m\u00b2\";}i:11;a:2:{s:29:\"fave_additional_feature_title\";s:19:\"Art der Ausstattung\";s:29:\"fave_additional_feature_value\";s:8:\"Standard\";}i:12;a:2:{s:29:\"fave_additional_feature_title\";s:13:\"Stellplatzart\";s:29:\"fave_additional_feature_value\";s:10:\"Tiefgarage\";}i:13;a:2:{s:29:\"fave_additional_feature_title\";s:7:\"Service\";s:29:\"fave_additional_feature_value\";s:10:\"Wachdienst\";}i:14;a:2:{s:29:\"fave_additional_feature_title\";s:7:\"Zustand\";s:29:\"fave_additional_feature_value\";s:8:\"gepflegt\";}i:15;a:2:{s:29:\"fave_additional_feature_title\";s:27:\"Immobilie ist verf\u00fcgbar ab\";s:29:\"fave_additional_feature_value\";s:11:\"kurzfristig\";}}"],"fave_additional_features_enable":["enable"],"_immonex_custom_fields":["a:1:{s:23:\"Energieausweis-Jahrgang\";a:5:{s:14:\"mapping_source\";s:38:\"zustand_angaben->energiepass->jahrgang\";s:4:\"name\";s:0:\"\";s:5:\"group\";s:5:\"epass\";s:5:\"value\";s:13:\"not available\";s:19:\"value_before_filter\";s:4:\"ohne\";}}"],"_immonex_property_xml_source":["<?xml version=\"1.0\"?>\n<immobilie>\n<objektkategorie>\n<nutzungsart WOHNEN=\"false\" GEWERBE=\"true\"\/>\n<vermarktungsart KAUF=\"false\" MIETE_PACHT=\"true\"\/>\n<objektart>\n<buero_praxen buero_typ=\"BUEROHAUS\"\/>\n<\/objektart>\n<user_defined_simplefield\/>\n<\/objektkategorie>\n<geo>\n<plz>45130<\/plz>\n<ort>Essen<\/ort>\n<strasse>Alfredstra&#xDF;e<\/strasse>\n<hausnummer>81<\/hausnummer>\n<land iso_land=\"DEU\"\/>\n<lage_im_bau\/>\n<\/geo>\n<kontaktperson>\n<email_zentrale>anfrage@ruhr-real.de<\/email_zentrale>\n<email_direkt>kruse@ruhr-real.de<\/email_direkt>\n<tel_durchw>+49 201 999963-33<\/tel_durchw>\n<tel_fax>+49 201 99 99 63 44<\/tel_fax>\n<tel_handy>+49 162 88 87 076<\/tel_handy>\n<name>Kruse<\/name>\n<vorname>Samuel<\/vorname>\n<anrede>Herr<\/anrede>\n<firma>RUHR REAL GmbH<\/firma>\n<strasse>Holsterhauser Platz<\/strasse>\n<hausnummer>2<\/hausnummer>\n<plz>45147<\/plz>\n<ort>Essen<\/ort>\n<adressfreigabe>true<\/adressfreigabe>\n<\/kontaktperson>\n<preise>\n<nettokaltmiete>12.50<\/nettokaltmiete>\n<kaltmiete>12.50<\/kaltmiete>\n<nebenkosten>3.00<\/nebenkosten>\n<heizkosten_enthalten>false<\/heizkosten_enthalten>\n<zzg_mehrwertsteuer>false<\/zzg_mehrwertsteuer>\n<preis_zeiteinheit\/>\n<mietpreis_pro_qm>12.5000<\/mietpreis_pro_qm>\n<provisionspflichtig>false<\/provisionspflichtig>\n<waehrung iso_waehrung=\"EUR\"\/>\n<mwst_satz>19.00<\/mwst_satz>\n<stp_carport\/>\n<stp_duplex\/>\n<stp_freiplatz\/>\n<stp_garage\/>\n<stp_parkhaus\/>\n<stp_tiefgarage\/>\n<\/preise>\n<bieterverfahren\/>\n<versteigerung\/>\n<flaechen>\n<bueroflaeche>277<\/bueroflaeche>\n<bueroteilflaeche>277<\/bueroteilflaeche>\n<teilbar_ab>277<\/teilbar_ab>\n<anzahl_stellplaetze type=\"xsd:decimal\">24<\/anzahl_stellplaetze>\n<\/flaechen>\n<ausstattung>\n<ausstatt_kategorie>STANDARD<\/ausstatt_kategorie>\n<raeume_veraenderbar>true<\/raeume_veraenderbar>\n<bad\/>\n<kueche\/>\n<heizungsart FERN=\"true\"\/>\n<befeuerung\/>\n<klimatisiert>true<\/klimatisiert>\n<fahrstuhl PERSONEN=\"true\"\/>\n<stellplatzart TIEFGARAGE=\"true\"\/>\n<ausricht_balkon_terrasse\/>\n<barrierefrei>true<\/barrierefrei>\n<angeschl_gastronomie\/>\n<serviceleistungen WACHDIENST=\"true\"\/>\n<sicherheitstechnik\/>\n<\/ausstattung>\n<zustand_angaben>\n<baujahr>1994<\/baujahr>\n<zustand zustand_art=\"GEPFLEGT\"\/><energiepass>\n<jahrgang>ohne<\/jahrgang>\n<\/energiepass>\n<\/zustand_angaben>\n<bewertung\/>\n<infrastruktur\/>\n<freitexte>\n<objekttitel>B&#xFC;rofl&#xE4;chen an der \"R&#xDC;\" l PROVISIONSFREI l Sofort Verf&#xFC;gbar<\/objekttitel>\n<lage>Die moderne Gewerbeimmobilie befindet sich in Essen-R&#xFC;ttenscheid gegen&#xFC;ber des Essener Messe-Gel&#xE4;ndes und des bekannten Gruga-Parks. Die A40 und die A52 sind nur wenige Fahrminuten entfernt. Die beliebte \"R&#xFC;ttenscheider Stra&#xDF;e\" ist in weniger als 1 Minuten zu Fu&#xDF; erreichbar. Die sogenannte \"R&#xFC;\" ist das Szeneviertel von Essen und besticht durch die Ansiedlung von renommierten Anwaltskanzleien, Banken, &#xC4;rzten und Wirtschaftspr&#xFC;fern.\n\nBedeutende Unternehmen in der B&#xFC;romarktzone: Sparkasse, DM, EPOS, T&#xDC;V, Vodafon, Commerzbank, National Bank\n\nHotels der Umgebung: Novum Hotel, Hotel Jung, Parkhotel, ATLANTIC Congress Hotel<\/lage>\n<ausstatt_beschr>&#x2022; Sonnenschutz: innenliegend manuell\n&#x2022; Bodenbelag: Designboden\n&#x2022; Verkabelung: CAT-6\n&#x2022; Kabelf&#xFC;hrung: Kabelkan&#xE4;le\n&#x2022; LED-Beleuchtung\n&#x2022; Teek&#xFC;che vorhanden\n&#x2022; Personenaufzug\n&#x2022; Barrierefrei\n&#x2022; Barrierefreies WC im EG\n&#x2022; Heizungsart: Fernw&#xE4;rme\n&#x2022; M&#xF6;bel k&#xF6;nnen &#xFC;bernommen werden\n&#x2022; Elektrisches Schlie&#xDF;system\n&#x2022; Kleiner Konferenzraum im EG (optional buchbar)\n\nBei Bedarf kann die Ausstattung angepasst werden!<\/ausstatt_beschr>\n<objektbeschreibung>Das als Business-Center (A81 Workspace) genutzte B&#xFC;rohaus befindet sich in bester Sichtbarkeit an der beliebten Alfredstra&#xDF;e. Durch die repr&#xE4;sentative Fassade wirkt das Geb&#xE4;ude einladend und sehr modern. Die Immobilie verf&#xFC;gt &#xFC;ber einen Empfang und einen kleinen Wartebereich f&#xFC;r Besucher und Kunden. Die hellen, modernen und gut geschnittenen B&#xFC;ros bieten einen Arbeitsplatz zum Wohlf&#xFC;hlen.\n\nFolgende Fl&#xE4;chen stehen aktuell zur Disposition:\n\n5. OG: 277 m&#xB2;<\/objektbeschreibung>\n<sonstige_angaben>Es gelten ausschlie&#xDF;lich unsere AGB (www.ruhr-real.de\/agb). Wir m&#xF6;chten Sie darauf hinweisen, dass die Angaben ausschlie&#xDF;lich auf den uns vom Eigent&#xFC;mer &#xFC;bermittelten Unterlagen und Informationen basieren. F&#xFC;r Richtigkeit und Vollst&#xE4;ndigkeit &#xFC;bernehmen wir keine Gew&#xE4;hr. Zwischenvermietung vorbehalten.<\/sonstige_angaben>\n<\/freitexte>\n<anhaenge>\n<anhang location=\"EXTERN\" gruppe=\"TITELBILD\">\n<anhangtitel>Au&#xDF;enansicht<\/anhangtitel>\n<format>jpg<\/format>\n<daten>\n<pfad>973e1e2b24834eb4be1f2f495efa14d6.jpg<\/pfad>\n<\/daten>\n<\/anhang>\n<anhang location=\"EXTERN\" gruppe=\"BILD\">\n<anhangtitel>Empfang<\/anhangtitel>\n<format>jpg<\/format>\n<daten>\n<pfad>e82d6ad4801e44c590282cc0f63814e0.jpg<\/pfad>\n<\/daten>\n<\/anhang>\n<anhang location=\"EXTERN\" gruppe=\"BILD\">\n<anhangtitel>Innenansicht B&#xFC;ro 5. OG<\/anhangtitel>\n<format>jpg<\/format>\n<daten>\n<pfad>b38a9078b53149938acdb2d4f561561c.jpg<\/pfad>\n<\/daten>\n<\/anhang>\n<anhang location=\"EXTERN\" gruppe=\"BILD\">\n<anhangtitel>Innenansicht B&#xFC;ro 5. OG<\/anhangtitel>\n<format>jpg<\/format>\n<daten>\n<pfad>5fc8a96704c149ba98ad416d912a3059.jpg<\/pfad>\n<\/daten>\n<\/anhang>\n<anhang location=\"EXTERN\" gruppe=\"BILD\">\n<anhangtitel>Innenansicht B&#xFC;ro 5. OG<\/anhangtitel>\n<format>jpg<\/format>\n<daten>\n<pfad>5bbc180d1b8e4a25acac13520878e076.jpg<\/pfad>\n<\/daten>\n<\/anhang>\n<anhang location=\"EXTERN\" gruppe=\"BILD\">\n<anhangtitel>Innenansicht B&#xFC;ro 5. OG<\/anhangtitel>\n<format>jpg<\/format>\n<daten>\n<pfad>585a23d1084745f2b08efce3173fb465.jpg<\/pfad>\n<\/daten>\n<\/anhang>\n<anhang location=\"EXTERN\" gruppe=\"BILD\">\n<anhangtitel>Innenansicht B&#xFC;ro 5. OG<\/anhangtitel>\n<format>jpg<\/format>\n<daten>\n<pfad>bf8b1cea99cb485da30d1a3516ee18a9.jpg<\/pfad>\n<\/daten>\n<\/anhang>\n<anhang location=\"EXTERN\" gruppe=\"BILD\">\n<anhangtitel>B&#xFC;roflur<\/anhangtitel>\n<format>jpg<\/format>\n<daten>\n<pfad>ceb91e60dd6146f8b7c3e73b6fb4474a.jpg<\/pfad>\n<\/daten>\n<\/anhang>\n<anhang location=\"EXTERN\" gruppe=\"BILD\">\n<anhangtitel>Konfi (optional) im EG<\/anhangtitel>\n<format>jpg<\/format>\n<daten>\n<pfad>49c7467fffe542d29f8d44b6517c87da.jpg<\/pfad>\n<\/daten>\n<\/anhang>\n<anhang location=\"EXTERN\" gruppe=\"BILD\">\n<anhangtitel>Au&#xDF;enansicht<\/anhangtitel>\n<format>jpg<\/format>\n<daten>\n<pfad>2a7e21fae7ea4b10888b1686da19b3e5.jpg<\/pfad>\n<\/daten>\n<\/anhang>\n<anhang location=\"EXTERN\" gruppe=\"GRUNDRISS\"><anhangtitel>5. OG<\/anhangtitel>\n<format>jpg<\/format>\n<daten>\n<pfad>4b8002491140464ab939d536c1cefab2.jpg<\/pfad>\n<\/daten>\n<\/anhang>\n<\/anhaenge>\n<verwaltung_objekt>\n<objektadresse_freigeben>false<\/objektadresse_freigeben>\n<verfuegbar_ab>kurzfristig<\/verfuegbar_ab>\n<gruppennummer>1<\/gruppennummer>\n<geschlecht\/>\n<gewerbliche_nutzung>true<\/gewerbliche_nutzung>\n<\/verwaltung_objekt>\n<verwaltung_techn>\n<objektnr_intern>3B78A92E56A348EA88EF409324DD27AB<\/objektnr_intern>\n<objektnr_extern>076\/E2<\/objektnr_extern>\n<aktion aktionart=\"CHANGE\"\/>\n<openimmo_obid>3B78A92E56A348EA88EF409324DD27AB<\/openimmo_obid>\n<kennung_ursprung>estatePro V10.0.0.8<\/kennung_ursprung>\n<stand_vom>2026-03-30<\/stand_vom>\n<\/verwaltung_techn>\n<user_defined_simplefield feldname=\"Startseite\">Nein<\/user_defined_simplefield>\n<\/immobilie>\n"],"_immonex_energy_class":[""],"_immonex_energy_class_id":["0"],"_thumbnail_id":["185481"],"fave_property_images":["185481","185482","185483","185484","185485","185486","185487","185488","185489","185490"],"fave_floor_plans_enable":["enable"],"floor_plans":["a:1:{i:0;a:7:{s:15:\"fave_plan_title\";s:5:\"5. OG\";s:15:\"fave_plan_rooms\";s:0:\"\";s:19:\"fave_plan_bathrooms\";s:0:\"\";s:15:\"fave_plan_price\";s:0:\"\";s:14:\"fave_plan_size\";s:0:\"\";s:15:\"fave_plan_image\";s:84:\"https:\/\/ruhr-real.de\/wp-content\/uploads\/2026\/03\/4b8002491140464ab939d536c1cefab2.jpg\";s:21:\"fave_plan_description\";s:0:\"\";}}"],"fave_prop_homeslider":["yes"],"fave_prop_slider_image":["185481"],"fave_agents":["152858"],"fave_agent_display_option":["agent_info"],"fave_single_top_area":["global"],"fave_single_content_area":["global"],"fave_property_map":["1"],"fave_property_map_street_view":["hide"],"fave_property_size_prefix":["m\u00b2"],"fave_property_land_postfix":["m\u00b2"],"fave_featured":["0"],"houzez_featured_listing_date":[""],"fave_property_price_postfix":["pro&nbsp;m\u00b2"],"fave_currency":["EUR"],"fave_currency_info":["a:8:{s:2:\"id\";s:1:\"1\";s:13:\"currency_name\";s:4:\"Euro\";s:13:\"currency_code\";s:3:\"EUR\";s:15:\"currency_symbol\";s:3:\"\u20ac\";s:17:\"currency_position\";s:5:\"after\";s:16:\"currency_decimal\";s:1:\"2\";s:26:\"currency_decimal_separator\";s:1:\",\";s:27:\"currency_thousand_separator\";s:1:\".\";}"],"_wpml_word_count":["350"],"houzez_total_property_views":["221"],"houzez_views_by_date":["a:28:{s:10:\"04-02-2026\";i:4;s:10:\"04-03-2026\";i:8;s:10:\"04-04-2026\";i:8;s:10:\"04-05-2026\";i:8;s:10:\"04-06-2026\";i:8;s:10:\"04-07-2026\";i:12;s:10:\"04-08-2026\";i:4;s:10:\"04-09-2026\";i:9;s:10:\"04-10-2026\";i:8;s:10:\"04-11-2026\";i:6;s:10:\"04-12-2026\";i:10;s:10:\"04-13-2026\";i:8;s:10:\"04-14-2026\";i:8;s:10:\"04-15-2026\";i:8;s:10:\"04-16-2026\";i:8;s:10:\"04-17-2026\";i:8;s:10:\"04-18-2026\";i:8;s:10:\"04-19-2026\";i:8;s:10:\"04-20-2026\";i:8;s:10:\"04-21-2026\";i:8;s:10:\"04-22-2026\";i:8;s:10:\"04-23-2026\";i:8;s:10:\"04-24-2026\";i:8;s:10:\"04-25-2026\";i:8;s:10:\"04-26-2026\";i:8;s:10:\"04-27-2026\";i:8;s:10:\"04-28-2026\";i:8;s:10:\"04-29-2026\";i:8;}"],"houzez_recently_viewed":["2026-04-29 16:32:32"],"_elementor_page_assets":["a:0:{}"]},"_links":{"self":[{"href":"https:\/\/ruhr-real.de\/en\/wp-json\/wp\/v2\/properties\/151397","targetHints":{"allow":["GET"]}}],"collection":[{"href":"https:\/\/ruhr-real.de\/en\/wp-json\/wp\/v2\/properties"}],"about":[{"href":"https:\/\/ruhr-real.de\/en\/wp-json\/wp\/v2\/types\/property"}],"author":[{"embeddable":true,"href":"https:\/\/ruhr-real.de\/en\/wp-json\/wp\/v2\/users\/1"}],"version-history":[{"count":0,"href":"https:\/\/ruhr-real.de\/en\/wp-json\/wp\/v2\/properties\/151397\/revisions"}],"wp:featuredmedia":[{"embeddable":true,"href":"https:\/\/ruhr-real.de\/en\/wp-json\/wp\/v2\/media\/185481"}],"wp:attachment":[{"href":"https:\/\/ruhr-real.de\/en\/wp-json\/wp\/v2\/media?parent=151397"}],"wp:term":[{"taxonomy":"property_type","embeddable":true,"href":"https:\/\/ruhr-real.de\/en\/wp-json\/wp\/v2\/property_type?post=151397"},{"taxonomy":"property_status","embeddable":true,"href":"https:\/\/ruhr-real.de\/en\/wp-json\/wp\/v2\/property_status?post=151397"},{"taxonomy":"property_feature","embeddable":true,"href":"https:\/\/ruhr-real.de\/en\/wp-json\/wp\/v2\/property_feature?post=151397"},{"taxonomy":"property_label","embeddable":true,"href":"https:\/\/ruhr-real.de\/en\/wp-json\/wp\/v2\/property_label?post=151397"},{"taxonomy":"property_country","embeddable":true,"href":"https:\/\/ruhr-real.de\/en\/wp-json\/wp\/v2\/property_country?post=151397"},{"taxonomy":"property_state","embeddable":true,"href":"https:\/\/ruhr-real.de\/en\/wp-json\/wp\/v2\/property_state?post=151397"},{"taxonomy":"property_city","embeddable":true,"href":"https:\/\/ruhr-real.de\/en\/wp-json\/wp\/v2\/property_city?post=151397"},{"taxonomy":"property_area","embeddable":true,"href":"https:\/\/ruhr-real.de\/en\/wp-json\/wp\/v2\/property_area?post=151397"}],"curies":[{"name":"wp","href":"https:\/\/api.w.org\/{rel}","templated":true}]}}