{"id":157212,"date":"2025-06-25T00:01:15","date_gmt":"2025-06-24T22:01:15","guid":{"rendered":"https:\/\/ruhr-real.de\/objekt\/weitblick-ueber-koeln-ausbau-nach-mieterwunsch-ausreichend-stellplaetze-2\/"},"modified":"2025-06-25T00:01:15","modified_gmt":"2025-06-24T22:01:15","slug":"weitblick-ueber-koeln-ausbau-nach-mieterwunsch-ausreichend-stellplaetze-2","status":"publish","type":"property","link":"https:\/\/ruhr-real.de\/en\/objekt\/weitblick-ueber-koeln-ausbau-nach-mieterwunsch-ausreichend-stellplaetze-2\/","title":{"rendered":"Weitblick \u00fcber K\u00f6ln | Ausbau nach Mieterwunsch | Ausreichend Stellpl\u00e4tze"},"content":{"rendered":"<p>Die klimatisierten B\u00fcrofl\u00e4chen befinden sich in zentraler Lage von K\u00f6ln und bieten eine flexible Nutzungsweise. Zur Disposition stehen B\u00fcrofl\u00e4chen im 7.OG und im 9.OG, jeweils klimatisiert und hochwertig ausgestattet. Beide Fl\u00e4chen verf\u00fcgen \u00fcber zwei Personenaufz\u00fcge sowie einen Serverraum. Die Mietr\u00e4ume im 7.OG sind sofort bezugsfrei, die Einheit im 9.OG sind ab dem 01.02.2026, ggf. fr\u00fcher verf\u00fcgbar.<\/p>\n<p>Folgende Fl\u00e4chen stehen zur Verf\u00fcgung:<\/p>\n<p>7.OG: 295 m\u00b2, ab 16,50 EUR\/m\u00b2, sofort verf\u00fcgbar<br \/>\n9.OG: 263 m\u00b2, ab 16,50 EUR\/m\u00b2, 01.02.2026<\/p>\n<p>ie Immobilie befindet sich in zentraler Lage von K\u00f6ln \u2013 nur wenige Minuten von der Altstadt entfernt. Die Anbindung an den \u00f6ffentlichen Nahverkehr ist hervorragend: Die Haltestellen Neumarkt und Heumarkt, wichtige Knotenpunkte im K\u00f6lner Verkehrsnetz, sind fu\u00dfl\u00e4ufig erreichbar. Von hier aus gelangen Sie schnell in alle Stadtteile sowie zum K\u00f6lner Hauptbahnhof. Auch mehrere Buslinien verlaufen in der N\u00e4he. Die Autobahnen A57, A559 und A4 sind mit dem Auto in etwa 10 Minuten erreichbar und bieten eine gute Verbindung in die Region und dar\u00fcber hinaus. Zum K\u00f6lner Hauptbahnhof ben\u00f6tigen Sie mit dem Auto nur rund 6 Minuten, der Flughafen K\u00f6ln\/Bonn ist in etwa 15 bis 20 Minuten erreichbar \u2013 ideal f\u00fcr Pendler und Gesch\u00e4ftsreisende. Die Umgebung rund um den Blaubach ist lebendig und urban: Zahlreiche Restaurants, Caf\u00e9s, Bars und Gesch\u00e4fte befinden sich in unmittelbarer N\u00e4he und laden zum Verweilen ein \u2013 perfekt f\u00fcr die Mittagspause oder den Feierabend.<\/p>\n<p>Bedeutende Unternehmen in der B\u00fcromarktzone: avanti GmbH, Max-Planck-Institut f\u00fcr Gesellschaftsf\u00f6rderung<\/p>\n<p>Hotels in der Umgebung: Premier Inn K\u00f6ln City S\u00fcd, Mercure Hotel, Hotel NH K\u00f6ln Altstadt<\/p>\n<p>\u2022 bodentiefe Fenster<br \/>\n\u2022 klimatisiert<br \/>\n\u2022 Empfangsbereich<\/p>\n<p>Es gelten ausschlie\u00dflich unsere AGB (www.ruhr-real.de\/agb). Wir m\u00f6chten Sie darauf hinweisen, dass die Angaben ausschlie\u00dflich auf den uns vom Eigent\u00fcmer \u00fcbermittelten Unterlagen und Informationen basieren. F\u00fcr Richtigkeit und Vollst\u00e4ndigkeit \u00fcbernehmen wir keine Gew\u00e4hr. Zwischenvermietung vorbehalten.<br \/>\n<div class=\"widget widget_immonex_user_defined_properties_widget\"><div class=\"immonex-widget immonex-widget-houzez\">\n\t\t<div class=\"immonex-widget-title clearfix\">\n\t\t<h2 class=\"widgettitle\">Energieeffizienz<\/h2>\t<\/div>\n\t\t<ul class=\"immonex-property-details row list-lined list-unstyled\">\n\t\t\t\t<li>\n\t\t\t<div class=\"list-lined-item w-100 d-flex justify-content-between py-2\">\n\t\t\t\t\t\t\t\t<strong class=\"property-details-label\">Energieausweis-Jahrgang:<\/strong>&nbsp;<span class=\"property-details-value\">not available<\/span>\n\t\t\t\t\t\t\t<\/div>\n\t\t<\/li>\n\t\t\t<\/ul>\n<\/div><\/div><\/p>\n","protected":false},"excerpt":{"rendered":"<p>Die klimatisierten B\u00fcrofl\u00e4chen befinden sich in zentraler Lage von K\u00f6ln und bieten eine flexible Nutzungsweise. Zur&#8230;<\/p>\n","protected":false},"author":1,"featured_media":157213,"parent":0,"menu_order":0,"template":"","property_type":[379],"property_status":[352],"property_feature":[361,354],"property_label":[],"property_country":[353],"property_state":[],"property_city":[336],"property_area":[],"class_list":["post-157212","property","type-property","status-publish","has-post-thumbnail","hentry","property_type-bueroflaechen","property_status-zu-vermieten","property_feature-klimaanlage","property_feature-personenaufzug","property_country-deutschland","property_city-koln"],"acf":[],"property_meta":{"rank_math_internal_links_processed":["1"],"_immonex_import_folder":["users\/RUHRREAL"],"fave_property_map_address":["50676 K\u00f6ln"],"fave_property_zip":["50676"],"fave_property_country":["DE"],"_immonex_lat":["50.9281443"],"_immonex_lng":["6.93847953017"],"houzez_geolocation_lat":["50.9281443"],"houzez_geolocation_long":["6.93847953017"],"fave_property_location":["50.9281443,6.93847953017"],"fave_property_price":["16.50"],"fave_property_sec_price":["16.5000"],"fave_property_size":["263"],"fave_property_id":["4200\/E2"],"_immonex_translation_id":["4200\/E2"],"_immonex_iso_country":["DEU"],"_openimmo_obid":["FC4B9A914547413893457010C6268D00"],"_openimmo_anid":["0000"],"_immonex_group_number":[""],"_immonex_group_id":[""],"_immonex_group_master":[""],"_immonex_import_meta":["a:6:{s:8:\"zip_file\";s:131:\"\/www\/htdocs\/w0172e0e\/ruhr-real_2024\/wp-content\/uploads\/immonex-openimmo-import\/users\/RUHRREAL\/Immowelt_estatePro_20250625175926.zip\";s:8:\"xml_file\";s:158:\"\/www\/htdocs\/w0172e0e\/ruhr-real_2024\/wp-content\/uploads\/immonex-openimmo-import\/immowelt_estatepro_20250625175926\/Homepage_2024_NEW_estatePro20250625175927.xml\";s:12:\"mapping_file\";s:116:\"\/www\/htdocs\/w0172e0e\/ruhr-real_2024\/wp-content\/uploads\/immonex-openimmo-import\/mappings\/houzez_ruhrreal_18122023.csv\";s:9:\"timestamp\";i:1750867215;s:4:\"date\";s:10:\"2025-06-25\";s:4:\"time\";s:8:\"18:00:15\";}"],"_is_immonex_import_property":["1"],"_immonex_is_reference":[""],"_immonex_is_sold":[""],"_immonex_is_reserved":[""],"_immonex_is_available":["1"],"additional_features":["a:18:{i:0;a:2:{s:29:\"fave_additional_feature_title\";s:14:\"Nettokaltmiete\";s:29:\"fave_additional_feature_value\";s:14:\"16,50&nbsp;\u20ac\";}i:1;a:2:{s:29:\"fave_additional_feature_title\";s:9:\"Kaltmiete\";s:29:\"fave_additional_feature_value\";s:14:\"16,50&nbsp;\u20ac\";}i:2;a:2:{s:29:\"fave_additional_feature_title\";s:9:\"Warmmiete\";s:29:\"fave_additional_feature_value\";s:11:\"20&nbsp;\u20ac\";}i:3;a:2:{s:29:\"fave_additional_feature_title\";s:29:\"monatl. Betriebs-\/Nebenkosten\";s:29:\"fave_additional_feature_value\";s:13:\"3,50&nbsp;\u20ac\";}i:4;a:2:{s:29:\"fave_additional_feature_title\";s:33:\"Heizkosten in Warmmiete enthalten\";s:29:\"fave_additional_feature_value\";s:4:\"nein\";}i:5;a:2:{s:29:\"fave_additional_feature_title\";s:32:\"Preise zuz\u00fcglich Mehrwertsteuer\";s:29:\"fave_additional_feature_value\";s:4:\"nein\";}i:6;a:2:{s:29:\"fave_additional_feature_title\";s:23:\"Netto-Kaltmiete pro m\u00b2\";s:29:\"fave_additional_feature_value\";s:14:\"16,50&nbsp;\u20ac\";}i:7;a:2:{s:29:\"fave_additional_feature_title\";s:16:\"K\u00e4uferprovision\";s:29:\"fave_additional_feature_value\";s:21:\"3-4 Nettomonatsmieten\";}i:8;a:2:{s:29:\"fave_additional_feature_title\";s:20:\"Hinweis zur Courtage\";s:29:\"fave_additional_feature_value\";s:233:\"Bei Vertr\u00e4gen bis zu f\u00fcnf Jahren Laufzeit ist ein Honorar von 3 Nettomonatsmieten vom Mieter an RUHR REAL zahlbar; bei Laufzeiten bis zu zehn Jahren werden 4 Nettomonatsmieten f\u00e4llig. Hinzu kommt die jeweils g\u00fcltige Umsatzsteuer.\";}i:9;a:2:{s:29:\"fave_additional_feature_title\";s:10:\"MwSt.-Satz\";s:29:\"fave_additional_feature_value\";s:9:\"19&nbsp;%\";}i:10;a:2:{s:29:\"fave_additional_feature_title\";s:12:\"B\u00fcrofl\u00e4che\";s:29:\"fave_additional_feature_value\";s:12:\"263&nbsp;m\u00b2\";}i:11;a:2:{s:29:\"fave_additional_feature_title\";s:16:\"B\u00fcroteilfl\u00e4che\";s:29:\"fave_additional_feature_value\";s:12:\"263&nbsp;m\u00b2\";}i:12;a:2:{s:29:\"fave_additional_feature_title\";s:10:\"Teilbar ab\";s:29:\"fave_additional_feature_value\";s:12:\"263&nbsp;m\u00b2\";}i:13;a:2:{s:29:\"fave_additional_feature_title\";s:19:\"Art der Ausstattung\";s:29:\"fave_additional_feature_value\";s:8:\"Standard\";}i:14;a:2:{s:29:\"fave_additional_feature_title\";s:10:\"Bodenbelag\";s:29:\"fave_additional_feature_value\";s:19:\"Teppich, Kunststoff\";}i:15;a:2:{s:29:\"fave_additional_feature_title\";s:18:\"Sicherheitstechnik\";s:29:\"fave_additional_feature_value\";s:6:\"Kamera\";}i:16;a:2:{s:29:\"fave_additional_feature_title\";s:7:\"Zustand\";s:29:\"fave_additional_feature_value\";s:8:\"gepflegt\";}i:17;a:2:{s:29:\"fave_additional_feature_title\";s:27:\"Immobilie ist verf\u00fcgbar ab\";s:29:\"fave_additional_feature_value\";s:24:\"01.02.2026, ggf. fr\u00fcher\";}}"],"fave_additional_features_enable":["enable"],"_immonex_custom_fields":["a:1:{s:23:\"Energieausweis-Jahrgang\";a:5:{s:14:\"mapping_source\";s:38:\"zustand_angaben->energiepass->jahrgang\";s:4:\"name\";s:0:\"\";s:5:\"group\";s:5:\"epass\";s:5:\"value\";s:13:\"not available\";s:19:\"value_before_filter\";s:4:\"ohne\";}}"],"_immonex_property_xml_source":["<?xml version=\"1.0\"?>\n<immobilie>\n<objektkategorie>\n<nutzungsart WOHNEN=\"false\" GEWERBE=\"true\"\/>\n<vermarktungsart KAUF=\"false\" MIETE_PACHT=\"true\"\/>\n<objektart>\n<buero_praxen buero_typ=\"BUEROHAUS\"\/>\n<\/objektart>\n<user_defined_simplefield\/>\n<\/objektkategorie>\n<geo>\n<plz>50676<\/plz>\n<ort>K&#xF6;ln<\/ort>\n<strasse>Neue Weyerstra&#xDF;e<\/strasse>\n<hausnummer>6<\/hausnummer>\n<land iso_land=\"DEU\"\/>\n<lage_im_bau\/>\n<\/geo>\n<kontaktperson>\n<email_zentrale>anfrage@ruhr-real.de<\/email_zentrale>\n<email_direkt>lendzian@ruhr-real.de<\/email_direkt>\n<tel_durchw>+49 221 273 229 22<\/tel_durchw>\n<tel_handy>+49 162 1531000<\/tel_handy>\n<name>Lendzian<\/name>\n<vorname>Niklas<\/vorname>\n<anrede>Herr<\/anrede>\n<firma>RUHR REAL GmbH<\/firma>\n<strasse>Holsterhauser Platz<\/strasse>\n<hausnummer>2<\/hausnummer>\n<plz>45147<\/plz>\n<ort>Essen<\/ort>\n<adressfreigabe>true<\/adressfreigabe>\n<\/kontaktperson>\n<preise>\n<nettokaltmiete>16.50<\/nettokaltmiete>\n<kaltmiete>16.50<\/kaltmiete>\n<warmmiete>20.00<\/warmmiete>\n<nebenkosten>3.50<\/nebenkosten>\n<heizkosten_enthalten>false<\/heizkosten_enthalten>\n<zzg_mehrwertsteuer>false<\/zzg_mehrwertsteuer>\n<preis_zeiteinheit\/>\n<mietpreis_pro_qm>16.5000<\/mietpreis_pro_qm>\n<provisionspflichtig>true<\/provisionspflichtig>\n<aussen_courtage mit_mwst=\"false\">3-4 Nettomonatsmieten<\/aussen_courtage>\n<courtage_hinweis>Bei Vertr&#xE4;gen bis zu f&#xFC;nf Jahren Laufzeit ist ein Honorar von 3 Nettomonatsmieten vom Mieter an RUHR REAL zahlbar; bei Laufzeiten bis zu zehn Jahren werden 4 Nettomonatsmieten f&#xE4;llig. Hinzu kommt die jeweils g&#xFC;ltige Umsatzsteuer.<\/courtage_hinweis>\n<waehrung iso_waehrung=\"EUR\"\/>\n<mwst_satz>19.00<\/mwst_satz>\n<stp_carport\/>\n<stp_duplex\/>\n<stp_freiplatz\/>\n<stp_garage\/>\n<stp_parkhaus\/>\n<stp_tiefgarage\/>\n<\/preise>\n<bieterverfahren\/>\n<versteigerung\/>\n<flaechen>\n<bueroflaeche>263<\/bueroflaeche>\n<bueroteilflaeche>263<\/bueroteilflaeche>\n<teilbar_ab>263<\/teilbar_ab>\n<\/flaechen>\n<ausstattung>\n<ausstatt_kategorie>STANDARD<\/ausstatt_kategorie>\n<bad\/>\n<kueche\/>\n<boden TEPPICH=\"true\" KUNSTSTOFF=\"true\"\/>\n<heizungsart\/>\n<befeuerung\/>\n<klimatisiert>true<\/klimatisiert>\n<fahrstuhl PERSONEN=\"true\"\/>\n<ausricht_balkon_terrasse\/>\n<angeschl_gastronomie\/>\n<sicherheitstechnik KAMERA=\"true\"\/>\n<\/ausstattung>\n<zustand_angaben>\n<zustand zustand_art=\"GEPFLEGT\"\/>\n<energiepass>\n<jahrgang>ohne<\/jahrgang>\n<\/energiepass>\n<\/zustand_angaben>\n<bewertung\/>\n<infrastruktur\/>\n<freitexte>\n<objekttitel>Weitblick &#xFC;ber K&#xF6;ln | Ausbau nach Mieterwunsch | Ausreichend Stellpl&#xE4;tze <\/objekttitel>\n<lage>ie Immobilie befindet sich in zentraler Lage von K&#xF6;ln &#x2013; nur wenige Minuten von der Altstadt entfernt. Die Anbindung an den &#xF6;ffentlichen Nahverkehr ist hervorragend: Die Haltestellen Neumarkt und Heumarkt, wichtige Knotenpunkte im K&#xF6;lner Verkehrsnetz, sind fu&#xDF;l&#xE4;ufig erreichbar. Von hier aus gelangen Sie schnell in alle Stadtteile sowie zum K&#xF6;lner Hauptbahnhof. Auch mehrere Buslinien verlaufen in der N&#xE4;he. Die Autobahnen A57, A559 und A4 sind mit dem Auto in etwa 10 Minuten erreichbar und bieten eine gute Verbindung in die Region und dar&#xFC;ber hinaus. Zum K&#xF6;lner Hauptbahnhof ben&#xF6;tigen Sie mit dem Auto nur rund 6 Minuten, der Flughafen K&#xF6;ln\/Bonn ist in etwa 15 bis 20 Minuten erreichbar &#x2013; ideal f&#xFC;r Pendler und Gesch&#xE4;ftsreisende. Die Umgebung rund um den Blaubach ist lebendig und urban: Zahlreiche Restaurants, Caf&#xE9;s, Bars und Gesch&#xE4;fte befinden sich in unmittelbarer N&#xE4;he und laden zum Verweilen ein &#x2013; perfekt f&#xFC;r die Mittagspause oder den Feierabend.\n\nBedeutende Unternehmen in der B&#xFC;romarktzone: avanti GmbH, Max-Planck-Institut f&#xFC;r Gesellschaftsf&#xF6;rderung\n\nHotels in der Umgebung: Premier Inn K&#xF6;ln City S&#xFC;d, Mercure Hotel, Hotel NH K&#xF6;ln Altstadt<\/lage>\n<ausstatt_beschr>&#x2022; bodentiefe Fenster\n&#x2022; klimatisiert\n&#x2022; Empfangsbereich<\/ausstatt_beschr>\n<objektbeschreibung>Die klimatisierten B&#xFC;rofl&#xE4;chen befinden sich in zentraler Lage von K&#xF6;ln und bieten eine flexible Nutzungsweise. Zur Disposition stehen B&#xFC;rofl&#xE4;chen im 7.OG und im 9.OG, jeweils klimatisiert und hochwertig ausgestattet. Beide Fl&#xE4;chen verf&#xFC;gen &#xFC;ber zwei Personenaufz&#xFC;ge sowie einen Serverraum. Die Mietr&#xE4;ume im 7.OG sind sofort bezugsfrei, die Einheit im 9.OG sind ab dem 01.02.2026, ggf. fr&#xFC;her verf&#xFC;gbar.\n\nFolgende Fl&#xE4;chen stehen zur Verf&#xFC;gung:\n\n7.OG: 295 m&#xB2;, ab 16,50 EUR\/m&#xB2;, sofort verf&#xFC;gbar\n9.OG: 263 m&#xB2;, ab 16,50 EUR\/m&#xB2;, 01.02.2026 <\/objektbeschreibung>\n<sonstige_angaben>Es gelten ausschlie&#xDF;lich unsere AGB (www.ruhr-real.de\/agb). Wir m&#xF6;chten Sie darauf hinweisen, dass die Angaben ausschlie&#xDF;lich auf den uns vom Eigent&#xFC;mer &#xFC;bermittelten Unterlagen und Informationen basieren. F&#xFC;r Richtigkeit und Vollst&#xE4;ndigkeit &#xFC;bernehmen wir keine Gew&#xE4;hr. Zwischenvermietung vorbehalten.<\/sonstige_angaben>\n<\/freitexte>\n<anhaenge>\n<anhang location=\"EXTERN\" gruppe=\"TITELBILD\">\n<anhangtitel>Eintritt<\/anhangtitel>\n<format>JPG<\/format>\n<daten>\n<pfad>34899452a3c2401bad03e0100c4743dd.JPG<\/pfad>\n<\/daten>\n<\/anhang>\n<anhang location=\"EXTERN\" gruppe=\"BILD\">\n<anhangtitel>Au&#xDF;en<\/anhangtitel>\n<format>JPG<\/format>\n<daten>\n<pfad>449e5070e1d947189ba4fbcb79aa6f54.JPG<\/pfad>\n<\/daten>\n<\/anhang>\n<anhang location=\"EXTERN\" gruppe=\"BILD\">\n<anhangtitel>B&#xFC;ro<\/anhangtitel>\n<format>JPG<\/format>\n<daten>\n<pfad>9400bd1c4fdb4d7385021f4d39e8c866.JPG<\/pfad>\n<\/daten>\n<\/anhang>\n<anhang location=\"EXTERN\" gruppe=\"BILD\">\n<anhangtitel>Empfangsbereich<\/anhangtitel>\n<format>JPG<\/format>\n<daten>\n<pfad>473f32df7ada4da18f63a3cf7d97f2b5.JPG<\/pfad>\n<\/daten>\n<\/anhang>\n<anhang location=\"EXTERN\" gruppe=\"BILD\">\n<anhangtitel>B&#xFC;ro<\/anhangtitel>\n<format>JPG<\/format>\n<daten>\n<pfad>8e1964a96d8a470db1c656d898d804e2.JPG<\/pfad>\n<\/daten>\n<\/anhang>\n<anhang location=\"EXTERN\" gruppe=\"GRUNDRISS\">\n<anhangtitel>Grundriss 9. OG<\/anhangtitel>\n<format>PNG<\/format>\n<daten>\n<pfad>b14e56f98cb240a3a5d35cf53ad24777.PNG<\/pfad>\n<\/daten>\n<\/anhang>\n<\/anhaenge>\n<verwaltung_objekt>\n<objektadresse_freigeben>false<\/objektadresse_freigeben>\n<verfuegbar_ab>01.02.2026, ggf. fr&#xFC;her<\/verfuegbar_ab>\n<geschlecht\/>\n<\/verwaltung_objekt>\n<verwaltung_techn>\n<objektnr_intern>FC4B9A914547413893457010C6268D00<\/objektnr_intern>\n<objektnr_extern>4200\/E2<\/objektnr_extern>\n<aktion aktionart=\"CHANGE\"\/>\n<openimmo_obid>FC4B9A914547413893457010C6268D00<\/openimmo_obid>\n<kennung_ursprung>estatePro V10.0.0.8<\/kennung_ursprung>\n<stand_vom>2025-06-25<\/stand_vom>\n<\/verwaltung_techn>\n<user_defined_simplefield feldname=\"Startseite\">Nein<\/user_defined_simplefield>\n<\/immobilie>\n"],"_thumbnail_id":["157213"],"fave_property_images":["157213","157214","157215","157216","157217"],"fave_floor_plans_enable":["enable"],"floor_plans":["a:1:{i:0;a:7:{s:15:\"fave_plan_title\";s:15:\"Grundriss 9. OG\";s:15:\"fave_plan_rooms\";s:0:\"\";s:19:\"fave_plan_bathrooms\";s:0:\"\";s:15:\"fave_plan_price\";s:0:\"\";s:14:\"fave_plan_size\";s:0:\"\";s:15:\"fave_plan_image\";s:84:\"https:\/\/ruhr-real.de\/wp-content\/uploads\/2025\/06\/b14e56f98cb240a3a5d35cf53ad24777.png\";s:21:\"fave_plan_description\";s:0:\"\";}}"],"fave_prop_homeslider":["yes"],"fave_prop_slider_image":["157213"],"fave_agents":["156452"],"fave_agent_display_option":["agent_info"],"fave_single_top_area":["global"],"fave_single_content_area":["global"],"fave_property_map":["1"],"fave_property_map_street_view":["hide"],"fave_property_size_prefix":["m\u00b2"],"fave_property_land_postfix":["m\u00b2"],"fave_featured":["0"],"houzez_featured_listing_date":[""],"fave_property_price_postfix":["pro&nbsp;m\u00b2"],"fave_currency":["EUR"],"fave_currency_info":["a:8:{s:2:\"id\";s:1:\"1\";s:13:\"currency_name\";s:4:\"Euro\";s:13:\"currency_code\";s:3:\"EUR\";s:15:\"currency_symbol\";s:3:\"\u20ac\";s:17:\"currency_position\";s:5:\"after\";s:16:\"currency_decimal\";s:1:\"2\";s:26:\"currency_decimal_separator\";s:1:\",\";s:27:\"currency_thousand_separator\";s:1:\".\";}"],"houzez_total_property_views":["1385"],"houzez_views_by_date":["a:61:{s:10:\"02-27-2026\";i:6;s:10:\"02-28-2026\";i:4;s:10:\"03-01-2026\";i:4;s:10:\"03-02-2026\";i:4;s:10:\"03-03-2026\";i:4;s:10:\"03-04-2026\";i:4;s:10:\"03-05-2026\";i:6;s:10:\"03-06-2026\";i:4;s:10:\"03-07-2026\";i:4;s:10:\"03-08-2026\";i:4;s:10:\"03-09-2026\";i:4;s:10:\"03-10-2026\";i:4;s:10:\"03-11-2026\";i:4;s:10:\"03-12-2026\";i:5;s:10:\"03-13-2026\";i:4;s:10:\"03-14-2026\";i:4;s:10:\"03-15-2026\";i:4;s:10:\"03-16-2026\";i:2;s:10:\"03-17-2026\";i:8;s:10:\"03-18-2026\";i:6;s:10:\"03-19-2026\";i:4;s:10:\"03-20-2026\";i:6;s:10:\"03-21-2026\";i:4;s:10:\"03-22-2026\";i:4;s:10:\"03-23-2026\";i:4;s:10:\"03-24-2026\";i:4;s:10:\"03-25-2026\";i:4;s:10:\"03-26-2026\";i:6;s:10:\"03-27-2026\";i:4;s:10:\"03-28-2026\";i:4;s:10:\"03-29-2026\";i:4;s:10:\"03-30-2026\";i:6;s:10:\"03-31-2026\";i:4;s:10:\"04-01-2026\";i:7;s:10:\"04-02-2026\";i:9;s:10:\"04-03-2026\";i:8;s:10:\"04-04-2026\";i:8;s:10:\"04-05-2026\";i:8;s:10:\"04-06-2026\";i:8;s:10:\"04-07-2026\";i:10;s:10:\"04-08-2026\";i:8;s:10:\"04-09-2026\";i:8;s:10:\"04-10-2026\";i:8;s:10:\"04-11-2026\";i:7;s:10:\"04-12-2026\";i:8;s:10:\"04-13-2026\";i:8;s:10:\"04-14-2026\";i:8;s:10:\"04-15-2026\";i:8;s:10:\"04-16-2026\";i:8;s:10:\"04-17-2026\";i:8;s:10:\"04-18-2026\";i:8;s:10:\"04-19-2026\";i:8;s:10:\"04-20-2026\";i:8;s:10:\"04-21-2026\";i:8;s:10:\"04-22-2026\";i:8;s:10:\"04-23-2026\";i:8;s:10:\"04-24-2026\";i:8;s:10:\"04-25-2026\";i:8;s:10:\"04-26-2026\";i:8;s:10:\"04-27-2026\";i:8;s:10:\"04-28-2026\";i:4;}"],"houzez_recently_viewed":["2026-04-28 11:30:49"],"tp_widgets":["a:2:{s:7:\"widgets\";a:0:{}s:9:\"update_at\";s:10:\"1764682733\";}"],"_elementor_page_assets":["a:0:{}"]},"_links":{"self":[{"href":"https:\/\/ruhr-real.de\/en\/wp-json\/wp\/v2\/properties\/157212","targetHints":{"allow":["GET"]}}],"collection":[{"href":"https:\/\/ruhr-real.de\/en\/wp-json\/wp\/v2\/properties"}],"about":[{"href":"https:\/\/ruhr-real.de\/en\/wp-json\/wp\/v2\/types\/property"}],"author":[{"embeddable":true,"href":"https:\/\/ruhr-real.de\/en\/wp-json\/wp\/v2\/users\/1"}],"version-history":[{"count":0,"href":"https:\/\/ruhr-real.de\/en\/wp-json\/wp\/v2\/properties\/157212\/revisions"}],"wp:featuredmedia":[{"embeddable":true,"href":"https:\/\/ruhr-real.de\/en\/wp-json\/wp\/v2\/media\/157213"}],"wp:attachment":[{"href":"https:\/\/ruhr-real.de\/en\/wp-json\/wp\/v2\/media?parent=157212"}],"wp:term":[{"taxonomy":"property_type","embeddable":true,"href":"https:\/\/ruhr-real.de\/en\/wp-json\/wp\/v2\/property_type?post=157212"},{"taxonomy":"property_status","embeddable":true,"href":"https:\/\/ruhr-real.de\/en\/wp-json\/wp\/v2\/property_status?post=157212"},{"taxonomy":"property_feature","embeddable":true,"href":"https:\/\/ruhr-real.de\/en\/wp-json\/wp\/v2\/property_feature?post=157212"},{"taxonomy":"property_label","embeddable":true,"href":"https:\/\/ruhr-real.de\/en\/wp-json\/wp\/v2\/property_label?post=157212"},{"taxonomy":"property_country","embeddable":true,"href":"https:\/\/ruhr-real.de\/en\/wp-json\/wp\/v2\/property_country?post=157212"},{"taxonomy":"property_state","embeddable":true,"href":"https:\/\/ruhr-real.de\/en\/wp-json\/wp\/v2\/property_state?post=157212"},{"taxonomy":"property_city","embeddable":true,"href":"https:\/\/ruhr-real.de\/en\/wp-json\/wp\/v2\/property_city?post=157212"},{"taxonomy":"property_area","embeddable":true,"href":"https:\/\/ruhr-real.de\/en\/wp-json\/wp\/v2\/property_area?post=157212"}],"curies":[{"name":"wp","href":"https:\/\/api.w.org\/{rel}","templated":true}]}}