{"id":157252,"date":"2025-06-25T00:01:17","date_gmt":"2025-06-24T22:01:17","guid":{"rendered":"https:\/\/ruhr-real.de\/objekt\/provisionsfrei-stellplatzwunder-rheinblick-klimatisiert-dachterrasse\/"},"modified":"2025-06-25T00:01:17","modified_gmt":"2025-06-24T22:01:17","slug":"provisionsfrei-stellplatzwunder-rheinblick-klimatisiert-dachterrasse","status":"publish","type":"property","link":"https:\/\/ruhr-real.de\/en\/objekt\/provisionsfrei-stellplatzwunder-rheinblick-klimatisiert-dachterrasse\/","title":{"rendered":"Provisionsfrei | Stellplatzwunder | Rheinblick | Klimatisiert | Dachterrasse"},"content":{"rendered":"<p>Die ca. 735 m\u00b2 gro\u00dfe B\u00fcrofl\u00e4che \u00fcberzeugt durch eine moderne Ausstattung und eine attraktive Lage mit Rheinblick. Eine effiziente Klimaanlage sorgt ganzj\u00e4hrig f\u00fcr angenehme Temperaturen durch Heizen und K\u00fchlen. Hochwertiger Nadelfilzboden, Stehleuchten, Glaselemente und Glast\u00fcren schaffen eine angenehme Arbeitsatmosph\u00e4re. Der au\u00dfenliegende, elektrische Sonnenschutz unterst\u00fctzt den sommerlichen W\u00e4rmeschutz. Die Fl\u00e4che verf\u00fcgt \u00fcber zwei Aufz\u00fcge, eine Gegensprechanlage, einen zentralen Sanit\u00e4rbereich inkl. Behinderten-WC im Erdgeschoss sowie eine Teek\u00fcchenvorrichtung.<\/p>\n<p>Technisch ist die Fl\u00e4che mit CAT-7-Verkabelung, Glasfaseranschluss, Fu\u00dfleistenkabelkan\u00e4len sowie einem klimatisierten Serverraum optimal ausgestattet. Drei Lagerfl\u00e4chen \u00e0 ca. 60 m\u00b2 bieten zus\u00e4tzlichen Stauraum. Highlight ist die gro\u00dfz\u00fcgige, anteilig anrechenbare Dachterrasse mit ca. 180 m\u00b2. 38 Stellpl\u00e4tze stehen zur Verf\u00fcgung.<\/p>\n<p>Folgende Fl\u00e4chen stehen zur Verf\u00fcgung:<\/p>\n<p>3.OG: 491 m\u00b2, 16,50 EUR\/m\u00b2, sofort verf\u00fcgbar<br \/>\n4.OG: 735 m\u00b2, 16,50 EUR\/m\u00b2, sofort verf\u00fcgbar<\/p>\n<p>Die Liegenschaft befindet sich in attraktiver Rheinlage im K\u00f6lner S\u00fcden mit sehr guter infrastruktureller Anbindung. Eine Haltestelle des \u00f6ffentlichen Nahverkehrs ist in wenigen Gehminuten erreichbar und bietet eine schnelle Verbindung in die Innenstadt. Gastronomische Einrichtungen sowie Einkaufsm\u00f6glichkeiten f\u00fcr den t\u00e4glichen Bedarf befinden sich ebenfalls fu\u00dfl\u00e4ufig in der n\u00e4heren Umgebung. Der K\u00f6lner Hauptbahnhof ist in etwa 15 Fahrminuten mit dem Auto erreichbar, der Flughafen K\u00f6ln\/Bonn liegt ca. 20 Minuten entfernt. Die n\u00e4chste Autobahnauffahrt ist in rund 5 Minuten mit dem Pkw zu erreichen und gew\u00e4hrleistet eine optimale \u00fcberregionale Anbindung.<\/p>\n<p>\u2022 Dachterrasse<br \/>\n\u2022 Rheinblick<br \/>\n\u2022 Gegensprechanlage<br \/>\n\u2022 Glaselemente<br \/>\n\u2022 BMA<br \/>\n\u2022 klimatisierter Serverraum<\/p>\n<p>Es gelten ausschlie\u00dflich unsere AGB (www.ruhr-real.de\/agb). Wir m\u00f6chten Sie darauf hinweisen, dass die Angaben ausschlie\u00dflich auf den uns vom Eigent\u00fcmer \u00fcbermittelten Unterlagen und Informationen basieren. F\u00fcr Richtigkeit und Vollst\u00e4ndigkeit \u00fcbernehmen wir keine Gew\u00e4hr. Zwischenvermietung vorbehalten.<br \/>\n<div class=\"widget widget_immonex_user_defined_properties_widget\"><div class=\"immonex-widget immonex-widget-houzez\">\n\t\t<div class=\"immonex-widget-title clearfix\">\n\t\t<h2 class=\"widgettitle\">Energieeffizienz<\/h2>\t<\/div>\n\t\t<ul class=\"immonex-property-details row list-lined list-unstyled\">\n\t\t\t\t<li>\n\t\t\t<div class=\"list-lined-item w-100 d-flex justify-content-between py-2\">\n\t\t\t\t\t\t\t\t<strong class=\"property-details-label\">Energieausweis-Art:<\/strong>&nbsp;<span class=\"property-details-value\">Consumption<\/span>\n\t\t\t\t\t\t\t<\/div>\n\t\t<\/li>\n\t\t\t\t<li>\n\t\t\t<div class=\"list-lined-item w-100 d-flex justify-content-between py-2\">\n\t\t\t\t\t\t\t\t<strong class=\"property-details-label\">Prim\u00e4renergietr\u00e4ger:<\/strong>&nbsp;<span class=\"property-details-value\">Gas<\/span>\n\t\t\t\t\t\t\t<\/div>\n\t\t<\/li>\n\t\t\t\t<li>\n\t\t\t<div class=\"list-lined-item w-100 d-flex justify-content-between py-2\">\n\t\t\t\t\t\t\t\t<strong class=\"property-details-label\">Stromverbrauchskennwert:<\/strong>&nbsp;<span class=\"property-details-value\">29&nbsp;kWh\/(m\u00b2*a)<\/span>\n\t\t\t\t\t\t\t<\/div>\n\t\t<\/li>\n\t\t\t\t<li>\n\t\t\t<div class=\"list-lined-item w-100 d-flex justify-content-between py-2\">\n\t\t\t\t\t\t\t\t<strong class=\"property-details-label\">Heizenergieverbrauchskennwert:<\/strong>&nbsp;<span class=\"property-details-value\">115&nbsp;kWh\/(m\u00b2*a)<\/span>\n\t\t\t\t\t\t\t<\/div>\n\t\t<\/li>\n\t\t\t\t<li>\n\t\t\t<div class=\"list-lined-item w-100 d-flex justify-content-between py-2\">\n\t\t\t\t\t\t\t\t<strong class=\"property-details-label\">Baujahr (Energieausweis):<\/strong>&nbsp;<span class=\"property-details-value\">1989<\/span>\n\t\t\t\t\t\t\t<\/div>\n\t\t<\/li>\n\t\t\t\t<li>\n\t\t\t<div class=\"list-lined-item w-100 d-flex justify-content-between py-2\">\n\t\t\t\t\t\t\t\t<strong class=\"property-details-label\">Energieausweis-Ausstellungsdatum:<\/strong>&nbsp;<span class=\"property-details-value\">08.02.2023<\/span>\n\t\t\t\t\t\t\t<\/div>\n\t\t<\/li>\n\t\t\t\t<li>\n\t\t\t<div class=\"list-lined-item w-100 d-flex justify-content-between py-2\">\n\t\t\t\t\t\t\t\t<strong class=\"property-details-label\">Energieausweis-Jahrgang:<\/strong>&nbsp;<span class=\"property-details-value\">as from may 2014<\/span>\n\t\t\t\t\t\t\t<\/div>\n\t\t<\/li>\n\t\t\t<\/ul>\n<\/div><\/div><\/p>\n","protected":false},"excerpt":{"rendered":"<p>Die ca. 735 m\u00b2 gro\u00dfe B\u00fcrofl\u00e4che \u00fcberzeugt durch eine moderne Ausstattung und eine attraktive Lage mit Rheinblick&#8230;.<\/p>\n","protected":false},"author":1,"featured_media":157253,"parent":0,"menu_order":0,"template":"","property_type":[379],"property_status":[352],"property_feature":[361,354],"property_label":[],"property_country":[353],"property_state":[],"property_city":[336],"property_area":[],"class_list":["post-157252","property","type-property","status-publish","has-post-thumbnail","hentry","property_type-bueroflaechen","property_status-zu-vermieten","property_feature-klimaanlage","property_feature-personenaufzug","property_country-deutschland","property_city-koln"],"acf":[],"property_meta":{"rank_math_internal_links_processed":["1"],"_immonex_import_folder":["users\/RUHRREAL"],"fave_property_map_address":["50968 K\u00f6ln"],"fave_property_zip":["50968"],"fave_property_country":["DE"],"_immonex_lat":["50.90647575"],"_immonex_lng":["6.98501766731"],"houzez_geolocation_lat":["50.90647575"],"houzez_geolocation_long":["6.98501766731"],"fave_property_location":["50.90647575,6.98501766731"],"fave_property_price":["16.50"],"fave_property_sec_price":["16.5000"],"fave_property_size":["736"],"fave_property_year":["1989"],"fave_property_id":["4227\/G1\/E2"],"_immonex_translation_id":["4227\/G1\/E2"],"_immonex_iso_country":["DEU"],"_openimmo_obid":["A0F731498EB2488D860F3D170F7F20AF"],"_openimmo_anid":["0000"],"_immonex_group_number":[""],"_immonex_group_id":[""],"_immonex_group_master":[""],"_immonex_import_meta":["a:6:{s:8:\"zip_file\";s:131:\"\/www\/htdocs\/w0172e0e\/ruhr-real_2024\/wp-content\/uploads\/immonex-openimmo-import\/users\/RUHRREAL\/Immowelt_estatePro_20250625181228.zip\";s:8:\"xml_file\";s:158:\"\/www\/htdocs\/w0172e0e\/ruhr-real_2024\/wp-content\/uploads\/immonex-openimmo-import\/immowelt_estatepro_20250625181228\/Homepage_2024_NEW_estatePro20250625181228.xml\";s:12:\"mapping_file\";s:116:\"\/www\/htdocs\/w0172e0e\/ruhr-real_2024\/wp-content\/uploads\/immonex-openimmo-import\/mappings\/houzez_ruhrreal_18122023.csv\";s:9:\"timestamp\";i:1750867997;s:4:\"date\";s:10:\"2025-06-25\";s:4:\"time\";s:8:\"18:13:17\";}"],"_is_immonex_import_property":["1"],"_immonex_is_reference":[""],"_immonex_is_sold":[""],"_immonex_is_reserved":[""],"_immonex_is_available":["1"],"additional_features":["a:15:{i:0;a:2:{s:29:\"fave_additional_feature_title\";s:14:\"Nettokaltmiete\";s:29:\"fave_additional_feature_value\";s:14:\"16,50&nbsp;\u20ac\";}i:1;a:2:{s:29:\"fave_additional_feature_title\";s:9:\"Kaltmiete\";s:29:\"fave_additional_feature_value\";s:14:\"16,50&nbsp;\u20ac\";}i:2;a:2:{s:29:\"fave_additional_feature_title\";s:33:\"Heizkosten in Warmmiete enthalten\";s:29:\"fave_additional_feature_value\";s:4:\"nein\";}i:3;a:2:{s:29:\"fave_additional_feature_title\";s:32:\"Preise zuz\u00fcglich Mehrwertsteuer\";s:29:\"fave_additional_feature_value\";s:4:\"nein\";}i:4;a:2:{s:29:\"fave_additional_feature_title\";s:23:\"Netto-Kaltmiete pro m\u00b2\";s:29:\"fave_additional_feature_value\";s:14:\"16,50&nbsp;\u20ac\";}i:5;a:2:{s:29:\"fave_additional_feature_title\";s:10:\"MwSt.-Satz\";s:29:\"fave_additional_feature_value\";s:9:\"19&nbsp;%\";}i:6;a:2:{s:29:\"fave_additional_feature_title\";s:12:\"B\u00fcrofl\u00e4che\";s:29:\"fave_additional_feature_value\";s:12:\"736&nbsp;m\u00b2\";}i:7;a:2:{s:29:\"fave_additional_feature_title\";s:16:\"B\u00fcroteilfl\u00e4che\";s:29:\"fave_additional_feature_value\";s:12:\"736&nbsp;m\u00b2\";}i:8;a:2:{s:29:\"fave_additional_feature_title\";s:10:\"Teilbar ab\";s:29:\"fave_additional_feature_value\";s:12:\"736&nbsp;m\u00b2\";}i:9;a:2:{s:29:\"fave_additional_feature_title\";s:19:\"Art der Ausstattung\";s:29:\"fave_additional_feature_value\";s:7:\"gehoben\";}i:10;a:2:{s:29:\"fave_additional_feature_title\";s:10:\"Befeuerung\";s:29:\"fave_additional_feature_value\";s:3:\"Gas\";}i:11;a:2:{s:29:\"fave_additional_feature_title\";s:10:\"Bodenbelag\";s:29:\"fave_additional_feature_value\";s:19:\"Teppich, Kunststoff\";}i:12;a:2:{s:29:\"fave_additional_feature_title\";s:18:\"Sicherheitstechnik\";s:29:\"fave_additional_feature_value\";s:11:\"Alarmanlage\";}i:13;a:2:{s:29:\"fave_additional_feature_title\";s:7:\"Zustand\";s:29:\"fave_additional_feature_value\";s:8:\"gepflegt\";}i:14;a:2:{s:29:\"fave_additional_feature_title\";s:27:\"Immobilie ist verf\u00fcgbar ab\";s:29:\"fave_additional_feature_value\";s:17:\"nach Vereinbarung\";}}"],"fave_additional_features_enable":["enable"],"_immonex_custom_fields":["a:7:{s:18:\"Energieausweis-Art\";a:5:{s:14:\"mapping_source\";s:35:\"zustand_angaben->energiepass->epart\";s:4:\"name\";s:0:\"\";s:5:\"group\";s:5:\"epass\";s:5:\"value\";s:11:\"Consumption\";s:19:\"value_before_filter\";s:9:\"VERBRAUCH\";}s:21:\"Prim\u00e4renergietr\u00e4ger\";a:5:{s:14:\"mapping_source\";s:28:\"ausstattung->befeuerung:GAS+\";s:4:\"name\";s:0:\"\";s:5:\"group\";s:5:\"epass\";s:5:\"value\";s:3:\"Gas\";s:19:\"value_before_filter\";s:3:\"Gas\";}s:23:\"Stromverbrauchskennwert\";a:5:{s:14:\"mapping_source\";s:39:\"zustand_angaben->energiepass->stromwert\";s:4:\"name\";s:0:\"\";s:5:\"group\";s:5:\"epass\";s:5:\"value\";s:19:\"29&nbsp;kWh\/(m\u00b2*a)\";s:19:\"value_before_filter\";s:2:\"29\";}s:29:\"Heizenergieverbrauchskennwert\";a:5:{s:14:\"mapping_source\";s:40:\"zustand_angaben->energiepass->waermewert\";s:4:\"name\";s:0:\"\";s:5:\"group\";s:5:\"epass\";s:5:\"value\";s:20:\"115&nbsp;kWh\/(m\u00b2*a)\";s:19:\"value_before_filter\";s:3:\"115\";}s:24:\"Baujahr (Energieausweis)\";a:5:{s:14:\"mapping_source\";s:37:\"zustand_angaben->energiepass->baujahr\";s:4:\"name\";s:0:\"\";s:5:\"group\";s:5:\"epass\";s:5:\"value\";s:4:\"1989\";s:19:\"value_before_filter\";s:4:\"1989\";}s:32:\"Energieausweis-Ausstellungsdatum\";a:5:{s:14:\"mapping_source\";s:43:\"zustand_angaben->energiepass->ausstelldatum\";s:4:\"name\";s:0:\"\";s:5:\"group\";s:5:\"epass\";s:5:\"value\";s:10:\"08.02.2023\";s:19:\"value_before_filter\";s:10:\"2023-02-08\";}s:23:\"Energieausweis-Jahrgang\";a:5:{s:14:\"mapping_source\";s:38:\"zustand_angaben->energiepass->jahrgang\";s:4:\"name\";s:0:\"\";s:5:\"group\";s:5:\"epass\";s:5:\"value\";s:16:\"as from may 2014\";s:19:\"value_before_filter\";s:4:\"2014\";}}"],"_immonex_property_xml_source":["<?xml version=\"1.0\"?>\n<immobilie>\n<objektkategorie>\n<nutzungsart WOHNEN=\"false\" GEWERBE=\"true\"\/>\n<vermarktungsart KAUF=\"false\" MIETE_PACHT=\"true\"\/>\n<objektart>\n<buero_praxen buero_typ=\"BUEROHAUS\"\/>\n<\/objektart>\n<user_defined_simplefield\/>\n<\/objektkategorie>\n<geo>\n<plz>50968<\/plz>\n<ort>K&#xF6;ln<\/ort>\n<strasse>Gustav-Heinemann-Ufer<\/strasse>\n<hausnummer>54<\/hausnummer>\n<land iso_land=\"DEU\"\/>\n<lage_im_bau\/>\n<\/geo>\n<kontaktperson>\n<email_zentrale>anfrage@ruhr-real.de<\/email_zentrale>\n<email_direkt>laufenberg@ruhr-real.de<\/email_direkt>\n<tel_durchw>+49 221 273 229 33<\/tel_durchw>\n<tel_handy>+49 162 1728000<\/tel_handy>\n<name>Laufenberg<\/name>\n<vorname>Lars<\/vorname>\n<anrede>Herr<\/anrede>\n<firma>RUHR REAL GmbH<\/firma>\n<strasse>Holsterhauser Platz<\/strasse>\n<hausnummer>2<\/hausnummer>\n<plz>45147<\/plz>\n<ort>Essen<\/ort>\n<adressfreigabe>true<\/adressfreigabe>\n<\/kontaktperson>\n<preise>\n<nettokaltmiete>16.50<\/nettokaltmiete>\n<kaltmiete>16.50<\/kaltmiete>\n<heizkosten_enthalten>false<\/heizkosten_enthalten>\n<zzg_mehrwertsteuer>false<\/zzg_mehrwertsteuer>\n<preis_zeiteinheit\/>\n<mietpreis_pro_qm>16.5000<\/mietpreis_pro_qm>\n<provisionspflichtig>false<\/provisionspflichtig>\n<waehrung iso_waehrung=\"EUR\"\/>\n<mwst_satz>19.00<\/mwst_satz>\n<stp_carport\/>\n<stp_duplex\/>\n<stp_freiplatz\/>\n<stp_garage\/>\n<stp_parkhaus\/>\n<stp_tiefgarage\/>\n<\/preise>\n<bieterverfahren\/>\n<versteigerung\/>\n<flaechen>\n<bueroflaeche>736<\/bueroflaeche>\n<bueroteilflaeche>736<\/bueroteilflaeche>\n<teilbar_ab>736<\/teilbar_ab>\n<anzahl_stellplaetze type=\"xsd:decimal\">38<\/anzahl_stellplaetze>\n<\/flaechen>\n<ausstattung>\n<ausstatt_kategorie>GEHOBEN<\/ausstatt_kategorie>\n<bad\/>\n<kueche\/>\n<boden TEPPICH=\"true\" KUNSTSTOFF=\"true\"\/>\n<heizungsart\/>\n<befeuerung GAS=\"true\"\/>\n<klimatisiert>true<\/klimatisiert>\n<fahrstuhl PERSONEN=\"true\"\/>\n<ausricht_balkon_terrasse\/>\n<angeschl_gastronomie\/>\n<sicherheitstechnik ALARMANLAGE=\"true\"\/>\n<\/ausstattung>\n<zustand_angaben>\n<baujahr>1989<\/baujahr>\n<zustand zustand_art=\"GEPFLEGT\"\/>\n<energiepass>\n<epart>VERBRAUCH<\/epart>\n<stromwert>29<\/stromwert>\n<waermewert>115<\/waermewert>\n<baujahr>1989<\/baujahr>\n<ausstelldatum>2023-02-08<\/ausstelldatum>\n<jahrgang>2014<\/jahrgang>\n<\/energiepass>\n<\/zustand_angaben>\n<bewertung\/>\n<infrastruktur\/>\n<freitexte>\n<objekttitel>Provisionsfrei | Stellplatzwunder | Rheinblick | Klimatisiert | Dachterrasse<\/objekttitel>\n<lage>Die Liegenschaft befindet sich in attraktiver Rheinlage im K&#xF6;lner S&#xFC;den mit sehr guter infrastruktureller Anbindung. Eine Haltestelle des &#xF6;ffentlichen Nahverkehrs ist in wenigen Gehminuten erreichbar und bietet eine schnelle Verbindung in die Innenstadt. Gastronomische Einrichtungen sowie Einkaufsm&#xF6;glichkeiten f&#xFC;r den t&#xE4;glichen Bedarf befinden sich ebenfalls fu&#xDF;l&#xE4;ufig in der n&#xE4;heren Umgebung. Der K&#xF6;lner Hauptbahnhof ist in etwa 15 Fahrminuten mit dem Auto erreichbar, der Flughafen K&#xF6;ln\/Bonn liegt ca. 20 Minuten entfernt. Die n&#xE4;chste Autobahnauffahrt ist in rund 5 Minuten mit dem Pkw zu erreichen und gew&#xE4;hrleistet eine optimale &#xFC;berregionale Anbindung.<\/lage>\n<ausstatt_beschr>&#x2022; Dachterrasse\n&#x2022; Rheinblick\n&#x2022; Gegensprechanlage\n&#x2022; Glaselemente\n&#x2022; BMA\n&#x2022; klimatisierter Serverraum<\/ausstatt_beschr>\n<objektbeschreibung>Die ca. 735 m&#xB2; gro&#xDF;e B&#xFC;rofl&#xE4;che &#xFC;berzeugt durch eine moderne Ausstattung und eine attraktive Lage mit Rheinblick. Eine effiziente Klimaanlage sorgt ganzj&#xE4;hrig f&#xFC;r angenehme Temperaturen durch Heizen und K&#xFC;hlen. Hochwertiger Nadelfilzboden, Stehleuchten, Glaselemente und Glast&#xFC;ren schaffen eine angenehme Arbeitsatmosph&#xE4;re. Der au&#xDF;enliegende, elektrische Sonnenschutz unterst&#xFC;tzt den sommerlichen W&#xE4;rmeschutz. Die Fl&#xE4;che verf&#xFC;gt &#xFC;ber zwei Aufz&#xFC;ge, eine Gegensprechanlage, einen zentralen Sanit&#xE4;rbereich inkl. Behinderten-WC im Erdgeschoss sowie eine Teek&#xFC;chenvorrichtung.\n\nTechnisch ist die Fl&#xE4;che mit CAT-7-Verkabelung, Glasfaseranschluss, Fu&#xDF;leistenkabelkan&#xE4;len sowie einem klimatisierten Serverraum optimal ausgestattet. Drei Lagerfl&#xE4;chen &#xE0; ca. 60 m&#xB2; bieten zus&#xE4;tzlichen Stauraum. Highlight ist die gro&#xDF;z&#xFC;gige, anteilig anrechenbare Dachterrasse mit ca. 180 m&#xB2;. 38 Stellpl&#xE4;tze stehen zur Verf&#xFC;gung.\n\nFolgende Fl&#xE4;chen stehen zur Verf&#xFC;gung: \n\n3.OG: 491 m&#xB2;, 16,50 EUR\/m&#xB2;, sofort verf&#xFC;gbar\n4.OG: 735 m&#xB2;, 16,50 EUR\/m&#xB2;, sofort verf&#xFC;gbar<\/objektbeschreibung><sonstige_angaben>Es gelten ausschlie&#xDF;lich unsere AGB (www.ruhr-real.de\/agb). Wir m&#xF6;chten Sie darauf hinweisen, dass die Angaben ausschlie&#xDF;lich auf den uns vom Eigent&#xFC;mer &#xFC;bermittelten Unterlagen und Informationen basieren. F&#xFC;r Richtigkeit und Vollst&#xE4;ndigkeit &#xFC;bernehmen wir keine Gew&#xE4;hr. Zwischenvermietung vorbehalten.<\/sonstige_angaben>\n<\/freitexte>\n<anhaenge>\n<anhang location=\"EXTERN\" gruppe=\"TITELBILD\">\n<anhangtitel>Dachterrasse<\/anhangtitel>\n<format>JPG<\/format>\n<daten>\n<pfad>bf8143e0d1a946bdb497d7a5d831f8d1.JPG<\/pfad>\n<\/daten>\n<\/anhang>\n<anhang location=\"EXTERN\" gruppe=\"BILD\">\n<anhangtitel>Eingangsbereich<\/anhangtitel>\n<format>JPG<\/format>\n<daten>\n<pfad>bcb14202fbae47818304c2aa9732463c.JPG<\/pfad>\n<\/daten>\n<\/anhang>\n<anhang location=\"EXTERN\" gruppe=\"BILD\">\n<anhangtitel>Au&#xDF;en<\/anhangtitel>\n<format>JPG<\/format>\n<daten>\n<pfad>c2eea84e9e424424a4e06fea6c677278.JPG<\/pfad>\n<\/daten>\n<\/anhang>\n<anhang location=\"EXTERN\" gruppe=\"BILD\">\n<anhangtitel>Openspacebereich<\/anhangtitel>\n<format>JPG<\/format>\n<daten>\n<pfad>3a9d96169a6c4bfea5a7b66cdf37f671.JPG<\/pfad>\n<\/daten>\n<\/anhang>\n<anhang location=\"EXTERN\" gruppe=\"BILD\">\n<anhangtitel>Doppelb&#xFC;ro<\/anhangtitel>\n<format>JPG<\/format>\n<daten>\n<pfad>cdd42f47411c435f904ff122bd1d9e32.JPG<\/pfad>\n<\/daten>\n<\/anhang>\n<anhang location=\"EXTERN\" gruppe=\"BILD\">\n<anhangtitel>Flur<\/anhangtitel>\n<format>JPG<\/format>\n<daten>\n<pfad>a803c9f9723b448ebb10eb0fcd120298.JPG<\/pfad>\n<\/daten>\n<\/anhang>\n<anhang location=\"EXTERN\" gruppe=\"BILD\">\n<anhangtitel>Sanit&#xE4;ranlagen<\/anhangtitel>\n<format>JPG<\/format>\n<daten>\n<pfad>69d802c1c7f44079a7d845706902e452.JPG<\/pfad>\n<\/daten>\n<\/anhang>\n<anhang location=\"EXTERN\" gruppe=\"BILD\">\n<anhangtitel>Dachterrasse<\/anhangtitel>\n<format>JPG<\/format>\n<daten>\n<pfad>6a330ee05137447bb71f76661066902b.JPG<\/pfad>\n<\/daten>\n<\/anhang>\n<anhang location=\"EXTERN\" gruppe=\"GRUNDRISS\">\n<anhangtitel>Grundriss 4. OG<\/anhangtitel>\n<format>PNG<\/format>\n<daten>\n<pfad>680683f8b8cb4623baa2f26de44f5762.PNG<\/pfad>\n<\/daten>\n<\/anhang>\n<\/anhaenge>\n<verwaltung_objekt>\n<objektadresse_freigeben>false<\/objektadresse_freigeben>\n<verfuegbar_ab>nach Vereinbarung<\/verfuegbar_ab>\n<geschlecht\/>\n<\/verwaltung_objekt>\n<verwaltung_techn>\n<objektnr_intern>A0F731498EB2488D860F3D170F7F20AF<\/objektnr_intern>\n<objektnr_extern>4227\/G1\/E2<\/objektnr_extern>\n<aktion aktionart=\"CHANGE\"\/>\n<openimmo_obid>A0F731498EB2488D860F3D170F7F20AF<\/openimmo_obid>\n<kennung_ursprung>estatePro V10.0.0.8<\/kennung_ursprung>\n<stand_vom>2025-06-25<\/stand_vom>\n<\/verwaltung_techn>\n<user_defined_simplefield feldname=\"Startseite\">Nein<\/user_defined_simplefield>\n<\/immobilie>\n"],"_thumbnail_id":["157253"],"fave_property_images":["157253","157254","157255","157256","157257","157258","157259","157260"],"fave_floor_plans_enable":["enable"],"floor_plans":["a:1:{i:0;a:7:{s:15:\"fave_plan_title\";s:15:\"Grundriss 4. OG\";s:15:\"fave_plan_rooms\";s:0:\"\";s:19:\"fave_plan_bathrooms\";s:0:\"\";s:15:\"fave_plan_price\";s:0:\"\";s:14:\"fave_plan_size\";s:0:\"\";s:15:\"fave_plan_image\";s:93:\"https:\/\/ruhr-real.de\/wp-content\/uploads\/2025\/06\/680683f8b8cb4623baa2f26de44f5762-1024x374.png\";s:21:\"fave_plan_description\";s:0:\"\";}}"],"fave_prop_homeslider":["yes"],"fave_prop_slider_image":["157253"],"fave_agents":["156439"],"fave_agent_display_option":["agent_info"],"fave_single_top_area":["global"],"fave_single_content_area":["global"],"fave_property_map":["1"],"fave_property_map_street_view":["hide"],"fave_property_size_prefix":["m\u00b2"],"fave_property_land_postfix":["m\u00b2"],"fave_featured":["0"],"houzez_featured_listing_date":[""],"fave_property_price_postfix":["pro&nbsp;m\u00b2"],"fave_currency":["EUR"],"fave_currency_info":["a:8:{s:2:\"id\";s:1:\"1\";s:13:\"currency_name\";s:4:\"Euro\";s:13:\"currency_code\";s:3:\"EUR\";s:15:\"currency_symbol\";s:3:\"\u20ac\";s:17:\"currency_position\";s:5:\"after\";s:16:\"currency_decimal\";s:1:\"2\";s:26:\"currency_decimal_separator\";s:1:\",\";s:27:\"currency_thousand_separator\";s:1:\".\";}"],"houzez_total_property_views":["1393"],"houzez_views_by_date":["a:61:{s:10:\"02-27-2026\";i:6;s:10:\"02-28-2026\";i:4;s:10:\"03-01-2026\";i:4;s:10:\"03-02-2026\";i:4;s:10:\"03-03-2026\";i:4;s:10:\"03-04-2026\";i:4;s:10:\"03-05-2026\";i:6;s:10:\"03-06-2026\";i:4;s:10:\"03-07-2026\";i:4;s:10:\"03-08-2026\";i:4;s:10:\"03-09-2026\";i:4;s:10:\"03-10-2026\";i:4;s:10:\"03-11-2026\";i:4;s:10:\"03-12-2026\";i:4;s:10:\"03-13-2026\";i:4;s:10:\"03-14-2026\";i:4;s:10:\"03-15-2026\";i:4;s:10:\"03-16-2026\";i:2;s:10:\"03-17-2026\";i:8;s:10:\"03-18-2026\";i:6;s:10:\"03-19-2026\";i:4;s:10:\"03-20-2026\";i:6;s:10:\"03-21-2026\";i:4;s:10:\"03-22-2026\";i:4;s:10:\"03-23-2026\";i:4;s:10:\"03-24-2026\";i:4;s:10:\"03-25-2026\";i:4;s:10:\"03-26-2026\";i:6;s:10:\"03-27-2026\";i:4;s:10:\"03-28-2026\";i:4;s:10:\"03-29-2026\";i:4;s:10:\"03-30-2026\";i:6;s:10:\"03-31-2026\";i:4;s:10:\"04-01-2026\";i:8;s:10:\"04-02-2026\";i:9;s:10:\"04-03-2026\";i:8;s:10:\"04-04-2026\";i:8;s:10:\"04-05-2026\";i:8;s:10:\"04-06-2026\";i:8;s:10:\"04-07-2026\";i:12;s:10:\"04-08-2026\";i:6;s:10:\"04-09-2026\";i:10;s:10:\"04-10-2026\";i:8;s:10:\"04-11-2026\";i:8;s:10:\"04-12-2026\";i:8;s:10:\"04-13-2026\";i:8;s:10:\"04-14-2026\";i:8;s:10:\"04-15-2026\";i:8;s:10:\"04-16-2026\";i:8;s:10:\"04-17-2026\";i:8;s:10:\"04-18-2026\";i:8;s:10:\"04-19-2026\";i:8;s:10:\"04-20-2026\";i:8;s:10:\"04-21-2026\";i:8;s:10:\"04-22-2026\";i:8;s:10:\"04-23-2026\";i:10;s:10:\"04-24-2026\";i:10;s:10:\"04-25-2026\";i:8;s:10:\"04-26-2026\";i:8;s:10:\"04-27-2026\";i:8;s:10:\"04-28-2026\";i:4;}"],"houzez_recently_viewed":["2026-04-28 11:20:20"],"tp_widgets":["a:2:{s:7:\"widgets\";a:0:{}s:9:\"update_at\";s:10:\"1764682733\";}"],"_elementor_page_assets":["a:0:{}"]},"_links":{"self":[{"href":"https:\/\/ruhr-real.de\/en\/wp-json\/wp\/v2\/properties\/157252","targetHints":{"allow":["GET"]}}],"collection":[{"href":"https:\/\/ruhr-real.de\/en\/wp-json\/wp\/v2\/properties"}],"about":[{"href":"https:\/\/ruhr-real.de\/en\/wp-json\/wp\/v2\/types\/property"}],"author":[{"embeddable":true,"href":"https:\/\/ruhr-real.de\/en\/wp-json\/wp\/v2\/users\/1"}],"version-history":[{"count":0,"href":"https:\/\/ruhr-real.de\/en\/wp-json\/wp\/v2\/properties\/157252\/revisions"}],"wp:featuredmedia":[{"embeddable":true,"href":"https:\/\/ruhr-real.de\/en\/wp-json\/wp\/v2\/media\/157253"}],"wp:attachment":[{"href":"https:\/\/ruhr-real.de\/en\/wp-json\/wp\/v2\/media?parent=157252"}],"wp:term":[{"taxonomy":"property_type","embeddable":true,"href":"https:\/\/ruhr-real.de\/en\/wp-json\/wp\/v2\/property_type?post=157252"},{"taxonomy":"property_status","embeddable":true,"href":"https:\/\/ruhr-real.de\/en\/wp-json\/wp\/v2\/property_status?post=157252"},{"taxonomy":"property_feature","embeddable":true,"href":"https:\/\/ruhr-real.de\/en\/wp-json\/wp\/v2\/property_feature?post=157252"},{"taxonomy":"property_label","embeddable":true,"href":"https:\/\/ruhr-real.de\/en\/wp-json\/wp\/v2\/property_label?post=157252"},{"taxonomy":"property_country","embeddable":true,"href":"https:\/\/ruhr-real.de\/en\/wp-json\/wp\/v2\/property_country?post=157252"},{"taxonomy":"property_state","embeddable":true,"href":"https:\/\/ruhr-real.de\/en\/wp-json\/wp\/v2\/property_state?post=157252"},{"taxonomy":"property_city","embeddable":true,"href":"https:\/\/ruhr-real.de\/en\/wp-json\/wp\/v2\/property_city?post=157252"},{"taxonomy":"property_area","embeddable":true,"href":"https:\/\/ruhr-real.de\/en\/wp-json\/wp\/v2\/property_area?post=157252"}],"curies":[{"name":"wp","href":"https:\/\/api.w.org\/{rel}","templated":true}]}}