{"id":157262,"date":"2026-02-19T00:01:00","date_gmt":"2026-02-18T23:01:00","guid":{"rendered":"https:\/\/ruhr-real.de\/objekt\/erstbezug-nach-sanierung-430-m%c2%b2-bueroflaeche-koeln-city\/"},"modified":"2026-02-19T16:02:00","modified_gmt":"2026-02-19T15:02:00","slug":"erstbezug-nach-sanierung-430-m%c2%b2-bueroflaeche-koeln-city","status":"publish","type":"property","link":"https:\/\/ruhr-real.de\/en\/objekt\/erstbezug-nach-sanierung-430-m%c2%b2-bueroflaeche-koeln-city\/","title":{"rendered":"Terrasse | Provisionsfrei | Tiefgarage| Erstbezug"},"content":{"rendered":"<p>Das siebengeschossige Geb\u00e4ude wurde urspr\u00fcnglich Ende der 1950er Jahre errichtet und in den Jahren 2023\/2024 umfassend saniert. Die angebotene Fl\u00e4che wird vom Vermieter renoviert \u00fcbergeben und kann gem\u00e4\u00df dem individuellen Raumprogramm des Mieters \u2013 soweit technisch umsetzbar \u2013 ausgebaut werden. Dabei sind unter anderem eine moderne EDV-Verkabelung (CAT-7), eine neue Teek\u00fcche inklusive Elektroger\u00e4ten, die Erneuerung der WC-Anlagen, eine zeitgem\u00e4\u00dfe LED-Grundbeleuchtung sowie ein Bodenbelag aus Vinyl oder Teppich vorgesehen.<\/p>\n<p>Zwei gro\u00dfz\u00fcgige Balkone bieten zus\u00e4tzlichen Aufenthaltsraum und erweitern das Nutzungspotenzial. Eine nachtr\u00e4gliche Klimatisierung ist m\u00f6glich, jedoch nicht im Mietpreis enthalten. In der objekteigenen Tiefgarage stehen derzeit sechs Stellpl\u00e4tze zur Verf\u00fcgung \u2013 nach Absprache kann die Anzahl auf bis zu zw\u00f6lf erweitert werden. Zudem besteht grunds\u00e4tzlich die M\u00f6glichkeit, E-Ladestationen zu installieren.<\/p>\n<p>Folgende Fl\u00e4chen sind verf\u00fcgbar:<\/p>\n<p>1.OG: 430 m\u00b2, 18,50 EUR\/m\u00b2, sofort verf\u00fcgbar<\/p>\n<p>Der Hohenstaufenring z\u00e4hlt zu den gefragtesten B\u00fcrostandorten in K\u00f6ln und ist Sitz zahlreicher namhafter Dienstleistungsunternehmen. In unmittelbarer Umgebung befinden sich zahlreiche Einkaufsm\u00f6glichkeiten f\u00fcr den t\u00e4glichen Bedarf sowie vielf\u00e4ltige Gastronomieangebote, die bequem zu Fu\u00df erreichbar sind.<\/p>\n<p>Dank der nahegelegenen U-Bahnhaltestellen Z\u00fclpicher Platz und Rudolfplatz mit den Linien 1, 7, 9, 12 und 15 ist der Standort hervorragend an den \u00f6ffentlichen Nahverkehr angebunden. Zus\u00e4tzlich befinden sich die Regionalbahnh\u00f6fe K\u00f6ln-S\u00fcd in der N\u00e4he und K\u00f6ln-West im erweiterten Umfeld. \u00dcber die Aachener Stra\u00dfe ist das Autobahnkreuz K\u00f6ln-West (A1\/A4) gut erreichbar; \u00fcber Barbarossaplatz und die Severinsbr\u00fccke besteht eine direkte Verbindung zum Ostzubringer sowie zur A3 und dem Flughafen.<\/p>\n<p>\u2022 Ausbau nach Mieterwunsch<br \/>\n\u2022 Personenaufz\u00fcge<br \/>\n\u2022 2 Balkone<br \/>\n\u2022 Teek\u00fcche inkl. Elektroger\u00e4te<\/p>\n<p>Es gelten ausschlie\u00dflich unsere AGB (www.ruhr-real.de\/agb). Wir m\u00f6chten Sie darauf hinweisen, dass die Angaben ausschlie\u00dflich auf den uns vom Eigent\u00fcmer \u00fcbermittelten Unterlagen und Informationen basieren. F\u00fcr Richtigkeit und Vollst\u00e4ndigkeit \u00fcbernehmen wir keine Gew\u00e4hr. Zwischenvermietung vorbehalten.<br \/>\n<div class=\"widget widget_immonex_user_defined_properties_widget\"><div class=\"immonex-widget immonex-widget-houzez\">\n\t\t<div class=\"immonex-widget-title clearfix\">\n\t\t<h2 class=\"widgettitle\">Energieeffizienz<\/h2>\t<\/div>\n\t\t<ul class=\"immonex-property-details row list-lined list-unstyled\">\n\t\t\t\t<li>\n\t\t\t<div class=\"list-lined-item w-100 d-flex justify-content-between py-2\">\n\t\t\t\t\t\t\t\t<strong class=\"property-details-label\">Energieausweis-Jahrgang:<\/strong>&nbsp;<span class=\"property-details-value\">not available<\/span>\n\t\t\t\t\t\t\t<\/div>\n\t\t<\/li>\n\t\t\t<\/ul>\n<\/div><\/div><\/p>\n","protected":false},"excerpt":{"rendered":"<p>Das siebengeschossige Geb\u00e4ude wurde urspr\u00fcnglich Ende der 1950er Jahre errichtet und in den Jahren 2023\/2024&#8230;<\/p>\n","protected":false},"author":1,"featured_media":178888,"parent":0,"menu_order":0,"template":"","property_type":[379],"property_status":[352],"property_feature":[354],"property_label":[],"property_country":[353],"property_state":[],"property_city":[336],"property_area":[],"class_list":["post-157262","property","type-property","status-publish","has-post-thumbnail","hentry","property_type-bueroflaechen","property_status-zu-vermieten","property_feature-personenaufzug","property_country-deutschland","property_city-koln"],"acf":[],"property_meta":{"_immonex_import_folder":["users\/RUHRREAL"],"_immonex_translation_id":["4146\/E1"],"_openimmo_obid":["02768B8F38BB47D5B80BD748EF662ABA"],"_is_immonex_import_property":["1"],"_immonex_is_reference":[""],"rank_math_internal_links_processed":["1"],"_immonex_post_status":["updated"],"fave_property_map_address":["50674 K\u00f6ln"],"fave_property_zip":["50674"],"fave_property_country":["DE"],"_immonex_lat":["50.9286006"],"_immonex_lng":["6.9322707"],"houzez_geolocation_lat":["50.9286006"],"houzez_geolocation_long":["6.9322707"],"fave_property_location":["50.9286006,6.9322707"],"fave_property_price":["18.50"],"fave_property_sec_price":["18.5000"],"fave_property_size":["429"],"fave_property_year":["1958\/ 2025 modernisiert"],"fave_property_id":["4146\/E1"],"_fave_property_id":["4146\/E1"],"_immonex_iso_country":["DEU"],"_openimmo_anid":["0000"],"_immonex_group_number":[""],"_immonex_group_id":[""],"_immonex_group_master":[""],"_immonex_import_meta":["a:6:{s:8:\"zip_file\";s:131:\"\/www\/htdocs\/w0172e0e\/ruhr-real_2024\/wp-content\/uploads\/immonex-openimmo-import\/users\/RUHRREAL\/Immowelt_estatePro_20260219160109.zip\";s:8:\"xml_file\";s:158:\"\/www\/htdocs\/w0172e0e\/ruhr-real_2024\/wp-content\/uploads\/immonex-openimmo-import\/immowelt_estatepro_20260219160109\/Homepage_2024_NEW_estatePro20260219160109.xml\";s:12:\"mapping_file\";s:116:\"\/www\/htdocs\/w0172e0e\/ruhr-real_2024\/wp-content\/uploads\/immonex-openimmo-import\/mappings\/houzez_ruhrreal_18122023.csv\";s:9:\"timestamp\";i:1771513320;s:4:\"date\";s:10:\"2026-02-19\";s:4:\"time\";s:8:\"16:02:00\";}"],"_immonex_is_sold":[""],"_immonex_is_reserved":[""],"_immonex_is_available":["1"],"_immonex_areabutler_url_with_address":[""],"_immonex_areabutler_url_no_address":[""],"_immonex_areabutler_url":[""],"additional_features":["a:14:{i:0;a:2:{s:29:\"fave_additional_feature_title\";s:14:\"Nettokaltmiete\";s:29:\"fave_additional_feature_value\";s:14:\"18,50&nbsp;\u20ac\";}i:1;a:2:{s:29:\"fave_additional_feature_title\";s:9:\"Kaltmiete\";s:29:\"fave_additional_feature_value\";s:14:\"18,50&nbsp;\u20ac\";}i:2;a:2:{s:29:\"fave_additional_feature_title\";s:9:\"Warmmiete\";s:29:\"fave_additional_feature_value\";s:11:\"22&nbsp;\u20ac\";}i:3;a:2:{s:29:\"fave_additional_feature_title\";s:29:\"monatl. Betriebs-\/Nebenkosten\";s:29:\"fave_additional_feature_value\";s:13:\"3,50&nbsp;\u20ac\";}i:4;a:2:{s:29:\"fave_additional_feature_title\";s:33:\"Heizkosten in Warmmiete enthalten\";s:29:\"fave_additional_feature_value\";s:4:\"nein\";}i:5;a:2:{s:29:\"fave_additional_feature_title\";s:32:\"Preise zuz\u00fcglich Mehrwertsteuer\";s:29:\"fave_additional_feature_value\";s:4:\"nein\";}i:6;a:2:{s:29:\"fave_additional_feature_title\";s:23:\"Netto-Kaltmiete pro m\u00b2\";s:29:\"fave_additional_feature_value\";s:14:\"18,50&nbsp;\u20ac\";}i:7;a:2:{s:29:\"fave_additional_feature_title\";s:10:\"MwSt.-Satz\";s:29:\"fave_additional_feature_value\";s:9:\"19&nbsp;%\";}i:8;a:2:{s:29:\"fave_additional_feature_title\";s:12:\"B\u00fcrofl\u00e4che\";s:29:\"fave_additional_feature_value\";s:12:\"429&nbsp;m\u00b2\";}i:9;a:2:{s:29:\"fave_additional_feature_title\";s:16:\"B\u00fcroteilfl\u00e4che\";s:29:\"fave_additional_feature_value\";s:12:\"429&nbsp;m\u00b2\";}i:10;a:2:{s:29:\"fave_additional_feature_title\";s:10:\"Teilbar ab\";s:29:\"fave_additional_feature_value\";s:12:\"429&nbsp;m\u00b2\";}i:11;a:2:{s:29:\"fave_additional_feature_title\";s:19:\"Art der Ausstattung\";s:29:\"fave_additional_feature_value\";s:7:\"gehoben\";}i:12;a:2:{s:29:\"fave_additional_feature_title\";s:13:\"Stellplatzart\";s:29:\"fave_additional_feature_value\";s:10:\"Tiefgarage\";}i:13;a:2:{s:29:\"fave_additional_feature_title\";s:27:\"Immobilie ist verf\u00fcgbar ab\";s:29:\"fave_additional_feature_value\";s:10:\"01.06.2025\";}}"],"fave_additional_features_enable":["enable"],"_immonex_custom_fields":["a:1:{s:23:\"Energieausweis-Jahrgang\";a:5:{s:14:\"mapping_source\";s:38:\"zustand_angaben->energiepass->jahrgang\";s:4:\"name\";s:0:\"\";s:5:\"group\";s:5:\"epass\";s:5:\"value\";s:13:\"not available\";s:19:\"value_before_filter\";s:4:\"ohne\";}}"],"_immonex_property_xml_source":["<?xml version=\"1.0\"?>\n<immobilie>\n<objektkategorie>\n<nutzungsart WOHNEN=\"false\" GEWERBE=\"true\"\/>\n<vermarktungsart KAUF=\"false\" MIETE_PACHT=\"true\"\/>\n<objektart>\n<buero_praxen buero_typ=\"BUEROHAUS\"\/>\n<\/objektart>\n<user_defined_simplefield\/>\n<\/objektkategorie>\n<geo>\n<plz>50674<\/plz>\n<ort>K&#xF6;ln<\/ort>\n<strasse>Hohenstaufenring<\/strasse>\n<hausnummer>34-40<\/hausnummer>\n<land iso_land=\"DEU\"\/>\n<lage_im_bau\/>\n<\/geo>\n<kontaktperson>\n<email_zentrale>anfrage@ruhr-real.de<\/email_zentrale>\n<email_direkt>laufenberg@ruhr-real.de<\/email_direkt>\n<tel_durchw>+49 221 273 229 33<\/tel_durchw>\n<tel_handy>+49 162 1728000<\/tel_handy>\n<name>Laufenberg<\/name>\n<vorname>Lars<\/vorname>\n<anrede>Herr<\/anrede>\n<firma>RUHR REAL GmbH<\/firma>\n<strasse>Holsterhauser Platz<\/strasse>\n<hausnummer>2<\/hausnummer>\n<plz>45147<\/plz>\n<ort>Essen<\/ort>\n<adressfreigabe>true<\/adressfreigabe>\n<\/kontaktperson>\n<preise>\n<nettokaltmiete>18.50<\/nettokaltmiete>\n<kaltmiete>18.50<\/kaltmiete>\n<warmmiete>22.00<\/warmmiete>\n<nebenkosten>3.50<\/nebenkosten>\n<heizkosten_enthalten>false<\/heizkosten_enthalten>\n<zzg_mehrwertsteuer>false<\/zzg_mehrwertsteuer>\n<preis_zeiteinheit\/>\n<mietpreis_pro_qm>18.5000<\/mietpreis_pro_qm>\n<provisionspflichtig>false<\/provisionspflichtig>\n<waehrung iso_waehrung=\"EUR\"\/>\n<mwst_satz>19.00<\/mwst_satz>\n<stp_carport\/>\n<stp_duplex\/>\n<stp_freiplatz\/>\n<stp_garage\/>\n<stp_parkhaus\/>\n<stp_tiefgarage\/>\n<\/preise>\n<bieterverfahren\/>\n<versteigerung\/>\n<flaechen>\n<bueroflaeche>429<\/bueroflaeche>\n<bueroteilflaeche>429<\/bueroteilflaeche>\n<teilbar_ab>429<\/teilbar_ab>\n<anzahl_stellplaetze type=\"xsd:decimal\">6<\/anzahl_stellplaetze>\n<\/flaechen>\n<ausstattung>\n<ausstatt_kategorie>GEHOBEN<\/ausstatt_kategorie>\n<bad\/>\n<kueche\/>\n<heizungsart\/>\n<befeuerung\/>\n<fahrstuhl PERSONEN=\"true\"\/>\n<stellplatzart TIEFGARAGE=\"true\"\/>\n<ausricht_balkon_terrasse\/>\n<angeschl_gastronomie\/>\n<sicherheitstechnik\/>\n<\/ausstattung>\n<zustand_angaben>\n<baujahr>1958\/ 2025 modernisiert<\/baujahr>\n<energiepass>\n<jahrgang>ohne<\/jahrgang>\n<\/energiepass>\n<\/zustand_angaben>\n<bewertung\/>\n<infrastruktur\/>\n<freitexte>\n<objekttitel>Terrasse | Provisionsfrei | Tiefgarage| Erstbezug <\/objekttitel>\n<lage>Der Hohenstaufenring z&#xE4;hlt zu den gefragtesten B&#xFC;rostandorten in K&#xF6;ln und ist Sitz zahlreicher namhafter Dienstleistungsunternehmen. In unmittelbarer Umgebung befinden sich zahlreiche Einkaufsm&#xF6;glichkeiten f&#xFC;r den t&#xE4;glichen Bedarf sowie vielf&#xE4;ltige Gastronomieangebote, die bequem zu Fu&#xDF; erreichbar sind.\n\nDank der nahegelegenen U-Bahnhaltestellen Z&#xFC;lpicher Platz und Rudolfplatz mit den Linien 1, 7, 9, 12 und 15 ist der Standort hervorragend an den &#xF6;ffentlichen Nahverkehr angebunden. Zus&#xE4;tzlich befinden sich die Regionalbahnh&#xF6;fe K&#xF6;ln-S&#xFC;d in der N&#xE4;he und K&#xF6;ln-West im erweiterten Umfeld. &#xDC;ber die Aachener Stra&#xDF;e ist das Autobahnkreuz K&#xF6;ln-West (A1\/A4) gut erreichbar; &#xFC;ber Barbarossaplatz und die Severinsbr&#xFC;cke besteht eine direkte Verbindung zum Ostzubringer sowie zur A3 und dem Flughafen.<\/lage>\n<ausstatt_beschr>&#x2022; Ausbau nach Mieterwunsch\n&#x2022; Personenaufz&#xFC;ge\n&#x2022; 2 Balkone\n&#x2022; Teek&#xFC;che inkl. Elektroger&#xE4;te<\/ausstatt_beschr>\n<objektbeschreibung>Das siebengeschossige Geb&#xE4;ude wurde urspr&#xFC;nglich Ende der 1950er Jahre errichtet und in den Jahren 2023\/2024 umfassend saniert. Die angebotene Fl&#xE4;che wird vom Vermieter renoviert &#xFC;bergeben und kann gem&#xE4;&#xDF; dem individuellen Raumprogramm des Mieters &#x2013; soweit technisch umsetzbar &#x2013; ausgebaut werden. Dabei sind unter anderem eine moderne EDV-Verkabelung (CAT-7), eine neue Teek&#xFC;che inklusive Elektroger&#xE4;ten, die Erneuerung der WC-Anlagen, eine zeitgem&#xE4;&#xDF;e LED-Grundbeleuchtung sowie ein Bodenbelag aus Vinyl oder Teppich vorgesehen.\n\nZwei gro&#xDF;z&#xFC;gige Balkone bieten zus&#xE4;tzlichen Aufenthaltsraum und erweitern das Nutzungspotenzial. Eine nachtr&#xE4;gliche Klimatisierung ist m&#xF6;glich, jedoch nicht im Mietpreis enthalten. In der objekteigenen Tiefgarage stehen derzeit sechs Stellpl&#xE4;tze zur Verf&#xFC;gung &#x2013; nach Absprache kann die Anzahl auf bis zu zw&#xF6;lf erweitert werden. Zudem besteht grunds&#xE4;tzlich die M&#xF6;glichkeit, E-Ladestationen zu installieren.\n\nFolgende Fl&#xE4;chen sind verf&#xFC;gbar:\n\n1.OG: 430 m&#xB2;, 18,50 EUR\/m&#xB2;, sofort verf&#xFC;gbar<\/objektbeschreibung><sonstige_angaben>Es gelten ausschlie&#xDF;lich unsere AGB (www.ruhr-real.de\/agb). Wir m&#xF6;chten Sie darauf hinweisen, dass die Angaben ausschlie&#xDF;lich auf den uns vom Eigent&#xFC;mer &#xFC;bermittelten Unterlagen und Informationen basieren. F&#xFC;r Richtigkeit und Vollst&#xE4;ndigkeit &#xFC;bernehmen wir keine Gew&#xE4;hr. Zwischenvermietung vorbehalten.<\/sonstige_angaben>\n<\/freitexte>\n<anhaenge>\n<anhang location=\"EXTERN\" gruppe=\"TITELBILD\">\n<anhangtitel>Terrasse<\/anhangtitel>\n<format>jpg<\/format>\n<daten>\n<pfad>7f42286e3825436fb759500035d82048.jpg<\/pfad>\n<\/daten>\n<\/anhang>\n<anhang location=\"EXTERN\" gruppe=\"BILD\">\n<anhangtitel>HSR Visualisierung B&#xFC;ro (6)<\/anhangtitel>\n<format>jpg<\/format>\n<daten>\n<pfad>ed8f34ef78774e8fb006b39bc2ad330b.jpg<\/pfad>\n<\/daten>\n<\/anhang>\n<anhang location=\"EXTERN\" gruppe=\"BILD\">\n<anhangtitel>aktuelle Innenansicht<\/anhangtitel>\n<format>JPG<\/format>\n<daten>\n<pfad>e0d02ab84acb44b8a2e594fbff904c3d.JPG<\/pfad>\n<\/daten>\n<\/anhang>\n<anhang location=\"EXTERN\" gruppe=\"BILD\">\n<anhangtitel>Au&#xDF;enansicht<\/anhangtitel>\n<format>JPG<\/format>\n<daten>\n<pfad>c0541cc2900f4bbd919ebe38ee4d6cea.JPG<\/pfad>\n<\/daten>\n<\/anhang>\n<anhang location=\"EXTERN\" gruppe=\"BILD\">\n<anhangtitel>HSR Visualisierung B&#xFC;ro (7)<\/anhangtitel>\n<format>jpg<\/format>\n<daten>\n<pfad>75e82f0c1d2440bfb9fd1c1a5e077d7a.jpg<\/pfad>\n<\/daten>\n<\/anhang>\n<anhang location=\"EXTERN\" gruppe=\"BILD\">\n<anhangtitel>HSR Visualisierung B&#xFC;ro (9)<\/anhangtitel>\n<format>jpg<\/format>\n<daten>\n<pfad>c89f8923a30c47958da620ec81810aef.jpg<\/pfad>\n<\/daten>\n<\/anhang>\n<anhang location=\"EXTERN\" gruppe=\"BILD\">\n<anhangtitel>aktuelle Innenansicht<\/anhangtitel>\n<format>JPG<\/format>\n<daten>\n<pfad>e2859337f2454b3988339f0ac41a87bc.JPG<\/pfad>\n<\/daten>\n<\/anhang>\n<anhang location=\"EXTERN\" gruppe=\"GRUNDRISS\">\n<anhangtitel>GRUNDRISS<\/anhangtitel>\n<format>jpg<\/format>\n<daten>\n<pfad>9a5cf1ae5f934c10b3bc4ce00055d3fe.jpg<\/pfad>\n<\/daten>\n<\/anhang>\n<\/anhaenge>\n<verwaltung_objekt>\n<objektadresse_freigeben>false<\/objektadresse_freigeben>\n<verfuegbar_ab>01.06.2025<\/verfuegbar_ab>\n<geschlecht\/>\n<\/verwaltung_objekt>\n<verwaltung_techn>\n<objektnr_intern>02768B8F38BB47D5B80BD748EF662ABA<\/objektnr_intern>\n<objektnr_extern>4146\/E1<\/objektnr_extern>\n<aktion aktionart=\"CHANGE\"\/>\n<openimmo_obid>02768B8F38BB47D5B80BD748EF662ABA<\/openimmo_obid>\n<kennung_ursprung>estatePro V10.0.0.8<\/kennung_ursprung>\n<stand_vom>2026-02-19<\/stand_vom>\n<\/verwaltung_techn>\n<user_defined_simplefield feldname=\"Startseite\">Nein<\/user_defined_simplefield>\n<\/immobilie>\n"],"_immonex_energy_class":[""],"_immonex_energy_class_id":["0"],"_thumbnail_id":["178888"],"fave_property_images":["178888","178889","178890","178891","178892","178893","178894"],"fave_floor_plans_enable":["enable"],"floor_plans":["a:1:{i:0;a:7:{s:15:\"fave_plan_title\";s:9:\"GRUNDRISS\";s:15:\"fave_plan_rooms\";s:0:\"\";s:19:\"fave_plan_bathrooms\";s:0:\"\";s:15:\"fave_plan_price\";s:0:\"\";s:14:\"fave_plan_size\";s:0:\"\";s:15:\"fave_plan_image\";s:84:\"https:\/\/ruhr-real.de\/wp-content\/uploads\/2026\/02\/9a5cf1ae5f934c10b3bc4ce00055d3fe.jpg\";s:21:\"fave_plan_description\";s:0:\"\";}}"],"fave_prop_homeslider":["yes"],"fave_prop_slider_image":["178888"],"fave_agents":["156439"],"fave_agent_display_option":["agent_info"],"fave_single_top_area":["global"],"fave_single_content_area":["global"],"fave_property_map":["1"],"fave_property_map_street_view":["hide"],"fave_property_size_prefix":["m\u00b2"],"fave_property_land_postfix":["m\u00b2"],"fave_featured":["0"],"houzez_featured_listing_date":[""],"fave_property_price_postfix":["pro&nbsp;m\u00b2"],"fave_currency":["EUR"],"fave_currency_info":["a:8:{s:2:\"id\";s:1:\"1\";s:13:\"currency_name\";s:4:\"Euro\";s:13:\"currency_code\";s:3:\"EUR\";s:15:\"currency_symbol\";s:3:\"\u20ac\";s:17:\"currency_position\";s:5:\"after\";s:16:\"currency_decimal\";s:1:\"2\";s:26:\"currency_decimal_separator\";s:1:\",\";s:27:\"currency_thousand_separator\";s:1:\".\";}"],"houzez_total_property_views":["425"],"houzez_views_by_date":["a:61:{s:10:\"02-28-2026\";i:4;s:10:\"03-01-2026\";i:4;s:10:\"03-02-2026\";i:4;s:10:\"03-03-2026\";i:4;s:10:\"03-04-2026\";i:4;s:10:\"03-05-2026\";i:6;s:10:\"03-06-2026\";i:4;s:10:\"03-07-2026\";i:4;s:10:\"03-08-2026\";i:4;s:10:\"03-09-2026\";i:4;s:10:\"03-10-2026\";i:4;s:10:\"03-11-2026\";i:6;s:10:\"03-12-2026\";i:6;s:10:\"03-13-2026\";i:5;s:10:\"03-14-2026\";i:4;s:10:\"03-15-2026\";i:4;s:10:\"03-16-2026\";i:2;s:10:\"03-17-2026\";i:9;s:10:\"03-18-2026\";i:6;s:10:\"03-19-2026\";i:4;s:10:\"03-20-2026\";i:6;s:10:\"03-21-2026\";i:4;s:10:\"03-22-2026\";i:4;s:10:\"03-23-2026\";i:4;s:10:\"03-24-2026\";i:4;s:10:\"03-25-2026\";i:4;s:10:\"03-26-2026\";i:10;s:10:\"03-27-2026\";i:4;s:10:\"03-28-2026\";i:5;s:10:\"03-29-2026\";i:4;s:10:\"03-30-2026\";i:4;s:10:\"03-31-2026\";i:4;s:10:\"04-01-2026\";i:7;s:10:\"04-02-2026\";i:9;s:10:\"04-03-2026\";i:8;s:10:\"04-04-2026\";i:8;s:10:\"04-05-2026\";i:8;s:10:\"04-06-2026\";i:8;s:10:\"04-07-2026\";i:12;s:10:\"04-08-2026\";i:6;s:10:\"04-09-2026\";i:10;s:10:\"04-10-2026\";i:8;s:10:\"04-11-2026\";i:7;s:10:\"04-12-2026\";i:9;s:10:\"04-13-2026\";i:8;s:10:\"04-14-2026\";i:8;s:10:\"04-15-2026\";i:8;s:10:\"04-16-2026\";i:8;s:10:\"04-17-2026\";i:8;s:10:\"04-18-2026\";i:8;s:10:\"04-19-2026\";i:8;s:10:\"04-20-2026\";i:8;s:10:\"04-21-2026\";i:8;s:10:\"04-22-2026\";i:8;s:10:\"04-23-2026\";i:8;s:10:\"04-24-2026\";i:8;s:10:\"04-25-2026\";i:8;s:10:\"04-26-2026\";i:8;s:10:\"04-27-2026\";i:8;s:10:\"04-28-2026\";i:8;s:10:\"04-29-2026\";i:10;}"],"houzez_recently_viewed":["2026-04-30 00:23:37"],"tp_widgets":["a:2:{s:7:\"widgets\";a:0:{}s:9:\"update_at\";s:10:\"1764682733\";}"],"_elementor_page_assets":["a:0:{}"]},"_links":{"self":[{"href":"https:\/\/ruhr-real.de\/en\/wp-json\/wp\/v2\/properties\/157262","targetHints":{"allow":["GET"]}}],"collection":[{"href":"https:\/\/ruhr-real.de\/en\/wp-json\/wp\/v2\/properties"}],"about":[{"href":"https:\/\/ruhr-real.de\/en\/wp-json\/wp\/v2\/types\/property"}],"author":[{"embeddable":true,"href":"https:\/\/ruhr-real.de\/en\/wp-json\/wp\/v2\/users\/1"}],"version-history":[{"count":0,"href":"https:\/\/ruhr-real.de\/en\/wp-json\/wp\/v2\/properties\/157262\/revisions"}],"wp:featuredmedia":[{"embeddable":true,"href":"https:\/\/ruhr-real.de\/en\/wp-json\/wp\/v2\/media\/178888"}],"wp:attachment":[{"href":"https:\/\/ruhr-real.de\/en\/wp-json\/wp\/v2\/media?parent=157262"}],"wp:term":[{"taxonomy":"property_type","embeddable":true,"href":"https:\/\/ruhr-real.de\/en\/wp-json\/wp\/v2\/property_type?post=157262"},{"taxonomy":"property_status","embeddable":true,"href":"https:\/\/ruhr-real.de\/en\/wp-json\/wp\/v2\/property_status?post=157262"},{"taxonomy":"property_feature","embeddable":true,"href":"https:\/\/ruhr-real.de\/en\/wp-json\/wp\/v2\/property_feature?post=157262"},{"taxonomy":"property_label","embeddable":true,"href":"https:\/\/ruhr-real.de\/en\/wp-json\/wp\/v2\/property_label?post=157262"},{"taxonomy":"property_country","embeddable":true,"href":"https:\/\/ruhr-real.de\/en\/wp-json\/wp\/v2\/property_country?post=157262"},{"taxonomy":"property_state","embeddable":true,"href":"https:\/\/ruhr-real.de\/en\/wp-json\/wp\/v2\/property_state?post=157262"},{"taxonomy":"property_city","embeddable":true,"href":"https:\/\/ruhr-real.de\/en\/wp-json\/wp\/v2\/property_city?post=157262"},{"taxonomy":"property_area","embeddable":true,"href":"https:\/\/ruhr-real.de\/en\/wp-json\/wp\/v2\/property_area?post=157262"}],"curies":[{"name":"wp","href":"https:\/\/api.w.org\/{rel}","templated":true}]}}