{"id":157282,"date":"2025-06-25T00:01:47","date_gmt":"2025-06-24T22:01:47","guid":{"rendered":"https:\/\/ruhr-real.de\/objekt\/flexible-raumstruktur-ausbau-nach-mieterwunsch-konferenzraeume\/"},"modified":"2025-06-25T00:01:47","modified_gmt":"2025-06-24T22:01:47","slug":"flexible-raumstruktur-ausbau-nach-mieterwunsch-konferenzraeume","status":"publish","type":"property","link":"https:\/\/ruhr-real.de\/en\/objekt\/flexible-raumstruktur-ausbau-nach-mieterwunsch-konferenzraeume\/","title":{"rendered":"Flexible Raumstruktur | Ausbau nach Mieterwunsch | Konferenzr\u00e4ume"},"content":{"rendered":"<p>Die modernen B\u00fcrofl\u00e4chen zeichnen sich durch eine hochwertige Ausstattung und flexible Nutzungsm\u00f6glichkeiten aus. Der Ausbau kann nach Mieterwunsch individuell gestaltet werden, sodass eine optimale Anpassung an die jeweiligen Anforderungen gew\u00e4hrleistet ist. Zwei Personenaufz\u00fcge sorgen f\u00fcr eine bequeme Erreichbarkeit aller Etagen. F\u00fcr angenehmes Raumklima und effektiven Sonnenschutz verf\u00fcgt das Geb\u00e4ude \u00fcber au\u00dfenliegenden, elektrischen Sonnenschutz. Die Fl\u00e4chen sind mit Bodentanks und Fensterbankkabelkan\u00e4len ausgestattet, was eine effiziente und flexible Verkabelung erm\u00f6glicht. Ein Serverschrank ist bereits vorhanden und erleichtert die Einrichtung der IT-Infrastruktur. Die B\u00fcroeinheiten bieten teilweise moderne Glastrennw\u00e4nde, die f\u00fcr eine helle und offene Atmosph\u00e4re sorgen. Zus\u00e4tzlich stehen den Mietern Fahrradstellpl\u00e4tze zur Verf\u00fcgung. F\u00fcr den t\u00e4glichen Komfort ist eine Teek\u00fcche integriert. Besonders hervorzuheben sind die gro\u00dfz\u00fcgigen Terrassen im Erdgeschoss sowie im 6. Obergeschoss, die einen beeindruckenden Blick \u00fcber K\u00f6ln bieten und sich ideal f\u00fcr Pausen oder Veranstaltungen eignen.<\/p>\n<p>Folgende Fl\u00e4chen stehen zur Verf\u00fcgung:<\/p>\n<p>EG: 25 m\u00b2, ab 10,00 EUR\/m\u00b2, sofort verf\u00fcgbar<br \/>\n2.OG: 347 m\u00b2, ab 11,00 EUR\/m\u00b2, sofort verf\u00fcgbar<br \/>\n5.OG: 344 m\u00b2, ab 11,00 EUR\/m\u00b2, sofort verf\u00fcgbar<br \/>\n5.OG: 283 m\u00b2, ab 11,00 EUR\/m\u00b2, sofort verf\u00fcgbar<br \/>\n6.OG: 247 m\u00b2, ab 12,50 EUR\/m\u00b2, sofort verf\u00fcgbar<\/p>\n<p>Die angebotene Immobilie befindet sich in unmittelbarer N\u00e4he des Technologieparks westlich der Innenstadt. Der Standort \u00fcberzeugt durch eine hervorragende Anbindung an den \u00f6ffentlichen Personennahverkehr: Bushaltestellen sind in weniger als zwei Gehminuten erreichbar, und die n\u00e4chste S-Bahn-Haltestelle liegt nur etwa acht Gehminuten entfernt. Das Autobahnkreuz K\u00f6ln-West ist in wenigen Fahrminuten erreichbar und sorgt f\u00fcr eine optimale Anbindung an das \u00fcberregionale Stra\u00dfennetz. Die Nahversorgung vor Ort ist durch einen Supermarkt sowie diverse gastronomische Angebote sichergestellt.<\/p>\n<p>In der B\u00fcromarktzone sind bedeutende Unternehmen wie der Technologiepark K\u00f6ln-Braunsfeld, die REWE Group, die K\u00f6lner Verkehrs-Betriebe AG und die ERGO Versicherung ans\u00e4ssig. F\u00fcr \u00dcbernachtungen stehen in der Umgebung verschiedene Hotels zur Verf\u00fcgung, darunter das Meininger Hotel K\u00f6ln-West, das Hotel Imperial und die Black Hotels K\u00f6ln.<\/p>\n<p>\u2022 bodentiefe Fenster<br \/>\n\u2022 Fahrradstellpl\u00e4tze<br \/>\n\u2022 Serverschrank<br \/>\n\u2022 Ausbau nach Mieterwunsch<br \/>\n\u2022 Gegensprechanlage<\/p>\n<p>Es gelten ausschlie\u00dflich unsere AGB (www.ruhr-real.de\/agb). Wir m\u00f6chten Sie darauf hinweisen, dass die Angaben ausschlie\u00dflich auf den uns vom Eigent\u00fcmer \u00fcbermittelten Unterlagen und Informationen basieren. F\u00fcr Richtigkeit und Vollst\u00e4ndigkeit \u00fcbernehmen wir keine Gew\u00e4hr. Zwischenvermietung vorbehalten.<br \/>\n<div class=\"widget widget_immonex_user_defined_properties_widget\"><div class=\"immonex-widget immonex-widget-houzez\">\n\t\t<div class=\"immonex-widget-title clearfix\">\n\t\t<h2 class=\"widgettitle\">Energieeffizienz<\/h2>\t<\/div>\n\t\t<ul class=\"immonex-property-details row list-lined list-unstyled\">\n\t\t\t\t<li>\n\t\t\t<div class=\"list-lined-item w-100 d-flex justify-content-between py-2\">\n\t\t\t\t\t\t\t\t<strong class=\"property-details-label\">Energieausweis-Jahrgang:<\/strong>&nbsp;<span class=\"property-details-value\">not available<\/span>\n\t\t\t\t\t\t\t<\/div>\n\t\t<\/li>\n\t\t\t<\/ul>\n<\/div><\/div><\/p>\n","protected":false},"excerpt":{"rendered":"<p>Die modernen B\u00fcrofl\u00e4chen zeichnen sich durch eine hochwertige Ausstattung und flexible Nutzungsm\u00f6glichkeiten aus&#8230;.<\/p>\n","protected":false},"author":1,"featured_media":157283,"parent":0,"menu_order":0,"template":"","property_type":[379],"property_status":[352],"property_feature":[354],"property_label":[],"property_country":[353],"property_state":[],"property_city":[336],"property_area":[],"class_list":["post-157282","property","type-property","status-publish","has-post-thumbnail","hentry","property_type-bueroflaechen","property_status-zu-vermieten","property_feature-personenaufzug","property_country-deutschland","property_city-koln"],"acf":[],"property_meta":{"rank_math_internal_links_processed":["1"],"_immonex_import_folder":["users\/RUHRREAL"],"fave_property_map_address":["50933 K\u00f6ln"],"fave_property_zip":["50933"],"fave_property_country":["DE"],"_immonex_lat":["50.93164585"],"_immonex_lng":["6.86882988302"],"houzez_geolocation_lat":["50.93164585"],"houzez_geolocation_long":["6.86882988302"],"fave_property_location":["50.93164585,6.86882988302"],"fave_property_price":["11.00"],"fave_property_sec_price":["11.0000"],"fave_property_size":["344"],"fave_property_year":["1984"],"fave_property_id":["4044\/E2"],"_immonex_translation_id":["4044\/E2"],"_immonex_iso_country":["DEU"],"_openimmo_obid":["A5ACDAECD5F24985B3AE0138BC313D21"],"_openimmo_anid":["0000"],"_immonex_group_number":[""],"_immonex_group_id":[""],"_immonex_group_master":[""],"_immonex_import_meta":["a:6:{s:8:\"zip_file\";s:131:\"\/www\/htdocs\/w0172e0e\/ruhr-real_2024\/wp-content\/uploads\/immonex-openimmo-import\/users\/RUHRREAL\/Immowelt_estatePro_20250625182427.zip\";s:8:\"xml_file\";s:158:\"\/www\/htdocs\/w0172e0e\/ruhr-real_2024\/wp-content\/uploads\/immonex-openimmo-import\/immowelt_estatepro_20250625182427\/Homepage_2024_NEW_estatePro20250625182427.xml\";s:12:\"mapping_file\";s:116:\"\/www\/htdocs\/w0172e0e\/ruhr-real_2024\/wp-content\/uploads\/immonex-openimmo-import\/mappings\/houzez_ruhrreal_18122023.csv\";s:9:\"timestamp\";i:1750868688;s:4:\"date\";s:10:\"2025-06-25\";s:4:\"time\";s:8:\"18:24:48\";}"],"_is_immonex_import_property":["1"],"_immonex_is_reference":[""],"_immonex_is_sold":[""],"_immonex_is_reserved":[""],"_immonex_is_available":["1"],"additional_features":["a:17:{i:0;a:2:{s:29:\"fave_additional_feature_title\";s:14:\"Nettokaltmiete\";s:29:\"fave_additional_feature_value\";s:11:\"11&nbsp;\u20ac\";}i:1;a:2:{s:29:\"fave_additional_feature_title\";s:9:\"Kaltmiete\";s:29:\"fave_additional_feature_value\";s:11:\"11&nbsp;\u20ac\";}i:2;a:2:{s:29:\"fave_additional_feature_title\";s:9:\"Warmmiete\";s:29:\"fave_additional_feature_value\";s:14:\"13,50&nbsp;\u20ac\";}i:3;a:2:{s:29:\"fave_additional_feature_title\";s:29:\"monatl. Betriebs-\/Nebenkosten\";s:29:\"fave_additional_feature_value\";s:13:\"2,50&nbsp;\u20ac\";}i:4;a:2:{s:29:\"fave_additional_feature_title\";s:33:\"Heizkosten in Warmmiete enthalten\";s:29:\"fave_additional_feature_value\";s:4:\"nein\";}i:5;a:2:{s:29:\"fave_additional_feature_title\";s:32:\"Preise zuz\u00fcglich Mehrwertsteuer\";s:29:\"fave_additional_feature_value\";s:4:\"nein\";}i:6;a:2:{s:29:\"fave_additional_feature_title\";s:23:\"Netto-Kaltmiete pro m\u00b2\";s:29:\"fave_additional_feature_value\";s:11:\"11&nbsp;\u20ac\";}i:7;a:2:{s:29:\"fave_additional_feature_title\";s:16:\"K\u00e4uferprovision\";s:29:\"fave_additional_feature_value\";s:21:\"3-4 Nettomonatsmieten\";}i:8;a:2:{s:29:\"fave_additional_feature_title\";s:20:\"Hinweis zur Courtage\";s:29:\"fave_additional_feature_value\";s:233:\"Bei Vertr\u00e4gen bis zu f\u00fcnf Jahren Laufzeit ist ein Honorar von 3 Nettomonatsmieten vom Mieter an RUHR REAL zahlbar; bei Laufzeiten bis zu zehn Jahren werden 4 Nettomonatsmieten f\u00e4llig. Hinzu kommt die jeweils g\u00fcltige Umsatzsteuer.\";}i:9;a:2:{s:29:\"fave_additional_feature_title\";s:10:\"MwSt.-Satz\";s:29:\"fave_additional_feature_value\";s:9:\"19&nbsp;%\";}i:10;a:2:{s:29:\"fave_additional_feature_title\";s:12:\"B\u00fcrofl\u00e4che\";s:29:\"fave_additional_feature_value\";s:12:\"344&nbsp;m\u00b2\";}i:11;a:2:{s:29:\"fave_additional_feature_title\";s:16:\"B\u00fcroteilfl\u00e4che\";s:29:\"fave_additional_feature_value\";s:12:\"344&nbsp;m\u00b2\";}i:12;a:2:{s:29:\"fave_additional_feature_title\";s:10:\"Teilbar ab\";s:29:\"fave_additional_feature_value\";s:12:\"344&nbsp;m\u00b2\";}i:13;a:2:{s:29:\"fave_additional_feature_title\";s:19:\"Art der Ausstattung\";s:29:\"fave_additional_feature_value\";s:8:\"Standard\";}i:14;a:2:{s:29:\"fave_additional_feature_title\";s:13:\"Stellplatzart\";s:29:\"fave_additional_feature_value\";s:21:\"Tiefgarage, Freiplatz\";}i:15;a:2:{s:29:\"fave_additional_feature_title\";s:7:\"Zustand\";s:29:\"fave_additional_feature_value\";s:8:\"gepflegt\";}i:16;a:2:{s:29:\"fave_additional_feature_title\";s:27:\"Immobilie ist verf\u00fcgbar ab\";s:29:\"fave_additional_feature_value\";s:9:\"ab sofort\";}}"],"fave_additional_features_enable":["enable"],"_immonex_custom_fields":["a:1:{s:23:\"Energieausweis-Jahrgang\";a:5:{s:14:\"mapping_source\";s:38:\"zustand_angaben->energiepass->jahrgang\";s:4:\"name\";s:0:\"\";s:5:\"group\";s:5:\"epass\";s:5:\"value\";s:13:\"not available\";s:19:\"value_before_filter\";s:4:\"ohne\";}}"],"_immonex_property_xml_source":["<?xml version=\"1.0\"?>\n<immobilie>\n<objektkategorie>\n<nutzungsart WOHNEN=\"false\" GEWERBE=\"true\"\/>\n<vermarktungsart KAUF=\"false\" MIETE_PACHT=\"true\"\/>\n<objektart>\n<buero_praxen buero_typ=\"BUEROHAUS\"\/>\n<\/objektart>\n<user_defined_simplefield\/>\n<\/objektkategorie>\n<geo>\n<plz>50933<\/plz>\n<ort>K&#xF6;ln<\/ort>\n<strasse>Eupener Stra&#xDF;e<\/strasse>\n<hausnummer>70<\/hausnummer>\n<land iso_land=\"DEU\"\/>\n<lage_im_bau\/>\n<\/geo>\n<kontaktperson>\n<email_zentrale>anfrage@ruhr-real.de<\/email_zentrale>\n<email_direkt>ludwig@ruhr-real.de<\/email_direkt>\n<tel_durchw>+49 221 273 229 11<\/tel_durchw>\n<tel_handy>+49 162 1511000<\/tel_handy>\n<name>Ludwig<\/name>\n<vorname>Felix<\/vorname>\n<anrede>Herr<\/anrede>\n<firma>RUHR REAL GmbH<\/firma>\n<strasse>Holsterhauser Platz<\/strasse>\n<hausnummer>2<\/hausnummer>\n<plz>45147<\/plz>\n<ort>Essen<\/ort>\n<adressfreigabe>true<\/adressfreigabe>\n<\/kontaktperson>\n<preise>\n<nettokaltmiete>11.00<\/nettokaltmiete>\n<kaltmiete>11.00<\/kaltmiete>\n<warmmiete>13.50<\/warmmiete>\n<nebenkosten>2.50<\/nebenkosten>\n<heizkosten_enthalten>false<\/heizkosten_enthalten>\n<zzg_mehrwertsteuer>false<\/zzg_mehrwertsteuer>\n<preis_zeiteinheit\/>\n<mietpreis_pro_qm>11.0000<\/mietpreis_pro_qm>\n<provisionspflichtig>true<\/provisionspflichtig>\n<aussen_courtage mit_mwst=\"false\">3-4 Nettomonatsmieten<\/aussen_courtage>\n<courtage_hinweis>Bei Vertr&#xE4;gen bis zu f&#xFC;nf Jahren Laufzeit ist ein Honorar von 3 Nettomonatsmieten vom Mieter an RUHR REAL zahlbar; bei Laufzeiten bis zu zehn Jahren werden 4 Nettomonatsmieten f&#xE4;llig. Hinzu kommt die jeweils g&#xFC;ltige Umsatzsteuer.<\/courtage_hinweis>\n<waehrung iso_waehrung=\"EUR\"\/>\n<mwst_satz>19.00<\/mwst_satz>\n<stp_carport\/>\n<stp_duplex\/>\n<stp_freiplatz\/>\n<stp_garage\/>\n<stp_parkhaus\/>\n<stp_tiefgarage\/>\n<\/preise>\n<bieterverfahren\/>\n<versteigerung\/>\n<flaechen>\n<bueroflaeche>344<\/bueroflaeche>\n<bueroteilflaeche>344<\/bueroteilflaeche>\n<teilbar_ab>344<\/teilbar_ab>\n<anzahl_stellplaetze type=\"xsd:decimal\">30<\/anzahl_stellplaetze>\n<\/flaechen>\n<ausstattung>\n<ausstatt_kategorie>STANDARD<\/ausstatt_kategorie>\n<bad\/>\n<kueche\/>\n<heizungsart\/>\n<befeuerung\/>\n<fahrstuhl PERSONEN=\"true\"\/>\n<stellplatzart FREIPLATZ=\"true\"\/>\n<stellplatzart TIEFGARAGE=\"true\"\/>\n<ausricht_balkon_terrasse\/>\n<angeschl_gastronomie\/>\n<sicherheitstechnik\/>\n<\/ausstattung>\n<zustand_angaben>\n<baujahr>1984<\/baujahr>\n<zustand zustand_art=\"GEPFLEGT\"\/>\n<energiepass>\n<jahrgang>ohne<\/jahrgang>\n<\/energiepass>\n<\/zustand_angaben>\n<bewertung\/>\n<infrastruktur\/>\n<freitexte>\n<objekttitel>Flexible Raumstruktur | Ausbau nach Mieterwunsch | Konferenzr&#xE4;ume<\/objekttitel>\n<lage>Die angebotene Immobilie befindet sich in unmittelbarer N&#xE4;he des Technologieparks westlich der Innenstadt. Der Standort &#xFC;berzeugt durch eine hervorragende Anbindung an den &#xF6;ffentlichen Personennahverkehr: Bushaltestellen sind in weniger als zwei Gehminuten erreichbar, und die n&#xE4;chste S-Bahn-Haltestelle liegt nur etwa acht Gehminuten entfernt. Das Autobahnkreuz K&#xF6;ln-West ist in wenigen Fahrminuten erreichbar und sorgt f&#xFC;r eine optimale Anbindung an das &#xFC;berregionale Stra&#xDF;ennetz. Die Nahversorgung vor Ort ist durch einen Supermarkt sowie diverse gastronomische Angebote sichergestellt.\n\nIn der B&#xFC;romarktzone sind bedeutende Unternehmen wie der Technologiepark K&#xF6;ln-Braunsfeld, die REWE Group, die K&#xF6;lner Verkehrs-Betriebe AG und die ERGO Versicherung ans&#xE4;ssig. F&#xFC;r &#xDC;bernachtungen stehen in der Umgebung verschiedene Hotels zur Verf&#xFC;gung, darunter das Meininger Hotel K&#xF6;ln-West, das Hotel Imperial und die Black Hotels K&#xF6;ln.<\/lage>\n<ausstatt_beschr>&#x2022; bodentiefe Fenster\n&#x2022; Fahrradstellpl&#xE4;tze\n&#x2022; Serverschrank\n&#x2022; Ausbau nach Mieterwunsch\n&#x2022; Gegensprechanlage\n<\/ausstatt_beschr>\n<objektbeschreibung>Die modernen B&#xFC;rofl&#xE4;chen zeichnen sich durch eine hochwertige Ausstattung und flexible Nutzungsm&#xF6;glichkeiten aus. Der Ausbau kann nach Mieterwunsch individuell gestaltet werden, sodass eine optimale Anpassung an die jeweiligen Anforderungen gew&#xE4;hrleistet ist. Zwei Personenaufz&#xFC;ge sorgen f&#xFC;r eine bequeme Erreichbarkeit aller Etagen. F&#xFC;r angenehmes Raumklima und effektiven Sonnenschutz verf&#xFC;gt das Geb&#xE4;ude &#xFC;ber au&#xDF;enliegenden, elektrischen Sonnenschutz. Die Fl&#xE4;chen sind mit Bodentanks und Fensterbankkabelkan&#xE4;len ausgestattet, was eine effiziente und flexible Verkabelung erm&#xF6;glicht. Ein Serverschrank ist bereits vorhanden und erleichtert die Einrichtung der IT-Infrastruktur. Die B&#xFC;roeinheiten bieten teilweise moderne Glastrennw&#xE4;nde, die f&#xFC;r eine helle und offene Atmosph&#xE4;re sorgen. Zus&#xE4;tzlich stehen den Mietern Fahrradstellpl&#xE4;tze zur Verf&#xFC;gung. F&#xFC;r den t&#xE4;glichen Komfort ist eine Teek&#xFC;che integriert. Besonders hervorzuheben sind die gro&#xDF;z&#xFC;gigen Terrassen im Erdgeschoss sowie im 6. Obergeschoss, die einen beeindruckenden Blick &#xFC;ber K&#xF6;ln bieten und sich ideal f&#xFC;r Pausen oder Veranstaltungen eignen.\n\nFolgende Fl&#xE4;chen stehen zur Verf&#xFC;gung:\n\nEG: 25 m&#xB2;, ab 10,00 EUR\/m&#xB2;, sofort verf&#xFC;gbar\n2.OG: 347 m&#xB2;, ab 11,00 EUR\/m&#xB2;, sofort verf&#xFC;gbar\n5.OG: 344 m&#xB2;, ab 11,00 EUR\/m&#xB2;, sofort verf&#xFC;gbar\n5.OG: 283 m&#xB2;, ab 11,00 EUR\/m&#xB2;, sofort verf&#xFC;gbar\n6.OG: 247 m&#xB2;, ab 12,50 EUR\/m&#xB2;, sofort verf&#xFC;gbar<\/objektbeschreibung><sonstige_angaben>Es gelten ausschlie&#xDF;lich unsere AGB (www.ruhr-real.de\/agb). Wir m&#xF6;chten Sie darauf hinweisen, dass die Angaben ausschlie&#xDF;lich auf den uns vom Eigent&#xFC;mer &#xFC;bermittelten Unterlagen und Informationen basieren. F&#xFC;r Richtigkeit und Vollst&#xE4;ndigkeit &#xFC;bernehmen wir keine Gew&#xE4;hr. Zwischenvermietung vorbehalten.<\/sonstige_angaben>\n<\/freitexte>\n<anhaenge>\n<anhang location=\"EXTERN\" gruppe=\"TITELBILD\">\n<anhangtitel>Loungebereich im Erdgeschoss<\/anhangtitel>\n<format>JPG<\/format>\n<daten>\n<pfad>4ba68fbde9bb4b9f9f5aef71bf8e6683.JPG<\/pfad>\n<\/daten>\n<\/anhang>\n<anhang location=\"EXTERN\" gruppe=\"BILD\">\n<anhangtitel>Au&#xDF;enansicht<\/anhangtitel>\n<format>JPG<\/format>\n<daten>\n<pfad>c909107d2332430296227c54b860d375.JPG<\/pfad>\n<\/daten>\n<\/anhang>\n<anhang location=\"EXTERN\" gruppe=\"BILD\">\n<anhangtitel>B&#xFC;ro<\/anhangtitel>\n<format>JPG<\/format>\n<daten>\n<pfad>5c7f0d686a104b9bb15efb94d3574755.JPG<\/pfad>\n<\/daten>\n<\/anhang>\n<anhang location=\"EXTERN\" gruppe=\"BILD\">\n<anhangtitel>K&#xFC;che<\/anhangtitel>\n<format>JPG<\/format>\n<daten>\n<pfad>1dc055724e0f4977a02a359293f34d0a.JPG<\/pfad>\n<\/daten>\n<\/anhang>\n<anhang location=\"EXTERN\" gruppe=\"BILD\">\n<anhangtitel>Innenhof im Erdgeschoss<\/anhangtitel>\n<format>JPG<\/format>\n<daten>\n<pfad>3d0b8071bbb844c78c318c5f795b1c96.JPG<\/pfad>\n<\/daten>\n<\/anhang>\n<anhang location=\"EXTERN\" gruppe=\"GRUNDRISS\">\n<anhangtitel>Grundriss 5. OG<\/anhangtitel>\n<format>PNG<\/format>\n<daten>\n<pfad>8673f38b4041463dbdbaaf6b97e9ff82.PNG<\/pfad>\n<\/daten>\n<\/anhang>\n<\/anhaenge>\n<verwaltung_objekt>\n<objektadresse_freigeben>false<\/objektadresse_freigeben>\n<verfuegbar_ab>ab sofort<\/verfuegbar_ab>\n<geschlecht\/>\n<\/verwaltung_objekt>\n<verwaltung_techn>\n<objektnr_intern>A5ACDAECD5F24985B3AE0138BC313D21<\/objektnr_intern>\n<objektnr_extern>4044\/E2<\/objektnr_extern>\n<aktion aktionart=\"CHANGE\"\/>\n<openimmo_obid>A5ACDAECD5F24985B3AE0138BC313D21<\/openimmo_obid>\n<kennung_ursprung>estatePro V10.0.0.8<\/kennung_ursprung>\n<stand_vom>2025-06-25<\/stand_vom>\n<\/verwaltung_techn>\n<user_defined_simplefield feldname=\"Startseite\">Nein<\/user_defined_simplefield>\n<\/immobilie>\n"],"_thumbnail_id":["157283"],"fave_property_images":["157283","157284","157285","157286","157287"],"fave_floor_plans_enable":["enable"],"floor_plans":["a:1:{i:0;a:7:{s:15:\"fave_plan_title\";s:15:\"Grundriss 5. OG\";s:15:\"fave_plan_rooms\";s:0:\"\";s:19:\"fave_plan_bathrooms\";s:0:\"\";s:15:\"fave_plan_price\";s:0:\"\";s:14:\"fave_plan_size\";s:0:\"\";s:15:\"fave_plan_image\";s:93:\"https:\/\/ruhr-real.de\/wp-content\/uploads\/2025\/06\/8673f38b4041463dbdbaaf6b97e9ff82-1024x793.png\";s:21:\"fave_plan_description\";s:0:\"\";}}"],"fave_prop_homeslider":["yes"],"fave_prop_slider_image":["157283"],"fave_agents":["157133"],"fave_agent_display_option":["agent_info"],"fave_single_top_area":["global"],"fave_single_content_area":["global"],"fave_property_map":["1"],"fave_property_map_street_view":["hide"],"fave_property_size_prefix":["m\u00b2"],"fave_property_land_postfix":["m\u00b2"],"fave_featured":["0"],"houzez_featured_listing_date":[""],"fave_property_price_postfix":["pro&nbsp;m\u00b2"],"fave_currency":["EUR"],"fave_currency_info":["a:8:{s:2:\"id\";s:1:\"1\";s:13:\"currency_name\";s:4:\"Euro\";s:13:\"currency_code\";s:3:\"EUR\";s:15:\"currency_symbol\";s:3:\"\u20ac\";s:17:\"currency_position\";s:5:\"after\";s:16:\"currency_decimal\";s:1:\"2\";s:26:\"currency_decimal_separator\";s:1:\",\";s:27:\"currency_thousand_separator\";s:1:\".\";}"],"houzez_total_property_views":["1397"],"houzez_views_by_date":["a:61:{s:10:\"02-28-2026\";i:4;s:10:\"03-01-2026\";i:4;s:10:\"03-02-2026\";i:4;s:10:\"03-03-2026\";i:4;s:10:\"03-04-2026\";i:4;s:10:\"03-05-2026\";i:6;s:10:\"03-06-2026\";i:4;s:10:\"03-07-2026\";i:4;s:10:\"03-08-2026\";i:4;s:10:\"03-09-2026\";i:4;s:10:\"03-10-2026\";i:4;s:10:\"03-11-2026\";i:4;s:10:\"03-12-2026\";i:5;s:10:\"03-13-2026\";i:4;s:10:\"03-14-2026\";i:4;s:10:\"03-15-2026\";i:5;s:10:\"03-16-2026\";i:2;s:10:\"03-17-2026\";i:8;s:10:\"03-18-2026\";i:6;s:10:\"03-19-2026\";i:4;s:10:\"03-20-2026\";i:6;s:10:\"03-21-2026\";i:4;s:10:\"03-22-2026\";i:4;s:10:\"03-23-2026\";i:4;s:10:\"03-24-2026\";i:4;s:10:\"03-25-2026\";i:4;s:10:\"03-26-2026\";i:6;s:10:\"03-27-2026\";i:4;s:10:\"03-28-2026\";i:4;s:10:\"03-29-2026\";i:4;s:10:\"03-30-2026\";i:6;s:10:\"03-31-2026\";i:4;s:10:\"04-01-2026\";i:7;s:10:\"04-02-2026\";i:8;s:10:\"04-03-2026\";i:8;s:10:\"04-04-2026\";i:8;s:10:\"04-05-2026\";i:8;s:10:\"04-06-2026\";i:8;s:10:\"04-07-2026\";i:10;s:10:\"04-08-2026\";i:8;s:10:\"04-09-2026\";i:8;s:10:\"04-10-2026\";i:8;s:10:\"04-11-2026\";i:6;s:10:\"04-12-2026\";i:8;s:10:\"04-13-2026\";i:8;s:10:\"04-14-2026\";i:8;s:10:\"04-15-2026\";i:8;s:10:\"04-16-2026\";i:9;s:10:\"04-17-2026\";i:8;s:10:\"04-18-2026\";i:8;s:10:\"04-19-2026\";i:8;s:10:\"04-20-2026\";i:8;s:10:\"04-21-2026\";i:8;s:10:\"04-22-2026\";i:8;s:10:\"04-23-2026\";i:8;s:10:\"04-24-2026\";i:8;s:10:\"04-25-2026\";i:8;s:10:\"04-26-2026\";i:8;s:10:\"04-27-2026\";i:8;s:10:\"04-28-2026\";i:6;s:10:\"04-29-2026\";i:7;}"],"houzez_recently_viewed":["2026-04-29 12:54:43"],"tp_widgets":["a:2:{s:7:\"widgets\";a:0:{}s:9:\"update_at\";s:10:\"1764682733\";}"],"_elementor_page_assets":["a:0:{}"]},"_links":{"self":[{"href":"https:\/\/ruhr-real.de\/en\/wp-json\/wp\/v2\/properties\/157282","targetHints":{"allow":["GET"]}}],"collection":[{"href":"https:\/\/ruhr-real.de\/en\/wp-json\/wp\/v2\/properties"}],"about":[{"href":"https:\/\/ruhr-real.de\/en\/wp-json\/wp\/v2\/types\/property"}],"author":[{"embeddable":true,"href":"https:\/\/ruhr-real.de\/en\/wp-json\/wp\/v2\/users\/1"}],"version-history":[{"count":0,"href":"https:\/\/ruhr-real.de\/en\/wp-json\/wp\/v2\/properties\/157282\/revisions"}],"wp:featuredmedia":[{"embeddable":true,"href":"https:\/\/ruhr-real.de\/en\/wp-json\/wp\/v2\/media\/157283"}],"wp:attachment":[{"href":"https:\/\/ruhr-real.de\/en\/wp-json\/wp\/v2\/media?parent=157282"}],"wp:term":[{"taxonomy":"property_type","embeddable":true,"href":"https:\/\/ruhr-real.de\/en\/wp-json\/wp\/v2\/property_type?post=157282"},{"taxonomy":"property_status","embeddable":true,"href":"https:\/\/ruhr-real.de\/en\/wp-json\/wp\/v2\/property_status?post=157282"},{"taxonomy":"property_feature","embeddable":true,"href":"https:\/\/ruhr-real.de\/en\/wp-json\/wp\/v2\/property_feature?post=157282"},{"taxonomy":"property_label","embeddable":true,"href":"https:\/\/ruhr-real.de\/en\/wp-json\/wp\/v2\/property_label?post=157282"},{"taxonomy":"property_country","embeddable":true,"href":"https:\/\/ruhr-real.de\/en\/wp-json\/wp\/v2\/property_country?post=157282"},{"taxonomy":"property_state","embeddable":true,"href":"https:\/\/ruhr-real.de\/en\/wp-json\/wp\/v2\/property_state?post=157282"},{"taxonomy":"property_city","embeddable":true,"href":"https:\/\/ruhr-real.de\/en\/wp-json\/wp\/v2\/property_city?post=157282"},{"taxonomy":"property_area","embeddable":true,"href":"https:\/\/ruhr-real.de\/en\/wp-json\/wp\/v2\/property_area?post=157282"}],"curies":[{"name":"wp","href":"https:\/\/api.w.org\/{rel}","templated":true}]}}