{"id":157398,"date":"2025-12-08T00:01:49","date_gmt":"2025-12-07T23:01:49","guid":{"rendered":"https:\/\/ruhr-real.de\/objekt\/flexible-gewerbeflaeche-hochwertiger-innenausbau-klimatisiert\/"},"modified":"2025-12-08T14:38:49","modified_gmt":"2025-12-08T13:38:49","slug":"flexible-gewerbeflaeche-hochwertiger-innenausbau-klimatisiert","status":"publish","type":"property","link":"https:\/\/ruhr-real.de\/en\/objekt\/flexible-gewerbeflaeche-hochwertiger-innenausbau-klimatisiert\/","title":{"rendered":"Flexible Gewerbefl\u00e4che | hochwertiger Innenausbau | klimatisiert"},"content":{"rendered":"<p>Die angebotene Gewerbefl\u00e4che zeichnet sich durch eine moderne, hochwertige Ausstattung und eine flexible Nutzbarkeit aus, die sie gleicherma\u00dfen f\u00fcr B\u00fcro-, Fitness- oder Einzelhandelskonzepte pr\u00e4destiniert. Die Fl\u00e4che verf\u00fcgt \u00fcber eine gro\u00dfz\u00fcgige Schaufensterfront von ca. 22 Metern und bietet damit hervorragende Sichtbarkeit sowie ideale Pr\u00e4sentationsm\u00f6glichkeiten. Der Innenraum ist mit einer eleganten Akustikdecke, energieeffizienter LED-Beleuchtung sowie einem Echtholzparkettboden ausgestattet und \u00fcberzeugt durch hohe Decken, die ein gro\u00dfz\u00fcgiges Raumgef\u00fchl vermitteln. Eine Vollklimatisierung in Kombination mit einer modernen Be- und Entl\u00fcftungsanlage sorgt f\u00fcr ein angenehmes und konstantes Raumklima.<\/p>\n<p>Die Fl\u00e4che ist durchdacht geplant: Drei bauliche Rettungswege gew\u00e4hrleisten Sicherheit, w\u00e4hrend ein leistungsf\u00e4higer CAT7-Glasfaseranschluss moderne IT- und Kommunikationsanforderungen erf\u00fcllt. Elektrisch steuerbarer, au\u00dfenliegender Sonnenschutz bietet zus\u00e4tzlichen Komfort. Durch die M\u00f6glichkeit, Glasw\u00e4nde flexibel einzubauen, l\u00e4sst sich die Fl\u00e4che individuell zonieren und an unterschiedliche Nutzungskonzepte anpassen. Zudem sind ausreichend Stellpl\u00e4tze sowie drei E-Lades\u00e4ulen vorhanden, was eine zeitgem\u00e4\u00dfe Mobilit\u00e4tsl\u00f6sung f\u00fcr Mitarbeitende und Kunden garantiert. Eine bestehende Schulungsgenehmigung erweitert die Nutzungsm\u00f6glichkeiten zus\u00e4tzlich. Insgesamt bietet diese Fl\u00e4che ideale Voraussetzungen f\u00fcr ein zukunftsorientiertes, professionelles Arbeits- oder Gesch\u00e4ftsumfeld.<\/p>\n<p>Die angebotene Immobilie ist im Technologiepark westlich der Innenstadt situiert und verf\u00fcgt \u00fcber eine tolle \u00d6PNV-Anbindung. Bushaltestellen befinden sich direkt vor der T\u00fcr und die n\u00e4chste S-Bahn Haltestelle ist lediglich 5 Gehminuten entfernt. Dar\u00fcber hinaus kann das Autobahnkreuz K\u00f6ln-West innerhalb weniger Fahrminuten erreicht werden. Die \u00f6rtliche Nahversorgung wird durch einen Supermarkt und gastronomische Lokale gew\u00e4hrleistet.<\/p>\n<p>Bedeutende Unternehmen in der B\u00fcromarktzone: Technologiepark K\u00f6ln-Braunsfeld, REWE Group, K\u00f6lner Verkehrs-Betriebe AG, ERGO Versicherung<\/p>\n<p>Hotels in der Umgebung: Meininger Hotel K\u00f6ln-West, Hotel Imperial, Black Hotels K\u00f6ln<\/p>\n<p>\u2022 voll klimatisiert<br \/>\n\u2022 Be- &amp; Entl\u00fcftungsanlage<br \/>\n\u2022 CAT-7 &amp; Glasfaser<br \/>\n\u2022 3 E-Lades\u00e4ulen<br \/>\n\u2022 elektrischer Sonnenschutz<br \/>\n\u2022 Akustik Decke<br \/>\n\u2022 LED-Beleuchtung<br \/>\n\u2022 Echtholzparkettboden<br \/>\n\u2022 drei bauliche Rettungswege<\/p>\n<p>Es gelten ausschlie\u00dflich unsere AGB (www.ruhr-real.de\/agb). Wir m\u00f6chten Sie darauf hinweisen, dass die Angaben ausschlie\u00dflich auf den uns vom Eigent\u00fcmer \u00fcbermittelten Unterlagen und Informationen basieren. F\u00fcr Richtigkeit und Vollst\u00e4ndigkeit \u00fcbernehmen wir keine Gew\u00e4hr. Zwischenvermietung vorbehalten.<br \/>\n<div class=\"widget widget_immonex_user_defined_properties_widget\"><div class=\"immonex-widget immonex-widget-houzez\">\n\t\t<div class=\"immonex-widget-title clearfix\">\n\t\t<h2 class=\"widgettitle\">Energieeffizienz<\/h2>\t<\/div>\n\t\t<ul class=\"immonex-property-details row list-lined list-unstyled\">\n\t\t\t\t<li>\n\t\t\t<div class=\"list-lined-item w-100 d-flex justify-content-between py-2\">\n\t\t\t\t\t\t\t\t<strong class=\"property-details-label\">Energieausweis-Jahrgang:<\/strong>&nbsp;<span class=\"property-details-value\">not required<\/span>\n\t\t\t\t\t\t\t<\/div>\n\t\t<\/li>\n\t\t\t<\/ul>\n<\/div><\/div><\/p>\n","protected":false},"excerpt":{"rendered":"<p>Die angebotene Gewerbefl\u00e4che zeichnet sich durch eine moderne, hochwertige Ausstattung und eine flexible Nutzbarkeit&#8230;<\/p>\n","protected":false},"author":1,"featured_media":174483,"parent":0,"menu_order":0,"template":"","property_type":[381],"property_status":[352],"property_feature":[361],"property_label":[],"property_country":[353],"property_state":[],"property_city":[336],"property_area":[],"class_list":["post-157398","property","type-property","status-publish","has-post-thumbnail","hentry","property_type-verkaufsflaechen","property_status-zu-vermieten","property_feature-klimaanlage","property_country-deutschland","property_city-koln"],"acf":[],"property_meta":{"_immonex_import_folder":["users\/RUHRREAL"],"_immonex_translation_id":["4253\/G1\/E1"],"_openimmo_obid":["CC866B84B79F47E7A24D589CF34984B4"],"_is_immonex_import_property":["1"],"_immonex_is_reference":[""],"rank_math_internal_links_processed":["1"],"_immonex_post_status":["updated"],"fave_property_map_address":["50933 K\u00f6ln"],"fave_property_zip":["50933"],"fave_property_country":["DE"],"_immonex_lat":["50.93164585"],"_immonex_lng":["6.86882988302"],"houzez_geolocation_lat":["50.93164585"],"houzez_geolocation_long":["6.86882988302"],"fave_property_location":["50.93164585,6.86882988302"],"fave_property_id":["4253\/G1\/E1"],"_fave_property_id":["4253\/G1\/E1"],"_immonex_iso_country":["DEU"],"_openimmo_anid":["0000"],"_immonex_group_number":[""],"_immonex_group_id":[""],"_immonex_group_master":[""],"_immonex_import_meta":["a:6:{s:8:\"zip_file\";s:131:\"\/www\/htdocs\/w0172e0e\/ruhr-real_2024\/wp-content\/uploads\/immonex-openimmo-import\/users\/RUHRREAL\/Immowelt_estatePro_20251208143803.zip\";s:8:\"xml_file\";s:158:\"\/www\/htdocs\/w0172e0e\/ruhr-real_2024\/wp-content\/uploads\/immonex-openimmo-import\/immowelt_estatepro_20251208143803\/Homepage_2024_NEW_estatePro20251208143803.xml\";s:12:\"mapping_file\";s:116:\"\/www\/htdocs\/w0172e0e\/ruhr-real_2024\/wp-content\/uploads\/immonex-openimmo-import\/mappings\/houzez_ruhrreal_18122023.csv\";s:9:\"timestamp\";i:1765201130;s:4:\"date\";s:10:\"2025-12-08\";s:4:\"time\";s:8:\"14:38:50\";}"],"_immonex_is_sold":[""],"_immonex_is_reserved":[""],"_immonex_is_available":["1"],"_immonex_areabutler_url_with_address":[""],"_immonex_areabutler_url_no_address":[""],"_immonex_areabutler_url":[""],"additional_features":["a:9:{i:0;a:2:{s:29:\"fave_additional_feature_title\";s:33:\"Heizkosten in Warmmiete enthalten\";s:29:\"fave_additional_feature_value\";s:4:\"nein\";}i:1;a:2:{s:29:\"fave_additional_feature_title\";s:32:\"Preise zuz\u00fcglich Mehrwertsteuer\";s:29:\"fave_additional_feature_value\";s:4:\"nein\";}i:2;a:2:{s:29:\"fave_additional_feature_title\";s:16:\"K\u00e4uferprovision\";s:29:\"fave_additional_feature_value\";s:21:\"3-4 Nettomonatsmieten\";}i:3;a:2:{s:29:\"fave_additional_feature_title\";s:20:\"Hinweis zur Courtage\";s:29:\"fave_additional_feature_value\";s:233:\"Bei Vertr\u00e4gen bis zu f\u00fcnf Jahren Laufzeit ist ein Honorar von 3 Nettomonatsmieten vom Mieter an RUHR REAL zahlbar; bei Laufzeiten bis zu zehn Jahren werden 4 Nettomonatsmieten f\u00e4llig. Hinzu kommt die jeweils g\u00fcltige Umsatzsteuer.\";}i:4;a:2:{s:29:\"fave_additional_feature_title\";s:10:\"MwSt.-Satz\";s:29:\"fave_additional_feature_value\";s:9:\"19&nbsp;%\";}i:5;a:2:{s:29:\"fave_additional_feature_title\";s:19:\"Art der Ausstattung\";s:29:\"fave_additional_feature_value\";s:7:\"gehoben\";}i:6;a:2:{s:29:\"fave_additional_feature_title\";s:10:\"Bodenbelag\";s:29:\"fave_additional_feature_value\";s:7:\"Parkett\";}i:7;a:2:{s:29:\"fave_additional_feature_title\";s:7:\"Zustand\";s:29:\"fave_additional_feature_value\";s:8:\"gepflegt\";}i:8;a:2:{s:29:\"fave_additional_feature_title\";s:27:\"Immobilie ist verf\u00fcgbar ab\";s:29:\"fave_additional_feature_value\";s:17:\"sofort verf\u00fcgbar\";}}"],"fave_additional_features_enable":["enable"],"_immonex_custom_fields":["a:1:{s:23:\"Energieausweis-Jahrgang\";a:5:{s:14:\"mapping_source\";s:38:\"zustand_angaben->energiepass->jahrgang\";s:4:\"name\";s:0:\"\";s:5:\"group\";s:5:\"epass\";s:5:\"value\";s:12:\"not required\";s:19:\"value_before_filter\";s:12:\"nicht_noetig\";}}"],"_immonex_property_xml_source":["<?xml version=\"1.0\"?>\n<immobilie>\n<objektkategorie>\n<nutzungsart WOHNEN=\"false\" GEWERBE=\"true\"\/>\n<vermarktungsart KAUF=\"false\" MIETE_PACHT=\"true\"\/>\n<objektart>\n<einzelhandel handel_typ=\"VERKAUFSFLAECHE\"\/>\n<\/objektart>\n<user_defined_simplefield\/>\n<\/objektkategorie>\n<geo>\n<plz>50933<\/plz>\n<ort>K&#xF6;ln<\/ort>\n<strasse>Widdersdorfer Stra&#xDF;e<\/strasse>\n<hausnummer>248-252<\/hausnummer>\n<land iso_land=\"DEU\"\/>\n<lage_im_bau\/>\n<\/geo>\n<kontaktperson>\n<email_zentrale>anfrage@ruhr-real.de<\/email_zentrale>\n<email_direkt>ludwig@ruhr-real.de<\/email_direkt>\n<tel_durchw>+49 221 273 229 11<\/tel_durchw>\n<tel_handy>+49 162 1511000<\/tel_handy>\n<name>Ludwig<\/name>\n<vorname>Felix<\/vorname>\n<anrede>Herr<\/anrede>\n<firma>RUHR REAL GmbH<\/firma>\n<strasse>Holsterhauser Platz<\/strasse>\n<hausnummer>2<\/hausnummer>\n<plz>45147<\/plz>\n<ort>Essen<\/ort>\n<adressfreigabe>true<\/adressfreigabe>\n<\/kontaktperson>\n<preise>\n<heizkosten_enthalten>false<\/heizkosten_enthalten>\n<zzg_mehrwertsteuer>false<\/zzg_mehrwertsteuer>\n<preis_zeiteinheit\/>\n<provisionspflichtig>true<\/provisionspflichtig>\n<aussen_courtage mit_mwst=\"false\">3-4 Nettomonatsmieten<\/aussen_courtage>\n<courtage_hinweis>Bei Vertr&#xE4;gen bis zu f&#xFC;nf Jahren Laufzeit ist ein Honorar von 3 Nettomonatsmieten vom Mieter an RUHR REAL zahlbar; bei Laufzeiten bis zu zehn Jahren werden 4 Nettomonatsmieten f&#xE4;llig. Hinzu kommt die jeweils g&#xFC;ltige Umsatzsteuer.<\/courtage_hinweis>\n<waehrung iso_waehrung=\"EUR\"\/>\n<mwst_satz>19.00<\/mwst_satz>\n<stp_carport\/>\n<stp_duplex\/>\n<stp_freiplatz\/>\n<stp_garage\/>\n<stp_parkhaus\/>\n<stp_tiefgarage\/>\n<\/preise>\n<bieterverfahren\/>\n<versteigerung\/>\n<flaechen\/>\n<ausstattung>\n<ausstatt_kategorie>GEHOBEN<\/ausstatt_kategorie>\n<bad\/>\n<kueche\/>\n<boden PARKETT=\"true\"\/>\n<heizungsart\/>\n<befeuerung\/>\n<klimatisiert>true<\/klimatisiert>\n<fahrstuhl\/>\n<ausricht_balkon_terrasse\/>\n<angeschl_gastronomie\/>\n<sicherheitstechnik\/>\n<\/ausstattung>\n<zustand_angaben>\n<zustand zustand_art=\"GEPFLEGT\"\/>\n<energiepass>\n<jahrgang>nicht_noetig<\/jahrgang>\n<\/energiepass>\n<\/zustand_angaben>\n<bewertung\/>\n<infrastruktur\/>\n<freitexte>\n<objekttitel>Flexible Gewerbefl&#xE4;che | hochwertiger Innenausbau | klimatisiert<\/objekttitel>\n<lage>Die angebotene Immobilie ist im Technologiepark westlich der Innenstadt situiert und verf&#xFC;gt &#xFC;ber eine tolle &#xD6;PNV-Anbindung. Bushaltestellen befinden sich direkt vor der T&#xFC;r und die n&#xE4;chste S-Bahn Haltestelle ist lediglich 5 Gehminuten entfernt. Dar&#xFC;ber hinaus kann das Autobahnkreuz K&#xF6;ln-West innerhalb weniger Fahrminuten erreicht werden. Die &#xF6;rtliche Nahversorgung wird durch einen Supermarkt und gastronomische Lokale gew&#xE4;hrleistet.\n\nBedeutende Unternehmen in der B&#xFC;romarktzone: Technologiepark K&#xF6;ln-Braunsfeld, REWE Group, K&#xF6;lner Verkehrs-Betriebe AG, ERGO Versicherung \n\nHotels in der Umgebung: Meininger Hotel K&#xF6;ln-West, Hotel Imperial, Black Hotels K&#xF6;ln<\/lage>\n<ausstatt_beschr>&#x2022; voll klimatisiert\n&#x2022; Be- &amp; Entl&#xFC;ftungsanlage\n&#x2022; CAT-7 &amp; Glasfaser\n&#x2022; 3 E-Lades&#xE4;ulen\n&#x2022; elektrischer Sonnenschutz\n&#x2022; Akustik Decke\n&#x2022; LED-Beleuchtung\n&#x2022; Echtholzparkettboden\n&#x2022; drei bauliche Rettungswege<\/ausstatt_beschr>\n<objektbeschreibung>Die angebotene Gewerbefl&#xE4;che zeichnet sich durch eine moderne, hochwertige Ausstattung und eine flexible Nutzbarkeit aus, die sie gleicherma&#xDF;en f&#xFC;r B&#xFC;ro-, Fitness- oder Einzelhandelskonzepte pr&#xE4;destiniert. Die Fl&#xE4;che verf&#xFC;gt &#xFC;ber eine gro&#xDF;z&#xFC;gige Schaufensterfront von ca. 22 Metern und bietet damit hervorragende Sichtbarkeit sowie ideale Pr&#xE4;sentationsm&#xF6;glichkeiten. Der Innenraum ist mit einer eleganten Akustikdecke, energieeffizienter LED-Beleuchtung sowie einem Echtholzparkettboden ausgestattet und &#xFC;berzeugt durch hohe Decken, die ein gro&#xDF;z&#xFC;giges Raumgef&#xFC;hl vermitteln. Eine Vollklimatisierung in Kombination mit einer modernen Be- und Entl&#xFC;ftungsanlage sorgt f&#xFC;r ein angenehmes und konstantes Raumklima.\n\nDie Fl&#xE4;che ist durchdacht geplant: Drei bauliche Rettungswege gew&#xE4;hrleisten Sicherheit, w&#xE4;hrend ein leistungsf&#xE4;higer CAT7-Glasfaseranschluss moderne IT- und Kommunikationsanforderungen erf&#xFC;llt. Elektrisch steuerbarer, au&#xDF;enliegender Sonnenschutz bietet zus&#xE4;tzlichen Komfort. Durch die M&#xF6;glichkeit, Glasw&#xE4;nde flexibel einzubauen, l&#xE4;sst sich die Fl&#xE4;che individuell zonieren und an unterschiedliche Nutzungskonzepte anpassen. Zudem sind ausreichend Stellpl&#xE4;tze sowie drei E-Lades&#xE4;ulen vorhanden, was eine zeitgem&#xE4;&#xDF;e Mobilit&#xE4;tsl&#xF6;sung f&#xFC;r Mitarbeitende und Kunden garantiert. Eine bestehende Schulungsgenehmigung erweitert die Nutzungsm&#xF6;glichkeiten zus&#xE4;tzlich. Insgesamt bietet diese Fl&#xE4;che ideale Voraussetzungen f&#xFC;r ein zukunftsorientiertes, professionelles Arbeits- oder Gesch&#xE4;ftsumfeld.<\/objektbeschreibung><sonstige_angaben>Es gelten ausschlie&#xDF;lich unsere AGB (www.ruhr-real.de\/agb). Wir m&#xF6;chten Sie darauf hinweisen, dass die Angaben ausschlie&#xDF;lich auf den uns vom Eigent&#xFC;mer &#xFC;bermittelten Unterlagen und Informationen basieren. F&#xFC;r Richtigkeit und Vollst&#xE4;ndigkeit &#xFC;bernehmen wir keine Gew&#xE4;hr. Zwischenvermietung vorbehalten.<\/sonstige_angaben>\n<\/freitexte>\n<anhaenge>\n<anhang location=\"EXTERN\" gruppe=\"TITELBILD\">\n<anhangtitel>Au&#xDF;enansicht<\/anhangtitel>\n<format>JPEG<\/format>\n<daten>\n<pfad>a10c936e7d9949ea8d510ad4d71ea3dc.JPEG<\/pfad>\n<\/daten>\n<\/anhang>\n<anhang location=\"EXTERN\" gruppe=\"BILD\">\n<anhangtitel>Trainingsfl&#xE4;che<\/anhangtitel>\n<format>JPEG<\/format>\n<daten>\n<pfad>3ac9b0f128294802b216ccbeb8a0ef5e.JPEG<\/pfad>\n<\/daten>\n<\/anhang>\n<anhang location=\"EXTERN\" gruppe=\"BILD\">\n<anhangtitel>Verkaufsfl&#xE4;che<\/anhangtitel>\n<format>JPEG<\/format>\n<daten>\n<pfad>aed9de1d5ea14af5acfbc3d2585caef1.JPEG<\/pfad>\n<\/daten>\n<\/anhang>\n<anhang location=\"EXTERN\" gruppe=\"BILD\">\n<anhangtitel>Verkaufsfl&#xE4;che<\/anhangtitel>\n<format>JPEG<\/format>\n<daten>\n<pfad>31b3330d18da4126a3eac6067851061d.JPEG<\/pfad>\n<\/daten>\n<\/anhang>\n<anhang location=\"EXTERN\" gruppe=\"BILD\">\n<anhangtitel>Empfangsbereich<\/anhangtitel>\n<format>JPEG<\/format>\n<daten>\n<pfad>7872c8b6d23a4a6a83701cc9b742f8e9.JPEG<\/pfad>\n<\/daten>\n<\/anhang>\n<anhang location=\"EXTERN\" gruppe=\"BILD\">\n<anhangtitel>Schaufensterfront<\/anhangtitel>\n<format>JPEG<\/format>\n<daten>\n<pfad>e41355a2a8a844a089062bf93900a368.JPEG<\/pfad>\n<\/daten>\n<\/anhang>\n<anhang location=\"EXTERN\" gruppe=\"BILD\">\n<anhangtitel>klimatisiert &amp; bel&#xFC;ftet<\/anhangtitel>\n<format>JPEG<\/format>\n<daten>\n<pfad>078f90e85fff407198ac4f5acbf1dd3b.JPEG<\/pfad>\n<\/daten>\n<\/anhang>\n<anhang location=\"EXTERN\" gruppe=\"BILD\">\n<anhangtitel>Verkaufsfl&#xE4;che<\/anhangtitel>\n<format>JPEG<\/format>\n<daten>\n<pfad>39728c5b996b4afb991a9a4404bd67be.JPEG<\/pfad>\n<\/daten>\n<\/anhang>\n<anhang location=\"EXTERN\" gruppe=\"BILD\">\n<anhangtitel>K&#xFC;che<\/anhangtitel>\n<format>JPEG<\/format>\n<daten>\n<pfad>5335fef330e5405a98e4d5b36ab1c838.JPEG<\/pfad>\n<\/daten>\n<\/anhang>\n<anhang location=\"EXTERN\" gruppe=\"BILD\">\n<anhangtitel>Sanit&#xE4;rbereich<\/anhangtitel>\n<format>JPEG<\/format>\n<daten>\n<pfad>0d397857a8fc46b892510ae81774c69f.JPEG<\/pfad>\n<\/daten>\n<\/anhang>\n<anhang location=\"EXTERN\" gruppe=\"GRUNDRISS\">\n<anhangtitel>ERDGESCHOSS<\/anhangtitel>\n<format>PNG<\/format>\n<daten>\n<pfad>6313956b7b754d0c9ea158d79827c849.PNG<\/pfad>\n<\/daten>\n<\/anhang>\n<\/anhaenge>\n<verwaltung_objekt>\n<objektadresse_freigeben>false<\/objektadresse_freigeben>\n<verfuegbar_ab>sofort verf&#xFC;gbar<\/verfuegbar_ab>\n<geschlecht\/>\n<\/verwaltung_objekt>\n<verwaltung_techn>\n<objektnr_intern>CC866B84B79F47E7A24D589CF34984B4<\/objektnr_intern>\n<objektnr_extern>4253\/G1\/E1<\/objektnr_extern>\n<aktion aktionart=\"CHANGE\"\/>\n<openimmo_obid>CC866B84B79F47E7A24D589CF34984B4<\/openimmo_obid>\n<kennung_ursprung>estatePro V10.0.0.8<\/kennung_ursprung>\n<stand_vom>2025-12-08<\/stand_vom>\n<\/verwaltung_techn>\n<user_defined_simplefield feldname=\"Startseite\">Nein<\/user_defined_simplefield>\n<\/immobilie>\n"],"_immonex_energy_class":[""],"_immonex_energy_class_id":["0"],"_thumbnail_id":["174483"],"fave_property_images":["174483","174484","174485","174486","174487","174488","174489","174490","174491","174492"],"fave_floor_plans_enable":["enable"],"floor_plans":["a:1:{i:0;a:7:{s:15:\"fave_plan_title\";s:11:\"ERDGESCHOSS\";s:15:\"fave_plan_rooms\";s:0:\"\";s:19:\"fave_plan_bathrooms\";s:0:\"\";s:15:\"fave_plan_price\";s:0:\"\";s:14:\"fave_plan_size\";s:0:\"\";s:15:\"fave_plan_image\";s:84:\"https:\/\/ruhr-real.de\/wp-content\/uploads\/2025\/12\/6313956b7b754d0c9ea158d79827c849.png\";s:21:\"fave_plan_description\";s:0:\"\";}}"],"fave_prop_homeslider":["yes"],"fave_prop_slider_image":["174483"],"fave_agents":["157133"],"fave_agent_display_option":["agent_info"],"fave_single_top_area":["global"],"fave_single_content_area":["global"],"fave_property_price":["0"],"fave_property_map":["1"],"fave_property_map_street_view":["hide"],"fave_property_size_prefix":["m\u00b2"],"fave_property_land_postfix":["m\u00b2"],"fave_featured":["0"],"houzez_featured_listing_date":[""],"fave_currency":["EUR"],"fave_currency_info":["a:8:{s:2:\"id\";s:1:\"1\";s:13:\"currency_name\";s:4:\"Euro\";s:13:\"currency_code\";s:3:\"EUR\";s:15:\"currency_symbol\";s:3:\"\u20ac\";s:17:\"currency_position\";s:5:\"after\";s:16:\"currency_decimal\";s:1:\"2\";s:26:\"currency_decimal_separator\";s:1:\",\";s:27:\"currency_thousand_separator\";s:1:\".\";}"],"fave_show_price_placeholder":["1"],"houzez_total_property_views":["717"],"houzez_views_by_date":["a:61:{s:10:\"02-28-2026\";i:4;s:10:\"03-01-2026\";i:4;s:10:\"03-02-2026\";i:4;s:10:\"03-03-2026\";i:4;s:10:\"03-04-2026\";i:4;s:10:\"03-05-2026\";i:6;s:10:\"03-06-2026\";i:4;s:10:\"03-07-2026\";i:4;s:10:\"03-08-2026\";i:4;s:10:\"03-09-2026\";i:4;s:10:\"03-10-2026\";i:4;s:10:\"03-11-2026\";i:6;s:10:\"03-12-2026\";i:4;s:10:\"03-13-2026\";i:4;s:10:\"03-14-2026\";i:4;s:10:\"03-15-2026\";i:4;s:10:\"03-16-2026\";i:2;s:10:\"03-17-2026\";i:4;s:10:\"03-18-2026\";i:3;s:10:\"03-19-2026\";i:4;s:10:\"03-20-2026\";i:6;s:10:\"03-21-2026\";i:4;s:10:\"03-22-2026\";i:4;s:10:\"03-23-2026\";i:4;s:10:\"03-24-2026\";i:4;s:10:\"03-25-2026\";i:4;s:10:\"03-26-2026\";i:6;s:10:\"03-27-2026\";i:4;s:10:\"03-28-2026\";i:4;s:10:\"03-29-2026\";i:4;s:10:\"03-30-2026\";i:2;s:10:\"03-31-2026\";i:2;s:10:\"04-01-2026\";i:13;s:10:\"04-02-2026\";i:9;s:10:\"04-03-2026\";i:8;s:10:\"04-04-2026\";i:8;s:10:\"04-05-2026\";i:8;s:10:\"04-06-2026\";i:8;s:10:\"04-07-2026\";i:12;s:10:\"04-08-2026\";i:4;s:10:\"04-09-2026\";i:12;s:10:\"04-10-2026\";i:8;s:10:\"04-11-2026\";i:8;s:10:\"04-12-2026\";i:8;s:10:\"04-13-2026\";i:8;s:10:\"04-14-2026\";i:8;s:10:\"04-15-2026\";i:8;s:10:\"04-16-2026\";i:8;s:10:\"04-17-2026\";i:8;s:10:\"04-18-2026\";i:8;s:10:\"04-19-2026\";i:8;s:10:\"04-20-2026\";i:8;s:10:\"04-21-2026\";i:8;s:10:\"04-22-2026\";i:8;s:10:\"04-23-2026\";i:10;s:10:\"04-24-2026\";i:10;s:10:\"04-25-2026\";i:8;s:10:\"04-26-2026\";i:8;s:10:\"04-27-2026\";i:8;s:10:\"04-28-2026\";i:8;s:10:\"04-29-2026\";i:9;}"],"houzez_recently_viewed":["2026-04-30 00:28:34"],"tp_widgets":["a:2:{s:7:\"widgets\";a:0:{}s:9:\"update_at\";s:10:\"1764682733\";}"],"_elementor_page_assets":["a:0:{}"]},"_links":{"self":[{"href":"https:\/\/ruhr-real.de\/en\/wp-json\/wp\/v2\/properties\/157398","targetHints":{"allow":["GET"]}}],"collection":[{"href":"https:\/\/ruhr-real.de\/en\/wp-json\/wp\/v2\/properties"}],"about":[{"href":"https:\/\/ruhr-real.de\/en\/wp-json\/wp\/v2\/types\/property"}],"author":[{"embeddable":true,"href":"https:\/\/ruhr-real.de\/en\/wp-json\/wp\/v2\/users\/1"}],"version-history":[{"count":0,"href":"https:\/\/ruhr-real.de\/en\/wp-json\/wp\/v2\/properties\/157398\/revisions"}],"wp:featuredmedia":[{"embeddable":true,"href":"https:\/\/ruhr-real.de\/en\/wp-json\/wp\/v2\/media\/174483"}],"wp:attachment":[{"href":"https:\/\/ruhr-real.de\/en\/wp-json\/wp\/v2\/media?parent=157398"}],"wp:term":[{"taxonomy":"property_type","embeddable":true,"href":"https:\/\/ruhr-real.de\/en\/wp-json\/wp\/v2\/property_type?post=157398"},{"taxonomy":"property_status","embeddable":true,"href":"https:\/\/ruhr-real.de\/en\/wp-json\/wp\/v2\/property_status?post=157398"},{"taxonomy":"property_feature","embeddable":true,"href":"https:\/\/ruhr-real.de\/en\/wp-json\/wp\/v2\/property_feature?post=157398"},{"taxonomy":"property_label","embeddable":true,"href":"https:\/\/ruhr-real.de\/en\/wp-json\/wp\/v2\/property_label?post=157398"},{"taxonomy":"property_country","embeddable":true,"href":"https:\/\/ruhr-real.de\/en\/wp-json\/wp\/v2\/property_country?post=157398"},{"taxonomy":"property_state","embeddable":true,"href":"https:\/\/ruhr-real.de\/en\/wp-json\/wp\/v2\/property_state?post=157398"},{"taxonomy":"property_city","embeddable":true,"href":"https:\/\/ruhr-real.de\/en\/wp-json\/wp\/v2\/property_city?post=157398"},{"taxonomy":"property_area","embeddable":true,"href":"https:\/\/ruhr-real.de\/en\/wp-json\/wp\/v2\/property_area?post=157398"}],"curies":[{"name":"wp","href":"https:\/\/api.w.org\/{rel}","templated":true}]}}