{"id":157410,"date":"2025-06-26T00:01:48","date_gmt":"2025-06-25T22:01:48","guid":{"rendered":"https:\/\/ruhr-real.de\/objekt\/bueroflaechen-mit-rhein-dom-blick-beste-lage-in-muelheim\/"},"modified":"2025-06-26T00:01:48","modified_gmt":"2025-06-25T22:01:48","slug":"bueroflaechen-mit-rhein-dom-blick-beste-lage-in-muelheim","status":"publish","type":"property","link":"https:\/\/ruhr-real.de\/en\/objekt\/bueroflaechen-mit-rhein-dom-blick-beste-lage-in-muelheim\/","title":{"rendered":"B\u00fcrofl\u00e4chen mit Rhein- &amp; Dom-Blick | Beste Lage in M\u00fclheim"},"content":{"rendered":"<p>Die B\u00fcrofl\u00e4che pr\u00e4sentiert sich in einem hochwertigen und modernen Ausbaustandard. Der frisch geschliffene und ge\u00f6lte St\u00e4bchenparkettboden verleiht den R\u00e4umen eine warme, repr\u00e4sentative Atmosph\u00e4re. Gro\u00dfz\u00fcgige, bodentiefe Fenster sorgen f\u00fcr eine helle Arbeitsumgebung und er\u00f6ffnen \u2013 je nach Lage \u2013 einen beeindruckenden Blick auf den Rhein und den K\u00f6lner Dom. F\u00fcr eine gleichm\u00e4\u00dfige und ergonomische Beleuchtung sind BAP-gerechte Leuchten installiert.<\/p>\n<p>Das Raumklima wird durch eine moderne Klimaanlage reguliert. Zus\u00e4tzlich sorgt eine Akustikdecke f\u00fcr angenehme Schalld\u00e4mpfung. Der innenliegende Besprechungsraum ist bel\u00fcftet und schafft optimale Voraussetzungen f\u00fcr konzentrierte Meetings. Glaselemente unterstreichen die offene, kommunikative Raumstruktur.<\/p>\n<p>Eine Teek\u00fcche sowie ein hochwertig ausgestatteter Sanit\u00e4rbereich stehen den Mietern zur Verf\u00fcgung. Die technische Infrastruktur ist durch eine strukturierte Unterputzverkabelung mit CAT-7-Verkabelung sowie einen klimatisierten Serverraum optimal auf moderne Anforderungen ausgerichtet. Eine Brandmeldeanlage (BMA) sorgt f\u00fcr zus\u00e4tzliche Sicherheit.<\/p>\n<p>Zwei Personenaufz\u00fcge gew\u00e4hrleisten einen komfortablen Zugang zu den Etagen. Der au\u00dfenliegende, elektrische Sonnenschutz rundet die hochwertige Ausstattung ab und erm\u00f6glicht eine effiziente Licht- und Temperaturregulierung.<\/p>\n<p>Folgende Fl\u00e4chen stehen zur Disposition:<\/p>\n<p>EG: 309 m\u00b2 Lagerfl\u00e4che; 10,00 EUR\/ m\u00b2, 270 m\u00b2 B\u00fcrofl\u00e4che; 16,00 EUR\/ m\u00b2<br \/>\n3.OG: 523 m\u00b2 B\u00fcrofl\u00e4che; 16,50 EUR\/ m\u00b2<br \/>\n4.OG: 517 m\u00b2 B\u00fcrofl\u00e4che; 16,50 EUR\/ m\u00b2<br \/>\n10.OG: 473 m\u00b2 B\u00fcrofl\u00e4che; 17,50 EUR\/ m\u00b2<\/p>\n<p>Die Liegenschaft liegt im lebendigen K\u00f6lner Stadtteil M\u00fclheim. In wenigen Gehminuten sind mehrere Bahnstationen erreichbar, die eine ideale Anbindung an den \u00f6ffentlichen Nahverkehr bieten. Auch die K\u00f6lner Innenstadt sowie die umliegenden Autobahnen sind schnell erreichbar.<\/p>\n<p>Das nahegelegene M\u00fclheimer Zentrum \u00fcberzeugt mit einer Vielzahl an Gesch\u00e4ften, Restaurants und Caf\u00e9s. In direkter Umgebung haben sich zahlreiche Unternehmen aus der IT- und Medienbranche angesiedelt. Zudem befinden sich alle wichtigen Dienstleister des t\u00e4glichen Bedarfs in unmittelbarer N\u00e4he.<\/p>\n<p>\u2022 Klimatisierter Serverraum<br \/>\n\u2022 St\u00e4bchenparkett frisch geschliffen und ge\u00f6lt<br \/>\n\u2022 bel\u00fcfteter Besprechungsraum<br \/>\n\u2022 Akustikdecke<br \/>\n\u2022 Rhein und Domblick<br \/>\n\u2022 Glaselemente<\/p>\n<p>Es gelten ausschlie\u00dflich unsere AGB (www.ruhr-real.de\/agb). Die Halle ist nicht f\u00fcr Veranstaltungsr\u00e4ume geeignet. Wir m\u00f6chten Sie darauf hinweisen, dass die Angaben ausschlie\u00dflich auf den uns vom Eigent\u00fcmer \u00fcbermittelten Unterlagen und Informationen basieren. F\u00fcr Richtigkeit und Vollst\u00e4ndigkeit \u00fcbernehmen wir keine Gew\u00e4hr. Zwischenvermietung vorbehalten.<br \/>\n<div class=\"widget widget_immonex_user_defined_properties_widget\"><div class=\"immonex-widget immonex-widget-houzez\">\n\t\t<div class=\"immonex-widget-title clearfix\">\n\t\t<h2 class=\"widgettitle\">Energieeffizienz<\/h2>\t<\/div>\n\t\t<ul class=\"immonex-property-details row list-lined list-unstyled\">\n\t\t\t\t<li>\n\t\t\t<div class=\"list-lined-item w-100 d-flex justify-content-between py-2\">\n\t\t\t\t\t\t\t\t<strong class=\"property-details-label\">Energieausweis-Jahrgang:<\/strong>&nbsp;<span class=\"property-details-value\">not available<\/span>\n\t\t\t\t\t\t\t<\/div>\n\t\t<\/li>\n\t\t\t<\/ul>\n<\/div><\/div><\/p>\n","protected":false},"excerpt":{"rendered":"<p>Die B\u00fcrofl\u00e4che pr\u00e4sentiert sich in einem hochwertigen und modernen Ausbaustandard. Der frisch geschliffene und&#8230;<\/p>\n","protected":false},"author":1,"featured_media":157411,"parent":0,"menu_order":0,"template":"","property_type":[379],"property_status":[352],"property_feature":[361,354],"property_label":[],"property_country":[353],"property_state":[],"property_city":[336],"property_area":[],"class_list":["post-157410","property","type-property","status-publish","has-post-thumbnail","hentry","property_type-bueroflaechen","property_status-zu-vermieten","property_feature-klimaanlage","property_feature-personenaufzug","property_country-deutschland","property_city-koln"],"acf":[],"property_meta":{"rank_math_internal_links_processed":["1"],"_immonex_import_folder":["users\/RUHRREAL"],"fave_property_map_address":["51063 K\u00f6ln"],"fave_property_zip":["51063"],"fave_property_country":["DE"],"_immonex_lat":["50.94938825"],"_immonex_lng":["6.98760124759"],"houzez_geolocation_lat":["50.94938825"],"houzez_geolocation_long":["6.98760124759"],"fave_property_location":["50.94938825,6.98760124759"],"fave_property_price":["16.00"],"fave_property_sec_price":["16.0000"],"fave_property_size":["270"],"fave_property_id":["4237\/G1\/E5"],"_immonex_translation_id":["4237\/G1\/E5"],"_immonex_iso_country":["DEU"],"_openimmo_obid":["55349EA34ECE484BBBA60FB2EBA2A74F"],"_openimmo_anid":["0000"],"_immonex_group_number":[""],"_immonex_group_id":[""],"_immonex_group_master":[""],"_immonex_import_meta":["a:6:{s:8:\"zip_file\";s:131:\"\/www\/htdocs\/w0172e0e\/ruhr-real_2024\/wp-content\/uploads\/immonex-openimmo-import\/users\/RUHRREAL\/Immowelt_estatePro_20250626170947.zip\";s:8:\"xml_file\";s:158:\"\/www\/htdocs\/w0172e0e\/ruhr-real_2024\/wp-content\/uploads\/immonex-openimmo-import\/immowelt_estatepro_20250626170947\/Homepage_2024_NEW_estatePro20250626170947.xml\";s:12:\"mapping_file\";s:116:\"\/www\/htdocs\/w0172e0e\/ruhr-real_2024\/wp-content\/uploads\/immonex-openimmo-import\/mappings\/houzez_ruhrreal_18122023.csv\";s:9:\"timestamp\";i:1750950589;s:4:\"date\";s:10:\"2025-06-26\";s:4:\"time\";s:8:\"17:09:49\";}"],"_is_immonex_import_property":["1"],"_immonex_is_reference":[""],"_immonex_is_sold":[""],"_immonex_is_reserved":[""],"_immonex_is_available":["1"],"additional_features":["a:14:{i:0;a:2:{s:29:\"fave_additional_feature_title\";s:14:\"Nettokaltmiete\";s:29:\"fave_additional_feature_value\";s:11:\"16&nbsp;\u20ac\";}i:1;a:2:{s:29:\"fave_additional_feature_title\";s:9:\"Kaltmiete\";s:29:\"fave_additional_feature_value\";s:11:\"16&nbsp;\u20ac\";}i:2;a:2:{s:29:\"fave_additional_feature_title\";s:29:\"monatl. Betriebs-\/Nebenkosten\";s:29:\"fave_additional_feature_value\";s:13:\"3,50&nbsp;\u20ac\";}i:3;a:2:{s:29:\"fave_additional_feature_title\";s:33:\"Heizkosten in Warmmiete enthalten\";s:29:\"fave_additional_feature_value\";s:4:\"nein\";}i:4;a:2:{s:29:\"fave_additional_feature_title\";s:32:\"Preise zuz\u00fcglich Mehrwertsteuer\";s:29:\"fave_additional_feature_value\";s:4:\"nein\";}i:5;a:2:{s:29:\"fave_additional_feature_title\";s:23:\"Netto-Kaltmiete pro m\u00b2\";s:29:\"fave_additional_feature_value\";s:11:\"16&nbsp;\u20ac\";}i:6;a:2:{s:29:\"fave_additional_feature_title\";s:10:\"MwSt.-Satz\";s:29:\"fave_additional_feature_value\";s:9:\"19&nbsp;%\";}i:7;a:2:{s:29:\"fave_additional_feature_title\";s:12:\"B\u00fcrofl\u00e4che\";s:29:\"fave_additional_feature_value\";s:14:\"1.783&nbsp;m\u00b2\";}i:8;a:2:{s:29:\"fave_additional_feature_title\";s:16:\"B\u00fcroteilfl\u00e4che\";s:29:\"fave_additional_feature_value\";s:12:\"270&nbsp;m\u00b2\";}i:9;a:2:{s:29:\"fave_additional_feature_title\";s:10:\"Teilbar ab\";s:29:\"fave_additional_feature_value\";s:12:\"270&nbsp;m\u00b2\";}i:10;a:2:{s:29:\"fave_additional_feature_title\";s:19:\"Art der Ausstattung\";s:29:\"fave_additional_feature_value\";s:7:\"gehoben\";}i:11;a:2:{s:29:\"fave_additional_feature_title\";s:10:\"Bodenbelag\";s:29:\"fave_additional_feature_value\";s:7:\"Parkett\";}i:12;a:2:{s:29:\"fave_additional_feature_title\";s:7:\"Zustand\";s:29:\"fave_additional_feature_value\";s:8:\"gepflegt\";}i:13;a:2:{s:29:\"fave_additional_feature_title\";s:27:\"Immobilie ist verf\u00fcgbar ab\";s:29:\"fave_additional_feature_value\";s:9:\"ab sofort\";}}"],"fave_additional_features_enable":["enable"],"_immonex_custom_fields":["a:1:{s:23:\"Energieausweis-Jahrgang\";a:5:{s:14:\"mapping_source\";s:38:\"zustand_angaben->energiepass->jahrgang\";s:4:\"name\";s:0:\"\";s:5:\"group\";s:5:\"epass\";s:5:\"value\";s:13:\"not available\";s:19:\"value_before_filter\";s:4:\"ohne\";}}"],"_immonex_property_xml_source":["<?xml version=\"1.0\"?>\n<immobilie>\n<objektkategorie>\n<nutzungsart WOHNEN=\"false\" GEWERBE=\"true\"\/>\n<vermarktungsart KAUF=\"false\" MIETE_PACHT=\"true\"\/>\n<objektart>\n<buero_praxen buero_typ=\"BUEROHAUS\"\/>\n<\/objektart>\n<user_defined_simplefield\/>\n<\/objektkategorie>\n<geo>\n<plz>51063<\/plz>\n<ort>K&#xF6;ln<\/ort>\n<strasse>Schanzenstra&#xDF;e<\/strasse>\n<hausnummer>30<\/hausnummer>\n<land iso_land=\"DEU\"\/>\n<lage_im_bau\/>\n<\/geo>\n<kontaktperson>\n<email_zentrale>anfrage@ruhr-real.de<\/email_zentrale>\n<email_direkt>laufenberg@ruhr-real.de<\/email_direkt>\n<tel_durchw>+49 221 273 229 33<\/tel_durchw>\n<tel_handy>+49 162 1728000<\/tel_handy>\n<name>Laufenberg<\/name>\n<vorname>Lars<\/vorname>\n<anrede>Herr<\/anrede>\n<firma>RUHR REAL GmbH<\/firma>\n<strasse>Holsterhauser Platz<\/strasse>\n<hausnummer>2<\/hausnummer>\n<plz>45147<\/plz>\n<ort>Essen<\/ort>\n<adressfreigabe>true<\/adressfreigabe>\n<\/kontaktperson>\n<preise>\n<nettokaltmiete>16.00<\/nettokaltmiete>\n<kaltmiete>16.00<\/kaltmiete>\n<nebenkosten>3.50<\/nebenkosten>\n<heizkosten_enthalten>false<\/heizkosten_enthalten>\n<zzg_mehrwertsteuer>false<\/zzg_mehrwertsteuer>\n<preis_zeiteinheit\/>\n<mietpreis_pro_qm>16.0000<\/mietpreis_pro_qm>\n<provisionspflichtig>false<\/provisionspflichtig>\n<waehrung iso_waehrung=\"EUR\"\/>\n<mwst_satz>19.00<\/mwst_satz>\n<stp_carport\/>\n<stp_duplex\/>\n<stp_freiplatz\/>\n<stp_garage\/>\n<stp_parkhaus\/>\n<stp_tiefgarage\/>\n<\/preise>\n<bieterverfahren\/>\n<versteigerung\/>\n<flaechen>\n<bueroflaeche>1783<\/bueroflaeche>\n<bueroteilflaeche>270<\/bueroteilflaeche>\n<teilbar_ab>270<\/teilbar_ab>\n<\/flaechen>\n<ausstattung>\n<ausstatt_kategorie>GEHOBEN<\/ausstatt_kategorie>\n<bad\/>\n<kueche\/>\n<boden PARKETT=\"true\"\/>\n<heizungsart\/>\n<befeuerung\/>\n<klimatisiert>true<\/klimatisiert>\n<fahrstuhl PERSONEN=\"true\"\/>\n<ausricht_balkon_terrasse\/>\n<angeschl_gastronomie\/>\n<sicherheitstechnik\/>\n<\/ausstattung>\n<zustand_angaben>\n<zustand zustand_art=\"GEPFLEGT\"\/>\n<energiepass>\n<jahrgang>ohne<\/jahrgang>\n<\/energiepass>\n<\/zustand_angaben>\n<bewertung\/>\n<infrastruktur\/>\n<freitexte>\n<objekttitel>B&#xFC;rofl&#xE4;chen mit Rhein- &amp; Dom-Blick | Beste Lage in M&#xFC;lheim<\/objekttitel>\n<lage>Die Liegenschaft liegt im lebendigen K&#xF6;lner Stadtteil M&#xFC;lheim. In wenigen Gehminuten sind mehrere Bahnstationen erreichbar, die eine ideale Anbindung an den &#xF6;ffentlichen Nahverkehr bieten. Auch die K&#xF6;lner Innenstadt sowie die umliegenden Autobahnen sind schnell erreichbar.\n\nDas nahegelegene M&#xFC;lheimer Zentrum &#xFC;berzeugt mit einer Vielzahl an Gesch&#xE4;ften, Restaurants und Caf&#xE9;s. In direkter Umgebung haben sich zahlreiche Unternehmen aus der IT- und Medienbranche angesiedelt. Zudem befinden sich alle wichtigen Dienstleister des t&#xE4;glichen Bedarfs in unmittelbarer N&#xE4;he.<\/lage>\n<ausstatt_beschr>&#x2022; Klimatisierter Serverraum\n&#x2022; St&#xE4;bchenparkett frisch geschliffen und ge&#xF6;lt\n&#x2022; bel&#xFC;fteter Besprechungsraum\n&#x2022; Akustikdecke\n&#x2022; Rhein und Domblick\n&#x2022; Glaselemente<\/ausstatt_beschr>\n<objektbeschreibung>Die B&#xFC;rofl&#xE4;che pr&#xE4;sentiert sich in einem hochwertigen und modernen Ausbaustandard. Der frisch geschliffene und ge&#xF6;lte St&#xE4;bchenparkettboden verleiht den R&#xE4;umen eine warme, repr&#xE4;sentative Atmosph&#xE4;re. Gro&#xDF;z&#xFC;gige, bodentiefe Fenster sorgen f&#xFC;r eine helle Arbeitsumgebung und er&#xF6;ffnen &#x2013; je nach Lage &#x2013; einen beeindruckenden Blick auf den Rhein und den K&#xF6;lner Dom. F&#xFC;r eine gleichm&#xE4;&#xDF;ige und ergonomische Beleuchtung sind BAP-gerechte Leuchten installiert.\n\nDas Raumklima wird durch eine moderne Klimaanlage reguliert. Zus&#xE4;tzlich sorgt eine Akustikdecke f&#xFC;r angenehme Schalld&#xE4;mpfung. Der innenliegende Besprechungsraum ist bel&#xFC;ftet und schafft optimale Voraussetzungen f&#xFC;r konzentrierte Meetings. Glaselemente unterstreichen die offene, kommunikative Raumstruktur.\n\nEine Teek&#xFC;che sowie ein hochwertig ausgestatteter Sanit&#xE4;rbereich stehen den Mietern zur Verf&#xFC;gung. Die technische Infrastruktur ist durch eine strukturierte Unterputzverkabelung mit CAT-7-Verkabelung sowie einen klimatisierten Serverraum optimal auf moderne Anforderungen ausgerichtet. Eine Brandmeldeanlage (BMA) sorgt f&#xFC;r zus&#xE4;tzliche Sicherheit.\n\nZwei Personenaufz&#xFC;ge gew&#xE4;hrleisten einen komfortablen Zugang zu den Etagen. Der au&#xDF;enliegende, elektrische Sonnenschutz rundet die hochwertige Ausstattung ab und erm&#xF6;glicht eine effiziente Licht- und Temperaturregulierung.\n\nFolgende Fl&#xE4;chen stehen zur Disposition:\n\nEG: 309 m&#xB2; Lagerfl&#xE4;che; 10,00 EUR\/ m&#xB2;, 270 m&#xB2; B&#xFC;rofl&#xE4;che; 16,00 EUR\/ m&#xB2;\n3.OG: 523 m&#xB2; B&#xFC;rofl&#xE4;che; 16,50 EUR\/ m&#xB2;\n4.OG: 517 m&#xB2; B&#xFC;rofl&#xE4;che; 16,50 EUR\/ m&#xB2;\n10.OG: 473 m&#xB2; B&#xFC;rofl&#xE4;che; 17,50 EUR\/ m&#xB2;<\/objektbeschreibung><sonstige_angaben>Es gelten ausschlie&#xDF;lich unsere AGB (www.ruhr-real.de\/agb). Die Halle ist nicht f&#xFC;r Veranstaltungsr&#xE4;ume geeignet. Wir m&#xF6;chten Sie darauf hinweisen, dass die Angaben ausschlie&#xDF;lich auf den uns vom Eigent&#xFC;mer &#xFC;bermittelten Unterlagen und Informationen basieren. F&#xFC;r Richtigkeit und Vollst&#xE4;ndigkeit &#xFC;bernehmen wir keine Gew&#xE4;hr. Zwischenvermietung vorbehalten.<\/sonstige_angaben>\n<\/freitexte>\n<anhaenge>\n<anhang location=\"EXTERN\" gruppe=\"TITELBILD\">\n<anhangtitel>Au&#xDF;enansicht<\/anhangtitel>\n<format>JPG<\/format>\n<daten>\n<pfad>c55c9036e624475aaef7444c408b9782.JPG<\/pfad>\n<\/daten>\n<\/anhang>\n<anhang location=\"EXTERN\" gruppe=\"BILD\">\n<anhangtitel>Ausblick<\/anhangtitel>\n<format>JPG<\/format>\n<daten>\n<pfad>4177b45096244e8c817148837f3390d8.JPG<\/pfad>\n<\/daten>\n<\/anhang>\n<anhang location=\"EXTERN\" gruppe=\"BILD\">\n<anhangtitel>B&#xFC;ro<\/anhangtitel>\n<format>JPG<\/format>\n<daten>\n<pfad>4380980895ae49a984f8fda79ce6895f.JPG<\/pfad>\n<\/daten>\n<\/anhang>\n<anhang location=\"EXTERN\" gruppe=\"BILD\">\n<anhangtitel>Flur<\/anhangtitel>\n<format>JPG<\/format>\n<daten>\n<pfad>b7c899b75cc546babb39c39424845a0b.JPG<\/pfad>\n<\/daten>\n<\/anhang>\n<anhang location=\"EXTERN\" gruppe=\"BILD\">\n<anhangtitel>B&#xFC;ro<\/anhangtitel>\n<format>JPG<\/format>\n<daten>\n<pfad>a628d84fb3a64d2ebbf781b9f8d93a41.JPG<\/pfad>\n<\/daten>\n<\/anhang>\n<anhang location=\"EXTERN\" gruppe=\"BILD\">\n<anhangtitel>bodeniefe Fenster<\/anhangtitel>\n<format>JPG<\/format>\n<daten>\n<pfad>fcaa18fcbfa549429d049ac04ad81502.JPG<\/pfad>\n<\/daten>\n<\/anhang>\n<anhang location=\"EXTERN\" gruppe=\"BILD\">\n<anhangtitel>Sanit&#xE4;ranlagen<\/anhangtitel>\n<format>JPG<\/format>\n<daten>\n<pfad>34f9394865934b27b4f6f1305f73a31a.JPG<\/pfad>\n<\/daten>\n<\/anhang>\n<anhang location=\"EXTERN\" gruppe=\"BILD\">\n<anhangtitel>Teek&#xFC;che<\/anhangtitel>\n<format>JPG<\/format>\n<daten>\n<pfad>a478de787be7418e89e8db43dae1895e.JPG<\/pfad>\n<\/daten>\n<\/anhang>\n<anhang location=\"EXTERN\" gruppe=\"BILD\">\n<anhangtitel>B&#xFC;ro<\/anhangtitel>\n<format>JPG<\/format>\n<daten>\n<pfad>b885cf25f21f4c0ab07c0a3805ab4ae5.JPG<\/pfad>\n<\/daten>\n<\/anhang>\n<\/anhaenge>\n<verwaltung_objekt>\n<objektadresse_freigeben>false<\/objektadresse_freigeben>\n<verfuegbar_ab>ab sofort<\/verfuegbar_ab>\n<geschlecht\/>\n<\/verwaltung_objekt>\n<verwaltung_techn>\n<objektnr_intern>55349EA34ECE484BBBA60FB2EBA2A74F<\/objektnr_intern>\n<objektnr_extern>4237\/G1\/E5<\/objektnr_extern>\n<aktion aktionart=\"CHANGE\"\/>\n<openimmo_obid>55349EA34ECE484BBBA60FB2EBA2A74F<\/openimmo_obid>\n<kennung_ursprung>estatePro V10.0.0.8<\/kennung_ursprung>\n<stand_vom>2025-06-26<\/stand_vom>\n<\/verwaltung_techn>\n<user_defined_simplefield feldname=\"Startseite\">Nein<\/user_defined_simplefield>\n<\/immobilie>\n"],"_thumbnail_id":["157411"],"fave_property_images":["157411","157412","157413","157414","157415","157416","157417","157418","157419"],"fave_floor_plans_enable":["disable"],"fave_prop_homeslider":["yes"],"fave_prop_slider_image":["157411"],"fave_agents":["156439"],"fave_agent_display_option":["agent_info"],"fave_single_top_area":["global"],"fave_single_content_area":["global"],"fave_property_map":["1"],"fave_property_map_street_view":["hide"],"fave_property_size_prefix":["m\u00b2"],"fave_property_land_postfix":["m\u00b2"],"fave_featured":["0"],"houzez_featured_listing_date":[""],"fave_property_price_postfix":["pro&nbsp;m\u00b2"],"fave_currency":["EUR"],"fave_currency_info":["a:8:{s:2:\"id\";s:1:\"1\";s:13:\"currency_name\";s:4:\"Euro\";s:13:\"currency_code\";s:3:\"EUR\";s:15:\"currency_symbol\";s:3:\"\u20ac\";s:17:\"currency_position\";s:5:\"after\";s:16:\"currency_decimal\";s:1:\"2\";s:26:\"currency_decimal_separator\";s:1:\",\";s:27:\"currency_thousand_separator\";s:1:\".\";}"],"houzez_total_property_views":["1396"],"houzez_views_by_date":["a:61:{s:10:\"02-28-2026\";i:4;s:10:\"03-01-2026\";i:4;s:10:\"03-02-2026\";i:4;s:10:\"03-03-2026\";i:4;s:10:\"03-04-2026\";i:4;s:10:\"03-05-2026\";i:6;s:10:\"03-06-2026\";i:4;s:10:\"03-07-2026\";i:4;s:10:\"03-08-2026\";i:4;s:10:\"03-09-2026\";i:4;s:10:\"03-10-2026\";i:4;s:10:\"03-11-2026\";i:4;s:10:\"03-12-2026\";i:5;s:10:\"03-13-2026\";i:4;s:10:\"03-14-2026\";i:4;s:10:\"03-15-2026\";i:4;s:10:\"03-16-2026\";i:2;s:10:\"03-17-2026\";i:9;s:10:\"03-18-2026\";i:6;s:10:\"03-19-2026\";i:4;s:10:\"03-20-2026\";i:6;s:10:\"03-21-2026\";i:4;s:10:\"03-22-2026\";i:4;s:10:\"03-23-2026\";i:4;s:10:\"03-24-2026\";i:4;s:10:\"03-25-2026\";i:4;s:10:\"03-26-2026\";i:6;s:10:\"03-27-2026\";i:4;s:10:\"03-28-2026\";i:4;s:10:\"03-29-2026\";i:4;s:10:\"03-30-2026\";i:6;s:10:\"03-31-2026\";i:4;s:10:\"04-01-2026\";i:7;s:10:\"04-02-2026\";i:9;s:10:\"04-03-2026\";i:8;s:10:\"04-04-2026\";i:8;s:10:\"04-05-2026\";i:8;s:10:\"04-06-2026\";i:8;s:10:\"04-07-2026\";i:10;s:10:\"04-08-2026\";i:8;s:10:\"04-09-2026\";i:8;s:10:\"04-10-2026\";i:8;s:10:\"04-11-2026\";i:7;s:10:\"04-12-2026\";i:8;s:10:\"04-13-2026\";i:8;s:10:\"04-14-2026\";i:8;s:10:\"04-15-2026\";i:8;s:10:\"04-16-2026\";i:8;s:10:\"04-17-2026\";i:8;s:10:\"04-18-2026\";i:8;s:10:\"04-19-2026\";i:8;s:10:\"04-20-2026\";i:8;s:10:\"04-21-2026\";i:8;s:10:\"04-22-2026\";i:8;s:10:\"04-23-2026\";i:8;s:10:\"04-24-2026\";i:8;s:10:\"04-25-2026\";i:8;s:10:\"04-26-2026\";i:8;s:10:\"04-27-2026\";i:8;s:10:\"04-28-2026\";i:8;s:10:\"04-29-2026\";i:7;}"],"houzez_recently_viewed":["2026-04-29 12:49:08"],"tp_widgets":["a:2:{s:7:\"widgets\";a:0:{}s:9:\"update_at\";s:10:\"1764682733\";}"],"_elementor_page_assets":["a:0:{}"]},"_links":{"self":[{"href":"https:\/\/ruhr-real.de\/en\/wp-json\/wp\/v2\/properties\/157410","targetHints":{"allow":["GET"]}}],"collection":[{"href":"https:\/\/ruhr-real.de\/en\/wp-json\/wp\/v2\/properties"}],"about":[{"href":"https:\/\/ruhr-real.de\/en\/wp-json\/wp\/v2\/types\/property"}],"author":[{"embeddable":true,"href":"https:\/\/ruhr-real.de\/en\/wp-json\/wp\/v2\/users\/1"}],"version-history":[{"count":0,"href":"https:\/\/ruhr-real.de\/en\/wp-json\/wp\/v2\/properties\/157410\/revisions"}],"wp:featuredmedia":[{"embeddable":true,"href":"https:\/\/ruhr-real.de\/en\/wp-json\/wp\/v2\/media\/157411"}],"wp:attachment":[{"href":"https:\/\/ruhr-real.de\/en\/wp-json\/wp\/v2\/media?parent=157410"}],"wp:term":[{"taxonomy":"property_type","embeddable":true,"href":"https:\/\/ruhr-real.de\/en\/wp-json\/wp\/v2\/property_type?post=157410"},{"taxonomy":"property_status","embeddable":true,"href":"https:\/\/ruhr-real.de\/en\/wp-json\/wp\/v2\/property_status?post=157410"},{"taxonomy":"property_feature","embeddable":true,"href":"https:\/\/ruhr-real.de\/en\/wp-json\/wp\/v2\/property_feature?post=157410"},{"taxonomy":"property_label","embeddable":true,"href":"https:\/\/ruhr-real.de\/en\/wp-json\/wp\/v2\/property_label?post=157410"},{"taxonomy":"property_country","embeddable":true,"href":"https:\/\/ruhr-real.de\/en\/wp-json\/wp\/v2\/property_country?post=157410"},{"taxonomy":"property_state","embeddable":true,"href":"https:\/\/ruhr-real.de\/en\/wp-json\/wp\/v2\/property_state?post=157410"},{"taxonomy":"property_city","embeddable":true,"href":"https:\/\/ruhr-real.de\/en\/wp-json\/wp\/v2\/property_city?post=157410"},{"taxonomy":"property_area","embeddable":true,"href":"https:\/\/ruhr-real.de\/en\/wp-json\/wp\/v2\/property_area?post=157410"}],"curies":[{"name":"wp","href":"https:\/\/api.w.org\/{rel}","templated":true}]}}