{"id":157807,"date":"2025-08-11T00:02:38","date_gmt":"2025-08-10T22:02:38","guid":{"rendered":"https:\/\/ruhr-real.de\/objekt\/sofort-verfuegbar-schulungsflaechen-am-quatermarkt\/"},"modified":"2025-08-11T11:06:38","modified_gmt":"2025-08-11T09:06:38","slug":"sofort-verfuegbar-schulungsflaechen-am-quatermarkt","status":"publish","type":"property","link":"https:\/\/ruhr-real.de\/en\/objekt\/sofort-verfuegbar-schulungsflaechen-am-quatermarkt\/","title":{"rendered":"Sofort verf\u00fcgbar | Schulungsfl\u00e4chen am Quatermarkt"},"content":{"rendered":"<p>Die B\u00fcrofl\u00e4che befindet sich in zentraler Lage unweit des Heumarkts und bietet eine attraktive Kombination aus Funktionalit\u00e4t und Flexibilit\u00e4t. Die R\u00e4umlichkeiten sind modern ausgestattet und verf\u00fcgen \u00fcber eine Mischung aus hochwertigem Teppichboden und pflegeleichtem PVC-Designboden. Sowohl klassische Einzelb\u00fcros als auch gro\u00dfz\u00fcgige Gro\u00dfraumb\u00fcros sind vorhanden, sodass unterschiedlichste Nutzungskonzepte umgesetzt werden k\u00f6nnen. Aufgrund der variablen Raumaufteilung des Zwischengeschosses eignet sich diese Fl\u00e4che auch ideal f\u00fcr Schulungen oder Seminare. Helle R\u00e4ume, eine angenehme Arbeitsatmosph\u00e4re und die hervorragende Anbindung an den \u00f6ffentlichen Nahverkehr machen diesen Standort besonders attraktiv f\u00fcr Unternehmen mit zentralem Anspruch.<\/p>\n<p>Folgende Fl\u00e4chen stehen zur Verf\u00fcgung:<\/p>\n<p>EG: 194 m\u00b2, ab 29,00 EUR\/m\u00b2, sofort verf\u00fcgbar<br \/>\nZWG: 589 m\u00b2, ab 17,50 EUR\/m\u00b2, sofort verf\u00fcgbar<br \/>\n1.OG: 844 m\u00b2, ab 18,50 EUR\/m\u00b2, sofort verf\u00fcgbar<br \/>\n2.OG: 351 m\u00b2, ab 18,50 EUR\/m\u00b2, sofort verf\u00fcgbar<\/p>\n<p>Der Standort liegt zentral in der K\u00f6lner Innenstadt mit hervorragender Anbindung an den \u00f6ffentlichen Nahverkehr. U-Bahn-Stationen sind in etwa 2\u20133 Gehminuten erreichbar, der Hauptbahnhof K\u00f6ln liegt rund 5\u20137 Minuten fu\u00dfl\u00e4ufig entfernt. Von dort bestehen regelm\u00e4\u00dfige Verbindungen nach Bergheim mit einer Fahrzeit von etwa 30\u201335 Minuten. Die n\u00e4chste Autobahnauffahrt ist in ca. 10\u201315 Minuten erreichbar, der Flughafen K\u00f6ln\/Bonn in rund 20 Minuten mit dem Auto oder 25\u201330 Minuten mit der Bahn. Die Lage bietet optimale Erreichbarkeit f\u00fcr Pendler und Besucher.<\/p>\n<p>\u2022 Teppichoden, PVC-Designboden<br \/>\n\u2022 Einzelb\u00fcros &amp; Gro\u00dfraumb\u00fcros<br \/>\n\u2022 auch als Schulungsr\u00e4ume nutzbar<\/p>\n<p>Es gelten ausschlie\u00dflich unsere AGB (www.ruhr-real.de\/agb). Die Halle ist nicht f\u00fcr Veranstaltungsr\u00e4ume geeignet. Wir m\u00f6chten Sie darauf hinweisen, dass die Angaben ausschlie\u00dflich auf den uns vom Eigent\u00fcmer \u00fcbermittelten Unterlagen und Informationen basieren. F\u00fcr Richtigkeit und Vollst\u00e4ndigkeit \u00fcbernehmen wir keine Gew\u00e4hr. Zwischenvermietung vorbehalten.<br \/>\n<div class=\"widget widget_immonex_user_defined_properties_widget\"><div class=\"immonex-widget immonex-widget-houzez\">\n\t\t<div class=\"immonex-widget-title clearfix\">\n\t\t<h2 class=\"widgettitle\">Energieeffizienz<\/h2>\t<\/div>\n\t\t<ul class=\"immonex-property-details row list-lined list-unstyled\">\n\t\t\t\t<li>\n\t\t\t<div class=\"list-lined-item w-100 d-flex justify-content-between py-2\">\n\t\t\t\t\t\t\t\t<strong class=\"property-details-label\">Energieausweis-Jahrgang:<\/strong>&nbsp;<span class=\"property-details-value\">not available<\/span>\n\t\t\t\t\t\t\t<\/div>\n\t\t<\/li>\n\t\t\t<\/ul>\n<\/div><\/div><\/p>\n","protected":false},"excerpt":{"rendered":"<p>Die B\u00fcrofl\u00e4che befindet sich in zentraler Lage unweit des Heumarkts und bietet eine attraktive Kombination aus&#8230;<\/p>\n","protected":false},"author":1,"featured_media":160864,"parent":0,"menu_order":0,"template":"","property_type":[379],"property_status":[352],"property_feature":[354],"property_label":[],"property_country":[353],"property_state":[],"property_city":[336],"property_area":[],"class_list":["post-157807","property","type-property","status-publish","has-post-thumbnail","hentry","property_type-bueroflaechen","property_status-zu-vermieten","property_feature-personenaufzug","property_country-deutschland","property_city-koln"],"acf":[],"property_meta":{"_immonex_import_folder":["users\/RUHRREAL"],"_immonex_translation_id":["4265\/G1\/E2"],"_openimmo_obid":["1CE2618243F94DF1A926797712A11C4D"],"_is_immonex_import_property":["1"],"_immonex_is_reference":[""],"rank_math_internal_links_processed":["1"],"fave_property_map_address":["50667 K\u00f6ln"],"fave_property_zip":["50667"],"fave_property_country":["DE"],"_immonex_lat":["50.93341055"],"_immonex_lng":["6.96827509172"],"houzez_geolocation_lat":["50.93341055"],"houzez_geolocation_long":["6.96827509172"],"fave_property_location":["50.93341055,6.96827509172"],"fave_property_price":["18.50"],"fave_property_sec_price":["18.5000"],"fave_property_size":["351"],"fave_property_id":["4265\/G1\/E2"],"_immonex_iso_country":["DEU"],"_openimmo_anid":["0000"],"_immonex_group_number":[""],"_immonex_group_id":[""],"_immonex_group_master":[""],"_immonex_import_meta":["a:6:{s:8:\"zip_file\";s:131:\"\/www\/htdocs\/w0172e0e\/ruhr-real_2024\/wp-content\/uploads\/immonex-openimmo-import\/users\/RUHRREAL\/Immowelt_estatePro_20250811110517.zip\";s:8:\"xml_file\";s:158:\"\/www\/htdocs\/w0172e0e\/ruhr-real_2024\/wp-content\/uploads\/immonex-openimmo-import\/immowelt_estatepro_20250811110517\/Homepage_2024_NEW_estatePro20250811110517.xml\";s:12:\"mapping_file\";s:116:\"\/www\/htdocs\/w0172e0e\/ruhr-real_2024\/wp-content\/uploads\/immonex-openimmo-import\/mappings\/houzez_ruhrreal_18122023.csv\";s:9:\"timestamp\";i:1754903198;s:4:\"date\";s:10:\"2025-08-11\";s:4:\"time\";s:8:\"11:06:38\";}"],"_immonex_is_sold":[""],"_immonex_is_reserved":[""],"_immonex_is_available":["1"],"additional_features":["a:16:{i:0;a:2:{s:29:\"fave_additional_feature_title\";s:14:\"Nettokaltmiete\";s:29:\"fave_additional_feature_value\";s:14:\"18,50&nbsp;\u20ac\";}i:1;a:2:{s:29:\"fave_additional_feature_title\";s:9:\"Kaltmiete\";s:29:\"fave_additional_feature_value\";s:14:\"18,50&nbsp;\u20ac\";}i:2;a:2:{s:29:\"fave_additional_feature_title\";s:29:\"monatl. Betriebs-\/Nebenkosten\";s:29:\"fave_additional_feature_value\";s:13:\"3,60&nbsp;\u20ac\";}i:3;a:2:{s:29:\"fave_additional_feature_title\";s:33:\"Heizkosten in Warmmiete enthalten\";s:29:\"fave_additional_feature_value\";s:4:\"nein\";}i:4;a:2:{s:29:\"fave_additional_feature_title\";s:32:\"Preise zuz\u00fcglich Mehrwertsteuer\";s:29:\"fave_additional_feature_value\";s:4:\"nein\";}i:5;a:2:{s:29:\"fave_additional_feature_title\";s:23:\"Netto-Kaltmiete pro m\u00b2\";s:29:\"fave_additional_feature_value\";s:14:\"18,50&nbsp;\u20ac\";}i:6;a:2:{s:29:\"fave_additional_feature_title\";s:16:\"K\u00e4uferprovision\";s:29:\"fave_additional_feature_value\";s:21:\"3-4 Nettomonatsmieten\";}i:7;a:2:{s:29:\"fave_additional_feature_title\";s:20:\"Hinweis zur Courtage\";s:29:\"fave_additional_feature_value\";s:233:\"Bei Vertr\u00e4gen bis zu f\u00fcnf Jahren Laufzeit ist ein Honorar von 3 Nettomonatsmieten vom Mieter an RUHR REAL zahlbar; bei Laufzeiten bis zu zehn Jahren werden 4 Nettomonatsmieten f\u00e4llig. Hinzu kommt die jeweils g\u00fcltige Umsatzsteuer.\";}i:8;a:2:{s:29:\"fave_additional_feature_title\";s:10:\"MwSt.-Satz\";s:29:\"fave_additional_feature_value\";s:9:\"19&nbsp;%\";}i:9;a:2:{s:29:\"fave_additional_feature_title\";s:12:\"B\u00fcrofl\u00e4che\";s:29:\"fave_additional_feature_value\";s:16:\"1.195,1&nbsp;m\u00b2\";}i:10;a:2:{s:29:\"fave_additional_feature_title\";s:16:\"B\u00fcroteilfl\u00e4che\";s:29:\"fave_additional_feature_value\";s:14:\"351,1&nbsp;m\u00b2\";}i:11;a:2:{s:29:\"fave_additional_feature_title\";s:10:\"Teilbar ab\";s:29:\"fave_additional_feature_value\";s:14:\"351,1&nbsp;m\u00b2\";}i:12;a:2:{s:29:\"fave_additional_feature_title\";s:19:\"Art der Ausstattung\";s:29:\"fave_additional_feature_value\";s:8:\"Standard\";}i:13;a:2:{s:29:\"fave_additional_feature_title\";s:10:\"Bodenbelag\";s:29:\"fave_additional_feature_value\";s:7:\"Teppich\";}i:14;a:2:{s:29:\"fave_additional_feature_title\";s:7:\"Zustand\";s:29:\"fave_additional_feature_value\";s:8:\"gepflegt\";}i:15;a:2:{s:29:\"fave_additional_feature_title\";s:27:\"Immobilie ist verf\u00fcgbar ab\";s:29:\"fave_additional_feature_value\";s:17:\"nach Vereinbarung\";}}"],"fave_additional_features_enable":["enable"],"_immonex_custom_fields":["a:1:{s:23:\"Energieausweis-Jahrgang\";a:5:{s:14:\"mapping_source\";s:38:\"zustand_angaben->energiepass->jahrgang\";s:4:\"name\";s:0:\"\";s:5:\"group\";s:5:\"epass\";s:5:\"value\";s:13:\"not available\";s:19:\"value_before_filter\";s:4:\"ohne\";}}"],"_immonex_property_xml_source":["<?xml version=\"1.0\"?>\n<immobilie>\n<objektkategorie>\n<nutzungsart WOHNEN=\"false\" GEWERBE=\"true\"\/>\n<vermarktungsart KAUF=\"false\" MIETE_PACHT=\"true\"\/>\n<objektart>\n<buero_praxen buero_typ=\"BUEROHAUS\"\/>\n<\/objektart>\n<user_defined_simplefield\/>\n<\/objektkategorie>\n<geo>\n<plz>50667<\/plz>\n<ort>K&#xF6;ln<\/ort>\n<strasse>Quatermarkt<\/strasse>\n<hausnummer>5<\/hausnummer>\n<land iso_land=\"DEU\"\/>\n<lage_im_bau\/>\n<\/geo>\n<kontaktperson>\n<email_zentrale>anfrage@ruhr-real.de<\/email_zentrale>\n<email_direkt>lendzian@ruhr-real.de<\/email_direkt>\n<tel_durchw>+49 221 273 229 22<\/tel_durchw>\n<tel_handy>+49 162 1531000<\/tel_handy>\n<name>Lendzian<\/name>\n<vorname>Niklas<\/vorname>\n<anrede>Herr<\/anrede>\n<firma>RUHR REAL GmbH<\/firma>\n<strasse>Holsterhauser Platz<\/strasse>\n<hausnummer>2<\/hausnummer>\n<plz>45147<\/plz>\n<ort>Essen<\/ort>\n<adressfreigabe>true<\/adressfreigabe>\n<\/kontaktperson>\n<preise>\n<nettokaltmiete>18.50<\/nettokaltmiete>\n<kaltmiete>18.50<\/kaltmiete>\n<nebenkosten>3.60<\/nebenkosten>\n<heizkosten_enthalten>false<\/heizkosten_enthalten>\n<zzg_mehrwertsteuer>false<\/zzg_mehrwertsteuer>\n<preis_zeiteinheit\/>\n<mietpreis_pro_qm>18.5000<\/mietpreis_pro_qm>\n<provisionspflichtig>true<\/provisionspflichtig>\n<aussen_courtage mit_mwst=\"false\">3-4 Nettomonatsmieten<\/aussen_courtage>\n<courtage_hinweis>Bei Vertr&#xE4;gen bis zu f&#xFC;nf Jahren Laufzeit ist ein Honorar von 3 Nettomonatsmieten vom Mieter an RUHR REAL zahlbar; bei Laufzeiten bis zu zehn Jahren werden 4 Nettomonatsmieten f&#xE4;llig. Hinzu kommt die jeweils g&#xFC;ltige Umsatzsteuer.<\/courtage_hinweis>\n<waehrung iso_waehrung=\"EUR\"\/>\n<mwst_satz>19.00<\/mwst_satz>\n<stp_carport\/>\n<stp_duplex\/>\n<stp_freiplatz\/>\n<stp_garage\/><stp_parkhaus\/>\n<stp_tiefgarage\/>\n<\/preise>\n<bieterverfahren\/>\n<versteigerung\/>\n<flaechen>\n<bueroflaeche>1195.1<\/bueroflaeche>\n<bueroteilflaeche>351.1<\/bueroteilflaeche>\n<teilbar_ab>351.1<\/teilbar_ab>\n<\/flaechen>\n<ausstattung>\n<ausstatt_kategorie>STANDARD<\/ausstatt_kategorie>\n<bad\/>\n<kueche\/>\n<boden TEPPICH=\"true\"\/>\n<heizungsart\/>\n<befeuerung\/>\n<fahrstuhl PERSONEN=\"true\"\/>\n<ausricht_balkon_terrasse\/>\n<angeschl_gastronomie\/>\n<sicherheitstechnik\/>\n<\/ausstattung>\n<zustand_angaben>\n<zustand zustand_art=\"GEPFLEGT\"\/>\n<energiepass>\n<jahrgang>ohne<\/jahrgang>\n<\/energiepass>\n<\/zustand_angaben>\n<bewertung\/>\n<infrastruktur\/>\n<freitexte>\n<objekttitel>Sofort verf&#xFC;gbar | Schulungsfl&#xE4;chen am Quatermarkt<\/objekttitel>\n<lage>Der Standort liegt zentral in der K&#xF6;lner Innenstadt mit hervorragender Anbindung an den &#xF6;ffentlichen Nahverkehr. U-Bahn-Stationen sind in etwa 2&#x2013;3 Gehminuten erreichbar, der Hauptbahnhof K&#xF6;ln liegt rund 5&#x2013;7 Minuten fu&#xDF;l&#xE4;ufig entfernt. Von dort bestehen regelm&#xE4;&#xDF;ige Verbindungen nach Bergheim mit einer Fahrzeit von etwa 30&#x2013;35 Minuten. Die n&#xE4;chste Autobahnauffahrt ist in ca. 10&#x2013;15 Minuten erreichbar, der Flughafen K&#xF6;ln\/Bonn in rund 20 Minuten mit dem Auto oder 25&#x2013;30 Minuten mit der Bahn. Die Lage bietet optimale Erreichbarkeit f&#xFC;r Pendler und Besucher.<\/lage>\n<ausstatt_beschr>&#x2022; Teppichoden, PVC-Designboden\n&#x2022; Einzelb&#xFC;ros &amp; Gro&#xDF;raumb&#xFC;ros\n&#x2022; auch als Schulungsr&#xE4;ume nutzbar<\/ausstatt_beschr>\n<objektbeschreibung>Die B&#xFC;rofl&#xE4;che befindet sich in zentraler Lage unweit des Heumarkts und bietet eine attraktive Kombination aus Funktionalit&#xE4;t und Flexibilit&#xE4;t. Die R&#xE4;umlichkeiten sind modern ausgestattet und verf&#xFC;gen &#xFC;ber eine Mischung aus hochwertigem Teppichboden und pflegeleichtem PVC-Designboden. Sowohl klassische Einzelb&#xFC;ros als auch gro&#xDF;z&#xFC;gige Gro&#xDF;raumb&#xFC;ros sind vorhanden, sodass unterschiedlichste Nutzungskonzepte umgesetzt werden k&#xF6;nnen. Aufgrund der variablen Raumaufteilung des Zwischengeschosses eignet sich diese Fl&#xE4;che auch ideal f&#xFC;r Schulungen oder Seminare. Helle R&#xE4;ume, eine angenehme Arbeitsatmosph&#xE4;re und die hervorragende Anbindung an den &#xF6;ffentlichen Nahverkehr machen diesen Standort besonders attraktiv f&#xFC;r Unternehmen mit zentralem Anspruch.\n\n\n\nFolgende Fl&#xE4;chen stehen zur Verf&#xFC;gung:\n\nEG: 194 m&#xB2;, ab 29,00 EUR\/m&#xB2;, sofort verf&#xFC;gbar\nZWG: 589 m&#xB2;, ab 17,50 EUR\/m&#xB2;, sofort verf&#xFC;gbar\n1.OG: 844 m&#xB2;, ab 18,50 EUR\/m&#xB2;, sofort verf&#xFC;gbar\n2.OG: 351 m&#xB2;, ab 18,50 EUR\/m&#xB2;, sofort verf&#xFC;gbar\n\n<\/objektbeschreibung>\n<sonstige_angaben>Es gelten ausschlie&#xDF;lich unsere AGB (www.ruhr-real.de\/agb). Die Halle ist nicht f&#xFC;r Veranstaltungsr&#xE4;ume geeignet. Wir m&#xF6;chten Sie darauf hinweisen, dass die Angaben ausschlie&#xDF;lich auf den uns vom Eigent&#xFC;mer &#xFC;bermittelten Unterlagen und Informationen basieren. F&#xFC;r Richtigkeit und Vollst&#xE4;ndigkeit &#xFC;bernehmen wir keine Gew&#xE4;hr. Zwischenvermietung vorbehalten.<\/sonstige_angaben>\n<\/freitexte>\n<anhaenge>\n<anhang location=\"EXTERN\" gruppe=\"TITELBILD\">\n<anhangtitel>Au&#xDF;enansicht<\/anhangtitel>\n<format>JPG<\/format>\n<daten>\n<pfad>e55b2d9981ec4efdb4c2e270c8aea04c.JPG<\/pfad>\n<\/daten>\n<\/anhang>\n<anhang location=\"EXTERN\" gruppe=\"BILD\">\n<anhangtitel>Sozialraum<\/anhangtitel>\n<format>JPG<\/format>\n<daten>\n<pfad>ec532c53187d496495100bd12e2e3389.JPG<\/pfad>\n<\/daten>\n<\/anhang>\n<anhang location=\"EXTERN\" gruppe=\"BILD\">\n<anhangtitel>Sozialraum<\/anhangtitel>\n<format>JPG<\/format>\n<daten>\n<pfad>8ab17b53dbbc488bac2a48e7aa3d361d.JPG<\/pfad>\n<\/daten>\n<\/anhang>\n<anhang location=\"EXTERN\" gruppe=\"BILD\">\n<anhangtitel>Sanit&#xE4;rr&#xE4;ume<\/anhangtitel>\n<format>JPG<\/format>\n<daten>\n<pfad>48f8c2eb839e43ee99e0907865b1108b.JPG<\/pfad>\n<\/daten>\n<\/anhang>\n<anhang location=\"EXTERN\" gruppe=\"BILD\">\n<anhangtitel>Flur<\/anhangtitel>\n<format>JPG<\/format>\n<daten>\n<pfad>df08c17a28604074a14a15b020492fc4.JPG<\/pfad>\n<\/daten>\n<\/anhang>\n<anhang location=\"EXTERN\" gruppe=\"BILD\">\n<anhangtitel>B&#xFC;ro<\/anhangtitel>\n<format>JPG<\/format>\n<daten>\n<pfad>bccac7d250d244368c202bd04ee64b83.JPG<\/pfad>\n<\/daten>\n<\/anhang>\n<anhang location=\"EXTERN\" gruppe=\"BILD\">\n<anhangtitel>B&#xFC;ro<\/anhangtitel><format>JPG<\/format>\n<daten>\n<pfad>c547a4da468d45fd823cf8e002bb6f32.JPG<\/pfad>\n<\/daten>\n<\/anhang>\n<anhang location=\"EXTERN\" gruppe=\"GRUNDRISS\">\n<anhangtitel>Grundriss 1.OG<\/anhangtitel>\n<format>PNG<\/format>\n<daten>\n<pfad>96462d94cbd9430f9a3ef62cea154bf3.PNG<\/pfad>\n<\/daten>\n<\/anhang>\n<\/anhaenge>\n<verwaltung_objekt>\n<objektadresse_freigeben>false<\/objektadresse_freigeben>\n<verfuegbar_ab>nach Vereinbarung<\/verfuegbar_ab>\n<geschlecht\/>\n<\/verwaltung_objekt>\n<verwaltung_techn>\n<objektnr_intern>1CE2618243F94DF1A926797712A11C4D<\/objektnr_intern>\n<objektnr_extern>4265\/G1\/E2<\/objektnr_extern>\n<aktion aktionart=\"CHANGE\"\/>\n<openimmo_obid>1CE2618243F94DF1A926797712A11C4D<\/openimmo_obid>\n<kennung_ursprung>estatePro V10.0.0.8<\/kennung_ursprung>\n<stand_vom>2025-08-11<\/stand_vom>\n<\/verwaltung_techn>\n<user_defined_simplefield feldname=\"Startseite\">Nein<\/user_defined_simplefield>\n<\/immobilie>\n"],"_thumbnail_id":["160864"],"fave_property_images":["160864","160865","160866","160867","160868","160869","160870"],"fave_floor_plans_enable":["enable"],"floor_plans":["a:1:{i:0;a:7:{s:15:\"fave_plan_title\";s:14:\"Grundriss 1.OG\";s:15:\"fave_plan_rooms\";s:0:\"\";s:19:\"fave_plan_bathrooms\";s:0:\"\";s:15:\"fave_plan_price\";s:0:\"\";s:14:\"fave_plan_size\";s:0:\"\";s:15:\"fave_plan_image\";s:93:\"https:\/\/ruhr-real.de\/wp-content\/uploads\/2025\/08\/96462d94cbd9430f9a3ef62cea154bf3-1024x646.png\";s:21:\"fave_plan_description\";s:0:\"\";}}"],"fave_prop_homeslider":["yes"],"fave_prop_slider_image":["160864"],"fave_agents":["156452"],"fave_agent_display_option":["agent_info"],"fave_single_top_area":["global"],"fave_single_content_area":["global"],"fave_property_map":["1"],"fave_property_map_street_view":["hide"],"fave_property_size_prefix":["m\u00b2"],"fave_property_land_postfix":["m\u00b2"],"fave_featured":["0"],"houzez_featured_listing_date":[""],"fave_property_price_postfix":["pro&nbsp;m\u00b2"],"fave_currency":["EUR"],"fave_currency_info":["a:8:{s:2:\"id\";s:1:\"1\";s:13:\"currency_name\";s:4:\"Euro\";s:13:\"currency_code\";s:3:\"EUR\";s:15:\"currency_symbol\";s:3:\"\u20ac\";s:17:\"currency_position\";s:5:\"after\";s:16:\"currency_decimal\";s:1:\"2\";s:26:\"currency_decimal_separator\";s:1:\",\";s:27:\"currency_thousand_separator\";s:1:\".\";}"],"houzez_total_property_views":["1193"],"houzez_views_by_date":["a:61:{s:10:\"02-27-2026\";i:6;s:10:\"02-28-2026\";i:4;s:10:\"03-01-2026\";i:4;s:10:\"03-02-2026\";i:4;s:10:\"03-03-2026\";i:4;s:10:\"03-04-2026\";i:4;s:10:\"03-05-2026\";i:6;s:10:\"03-06-2026\";i:4;s:10:\"03-07-2026\";i:4;s:10:\"03-08-2026\";i:4;s:10:\"03-09-2026\";i:4;s:10:\"03-10-2026\";i:4;s:10:\"03-11-2026\";i:4;s:10:\"03-12-2026\";i:4;s:10:\"03-13-2026\";i:4;s:10:\"03-14-2026\";i:4;s:10:\"03-15-2026\";i:4;s:10:\"03-16-2026\";i:2;s:10:\"03-17-2026\";i:9;s:10:\"03-18-2026\";i:6;s:10:\"03-19-2026\";i:4;s:10:\"03-20-2026\";i:6;s:10:\"03-21-2026\";i:4;s:10:\"03-22-2026\";i:4;s:10:\"03-23-2026\";i:4;s:10:\"03-24-2026\";i:4;s:10:\"03-25-2026\";i:4;s:10:\"03-26-2026\";i:6;s:10:\"03-27-2026\";i:4;s:10:\"03-28-2026\";i:4;s:10:\"03-29-2026\";i:4;s:10:\"03-30-2026\";i:5;s:10:\"03-31-2026\";i:4;s:10:\"04-01-2026\";i:7;s:10:\"04-02-2026\";i:8;s:10:\"04-03-2026\";i:8;s:10:\"04-04-2026\";i:8;s:10:\"04-05-2026\";i:8;s:10:\"04-06-2026\";i:8;s:10:\"04-07-2026\";i:10;s:10:\"04-08-2026\";i:8;s:10:\"04-09-2026\";i:8;s:10:\"04-10-2026\";i:8;s:10:\"04-11-2026\";i:6;s:10:\"04-12-2026\";i:8;s:10:\"04-13-2026\";i:8;s:10:\"04-14-2026\";i:8;s:10:\"04-15-2026\";i:8;s:10:\"04-16-2026\";i:8;s:10:\"04-17-2026\";i:8;s:10:\"04-18-2026\";i:8;s:10:\"04-19-2026\";i:8;s:10:\"04-20-2026\";i:8;s:10:\"04-21-2026\";i:8;s:10:\"04-22-2026\";i:8;s:10:\"04-23-2026\";i:8;s:10:\"04-24-2026\";i:8;s:10:\"04-25-2026\";i:8;s:10:\"04-26-2026\";i:8;s:10:\"04-27-2026\";i:8;s:10:\"04-28-2026\";i:4;}"],"houzez_recently_viewed":["2026-04-28 12:15:23"],"tp_widgets":["a:2:{s:7:\"widgets\";a:0:{}s:9:\"update_at\";s:10:\"1764682733\";}"],"_elementor_page_assets":["a:0:{}"]},"_links":{"self":[{"href":"https:\/\/ruhr-real.de\/en\/wp-json\/wp\/v2\/properties\/157807","targetHints":{"allow":["GET"]}}],"collection":[{"href":"https:\/\/ruhr-real.de\/en\/wp-json\/wp\/v2\/properties"}],"about":[{"href":"https:\/\/ruhr-real.de\/en\/wp-json\/wp\/v2\/types\/property"}],"author":[{"embeddable":true,"href":"https:\/\/ruhr-real.de\/en\/wp-json\/wp\/v2\/users\/1"}],"version-history":[{"count":0,"href":"https:\/\/ruhr-real.de\/en\/wp-json\/wp\/v2\/properties\/157807\/revisions"}],"wp:featuredmedia":[{"embeddable":true,"href":"https:\/\/ruhr-real.de\/en\/wp-json\/wp\/v2\/media\/160864"}],"wp:attachment":[{"href":"https:\/\/ruhr-real.de\/en\/wp-json\/wp\/v2\/media?parent=157807"}],"wp:term":[{"taxonomy":"property_type","embeddable":true,"href":"https:\/\/ruhr-real.de\/en\/wp-json\/wp\/v2\/property_type?post=157807"},{"taxonomy":"property_status","embeddable":true,"href":"https:\/\/ruhr-real.de\/en\/wp-json\/wp\/v2\/property_status?post=157807"},{"taxonomy":"property_feature","embeddable":true,"href":"https:\/\/ruhr-real.de\/en\/wp-json\/wp\/v2\/property_feature?post=157807"},{"taxonomy":"property_label","embeddable":true,"href":"https:\/\/ruhr-real.de\/en\/wp-json\/wp\/v2\/property_label?post=157807"},{"taxonomy":"property_country","embeddable":true,"href":"https:\/\/ruhr-real.de\/en\/wp-json\/wp\/v2\/property_country?post=157807"},{"taxonomy":"property_state","embeddable":true,"href":"https:\/\/ruhr-real.de\/en\/wp-json\/wp\/v2\/property_state?post=157807"},{"taxonomy":"property_city","embeddable":true,"href":"https:\/\/ruhr-real.de\/en\/wp-json\/wp\/v2\/property_city?post=157807"},{"taxonomy":"property_area","embeddable":true,"href":"https:\/\/ruhr-real.de\/en\/wp-json\/wp\/v2\/property_area?post=157807"}],"curies":[{"name":"wp","href":"https:\/\/api.w.org\/{rel}","templated":true}]}}