{"id":157994,"date":"2025-06-30T00:01:16","date_gmt":"2025-06-29T22:01:16","guid":{"rendered":"https:\/\/ruhr-real.de\/objekt\/erstbezug-dgnb-gold-dachterasse\/"},"modified":"2025-06-30T00:01:16","modified_gmt":"2025-06-29T22:01:16","slug":"erstbezug-dgnb-gold-dachterasse","status":"publish","type":"property","link":"https:\/\/ruhr-real.de\/en\/objekt\/erstbezug-dgnb-gold-dachterasse\/","title":{"rendered":"Erstbezug | DGNB-Gold | Dachterasse"},"content":{"rendered":"<p>Das Kiteloft bietet eine zukunftsweisende Arbeitsumgebung mit Fokus auf Digitalisierung, Nachhaltigkeit und Komfort.<\/p>\n<p>Smart &amp; Digital<br \/>\n\u00dcber das myGEKKO-System steuern Sie Licht, Klima und Zugang bequem per App. Hochwertige Konferenztechnik, Glasfaseranbindung und CAT7-Verkabelung garantieren Effizienz. Zutrittskontrolle erfolgt via RFID und Videogegensprechanlage.<\/p>\n<p>Nachhaltig &amp; Effizient<br \/>\nGeothermie, Energieboden, mechanische Frischluftzufuhr und au\u00dfenliegender Sonnenschutz sorgen f\u00fcr ein gesundes Raumklima. Das Geb\u00e4ude ist DGNB-Gold-zertifiziert (Effizienzhaus 40EE).<\/p>\n<p>Gesund &amp; Inklusiv<br \/>\nRaumh\u00f6hen bis 3,50 m, Tageslicht, Schallschutz, Duschen f\u00fcr Radpendler, barrierefreier Zugang, Wickeltisch und Frauenparkpl\u00e4tze bieten modernen Komfort f\u00fcr alle.<\/p>\n<p>Mobilit\u00e4t &amp; Komfort<br \/>\n106 Stellpl\u00e4tze im Parkhaus (E-Lade-Vorbereitung), 11 Au\u00dfenstellpl\u00e4tze (2 barrierefrei), 24 Fahrradstellpl\u00e4tze sowie Carsharing (ShareNow) stehen zur Verf\u00fcgung.<\/p>\n<p>Community &amp; Design<br \/>\nLobby by HWKN, Coworking-Fl\u00e4chen, Dachterrasse mit Domblick und attraktive Loungezonen f\u00f6rdern Austausch und Wohlbefinden.<\/p>\n<p>Flexibler Ausbau<br \/>\nZwei Ausbaustile:<\/p>\n<p>&#8220;Inspire&#8221; \u2013 Industrial Style f\u00fcr kreative Teams<\/p>\n<p>&#8220;Professional&#8221; \u2013 Hochwertige Oberfl\u00e4chen f\u00fcr konzentriertes Arbeiten<\/p>\n<p>M\u00f6blierung auf Wunsch \u00fcber Partner (z.B. Mathes).<\/p>\n<p>Funktional, inspirierend, identit\u00e4tsstiftend \u2013 willkommen im Kiteloft.<\/p>\n<p>Folgende Fl\u00e4chen stehen zur Disposition:<\/p>\n<p>1.OG: 990 m\u00b2, 19,85 EUR\/m\u00b2, sofort verf\u00fcgbar<br \/>\n2.OG: 1.040 m\u00b2, 19,85 EUR\/m\u00b2, sofort verf\u00fcgbar<\/p>\n<p>Die Immobilie befindet sich in einem verkehrsg\u00fcnstigen Stadtteil im Norden von K\u00f6ln. Die Anbindung an den \u00f6ffentlichen Nahverkehr ist sehr gut, die n\u00e4chste Bushaltestelle i und die Stra\u00dfenbahnlinie sind direkt vor dem Geb\u00e4ude, sodass Sie bequem in die K\u00f6lner Innenstadt oder zu anderen Stadtteilen gelangen k\u00f6nnen. Die Autobahnanbindung ist ebenfalls hervorragend, das Kreut K\u00f6ln-Nord ist in weniger als 5 Minuten befahren, die A57 und A555 sind innerhalb weniger Minuten mit dem Auto erreichbar, was schnelle Verbindungen in die Region und zu anderen Autobahnen erm\u00f6glicht.<\/p>\n<p>Von hier aus sind es etwa 10 Minuten Fahrzeit mit dem Auto zum K\u00f6lner Hauptbahnhof, was eine schnelle Anbindung an das nationale Bahnnetz bietet. Der Flughafen K\u00f6ln\/Bonn ist in ca. 5 Minuten mit dem Auto erreichbar, ideal f\u00fcr Gesch\u00e4ftsreisende oder Besucher.<\/p>\n<p>In der n\u00e4heren Umgebung gibt es mehrere Restaurants und Caf\u00e9s, die in etwa 5 bis 10 Gehminuten erreichbar sind, perfekt f\u00fcr eine Mittagspause oder einen entspannten Abend.<\/p>\n<p>Bedeutende Unternehmen in der B\u00fcromarktzone: Technologiepark K\u00f6ln-Braunsfeld, REWE Group, K\u00f6lner Verkehrs-Betriebe AG, ERGO Versicherung<\/p>\n<p>Hotels in der Umgebung: Meininger Hotel K\u00f6ln-West, Hotel Imperial, Black Hotels K\u00f6ln<\/p>\n<p>\u2022 CAT7-Verkabelung<br \/>\n\u2022 klimatisiert<br \/>\n\u2022 Personenaufzug<br \/>\n\u2022 DGNB-Gold-Zertifizierung<br \/>\n\u2022 Einstufung als Effizienzgeb\u00e4ude 40EE<br \/>\n\u2022 Smart &amp; Digital<\/p>\n<p>Es gelten ausschlie\u00dflich unsere AGB (www.ruhr-real.de\/agb). Wir m\u00f6chten Sie darauf hinweisen, dass die Angaben ausschlie\u00dflich auf den uns vom Eigent\u00fcmer \u00fcbermittelten Unterlagen und Informationen basieren. F\u00fcr Richtigkeit und Vollst\u00e4ndigkeit \u00fcbernehmen wir keine Gew\u00e4hr. Zwischenvermietung vorbehalten.<br \/>\n<div class=\"widget widget_immonex_user_defined_properties_widget\"><div class=\"immonex-widget immonex-widget-houzez\">\n\t\t<div class=\"immonex-widget-title clearfix\">\n\t\t<h2 class=\"widgettitle\">Energieeffizienz<\/h2>\t<\/div>\n\t\t<ul class=\"immonex-property-details row list-lined list-unstyled\">\n\t\t\t\t<li>\n\t\t\t<div class=\"list-lined-item w-100 d-flex justify-content-between py-2\">\n\t\t\t\t\t\t\t\t<strong class=\"property-details-label\">Energieausweis-Art:<\/strong>&nbsp;<span class=\"property-details-value\">Demand<\/span>\n\t\t\t\t\t\t\t<\/div>\n\t\t<\/li>\n\t\t\t\t<li>\n\t\t\t<div class=\"list-lined-item w-100 d-flex justify-content-between py-2\">\n\t\t\t\t\t\t\t\t<strong class=\"property-details-label\">Prim\u00e4renergietr\u00e4ger:<\/strong>&nbsp;<span class=\"property-details-value\">Erdw\u00e4rme<\/span>\n\t\t\t\t\t\t\t<\/div>\n\t\t<\/li>\n\t\t\t\t<li>\n\t\t\t<div class=\"list-lined-item w-100 d-flex justify-content-between py-2\">\n\t\t\t\t\t\t\t\t<strong class=\"property-details-label\">Baujahr (Energieausweis):<\/strong>&nbsp;<span class=\"property-details-value\">2024<\/span>\n\t\t\t\t\t\t\t<\/div>\n\t\t<\/li>\n\t\t\t\t<li>\n\t\t\t<div class=\"list-lined-item w-100 d-flex justify-content-between py-2\">\n\t\t\t\t\t\t\t\t<strong class=\"property-details-label\">Energieausweis-Jahrgang:<\/strong>&nbsp;<span class=\"property-details-value\">as from may 2014<\/span>\n\t\t\t\t\t\t\t<\/div>\n\t\t<\/li>\n\t\t\t<\/ul>\n<\/div><\/div><\/p>\n","protected":false},"excerpt":{"rendered":"<p>Das Kiteloft bietet eine zukunftsweisende Arbeitsumgebung mit Fokus auf Digitalisierung, Nachhaltigkeit und Komfort&#8230;.<\/p>\n","protected":false},"author":1,"featured_media":157995,"parent":0,"menu_order":0,"template":"","property_type":[379],"property_status":[352],"property_feature":[361,354],"property_label":[],"property_country":[353],"property_state":[],"property_city":[336],"property_area":[],"class_list":["post-157994","property","type-property","status-publish","has-post-thumbnail","hentry","property_type-bueroflaechen","property_status-zu-vermieten","property_feature-klimaanlage","property_feature-personenaufzug","property_country-deutschland","property_city-koln"],"acf":[],"property_meta":{"rank_math_internal_links_processed":["1"],"_immonex_import_folder":["users\/RUHRREAL"],"fave_property_map_address":["50829 K\u00f6ln"],"fave_property_zip":["50829"],"fave_property_country":["DE"],"_immonex_lat":["50.97216075"],"_immonex_lng":["6.87038034904"],"houzez_geolocation_lat":["50.97216075"],"houzez_geolocation_long":["6.87038034904"],"fave_property_location":["50.97216075,6.87038034904"],"fave_property_price":["19.85"],"fave_property_sec_price":["19.8500"],"fave_property_size":["990"],"fave_property_year":["2024"],"fave_property_id":["4154\/E4"],"_immonex_translation_id":["4154\/E4"],"_immonex_iso_country":["DEU"],"_openimmo_obid":["B065C345004A4D8682E6DC73758F5F0B"],"_openimmo_anid":["0000"],"_immonex_group_number":[""],"_immonex_group_id":[""],"_immonex_group_master":[""],"_immonex_import_meta":["a:6:{s:8:\"zip_file\";s:131:\"\/www\/htdocs\/w0172e0e\/ruhr-real_2024\/wp-content\/uploads\/immonex-openimmo-import\/users\/RUHRREAL\/Immowelt_estatePro_20250630154953.zip\";s:8:\"xml_file\";s:158:\"\/www\/htdocs\/w0172e0e\/ruhr-real_2024\/wp-content\/uploads\/immonex-openimmo-import\/immowelt_estatepro_20250630154953\/Homepage_2024_NEW_estatePro20250630154953.xml\";s:12:\"mapping_file\";s:116:\"\/www\/htdocs\/w0172e0e\/ruhr-real_2024\/wp-content\/uploads\/immonex-openimmo-import\/mappings\/houzez_ruhrreal_18122023.csv\";s:9:\"timestamp\";i:1751291433;s:4:\"date\";s:10:\"2025-06-30\";s:4:\"time\";s:8:\"15:50:33\";}"],"_is_immonex_import_property":["1"],"_immonex_is_reference":[""],"_immonex_is_sold":[""],"_immonex_is_reserved":[""],"_immonex_is_available":["1"],"additional_features":["a:18:{i:0;a:2:{s:29:\"fave_additional_feature_title\";s:11:\"Heizungsart\";s:29:\"fave_additional_feature_value\";s:14:\"Zentralheizung\";}i:1;a:2:{s:29:\"fave_additional_feature_title\";s:14:\"Nettokaltmiete\";s:29:\"fave_additional_feature_value\";s:14:\"19,85&nbsp;\u20ac\";}i:2;a:2:{s:29:\"fave_additional_feature_title\";s:9:\"Kaltmiete\";s:29:\"fave_additional_feature_value\";s:14:\"19,85&nbsp;\u20ac\";}i:3;a:2:{s:29:\"fave_additional_feature_title\";s:29:\"monatl. Betriebs-\/Nebenkosten\";s:29:\"fave_additional_feature_value\";s:13:\"3,50&nbsp;\u20ac\";}i:4;a:2:{s:29:\"fave_additional_feature_title\";s:33:\"Heizkosten in Warmmiete enthalten\";s:29:\"fave_additional_feature_value\";s:4:\"nein\";}i:5;a:2:{s:29:\"fave_additional_feature_title\";s:32:\"Preise zuz\u00fcglich Mehrwertsteuer\";s:29:\"fave_additional_feature_value\";s:4:\"nein\";}i:6;a:2:{s:29:\"fave_additional_feature_title\";s:23:\"Netto-Kaltmiete pro m\u00b2\";s:29:\"fave_additional_feature_value\";s:14:\"19,85&nbsp;\u20ac\";}i:7;a:2:{s:29:\"fave_additional_feature_title\";s:16:\"K\u00e4uferprovision\";s:29:\"fave_additional_feature_value\";s:21:\"3-4 Nettomonatsmieten\";}i:8;a:2:{s:29:\"fave_additional_feature_title\";s:20:\"Hinweis zur Courtage\";s:29:\"fave_additional_feature_value\";s:233:\"Bei Vertr\u00e4gen bis zu f\u00fcnf Jahren Laufzeit ist ein Honorar von 3 Nettomonatsmieten vom Mieter an RUHR REAL zahlbar; bei Laufzeiten bis zu zehn Jahren werden 4 Nettomonatsmieten f\u00e4llig. Hinzu kommt die jeweils g\u00fcltige Umsatzsteuer.\";}i:9;a:2:{s:29:\"fave_additional_feature_title\";s:10:\"MwSt.-Satz\";s:29:\"fave_additional_feature_value\";s:9:\"19&nbsp;%\";}i:10;a:2:{s:29:\"fave_additional_feature_title\";s:12:\"B\u00fcrofl\u00e4che\";s:29:\"fave_additional_feature_value\";s:14:\"2.030&nbsp;m\u00b2\";}i:11;a:2:{s:29:\"fave_additional_feature_title\";s:16:\"B\u00fcroteilfl\u00e4che\";s:29:\"fave_additional_feature_value\";s:12:\"990&nbsp;m\u00b2\";}i:12;a:2:{s:29:\"fave_additional_feature_title\";s:10:\"Teilbar ab\";s:29:\"fave_additional_feature_value\";s:12:\"990&nbsp;m\u00b2\";}i:13;a:2:{s:29:\"fave_additional_feature_title\";s:19:\"Art der Ausstattung\";s:29:\"fave_additional_feature_value\";s:7:\"gehoben\";}i:14;a:2:{s:29:\"fave_additional_feature_title\";s:10:\"Befeuerung\";s:29:\"fave_additional_feature_value\";s:9:\"Erdw\u00e4rme\";}i:15;a:2:{s:29:\"fave_additional_feature_title\";s:13:\"Stellplatzart\";s:29:\"fave_additional_feature_value\";s:31:\"Tiefgarage, Freiplatz, Parkhaus\";}i:16;a:2:{s:29:\"fave_additional_feature_title\";s:7:\"Zustand\";s:29:\"fave_additional_feature_value\";s:9:\"Erstbezug\";}i:17;a:2:{s:29:\"fave_additional_feature_title\";s:27:\"Immobilie ist verf\u00fcgbar ab\";s:29:\"fave_additional_feature_value\";s:17:\"sofort verf\u00fcgbar\";}}"],"fave_additional_features_enable":["enable"],"_immonex_custom_fields":["a:4:{s:18:\"Energieausweis-Art\";a:5:{s:14:\"mapping_source\";s:35:\"zustand_angaben->energiepass->epart\";s:4:\"name\";s:0:\"\";s:5:\"group\";s:5:\"epass\";s:5:\"value\";s:6:\"Demand\";s:19:\"value_before_filter\";s:6:\"BEDARF\";}s:21:\"Prim\u00e4renergietr\u00e4ger\";a:5:{s:14:\"mapping_source\";s:34:\"ausstattung->befeuerung:ERDWAERME+\";s:4:\"name\";s:0:\"\";s:5:\"group\";s:5:\"epass\";s:5:\"value\";s:9:\"Erdw\u00e4rme\";s:19:\"value_before_filter\";s:9:\"Erdw\u00e4rme\";}s:24:\"Baujahr (Energieausweis)\";a:5:{s:14:\"mapping_source\";s:37:\"zustand_angaben->energiepass->baujahr\";s:4:\"name\";s:0:\"\";s:5:\"group\";s:5:\"epass\";s:5:\"value\";s:4:\"2024\";s:19:\"value_before_filter\";s:4:\"2024\";}s:23:\"Energieausweis-Jahrgang\";a:5:{s:14:\"mapping_source\";s:38:\"zustand_angaben->energiepass->jahrgang\";s:4:\"name\";s:0:\"\";s:5:\"group\";s:5:\"epass\";s:5:\"value\";s:16:\"as from may 2014\";s:19:\"value_before_filter\";s:4:\"2014\";}}"],"_immonex_property_xml_source":["<?xml version=\"1.0\"?>\n<immobilie>\n<objektkategorie>\n<nutzungsart WOHNEN=\"false\" GEWERBE=\"true\"\/>\n<vermarktungsart KAUF=\"false\" MIETE_PACHT=\"true\"\/>\n<objektart>\n<buero_praxen buero_typ=\"BUEROHAUS\"\/>\n<\/objektart>\n<user_defined_simplefield\/>\n<\/objektkategorie>\n<geo>\n<plz>50829<\/plz>\n<ort>K&#xF6;ln<\/ort>\n<strasse>Rudi-Conin-Stra&#xDF;e<\/strasse>\n<hausnummer>7<\/hausnummer>\n<land iso_land=\"DEU\"\/>\n<lage_im_bau\/>\n<\/geo>\n<kontaktperson>\n<email_zentrale>anfrage@ruhr-real.de<\/email_zentrale>\n<email_direkt>laufenberg@ruhr-real.de<\/email_direkt>\n<tel_durchw>+49 221 273 229 33<\/tel_durchw>\n<tel_handy>+49 162 1728000<\/tel_handy>\n<name>Laufenberg<\/name>\n<vorname>Lars<\/vorname>\n<anrede>Herr<\/anrede>\n<firma>RUHR REAL GmbH<\/firma>\n<strasse>Holsterhauser Platz<\/strasse>\n<hausnummer>2<\/hausnummer>\n<plz>45147<\/plz>\n<ort>Essen<\/ort>\n<adressfreigabe>true<\/adressfreigabe>\n<\/kontaktperson>\n<preise>\n<nettokaltmiete>19.85<\/nettokaltmiete>\n<kaltmiete>19.85<\/kaltmiete>\n<nebenkosten>3.50<\/nebenkosten>\n<heizkosten_enthalten>false<\/heizkosten_enthalten>\n<zzg_mehrwertsteuer>false<\/zzg_mehrwertsteuer>\n<preis_zeiteinheit\/>\n<mietpreis_pro_qm>19.8500<\/mietpreis_pro_qm>\n<provisionspflichtig>true<\/provisionspflichtig>\n<aussen_courtage mit_mwst=\"false\">3-4 Nettomonatsmieten<\/aussen_courtage>\n<courtage_hinweis>Bei Vertr&#xE4;gen bis zu f&#xFC;nf Jahren Laufzeit ist ein Honorar von 3 Nettomonatsmieten vom Mieter an RUHR REAL zahlbar; bei Laufzeiten bis zu zehn Jahren werden 4 Nettomonatsmieten f&#xE4;llig. Hinzu kommt die jeweils g&#xFC;ltige Umsatzsteuer.<\/courtage_hinweis>\n<waehrung iso_waehrung=\"EUR\"\/>\n<mwst_satz>19.00<\/mwst_satz>\n<stp_carport\/>\n<stp_duplex\/>\n<stp_freiplatz\/>\n<stp_garage\/>\n<stp_parkhaus\/>\n<stp_tiefgarage\/>\n<\/preise>\n<bieterverfahren\/>\n<versteigerung\/>\n<flaechen>\n<bueroflaeche>2030<\/bueroflaeche>\n<bueroteilflaeche>990<\/bueroteilflaeche>\n<teilbar_ab>990<\/teilbar_ab>\n<anzahl_stellplaetze type=\"xsd:decimal\">45<\/anzahl_stellplaetze>\n<\/flaechen>\n<ausstattung>\n<ausstatt_kategorie>GEHOBEN<\/ausstatt_kategorie>\n<bad\/>\n<kueche\/>\n<heizungsart ZENTRAL=\"true\"\/>\n<befeuerung ERDWAERME=\"true\"\/>\n<klimatisiert>true<\/klimatisiert>\n<fahrstuhl PERSONEN=\"true\"\/>\n<stellplatzart FREIPLATZ=\"true\"\/>\n<stellplatzart PARKHAUS=\"true\"\/>\n<stellplatzart TIEFGARAGE=\"true\"\/>\n<ausricht_balkon_terrasse\/>\n<angeschl_gastronomie\/>\n<sicherheitstechnik\/>\n<\/ausstattung>\n<zustand_angaben>\n<baujahr>2024<\/baujahr>\n<zustand zustand_art=\"ERSTBEZUG\"\/>\n<energiepass>\n<epart>BEDARF<\/epart>\n<baujahr>2024<\/baujahr>\n<jahrgang>2014<\/jahrgang>\n<\/energiepass>\n<\/zustand_angaben>\n<bewertung\/>\n<infrastruktur\/>\n<freitexte>\n<objekttitel>Erstbezug | DGNB-Gold | Dachterasse<\/objekttitel>\n<lage>Die Immobilie befindet sich in einem verkehrsg&#xFC;nstigen Stadtteil im Norden von K&#xF6;ln. Die Anbindung an den &#xF6;ffentlichen Nahverkehr ist sehr gut, die n&#xE4;chste Bushaltestelle i und die Stra&#xDF;enbahnlinie sind direkt vor dem Geb&#xE4;ude, sodass Sie bequem in die K&#xF6;lner Innenstadt oder zu anderen Stadtteilen gelangen k&#xF6;nnen. Die Autobahnanbindung ist ebenfalls hervorragend, das Kreut K&#xF6;ln-Nord ist in weniger als 5 Minuten befahren, die A57 und A555 sind innerhalb weniger Minuten mit dem Auto erreichbar, was schnelle Verbindungen in die Region und zu anderen Autobahnen erm&#xF6;glicht.\n\nVon hier aus sind es etwa 10 Minuten Fahrzeit mit dem Auto zum K&#xF6;lner Hauptbahnhof, was eine schnelle Anbindung an das nationale Bahnnetz bietet. Der Flughafen K&#xF6;ln\/Bonn ist in ca. 5 Minuten mit dem Auto erreichbar, ideal f&#xFC;r Gesch&#xE4;ftsreisende oder Besucher.\n\nIn der n&#xE4;heren Umgebung gibt es mehrere Restaurants und Caf&#xE9;s, die in etwa 5 bis 10 Gehminuten erreichbar sind, perfekt f&#xFC;r eine Mittagspause oder einen entspannten Abend.\n\nBedeutende Unternehmen in der B&#xFC;romarktzone: Technologiepark K&#xF6;ln-Braunsfeld, REWE Group, K&#xF6;lner Verkehrs-Betriebe AG, ERGO Versicherung \n\nHotels in der Umgebung: Meininger Hotel K&#xF6;ln-West, Hotel Imperial, Black Hotels K&#xF6;ln<\/lage><ausstatt_beschr>&#x2022; CAT7-Verkabelung\n&#x2022; klimatisiert\n&#x2022; Personenaufzug\n&#x2022; DGNB-Gold-Zertifizierung\n&#x2022; Einstufung als Effizienzgeb&#xE4;ude 40EE\n&#x2022; Smart &amp; Digital<\/ausstatt_beschr>\n<objektbeschreibung>Das Kiteloft bietet eine zukunftsweisende Arbeitsumgebung mit Fokus auf Digitalisierung, Nachhaltigkeit und Komfort.\n\nSmart &amp; Digital\n&#xDC;ber das myGEKKO-System steuern Sie Licht, Klima und Zugang bequem per App. Hochwertige Konferenztechnik, Glasfaseranbindung und CAT7-Verkabelung garantieren Effizienz. Zutrittskontrolle erfolgt via RFID und Videogegensprechanlage.\n\nNachhaltig &amp; Effizient\nGeothermie, Energieboden, mechanische Frischluftzufuhr und au&#xDF;enliegender Sonnenschutz sorgen f&#xFC;r ein gesundes Raumklima. Das Geb&#xE4;ude ist DGNB-Gold-zertifiziert (Effizienzhaus 40EE).\n\nGesund &amp; Inklusiv\nRaumh&#xF6;hen bis 3,50 m, Tageslicht, Schallschutz, Duschen f&#xFC;r Radpendler, barrierefreier Zugang, Wickeltisch und Frauenparkpl&#xE4;tze bieten modernen Komfort f&#xFC;r alle.\n\nMobilit&#xE4;t &amp; Komfort\n106 Stellpl&#xE4;tze im Parkhaus (E-Lade-Vorbereitung), 11 Au&#xDF;enstellpl&#xE4;tze (2 barrierefrei), 24 Fahrradstellpl&#xE4;tze sowie Carsharing (ShareNow) stehen zur Verf&#xFC;gung.\n\nCommunity &amp; Design\nLobby by HWKN, Coworking-Fl&#xE4;chen, Dachterrasse mit Domblick und attraktive Loungezonen f&#xF6;rdern Austausch und Wohlbefinden.\n\nFlexibler Ausbau\nZwei Ausbaustile:\n\n\"Inspire\" &#x2013; Industrial Style f&#xFC;r kreative Teams\n\n\"Professional\" &#x2013; Hochwertige Oberfl&#xE4;chen f&#xFC;r konzentriertes Arbeiten\n\nM&#xF6;blierung auf Wunsch &#xFC;ber Partner (z.B. Mathes).\n\nFunktional, inspirierend, identit&#xE4;tsstiftend &#x2013; willkommen im Kiteloft.\n\nFolgende Fl&#xE4;chen stehen zur Disposition:\n\n1.OG: 990 m&#xB2;, 19,85 EUR\/m&#xB2;, sofort verf&#xFC;gbar\n2.OG: 1.040 m&#xB2;, 19,85 EUR\/m&#xB2;, sofort verf&#xFC;gbar<\/objektbeschreibung>\n<sonstige_angaben>Es gelten ausschlie&#xDF;lich unsere AGB (www.ruhr-real.de\/agb). Wir m&#xF6;chten Sie darauf hinweisen, dass die Angaben ausschlie&#xDF;lich auf den uns vom Eigent&#xFC;mer &#xFC;bermittelten Unterlagen und Informationen basieren. F&#xFC;r Richtigkeit und Vollst&#xE4;ndigkeit &#xFC;bernehmen wir keine Gew&#xE4;hr. Zwischenvermietung vorbehalten.<\/sonstige_angaben>\n<\/freitexte>\n<anhaenge>\n<anhang location=\"EXTERN\" gruppe=\"TITELBILD\">\n<anhangtitel>Kiteloft 2<\/anhangtitel>\n<format>jpg<\/format>\n<daten>\n<pfad>5bc00512dbab4e189eb63cacd98e88ad.jpg<\/pfad>\n<\/daten>\n<\/anhang>\n<anhang location=\"EXTERN\" gruppe=\"BILD\">\n<anhangtitel>Dachterrasse mit Domblick 1<\/anhangtitel>\n<format>jpg<\/format>\n<daten>\n<pfad>2487253fdf02491888aaea0ae162e2a2.jpg<\/pfad>\n<\/daten>\n<\/anhang>\n<anhang location=\"EXTERN\" gruppe=\"BILD\">\n<anhangtitel>Treppenhaus<\/anhangtitel>\n<format>jpg<\/format>\n<daten>\n<pfad>a034d3a1e42441ccbe89ffe7e194b01a.jpg<\/pfad>\n<\/daten>\n<\/anhang>\n<anhang location=\"EXTERN\" gruppe=\"BILD\">\n<anhangtitel>Konferenzraum 1<\/anhangtitel>\n<format>jpg<\/format>\n<daten>\n<pfad>af88bd5528014c14a61f561b3e70c717.jpg<\/pfad>\n<\/daten>\n<\/anhang>\n<anhang location=\"EXTERN\" gruppe=\"BILD\">\n<anhangtitel>Marktplatz 1<\/anhangtitel>\n<format>jpg<\/format>\n<daten>\n<pfad>8e1be64f3f1d49f9bc0abfa66357c22c.jpg<\/pfad>\n<\/daten>\n<\/anhang>\n<anhang location=\"EXTERN\" gruppe=\"BILD\">\n<anhangtitel>Marktplatz 2<\/anhangtitel>\n<format>jpg<\/format>\n<daten>\n<pfad>ac6821fcfaf54177aeeb7e1ccff63a10.jpg<\/pfad>\n<\/daten>\n<\/anhang>\n<anhang location=\"EXTERN\" gruppe=\"BILD\">\n<anhangtitel>Marktplatz 3<\/anhangtitel>\n<format>jpg<\/format>\n<daten>\n<pfad>d5e5feff5b68406cab9bdb5c1ea1a52e.jpg<\/pfad>\n<\/daten>\n<\/anhang>\n<anhang location=\"EXTERN\" gruppe=\"BILD\">\n<anhangtitel>Marktplatz 4<\/anhangtitel>\n<format>jpg<\/format>\n<daten>\n<pfad>b193dac1a1254b7c87967f0070d5733a.jpg<\/pfad>\n<\/daten>\n<\/anhang>\n<anhang location=\"EXTERN\" gruppe=\"BILD\">\n<anhangtitel>Thinktank 1<\/anhangtitel>\n<format>jpg<\/format>\n<daten>\n<pfad>b1b22daefe3f4c26a0e72b79bc953d78.jpg<\/pfad>\n<\/daten>\n<\/anhang>\n<anhang location=\"EXTERN\" gruppe=\"GRUNDRISS\">\n<anhangtitel>Musterplanung 2. OG<\/anhangtitel>\n<format>jpg<\/format>\n<daten>\n<pfad>35b315be0fc44827ae5c427484f83f72.jpg<\/pfad>\n<\/daten>\n<\/anhang>\n<anhang location=\"EXTERN\" gruppe=\"GRUNDRISS\">\n<anhangtitel>Musterplanung 1. OG<\/anhangtitel><format>jpg<\/format>\n<daten>\n<pfad>3d3d086e286544ccb6c2f6293996f743.jpg<\/pfad>\n<\/daten>\n<\/anhang>\n<\/anhaenge>\n<verwaltung_objekt>\n<objektadresse_freigeben>false<\/objektadresse_freigeben>\n<verfuegbar_ab>sofort verf&#xFC;gbar<\/verfuegbar_ab>\n<geschlecht\/>\n<\/verwaltung_objekt>\n<verwaltung_techn>\n<objektnr_intern>B065C345004A4D8682E6DC73758F5F0B<\/objektnr_intern>\n<objektnr_extern>4154\/E4<\/objektnr_extern>\n<aktion aktionart=\"CHANGE\"\/>\n<openimmo_obid>B065C345004A4D8682E6DC73758F5F0B<\/openimmo_obid>\n<kennung_ursprung>estatePro V10.0.0.8<\/kennung_ursprung>\n<stand_vom>2025-06-30<\/stand_vom>\n<\/verwaltung_techn>\n<user_defined_simplefield feldname=\"Startseite\">Nein<\/user_defined_simplefield>\n<\/immobilie>\n"],"_thumbnail_id":["157995"],"fave_property_images":["157995","157996","157997","157998","157999","158000","158001","158002","158003"],"fave_floor_plans_enable":["enable"],"floor_plans":["a:2:{i:0;a:7:{s:15:\"fave_plan_title\";s:19:\"Musterplanung 2. OG\";s:15:\"fave_plan_rooms\";s:0:\"\";s:19:\"fave_plan_bathrooms\";s:0:\"\";s:15:\"fave_plan_price\";s:0:\"\";s:14:\"fave_plan_size\";s:0:\"\";s:15:\"fave_plan_image\";s:93:\"https:\/\/ruhr-real.de\/wp-content\/uploads\/2025\/06\/35b315be0fc44827ae5c427484f83f72-1024x365.jpg\";s:21:\"fave_plan_description\";s:0:\"\";}i:1;a:7:{s:15:\"fave_plan_title\";s:19:\"Musterplanung 1. OG\";s:15:\"fave_plan_rooms\";s:0:\"\";s:19:\"fave_plan_bathrooms\";s:0:\"\";s:15:\"fave_plan_price\";s:0:\"\";s:14:\"fave_plan_size\";s:0:\"\";s:15:\"fave_plan_image\";s:93:\"https:\/\/ruhr-real.de\/wp-content\/uploads\/2025\/06\/3d3d086e286544ccb6c2f6293996f743-1024x369.jpg\";s:21:\"fave_plan_description\";s:0:\"\";}}"],"fave_prop_homeslider":["yes"],"fave_prop_slider_image":["157995"],"fave_agents":["156439"],"fave_agent_display_option":["agent_info"],"fave_single_top_area":["global"],"fave_single_content_area":["global"],"fave_property_map":["1"],"fave_property_map_street_view":["hide"],"fave_property_size_prefix":["m\u00b2"],"fave_property_land_postfix":["m\u00b2"],"fave_featured":["0"],"houzez_featured_listing_date":[""],"fave_property_price_postfix":["pro&nbsp;m\u00b2"],"fave_currency":["EUR"],"fave_currency_info":["a:8:{s:2:\"id\";s:1:\"1\";s:13:\"currency_name\";s:4:\"Euro\";s:13:\"currency_code\";s:3:\"EUR\";s:15:\"currency_symbol\";s:3:\"\u20ac\";s:17:\"currency_position\";s:5:\"after\";s:16:\"currency_decimal\";s:1:\"2\";s:26:\"currency_decimal_separator\";s:1:\",\";s:27:\"currency_thousand_separator\";s:1:\".\";}"],"houzez_total_property_views":["1371"],"houzez_views_by_date":["a:61:{s:10:\"02-28-2026\";i:4;s:10:\"03-01-2026\";i:4;s:10:\"03-02-2026\";i:4;s:10:\"03-03-2026\";i:4;s:10:\"03-04-2026\";i:4;s:10:\"03-05-2026\";i:6;s:10:\"03-06-2026\";i:4;s:10:\"03-07-2026\";i:4;s:10:\"03-08-2026\";i:4;s:10:\"03-09-2026\";i:4;s:10:\"03-10-2026\";i:4;s:10:\"03-11-2026\";i:6;s:10:\"03-12-2026\";i:5;s:10:\"03-13-2026\";i:4;s:10:\"03-14-2026\";i:4;s:10:\"03-15-2026\";i:4;s:10:\"03-16-2026\";i:2;s:10:\"03-17-2026\";i:8;s:10:\"03-18-2026\";i:6;s:10:\"03-19-2026\";i:4;s:10:\"03-20-2026\";i:6;s:10:\"03-21-2026\";i:4;s:10:\"03-22-2026\";i:4;s:10:\"03-23-2026\";i:4;s:10:\"03-24-2026\";i:4;s:10:\"03-25-2026\";i:4;s:10:\"03-26-2026\";i:6;s:10:\"03-27-2026\";i:4;s:10:\"03-28-2026\";i:4;s:10:\"03-29-2026\";i:4;s:10:\"03-30-2026\";i:6;s:10:\"03-31-2026\";i:4;s:10:\"04-01-2026\";i:8;s:10:\"04-02-2026\";i:8;s:10:\"04-03-2026\";i:8;s:10:\"04-04-2026\";i:8;s:10:\"04-05-2026\";i:8;s:10:\"04-06-2026\";i:8;s:10:\"04-07-2026\";i:12;s:10:\"04-08-2026\";i:6;s:10:\"04-09-2026\";i:9;s:10:\"04-10-2026\";i:8;s:10:\"04-11-2026\";i:6;s:10:\"04-12-2026\";i:10;s:10:\"04-13-2026\";i:8;s:10:\"04-14-2026\";i:8;s:10:\"04-15-2026\";i:8;s:10:\"04-16-2026\";i:8;s:10:\"04-17-2026\";i:8;s:10:\"04-18-2026\";i:8;s:10:\"04-19-2026\";i:8;s:10:\"04-20-2026\";i:8;s:10:\"04-21-2026\";i:8;s:10:\"04-22-2026\";i:8;s:10:\"04-23-2026\";i:9;s:10:\"04-24-2026\";i:8;s:10:\"04-25-2026\";i:8;s:10:\"04-26-2026\";i:8;s:10:\"04-27-2026\";i:8;s:10:\"04-28-2026\";i:8;s:10:\"04-29-2026\";i:5;}"],"houzez_recently_viewed":["2026-04-29 12:55:50"],"tp_widgets":["a:2:{s:7:\"widgets\";a:0:{}s:9:\"update_at\";s:10:\"1764682733\";}"],"_elementor_page_assets":["a:0:{}"]},"_links":{"self":[{"href":"https:\/\/ruhr-real.de\/en\/wp-json\/wp\/v2\/properties\/157994","targetHints":{"allow":["GET"]}}],"collection":[{"href":"https:\/\/ruhr-real.de\/en\/wp-json\/wp\/v2\/properties"}],"about":[{"href":"https:\/\/ruhr-real.de\/en\/wp-json\/wp\/v2\/types\/property"}],"author":[{"embeddable":true,"href":"https:\/\/ruhr-real.de\/en\/wp-json\/wp\/v2\/users\/1"}],"version-history":[{"count":0,"href":"https:\/\/ruhr-real.de\/en\/wp-json\/wp\/v2\/properties\/157994\/revisions"}],"wp:featuredmedia":[{"embeddable":true,"href":"https:\/\/ruhr-real.de\/en\/wp-json\/wp\/v2\/media\/157995"}],"wp:attachment":[{"href":"https:\/\/ruhr-real.de\/en\/wp-json\/wp\/v2\/media?parent=157994"}],"wp:term":[{"taxonomy":"property_type","embeddable":true,"href":"https:\/\/ruhr-real.de\/en\/wp-json\/wp\/v2\/property_type?post=157994"},{"taxonomy":"property_status","embeddable":true,"href":"https:\/\/ruhr-real.de\/en\/wp-json\/wp\/v2\/property_status?post=157994"},{"taxonomy":"property_feature","embeddable":true,"href":"https:\/\/ruhr-real.de\/en\/wp-json\/wp\/v2\/property_feature?post=157994"},{"taxonomy":"property_label","embeddable":true,"href":"https:\/\/ruhr-real.de\/en\/wp-json\/wp\/v2\/property_label?post=157994"},{"taxonomy":"property_country","embeddable":true,"href":"https:\/\/ruhr-real.de\/en\/wp-json\/wp\/v2\/property_country?post=157994"},{"taxonomy":"property_state","embeddable":true,"href":"https:\/\/ruhr-real.de\/en\/wp-json\/wp\/v2\/property_state?post=157994"},{"taxonomy":"property_city","embeddable":true,"href":"https:\/\/ruhr-real.de\/en\/wp-json\/wp\/v2\/property_city?post=157994"},{"taxonomy":"property_area","embeddable":true,"href":"https:\/\/ruhr-real.de\/en\/wp-json\/wp\/v2\/property_area?post=157994"}],"curies":[{"name":"wp","href":"https:\/\/api.w.org\/{rel}","templated":true}]}}