{"id":158731,"date":"2025-07-14T00:01:02","date_gmt":"2025-07-13T22:01:02","guid":{"rendered":"https:\/\/ruhr-real.de\/objekt\/ausbau-nach-mieterwunsch-bueroflaeche-am-guerzenich\/"},"modified":"2025-07-14T17:35:02","modified_gmt":"2025-07-14T15:35:02","slug":"ausbau-nach-mieterwunsch-bueroflaeche-am-guerzenich","status":"publish","type":"property","link":"https:\/\/ruhr-real.de\/en\/objekt\/ausbau-nach-mieterwunsch-bueroflaeche-am-guerzenich\/","title":{"rendered":"Ausbau nach Mieterwunsch | B\u00fcrofl\u00e4che am G\u00fcrzenich"},"content":{"rendered":"<p>Die klimatisierten B\u00fcrofl\u00e4chen werden \u00fcber Fernw\u00e4rme beheizt und verf\u00fcgen \u00fcber flexible Raumaufteilungsm\u00f6glichkeiten sowie einen Ausbau nach Mieterwunsch. Ein Glasfaseranschluss, CAT-Verkabelung, Fensterbankkabelkan\u00e4le und ein Serverrack sorgen f\u00fcr eine moderne IT-Infrastruktur. Der innenliegende, manuelle Blendschutz, eine Teek\u00fcchenvorrichtung sowie ein vorhandener Sanit\u00e4rbereich erh\u00f6hen den Nutzungskomfort. Ein Personenaufzug, ein behindertengerechtes WC im EG, eine Gegensprechanlage, ein elektronisches Schlie\u00dfsystem und eine Alarmanlage gew\u00e4hrleisten Barrierefreiheit und Sicherheit. Eine Kellerfl\u00e4che steht als zus\u00e4tzlicher Stauraum zur Verf\u00fcgung.<\/p>\n<p>Das B\u00fcrogeb\u00e4ude befindet sich in absoluter Premiumlage im Herzen der K\u00f6lner Innenstadt \u2013 nur wenige Schritte vom historischen G\u00fcrzenich, dem Heumarkt und der beliebten Einkaufsstra\u00dfe Hohe Stra\u00dfe entfernt. Die Lage zeichnet sich durch eine lebendige Mischung aus Gesch\u00e4ftigkeit, Gastronomie und urbanem Flair aus.<\/p>\n<p>Die Anbindung an den \u00f6ffentlichen Nahverkehr ist hervorragend: Die U-Bahn-Stationen Heumarkt und Neumarkt sind in wenigen Minuten zu Fu\u00df erreichbar und bieten direkten Anschluss an zahlreiche Stadtbahn- und Buslinien. So gelangen Sie schnell in alle Stadtteile K\u00f6lns sowie zum K\u00f6lner Hauptbahnhof, der sowohl mit dem Auto als auch mit \u00f6ffentlichen Verkehrsmitteln in ca. 5 Minuten erreichbar ist.<\/p>\n<p>Auch die Autobahnen A57, A559 und A4 sind in etwa 10 Minuten mit dem Auto erreichbar und erm\u00f6glichen eine z\u00fcgige Verbindung ins K\u00f6lner Umland sowie zu \u00fcberregionalen Zielen. Der Flughafen K\u00f6ln\/Bonn ist mit dem Auto in ca. 25 Minuten zu erreichen \u2013 ideal f\u00fcr Gesch\u00e4ftsreisende.<\/p>\n<p>In unmittelbarer Umgebung \u2013 in nur 1 bis 3 Gehminuten \u2013 finden Sie ein breites Angebot an Restaurants, Caf\u00e9s und Bars, das f\u00fcr jede Tageszeit und jeden Geschmack etwas bietet. Ob Business-Lunch, Kaffeepause oder After-Work-Treffen \u2013 die Vielfalt direkt vor der T\u00fcr l\u00e4sst keine W\u00fcnsche offen.<\/p>\n<p>\u2022 Domblick<br \/>\n\u2022 Kellerfl\u00e4che vorhanden<br \/>\n\u2022 Glasfaseranschluss<br \/>\n\u2022 Ausbau nach Mieterwunsch<br \/>\n\u2022 flexible Raumaufteilung<br \/>\n\u2022 Alarmanlage<br \/>\n\u2022 elektronisches Schlie\u00dfsystem<\/p>\n<p>Es gelten ausschlie\u00dflich unsere AGB (www.ruhr-real.de\/agb). Die Halle ist nicht f\u00fcr Veranstaltungsr\u00e4ume geeignet. Wir m\u00f6chten Sie darauf hinweisen, dass die Angaben ausschlie\u00dflich auf den uns vom Eigent\u00fcmer \u00fcbermittelten Unterlagen und Informationen basieren. F\u00fcr Richtigkeit und Vollst\u00e4ndigkeit \u00fcbernehmen wir keine Gew\u00e4hr. Zwischenvermietung vorbehalten.<br \/>\n<div class=\"widget widget_immonex_user_defined_properties_widget\"><div class=\"immonex-widget immonex-widget-houzez\">\n\t\t<div class=\"immonex-widget-title clearfix\">\n\t\t<h2 class=\"widgettitle\">Energieeffizienz<\/h2>\t<\/div>\n\t\t<ul class=\"immonex-property-details row list-lined list-unstyled\">\n\t\t\t\t<li>\n\t\t\t<div class=\"list-lined-item w-100 d-flex justify-content-between py-2\">\n\t\t\t\t\t\t\t\t<strong class=\"property-details-label\">Prim\u00e4renergietr\u00e4ger:<\/strong>&nbsp;<span class=\"property-details-value\">Fernw\u00e4rme<\/span>\n\t\t\t\t\t\t\t<\/div>\n\t\t<\/li>\n\t\t\t\t<li>\n\t\t\t<div class=\"list-lined-item w-100 d-flex justify-content-between py-2\">\n\t\t\t\t\t\t\t\t<strong class=\"property-details-label\">Energieausweis-Jahrgang:<\/strong>&nbsp;<span class=\"property-details-value\">not available<\/span>\n\t\t\t\t\t\t\t<\/div>\n\t\t<\/li>\n\t\t\t<\/ul>\n<\/div><\/div><\/p>\n","protected":false},"excerpt":{"rendered":"<p>Die klimatisierten B\u00fcrofl\u00e4chen werden \u00fcber Fernw\u00e4rme beheizt und verf\u00fcgen \u00fcber flexible&#8230;<\/p>\n","protected":false},"author":1,"featured_media":159261,"parent":0,"menu_order":0,"template":"","property_type":[379],"property_status":[352],"property_feature":[361,354],"property_label":[],"property_country":[353],"property_state":[],"property_city":[336],"property_area":[],"class_list":["post-158731","property","type-property","status-publish","has-post-thumbnail","hentry","property_type-bueroflaechen","property_status-zu-vermieten","property_feature-klimaanlage","property_feature-personenaufzug","property_country-deutschland","property_city-koln"],"acf":[],"property_meta":{"_immonex_import_folder":["users\/RUHRREAL"],"_immonex_translation_id":["4292\/G1\/E1"],"_openimmo_obid":["016367372052422190421508330FC2E1"],"_is_immonex_import_property":["1"],"_immonex_is_reference":[""],"rank_math_internal_links_processed":["1"],"fave_property_map_address":["50667 K\u00f6ln"],"fave_property_zip":["50667"],"fave_property_country":["DE"],"_immonex_lat":["50.94241055"],"_immonex_lng":["6.95927509172"],"houzez_geolocation_lat":["50.94241055"],"houzez_geolocation_long":["6.95927509172"],"fave_property_location":["50.94241055,6.95927509172"],"fave_property_price":["26.00"],"fave_property_sec_price":["26.0000"],"fave_property_size":["167"],"fave_property_id":["4292\/G1\/E1"],"_immonex_iso_country":["DEU"],"_openimmo_anid":["0000"],"_immonex_group_number":[""],"_immonex_group_id":[""],"_immonex_group_master":[""],"_immonex_import_meta":["a:6:{s:8:\"zip_file\";s:131:\"\/www\/htdocs\/w0172e0e\/ruhr-real_2024\/wp-content\/uploads\/immonex-openimmo-import\/users\/RUHRREAL\/Immowelt_estatePro_20250714173350.zip\";s:8:\"xml_file\";s:158:\"\/www\/htdocs\/w0172e0e\/ruhr-real_2024\/wp-content\/uploads\/immonex-openimmo-import\/immowelt_estatepro_20250714173350\/Homepage_2024_NEW_estatePro20250714173350.xml\";s:12:\"mapping_file\";s:116:\"\/www\/htdocs\/w0172e0e\/ruhr-real_2024\/wp-content\/uploads\/immonex-openimmo-import\/mappings\/houzez_ruhrreal_18122023.csv\";s:9:\"timestamp\";i:1752507303;s:4:\"date\";s:10:\"2025-07-14\";s:4:\"time\";s:8:\"17:35:03\";}"],"_immonex_is_sold":[""],"_immonex_is_reserved":[""],"_immonex_is_available":["1"],"additional_features":["a:19:{i:0;a:2:{s:29:\"fave_additional_feature_title\";s:11:\"Heizungsart\";s:29:\"fave_additional_feature_value\";s:11:\"Fernheizung\";}i:1;a:2:{s:29:\"fave_additional_feature_title\";s:14:\"Nettokaltmiete\";s:29:\"fave_additional_feature_value\";s:11:\"26&nbsp;\u20ac\";}i:2;a:2:{s:29:\"fave_additional_feature_title\";s:9:\"Kaltmiete\";s:29:\"fave_additional_feature_value\";s:11:\"26&nbsp;\u20ac\";}i:3;a:2:{s:29:\"fave_additional_feature_title\";s:9:\"Warmmiete\";s:29:\"fave_additional_feature_value\";s:14:\"30,50&nbsp;\u20ac\";}i:4;a:2:{s:29:\"fave_additional_feature_title\";s:29:\"monatl. Betriebs-\/Nebenkosten\";s:29:\"fave_additional_feature_value\";s:13:\"4,50&nbsp;\u20ac\";}i:5;a:2:{s:29:\"fave_additional_feature_title\";s:33:\"Heizkosten in Warmmiete enthalten\";s:29:\"fave_additional_feature_value\";s:4:\"nein\";}i:6;a:2:{s:29:\"fave_additional_feature_title\";s:32:\"Preise zuz\u00fcglich Mehrwertsteuer\";s:29:\"fave_additional_feature_value\";s:4:\"nein\";}i:7;a:2:{s:29:\"fave_additional_feature_title\";s:23:\"Netto-Kaltmiete pro m\u00b2\";s:29:\"fave_additional_feature_value\";s:11:\"26&nbsp;\u20ac\";}i:8;a:2:{s:29:\"fave_additional_feature_title\";s:16:\"K\u00e4uferprovision\";s:29:\"fave_additional_feature_value\";s:21:\"3-4 Nettomonatsmieten\";}i:9;a:2:{s:29:\"fave_additional_feature_title\";s:20:\"Hinweis zur Courtage\";s:29:\"fave_additional_feature_value\";s:233:\"Bei Vertr\u00e4gen bis zu f\u00fcnf Jahren Laufzeit ist ein Honorar von 3 Nettomonatsmieten vom Mieter an RUHR REAL zahlbar; bei Laufzeiten bis zu zehn Jahren werden 4 Nettomonatsmieten f\u00e4llig. Hinzu kommt die jeweils g\u00fcltige Umsatzsteuer.\";}i:10;a:2:{s:29:\"fave_additional_feature_title\";s:10:\"MwSt.-Satz\";s:29:\"fave_additional_feature_value\";s:9:\"19&nbsp;%\";}i:11;a:2:{s:29:\"fave_additional_feature_title\";s:12:\"B\u00fcrofl\u00e4che\";s:29:\"fave_additional_feature_value\";s:12:\"167&nbsp;m\u00b2\";}i:12;a:2:{s:29:\"fave_additional_feature_title\";s:16:\"B\u00fcroteilfl\u00e4che\";s:29:\"fave_additional_feature_value\";s:12:\"167&nbsp;m\u00b2\";}i:13;a:2:{s:29:\"fave_additional_feature_title\";s:10:\"Teilbar ab\";s:29:\"fave_additional_feature_value\";s:12:\"167&nbsp;m\u00b2\";}i:14;a:2:{s:29:\"fave_additional_feature_title\";s:19:\"Art der Ausstattung\";s:29:\"fave_additional_feature_value\";s:7:\"gehoben\";}i:15;a:2:{s:29:\"fave_additional_feature_title\";s:10:\"Befeuerung\";s:29:\"fave_additional_feature_value\";s:10:\"Fernw\u00e4rme\";}i:16;a:2:{s:29:\"fave_additional_feature_title\";s:18:\"Sicherheitstechnik\";s:29:\"fave_additional_feature_value\";s:11:\"Alarmanlage\";}i:17;a:2:{s:29:\"fave_additional_feature_title\";s:7:\"Zustand\";s:29:\"fave_additional_feature_value\";s:8:\"gepflegt\";}i:18;a:2:{s:29:\"fave_additional_feature_title\";s:27:\"Immobilie ist verf\u00fcgbar ab\";s:29:\"fave_additional_feature_value\";s:17:\"nach Vereinbarung\";}}"],"fave_additional_features_enable":["enable"],"_immonex_custom_fields":["a:2:{s:21:\"Prim\u00e4renergietr\u00e4ger\";a:5:{s:14:\"mapping_source\";s:29:\"ausstattung->befeuerung:FERN+\";s:4:\"name\";s:0:\"\";s:5:\"group\";s:5:\"epass\";s:5:\"value\";s:10:\"Fernw\u00e4rme\";s:19:\"value_before_filter\";s:10:\"Fernw\u00e4rme\";}s:23:\"Energieausweis-Jahrgang\";a:5:{s:14:\"mapping_source\";s:38:\"zustand_angaben->energiepass->jahrgang\";s:4:\"name\";s:0:\"\";s:5:\"group\";s:5:\"epass\";s:5:\"value\";s:13:\"not available\";s:19:\"value_before_filter\";s:4:\"ohne\";}}"],"_immonex_property_xml_source":["<?xml version=\"1.0\"?>\n<immobilie>\n<objektkategorie>\n<nutzungsart WOHNEN=\"false\" GEWERBE=\"true\"\/>\n<vermarktungsart KAUF=\"false\" MIETE_PACHT=\"true\"\/>\n<objektart>\n<buero_praxen buero_typ=\"BUEROHAUS\"\/>\n<\/objektart>\n<user_defined_simplefield\/>\n<\/objektkategorie>\n<geo>\n<plz>50667<\/plz>\n<ort>K&#xF6;ln<\/ort>\n<strasse>G&#xFC;rzenichstra&#xDF;e<\/strasse>\n<hausnummer>19<\/hausnummer>\n<land iso_land=\"DEU\"\/>\n<lage_im_bau\/>\n<\/geo>\n<kontaktperson>\n<email_zentrale>anfrage@ruhr-real.de<\/email_zentrale>\n<email_direkt>lendzian@ruhr-real.de<\/email_direkt>\n<tel_durchw>+49 221 273 229 22<\/tel_durchw>\n<tel_handy>+49 162 1531000<\/tel_handy>\n<name>Lendzian<\/name>\n<vorname>Niklas<\/vorname>\n<anrede>Herr<\/anrede>\n<firma>RUHR REAL GmbH<\/firma>\n<strasse>Holsterhauser Platz<\/strasse>\n<hausnummer>2<\/hausnummer>\n<plz>45147<\/plz>\n<ort>Essen<\/ort>\n<adressfreigabe>true<\/adressfreigabe>\n<\/kontaktperson>\n<preise>\n<nettokaltmiete>26.00<\/nettokaltmiete>\n<kaltmiete>26.00<\/kaltmiete>\n<warmmiete>30.50<\/warmmiete>\n<nebenkosten>4.50<\/nebenkosten>\n<heizkosten_enthalten>false<\/heizkosten_enthalten>\n<zzg_mehrwertsteuer>false<\/zzg_mehrwertsteuer>\n<preis_zeiteinheit\/>\n<mietpreis_pro_qm>26.0000<\/mietpreis_pro_qm>\n<provisionspflichtig>true<\/provisionspflichtig>\n<aussen_courtage mit_mwst=\"false\">3-4 Nettomonatsmieten<\/aussen_courtage>\n<courtage_hinweis>Bei Vertr&#xE4;gen bis zu f&#xFC;nf Jahren Laufzeit ist ein Honorar von 3 Nettomonatsmieten vom Mieter an RUHR REAL zahlbar; bei Laufzeiten bis zu zehn Jahren werden 4 Nettomonatsmieten f&#xE4;llig. Hinzu kommt die jeweils g&#xFC;ltige Umsatzsteuer.<\/courtage_hinweis>\n<waehrung iso_waehrung=\"EUR\"\/>\n<mwst_satz>19.00<\/mwst_satz>\n<stp_carport\/>\n<stp_duplex\/>\n<stp_freiplatz\/>\n<stp_garage\/>\n<stp_parkhaus\/>\n<stp_tiefgarage\/>\n<\/preise>\n<bieterverfahren\/>\n<versteigerung\/>\n<flaechen>\n<bueroflaeche>167<\/bueroflaeche>\n<bueroteilflaeche>167<\/bueroteilflaeche>\n<teilbar_ab>167<\/teilbar_ab>\n<\/flaechen>\n<ausstattung>\n<ausstatt_kategorie>GEHOBEN<\/ausstatt_kategorie>\n<bad\/>\n<kueche\/>\n<heizungsart FERN=\"true\"\/>\n<befeuerung FERN=\"true\"\/>\n<klimatisiert>true<\/klimatisiert>\n<fahrstuhl PERSONEN=\"true\"\/>\n<ausricht_balkon_terrasse\/>\n<angeschl_gastronomie\/>\n<sicherheitstechnik ALARMANLAGE=\"true\"\/>\n<\/ausstattung>\n<zustand_angaben>\n<zustand zustand_art=\"GEPFLEGT\"\/>\n<energiepass>\n<jahrgang>ohne<\/jahrgang>\n<\/energiepass>\n<\/zustand_angaben>\n<bewertung\/>\n<infrastruktur\/>\n<freitexte>\n<objekttitel>Ausbau nach Mieterwunsch | B&#xFC;rofl&#xE4;che am G&#xFC;rzenich<\/objekttitel>\n<lage>Das B&#xFC;rogeb&#xE4;ude befindet sich in absoluter Premiumlage im Herzen der K&#xF6;lner Innenstadt &#x2013; nur wenige Schritte vom historischen G&#xFC;rzenich, dem Heumarkt und der beliebten Einkaufsstra&#xDF;e Hohe Stra&#xDF;e entfernt. Die Lage zeichnet sich durch eine lebendige Mischung aus Gesch&#xE4;ftigkeit, Gastronomie und urbanem Flair aus.\n\nDie Anbindung an den &#xF6;ffentlichen Nahverkehr ist hervorragend: Die U-Bahn-Stationen Heumarkt und Neumarkt sind in wenigen Minuten zu Fu&#xDF; erreichbar und bieten direkten Anschluss an zahlreiche Stadtbahn- und Buslinien. So gelangen Sie schnell in alle Stadtteile K&#xF6;lns sowie zum K&#xF6;lner Hauptbahnhof, der sowohl mit dem Auto als auch mit &#xF6;ffentlichen Verkehrsmitteln in ca. 5 Minuten erreichbar ist.\n\nAuch die Autobahnen A57, A559 und A4 sind in etwa 10 Minuten mit dem Auto erreichbar und erm&#xF6;glichen eine z&#xFC;gige Verbindung ins K&#xF6;lner Umland sowie zu &#xFC;berregionalen Zielen. Der Flughafen K&#xF6;ln\/Bonn ist mit dem Auto in ca. 25 Minuten zu erreichen &#x2013; ideal f&#xFC;r Gesch&#xE4;ftsreisende.\n\nIn unmittelbarer Umgebung &#x2013; in nur 1 bis 3 Gehminuten &#x2013; finden Sie ein breites Angebot an Restaurants, Caf&#xE9;s und Bars, das f&#xFC;r jede Tageszeit und jeden Geschmack etwas bietet. Ob Business-Lunch, Kaffeepause oder After-Work-Treffen &#x2013; die Vielfalt direkt vor der T&#xFC;r l&#xE4;sst keine W&#xFC;nsche offen.<\/lage><ausstatt_beschr>&#x2022; Domblick\n&#x2022; Kellerfl&#xE4;che vorhanden\n&#x2022; Glasfaseranschluss\n&#x2022; Ausbau nach Mieterwunsch\n&#x2022; flexible Raumaufteilung\n&#x2022; Alarmanlage\n&#x2022; elektronisches Schlie&#xDF;system<\/ausstatt_beschr>\n<objektbeschreibung>Die klimatisierten B&#xFC;rofl&#xE4;chen werden &#xFC;ber Fernw&#xE4;rme beheizt und verf&#xFC;gen &#xFC;ber flexible Raumaufteilungsm&#xF6;glichkeiten sowie einen Ausbau nach Mieterwunsch. Ein Glasfaseranschluss, CAT-Verkabelung, Fensterbankkabelkan&#xE4;le und ein Serverrack sorgen f&#xFC;r eine moderne IT-Infrastruktur. Der innenliegende, manuelle Blendschutz, eine Teek&#xFC;chenvorrichtung sowie ein vorhandener Sanit&#xE4;rbereich erh&#xF6;hen den Nutzungskomfort. Ein Personenaufzug, ein behindertengerechtes WC im EG, eine Gegensprechanlage, ein elektronisches Schlie&#xDF;system und eine Alarmanlage gew&#xE4;hrleisten Barrierefreiheit und Sicherheit. Eine Kellerfl&#xE4;che steht als zus&#xE4;tzlicher Stauraum zur Verf&#xFC;gung.<\/objektbeschreibung>\n<sonstige_angaben>Es gelten ausschlie&#xDF;lich unsere AGB (www.ruhr-real.de\/agb). Die Halle ist nicht f&#xFC;r Veranstaltungsr&#xE4;ume geeignet. Wir m&#xF6;chten Sie darauf hinweisen, dass die Angaben ausschlie&#xDF;lich auf den uns vom Eigent&#xFC;mer &#xFC;bermittelten Unterlagen und Informationen basieren. F&#xFC;r Richtigkeit und Vollst&#xE4;ndigkeit &#xFC;bernehmen wir keine Gew&#xE4;hr. Zwischenvermietung vorbehalten.<\/sonstige_angaben>\n<\/freitexte>\n<anhaenge>\n<anhang location=\"EXTERN\" gruppe=\"BILD\">\n<anhangtitel>B&#xFC;rofl&#xE4;che<\/anhangtitel>\n<format>JPG<\/format>\n<daten>\n<pfad>bbb6d5391aee4bf48d76323c2ee39a38.JPG<\/pfad>\n<\/daten>\n<\/anhang>\n<anhang location=\"EXTERN\" gruppe=\"BILD\">\n<anhangtitel>B&#xFC;ro Innenansicht<\/anhangtitel>\n<format>JPG<\/format>\n<daten>\n<pfad>c306859c1b4640f1ac1483855c382d0e.JPG<\/pfad>\n<\/daten>\n<\/anhang>\n<anhang location=\"EXTERN\" gruppe=\"BILD\">\n<anhangtitel>B&#xFC;ro Innenansicht<\/anhangtitel>\n<format>JPG<\/format>\n<daten>\n<pfad>b512689209ac40c4843140441deaae2e.JPG<\/pfad>\n<\/daten>\n<\/anhang>\n<anhang location=\"EXTERN\" gruppe=\"BILD\">\n<anhangtitel>Treppenhaus<\/anhangtitel>\n<format>JPG<\/format>\n<daten>\n<pfad>36ee7341812a4d30b941a08ee18bad36.JPG<\/pfad>\n<\/daten>\n<\/anhang>\n<anhang location=\"EXTERN\" gruppe=\"BILD\">\n<anhangtitel>Eingang EG<\/anhangtitel>\n<format>JPG<\/format>\n<daten>\n<pfad>4a9756b3396f460c9d67d98c195cbd33.JPG<\/pfad>\n<\/daten>\n<\/anhang>\n<anhang location=\"EXTERN\" gruppe=\"BILD\">\n<anhangtitel>Eingangsbereich<\/anhangtitel>\n<format>JPG<\/format>\n<daten>\n<pfad>81e7fe00141843f0a67cfb6a211de198.JPG<\/pfad>\n<\/daten>\n<\/anhang>\n<\/anhaenge>\n<verwaltung_objekt>\n<objektadresse_freigeben>false<\/objektadresse_freigeben>\n<verfuegbar_ab>nach Vereinbarung<\/verfuegbar_ab>\n<geschlecht\/>\n<\/verwaltung_objekt>\n<verwaltung_techn>\n<objektnr_intern>016367372052422190421508330FC2E1<\/objektnr_intern>\n<objektnr_extern>4292\/G1\/E1<\/objektnr_extern>\n<aktion aktionart=\"CHANGE\"\/>\n<openimmo_obid>016367372052422190421508330FC2E1<\/openimmo_obid>\n<kennung_ursprung>estatePro V10.0.0.8<\/kennung_ursprung>\n<stand_vom>2025-07-14<\/stand_vom>\n<\/verwaltung_techn>\n<user_defined_simplefield feldname=\"Startseite\">Nein<\/user_defined_simplefield>\n<\/immobilie>\n"],"_thumbnail_id":["159261"],"fave_property_images":["159261","159262","159263","159264","159265","159266"],"fave_floor_plans_enable":["disable"],"fave_prop_homeslider":["yes"],"fave_prop_slider_image":["159261"],"fave_agents":["156452"],"fave_agent_display_option":["agent_info"],"fave_single_top_area":["global"],"fave_single_content_area":["global"],"fave_property_map":["1"],"fave_property_map_street_view":["hide"],"fave_property_size_prefix":["m\u00b2"],"fave_property_land_postfix":["m\u00b2"],"fave_featured":["0"],"houzez_featured_listing_date":[""],"fave_property_price_postfix":["pro&nbsp;m\u00b2"],"fave_currency":["EUR"],"fave_currency_info":["a:8:{s:2:\"id\";s:1:\"1\";s:13:\"currency_name\";s:4:\"Euro\";s:13:\"currency_code\";s:3:\"EUR\";s:15:\"currency_symbol\";s:3:\"\u20ac\";s:17:\"currency_position\";s:5:\"after\";s:16:\"currency_decimal\";s:1:\"2\";s:26:\"currency_decimal_separator\";s:1:\",\";s:27:\"currency_thousand_separator\";s:1:\".\";}"],"houzez_total_property_views":["1321"],"houzez_views_by_date":["a:61:{s:10:\"02-27-2026\";i:6;s:10:\"02-28-2026\";i:4;s:10:\"03-01-2026\";i:4;s:10:\"03-02-2026\";i:4;s:10:\"03-03-2026\";i:4;s:10:\"03-04-2026\";i:4;s:10:\"03-05-2026\";i:6;s:10:\"03-06-2026\";i:4;s:10:\"03-07-2026\";i:4;s:10:\"03-08-2026\";i:4;s:10:\"03-09-2026\";i:4;s:10:\"03-10-2026\";i:4;s:10:\"03-11-2026\";i:6;s:10:\"03-12-2026\";i:4;s:10:\"03-13-2026\";i:4;s:10:\"03-14-2026\";i:4;s:10:\"03-15-2026\";i:4;s:10:\"03-16-2026\";i:2;s:10:\"03-17-2026\";i:9;s:10:\"03-18-2026\";i:6;s:10:\"03-19-2026\";i:4;s:10:\"03-20-2026\";i:6;s:10:\"03-21-2026\";i:4;s:10:\"03-22-2026\";i:4;s:10:\"03-23-2026\";i:4;s:10:\"03-24-2026\";i:4;s:10:\"03-25-2026\";i:4;s:10:\"03-26-2026\";i:6;s:10:\"03-27-2026\";i:4;s:10:\"03-28-2026\";i:4;s:10:\"03-29-2026\";i:4;s:10:\"03-30-2026\";i:6;s:10:\"03-31-2026\";i:4;s:10:\"04-01-2026\";i:9;s:10:\"04-02-2026\";i:9;s:10:\"04-03-2026\";i:8;s:10:\"04-04-2026\";i:8;s:10:\"04-05-2026\";i:8;s:10:\"04-06-2026\";i:8;s:10:\"04-07-2026\";i:12;s:10:\"04-08-2026\";i:6;s:10:\"04-09-2026\";i:8;s:10:\"04-10-2026\";i:8;s:10:\"04-11-2026\";i:6;s:10:\"04-12-2026\";i:10;s:10:\"04-13-2026\";i:8;s:10:\"04-14-2026\";i:8;s:10:\"04-15-2026\";i:8;s:10:\"04-16-2026\";i:8;s:10:\"04-17-2026\";i:8;s:10:\"04-18-2026\";i:8;s:10:\"04-19-2026\";i:8;s:10:\"04-20-2026\";i:8;s:10:\"04-21-2026\";i:8;s:10:\"04-22-2026\";i:8;s:10:\"04-23-2026\";i:8;s:10:\"04-24-2026\";i:8;s:10:\"04-25-2026\";i:8;s:10:\"04-26-2026\";i:8;s:10:\"04-27-2026\";i:8;s:10:\"04-28-2026\";i:4;}"],"houzez_recently_viewed":["2026-04-28 11:27:45"],"tp_widgets":["a:2:{s:7:\"widgets\";a:0:{}s:9:\"update_at\";s:10:\"1764682733\";}"],"_elementor_page_assets":["a:0:{}"]},"_links":{"self":[{"href":"https:\/\/ruhr-real.de\/en\/wp-json\/wp\/v2\/properties\/158731","targetHints":{"allow":["GET"]}}],"collection":[{"href":"https:\/\/ruhr-real.de\/en\/wp-json\/wp\/v2\/properties"}],"about":[{"href":"https:\/\/ruhr-real.de\/en\/wp-json\/wp\/v2\/types\/property"}],"author":[{"embeddable":true,"href":"https:\/\/ruhr-real.de\/en\/wp-json\/wp\/v2\/users\/1"}],"version-history":[{"count":0,"href":"https:\/\/ruhr-real.de\/en\/wp-json\/wp\/v2\/properties\/158731\/revisions"}],"wp:featuredmedia":[{"embeddable":true,"href":"https:\/\/ruhr-real.de\/en\/wp-json\/wp\/v2\/media\/159261"}],"wp:attachment":[{"href":"https:\/\/ruhr-real.de\/en\/wp-json\/wp\/v2\/media?parent=158731"}],"wp:term":[{"taxonomy":"property_type","embeddable":true,"href":"https:\/\/ruhr-real.de\/en\/wp-json\/wp\/v2\/property_type?post=158731"},{"taxonomy":"property_status","embeddable":true,"href":"https:\/\/ruhr-real.de\/en\/wp-json\/wp\/v2\/property_status?post=158731"},{"taxonomy":"property_feature","embeddable":true,"href":"https:\/\/ruhr-real.de\/en\/wp-json\/wp\/v2\/property_feature?post=158731"},{"taxonomy":"property_label","embeddable":true,"href":"https:\/\/ruhr-real.de\/en\/wp-json\/wp\/v2\/property_label?post=158731"},{"taxonomy":"property_country","embeddable":true,"href":"https:\/\/ruhr-real.de\/en\/wp-json\/wp\/v2\/property_country?post=158731"},{"taxonomy":"property_state","embeddable":true,"href":"https:\/\/ruhr-real.de\/en\/wp-json\/wp\/v2\/property_state?post=158731"},{"taxonomy":"property_city","embeddable":true,"href":"https:\/\/ruhr-real.de\/en\/wp-json\/wp\/v2\/property_city?post=158731"},{"taxonomy":"property_area","embeddable":true,"href":"https:\/\/ruhr-real.de\/en\/wp-json\/wp\/v2\/property_area?post=158731"}],"curies":[{"name":"wp","href":"https:\/\/api.w.org\/{rel}","templated":true}]}}