{"id":158923,"date":"2025-07-08T00:01:57","date_gmt":"2025-07-07T22:01:57","guid":{"rendered":"https:\/\/ruhr-real.de\/objekt\/praxis-zeitnaher-bezug-altstadt-nord\/"},"modified":"2025-07-08T00:01:57","modified_gmt":"2025-07-07T22:01:57","slug":"praxis-zeitnaher-bezug-altstadt-nord","status":"publish","type":"property","link":"https:\/\/ruhr-real.de\/en\/objekt\/praxis-zeitnaher-bezug-altstadt-nord\/","title":{"rendered":"Praxis | Zeitnaher Bezug | Altstadt-Nord"},"content":{"rendered":"<p>Die zur Verf\u00fcgung stehende Fl\u00e4che in einem modernen \u00c4rztehaus bietet optimale Bedingungen f\u00fcr den medizinischen Betrieb. Die Praxisr\u00e4ume sind vollst\u00e4ndig klimatisiert und verf\u00fcgen \u00fcber eine hochwertige Ausstattung, darunter Linoleumb\u00f6den, Einbauschr\u00e4nke sowie eine Dusche, ein barrierefreies WC und eine Umkleide. Ein innenliegender, manuell bedienbarer Blendschutz sorgt f\u00fcr angenehme Lichtverh\u00e4ltnisse in den R\u00e4umen. Zus\u00e4tzlich steht ein Balkon zur Verf\u00fcgung, der den Arbeitsalltag angenehm erg\u00e4nzt.<\/p>\n<p>F\u00fcr den Patienten- und Personentransport sind sowohl ein Bettenaufzug als auch ein Personenaufzug vorhanden. Im Notfall ist zudem eine Liegentransport-Anfahrt optional m\u00f6glich, was die Notfallversorgung erleichtert. Die Fl\u00e4che ist mit einer modernen L\u00fcftungsanlage ausgestattet und verf\u00fcgt \u00fcber eine eigene Vorfahrt an der Turiner Stra\u00dfe, die eine komfortable und diskrete Anfahrt erm\u00f6glicht.<\/p>\n<p>Die Mietkonditionen betragen 26 EUR\/m\u00b2 inklusive Steuerschaden sowie 4 EUR\/m\u00b2 Nebenkosten. Bestehendes Inventar kann gegen eine Abstandssumme \u00fcbernommen werden.<\/p>\n<p>Folgende Fl\u00e4chen sind verf\u00fcgbar:<\/p>\n<p>3.OG: 613 m\u00b2, 26,00 EUR\/m\u00b2, sofort verf\u00fcgbar<br \/>\n5.OG: 235 m\u00b2, 26,00 EUR\/m\u00b2, 01.01.2026<\/p>\n<p>Im Herzen des Kunibertsviertels, nahe dem bekannten K\u00f6lner Eigelstein, befindet sich das Projekt &#8220;Machab\u00e4erstra\u00dfe \u2013 \u00c4rztehaus&#8221;. Nur wenige Schritte vom K\u00f6lner Hauptbahnhof entfernt und zentral in K\u00f6ln gelegen, bietet das Objekt vielseitige Praxisfl\u00e4chen in drei Geb\u00e4udeteilen. Auf insgesamt 7.764 Quadratmetern haben sich seit vielen Jahren namhafte Mieter etabliert und ein umfassendes Facharztspektrum aufgebaut. In direkter Nachbarschaft liegt zudem das &#8220;Cellitinnen-Krankenhaus St. Marien&#8221;. Der Standort \u00fcberzeugt au\u00dferdem durch eine exzellente Anbindung an den \u00f6ffentlichen Nahverkehr.<\/p>\n<p>\u2022 Praxisfl\u00e4chen im \u00c4rztehaus<br \/>\n\u2022 hervorragende \u00d6PNV-Anbindungen<br \/>\n\u2022 helle, moderne R\u00e4ume<br \/>\n\u2022 pflegeleichter PVC-Boden<br \/>\n\u2022 Empfangsbereich<br \/>\n\u2022 Balkon<br \/>\n\u2022 Duschen &amp; Umkleide<br \/>\n\u2022 Bettenaufzug<\/p>\n<p>Es gelten ausschlie\u00dflich unsere AGB (www.ruhr-real.de\/agb). Die Halle ist nicht f\u00fcr Veranstaltungsr\u00e4ume geeignet. Wir m\u00f6chten Sie darauf hinweisen, dass die Angaben ausschlie\u00dflich auf den uns vom Eigent\u00fcmer \u00fcbermittelten Unterlagen und Informationen basieren. F\u00fcr Richtigkeit und Vollst\u00e4ndigkeit \u00fcbernehmen wir keine Gew\u00e4hr. Zwischenvermietung vorbehalten.<br \/>\n<div class=\"widget widget_immonex_user_defined_properties_widget\"><div class=\"immonex-widget immonex-widget-houzez\">\n\t\t<div class=\"immonex-widget-title clearfix\">\n\t\t<h2 class=\"widgettitle\">Energieeffizienz<\/h2>\t<\/div>\n\t\t<ul class=\"immonex-property-details row list-lined list-unstyled\">\n\t\t\t\t<li>\n\t\t\t<div class=\"list-lined-item w-100 d-flex justify-content-between py-2\">\n\t\t\t\t\t\t\t\t<strong class=\"property-details-label\">Energieausweis-Jahrgang:<\/strong>&nbsp;<span class=\"property-details-value\">not available<\/span>\n\t\t\t\t\t\t\t<\/div>\n\t\t<\/li>\n\t\t\t<\/ul>\n<\/div><\/div><\/p>\n","protected":false},"excerpt":{"rendered":"<p>Die zur Verf\u00fcgung stehende Fl\u00e4che in einem modernen \u00c4rztehaus bietet optimale Bedingungen f\u00fcr den medizinischen&#8230;<\/p>\n","protected":false},"author":1,"featured_media":158924,"parent":0,"menu_order":0,"template":"","property_type":[379],"property_status":[352],"property_feature":[354],"property_label":[],"property_country":[353],"property_state":[],"property_city":[336],"property_area":[],"class_list":["post-158923","property","type-property","status-publish","has-post-thumbnail","hentry","property_type-bueroflaechen","property_status-zu-vermieten","property_feature-personenaufzug","property_country-deutschland","property_city-koln"],"acf":[],"property_meta":{"rank_math_internal_links_processed":["1"],"_immonex_import_folder":["users\/RUHRREAL"],"fave_property_map_address":["50668 K\u00f6ln"],"fave_property_zip":["50668"],"fave_property_country":["DE"],"_immonex_lat":["50.9454731"],"_immonex_lng":["6.9659446"],"houzez_geolocation_lat":["50.9454731"],"houzez_geolocation_long":["6.9659446"],"fave_property_location":["50.9454731,6.9659446"],"fave_property_sec_price":[""],"fave_property_size":["613"],"fave_property_id":["4269\/G1\/E1"],"_immonex_translation_id":["4269\/G1\/E1"],"_immonex_iso_country":["DEU"],"_openimmo_obid":["27E542AB12394FA4BEC8C1A191202624"],"_openimmo_anid":["0000"],"_immonex_group_number":[""],"_immonex_group_id":[""],"_immonex_group_master":[""],"_immonex_import_meta":["a:6:{s:8:\"zip_file\";s:131:\"\/www\/htdocs\/w0172e0e\/ruhr-real_2024\/wp-content\/uploads\/immonex-openimmo-import\/users\/RUHRREAL\/Immowelt_estatePro_20250708122012.zip\";s:8:\"xml_file\";s:158:\"\/www\/htdocs\/w0172e0e\/ruhr-real_2024\/wp-content\/uploads\/immonex-openimmo-import\/immowelt_estatepro_20250708122012\/Homepage_2024_NEW_estatePro20250708122012.xml\";s:12:\"mapping_file\";s:116:\"\/www\/htdocs\/w0172e0e\/ruhr-real_2024\/wp-content\/uploads\/immonex-openimmo-import\/mappings\/houzez_ruhrreal_18122023.csv\";s:9:\"timestamp\";i:1751970137;s:4:\"date\";s:10:\"2025-07-08\";s:4:\"time\";s:8:\"12:22:17\";}"],"_is_immonex_import_property":["1"],"_immonex_is_reference":[""],"_immonex_is_sold":[""],"_immonex_is_reserved":[""],"_immonex_is_available":["1"],"additional_features":["a:12:{i:0;a:2:{s:29:\"fave_additional_feature_title\";s:33:\"Heizkosten in Warmmiete enthalten\";s:29:\"fave_additional_feature_value\";s:4:\"nein\";}i:1;a:2:{s:29:\"fave_additional_feature_title\";s:32:\"Preise zuz\u00fcglich Mehrwertsteuer\";s:29:\"fave_additional_feature_value\";s:4:\"nein\";}i:2;a:2:{s:29:\"fave_additional_feature_title\";s:23:\"Netto-Kaltmiete pro m\u00b2\";s:29:\"fave_additional_feature_value\";s:11:\"26&nbsp;\u20ac\";}i:3;a:2:{s:29:\"fave_additional_feature_title\";s:10:\"MwSt.-Satz\";s:29:\"fave_additional_feature_value\";s:9:\"19&nbsp;%\";}i:4;a:2:{s:29:\"fave_additional_feature_title\";s:12:\"B\u00fcrofl\u00e4che\";s:29:\"fave_additional_feature_value\";s:12:\"613&nbsp;m\u00b2\";}i:5;a:2:{s:29:\"fave_additional_feature_title\";s:16:\"B\u00fcroteilfl\u00e4che\";s:29:\"fave_additional_feature_value\";s:12:\"613&nbsp;m\u00b2\";}i:6;a:2:{s:29:\"fave_additional_feature_title\";s:10:\"Teilbar ab\";s:29:\"fave_additional_feature_value\";s:12:\"613&nbsp;m\u00b2\";}i:7;a:2:{s:29:\"fave_additional_feature_title\";s:19:\"Art der Ausstattung\";s:29:\"fave_additional_feature_value\";s:8:\"Standard\";}i:8;a:2:{s:29:\"fave_additional_feature_title\";s:10:\"Bodenbelag\";s:29:\"fave_additional_feature_value\";s:19:\"Fliesen, Kunststoff\";}i:9;a:2:{s:29:\"fave_additional_feature_title\";s:6:\"K\u00fcche\";s:29:\"fave_additional_feature_value\";s:13:\"Pantry-K\u00fcche\";}i:10;a:2:{s:29:\"fave_additional_feature_title\";s:7:\"Zustand\";s:29:\"fave_additional_feature_value\";s:8:\"gepflegt\";}i:11;a:2:{s:29:\"fave_additional_feature_title\";s:27:\"Immobilie ist verf\u00fcgbar ab\";s:29:\"fave_additional_feature_value\";s:17:\"nach Vereinbarung\";}}"],"fave_additional_features_enable":["enable"],"_immonex_custom_fields":["a:1:{s:23:\"Energieausweis-Jahrgang\";a:5:{s:14:\"mapping_source\";s:38:\"zustand_angaben->energiepass->jahrgang\";s:4:\"name\";s:0:\"\";s:5:\"group\";s:5:\"epass\";s:5:\"value\";s:13:\"not available\";s:19:\"value_before_filter\";s:4:\"ohne\";}}"],"_immonex_property_xml_source":["<?xml version=\"1.0\"?>\n<immobilie>\n<objektkategorie>\n<nutzungsart WOHNEN=\"false\" GEWERBE=\"true\"\/>\n<vermarktungsart KAUF=\"false\" MIETE_PACHT=\"true\"\/>\n<objektart>\n<buero_praxen buero_typ=\"BUEROHAUS\"\/>\n<\/objektart>\n<user_defined_simplefield\/>\n<\/objektkategorie>\n<geo>\n<plz>50668<\/plz>\n<ort>K&#xF6;ln<\/ort>\n<strasse>Turiner Str.<\/strasse>\n<hausnummer>2<\/hausnummer>\n<land iso_land=\"DEU\"\/>\n<lage_im_bau\/>\n<\/geo>\n<kontaktperson>\n<email_zentrale>anfrage@ruhr-real.de<\/email_zentrale>\n<email_direkt>laufenberg@ruhr-real.de<\/email_direkt>\n<tel_durchw>+49 221 273 229 33<\/tel_durchw>\n<tel_handy>+49 162 1728000<\/tel_handy>\n<name>Laufenberg<\/name>\n<vorname>Lars<\/vorname>\n<anrede>Herr<\/anrede>\n<firma>RUHR REAL GmbH<\/firma>\n<strasse>Holsterhauser Platz<\/strasse>\n<hausnummer>2<\/hausnummer>\n<plz>45147<\/plz>\n<ort>Essen<\/ort>\n<adressfreigabe>true<\/adressfreigabe>\n<\/kontaktperson>\n<preise>\n<heizkosten_enthalten>false<\/heizkosten_enthalten>\n<zzg_mehrwertsteuer>false<\/zzg_mehrwertsteuer>\n<preis_zeiteinheit\/>\n<mietpreis_pro_qm>26.0000<\/mietpreis_pro_qm>\n<provisionspflichtig>false<\/provisionspflichtig>\n<waehrung iso_waehrung=\"EUR\"\/>\n<mwst_satz>19.00<\/mwst_satz>\n<stp_carport\/>\n<stp_duplex\/>\n<stp_freiplatz\/>\n<stp_garage\/>\n<stp_parkhaus\/>\n<stp_tiefgarage\/>\n<\/preise>\n<bieterverfahren\/>\n<versteigerung\/>\n<flaechen>\n<bueroflaeche>613<\/bueroflaeche>\n<bueroteilflaeche>613<\/bueroteilflaeche>\n<teilbar_ab>613<\/teilbar_ab>\n<\/flaechen>\n<ausstattung>\n<ausstatt_kategorie>STANDARD<\/ausstatt_kategorie>\n<bad\/>\n<kueche PANTRY=\"true\"\/>\n<boden FLIESEN=\"true\" KUNSTSTOFF=\"true\"\/>\n<heizungsart\/>\n<befeuerung\/>\n<fahrstuhl PERSONEN=\"true\"\/>\n<ausricht_balkon_terrasse\/>\n<angeschl_gastronomie\/>\n<sicherheitstechnik\/>\n<\/ausstattung>\n<zustand_angaben>\n<zustand zustand_art=\"GEPFLEGT\"\/>\n<energiepass>\n<jahrgang>ohne<\/jahrgang>\n<\/energiepass>\n<\/zustand_angaben>\n<bewertung\/>\n<infrastruktur\/>\n<freitexte>\n<objekttitel>Praxis | Zeitnaher Bezug | Altstadt-Nord<\/objekttitel>\n<lage>Im Herzen des Kunibertsviertels, nahe dem bekannten K&#xF6;lner Eigelstein, befindet sich das Projekt \"Machab&#xE4;erstra&#xDF;e &#x2013; &#xC4;rztehaus\". Nur wenige Schritte vom K&#xF6;lner Hauptbahnhof entfernt und zentral in K&#xF6;ln gelegen, bietet das Objekt vielseitige Praxisfl&#xE4;chen in drei Geb&#xE4;udeteilen. Auf insgesamt 7.764 Quadratmetern haben sich seit vielen Jahren namhafte Mieter etabliert und ein umfassendes Facharztspektrum aufgebaut. In direkter Nachbarschaft liegt zudem das \"Cellitinnen-Krankenhaus St. Marien\". Der Standort &#xFC;berzeugt au&#xDF;erdem durch eine exzellente Anbindung an den &#xF6;ffentlichen Nahverkehr.<\/lage>\n<ausstatt_beschr>&#x2022; Praxisfl&#xE4;chen im &#xC4;rztehaus\n&#x2022; hervorragende &#xD6;PNV-Anbindungen\n&#x2022; helle, moderne R&#xE4;ume\n&#x2022; pflegeleichter PVC-Boden\n&#x2022; Empfangsbereich\n&#x2022; Balkon\n&#x2022; Duschen &amp; Umkleide\n&#x2022; Bettenaufzug<\/ausstatt_beschr>\n<objektbeschreibung>Die zur Verf&#xFC;gung stehende Fl&#xE4;che in einem modernen &#xC4;rztehaus bietet optimale Bedingungen f&#xFC;r den medizinischen Betrieb. Die Praxisr&#xE4;ume sind vollst&#xE4;ndig klimatisiert und verf&#xFC;gen &#xFC;ber eine hochwertige Ausstattung, darunter Linoleumb&#xF6;den, Einbauschr&#xE4;nke sowie eine Dusche, ein barrierefreies WC und eine Umkleide. Ein innenliegender, manuell bedienbarer Blendschutz sorgt f&#xFC;r angenehme Lichtverh&#xE4;ltnisse in den R&#xE4;umen. Zus&#xE4;tzlich steht ein Balkon zur Verf&#xFC;gung, der den Arbeitsalltag angenehm erg&#xE4;nzt.\n\nF&#xFC;r den Patienten- und Personentransport sind sowohl ein Bettenaufzug als auch ein Personenaufzug vorhanden. Im Notfall ist zudem eine Liegentransport-Anfahrt optional m&#xF6;glich, was die Notfallversorgung erleichtert. Die Fl&#xE4;che ist mit einer modernen L&#xFC;ftungsanlage ausgestattet und verf&#xFC;gt &#xFC;ber eine eigene Vorfahrt an der Turiner Stra&#xDF;e, die eine komfortable und diskrete Anfahrt erm&#xF6;glicht.\n\nDie Mietkonditionen betragen 26 EUR\/m&#xB2; inklusive Steuerschaden sowie 4 EUR\/m&#xB2; Nebenkosten. Bestehendes Inventar kann gegen eine Abstandssumme &#xFC;bernommen werden.\n\n\nFolgende Fl&#xE4;chen sind verf&#xFC;gbar: \n\n3.OG: 613 m&#xB2;, 26,00 EUR\/m&#xB2;, sofort verf&#xFC;gbar\n5.OG: 235 m&#xB2;, 26,00 EUR\/m&#xB2;, 01.01.2026\n<\/objektbeschreibung><sonstige_angaben>Es gelten ausschlie&#xDF;lich unsere AGB (www.ruhr-real.de\/agb). Die Halle ist nicht f&#xFC;r Veranstaltungsr&#xE4;ume geeignet. Wir m&#xF6;chten Sie darauf hinweisen, dass die Angaben ausschlie&#xDF;lich auf den uns vom Eigent&#xFC;mer &#xFC;bermittelten Unterlagen und Informationen basieren. F&#xFC;r Richtigkeit und Vollst&#xE4;ndigkeit &#xFC;bernehmen wir keine Gew&#xE4;hr. Zwischenvermietung vorbehalten.<\/sonstige_angaben>\n<\/freitexte>\n<anhaenge>\n<anhang location=\"EXTERN\" gruppe=\"TITELBILD\">\n<anhangtitel>Innenansicht<\/anhangtitel>\n<format>JPEG<\/format>\n<daten>\n<pfad>7ea5e4a59f734cdf9ee6f1f9b7bde36c.JPEG<\/pfad>\n<\/daten>\n<\/anhang>\n<anhang location=\"EXTERN\" gruppe=\"BILD\">\n<anhangtitel>Innenansicht<\/anhangtitel>\n<format>JPEG<\/format>\n<daten>\n<pfad>32984433c7ae4e2ba14eda3285ce0f6a.JPEG<\/pfad>\n<\/daten>\n<\/anhang>\n<anhang location=\"EXTERN\" gruppe=\"BILD\">\n<anhangtitel>Innenansicht<\/anhangtitel>\n<format>JPEG<\/format>\n<daten>\n<pfad>7362fbf3e0324f639d5e9a742590f094.JPEG<\/pfad>\n<\/daten>\n<\/anhang>\n<anhang location=\"EXTERN\" gruppe=\"BILD\">\n<anhangtitel>Innenansicht<\/anhangtitel>\n<format>JPEG<\/format>\n<daten>\n<pfad>6119faacad1b4a56baf44e85df567e33.JPEG<\/pfad>\n<\/daten>\n<\/anhang>\n<anhang location=\"EXTERN\" gruppe=\"BILD\">\n<anhangtitel>Innenansicht<\/anhangtitel>\n<format>JPEG<\/format>\n<daten>\n<pfad>5221673144f9476098a041b5046610fe.JPEG<\/pfad>\n<\/daten>\n<\/anhang>\n<anhang location=\"EXTERN\" gruppe=\"BILD\">\n<anhangtitel>Au&#xDF;en<\/anhangtitel>\n<format>JPEG<\/format>\n<daten>\n<pfad>211effa568e64723ad156e1d61db05dc.JPEG<\/pfad>\n<\/daten>\n<\/anhang>\n<anhang location=\"EXTERN\" gruppe=\"BILD\">\n<anhangtitel>Innenansicht<\/anhangtitel>\n<format>JPEG<\/format>\n<daten>\n<pfad>481fb789eff34576a61e9e22c2418579.JPEG<\/pfad>\n<\/daten>\n<\/anhang>\n<anhang location=\"EXTERN\" gruppe=\"GRUNDRISS\">\n<anhangtitel>Grundriss 3. OG<\/anhangtitel>\n<format>PNG<\/format>\n<daten>\n<pfad>4ea9c735e3154bf185c832d8784d0095.PNG<\/pfad>\n<\/daten>\n<\/anhang>\n<\/anhaenge>\n<verwaltung_objekt>\n<objektadresse_freigeben>false<\/objektadresse_freigeben>\n<verfuegbar_ab>nach Vereinbarung<\/verfuegbar_ab>\n<geschlecht\/>\n<\/verwaltung_objekt>\n<verwaltung_techn>\n<objektnr_intern>27E542AB12394FA4BEC8C1A191202624<\/objektnr_intern>\n<objektnr_extern>4269\/G1\/E1<\/objektnr_extern>\n<aktion aktionart=\"CHANGE\"\/>\n<openimmo_obid>27E542AB12394FA4BEC8C1A191202624<\/openimmo_obid>\n<kennung_ursprung>estatePro V10.0.0.8<\/kennung_ursprung>\n<stand_vom>2025-07-08<\/stand_vom>\n<\/verwaltung_techn>\n<user_defined_simplefield feldname=\"Startseite\">Nein<\/user_defined_simplefield>\n<\/immobilie>\n"],"_thumbnail_id":["158924"],"fave_property_images":["158924","158925","158926","158927","158928","158929","158930"],"fave_floor_plans_enable":["enable"],"floor_plans":["a:1:{i:0;a:7:{s:15:\"fave_plan_title\";s:15:\"Grundriss 3. OG\";s:15:\"fave_plan_rooms\";s:0:\"\";s:19:\"fave_plan_bathrooms\";s:0:\"\";s:15:\"fave_plan_price\";s:0:\"\";s:14:\"fave_plan_size\";s:0:\"\";s:15:\"fave_plan_image\";s:84:\"https:\/\/ruhr-real.de\/wp-content\/uploads\/2025\/07\/4ea9c735e3154bf185c832d8784d0095.png\";s:21:\"fave_plan_description\";s:0:\"\";}}"],"fave_prop_homeslider":["yes"],"fave_prop_slider_image":["158924"],"fave_agents":["156439"],"fave_agent_display_option":["agent_info"],"fave_single_top_area":["global"],"fave_single_content_area":["global"],"fave_property_price":["26.0000"],"fave_property_map":["1"],"fave_property_map_street_view":["hide"],"fave_property_size_prefix":["m\u00b2"],"fave_property_land_postfix":["m\u00b2"],"fave_featured":["0"],"houzez_featured_listing_date":[""],"fave_property_price_postfix":["pro&nbsp;m\u00b2"],"fave_currency":["EUR"],"fave_currency_info":["a:8:{s:2:\"id\";s:1:\"1\";s:13:\"currency_name\";s:4:\"Euro\";s:13:\"currency_code\";s:3:\"EUR\";s:15:\"currency_symbol\";s:3:\"\u20ac\";s:17:\"currency_position\";s:5:\"after\";s:16:\"currency_decimal\";s:1:\"2\";s:26:\"currency_decimal_separator\";s:1:\",\";s:27:\"currency_thousand_separator\";s:1:\".\";}"],"houzez_total_property_views":["1350"],"houzez_views_by_date":["a:61:{s:10:\"02-28-2026\";i:4;s:10:\"03-01-2026\";i:4;s:10:\"03-02-2026\";i:4;s:10:\"03-03-2026\";i:4;s:10:\"03-04-2026\";i:4;s:10:\"03-05-2026\";i:6;s:10:\"03-06-2026\";i:4;s:10:\"03-07-2026\";i:4;s:10:\"03-08-2026\";i:4;s:10:\"03-09-2026\";i:4;s:10:\"03-10-2026\";i:4;s:10:\"03-11-2026\";i:6;s:10:\"03-12-2026\";i:4;s:10:\"03-13-2026\";i:4;s:10:\"03-14-2026\";i:4;s:10:\"03-15-2026\";i:4;s:10:\"03-16-2026\";i:2;s:10:\"03-17-2026\";i:8;s:10:\"03-18-2026\";i:6;s:10:\"03-19-2026\";i:4;s:10:\"03-20-2026\";i:6;s:10:\"03-21-2026\";i:4;s:10:\"03-22-2026\";i:4;s:10:\"03-23-2026\";i:4;s:10:\"03-24-2026\";i:4;s:10:\"03-25-2026\";i:4;s:10:\"03-26-2026\";i:6;s:10:\"03-27-2026\";i:4;s:10:\"03-28-2026\";i:4;s:10:\"03-29-2026\";i:4;s:10:\"03-30-2026\";i:6;s:10:\"03-31-2026\";i:4;s:10:\"04-01-2026\";i:9;s:10:\"04-02-2026\";i:8;s:10:\"04-03-2026\";i:8;s:10:\"04-04-2026\";i:8;s:10:\"04-05-2026\";i:8;s:10:\"04-06-2026\";i:8;s:10:\"04-07-2026\";i:11;s:10:\"04-08-2026\";i:7;s:10:\"04-09-2026\";i:9;s:10:\"04-10-2026\";i:8;s:10:\"04-11-2026\";i:6;s:10:\"04-12-2026\";i:10;s:10:\"04-13-2026\";i:8;s:10:\"04-14-2026\";i:8;s:10:\"04-15-2026\";i:8;s:10:\"04-16-2026\";i:8;s:10:\"04-17-2026\";i:8;s:10:\"04-18-2026\";i:8;s:10:\"04-19-2026\";i:8;s:10:\"04-20-2026\";i:8;s:10:\"04-21-2026\";i:8;s:10:\"04-22-2026\";i:8;s:10:\"04-23-2026\";i:8;s:10:\"04-24-2026\";i:8;s:10:\"04-25-2026\";i:8;s:10:\"04-26-2026\";i:8;s:10:\"04-27-2026\";i:8;s:10:\"04-28-2026\";i:6;s:10:\"04-29-2026\";i:7;}"],"houzez_recently_viewed":["2026-04-29 13:32:50"],"tp_widgets":["a:2:{s:7:\"widgets\";a:0:{}s:9:\"update_at\";s:10:\"1764682733\";}"],"_elementor_page_assets":["a:0:{}"]},"_links":{"self":[{"href":"https:\/\/ruhr-real.de\/en\/wp-json\/wp\/v2\/properties\/158923","targetHints":{"allow":["GET"]}}],"collection":[{"href":"https:\/\/ruhr-real.de\/en\/wp-json\/wp\/v2\/properties"}],"about":[{"href":"https:\/\/ruhr-real.de\/en\/wp-json\/wp\/v2\/types\/property"}],"author":[{"embeddable":true,"href":"https:\/\/ruhr-real.de\/en\/wp-json\/wp\/v2\/users\/1"}],"version-history":[{"count":0,"href":"https:\/\/ruhr-real.de\/en\/wp-json\/wp\/v2\/properties\/158923\/revisions"}],"wp:featuredmedia":[{"embeddable":true,"href":"https:\/\/ruhr-real.de\/en\/wp-json\/wp\/v2\/media\/158924"}],"wp:attachment":[{"href":"https:\/\/ruhr-real.de\/en\/wp-json\/wp\/v2\/media?parent=158923"}],"wp:term":[{"taxonomy":"property_type","embeddable":true,"href":"https:\/\/ruhr-real.de\/en\/wp-json\/wp\/v2\/property_type?post=158923"},{"taxonomy":"property_status","embeddable":true,"href":"https:\/\/ruhr-real.de\/en\/wp-json\/wp\/v2\/property_status?post=158923"},{"taxonomy":"property_feature","embeddable":true,"href":"https:\/\/ruhr-real.de\/en\/wp-json\/wp\/v2\/property_feature?post=158923"},{"taxonomy":"property_label","embeddable":true,"href":"https:\/\/ruhr-real.de\/en\/wp-json\/wp\/v2\/property_label?post=158923"},{"taxonomy":"property_country","embeddable":true,"href":"https:\/\/ruhr-real.de\/en\/wp-json\/wp\/v2\/property_country?post=158923"},{"taxonomy":"property_state","embeddable":true,"href":"https:\/\/ruhr-real.de\/en\/wp-json\/wp\/v2\/property_state?post=158923"},{"taxonomy":"property_city","embeddable":true,"href":"https:\/\/ruhr-real.de\/en\/wp-json\/wp\/v2\/property_city?post=158923"},{"taxonomy":"property_area","embeddable":true,"href":"https:\/\/ruhr-real.de\/en\/wp-json\/wp\/v2\/property_area?post=158923"}],"curies":[{"name":"wp","href":"https:\/\/api.w.org\/{rel}","templated":true}]}}