{"id":159031,"date":"2025-07-09T00:01:56","date_gmt":"2025-07-08T22:01:56","guid":{"rendered":"https:\/\/ruhr-real.de\/objekt\/provisionsfreies-buero-in-huerth-parkhaus-vorhanden\/"},"modified":"2025-07-09T00:01:56","modified_gmt":"2025-07-08T22:01:56","slug":"provisionsfreies-buero-in-huerth-parkhaus-vorhanden","status":"publish","type":"property","link":"https:\/\/ruhr-real.de\/en\/objekt\/provisionsfreies-buero-in-huerth-parkhaus-vorhanden\/","title":{"rendered":"Provisionsfreies B\u00fcro in H\u00fcrth | Parkhaus vorhanden"},"content":{"rendered":"<p>Die B\u00fcrofl\u00e4chen sind hell und modern gestaltet und verf\u00fcgen \u00fcber Teppich- der Parkettboden. Eine Teek\u00fcche ist vorhanden. Das B\u00fcrogeb\u00e4ude verf\u00fcgt \u00fcber einen Personenaufzug sowie \u00fcber au\u00dfenliegenden, elektrischen Sonnenschutz.<\/p>\n<p>Die vakante B\u00fcrofl\u00e4che befindet sich im 1. OG und verf\u00fcgt \u00fcber 337,61 m\u00b2 Mietfl\u00e4che.<\/p>\n<p>Die Lage befindet sich in einem etablierten Gewerbegebiet am Stadtrand, das durch eine gute verkehrstechnische Anbindung \u00fcberzeugt. Haltestellen des \u00f6ffentlichen Nahverkehrs sind in etwa 5 bis 10 Gehminuten erreichbar und bieten Anschluss an das regionale Verkehrsnetz sowie an die K\u00f6lner Innenstadt. Gastronomische Angebote wie B\u00e4ckereien, Imbisse und Restaurants sind im nahen Umfeld vorhanden und teilweise fu\u00dfl\u00e4ufig erreichbar. Der K\u00f6lner Hauptbahnhof ist mit dem Auto in etwa 20 bis 25 Minuten erreichbar, der Flughafen K\u00f6ln\/Bonn liegt rund 25 bis 30 Minuten entfernt. Die n\u00e4chste Autobahnauffahrt ist in wenigen Fahrminuten erreichbar und gew\u00e4hrleistet eine schnelle Anbindung an das \u00fcberregionale Stra\u00dfennetz.<\/p>\n<p>\u2022 Fensterbankkabelkan\u00e4le<br \/>\n\u2022 Teek\u00fcche<br \/>\n\u2022 Personenaufzug<br \/>\n\u2022 Teppichboden<br \/>\n\u2022 Laminatboden<br \/>\n\u2022 Sonnenschutz: au\u00dfenliegend, elektrisch<\/p>\n<p>Es gelten ausschlie\u00dflich unsere AGB (www.ruhr-real.de\/agb). Die Halle ist nicht f\u00fcr Veranstaltungsr\u00e4ume geeignet. Wir m\u00f6chten Sie darauf hinweisen, dass die Angaben ausschlie\u00dflich auf den uns vom Eigent\u00fcmer \u00fcbermittelten Unterlagen und Informationen basieren. F\u00fcr Richtigkeit und Vollst\u00e4ndigkeit \u00fcbernehmen wir keine Gew\u00e4hr. Zwischenvermietung vorbehalten.<br \/>\n<div class=\"widget widget_immonex_user_defined_properties_widget\"><div class=\"immonex-widget immonex-widget-houzez\">\n\t\t<div class=\"immonex-widget-title clearfix\">\n\t\t<h2 class=\"widgettitle\">Energieeffizienz<\/h2>\t<\/div>\n\t\t<ul class=\"immonex-property-details row list-lined list-unstyled\">\n\t\t\t\t<li>\n\t\t\t<div class=\"list-lined-item w-100 d-flex justify-content-between py-2\">\n\t\t\t\t\t\t\t\t<strong class=\"property-details-label\">Energieausweis-Art:<\/strong>&nbsp;<span class=\"property-details-value\">Consumption<\/span>\n\t\t\t\t\t\t\t<\/div>\n\t\t<\/li>\n\t\t\t\t<li>\n\t\t\t<div class=\"list-lined-item w-100 d-flex justify-content-between py-2\">\n\t\t\t\t\t\t\t\t<strong class=\"property-details-label\">Prim\u00e4renergietr\u00e4ger:<\/strong>&nbsp;<span class=\"property-details-value\">Fernw\u00e4rme<\/span>\n\t\t\t\t\t\t\t<\/div>\n\t\t<\/li>\n\t\t\t\t<li>\n\t\t\t<div class=\"list-lined-item w-100 d-flex justify-content-between py-2\">\n\t\t\t\t\t\t\t\t<strong class=\"property-details-label\">Stromverbrauchskennwert:<\/strong>&nbsp;<span class=\"property-details-value\">27,2&nbsp;kWh\/(m\u00b2*a)<\/span>\n\t\t\t\t\t\t\t<\/div>\n\t\t<\/li>\n\t\t\t\t<li>\n\t\t\t<div class=\"list-lined-item w-100 d-flex justify-content-between py-2\">\n\t\t\t\t\t\t\t\t<strong class=\"property-details-label\">Heizenergieverbrauchskennwert:<\/strong>&nbsp;<span class=\"property-details-value\">42&nbsp;kWh\/(m\u00b2*a)<\/span>\n\t\t\t\t\t\t\t<\/div>\n\t\t<\/li>\n\t\t\t\t<li>\n\t\t\t<div class=\"list-lined-item w-100 d-flex justify-content-between py-2\">\n\t\t\t\t\t\t\t\t<strong class=\"property-details-label\">Baujahr (Energieausweis):<\/strong>&nbsp;<span class=\"property-details-value\">1982<\/span>\n\t\t\t\t\t\t\t<\/div>\n\t\t<\/li>\n\t\t\t\t<li>\n\t\t\t<div class=\"list-lined-item w-100 d-flex justify-content-between py-2\">\n\t\t\t\t\t\t\t\t<strong class=\"property-details-label\">Energieausweis-Ausstellungsdatum:<\/strong>&nbsp;<span class=\"property-details-value\">08.08.2020<\/span>\n\t\t\t\t\t\t\t<\/div>\n\t\t<\/li>\n\t\t\t\t<li>\n\t\t\t<div class=\"list-lined-item w-100 d-flex justify-content-between py-2\">\n\t\t\t\t\t\t\t\t<strong class=\"property-details-label\">Energieausweis-Jahrgang:<\/strong>&nbsp;<span class=\"property-details-value\">as from may 2014<\/span>\n\t\t\t\t\t\t\t<\/div>\n\t\t<\/li>\n\t\t\t<\/ul>\n<\/div><\/div><\/p>\n","protected":false},"excerpt":{"rendered":"<p>Die B\u00fcrofl\u00e4chen sind hell und modern gestaltet und verf\u00fcgen \u00fcber Teppich- der Parkettboden. Eine Teek\u00fcche ist&#8230;<\/p>\n","protected":false},"author":1,"featured_media":159032,"parent":0,"menu_order":0,"template":"","property_type":[379],"property_status":[352],"property_feature":[354],"property_label":[],"property_country":[353],"property_state":[],"property_city":[430],"property_area":[],"class_list":["post-159031","property","type-property","status-publish","has-post-thumbnail","hentry","property_type-bueroflaechen","property_status-zu-vermieten","property_feature-personenaufzug","property_country-deutschland","property_city-huerth"],"acf":[],"property_meta":{"rank_math_internal_links_processed":["1"],"_immonex_import_folder":["users\/RUHRREAL"],"fave_property_map_address":["50354 H\u00fcrth"],"fave_property_zip":["50354"],"fave_property_country":["DE"],"_immonex_lat":["50.8777379"],"_immonex_lng":["6.880568"],"houzez_geolocation_lat":["50.8777379"],"houzez_geolocation_long":["6.880568"],"fave_property_location":["50.8777379,6.880568"],"fave_property_price":["8.95"],"fave_property_sec_price":["8.9500"],"fave_property_size":["377"],"fave_property_year":["1982"],"fave_property_id":["4315\/G4\/E2"],"_immonex_translation_id":["4315\/G4\/E2"],"_immonex_iso_country":["DEU"],"_openimmo_obid":["00AB73EBA1E24ADDB1C1FB3C4D6DDA64"],"_openimmo_anid":["0000"],"_immonex_group_number":[""],"_immonex_group_id":[""],"_immonex_group_master":[""],"_immonex_import_meta":["a:6:{s:8:\"zip_file\";s:131:\"\/www\/htdocs\/w0172e0e\/ruhr-real_2024\/wp-content\/uploads\/immonex-openimmo-import\/users\/RUHRREAL\/Immowelt_estatePro_20250709145931.zip\";s:8:\"xml_file\";s:158:\"\/www\/htdocs\/w0172e0e\/ruhr-real_2024\/wp-content\/uploads\/immonex-openimmo-import\/immowelt_estatepro_20250709145931\/Homepage_2024_NEW_estatePro20250709145931.xml\";s:12:\"mapping_file\";s:116:\"\/www\/htdocs\/w0172e0e\/ruhr-real_2024\/wp-content\/uploads\/immonex-openimmo-import\/mappings\/houzez_ruhrreal_18122023.csv\";s:9:\"timestamp\";i:1752065996;s:4:\"date\";s:10:\"2025-07-09\";s:4:\"time\";s:8:\"14:59:56\";}"],"_is_immonex_import_property":["1"],"_immonex_is_reference":[""],"_immonex_is_sold":[""],"_immonex_is_reserved":[""],"_immonex_is_available":["1"],"additional_features":["a:18:{i:0;a:2:{s:29:\"fave_additional_feature_title\";s:14:\"Nettokaltmiete\";s:29:\"fave_additional_feature_value\";s:13:\"8,95&nbsp;\u20ac\";}i:1;a:2:{s:29:\"fave_additional_feature_title\";s:9:\"Kaltmiete\";s:29:\"fave_additional_feature_value\";s:13:\"8,95&nbsp;\u20ac\";}i:2;a:2:{s:29:\"fave_additional_feature_title\";s:9:\"Warmmiete\";s:29:\"fave_additional_feature_value\";s:14:\"11,95&nbsp;\u20ac\";}i:3;a:2:{s:29:\"fave_additional_feature_title\";s:29:\"monatl. Betriebs-\/Nebenkosten\";s:29:\"fave_additional_feature_value\";s:10:\"3&nbsp;\u20ac\";}i:4;a:2:{s:29:\"fave_additional_feature_title\";s:33:\"Heizkosten in Warmmiete enthalten\";s:29:\"fave_additional_feature_value\";s:4:\"nein\";}i:5;a:2:{s:29:\"fave_additional_feature_title\";s:32:\"Preise zuz\u00fcglich Mehrwertsteuer\";s:29:\"fave_additional_feature_value\";s:4:\"nein\";}i:6;a:2:{s:29:\"fave_additional_feature_title\";s:23:\"Netto-Kaltmiete pro m\u00b2\";s:29:\"fave_additional_feature_value\";s:13:\"8,95&nbsp;\u20ac\";}i:7;a:2:{s:29:\"fave_additional_feature_title\";s:16:\"K\u00e4uferprovision\";s:29:\"fave_additional_feature_value\";s:21:\"3-4 Nettomonatsmieten\";}i:8;a:2:{s:29:\"fave_additional_feature_title\";s:20:\"Hinweis zur Courtage\";s:29:\"fave_additional_feature_value\";s:233:\"Bei Vertr\u00e4gen bis zu f\u00fcnf Jahren Laufzeit ist ein Honorar von 3 Nettomonatsmieten vom Mieter an RUHR REAL zahlbar; bei Laufzeiten bis zu zehn Jahren werden 4 Nettomonatsmieten f\u00e4llig. Hinzu kommt die jeweils g\u00fcltige Umsatzsteuer.\";}i:9;a:2:{s:29:\"fave_additional_feature_title\";s:10:\"MwSt.-Satz\";s:29:\"fave_additional_feature_value\";s:9:\"19&nbsp;%\";}i:10;a:2:{s:29:\"fave_additional_feature_title\";s:12:\"B\u00fcrofl\u00e4che\";s:29:\"fave_additional_feature_value\";s:15:\"377,61&nbsp;m\u00b2\";}i:11;a:2:{s:29:\"fave_additional_feature_title\";s:16:\"B\u00fcroteilfl\u00e4che\";s:29:\"fave_additional_feature_value\";s:15:\"377,61&nbsp;m\u00b2\";}i:12;a:2:{s:29:\"fave_additional_feature_title\";s:10:\"Teilbar ab\";s:29:\"fave_additional_feature_value\";s:15:\"377,61&nbsp;m\u00b2\";}i:13;a:2:{s:29:\"fave_additional_feature_title\";s:19:\"Art der Ausstattung\";s:29:\"fave_additional_feature_value\";s:8:\"Standard\";}i:14;a:2:{s:29:\"fave_additional_feature_title\";s:10:\"Befeuerung\";s:29:\"fave_additional_feature_value\";s:10:\"Fernw\u00e4rme\";}i:15;a:2:{s:29:\"fave_additional_feature_title\";s:10:\"Bodenbelag\";s:29:\"fave_additional_feature_value\";s:16:\"Teppich, Laminat\";}i:16;a:2:{s:29:\"fave_additional_feature_title\";s:7:\"Zustand\";s:29:\"fave_additional_feature_value\";s:17:\"nach Vereinbarung\";}i:17;a:2:{s:29:\"fave_additional_feature_title\";s:27:\"Immobilie ist verf\u00fcgbar ab\";s:29:\"fave_additional_feature_value\";s:17:\"nach Vereinbarung\";}}"],"fave_additional_features_enable":["enable"],"_immonex_custom_fields":["a:7:{s:18:\"Energieausweis-Art\";a:5:{s:14:\"mapping_source\";s:35:\"zustand_angaben->energiepass->epart\";s:4:\"name\";s:0:\"\";s:5:\"group\";s:5:\"epass\";s:5:\"value\";s:11:\"Consumption\";s:19:\"value_before_filter\";s:9:\"VERBRAUCH\";}s:21:\"Prim\u00e4renergietr\u00e4ger\";a:5:{s:14:\"mapping_source\";s:29:\"ausstattung->befeuerung:FERN+\";s:4:\"name\";s:0:\"\";s:5:\"group\";s:5:\"epass\";s:5:\"value\";s:10:\"Fernw\u00e4rme\";s:19:\"value_before_filter\";s:10:\"Fernw\u00e4rme\";}s:23:\"Stromverbrauchskennwert\";a:5:{s:14:\"mapping_source\";s:39:\"zustand_angaben->energiepass->stromwert\";s:4:\"name\";s:0:\"\";s:5:\"group\";s:5:\"epass\";s:5:\"value\";s:21:\"27,2&nbsp;kWh\/(m\u00b2*a)\";s:19:\"value_before_filter\";s:4:\"27,2\";}s:29:\"Heizenergieverbrauchskennwert\";a:5:{s:14:\"mapping_source\";s:40:\"zustand_angaben->energiepass->waermewert\";s:4:\"name\";s:0:\"\";s:5:\"group\";s:5:\"epass\";s:5:\"value\";s:19:\"42&nbsp;kWh\/(m\u00b2*a)\";s:19:\"value_before_filter\";s:2:\"42\";}s:24:\"Baujahr (Energieausweis)\";a:5:{s:14:\"mapping_source\";s:37:\"zustand_angaben->energiepass->baujahr\";s:4:\"name\";s:0:\"\";s:5:\"group\";s:5:\"epass\";s:5:\"value\";s:4:\"1982\";s:19:\"value_before_filter\";s:4:\"1982\";}s:32:\"Energieausweis-Ausstellungsdatum\";a:5:{s:14:\"mapping_source\";s:43:\"zustand_angaben->energiepass->ausstelldatum\";s:4:\"name\";s:0:\"\";s:5:\"group\";s:5:\"epass\";s:5:\"value\";s:10:\"08.08.2020\";s:19:\"value_before_filter\";s:10:\"2020-08-08\";}s:23:\"Energieausweis-Jahrgang\";a:5:{s:14:\"mapping_source\";s:38:\"zustand_angaben->energiepass->jahrgang\";s:4:\"name\";s:0:\"\";s:5:\"group\";s:5:\"epass\";s:5:\"value\";s:16:\"as from may 2014\";s:19:\"value_before_filter\";s:4:\"2014\";}}"],"_immonex_property_xml_source":["<?xml version=\"1.0\"?>\n<immobilie>\n<objektkategorie>\n<nutzungsart WOHNEN=\"false\" GEWERBE=\"true\"\/>\n<vermarktungsart KAUF=\"false\" MIETE_PACHT=\"true\"\/>\n<objektart>\n<buero_praxen buero_typ=\"BUEROHAUS\"\/>\n<\/objektart>\n<user_defined_simplefield\/>\n<\/objektkategorie>\n<geo>\n<plz>50354<\/plz>\n<ort>H&#xFC;rth<\/ort>\n<strasse>Robert-Bosch-Stra&#xDF;e<\/strasse>\n<hausnummer>2A<\/hausnummer>\n<land iso_land=\"DEU\"\/>\n<lage_im_bau\/>\n<\/geo>\n<kontaktperson>\n<email_zentrale>anfrage@ruhr-real.de<\/email_zentrale>\n<email_direkt>ludwig@ruhr-real.de<\/email_direkt>\n<tel_durchw>+49 221 273 229 11<\/tel_durchw>\n<tel_handy>+49 162 1511000<\/tel_handy>\n<name>Ludwig<\/name>\n<vorname>Felix<\/vorname>\n<anrede>Herr<\/anrede>\n<firma>RUHR REAL GmbH<\/firma>\n<strasse>Holsterhauser Platz<\/strasse>\n<hausnummer>2<\/hausnummer>\n<plz>45147<\/plz>\n<ort>Essen<\/ort>\n<adressfreigabe>true<\/adressfreigabe>\n<\/kontaktperson>\n<preise>\n<nettokaltmiete>8.95<\/nettokaltmiete>\n<kaltmiete>8.95<\/kaltmiete>\n<warmmiete>11.95<\/warmmiete>\n<nebenkosten>3.00<\/nebenkosten>\n<heizkosten_enthalten>false<\/heizkosten_enthalten>\n<zzg_mehrwertsteuer>false<\/zzg_mehrwertsteuer>\n<preis_zeiteinheit\/>\n<mietpreis_pro_qm>8.9500<\/mietpreis_pro_qm>\n<provisionspflichtig>false<\/provisionspflichtig>\n<aussen_courtage mit_mwst=\"false\">3-4 Nettomonatsmieten<\/aussen_courtage>\n<courtage_hinweis>Bei Vertr&#xE4;gen bis zu f&#xFC;nf Jahren Laufzeit ist ein Honorar von 3 Nettomonatsmieten vom Mieter an RUHR REAL zahlbar; bei Laufzeiten bis zu zehn Jahren werden 4 Nettomonatsmieten f&#xE4;llig. Hinzu kommt die jeweils g&#xFC;ltige Umsatzsteuer.<\/courtage_hinweis>\n<waehrung iso_waehrung=\"EUR\"\/>\n<mwst_satz>19.00<\/mwst_satz>\n<stp_carport\/>\n<stp_duplex\/>\n<stp_freiplatz\/>\n<stp_garage\/>\n<stp_parkhaus\/>\n<stp_tiefgarage\/>\n<\/preise>\n<bieterverfahren\/>\n<versteigerung\/>\n<flaechen>\n<bueroflaeche>377.61<\/bueroflaeche>\n<bueroteilflaeche>377.61<\/bueroteilflaeche>\n<teilbar_ab>377.61<\/teilbar_ab>\n<\/flaechen>\n<ausstattung>\n<ausstatt_kategorie>STANDARD<\/ausstatt_kategorie>\n<bad\/>\n<kueche\/>\n<boden TEPPICH=\"true\" LAMINAT=\"true\"\/>\n<heizungsart\/>\n<befeuerung FERN=\"true\"\/>\n<fahrstuhl PERSONEN=\"true\"\/>\n<ausricht_balkon_terrasse\/>\n<angeschl_gastronomie\/>\n<sicherheitstechnik\/>\n<\/ausstattung>\n<zustand_angaben>\n<baujahr>1982<\/baujahr>\n<zustand zustand_art=\"NACH_VEREINBARUNG\"\/>\n<energiepass>\n<epart>VERBRAUCH<\/epart>\n<stromwert>27,2<\/stromwert>\n<waermewert>42<\/waermewert>\n<baujahr>1982<\/baujahr>\n<ausstelldatum>2020-08-08<\/ausstelldatum>\n<jahrgang>2014<\/jahrgang>\n<\/energiepass>\n<\/zustand_angaben>\n<bewertung\/>\n<infrastruktur\/>\n<freitexte>\n<objekttitel>Provisionsfreies B&#xFC;ro in H&#xFC;rth | Parkhaus vorhanden<\/objekttitel>\n<lage>Die Lage befindet sich in einem etablierten Gewerbegebiet am Stadtrand, das durch eine gute verkehrstechnische Anbindung &#xFC;berzeugt. Haltestellen des &#xF6;ffentlichen Nahverkehrs sind in etwa 5 bis 10 Gehminuten erreichbar und bieten Anschluss an das regionale Verkehrsnetz sowie an die K&#xF6;lner Innenstadt. Gastronomische Angebote wie B&#xE4;ckereien, Imbisse und Restaurants sind im nahen Umfeld vorhanden und teilweise fu&#xDF;l&#xE4;ufig erreichbar. Der K&#xF6;lner Hauptbahnhof ist mit dem Auto in etwa 20 bis 25 Minuten erreichbar, der Flughafen K&#xF6;ln\/Bonn liegt rund 25 bis 30 Minuten entfernt. Die n&#xE4;chste Autobahnauffahrt ist in wenigen Fahrminuten erreichbar und gew&#xE4;hrleistet eine schnelle Anbindung an das &#xFC;berregionale Stra&#xDF;ennetz.<\/lage>\n<ausstatt_beschr>&#x2022; Fensterbankkabelkan&#xE4;le\n&#x2022; Teek&#xFC;che\n&#x2022; Personenaufzug\n&#x2022; Teppichboden\n&#x2022; Laminatboden\n&#x2022; Sonnenschutz: au&#xDF;enliegend, elektrisch<\/ausstatt_beschr>\n<objektbeschreibung>Die B&#xFC;rofl&#xE4;chen sind hell und modern gestaltet und verf&#xFC;gen &#xFC;ber Teppich- der Parkettboden. Eine Teek&#xFC;che ist vorhanden. Das B&#xFC;rogeb&#xE4;ude verf&#xFC;gt &#xFC;ber einen Personenaufzug sowie &#xFC;ber au&#xDF;enliegenden, elektrischen Sonnenschutz.\n\nDie vakante B&#xFC;rofl&#xE4;che befindet sich im 1. OG und verf&#xFC;gt &#xFC;ber 337,61 m&#xB2; Mietfl&#xE4;che. \n<\/objektbeschreibung><sonstige_angaben>Es gelten ausschlie&#xDF;lich unsere AGB (www.ruhr-real.de\/agb). Die Halle ist nicht f&#xFC;r Veranstaltungsr&#xE4;ume geeignet. Wir m&#xF6;chten Sie darauf hinweisen, dass die Angaben ausschlie&#xDF;lich auf den uns vom Eigent&#xFC;mer &#xFC;bermittelten Unterlagen und Informationen basieren. F&#xFC;r Richtigkeit und Vollst&#xE4;ndigkeit &#xFC;bernehmen wir keine Gew&#xE4;hr. Zwischenvermietung vorbehalten.<\/sonstige_angaben>\n<\/freitexte>\n<anhaenge>\n<anhang location=\"EXTERN\" gruppe=\"TITELBILD\">\n<anhangtitel>B&#xFC;ro Innenansicht <\/anhangtitel>\n<format>JPEG<\/format>\n<daten>\n<pfad>4cb0cd2421a14e6ab7210487ff245dca.JPEG<\/pfad>\n<\/daten>\n<\/anhang>\n<anhang location=\"EXTERN\" gruppe=\"BILD\">\n<anhangtitel>B&#xFC;ro Innenansicht <\/anhangtitel>\n<format>JPEG<\/format>\n<daten>\n<pfad>258e8b34582b4baca890dd9f5200de53.JPEG<\/pfad>\n<\/daten>\n<\/anhang>\n<anhang location=\"EXTERN\" gruppe=\"BILD\">\n<anhangtitel>B&#xFC;ro Innenansicht <\/anhangtitel>\n<format>JPEG<\/format>\n<daten>\n<pfad>2ffc21c7ea7e4b2b80915cf944d9843f.JPEG<\/pfad>\n<\/daten>\n<\/anhang>\n<anhang location=\"EXTERN\" gruppe=\"BILD\">\n<anhangtitel>B&#xFC;ro Innenansicht <\/anhangtitel>\n<format>JPEG<\/format>\n<daten>\n<pfad>028ede12e4cb4dcc83410df79d34bc1e.JPEG<\/pfad>\n<\/daten>\n<\/anhang>\n<\/anhaenge>\n<verwaltung_objekt>\n<objektadresse_freigeben>false<\/objektadresse_freigeben>\n<verfuegbar_ab>nach Vereinbarung<\/verfuegbar_ab>\n<geschlecht\/>\n<\/verwaltung_objekt>\n<verwaltung_techn>\n<objektnr_intern>00AB73EBA1E24ADDB1C1FB3C4D6DDA64<\/objektnr_intern>\n<objektnr_extern>4315\/G4\/E2<\/objektnr_extern>\n<aktion aktionart=\"CHANGE\"\/>\n<openimmo_obid>00AB73EBA1E24ADDB1C1FB3C4D6DDA64<\/openimmo_obid>\n<kennung_ursprung>estatePro V10.0.0.8<\/kennung_ursprung>\n<stand_vom>2025-07-09<\/stand_vom>\n<\/verwaltung_techn>\n<user_defined_simplefield feldname=\"Startseite\">Nein<\/user_defined_simplefield>\n<\/immobilie>\n"],"_thumbnail_id":["159032"],"fave_property_images":["159032","159033","159034","159035"],"fave_floor_plans_enable":["disable"],"fave_prop_homeslider":["yes"],"fave_prop_slider_image":["159032"],"fave_agents":["157133"],"fave_agent_display_option":["agent_info"],"fave_single_top_area":["global"],"fave_single_content_area":["global"],"fave_property_map":["1"],"fave_property_map_street_view":["hide"],"fave_property_size_prefix":["m\u00b2"],"fave_property_land_postfix":["m\u00b2"],"fave_featured":["0"],"houzez_featured_listing_date":[""],"fave_property_price_postfix":["pro&nbsp;m\u00b2"],"fave_currency":["EUR"],"fave_currency_info":["a:8:{s:2:\"id\";s:1:\"1\";s:13:\"currency_name\";s:4:\"Euro\";s:13:\"currency_code\";s:3:\"EUR\";s:15:\"currency_symbol\";s:3:\"\u20ac\";s:17:\"currency_position\";s:5:\"after\";s:16:\"currency_decimal\";s:1:\"2\";s:26:\"currency_decimal_separator\";s:1:\",\";s:27:\"currency_thousand_separator\";s:1:\".\";}"],"houzez_total_property_views":["1342"],"houzez_views_by_date":["a:61:{s:10:\"02-28-2026\";i:4;s:10:\"03-01-2026\";i:4;s:10:\"03-02-2026\";i:4;s:10:\"03-03-2026\";i:4;s:10:\"03-04-2026\";i:4;s:10:\"03-05-2026\";i:6;s:10:\"03-06-2026\";i:4;s:10:\"03-07-2026\";i:4;s:10:\"03-08-2026\";i:4;s:10:\"03-09-2026\";i:4;s:10:\"03-10-2026\";i:4;s:10:\"03-11-2026\";i:6;s:10:\"03-12-2026\";i:5;s:10:\"03-13-2026\";i:4;s:10:\"03-14-2026\";i:4;s:10:\"03-15-2026\";i:4;s:10:\"03-16-2026\";i:2;s:10:\"03-17-2026\";i:9;s:10:\"03-18-2026\";i:6;s:10:\"03-19-2026\";i:4;s:10:\"03-20-2026\";i:6;s:10:\"03-21-2026\";i:4;s:10:\"03-22-2026\";i:4;s:10:\"03-23-2026\";i:4;s:10:\"03-24-2026\";i:4;s:10:\"03-25-2026\";i:4;s:10:\"03-26-2026\";i:6;s:10:\"03-27-2026\";i:4;s:10:\"03-28-2026\";i:4;s:10:\"03-29-2026\";i:4;s:10:\"03-30-2026\";i:6;s:10:\"03-31-2026\";i:4;s:10:\"04-01-2026\";i:9;s:10:\"04-02-2026\";i:8;s:10:\"04-03-2026\";i:8;s:10:\"04-04-2026\";i:8;s:10:\"04-05-2026\";i:8;s:10:\"04-06-2026\";i:8;s:10:\"04-07-2026\";i:10;s:10:\"04-08-2026\";i:8;s:10:\"04-09-2026\";i:8;s:10:\"04-10-2026\";i:8;s:10:\"04-11-2026\";i:6;s:10:\"04-12-2026\";i:8;s:10:\"04-13-2026\";i:8;s:10:\"04-14-2026\";i:8;s:10:\"04-15-2026\";i:8;s:10:\"04-16-2026\";i:8;s:10:\"04-17-2026\";i:8;s:10:\"04-18-2026\";i:8;s:10:\"04-19-2026\";i:8;s:10:\"04-20-2026\";i:8;s:10:\"04-21-2026\";i:8;s:10:\"04-22-2026\";i:8;s:10:\"04-23-2026\";i:8;s:10:\"04-24-2026\";i:8;s:10:\"04-25-2026\";i:8;s:10:\"04-26-2026\";i:8;s:10:\"04-27-2026\";i:8;s:10:\"04-28-2026\";i:7;s:10:\"04-29-2026\";i:6;}"],"houzez_recently_viewed":["2026-04-29 13:33:55"],"tp_widgets":["a:2:{s:7:\"widgets\";a:0:{}s:9:\"update_at\";s:10:\"1764682733\";}"],"_elementor_page_assets":["a:0:{}"]},"_links":{"self":[{"href":"https:\/\/ruhr-real.de\/en\/wp-json\/wp\/v2\/properties\/159031","targetHints":{"allow":["GET"]}}],"collection":[{"href":"https:\/\/ruhr-real.de\/en\/wp-json\/wp\/v2\/properties"}],"about":[{"href":"https:\/\/ruhr-real.de\/en\/wp-json\/wp\/v2\/types\/property"}],"author":[{"embeddable":true,"href":"https:\/\/ruhr-real.de\/en\/wp-json\/wp\/v2\/users\/1"}],"version-history":[{"count":0,"href":"https:\/\/ruhr-real.de\/en\/wp-json\/wp\/v2\/properties\/159031\/revisions"}],"wp:featuredmedia":[{"embeddable":true,"href":"https:\/\/ruhr-real.de\/en\/wp-json\/wp\/v2\/media\/159032"}],"wp:attachment":[{"href":"https:\/\/ruhr-real.de\/en\/wp-json\/wp\/v2\/media?parent=159031"}],"wp:term":[{"taxonomy":"property_type","embeddable":true,"href":"https:\/\/ruhr-real.de\/en\/wp-json\/wp\/v2\/property_type?post=159031"},{"taxonomy":"property_status","embeddable":true,"href":"https:\/\/ruhr-real.de\/en\/wp-json\/wp\/v2\/property_status?post=159031"},{"taxonomy":"property_feature","embeddable":true,"href":"https:\/\/ruhr-real.de\/en\/wp-json\/wp\/v2\/property_feature?post=159031"},{"taxonomy":"property_label","embeddable":true,"href":"https:\/\/ruhr-real.de\/en\/wp-json\/wp\/v2\/property_label?post=159031"},{"taxonomy":"property_country","embeddable":true,"href":"https:\/\/ruhr-real.de\/en\/wp-json\/wp\/v2\/property_country?post=159031"},{"taxonomy":"property_state","embeddable":true,"href":"https:\/\/ruhr-real.de\/en\/wp-json\/wp\/v2\/property_state?post=159031"},{"taxonomy":"property_city","embeddable":true,"href":"https:\/\/ruhr-real.de\/en\/wp-json\/wp\/v2\/property_city?post=159031"},{"taxonomy":"property_area","embeddable":true,"href":"https:\/\/ruhr-real.de\/en\/wp-json\/wp\/v2\/property_area?post=159031"}],"curies":[{"name":"wp","href":"https:\/\/api.w.org\/{rel}","templated":true}]}}