{"id":159567,"date":"2025-07-21T00:01:17","date_gmt":"2025-07-20T22:01:17","guid":{"rendered":"https:\/\/ruhr-real.de\/objekt\/grosszuegige-bueroetagen-ausbau-nach-mieterwunsch-personenaufzug\/"},"modified":"2025-07-21T00:01:17","modified_gmt":"2025-07-20T22:01:17","slug":"grosszuegige-bueroetagen-ausbau-nach-mieterwunsch-personenaufzug","status":"publish","type":"property","link":"https:\/\/ruhr-real.de\/en\/objekt\/grosszuegige-bueroetagen-ausbau-nach-mieterwunsch-personenaufzug\/","title":{"rendered":"Gro\u00dfz\u00fcgige B\u00fcroetagen | Ausbau nach Mieterwunsch | Personenaufzug"},"content":{"rendered":"<p>Die angebotenen B\u00fcrofl\u00e4chen bieten eine moderne Ausstattung und k\u00f6nnen individuell nach Mieterwunsch ausgebaut werden. Sie verf\u00fcgen \u00fcber Bodentanks mit CAT7-Verkabelung sowie einen Glasfaseranschluss und sind damit bestens f\u00fcr zeitgem\u00e4\u00dfe IT-Infrastrukturen vorbereitet. F\u00fcr eine angenehme Arbeitsatmosph\u00e4re sorgen Deckenstrahler, Akustikdecken und teilweise vorhandene Klimatisierung. Die Fl\u00e4chen sind mit hochwertigem Teppich- und Vinylboden ausgestattet. Ein elektronisches Zugangssystem gew\u00e4hrleistet Sicherheit und Komfort. Zudem steht eine Einbauk\u00fcche zur Verf\u00fcgung. Ein Aufzug erm\u00f6glicht einen barrierefreien Zugang zu den B\u00fcroeinheiten.<\/p>\n<p>Folgende Fl\u00e4chen stehen zur Disposition:<\/p>\n<p>UG: 578,74 m\u00b2 Lager<br \/>\nEG: 1.753,57 m\u00b2 B\u00fcro<br \/>\n1. OG: 2.122,61 m\u00b2 B\u00fcro<br \/>\n2. OG: 1.889,33 m\u00b2 B\u00fcro<br \/>\n4. OG: 1.946,41 m\u00b2 B\u00fcro<\/p>\n<p>Die Mietpreise gestalten sich nach Etage und Ausbau, jeweils auf Anfrage.<\/p>\n<p>Das Objekt befindet sich in einem zentral gelegenen und lebendigen Stadtteil im S\u00fcden der K\u00f6lner Innenstadt. Haltestellen des \u00f6ffentlichen Nahverkehrs sind in wenigen Gehminuten erreichbar und erm\u00f6glichen eine schnelle Anbindung an die Innenstadt, den Hauptbahnhof sowie andere Stadtteile. In direkter Umgebung finden sich zahlreiche gastronomische Angebote, darunter Caf\u00e9s, Restaurants und Imbisse, die fu\u00dfl\u00e4ufig bequem erreichbar sind. Der K\u00f6lner Hauptbahnhof ist mit dem Auto in etwa 10 bis 15 Minuten zu erreichen, der Flughafen K\u00f6ln\/Bonn liegt rund 20 Minuten entfernt. Die n\u00e4chste Autobahnauffahrt ist in kurzer Fahrzeit erreichbar und bietet eine gute Verbindung an das \u00fcberregionale Verkehrsnetz.<\/p>\n<p>\u2022 Glasfaseranschluss<br \/>\n\u2022 Ausbau nach Mieterwunsch<br \/>\n\u2022 Teppichboden, Vinylboden<br \/>\n\u2022 elektronisches Zugangssystem<br \/>\n\u2022 Akustikdecken<\/p>\n<p>Es gelten ausschlie\u00dflich unsere AGB (www.ruhr-real.de\/agb). Die Halle ist nicht f\u00fcr Veranstaltungsr\u00e4ume geeignet. Wir m\u00f6chten Sie darauf hinweisen, dass die Angaben ausschlie\u00dflich auf den uns vom Eigent\u00fcmer \u00fcbermittelten Unterlagen und Informationen basieren. F\u00fcr Richtigkeit und Vollst\u00e4ndigkeit \u00fcbernehmen wir keine Gew\u00e4hr. Zwischenvermietung vorbehalten.<br \/>\n<div class=\"widget widget_immonex_user_defined_properties_widget\"><div class=\"immonex-widget immonex-widget-houzez\">\n\t\t<div class=\"immonex-widget-title clearfix\">\n\t\t<h2 class=\"widgettitle\">Energieeffizienz<\/h2>\t<\/div>\n\t\t<ul class=\"immonex-property-details row list-lined list-unstyled\">\n\t\t\t\t<li>\n\t\t\t<div class=\"list-lined-item w-100 d-flex justify-content-between py-2\">\n\t\t\t\t\t\t\t\t<strong class=\"property-details-label\">Energieausweis-Jahrgang:<\/strong>&nbsp;<span class=\"property-details-value\">not available<\/span>\n\t\t\t\t\t\t\t<\/div>\n\t\t<\/li>\n\t\t\t<\/ul>\n<\/div><\/div><\/p>\n","protected":false},"excerpt":{"rendered":"<p>Die angebotenen B\u00fcrofl\u00e4chen bieten eine moderne Ausstattung und k\u00f6nnen individuell nach Mieterwunsch ausgebaut&#8230;<\/p>\n","protected":false},"author":1,"featured_media":159568,"parent":0,"menu_order":0,"template":"","property_type":[379],"property_status":[352],"property_feature":[354],"property_label":[],"property_country":[353],"property_state":[],"property_city":[336],"property_area":[],"class_list":["post-159567","property","type-property","status-publish","has-post-thumbnail","hentry","property_type-bueroflaechen","property_status-zu-vermieten","property_feature-personenaufzug","property_country-deutschland","property_city-koln"],"acf":[],"property_meta":{"rank_math_internal_links_processed":["1"],"_immonex_import_folder":["users\/RUHRREAL"],"fave_property_map_address":["50677 K\u00f6ln"],"fave_property_zip":["50677"],"fave_property_country":["DE"],"_immonex_lat":["50.9267279"],"_immonex_lng":["6.961122"],"houzez_geolocation_lat":["50.9267279"],"houzez_geolocation_long":["6.961122"],"fave_property_location":["50.9267279,6.961122"],"fave_property_size":["1753"],"fave_property_id":["4339\/G1\/E6"],"_immonex_translation_id":["4339\/G1\/E6"],"_immonex_iso_country":["DEU"],"_openimmo_obid":["29AEA49C1DD148CD975719B1BC6A00A0"],"_openimmo_anid":["0000"],"_immonex_group_number":[""],"_immonex_group_id":[""],"_immonex_group_master":[""],"_immonex_import_meta":["a:6:{s:8:\"zip_file\";s:131:\"\/www\/htdocs\/w0172e0e\/ruhr-real_2024\/wp-content\/uploads\/immonex-openimmo-import\/users\/RUHRREAL\/Immowelt_estatePro_20250721104902.zip\";s:8:\"xml_file\";s:158:\"\/www\/htdocs\/w0172e0e\/ruhr-real_2024\/wp-content\/uploads\/immonex-openimmo-import\/immowelt_estatepro_20250721104902\/Homepage_2024_NEW_estatePro20250721104902.xml\";s:12:\"mapping_file\";s:116:\"\/www\/htdocs\/w0172e0e\/ruhr-real_2024\/wp-content\/uploads\/immonex-openimmo-import\/mappings\/houzez_ruhrreal_18122023.csv\";s:9:\"timestamp\";i:1753087757;s:4:\"date\";s:10:\"2025-07-21\";s:4:\"time\";s:8:\"10:49:17\";}"],"_is_immonex_import_property":["1"],"_immonex_is_reference":[""],"_immonex_is_sold":[""],"_immonex_is_reserved":[""],"_immonex_is_available":["1"],"additional_features":["a:11:{i:0;a:2:{s:29:\"fave_additional_feature_title\";s:33:\"Heizkosten in Warmmiete enthalten\";s:29:\"fave_additional_feature_value\";s:4:\"nein\";}i:1;a:2:{s:29:\"fave_additional_feature_title\";s:32:\"Preise zuz\u00fcglich Mehrwertsteuer\";s:29:\"fave_additional_feature_value\";s:4:\"nein\";}i:2;a:2:{s:29:\"fave_additional_feature_title\";s:10:\"MwSt.-Satz\";s:29:\"fave_additional_feature_value\";s:9:\"19&nbsp;%\";}i:3;a:2:{s:29:\"fave_additional_feature_title\";s:12:\"Lagerfl\u00e4che\";s:29:\"fave_additional_feature_value\";s:15:\"578,74&nbsp;m\u00b2\";}i:4;a:2:{s:29:\"fave_additional_feature_title\";s:12:\"B\u00fcrofl\u00e4che\";s:29:\"fave_additional_feature_value\";s:17:\"7.711,92&nbsp;m\u00b2\";}i:5;a:2:{s:29:\"fave_additional_feature_title\";s:16:\"B\u00fcroteilfl\u00e4che\";s:29:\"fave_additional_feature_value\";s:17:\"1.753,57&nbsp;m\u00b2\";}i:6;a:2:{s:29:\"fave_additional_feature_title\";s:10:\"Teilbar ab\";s:29:\"fave_additional_feature_value\";s:17:\"1.753,57&nbsp;m\u00b2\";}i:7;a:2:{s:29:\"fave_additional_feature_title\";s:19:\"Art der Ausstattung\";s:29:\"fave_additional_feature_value\";s:7:\"gehoben\";}i:8;a:2:{s:29:\"fave_additional_feature_title\";s:10:\"Bodenbelag\";s:29:\"fave_additional_feature_value\";s:19:\"Teppich, Kunststoff\";}i:9;a:2:{s:29:\"fave_additional_feature_title\";s:7:\"Zustand\";s:29:\"fave_additional_feature_value\";s:17:\"nach Vereinbarung\";}i:10;a:2:{s:29:\"fave_additional_feature_title\";s:27:\"Immobilie ist verf\u00fcgbar ab\";s:29:\"fave_additional_feature_value\";s:17:\"nach Vereinbarung\";}}"],"fave_additional_features_enable":["enable"],"_immonex_custom_fields":["a:1:{s:23:\"Energieausweis-Jahrgang\";a:5:{s:14:\"mapping_source\";s:38:\"zustand_angaben->energiepass->jahrgang\";s:4:\"name\";s:0:\"\";s:5:\"group\";s:5:\"epass\";s:5:\"value\";s:13:\"not available\";s:19:\"value_before_filter\";s:4:\"ohne\";}}"],"_immonex_property_xml_source":["<?xml version=\"1.0\"?>\n<immobilie>\n<objektkategorie>\n<nutzungsart WOHNEN=\"false\" GEWERBE=\"true\"\/>\n<vermarktungsart KAUF=\"false\" MIETE_PACHT=\"true\"\/>\n<objektart>\n<buero_praxen buero_typ=\"BUEROHAUS\"\/>\n<\/objektart>\n<user_defined_simplefield\/>\n<\/objektkategorie>\n<geo>\n<plz>50677<\/plz>\n<ort>K&#xF6;ln<\/ort>\n<strasse>Sachsenring<\/strasse>\n<hausnummer>81-85<\/hausnummer>\n<land iso_land=\"DEU\"\/>\n<lage_im_bau\/>\n<\/geo>\n<kontaktperson>\n<email_zentrale>anfrage@ruhr-real.de<\/email_zentrale>\n<email_direkt>lendzian@ruhr-real.de<\/email_direkt>\n<tel_durchw>+49 221 273 229 22<\/tel_durchw>\n<tel_handy>+49 162 1531000<\/tel_handy>\n<name>Lendzian<\/name>\n<vorname>Niklas<\/vorname>\n<anrede>Herr<\/anrede>\n<firma>RUHR REAL GmbH<\/firma>\n<strasse>Holsterhauser Platz<\/strasse>\n<hausnummer>2<\/hausnummer>\n<plz>45147<\/plz>\n<ort>Essen<\/ort>\n<adressfreigabe>true<\/adressfreigabe>\n<\/kontaktperson>\n<preise>\n<heizkosten_enthalten>false<\/heizkosten_enthalten>\n<zzg_mehrwertsteuer>false<\/zzg_mehrwertsteuer>\n<preis_zeiteinheit\/>\n<provisionspflichtig>false<\/provisionspflichtig>\n<waehrung iso_waehrung=\"EUR\"\/>\n<mwst_satz>19.00<\/mwst_satz>\n<stp_carport\/>\n<stp_duplex\/>\n<stp_freiplatz\/>\n<stp_garage\/>\n<stp_parkhaus\/>\n<stp_tiefgarage\/>\n<\/preise>\n<bieterverfahren\/>\n<versteigerung\/>\n<flaechen>\n<lagerflaeche>578.74<\/lagerflaeche>\n<bueroflaeche>7711.92<\/bueroflaeche>\n<bueroteilflaeche>1753.57<\/bueroteilflaeche>\n<teilbar_ab>1753.57<\/teilbar_ab>\n<\/flaechen>\n<ausstattung>\n<ausstatt_kategorie>GEHOBEN<\/ausstatt_kategorie>\n<bad\/>\n<kueche\/>\n<boden TEPPICH=\"true\" KUNSTSTOFF=\"true\"\/>\n<heizungsart\/>\n<befeuerung\/>\n<fahrstuhl PERSONEN=\"true\"\/>\n<ausricht_balkon_terrasse\/>\n<angeschl_gastronomie\/>\n<sicherheitstechnik\/>\n<\/ausstattung>\n<zustand_angaben>\n<zustand zustand_art=\"NACH_VEREINBARUNG\"\/>\n<energiepass>\n<jahrgang>ohne<\/jahrgang>\n<\/energiepass>\n<\/zustand_angaben>\n<bewertung\/>\n<infrastruktur\/>\n<freitexte>\n<objekttitel>Gro&#xDF;z&#xFC;gige B&#xFC;roetagen | Ausbau nach Mieterwunsch | Personenaufzug<\/objekttitel>\n<lage>Das Objekt befindet sich in einem zentral gelegenen und lebendigen Stadtteil im S&#xFC;den der K&#xF6;lner Innenstadt. Haltestellen des &#xF6;ffentlichen Nahverkehrs sind in wenigen Gehminuten erreichbar und erm&#xF6;glichen eine schnelle Anbindung an die Innenstadt, den Hauptbahnhof sowie andere Stadtteile. In direkter Umgebung finden sich zahlreiche gastronomische Angebote, darunter Caf&#xE9;s, Restaurants und Imbisse, die fu&#xDF;l&#xE4;ufig bequem erreichbar sind. Der K&#xF6;lner Hauptbahnhof ist mit dem Auto in etwa 10 bis 15 Minuten zu erreichen, der Flughafen K&#xF6;ln\/Bonn liegt rund 20 Minuten entfernt. Die n&#xE4;chste Autobahnauffahrt ist in kurzer Fahrzeit erreichbar und bietet eine gute Verbindung an das &#xFC;berregionale Verkehrsnetz.<\/lage>\n<ausstatt_beschr>&#x2022; Glasfaseranschluss\n&#x2022; Ausbau nach Mieterwunsch\n&#x2022; Teppichboden, Vinylboden\n&#x2022; elektronisches Zugangssystem\n&#x2022; Akustikdecken<\/ausstatt_beschr>\n<objektbeschreibung>Die angebotenen B&#xFC;rofl&#xE4;chen bieten eine moderne Ausstattung und k&#xF6;nnen individuell nach Mieterwunsch ausgebaut werden. Sie verf&#xFC;gen &#xFC;ber Bodentanks mit CAT7-Verkabelung sowie einen Glasfaseranschluss und sind damit bestens f&#xFC;r zeitgem&#xE4;&#xDF;e IT-Infrastrukturen vorbereitet. F&#xFC;r eine angenehme Arbeitsatmosph&#xE4;re sorgen Deckenstrahler, Akustikdecken und teilweise vorhandene Klimatisierung. Die Fl&#xE4;chen sind mit hochwertigem Teppich- und Vinylboden ausgestattet. Ein elektronisches Zugangssystem gew&#xE4;hrleistet Sicherheit und Komfort. Zudem steht eine Einbauk&#xFC;che zur Verf&#xFC;gung. Ein Aufzug erm&#xF6;glicht einen barrierefreien Zugang zu den B&#xFC;roeinheiten.\n\nFolgende Fl&#xE4;chen stehen zur Disposition:\n\nUG: 578,74 m&#xB2; Lager\nEG: 1.753,57 m&#xB2; B&#xFC;ro\n1. OG: 2.122,61 m&#xB2; B&#xFC;ro\n2. OG: 1.889,33 m&#xB2; B&#xFC;ro\n4. OG: 1.946,41 m&#xB2; B&#xFC;ro \n\nDie Mietpreise gestalten sich nach Etage und Ausbau, jeweils auf Anfrage.<\/objektbeschreibung><sonstige_angaben>Es gelten ausschlie&#xDF;lich unsere AGB (www.ruhr-real.de\/agb). Die Halle ist nicht f&#xFC;r Veranstaltungsr&#xE4;ume geeignet. Wir m&#xF6;chten Sie darauf hinweisen, dass die Angaben ausschlie&#xDF;lich auf den uns vom Eigent&#xFC;mer &#xFC;bermittelten Unterlagen und Informationen basieren. F&#xFC;r Richtigkeit und Vollst&#xE4;ndigkeit &#xFC;bernehmen wir keine Gew&#xE4;hr. Zwischenvermietung vorbehalten.<\/sonstige_angaben>\n<\/freitexte>\n<anhaenge>\n<anhang location=\"EXTERN\" gruppe=\"TITELBILD\">\n<anhangtitel>Innenansicht B&#xFC;ro K&#xF6;ln<\/anhangtitel>\n<format>jpg<\/format>\n<daten>\n<pfad>45919c11af994bd09c2e73e53b835823.jpg<\/pfad>\n<\/daten>\n<\/anhang>\n<anhang location=\"EXTERN\" gruppe=\"BILD\">\n<anhangtitel>Innenansicht B&#xFC;ro K&#xF6;ln (2)<\/anhangtitel>\n<format>jpg<\/format>\n<daten>\n<pfad>20c8f696960b432db46af112a31b4e51.jpg<\/pfad>\n<\/daten>\n<\/anhang>\n<anhang location=\"EXTERN\" gruppe=\"BILD\">\n<anhangtitel>Innenansicht B&#xFC;ro K&#xF6;ln (3)<\/anhangtitel>\n<format>jpg<\/format>\n<daten>\n<pfad>7b983af9458a4459b4c8718ead449919.jpg<\/pfad>\n<\/daten>\n<\/anhang>\n<anhang location=\"EXTERN\" gruppe=\"BILD\">\n<anhangtitel>Innenansicht B&#xFC;ro K&#xF6;ln (4)<\/anhangtitel>\n<format>jpg<\/format>\n<daten>\n<pfad>550c77d6e2d4436bbdc3a491cc4750f9.jpg<\/pfad>\n<\/daten>\n<\/anhang>\n<anhang location=\"EXTERN\" gruppe=\"BILD\">\n<anhangtitel>Innenansicht B&#xFC;ro K&#xF6;ln (5)<\/anhangtitel>\n<format>jpg<\/format>\n<daten>\n<pfad>c307be3635d447d99ee85740a27a12b4.jpg<\/pfad>\n<\/daten>\n<\/anhang>\n<anhang location=\"EXTERN\" gruppe=\"BILD\">\n<anhangtitel>Innenansicht B&#xFC;ro K&#xF6;ln (6)<\/anhangtitel>\n<format>jpg<\/format>\n<daten>\n<pfad>08194c10b03848daabe55eb969d8d87a.jpg<\/pfad>\n<\/daten>\n<\/anhang>\n<anhang location=\"EXTERN\" gruppe=\"BILD\">\n<anhangtitel>Innenansicht B&#xFC;ro K&#xF6;ln (7)<\/anhangtitel>\n<format>jpg<\/format>\n<daten>\n<pfad>c638be47fd2342c68a9ad864b13c48bf.jpg<\/pfad>\n<\/daten>\n<\/anhang>\n<anhang location=\"EXTERN\" gruppe=\"BILD\">\n<anhangtitel>Innenansicht B&#xFC;ro K&#xF6;ln (8)<\/anhangtitel>\n<format>jpg<\/format>\n<daten>\n<pfad>761f053808c744d68b909d58c7f325dc.jpg<\/pfad>\n<\/daten>\n<\/anhang>\n<anhang location=\"EXTERN\" gruppe=\"BILD\">\n<anhangtitel>Innenansicht B&#xFC;ro K&#xF6;ln (9)<\/anhangtitel>\n<format>jpg<\/format>\n<daten>\n<pfad>6264299affb845abb5b6862870f24bd0.jpg<\/pfad>\n<\/daten>\n<\/anhang>\n<anhang location=\"EXTERN\" gruppe=\"BILD\">\n<anhangtitel>Innenansicht B&#xFC;ro K&#xF6;ln (10)<\/anhangtitel>\n<format>jpg<\/format>\n<daten>\n<pfad>a830484ef12044d1b85447e1dfc85d8b.jpg<\/pfad>\n<\/daten>\n<\/anhang>\n<\/anhaenge>\n<verwaltung_objekt>\n<objektadresse_freigeben>false<\/objektadresse_freigeben>\n<verfuegbar_ab>nach Vereinbarung<\/verfuegbar_ab>\n<geschlecht\/>\n<\/verwaltung_objekt>\n<verwaltung_techn>\n<objektnr_intern>29AEA49C1DD148CD975719B1BC6A00A0<\/objektnr_intern>\n<objektnr_extern>4339\/G1\/E6<\/objektnr_extern>\n<aktion aktionart=\"CHANGE\"\/>\n<openimmo_obid>29AEA49C1DD148CD975719B1BC6A00A0<\/openimmo_obid>\n<kennung_ursprung>estatePro V10.0.0.8<\/kennung_ursprung>\n<stand_vom>2025-07-21<\/stand_vom>\n<\/verwaltung_techn>\n<user_defined_simplefield feldname=\"Startseite\">Nein<\/user_defined_simplefield>\n<\/immobilie>\n"],"_thumbnail_id":["159568"],"fave_property_images":["159568","159569","159570","159571","159572","159573","159574","159575","159576","159577"],"fave_floor_plans_enable":["disable"],"fave_prop_homeslider":["yes"],"fave_prop_slider_image":["159568"],"fave_agents":["156452"],"fave_agent_display_option":["agent_info"],"fave_single_top_area":["global"],"fave_single_content_area":["global"],"fave_property_price":["0"],"fave_property_map":["1"],"fave_property_map_street_view":["hide"],"fave_property_size_prefix":["m\u00b2"],"fave_property_land_postfix":["m\u00b2"],"fave_featured":["0"],"houzez_featured_listing_date":[""],"fave_currency":["EUR"],"fave_currency_info":["a:8:{s:2:\"id\";s:1:\"1\";s:13:\"currency_name\";s:4:\"Euro\";s:13:\"currency_code\";s:3:\"EUR\";s:15:\"currency_symbol\";s:3:\"\u20ac\";s:17:\"currency_position\";s:5:\"after\";s:16:\"currency_decimal\";s:1:\"2\";s:26:\"currency_decimal_separator\";s:1:\",\";s:27:\"currency_thousand_separator\";s:1:\".\";}"],"fave_show_price_placeholder":["1"],"houzez_total_property_views":["1283"],"houzez_views_by_date":["a:61:{s:10:\"02-27-2026\";i:6;s:10:\"02-28-2026\";i:4;s:10:\"03-01-2026\";i:4;s:10:\"03-02-2026\";i:4;s:10:\"03-03-2026\";i:4;s:10:\"03-04-2026\";i:4;s:10:\"03-05-2026\";i:6;s:10:\"03-06-2026\";i:4;s:10:\"03-07-2026\";i:4;s:10:\"03-08-2026\";i:4;s:10:\"03-09-2026\";i:4;s:10:\"03-10-2026\";i:4;s:10:\"03-11-2026\";i:6;s:10:\"03-12-2026\";i:4;s:10:\"03-13-2026\";i:4;s:10:\"03-14-2026\";i:4;s:10:\"03-15-2026\";i:4;s:10:\"03-16-2026\";i:2;s:10:\"03-17-2026\";i:8;s:10:\"03-18-2026\";i:6;s:10:\"03-19-2026\";i:4;s:10:\"03-20-2026\";i:7;s:10:\"03-21-2026\";i:4;s:10:\"03-22-2026\";i:4;s:10:\"03-23-2026\";i:4;s:10:\"03-24-2026\";i:4;s:10:\"03-25-2026\";i:4;s:10:\"03-26-2026\";i:6;s:10:\"03-27-2026\";i:4;s:10:\"03-28-2026\";i:4;s:10:\"03-29-2026\";i:4;s:10:\"03-30-2026\";i:6;s:10:\"03-31-2026\";i:4;s:10:\"04-01-2026\";i:9;s:10:\"04-02-2026\";i:8;s:10:\"04-03-2026\";i:8;s:10:\"04-04-2026\";i:8;s:10:\"04-05-2026\";i:8;s:10:\"04-06-2026\";i:8;s:10:\"04-07-2026\";i:10;s:10:\"04-08-2026\";i:8;s:10:\"04-09-2026\";i:8;s:10:\"04-10-2026\";i:8;s:10:\"04-11-2026\";i:6;s:10:\"04-12-2026\";i:8;s:10:\"04-13-2026\";i:8;s:10:\"04-14-2026\";i:8;s:10:\"04-15-2026\";i:8;s:10:\"04-16-2026\";i:8;s:10:\"04-17-2026\";i:8;s:10:\"04-18-2026\";i:8;s:10:\"04-19-2026\";i:8;s:10:\"04-20-2026\";i:8;s:10:\"04-21-2026\";i:8;s:10:\"04-22-2026\";i:8;s:10:\"04-23-2026\";i:8;s:10:\"04-24-2026\";i:8;s:10:\"04-25-2026\";i:8;s:10:\"04-26-2026\";i:8;s:10:\"04-27-2026\";i:8;s:10:\"04-28-2026\";i:4;}"],"houzez_recently_viewed":["2026-04-28 12:13:37"],"tp_widgets":["a:2:{s:7:\"widgets\";a:0:{}s:9:\"update_at\";s:10:\"1764682733\";}"],"_elementor_page_assets":["a:0:{}"]},"_links":{"self":[{"href":"https:\/\/ruhr-real.de\/en\/wp-json\/wp\/v2\/properties\/159567","targetHints":{"allow":["GET"]}}],"collection":[{"href":"https:\/\/ruhr-real.de\/en\/wp-json\/wp\/v2\/properties"}],"about":[{"href":"https:\/\/ruhr-real.de\/en\/wp-json\/wp\/v2\/types\/property"}],"author":[{"embeddable":true,"href":"https:\/\/ruhr-real.de\/en\/wp-json\/wp\/v2\/users\/1"}],"version-history":[{"count":0,"href":"https:\/\/ruhr-real.de\/en\/wp-json\/wp\/v2\/properties\/159567\/revisions"}],"wp:featuredmedia":[{"embeddable":true,"href":"https:\/\/ruhr-real.de\/en\/wp-json\/wp\/v2\/media\/159568"}],"wp:attachment":[{"href":"https:\/\/ruhr-real.de\/en\/wp-json\/wp\/v2\/media?parent=159567"}],"wp:term":[{"taxonomy":"property_type","embeddable":true,"href":"https:\/\/ruhr-real.de\/en\/wp-json\/wp\/v2\/property_type?post=159567"},{"taxonomy":"property_status","embeddable":true,"href":"https:\/\/ruhr-real.de\/en\/wp-json\/wp\/v2\/property_status?post=159567"},{"taxonomy":"property_feature","embeddable":true,"href":"https:\/\/ruhr-real.de\/en\/wp-json\/wp\/v2\/property_feature?post=159567"},{"taxonomy":"property_label","embeddable":true,"href":"https:\/\/ruhr-real.de\/en\/wp-json\/wp\/v2\/property_label?post=159567"},{"taxonomy":"property_country","embeddable":true,"href":"https:\/\/ruhr-real.de\/en\/wp-json\/wp\/v2\/property_country?post=159567"},{"taxonomy":"property_state","embeddable":true,"href":"https:\/\/ruhr-real.de\/en\/wp-json\/wp\/v2\/property_state?post=159567"},{"taxonomy":"property_city","embeddable":true,"href":"https:\/\/ruhr-real.de\/en\/wp-json\/wp\/v2\/property_city?post=159567"},{"taxonomy":"property_area","embeddable":true,"href":"https:\/\/ruhr-real.de\/en\/wp-json\/wp\/v2\/property_area?post=159567"}],"curies":[{"name":"wp","href":"https:\/\/api.w.org\/{rel}","templated":true}]}}