{"id":159705,"date":"2025-07-22T00:01:45","date_gmt":"2025-07-21T22:01:45","guid":{"rendered":"https:\/\/ruhr-real.de\/objekt\/provisionsfrei-sofort-verfuegbar-2-og-glasfaser-2-aufzuege\/"},"modified":"2025-07-22T00:01:45","modified_gmt":"2025-07-21T22:01:45","slug":"provisionsfrei-sofort-verfuegbar-2-og-glasfaser-2-aufzuege","status":"publish","type":"property","link":"https:\/\/ruhr-real.de\/en\/objekt\/provisionsfrei-sofort-verfuegbar-2-og-glasfaser-2-aufzuege\/","title":{"rendered":"PROVISIONSFREI: sofort verf\u00fcgbar | 2. OG | Glasfaser | 2 Aufz\u00fcge"},"content":{"rendered":"<p>Die B\u00fcrofl\u00e4chen zeichnen sich durch ein flexibles Raumraster von 1,35?m und eine gro\u00dfz\u00fcgige Deckenh\u00f6he von 2,80?m aus, was eine vielseitige und effiziente Fl\u00e4chenaufteilung erm\u00f6glicht. Die Fl\u00e4chen sind klimatisiert und verf\u00fcgen \u00fcber eine moderne Verkabelung \u00fcber Bodentanks, wodurch individuelle Arbeitsplatzkonzepte problemlos realisierbar sind. F\u00fcr angenehme Lichtverh\u00e4ltnisse sorgen innenliegende Sonnenschutzeinrichtungen sowie stilvolle Pendelleuchten, die eine hochwertige Beleuchtung bieten. Der Bodenbelag kann nach Mieterwunsch ausgew\u00e4hlt werden und passt sich somit den gestalterischen Vorstellungen an. Zwei Personenaufz\u00fcge gew\u00e4hrleisten eine komfortable Erschlie\u00dfung aller Etagen, ein Lastenaufzug ist nicht vorhanden. Ein Glasfaseranschluss sorgt f\u00fcr eine zukunftssichere und leistungsf\u00e4hige Internetanbindung. Insgesamt bieten die Fl\u00e4chen ideale Voraussetzungen f\u00fcr moderne und individuelle B\u00fcroarbeitspl\u00e4tze.<\/p>\n<p>Folgende Fl\u00e4chen sind verf\u00fcgbar:<\/p>\n<p>2.OG: 390 m\u00b2, 16,50 EUR\/m\u00b2, sofort verf\u00fcgbar<br \/>\n3.OG: 244 m\u00b2, 16,50 EUR\/m\u00b2, sofort verf\u00fcgbar<\/p>\n<p>Die Liegenschaft befindet sich im rechtsrheinischen Stadtteil K\u00f6ln-M\u00fclheim \u2013 einem etablierten B\u00fcro- und Medienstandort. Die Anbindung an den \u00d6PNV ist hervorragend: Die Stadtbahnlinien 3 und 4 (Haltestelle &#8220;Stegerwaldsiedlung&#8221;) sind fu\u00dfl\u00e4ufig in wenigen Minuten erreichbar und bieten direkte Verbindungen zur Innenstadt und zum Hauptbahnhof.<\/p>\n<p>Mit dem Auto ist die Anschlussstelle K\u00f6ln-M\u00fclheim (A3) in etwa 5 Minuten erreichbar und erm\u00f6glicht eine schnelle Anbindung an das \u00fcberregionale Autobahnnetz (A3\/A4\/A59).<\/p>\n<p>Zum K\u00f6lner Hauptbahnhof f\u00e4hrt man ca. 11 Minuten mit \u00d6PNV oder PKW<\/p>\n<p>, zur Autobahn (ca. 5 Minuten<\/p>\n<p>. Der K\u00f6ln\/Bonn Flughafen ist ca. 13 Minuten mit dem Auto entfernt.<\/p>\n<p>Die Umgebung bietet zudem eine gute Infrastruktur mit Restaurants, Caf\u00e9s und Einkaufsm\u00f6glichkeiten in fu\u00dfl\u00e4ufiger N\u00e4he.<\/p>\n<p>Bedeutende Unternehmen in der B\u00fcromarktzone: Messe K\u00f6ln, DB Schenker, T\u00dcV NORD Akadamie K\u00f6ln<\/p>\n<p>Hotels in der Umgebung: Radisson Blu, Inis K\u00f6ln Messe, Dorint Hotel, The Deutz<\/p>\n<p>\u2022 Glasfaseranschluss<br \/>\n\u2022 Bodenbelag nach Mieterwunsch<br \/>\n\u2022 flexible Aufteilung m\u00f6glich<\/p>\n<p>Es gelten ausschlie\u00dflich unsere AGB (www.ruhr-real.de\/agb). Wir m\u00f6chten Sie darauf hinweisen, dass die Angaben ausschlie\u00dflich auf den uns vom Eigent\u00fcmer \u00fcbermittelten Unterlagen und Informationen basieren. F\u00fcr Richtigkeit und Vollst\u00e4ndigkeit \u00fcbernehmen wir keine Gew\u00e4hr. Zwischenvermietung vorbehalten.<br \/>\n<div class=\"widget widget_immonex_user_defined_properties_widget\"><div class=\"immonex-widget immonex-widget-houzez\">\n\t\t<div class=\"immonex-widget-title clearfix\">\n\t\t<h2 class=\"widgettitle\">Energieeffizienz<\/h2>\t<\/div>\n\t\t<ul class=\"immonex-property-details row list-lined list-unstyled\">\n\t\t\t\t<li>\n\t\t\t<div class=\"list-lined-item w-100 d-flex justify-content-between py-2\">\n\t\t\t\t\t\t\t\t<strong class=\"property-details-label\">Energieausweis-Art:<\/strong>&nbsp;<span class=\"property-details-value\">Consumption<\/span>\n\t\t\t\t\t\t\t<\/div>\n\t\t<\/li>\n\t\t\t\t<li>\n\t\t\t<div class=\"list-lined-item w-100 d-flex justify-content-between py-2\">\n\t\t\t\t\t\t\t\t<strong class=\"property-details-label\">Heizenergieverbrauchskennwert:<\/strong>&nbsp;<span class=\"property-details-value\">154,1&nbsp;kWh\/(m\u00b2*a)<\/span>\n\t\t\t\t\t\t\t<\/div>\n\t\t<\/li>\n\t\t\t\t<li>\n\t\t\t<div class=\"list-lined-item w-100 d-flex justify-content-between py-2\">\n\t\t\t\t\t\t\t\t<strong class=\"property-details-label\">Baujahr (Energieausweis):<\/strong>&nbsp;<span class=\"property-details-value\">2018<\/span>\n\t\t\t\t\t\t\t<\/div>\n\t\t<\/li>\n\t\t\t\t<li>\n\t\t\t<div class=\"list-lined-item w-100 d-flex justify-content-between py-2\">\n\t\t\t\t\t\t\t\t<strong class=\"property-details-label\">Energieausweis-Jahrgang:<\/strong>&nbsp;<span class=\"property-details-value\">as from may 2014<\/span>\n\t\t\t\t\t\t\t<\/div>\n\t\t<\/li>\n\t\t\t<\/ul>\n<\/div><\/div><\/p>\n","protected":false},"excerpt":{"rendered":"<p>Die B\u00fcrofl\u00e4chen zeichnen sich durch ein flexibles Raumraster von 1,35?m und eine gro\u00dfz\u00fcgige Deckenh\u00f6he von 2,80?m&#8230;<\/p>\n","protected":false},"author":1,"featured_media":159706,"parent":0,"menu_order":0,"template":"","property_type":[379],"property_status":[352],"property_feature":[361,354],"property_label":[],"property_country":[353],"property_state":[],"property_city":[336],"property_area":[],"class_list":["post-159705","property","type-property","status-publish","has-post-thumbnail","hentry","property_type-bueroflaechen","property_status-zu-vermieten","property_feature-klimaanlage","property_feature-personenaufzug","property_country-deutschland","property_city-koln"],"acf":[],"property_meta":{"rank_math_internal_links_processed":["1"],"_immonex_import_folder":["users\/RUHRREAL"],"fave_property_map_address":["51063 K\u00f6ln"],"fave_property_zip":["51063"],"fave_property_country":["DE"],"_immonex_lat":["50.95438825"],"_immonex_lng":["6.98060124759"],"houzez_geolocation_lat":["50.95438825"],"houzez_geolocation_long":["6.98060124759"],"fave_property_location":["50.95438825,6.98060124759"],"fave_property_price":["16.50"],"fave_property_sec_price":["16.5000"],"fave_property_size":["390"],"fave_property_id":["4077\/E1"],"_immonex_translation_id":["4077\/E1"],"_immonex_iso_country":["DEU"],"_openimmo_obid":["408220A00980493D9819CD6BEC1E5770"],"_openimmo_anid":["0000"],"_immonex_group_number":[""],"_immonex_group_id":[""],"_immonex_group_master":[""],"_immonex_import_meta":["a:6:{s:8:\"zip_file\";s:131:\"\/www\/htdocs\/w0172e0e\/ruhr-real_2024\/wp-content\/uploads\/immonex-openimmo-import\/users\/RUHRREAL\/Immowelt_estatePro_20250722100210.zip\";s:8:\"xml_file\";s:158:\"\/www\/htdocs\/w0172e0e\/ruhr-real_2024\/wp-content\/uploads\/immonex-openimmo-import\/immowelt_estatepro_20250722100210\/Homepage_2024_NEW_estatePro20250722100210.xml\";s:12:\"mapping_file\";s:116:\"\/www\/htdocs\/w0172e0e\/ruhr-real_2024\/wp-content\/uploads\/immonex-openimmo-import\/mappings\/houzez_ruhrreal_18122023.csv\";s:9:\"timestamp\";i:1753171426;s:4:\"date\";s:10:\"2025-07-22\";s:4:\"time\";s:8:\"10:03:46\";}"],"_is_immonex_import_property":["1"],"_immonex_is_reference":[""],"_immonex_is_sold":[""],"_immonex_is_reserved":[""],"_immonex_is_available":["1"],"additional_features":["a:15:{i:0;a:2:{s:29:\"fave_additional_feature_title\";s:14:\"Nettokaltmiete\";s:29:\"fave_additional_feature_value\";s:14:\"16,50&nbsp;\u20ac\";}i:1;a:2:{s:29:\"fave_additional_feature_title\";s:9:\"Kaltmiete\";s:29:\"fave_additional_feature_value\";s:14:\"16,50&nbsp;\u20ac\";}i:2;a:2:{s:29:\"fave_additional_feature_title\";s:9:\"Warmmiete\";s:29:\"fave_additional_feature_value\";s:11:\"21&nbsp;\u20ac\";}i:3;a:2:{s:29:\"fave_additional_feature_title\";s:29:\"monatl. Betriebs-\/Nebenkosten\";s:29:\"fave_additional_feature_value\";s:13:\"4,50&nbsp;\u20ac\";}i:4;a:2:{s:29:\"fave_additional_feature_title\";s:33:\"Heizkosten in Warmmiete enthalten\";s:29:\"fave_additional_feature_value\";s:4:\"nein\";}i:5;a:2:{s:29:\"fave_additional_feature_title\";s:32:\"Preise zuz\u00fcglich Mehrwertsteuer\";s:29:\"fave_additional_feature_value\";s:4:\"nein\";}i:6;a:2:{s:29:\"fave_additional_feature_title\";s:23:\"Netto-Kaltmiete pro m\u00b2\";s:29:\"fave_additional_feature_value\";s:14:\"16,50&nbsp;\u20ac\";}i:7;a:2:{s:29:\"fave_additional_feature_title\";s:10:\"MwSt.-Satz\";s:29:\"fave_additional_feature_value\";s:9:\"19&nbsp;%\";}i:8;a:2:{s:29:\"fave_additional_feature_title\";s:12:\"B\u00fcrofl\u00e4che\";s:29:\"fave_additional_feature_value\";s:14:\"390,2&nbsp;m\u00b2\";}i:9;a:2:{s:29:\"fave_additional_feature_title\";s:16:\"B\u00fcroteilfl\u00e4che\";s:29:\"fave_additional_feature_value\";s:14:\"390,2&nbsp;m\u00b2\";}i:10;a:2:{s:29:\"fave_additional_feature_title\";s:10:\"Teilbar ab\";s:29:\"fave_additional_feature_value\";s:14:\"390,2&nbsp;m\u00b2\";}i:11;a:2:{s:29:\"fave_additional_feature_title\";s:19:\"Art der Ausstattung\";s:29:\"fave_additional_feature_value\";s:7:\"gehoben\";}i:12;a:2:{s:29:\"fave_additional_feature_title\";s:10:\"Bodenbelag\";s:29:\"fave_additional_feature_value\";s:7:\"Teppich\";}i:13;a:2:{s:29:\"fave_additional_feature_title\";s:7:\"Zustand\";s:29:\"fave_additional_feature_value\";s:8:\"gepflegt\";}i:14;a:2:{s:29:\"fave_additional_feature_title\";s:27:\"Immobilie ist verf\u00fcgbar ab\";s:29:\"fave_additional_feature_value\";s:17:\"sofort verf\u00fcgbar\";}}"],"fave_additional_features_enable":["enable"],"_immonex_custom_fields":["a:4:{s:18:\"Energieausweis-Art\";a:5:{s:14:\"mapping_source\";s:35:\"zustand_angaben->energiepass->epart\";s:4:\"name\";s:0:\"\";s:5:\"group\";s:5:\"epass\";s:5:\"value\";s:11:\"Consumption\";s:19:\"value_before_filter\";s:9:\"VERBRAUCH\";}s:29:\"Heizenergieverbrauchskennwert\";a:5:{s:14:\"mapping_source\";s:40:\"zustand_angaben->energiepass->waermewert\";s:4:\"name\";s:0:\"\";s:5:\"group\";s:5:\"epass\";s:5:\"value\";s:22:\"154,1&nbsp;kWh\/(m\u00b2*a)\";s:19:\"value_before_filter\";s:5:\"154,1\";}s:24:\"Baujahr (Energieausweis)\";a:5:{s:14:\"mapping_source\";s:37:\"zustand_angaben->energiepass->baujahr\";s:4:\"name\";s:0:\"\";s:5:\"group\";s:5:\"epass\";s:5:\"value\";s:4:\"2018\";s:19:\"value_before_filter\";s:4:\"2018\";}s:23:\"Energieausweis-Jahrgang\";a:5:{s:14:\"mapping_source\";s:38:\"zustand_angaben->energiepass->jahrgang\";s:4:\"name\";s:0:\"\";s:5:\"group\";s:5:\"epass\";s:5:\"value\";s:16:\"as from may 2014\";s:19:\"value_before_filter\";s:4:\"2014\";}}"],"_immonex_property_xml_source":["<?xml version=\"1.0\"?>\n<immobilie>\n<objektkategorie>\n<nutzungsart WOHNEN=\"false\" GEWERBE=\"true\"\/>\n<vermarktungsart KAUF=\"false\" MIETE_PACHT=\"true\"\/>\n<objektart>\n<buero_praxen buero_typ=\"BUEROHAUS\"\/>\n<\/objektart>\n<user_defined_simplefield\/>\n<\/objektkategorie>\n<geo>\n<plz>51063<\/plz>\n<ort>K&#xF6;ln<\/ort>\n<strasse>Deutz-M&#xFC;lheimer Str.<\/strasse>\n<hausnummer>109<\/hausnummer>\n<land iso_land=\"DEU\"\/>\n<lage_im_bau\/>\n<\/geo>\n<kontaktperson>\n<email_zentrale>anfrage@ruhr-real.de<\/email_zentrale>\n<email_direkt>laufenberg@ruhr-real.de<\/email_direkt>\n<tel_durchw>+49 221 273 229 33<\/tel_durchw>\n<tel_handy>+49 162 1728000<\/tel_handy>\n<name>Laufenberg<\/name>\n<vorname>Lars<\/vorname>\n<anrede>Herr<\/anrede>\n<firma>RUHR REAL GmbH<\/firma>\n<strasse>Holsterhauser Platz<\/strasse>\n<hausnummer>2<\/hausnummer>\n<plz>45147<\/plz>\n<ort>Essen<\/ort>\n<adressfreigabe>true<\/adressfreigabe>\n<\/kontaktperson>\n<preise>\n<nettokaltmiete>16.50<\/nettokaltmiete>\n<kaltmiete>16.50<\/kaltmiete>\n<warmmiete>21.00<\/warmmiete>\n<nebenkosten>4.50<\/nebenkosten>\n<heizkosten_enthalten>false<\/heizkosten_enthalten>\n<zzg_mehrwertsteuer>false<\/zzg_mehrwertsteuer>\n<preis_zeiteinheit\/>\n<mietpreis_pro_qm>16.5000<\/mietpreis_pro_qm>\n<provisionspflichtig>false<\/provisionspflichtig>\n<waehrung iso_waehrung=\"EUR\"\/>\n<mwst_satz>19.00<\/mwst_satz>\n<stp_carport\/>\n<stp_duplex\/>\n<stp_freiplatz\/>\n<stp_garage\/>\n<stp_parkhaus\/>\n<stp_tiefgarage\/>\n<\/preise>\n<bieterverfahren\/>\n<versteigerung\/>\n<flaechen>\n<bueroflaeche>390.2<\/bueroflaeche>\n<bueroteilflaeche>390.2<\/bueroteilflaeche>\n<teilbar_ab>390.2<\/teilbar_ab>\n<anzahl_stellplaetze type=\"xsd:decimal\">3<\/anzahl_stellplaetze>\n<\/flaechen>\n<ausstattung>\n<ausstatt_kategorie>GEHOBEN<\/ausstatt_kategorie>\n<bad\/>\n<kueche\/>\n<boden TEPPICH=\"true\"\/>\n<heizungsart\/>\n<befeuerung\/>\n<klimatisiert>true<\/klimatisiert>\n<fahrstuhl PERSONEN=\"true\"\/>\n<ausricht_balkon_terrasse\/>\n<angeschl_gastronomie\/>\n<sicherheitstechnik\/>\n<\/ausstattung>\n<zustand_angaben>\n<zustand zustand_art=\"GEPFLEGT\"\/>\n<energiepass>\n<epart>VERBRAUCH<\/epart>\n<waermewert>154,1<\/waermewert>\n<baujahr>2018<\/baujahr>\n<jahrgang>2014<\/jahrgang>\n<\/energiepass>\n<\/zustand_angaben>\n<bewertung\/>\n<infrastruktur\/>\n<freitexte>\n<objekttitel>PROVISIONSFREI: sofort verf&#xFC;gbar | 2. OG | Glasfaser | 2 Aufz&#xFC;ge<\/objekttitel>\n<lage>Die Liegenschaft befindet sich im rechtsrheinischen Stadtteil K&#xF6;ln-M&#xFC;lheim &#x2013; einem etablierten B&#xFC;ro- und Medienstandort. Die Anbindung an den &#xD6;PNV ist hervorragend: Die Stadtbahnlinien 3 und 4 (Haltestelle \"Stegerwaldsiedlung\") sind fu&#xDF;l&#xE4;ufig in wenigen Minuten erreichbar und bieten direkte Verbindungen zur Innenstadt und zum Hauptbahnhof.\n\nMit dem Auto ist die Anschlussstelle K&#xF6;ln-M&#xFC;lheim (A3) in etwa 5 Minuten erreichbar und erm&#xF6;glicht eine schnelle Anbindung an das &#xFC;berregionale Autobahnnetz (A3\/A4\/A59).\n\nZum K&#xF6;lner Hauptbahnhof f&#xE4;hrt man ca. 11 Minuten mit &#xD6;PNV oder PKW\n\n, zur Autobahn (ca. 5 Minuten\n\n. Der K&#xF6;ln\/Bonn Flughafen ist ca. 13 Minuten mit dem Auto entfernt. \n\nDie Umgebung bietet zudem eine gute Infrastruktur mit Restaurants, Caf&#xE9;s und Einkaufsm&#xF6;glichkeiten in fu&#xDF;l&#xE4;ufiger N&#xE4;he.\n\nBedeutende Unternehmen in der B&#xFC;romarktzone: Messe K&#xF6;ln, DB Schenker, T&#xDC;V NORD Akadamie K&#xF6;ln\n\nHotels in der Umgebung: Radisson Blu, Inis K&#xF6;ln Messe, Dorint Hotel, The Deutz<\/lage>\n<ausstatt_beschr>&#x2022; Glasfaseranschluss\n&#x2022; Bodenbelag nach Mieterwunsch\n&#x2022; flexible Aufteilung m&#xF6;glich<\/ausstatt_beschr>\n<objektbeschreibung>Die B&#xFC;rofl&#xE4;chen zeichnen sich durch ein flexibles Raumraster von 1,35?m und eine gro&#xDF;z&#xFC;gige Deckenh&#xF6;he von 2,80?m aus, was eine vielseitige und effiziente Fl&#xE4;chenaufteilung erm&#xF6;glicht. Die Fl&#xE4;chen sind klimatisiert und verf&#xFC;gen &#xFC;ber eine moderne Verkabelung &#xFC;ber Bodentanks, wodurch individuelle Arbeitsplatzkonzepte problemlos realisierbar sind. F&#xFC;r angenehme Lichtverh&#xE4;ltnisse sorgen innenliegende Sonnenschutzeinrichtungen sowie stilvolle Pendelleuchten, die eine hochwertige Beleuchtung bieten. Der Bodenbelag kann nach Mieterwunsch ausgew&#xE4;hlt werden und passt sich somit den gestalterischen Vorstellungen an. Zwei Personenaufz&#xFC;ge gew&#xE4;hrleisten eine komfortable Erschlie&#xDF;ung aller Etagen, ein Lastenaufzug ist nicht vorhanden. Ein Glasfaseranschluss sorgt f&#xFC;r eine zukunftssichere und leistungsf&#xE4;hige Internetanbindung. Insgesamt bieten die Fl&#xE4;chen ideale Voraussetzungen f&#xFC;r moderne und individuelle B&#xFC;roarbeitspl&#xE4;tze.\n\nFolgende Fl&#xE4;chen sind verf&#xFC;gbar:\n\n2.OG: 390 m&#xB2;, 16,50 EUR\/m&#xB2;, sofort verf&#xFC;gbar\n3.OG: 244 m&#xB2;, 16,50 EUR\/m&#xB2;, sofort verf&#xFC;gbar<\/objektbeschreibung><sonstige_angaben>Es gelten ausschlie&#xDF;lich unsere AGB (www.ruhr-real.de\/agb). Wir m&#xF6;chten Sie darauf hinweisen, dass die Angaben ausschlie&#xDF;lich auf den uns vom Eigent&#xFC;mer &#xFC;bermittelten Unterlagen und Informationen basieren. F&#xFC;r Richtigkeit und Vollst&#xE4;ndigkeit &#xFC;bernehmen wir keine Gew&#xE4;hr. Zwischenvermietung vorbehalten.<\/sonstige_angaben>\n<\/freitexte>\n<anhaenge>\n<anhang location=\"EXTERN\" gruppe=\"TITELBILD\">\n<anhangtitel>Au&#xDF;enansicht<\/anhangtitel>\n<format>jpg<\/format>\n<daten>\n<pfad>04de964ce96b4d5995268f0cecc49f84.jpg<\/pfad>\n<\/daten>\n<\/anhang>\n<anhang location=\"EXTERN\" gruppe=\"BILD\">\n<anhangtitel>Innenansicht<\/anhangtitel>\n<format>jpg<\/format>\n<daten>\n<pfad>f4af865b765641bc81b8397d3f84a99e.jpg<\/pfad>\n<\/daten>\n<\/anhang>\n<anhang location=\"EXTERN\" gruppe=\"BILD\">\n<anhangtitel>Innenansicht<\/anhangtitel>\n<format>jpg<\/format>\n<daten>\n<pfad>d72d22992a064ce0b5f1b23ffe3ac7a6.jpg<\/pfad>\n<\/daten>\n<\/anhang>\n<anhang location=\"EXTERN\" gruppe=\"BILD\">\n<anhangtitel>Innenansicht<\/anhangtitel>\n<format>jpg<\/format>\n<daten>\n<pfad>4f19d3a13d584248b2d14c9886fa6dad.jpg<\/pfad>\n<\/daten>\n<\/anhang>\n<anhang location=\"EXTERN\" gruppe=\"BILD\">\n<anhangtitel>Innenansicht<\/anhangtitel>\n<format>jpg<\/format>\n<daten>\n<pfad>62c413491d724876a15dd253b797fe59.jpg<\/pfad>\n<\/daten>\n<\/anhang>\n<anhang location=\"EXTERN\" gruppe=\"BILD\">\n<anhangtitel>Innenansicht<\/anhangtitel>\n<format>jpg<\/format>\n<daten>\n<pfad>5f79c3b590e5424792b72e586dd0f25a.jpg<\/pfad>\n<\/daten>\n<\/anhang>\n<\/anhaenge>\n<verwaltung_objekt>\n<objektadresse_freigeben>false<\/objektadresse_freigeben>\n<verfuegbar_ab>sofort verf&#xFC;gbar<\/verfuegbar_ab>\n<geschlecht\/>\n<\/verwaltung_objekt>\n<verwaltung_techn>\n<objektnr_intern>408220A00980493D9819CD6BEC1E5770<\/objektnr_intern>\n<objektnr_extern>4077\/E1<\/objektnr_extern>\n<aktion aktionart=\"CHANGE\"\/>\n<openimmo_obid>408220A00980493D9819CD6BEC1E5770<\/openimmo_obid>\n<kennung_ursprung>estatePro V10.0.0.8<\/kennung_ursprung>\n<stand_vom>2025-07-22<\/stand_vom>\n<\/verwaltung_techn>\n<user_defined_simplefield feldname=\"Startseite\">Nein<\/user_defined_simplefield>\n<\/immobilie>\n"],"_thumbnail_id":["159706"],"fave_property_images":["159706","159707","159708","159709","159710","159711"],"fave_floor_plans_enable":["disable"],"fave_prop_homeslider":["yes"],"fave_prop_slider_image":["159706"],"fave_agents":["156439"],"fave_agent_display_option":["agent_info"],"fave_single_top_area":["global"],"fave_single_content_area":["global"],"fave_property_map":["1"],"fave_property_map_street_view":["hide"],"fave_property_size_prefix":["m\u00b2"],"fave_property_land_postfix":["m\u00b2"],"fave_featured":["0"],"houzez_featured_listing_date":[""],"fave_property_price_postfix":["pro&nbsp;m\u00b2"],"fave_currency":["EUR"],"fave_currency_info":["a:8:{s:2:\"id\";s:1:\"1\";s:13:\"currency_name\";s:4:\"Euro\";s:13:\"currency_code\";s:3:\"EUR\";s:15:\"currency_symbol\";s:3:\"\u20ac\";s:17:\"currency_position\";s:5:\"after\";s:16:\"currency_decimal\";s:1:\"2\";s:26:\"currency_decimal_separator\";s:1:\",\";s:27:\"currency_thousand_separator\";s:1:\".\";}"],"houzez_total_property_views":["1284"],"houzez_views_by_date":["a:61:{s:10:\"02-27-2026\";i:6;s:10:\"02-28-2026\";i:4;s:10:\"03-01-2026\";i:4;s:10:\"03-02-2026\";i:4;s:10:\"03-03-2026\";i:4;s:10:\"03-04-2026\";i:6;s:10:\"03-05-2026\";i:4;s:10:\"03-06-2026\";i:4;s:10:\"03-07-2026\";i:4;s:10:\"03-08-2026\";i:4;s:10:\"03-09-2026\";i:4;s:10:\"03-10-2026\";i:4;s:10:\"03-11-2026\";i:6;s:10:\"03-12-2026\";i:7;s:10:\"03-13-2026\";i:4;s:10:\"03-14-2026\";i:4;s:10:\"03-15-2026\";i:4;s:10:\"03-16-2026\";i:2;s:10:\"03-17-2026\";i:10;s:10:\"03-18-2026\";i:6;s:10:\"03-19-2026\";i:4;s:10:\"03-20-2026\";i:6;s:10:\"03-21-2026\";i:4;s:10:\"03-22-2026\";i:4;s:10:\"03-23-2026\";i:4;s:10:\"03-24-2026\";i:4;s:10:\"03-25-2026\";i:4;s:10:\"03-26-2026\";i:6;s:10:\"03-27-2026\";i:4;s:10:\"03-28-2026\";i:4;s:10:\"03-29-2026\";i:4;s:10:\"03-30-2026\";i:6;s:10:\"03-31-2026\";i:4;s:10:\"04-01-2026\";i:9;s:10:\"04-02-2026\";i:9;s:10:\"04-03-2026\";i:8;s:10:\"04-04-2026\";i:8;s:10:\"04-05-2026\";i:8;s:10:\"04-06-2026\";i:8;s:10:\"04-07-2026\";i:12;s:10:\"04-08-2026\";i:6;s:10:\"04-09-2026\";i:8;s:10:\"04-10-2026\";i:8;s:10:\"04-11-2026\";i:6;s:10:\"04-12-2026\";i:10;s:10:\"04-13-2026\";i:8;s:10:\"04-14-2026\";i:8;s:10:\"04-15-2026\";i:8;s:10:\"04-16-2026\";i:8;s:10:\"04-17-2026\";i:8;s:10:\"04-18-2026\";i:8;s:10:\"04-19-2026\";i:8;s:10:\"04-20-2026\";i:9;s:10:\"04-21-2026\";i:8;s:10:\"04-22-2026\";i:8;s:10:\"04-23-2026\";i:8;s:10:\"04-24-2026\";i:8;s:10:\"04-25-2026\";i:8;s:10:\"04-26-2026\";i:8;s:10:\"04-27-2026\";i:8;s:10:\"04-28-2026\";i:4;}"],"houzez_recently_viewed":["2026-04-28 11:32:13"],"tp_widgets":["a:2:{s:7:\"widgets\";a:0:{}s:9:\"update_at\";s:10:\"1764682733\";}"],"_elementor_page_assets":["a:0:{}"]},"_links":{"self":[{"href":"https:\/\/ruhr-real.de\/en\/wp-json\/wp\/v2\/properties\/159705","targetHints":{"allow":["GET"]}}],"collection":[{"href":"https:\/\/ruhr-real.de\/en\/wp-json\/wp\/v2\/properties"}],"about":[{"href":"https:\/\/ruhr-real.de\/en\/wp-json\/wp\/v2\/types\/property"}],"author":[{"embeddable":true,"href":"https:\/\/ruhr-real.de\/en\/wp-json\/wp\/v2\/users\/1"}],"version-history":[{"count":0,"href":"https:\/\/ruhr-real.de\/en\/wp-json\/wp\/v2\/properties\/159705\/revisions"}],"wp:featuredmedia":[{"embeddable":true,"href":"https:\/\/ruhr-real.de\/en\/wp-json\/wp\/v2\/media\/159706"}],"wp:attachment":[{"href":"https:\/\/ruhr-real.de\/en\/wp-json\/wp\/v2\/media?parent=159705"}],"wp:term":[{"taxonomy":"property_type","embeddable":true,"href":"https:\/\/ruhr-real.de\/en\/wp-json\/wp\/v2\/property_type?post=159705"},{"taxonomy":"property_status","embeddable":true,"href":"https:\/\/ruhr-real.de\/en\/wp-json\/wp\/v2\/property_status?post=159705"},{"taxonomy":"property_feature","embeddable":true,"href":"https:\/\/ruhr-real.de\/en\/wp-json\/wp\/v2\/property_feature?post=159705"},{"taxonomy":"property_label","embeddable":true,"href":"https:\/\/ruhr-real.de\/en\/wp-json\/wp\/v2\/property_label?post=159705"},{"taxonomy":"property_country","embeddable":true,"href":"https:\/\/ruhr-real.de\/en\/wp-json\/wp\/v2\/property_country?post=159705"},{"taxonomy":"property_state","embeddable":true,"href":"https:\/\/ruhr-real.de\/en\/wp-json\/wp\/v2\/property_state?post=159705"},{"taxonomy":"property_city","embeddable":true,"href":"https:\/\/ruhr-real.de\/en\/wp-json\/wp\/v2\/property_city?post=159705"},{"taxonomy":"property_area","embeddable":true,"href":"https:\/\/ruhr-real.de\/en\/wp-json\/wp\/v2\/property_area?post=159705"}],"curies":[{"name":"wp","href":"https:\/\/api.w.org\/{rel}","templated":true}]}}