{"id":159716,"date":"2026-01-08T00:01:57","date_gmt":"2026-01-07T23:01:57","guid":{"rendered":"https:\/\/ruhr-real.de\/objekt\/provisionsfreie-bueroflaechen-pkw-stellplaetze-teilbar-ab-ca-100-m%c2%b2\/"},"modified":"2026-01-08T15:00:57","modified_gmt":"2026-01-08T14:00:57","slug":"provisionsfreie-bueroflaechen-pkw-stellplaetze-teilbar-ab-ca-100-m%c2%b2","status":"publish","type":"property","link":"https:\/\/ruhr-real.de\/en\/objekt\/provisionsfreie-bueroflaechen-pkw-stellplaetze-teilbar-ab-ca-100-m%c2%b2\/","title":{"rendered":"Provisionsfreie B\u00fcrofl\u00e4chen | PKW-Stellpl\u00e4tze | teilbar ab ca. 100 m\u00b2"},"content":{"rendered":"<p>Die B\u00fcrofl\u00e4chen sind funktional ausgestattet und bieten eine angenehme Arbeitsatmosph\u00e4re. Ein au\u00dfenliegender Sonnenschutz sorgt f\u00fcr effektiven Hitzeschutz und blendfreies Arbeiten, w\u00e4hrend ein hochwertiger Teppichboden zur Schalld\u00e4mmung und zum Komfort beitr\u00e4gt. Fensterbankkabelkan\u00e4le sowie eine vorhandene EDV-Verkabelung erm\u00f6glichen eine effiziente technische Infrastruktur. Die Beleuchtung erfolgt \u00fcber eine abgeh\u00e4ngte Decke mit integrierten Leuchtelementen, die f\u00fcr eine gleichm\u00e4\u00dfige Ausleuchtung der R\u00e4ume sorgt. Eine Teek\u00fcche steht zur gemeinschaftlichen Nutzung zur Verf\u00fcgung. Ein Aufzug ist im Geb\u00e4ude vorhanden, jedoch ausschlie\u00dflich in Haus 35. Parkm\u00f6glichkeiten bestehen wahlweise auf Au\u00dfenstellpl\u00e4tzen f\u00fcr 50 EUR oder in der Garage f\u00fcr 55 EUR pro Monat.<\/p>\n<p>Folgende Fl\u00e4chen sind verf\u00fcgbar:<\/p>\n<p>EG: 99 m\u00b2, 6,50 EUR\/m\u00b2, sofort verf\u00fcgbar<br \/>\n1.OG: 161 m\u00b2, 6,50 EUR\/m\u00b2, sofort verf\u00fcgbar<br \/>\n1.OG: 335 m\u00b2, 6,50 EUR\/m\u00b2, sofort verf\u00fcgbar<\/p>\n<p>1.OG: 445 m\u00b2, 6,50 EUR\/m\u00b2, sofort verf\u00fcgbar<br \/>\nZusammenh\u00e4ngend anmietbar: ca. 875 m\u00b2<\/p>\n<p>Das Objekt befindet sich in einem gut erschlossenen Gewerbegebiet im S\u00fcden K\u00f6lns mit hervorragender Verkehrsanbindung. Haltestellen des \u00f6ffentlichen Nahverkehrs sind in wenigen Gehminuten erreichbar und erm\u00f6glichen eine direkte Verbindung in Richtung Innenstadt und zu umliegenden Stadtteilen. Verschiedene gastronomische Angebote wie B\u00e4ckereien, Imbisse und Restaurants befinden sich in der n\u00e4heren Umgebung und sind teils fu\u00dfl\u00e4ufig erreichbar. Der K\u00f6lner Hauptbahnhof ist mit dem Auto in etwa 20 Minuten erreichbar, der Flughafen K\u00f6ln\/Bonn liegt nur rund 10 bis 15 Minuten entfernt. Die nahe gelegene Autobahnauffahrt sorgt f\u00fcr eine schnelle Anbindung an das regionale und \u00fcberregionale Stra\u00dfennetz, was die Lage insbesondere f\u00fcr Gewerbebetriebe attraktiv macht.<\/p>\n<p>\u2022 Teppichboden<br \/>\n\u2022 B\u00fcrofl\u00e4che mit viel Potenzial<br \/>\n\u2022 Au\u00dfenstellpl\u00e4tze &amp; Garage<\/p>\n<p>Es gelten ausschlie\u00dflich unsere AGB (www.ruhr-real.de\/agb). Die Halle ist nicht f\u00fcr Veranstaltungsr\u00e4ume geeignet. Wir m\u00f6chten Sie darauf hinweisen, dass die Angaben ausschlie\u00dflich auf den uns vom Eigent\u00fcmer \u00fcbermittelten Unterlagen und Informationen basieren. F\u00fcr Richtigkeit und Vollst\u00e4ndigkeit \u00fcbernehmen wir keine Gew\u00e4hr. Zwischenvermietung vorbehalten.<br \/>\n<div class=\"widget widget_immonex_user_defined_properties_widget\"><div class=\"immonex-widget immonex-widget-houzez\">\n\t\t<div class=\"immonex-widget-title clearfix\">\n\t\t<h2 class=\"widgettitle\">Energieeffizienz<\/h2>\t<\/div>\n\t\t<ul class=\"immonex-property-details row list-lined list-unstyled\">\n\t\t\t\t<li>\n\t\t\t<div class=\"list-lined-item w-100 d-flex justify-content-between py-2\">\n\t\t\t\t\t\t\t\t<strong class=\"property-details-label\">Energieausweis-Jahrgang:<\/strong>&nbsp;<span class=\"property-details-value\">not available<\/span>\n\t\t\t\t\t\t\t<\/div>\n\t\t<\/li>\n\t\t\t<\/ul>\n<\/div><\/div><\/p>\n","protected":false},"excerpt":{"rendered":"<p>Die B\u00fcrofl\u00e4chen sind funktional ausgestattet und bieten eine angenehme Arbeitsatmosph\u00e4re. Ein au\u00dfenliegender&#8230;<\/p>\n","protected":false},"author":1,"featured_media":175735,"parent":0,"menu_order":0,"template":"","property_type":[379],"property_status":[352],"property_feature":[354],"property_label":[],"property_country":[353],"property_state":[],"property_city":[336],"property_area":[],"class_list":["post-159716","property","type-property","status-publish","has-post-thumbnail","hentry","property_type-bueroflaechen","property_status-zu-vermieten","property_feature-personenaufzug","property_country-deutschland","property_city-koln"],"acf":[],"property_meta":{"_immonex_import_folder":["users\/RUHRREAL"],"_immonex_translation_id":["4346\/G2\/E2"],"_openimmo_obid":["4E0B7FEAE938474A8924A4FCF08FD05C"],"_is_immonex_import_property":["1"],"_immonex_is_reference":[""],"rank_math_internal_links_processed":["1"],"_immonex_post_status":["updated"],"fave_property_map_address":["51149 K\u00f6ln"],"fave_property_zip":["51149"],"fave_property_country":["DE"],"_immonex_lat":["50.8932751"],"_immonex_lng":["7.0556212"],"houzez_geolocation_lat":["50.8932751"],"houzez_geolocation_long":["7.0556212"],"fave_property_location":["50.8932751,7.0556212"],"fave_property_price":["6.50"],"fave_property_sec_price":["6.5000"],"fave_property_size":["99"],"fave_property_id":["4346\/G2\/E2"],"_fave_property_id":["4346\/G2\/E2"],"_immonex_iso_country":["DEU"],"_openimmo_anid":["0000"],"_immonex_group_number":[""],"_immonex_group_id":[""],"_immonex_group_master":[""],"_immonex_import_meta":["a:6:{s:8:\"zip_file\";s:131:\"\/www\/htdocs\/w0172e0e\/ruhr-real_2024\/wp-content\/uploads\/immonex-openimmo-import\/users\/RUHRREAL\/Immowelt_estatePro_20260108145915.zip\";s:8:\"xml_file\";s:158:\"\/www\/htdocs\/w0172e0e\/ruhr-real_2024\/wp-content\/uploads\/immonex-openimmo-import\/immowelt_estatepro_20260108145915\/Homepage_2024_NEW_estatePro20260108145915.xml\";s:12:\"mapping_file\";s:116:\"\/www\/htdocs\/w0172e0e\/ruhr-real_2024\/wp-content\/uploads\/immonex-openimmo-import\/mappings\/houzez_ruhrreal_18122023.csv\";s:9:\"timestamp\";i:1767880858;s:4:\"date\";s:10:\"2026-01-08\";s:4:\"time\";s:8:\"15:00:58\";}"],"_immonex_is_sold":[""],"_immonex_is_reserved":[""],"_immonex_is_available":["1"],"_immonex_areabutler_url_with_address":[""],"_immonex_areabutler_url_no_address":[""],"_immonex_areabutler_url":[""],"additional_features":["a:14:{i:0;a:2:{s:29:\"fave_additional_feature_title\";s:14:\"Nettokaltmiete\";s:29:\"fave_additional_feature_value\";s:13:\"6,50&nbsp;\u20ac\";}i:1;a:2:{s:29:\"fave_additional_feature_title\";s:9:\"Kaltmiete\";s:29:\"fave_additional_feature_value\";s:13:\"6,50&nbsp;\u20ac\";}i:2;a:2:{s:29:\"fave_additional_feature_title\";s:9:\"Warmmiete\";s:29:\"fave_additional_feature_value\";s:10:\"9&nbsp;\u20ac\";}i:3;a:2:{s:29:\"fave_additional_feature_title\";s:29:\"monatl. Betriebs-\/Nebenkosten\";s:29:\"fave_additional_feature_value\";s:13:\"2,50&nbsp;\u20ac\";}i:4;a:2:{s:29:\"fave_additional_feature_title\";s:33:\"Heizkosten in Warmmiete enthalten\";s:29:\"fave_additional_feature_value\";s:4:\"nein\";}i:5;a:2:{s:29:\"fave_additional_feature_title\";s:32:\"Preise zuz\u00fcglich Mehrwertsteuer\";s:29:\"fave_additional_feature_value\";s:4:\"nein\";}i:6;a:2:{s:29:\"fave_additional_feature_title\";s:23:\"Netto-Kaltmiete pro m\u00b2\";s:29:\"fave_additional_feature_value\";s:13:\"6,50&nbsp;\u20ac\";}i:7;a:2:{s:29:\"fave_additional_feature_title\";s:10:\"MwSt.-Satz\";s:29:\"fave_additional_feature_value\";s:9:\"19&nbsp;%\";}i:8;a:2:{s:29:\"fave_additional_feature_title\";s:12:\"B\u00fcrofl\u00e4che\";s:29:\"fave_additional_feature_value\";s:17:\"1.624,28&nbsp;m\u00b2\";}i:9;a:2:{s:29:\"fave_additional_feature_title\";s:16:\"B\u00fcroteilfl\u00e4che\";s:29:\"fave_additional_feature_value\";s:14:\"99,95&nbsp;m\u00b2\";}i:10;a:2:{s:29:\"fave_additional_feature_title\";s:10:\"Teilbar ab\";s:29:\"fave_additional_feature_value\";s:14:\"99,95&nbsp;m\u00b2\";}i:11;a:2:{s:29:\"fave_additional_feature_title\";s:13:\"Stellplatzart\";s:29:\"fave_additional_feature_value\";s:17:\"Garage, Freiplatz\";}i:12;a:2:{s:29:\"fave_additional_feature_title\";s:7:\"Zustand\";s:29:\"fave_additional_feature_value\";s:8:\"gepflegt\";}i:13;a:2:{s:29:\"fave_additional_feature_title\";s:27:\"Immobilie ist verf\u00fcgbar ab\";s:29:\"fave_additional_feature_value\";s:25:\"sofort\/ nach Vereinbarung\";}}"],"fave_additional_features_enable":["enable"],"_immonex_custom_fields":["a:1:{s:23:\"Energieausweis-Jahrgang\";a:5:{s:14:\"mapping_source\";s:38:\"zustand_angaben->energiepass->jahrgang\";s:4:\"name\";s:0:\"\";s:5:\"group\";s:5:\"epass\";s:5:\"value\";s:13:\"not available\";s:19:\"value_before_filter\";s:4:\"ohne\";}}"],"_immonex_property_xml_source":["<?xml version=\"1.0\"?>\n<immobilie>\n<objektkategorie>\n<nutzungsart WOHNEN=\"false\" GEWERBE=\"true\"\/>\n<vermarktungsart KAUF=\"false\" MIETE_PACHT=\"true\"\/>\n<objektart>\n<buero_praxen buero_typ=\"BUEROHAUS\"\/>\n<\/objektart>\n<user_defined_simplefield\/>\n<\/objektkategorie>\n<geo>\n<plz>51149<\/plz>\n<ort>K&#xF6;ln<\/ort>\n<strasse>Ettore-Bugatti-Stra&#xDF;e<\/strasse>\n<hausnummer>35-45<\/hausnummer>\n<land iso_land=\"DEU\"\/>\n<lage_im_bau\/>\n<\/geo>\n<kontaktperson>\n<email_zentrale>anfrage@ruhr-real.de<\/email_zentrale>\n<email_direkt>laufenberg@ruhr-real.de<\/email_direkt>\n<tel_durchw>+49 221 273 229 33<\/tel_durchw>\n<tel_handy>+49 162 1728000<\/tel_handy>\n<name>Laufenberg<\/name>\n<vorname>Lars<\/vorname>\n<anrede>Herr<\/anrede>\n<firma>RUHR REAL GmbH<\/firma>\n<strasse>Holsterhauser Platz<\/strasse>\n<hausnummer>2<\/hausnummer>\n<plz>45147<\/plz>\n<ort>Essen<\/ort>\n<adressfreigabe>true<\/adressfreigabe>\n<\/kontaktperson>\n<preise>\n<nettokaltmiete>6.50<\/nettokaltmiete>\n<kaltmiete>6.50<\/kaltmiete>\n<warmmiete>9.00<\/warmmiete>\n<nebenkosten>2.50<\/nebenkosten>\n<heizkosten_enthalten>false<\/heizkosten_enthalten>\n<zzg_mehrwertsteuer>false<\/zzg_mehrwertsteuer>\n<preis_zeiteinheit\/>\n<mietpreis_pro_qm>6.5000<\/mietpreis_pro_qm>\n<provisionspflichtig>false<\/provisionspflichtig>\n<waehrung iso_waehrung=\"EUR\"\/>\n<mwst_satz>19.00<\/mwst_satz>\n<stp_carport\/>\n<stp_duplex\/>\n<stp_freiplatz\/>\n<stp_garage\/>\n<stp_parkhaus\/>\n<stp_tiefgarage\/>\n<\/preise>\n<bieterverfahren\/>\n<versteigerung\/>\n<flaechen>\n<bueroflaeche>1624.28<\/bueroflaeche>\n<bueroteilflaeche>99.95<\/bueroteilflaeche>\n<teilbar_ab>99.95<\/teilbar_ab>\n<\/flaechen>\n<ausstattung>\n<bad\/>\n<kueche\/>\n<heizungsart\/>\n<befeuerung\/>\n<fahrstuhl PERSONEN=\"true\"\/>\n<stellplatzart FREIPLATZ=\"true\"\/>\n<stellplatzart GARAGE=\"true\"\/>\n<ausricht_balkon_terrasse\/>\n<angeschl_gastronomie\/>\n<sicherheitstechnik\/>\n<\/ausstattung>\n<zustand_angaben>\n<zustand zustand_art=\"GEPFLEGT\"\/>\n<energiepass>\n<jahrgang>ohne<\/jahrgang>\n<\/energiepass>\n<\/zustand_angaben>\n<bewertung\/>\n<infrastruktur\/>\n<freitexte>\n<objekttitel>Provisionsfreie B&#xFC;rofl&#xE4;chen | PKW-Stellpl&#xE4;tze | teilbar ab ca. 100 m&#xB2;<\/objekttitel>\n<lage>Das Objekt befindet sich in einem gut erschlossenen Gewerbegebiet im S&#xFC;den K&#xF6;lns mit hervorragender Verkehrsanbindung. Haltestellen des &#xF6;ffentlichen Nahverkehrs sind in wenigen Gehminuten erreichbar und erm&#xF6;glichen eine direkte Verbindung in Richtung Innenstadt und zu umliegenden Stadtteilen. Verschiedene gastronomische Angebote wie B&#xE4;ckereien, Imbisse und Restaurants befinden sich in der n&#xE4;heren Umgebung und sind teils fu&#xDF;l&#xE4;ufig erreichbar. Der K&#xF6;lner Hauptbahnhof ist mit dem Auto in etwa 20 Minuten erreichbar, der Flughafen K&#xF6;ln\/Bonn liegt nur rund 10 bis 15 Minuten entfernt. Die nahe gelegene Autobahnauffahrt sorgt f&#xFC;r eine schnelle Anbindung an das regionale und &#xFC;berregionale Stra&#xDF;ennetz, was die Lage insbesondere f&#xFC;r Gewerbebetriebe attraktiv macht.<\/lage>\n<ausstatt_beschr>&#x2022; Teppichboden\n&#x2022; B&#xFC;rofl&#xE4;che mit viel Potenzial\n&#x2022; Au&#xDF;enstellpl&#xE4;tze &amp; Garage<\/ausstatt_beschr>\n<objektbeschreibung>Die B&#xFC;rofl&#xE4;chen sind funktional ausgestattet und bieten eine angenehme Arbeitsatmosph&#xE4;re. Ein au&#xDF;enliegender Sonnenschutz sorgt f&#xFC;r effektiven Hitzeschutz und blendfreies Arbeiten, w&#xE4;hrend ein hochwertiger Teppichboden zur Schalld&#xE4;mmung und zum Komfort beitr&#xE4;gt. Fensterbankkabelkan&#xE4;le sowie eine vorhandene EDV-Verkabelung erm&#xF6;glichen eine effiziente technische Infrastruktur. Die Beleuchtung erfolgt &#xFC;ber eine abgeh&#xE4;ngte Decke mit integrierten Leuchtelementen, die f&#xFC;r eine gleichm&#xE4;&#xDF;ige Ausleuchtung der R&#xE4;ume sorgt. Eine Teek&#xFC;che steht zur gemeinschaftlichen Nutzung zur Verf&#xFC;gung. Ein Aufzug ist im Geb&#xE4;ude vorhanden, jedoch ausschlie&#xDF;lich in Haus 35. Parkm&#xF6;glichkeiten bestehen wahlweise auf Au&#xDF;enstellpl&#xE4;tzen f&#xFC;r 50 EUR oder in der Garage f&#xFC;r 55 EUR pro Monat.\n\nFolgende Fl&#xE4;chen sind verf&#xFC;gbar: \n\nEG: 99 m&#xB2;, 6,50 EUR\/m&#xB2;, sofort verf&#xFC;gbar\n1.OG: 161 m&#xB2;, 6,50 EUR\/m&#xB2;, sofort verf&#xFC;gbar\n1.OG: 335 m&#xB2;, 6,50 EUR\/m&#xB2;, sofort verf&#xFC;gbar\n\n1.OG: 445 m&#xB2;, 6,50 EUR\/m&#xB2;, sofort verf&#xFC;gbar\nZusammenh&#xE4;ngend anmietbar: ca. 875 m&#xB2;\n<\/objektbeschreibung><sonstige_angaben>Es gelten ausschlie&#xDF;lich unsere AGB (www.ruhr-real.de\/agb). Die Halle ist nicht f&#xFC;r Veranstaltungsr&#xE4;ume geeignet. Wir m&#xF6;chten Sie darauf hinweisen, dass die Angaben ausschlie&#xDF;lich auf den uns vom Eigent&#xFC;mer &#xFC;bermittelten Unterlagen und Informationen basieren. F&#xFC;r Richtigkeit und Vollst&#xE4;ndigkeit &#xFC;bernehmen wir keine Gew&#xE4;hr. Zwischenvermietung vorbehalten.<\/sonstige_angaben>\n<\/freitexte>\n<anhaenge>\n<anhang location=\"EXTERN\" gruppe=\"TITELBILD\">\n<anhangtitel>Au&#xDF;enansicht<\/anhangtitel>\n<format>JPG<\/format>\n<daten>\n<pfad>f0cc252047ee46aa9bab53dbeac432ff.JPG<\/pfad>\n<\/daten>\n<\/anhang>\n<anhang location=\"EXTERN\" gruppe=\"BILD\">\n<anhangtitel>Serverschrank<\/anhangtitel>\n<format>JPG<\/format>\n<daten>\n<pfad>212ad1f896854e768aa70e0d4e84edaa.JPG<\/pfad>\n<\/daten>\n<\/anhang>\n<anhang location=\"EXTERN\" gruppe=\"BILD\">\n<anhangtitel>Innenansicht<\/anhangtitel>\n<format>JPG<\/format>\n<daten>\n<pfad>81c09d45943443618a43682940b25cda.JPG<\/pfad>\n<\/daten>\n<\/anhang>\n<anhang location=\"EXTERN\" gruppe=\"BILD\">\n<anhangtitel>Innenansicht<\/anhangtitel>\n<format>JPG<\/format>\n<daten>\n<pfad>683d9d432ee842809db7a9fcfe9ef0b7.JPG<\/pfad>\n<\/daten>\n<\/anhang>\n<anhang location=\"EXTERN\" gruppe=\"BILD\">\n<anhangtitel>Innenansicht<\/anhangtitel>\n<format>JPG<\/format>\n<daten>\n<pfad>2057bef3270441169f6bb1564ae99fc0.JPG<\/pfad>\n<\/daten>\n<\/anhang>\n<anhang location=\"EXTERN\" gruppe=\"BILD\">\n<anhangtitel>Aufzug<\/anhangtitel>\n<format>JPG<\/format>\n<daten>\n<pfad>2d2430253f4746f9858c90ca7ee02de1.JPG<\/pfad>\n<\/daten>\n<\/anhang>\n<anhang location=\"EXTERN\" gruppe=\"BILD\">\n<anhangtitel>Flur<\/anhangtitel>\n<format>JPG<\/format>\n<daten>\n<pfad>28b8406eff4f4808aff4d0bce5e47d7b.JPG<\/pfad>\n<\/daten>\n<\/anhang>\n<anhang location=\"EXTERN\" gruppe=\"BILD\">\n<anhangtitel>Teek&#xFC;che<\/anhangtitel>\n<format>JPG<\/format>\n<daten>\n<pfad>a3eb2c9d50b445a99a8665203f785391.JPG<\/pfad>\n<\/daten>\n<\/anhang>\n<anhang location=\"EXTERN\" gruppe=\"BILD\">\n<anhangtitel>Sanit&#xE4;rbereich<\/anhangtitel>\n<format>JPG<\/format>\n<daten>\n<pfad>57adb3d7ceed4b6da3cd676b56d969b3.JPG<\/pfad>\n<\/daten>\n<\/anhang>\n<\/anhaenge>\n<verwaltung_objekt>\n<objektadresse_freigeben>false<\/objektadresse_freigeben>\n<verfuegbar_ab>sofort\/ nach Vereinbarung<\/verfuegbar_ab>\n<geschlecht\/>\n<\/verwaltung_objekt>\n<verwaltung_techn>\n<objektnr_intern>4E0B7FEAE938474A8924A4FCF08FD05C<\/objektnr_intern>\n<objektnr_extern>4346\/G2\/E2<\/objektnr_extern>\n<aktion aktionart=\"CHANGE\"\/>\n<openimmo_obid>4E0B7FEAE938474A8924A4FCF08FD05C<\/openimmo_obid>\n<kennung_ursprung>estatePro V10.0.0.8<\/kennung_ursprung>\n<stand_vom>2026-01-08<\/stand_vom>\n<\/verwaltung_techn>\n<user_defined_simplefield feldname=\"Startseite\">Nein<\/user_defined_simplefield>\n<\/immobilie>\n"],"_immonex_energy_class":[""],"_immonex_energy_class_id":["0"],"_thumbnail_id":["175735"],"fave_property_images":["175735","175736","175737","175738","175739","175740","175741","175742","175743"],"fave_floor_plans_enable":["disable"],"fave_prop_homeslider":["yes"],"fave_prop_slider_image":["175735"],"fave_agents":["156439"],"fave_agent_display_option":["agent_info"],"fave_single_top_area":["global"],"fave_single_content_area":["global"],"fave_property_map":["1"],"fave_property_map_street_view":["hide"],"fave_property_size_prefix":["m\u00b2"],"fave_property_land_postfix":["m\u00b2"],"fave_featured":["0"],"houzez_featured_listing_date":[""],"fave_property_price_postfix":["pro&nbsp;m\u00b2"],"fave_currency":["EUR"],"fave_currency_info":["a:8:{s:2:\"id\";s:1:\"1\";s:13:\"currency_name\";s:4:\"Euro\";s:13:\"currency_code\";s:3:\"EUR\";s:15:\"currency_symbol\";s:3:\"\u20ac\";s:17:\"currency_position\";s:5:\"after\";s:16:\"currency_decimal\";s:1:\"2\";s:26:\"currency_decimal_separator\";s:1:\",\";s:27:\"currency_thousand_separator\";s:1:\".\";}"],"houzez_total_property_views":["592"],"houzez_views_by_date":["a:61:{s:10:\"02-28-2026\";i:4;s:10:\"03-01-2026\";i:4;s:10:\"03-02-2026\";i:4;s:10:\"03-03-2026\";i:4;s:10:\"03-04-2026\";i:4;s:10:\"03-05-2026\";i:6;s:10:\"03-06-2026\";i:4;s:10:\"03-07-2026\";i:4;s:10:\"03-08-2026\";i:4;s:10:\"03-09-2026\";i:4;s:10:\"03-10-2026\";i:4;s:10:\"03-11-2026\";i:6;s:10:\"03-12-2026\";i:4;s:10:\"03-13-2026\";i:5;s:10:\"03-14-2026\";i:4;s:10:\"03-15-2026\";i:4;s:10:\"03-16-2026\";i:2;s:10:\"03-17-2026\";i:7;s:10:\"03-18-2026\";i:6;s:10:\"03-19-2026\";i:4;s:10:\"03-20-2026\";i:6;s:10:\"03-21-2026\";i:4;s:10:\"03-22-2026\";i:4;s:10:\"03-23-2026\";i:4;s:10:\"03-24-2026\";i:4;s:10:\"03-25-2026\";i:4;s:10:\"03-26-2026\";i:7;s:10:\"03-27-2026\";i:4;s:10:\"03-28-2026\";i:4;s:10:\"03-29-2026\";i:4;s:10:\"03-30-2026\";i:4;s:10:\"03-31-2026\";i:4;s:10:\"04-01-2026\";i:7;s:10:\"04-02-2026\";i:9;s:10:\"04-03-2026\";i:8;s:10:\"04-04-2026\";i:8;s:10:\"04-05-2026\";i:8;s:10:\"04-06-2026\";i:8;s:10:\"04-07-2026\";i:12;s:10:\"04-08-2026\";i:6;s:10:\"04-09-2026\";i:10;s:10:\"04-10-2026\";i:8;s:10:\"04-11-2026\";i:8;s:10:\"04-12-2026\";i:8;s:10:\"04-13-2026\";i:8;s:10:\"04-14-2026\";i:8;s:10:\"04-15-2026\";i:8;s:10:\"04-16-2026\";i:8;s:10:\"04-17-2026\";i:8;s:10:\"04-18-2026\";i:8;s:10:\"04-19-2026\";i:8;s:10:\"04-20-2026\";i:8;s:10:\"04-21-2026\";i:8;s:10:\"04-22-2026\";i:8;s:10:\"04-23-2026\";i:10;s:10:\"04-24-2026\";i:10;s:10:\"04-25-2026\";i:8;s:10:\"04-26-2026\";i:8;s:10:\"04-27-2026\";i:8;s:10:\"04-28-2026\";i:8;s:10:\"04-29-2026\";i:7;}"],"houzez_recently_viewed":["2026-04-29 13:34:14"],"tp_widgets":["a:2:{s:7:\"widgets\";a:0:{}s:9:\"update_at\";s:10:\"1764682733\";}"],"_elementor_page_assets":["a:0:{}"]},"_links":{"self":[{"href":"https:\/\/ruhr-real.de\/en\/wp-json\/wp\/v2\/properties\/159716","targetHints":{"allow":["GET"]}}],"collection":[{"href":"https:\/\/ruhr-real.de\/en\/wp-json\/wp\/v2\/properties"}],"about":[{"href":"https:\/\/ruhr-real.de\/en\/wp-json\/wp\/v2\/types\/property"}],"author":[{"embeddable":true,"href":"https:\/\/ruhr-real.de\/en\/wp-json\/wp\/v2\/users\/1"}],"version-history":[{"count":0,"href":"https:\/\/ruhr-real.de\/en\/wp-json\/wp\/v2\/properties\/159716\/revisions"}],"wp:featuredmedia":[{"embeddable":true,"href":"https:\/\/ruhr-real.de\/en\/wp-json\/wp\/v2\/media\/175735"}],"wp:attachment":[{"href":"https:\/\/ruhr-real.de\/en\/wp-json\/wp\/v2\/media?parent=159716"}],"wp:term":[{"taxonomy":"property_type","embeddable":true,"href":"https:\/\/ruhr-real.de\/en\/wp-json\/wp\/v2\/property_type?post=159716"},{"taxonomy":"property_status","embeddable":true,"href":"https:\/\/ruhr-real.de\/en\/wp-json\/wp\/v2\/property_status?post=159716"},{"taxonomy":"property_feature","embeddable":true,"href":"https:\/\/ruhr-real.de\/en\/wp-json\/wp\/v2\/property_feature?post=159716"},{"taxonomy":"property_label","embeddable":true,"href":"https:\/\/ruhr-real.de\/en\/wp-json\/wp\/v2\/property_label?post=159716"},{"taxonomy":"property_country","embeddable":true,"href":"https:\/\/ruhr-real.de\/en\/wp-json\/wp\/v2\/property_country?post=159716"},{"taxonomy":"property_state","embeddable":true,"href":"https:\/\/ruhr-real.de\/en\/wp-json\/wp\/v2\/property_state?post=159716"},{"taxonomy":"property_city","embeddable":true,"href":"https:\/\/ruhr-real.de\/en\/wp-json\/wp\/v2\/property_city?post=159716"},{"taxonomy":"property_area","embeddable":true,"href":"https:\/\/ruhr-real.de\/en\/wp-json\/wp\/v2\/property_area?post=159716"}],"curies":[{"name":"wp","href":"https:\/\/api.w.org\/{rel}","templated":true}]}}