{"id":160021,"date":"2025-07-25T00:01:23","date_gmt":"2025-07-24T22:01:23","guid":{"rendered":"https:\/\/ruhr-real.de\/objekt\/einladende-bueroflaechen-mit-optimaler-verkehrsanbindung\/"},"modified":"2025-07-25T00:01:23","modified_gmt":"2025-07-24T22:01:23","slug":"einladende-bueroflaechen-mit-optimaler-verkehrsanbindung","status":"publish","type":"property","link":"https:\/\/ruhr-real.de\/en\/objekt\/einladende-bueroflaechen-mit-optimaler-verkehrsanbindung\/","title":{"rendered":"Einladende B\u00fcrofl\u00e4chen mit optimaler Verkehrsanbindung"},"content":{"rendered":"<p>Dieser attraktive Geb\u00e4udekomplex bietet helle und individuell anpassbare B\u00fcrofl\u00e4chen auf verschiedenen Etagen.<br \/>\nDie Liegenschaft verf\u00fcgt \u00fcber hohe technische Standards und ist umz\u00e4unt.<br \/>\nDie vorzufindende und repr\u00e4sentative Mieterstruktur umfasst diverse Branchen. Im Erdgeschoss ist eine f\u00fcr alle Mieter zug\u00e4ngliche Kantine sowie ein Empfang mit Post-Service vorzufinden.<\/p>\n<p>Derzeit stehen folgende Fl\u00e4chen zur Disposition:<\/p>\n<p>EG: 2.070 m\u00b2<br \/>\n1. OG: 582 m\u00b2<br \/>\n3. OG: 898 m\u00b2<\/p>\n<p>Die angebotene Gewerbeimmobilie liegt in einem etablierten Gewerbegebiet im S\u00fcden von Ratingen.<br \/>\nDie Anbindung an den \u00d6PNV ist sehr gut: Bushaltestellen befinden sich in fu\u00dfl\u00e4ufiger Entfernung, der S-Bahnhof &#8220;Ratingen Ost&#8221; ist in wenigen Minuten erreichbar.<br \/>\nDer D\u00fcsseldorfer Flughafen ist in ca. 10\u201315 Minuten mit dem Auto erreichbar.<br \/>\nDurch die direkte N\u00e4he zur A44 sowie zur A3 und A52 besteht eine ausgezeichnete Anbindung an das \u00fcberregionale Stra\u00dfennetz.<br \/>\nEinkaufsm\u00f6glichkeiten und Gastronomie befinden sich im nahegelegenen Stadtzentrum von Ratingen sowie im nahegelegenen Ratinger West-Zentrum.<\/p>\n<p>Hotels in der N\u00e4he: Hotel Bergischer Hof, Guestified Liyana Hotel, Centralhotel Ratingen<\/p>\n<p>\u2022 Sonnenschutz: au\u00dfenliegend, elektrisch<br \/>\n\u2022 Vinyl- &amp; Teppichboden<br \/>\n\u2022 teilweise Klimatisierung vorhanden \/ nachr\u00fcstbar<br \/>\n\u2022 Glasfaser-Verkabelung vorhanden<br \/>\n\u2022 Kabelf\u00fchrung: Bodentanks &amp; Kabelkan\u00e4le<br \/>\n\u2022 LED-Beleuchtung<br \/>\n\u2022 Teek\u00fcche vorhanden<br \/>\n\u2022 Personenaufz\u00fcge vorhanden<br \/>\n\u2022 ebenerdiger Zugang<br \/>\n\u2022 Kantine im Geb\u00e4ude<br \/>\n\u2022 besetzter Empfang<br \/>\n\u2022 Kamerakontrolle der Au\u00dfenfl\u00e4che<\/p>\n<p>Die Ausstattung kann bei Bedarf angepasst werden!<\/p>\n<p>Es gelten ausschlie\u00dflich unsere AGB (www.ruhr-real.de\/agb). Wir m\u00f6chten Sie darauf hinweisen, dass die Angaben ausschlie\u00dflich auf den uns vom Eigent\u00fcmer \u00fcbermittelten Unterlagen und Informationen basieren. F\u00fcr Richtigkeit und Vollst\u00e4ndigkeit \u00fcbernehmen wir keine Gew\u00e4hr. Zwischenvermietung vorbehalten.<br \/>\n<\/p>\n","protected":false},"excerpt":{"rendered":"<p>Dieser attraktive Geb\u00e4udekomplex bietet helle und individuell anpassbare B\u00fcrofl\u00e4chen auf verschiedenen Etagen. Die&#8230;<\/p>\n","protected":false},"author":1,"featured_media":160022,"parent":0,"menu_order":0,"template":"","property_type":[379],"property_status":[352],"property_feature":[],"property_label":[],"property_country":[353],"property_state":[],"property_city":[432],"property_area":[],"class_list":["post-160021","property","type-property","status-publish","has-post-thumbnail","hentry","property_type-bueroflaechen","property_status-zu-vermieten","property_country-deutschland","property_city-ratingen"],"acf":[],"property_meta":{"rank_math_internal_links_processed":["1"],"_immonex_import_folder":["users\/RUHRREAL"],"fave_property_map_address":["40880  Ratingen"],"fave_property_zip":["40880 "],"fave_property_country":["DE"],"_immonex_lat":["51.29023965"],"_immonex_lng":["6.81330287814"],"houzez_geolocation_lat":["51.29023965"],"houzez_geolocation_long":["6.81330287814"],"fave_property_location":["51.29023965,6.81330287814"],"fave_property_size":["430"],"fave_property_year":["1992"],"fave_property_id":["4255\/E4"],"_immonex_translation_id":["4255\/E4"],"_immonex_iso_country":["DEU"],"_openimmo_obid":["3187253DB39549C98D61C36C4A645586"],"_openimmo_anid":["0000"],"_immonex_group_number":[""],"_immonex_group_id":[""],"_immonex_group_master":[""],"_immonex_import_meta":["a:6:{s:8:\"zip_file\";s:131:\"\/www\/htdocs\/w0172e0e\/ruhr-real_2024\/wp-content\/uploads\/immonex-openimmo-import\/users\/RUHRREAL\/Immowelt_estatePro_20250725150632.zip\";s:8:\"xml_file\";s:158:\"\/www\/htdocs\/w0172e0e\/ruhr-real_2024\/wp-content\/uploads\/immonex-openimmo-import\/immowelt_estatepro_20250725150632\/Homepage_2024_NEW_estatePro20250725150632.xml\";s:12:\"mapping_file\";s:116:\"\/www\/htdocs\/w0172e0e\/ruhr-real_2024\/wp-content\/uploads\/immonex-openimmo-import\/mappings\/houzez_ruhrreal_18122023.csv\";s:9:\"timestamp\";i:1753448844;s:4:\"date\";s:10:\"2025-07-25\";s:4:\"time\";s:8:\"15:07:24\";}"],"_is_immonex_import_property":["1"],"_immonex_is_reference":[""],"_immonex_is_sold":[""],"_immonex_is_reserved":[""],"_immonex_is_available":["1"],"additional_features":["a:9:{i:0;a:2:{s:29:\"fave_additional_feature_title\";s:33:\"Heizkosten in Warmmiete enthalten\";s:29:\"fave_additional_feature_value\";s:4:\"nein\";}i:1;a:2:{s:29:\"fave_additional_feature_title\";s:32:\"Preise zuz\u00fcglich Mehrwertsteuer\";s:29:\"fave_additional_feature_value\";s:4:\"nein\";}i:2;a:2:{s:29:\"fave_additional_feature_title\";s:10:\"MwSt.-Satz\";s:29:\"fave_additional_feature_value\";s:9:\"19&nbsp;%\";}i:3;a:2:{s:29:\"fave_additional_feature_title\";s:12:\"B\u00fcrofl\u00e4che\";s:29:\"fave_additional_feature_value\";s:12:\"898&nbsp;m\u00b2\";}i:4;a:2:{s:29:\"fave_additional_feature_title\";s:16:\"B\u00fcroteilfl\u00e4che\";s:29:\"fave_additional_feature_value\";s:12:\"430&nbsp;m\u00b2\";}i:5;a:2:{s:29:\"fave_additional_feature_title\";s:10:\"Teilbar ab\";s:29:\"fave_additional_feature_value\";s:12:\"430&nbsp;m\u00b2\";}i:6;a:2:{s:29:\"fave_additional_feature_title\";s:13:\"Stellplatzart\";s:29:\"fave_additional_feature_value\";s:21:\"Tiefgarage, Freiplatz\";}i:7;a:2:{s:29:\"fave_additional_feature_title\";s:7:\"Zustand\";s:29:\"fave_additional_feature_value\";s:8:\"gepflegt\";}i:8;a:2:{s:29:\"fave_additional_feature_title\";s:27:\"Immobilie ist verf\u00fcgbar ab\";s:29:\"fave_additional_feature_value\";s:17:\"nach Vereinbarung\";}}"],"fave_additional_features_enable":["enable"],"_immonex_property_xml_source":["<?xml version=\"1.0\"?>\n<immobilie>\n<objektkategorie>\n<nutzungsart WOHNEN=\"false\" GEWERBE=\"true\"\/>\n<vermarktungsart KAUF=\"false\" MIETE_PACHT=\"true\"\/>\n<objektart>\n<buero_praxen buero_typ=\"BUEROHAUS\"\/>\n<\/objektart>\n<user_defined_simplefield\/>\n<\/objektkategorie>\n<geo>\n<plz>40880 <\/plz>\n<ort>Ratingen<\/ort>\n<strasse>Pempelfurtstra&#xDF;e<\/strasse>\n<hausnummer>1<\/hausnummer>\n<land iso_land=\"DEU\"\/>\n<lage_im_bau\/>\n<\/geo>\n<kontaktperson>\n<email_zentrale>anfrage@ruhr-real.de<\/email_zentrale>\n<email_direkt>schuerk@ruhr-real.de<\/email_direkt>\n<tel_durchw>+49 201 99996333<\/tel_durchw>\n<tel_handy>+49 162 4192000<\/tel_handy>\n<name>Sch&#xFC;rk<\/name>\n<vorname>Christopher<\/vorname>\n<anrede>Herr<\/anrede>\n<firma>RUHR REAL GmbH<\/firma>\n<strasse>Holsterhauser Platz<\/strasse>\n<hausnummer>2<\/hausnummer>\n<plz>45147<\/plz>\n<ort>Essen<\/ort>\n<adressfreigabe>true<\/adressfreigabe>\n<\/kontaktperson>\n<preise>\n<heizkosten_enthalten>false<\/heizkosten_enthalten>\n<zzg_mehrwertsteuer>false<\/zzg_mehrwertsteuer>\n<preis_zeiteinheit\/>\n<provisionspflichtig>false<\/provisionspflichtig>\n<waehrung iso_waehrung=\"EUR\"\/>\n<mwst_satz>19.00<\/mwst_satz>\n<stp_carport\/>\n<stp_duplex\/>\n<stp_freiplatz\/>\n<stp_garage\/>\n<stp_parkhaus\/>\n<stp_tiefgarage\/>\n<\/preise>\n<bieterverfahren\/>\n<versteigerung\/>\n<flaechen>\n<bueroflaeche>898<\/bueroflaeche>\n<bueroteilflaeche>430<\/bueroteilflaeche>\n<teilbar_ab>430<\/teilbar_ab>\n<anzahl_stellplaetze type=\"xsd:decimal\">300<\/anzahl_stellplaetze>\n<\/flaechen>\n<ausstattung>\n<bad\/>\n<kueche\/>\n<heizungsart\/>\n<befeuerung\/>\n<fahrstuhl\/>\n<stellplatzart FREIPLATZ=\"true\"\/>\n<stellplatzart TIEFGARAGE=\"true\"\/>\n<ausricht_balkon_terrasse\/>\n<angeschl_gastronomie\/>\n<sicherheitstechnik\/>\n<\/ausstattung>\n<zustand_angaben>\n<baujahr>1992<\/baujahr>\n<zustand zustand_art=\"GEPFLEGT\"\/>\n<\/zustand_angaben>\n<bewertung\/>\n<infrastruktur\/>\n<freitexte>\n<objekttitel>Einladende B&#xFC;rofl&#xE4;chen mit optimaler Verkehrsanbindung<\/objekttitel>\n<lage>Die angebotene Gewerbeimmobilie liegt in einem etablierten Gewerbegebiet im S&#xFC;den von Ratingen. \nDie Anbindung an den &#xD6;PNV ist sehr gut: Bushaltestellen befinden sich in fu&#xDF;l&#xE4;ufiger Entfernung, der S-Bahnhof \"Ratingen Ost\" ist in wenigen Minuten erreichbar. \nDer D&#xFC;sseldorfer Flughafen ist in ca. 10&#x2013;15 Minuten mit dem Auto erreichbar. \nDurch die direkte N&#xE4;he zur A44 sowie zur A3 und A52 besteht eine ausgezeichnete Anbindung an das &#xFC;berregionale Stra&#xDF;ennetz. \nEinkaufsm&#xF6;glichkeiten und Gastronomie befinden sich im nahegelegenen Stadtzentrum von Ratingen sowie im nahegelegenen Ratinger West-Zentrum.\n\nHotels in der N&#xE4;he: Hotel Bergischer Hof, Guestified Liyana Hotel, Centralhotel Ratingen<\/lage>\n<ausstatt_beschr>&#x2022; Sonnenschutz: au&#xDF;enliegend, elektrisch\n&#x2022; Vinyl- &amp; Teppichboden\n&#x2022; teilweise Klimatisierung vorhanden \/ nachr&#xFC;stbar\n&#x2022; Glasfaser-Verkabelung vorhanden\n&#x2022; Kabelf&#xFC;hrung: Bodentanks &amp; Kabelkan&#xE4;le\n&#x2022; LED-Beleuchtung\n&#x2022; Teek&#xFC;che vorhanden\n&#x2022; Personenaufz&#xFC;ge vorhanden\n&#x2022; ebenerdiger Zugang\n&#x2022; Kantine im Geb&#xE4;ude\n&#x2022; besetzter Empfang\n&#x2022; Kamerakontrolle der Au&#xDF;enfl&#xE4;che\n\nDie Ausstattung kann bei Bedarf angepasst werden!<\/ausstatt_beschr>\n<objektbeschreibung>Dieser attraktive Geb&#xE4;udekomplex bietet helle und individuell anpassbare B&#xFC;rofl&#xE4;chen auf verschiedenen Etagen.\nDie Liegenschaft verf&#xFC;gt &#xFC;ber hohe technische Standards und ist umz&#xE4;unt. \nDie vorzufindende und repr&#xE4;sentative Mieterstruktur umfasst diverse Branchen. Im Erdgeschoss ist eine f&#xFC;r alle Mieter zug&#xE4;ngliche Kantine sowie ein Empfang mit Post-Service vorzufinden.\n\nDerzeit stehen folgende Fl&#xE4;chen zur Disposition:\n\nEG: 2.070 m&#xB2;\n1. OG: 582 m&#xB2;\n3. OG: 898 m&#xB2;<\/objektbeschreibung>\n<sonstige_angaben>Es gelten ausschlie&#xDF;lich unsere AGB (www.ruhr-real.de\/agb). Wir m&#xF6;chten Sie darauf hinweisen, dass die Angaben ausschlie&#xDF;lich auf den uns vom Eigent&#xFC;mer &#xFC;bermittelten Unterlagen und Informationen basieren. F&#xFC;r Richtigkeit und Vollst&#xE4;ndigkeit &#xFC;bernehmen wir keine Gew&#xE4;hr. Zwischenvermietung vorbehalten.<\/sonstige_angaben><\/freitexte>\n<anhaenge>\n<anhang location=\"EXTERN\" gruppe=\"TITELBILD\">\n<anhangtitel>Au&#xDF;enansicht<\/anhangtitel>\n<format>jpg<\/format>\n<daten>\n<pfad>fc009881ff22473d84d78bfdc2ce2c27.jpg<\/pfad>\n<\/daten>\n<\/anhang>\n<anhang location=\"EXTERN\" gruppe=\"BILD\">\n<anhangtitel>Au&#xDF;enansicht<\/anhangtitel>\n<format>jpg<\/format>\n<daten>\n<pfad>ddcab4654b9243b39a861ed7ba9137da.jpg<\/pfad>\n<\/daten>\n<\/anhang>\n<anhang location=\"EXTERN\" gruppe=\"BILD\">\n<anhangtitel>Lobby<\/anhangtitel>\n<format>jpg<\/format>\n<daten>\n<pfad>7787606732af4ec394f34b5c3eeb7d74.jpg<\/pfad>\n<\/daten>\n<\/anhang>\n<anhang location=\"EXTERN\" gruppe=\"BILD\">\n<anhangtitel>Innenansicht B&#xFC;ro<\/anhangtitel>\n<format>jpg<\/format>\n<daten>\n<pfad>46afabc1e3f74fcda5cac552029721c0.jpg<\/pfad>\n<\/daten>\n<\/anhang>\n<anhang location=\"EXTERN\" gruppe=\"BILD\">\n<anhangtitel>Innenansicht B&#xFC;ro<\/anhangtitel>\n<format>jpg<\/format>\n<daten>\n<pfad>571366d6204443da80d076f303b48894.jpg<\/pfad>\n<\/daten>\n<\/anhang>\n<anhang location=\"EXTERN\" gruppe=\"BILD\">\n<anhangtitel>Innenansicht B&#xFC;ro<\/anhangtitel>\n<format>jpg<\/format>\n<daten>\n<pfad>78dca96405a64959aa877fdee2f49993.jpg<\/pfad>\n<\/daten>\n<\/anhang>\n<anhang location=\"EXTERN\" gruppe=\"BILD\">\n<anhangtitel>K&#xFC;che<\/anhangtitel>\n<format>jpg<\/format>\n<daten>\n<pfad>1549118d4de24d43a5a1a16c6cf3bbb6.jpg<\/pfad>\n<\/daten>\n<\/anhang>\n<anhang location=\"EXTERN\" gruppe=\"BILD\">\n<anhangtitel>Innenansicht B&#xFC;ro<\/anhangtitel>\n<format>jpg<\/format>\n<daten>\n<pfad>3a22906f3d91409cae815dc747e0d42a.jpg<\/pfad>\n<\/daten>\n<\/anhang>\n<anhang location=\"EXTERN\" gruppe=\"GRUNDRISS\">\n<anhangtitel>3. OG<\/anhangtitel>\n<format>png<\/format>\n<daten>\n<pfad>23d9ea48cf184dd6999eedc2c79621b8.png<\/pfad>\n<\/daten>\n<\/anhang>\n<\/anhaenge>\n<verwaltung_objekt>\n<objektadresse_freigeben>false<\/objektadresse_freigeben>\n<verfuegbar_ab>nach Vereinbarung<\/verfuegbar_ab>\n<geschlecht\/>\n<\/verwaltung_objekt>\n<verwaltung_techn>\n<objektnr_intern>3187253DB39549C98D61C36C4A645586<\/objektnr_intern>\n<objektnr_extern>4255\/E4<\/objektnr_extern>\n<aktion aktionart=\"CHANGE\"\/>\n<openimmo_obid>3187253DB39549C98D61C36C4A645586<\/openimmo_obid>\n<kennung_ursprung>estatePro V10.0.0.8<\/kennung_ursprung>\n<stand_vom>2025-07-25<\/stand_vom>\n<\/verwaltung_techn>\n<user_defined_simplefield feldname=\"Startseite\">Nein<\/user_defined_simplefield>\n<\/immobilie>\n"],"_thumbnail_id":["160022"],"fave_property_images":["160022","160023","160024","160025","160026","160027","160028","160029"],"fave_floor_plans_enable":["enable"],"floor_plans":["a:1:{i:0;a:7:{s:15:\"fave_plan_title\";s:5:\"3. OG\";s:15:\"fave_plan_rooms\";s:0:\"\";s:19:\"fave_plan_bathrooms\";s:0:\"\";s:15:\"fave_plan_price\";s:0:\"\";s:14:\"fave_plan_size\";s:0:\"\";s:15:\"fave_plan_image\";s:84:\"https:\/\/ruhr-real.de\/wp-content\/uploads\/2025\/07\/23d9ea48cf184dd6999eedc2c79621b8.png\";s:21:\"fave_plan_description\";s:0:\"\";}}"],"fave_prop_homeslider":["yes"],"fave_prop_slider_image":["160022"],"fave_agents":["111285"],"fave_agent_display_option":["agent_info"],"fave_single_top_area":["global"],"fave_single_content_area":["global"],"fave_property_price":["0"],"fave_property_map":["1"],"fave_property_map_street_view":["hide"],"fave_property_size_prefix":["m\u00b2"],"fave_property_land_postfix":["m\u00b2"],"fave_featured":["0"],"houzez_featured_listing_date":[""],"fave_currency":["EUR"],"fave_currency_info":["a:8:{s:2:\"id\";s:1:\"1\";s:13:\"currency_name\";s:4:\"Euro\";s:13:\"currency_code\";s:3:\"EUR\";s:15:\"currency_symbol\";s:3:\"\u20ac\";s:17:\"currency_position\";s:5:\"after\";s:16:\"currency_decimal\";s:1:\"2\";s:26:\"currency_decimal_separator\";s:1:\",\";s:27:\"currency_thousand_separator\";s:1:\".\";}"],"houzez_total_property_views":["1281"],"houzez_views_by_date":["a:61:{s:10:\"02-28-2026\";i:4;s:10:\"03-01-2026\";i:4;s:10:\"03-02-2026\";i:4;s:10:\"03-03-2026\";i:4;s:10:\"03-04-2026\";i:6;s:10:\"03-05-2026\";i:4;s:10:\"03-06-2026\";i:4;s:10:\"03-07-2026\";i:4;s:10:\"03-08-2026\";i:4;s:10:\"03-09-2026\";i:4;s:10:\"03-10-2026\";i:4;s:10:\"03-11-2026\";i:6;s:10:\"03-12-2026\";i:6;s:10:\"03-13-2026\";i:4;s:10:\"03-14-2026\";i:4;s:10:\"03-15-2026\";i:4;s:10:\"03-16-2026\";i:2;s:10:\"03-17-2026\";i:10;s:10:\"03-18-2026\";i:6;s:10:\"03-19-2026\";i:4;s:10:\"03-20-2026\";i:6;s:10:\"03-21-2026\";i:4;s:10:\"03-22-2026\";i:4;s:10:\"03-23-2026\";i:4;s:10:\"03-24-2026\";i:4;s:10:\"03-25-2026\";i:4;s:10:\"03-26-2026\";i:6;s:10:\"03-27-2026\";i:4;s:10:\"03-28-2026\";i:4;s:10:\"03-29-2026\";i:4;s:10:\"03-30-2026\";i:6;s:10:\"03-31-2026\";i:4;s:10:\"04-01-2026\";i:13;s:10:\"04-02-2026\";i:8;s:10:\"04-03-2026\";i:8;s:10:\"04-04-2026\";i:8;s:10:\"04-05-2026\";i:8;s:10:\"04-06-2026\";i:8;s:10:\"04-07-2026\";i:11;s:10:\"04-08-2026\";i:7;s:10:\"04-09-2026\";i:8;s:10:\"04-10-2026\";i:8;s:10:\"04-11-2026\";i:6;s:10:\"04-12-2026\";i:8;s:10:\"04-13-2026\";i:8;s:10:\"04-14-2026\";i:8;s:10:\"04-15-2026\";i:8;s:10:\"04-16-2026\";i:8;s:10:\"04-17-2026\";i:8;s:10:\"04-18-2026\";i:8;s:10:\"04-19-2026\";i:8;s:10:\"04-20-2026\";i:8;s:10:\"04-21-2026\";i:8;s:10:\"04-22-2026\";i:8;s:10:\"04-23-2026\";i:8;s:10:\"04-24-2026\";i:8;s:10:\"04-25-2026\";i:8;s:10:\"04-26-2026\";i:8;s:10:\"04-27-2026\";i:8;s:10:\"04-28-2026\";i:6;s:10:\"04-29-2026\";i:9;}"],"houzez_recently_viewed":["2026-04-29 14:13:10"],"tp_widgets":["a:2:{s:7:\"widgets\";a:0:{}s:9:\"update_at\";s:10:\"1764682733\";}"],"fave_show_price_placeholder":["1"],"_elementor_page_assets":["a:0:{}"]},"_links":{"self":[{"href":"https:\/\/ruhr-real.de\/en\/wp-json\/wp\/v2\/properties\/160021","targetHints":{"allow":["GET"]}}],"collection":[{"href":"https:\/\/ruhr-real.de\/en\/wp-json\/wp\/v2\/properties"}],"about":[{"href":"https:\/\/ruhr-real.de\/en\/wp-json\/wp\/v2\/types\/property"}],"author":[{"embeddable":true,"href":"https:\/\/ruhr-real.de\/en\/wp-json\/wp\/v2\/users\/1"}],"version-history":[{"count":0,"href":"https:\/\/ruhr-real.de\/en\/wp-json\/wp\/v2\/properties\/160021\/revisions"}],"wp:featuredmedia":[{"embeddable":true,"href":"https:\/\/ruhr-real.de\/en\/wp-json\/wp\/v2\/media\/160022"}],"wp:attachment":[{"href":"https:\/\/ruhr-real.de\/en\/wp-json\/wp\/v2\/media?parent=160021"}],"wp:term":[{"taxonomy":"property_type","embeddable":true,"href":"https:\/\/ruhr-real.de\/en\/wp-json\/wp\/v2\/property_type?post=160021"},{"taxonomy":"property_status","embeddable":true,"href":"https:\/\/ruhr-real.de\/en\/wp-json\/wp\/v2\/property_status?post=160021"},{"taxonomy":"property_feature","embeddable":true,"href":"https:\/\/ruhr-real.de\/en\/wp-json\/wp\/v2\/property_feature?post=160021"},{"taxonomy":"property_label","embeddable":true,"href":"https:\/\/ruhr-real.de\/en\/wp-json\/wp\/v2\/property_label?post=160021"},{"taxonomy":"property_country","embeddable":true,"href":"https:\/\/ruhr-real.de\/en\/wp-json\/wp\/v2\/property_country?post=160021"},{"taxonomy":"property_state","embeddable":true,"href":"https:\/\/ruhr-real.de\/en\/wp-json\/wp\/v2\/property_state?post=160021"},{"taxonomy":"property_city","embeddable":true,"href":"https:\/\/ruhr-real.de\/en\/wp-json\/wp\/v2\/property_city?post=160021"},{"taxonomy":"property_area","embeddable":true,"href":"https:\/\/ruhr-real.de\/en\/wp-json\/wp\/v2\/property_area?post=160021"}],"curies":[{"name":"wp","href":"https:\/\/api.w.org\/{rel}","templated":true}]}}