{"id":160883,"date":"2025-08-12T00:01:41","date_gmt":"2025-08-11T22:01:41","guid":{"rendered":"https:\/\/ruhr-real.de\/objekt\/einmalige-gelegenheit-arbeiten-im-schloss-von-merveldt\/"},"modified":"2025-08-12T15:29:41","modified_gmt":"2025-08-12T13:29:41","slug":"einmalige-gelegenheit-arbeiten-im-schloss-von-merveldt","status":"publish","type":"property","link":"https:\/\/ruhr-real.de\/en\/objekt\/einmalige-gelegenheit-arbeiten-im-schloss-von-merveldt\/","title":{"rendered":"Einmalige Gelegenheit: Arbeiten im Lembeck"},"content":{"rendered":"<p>Das historische Geb\u00e4ude aus dem 13. Jahrhundert bietet attraktive, gewerblich nutzbare R\u00e4umlichkeiten. Diese sind modern ausgestattet. Veranstaltungsr\u00e4ume k\u00f6nnen optional genutzt werden. Ferner sind Stellpl\u00e4tze vorhanden und vor Ort befindet sich ein gepflegter und einladender Park.<br \/>\nDie Immobilie verf\u00fcgt \u00fcber ein modernes Heizsystem aus 2019 und zahlreiche Wasseranschl\u00fcsse in den R\u00e4umlichkeiten.<\/p>\n<p>Derzeit stehen folgende Fl\u00e4chen zur Disposition:<\/p>\n<p>1. OG: 680 m\u00b2<br \/>\n1. OG: 290 m\u00b2<\/p>\n<p>Die Immobilie in Dorsten befindet sich in einer ruhigen, gr\u00fcnen Umgebung, die durch ihre naturnahe Lage besticht. Das Objekt ist ideal f\u00fcr diejenigen, die ein ruhiges Wohnumfeld suchen, ohne auf gute Verkehrsanbindungen verzichten zu m\u00fcssen. Die Anbindung an die Autobahn A52 und A43 erm\u00f6glicht eine schnelle Erreichbarkeit der umliegenden St\u00e4dte und des Ruhrgebiets. Einkaufsm\u00f6glichkeiten, Schulen und \u00f6ffentliche Verkehrsmittel sind ebenfalls in unmittelbarer N\u00e4he und gut erreichbar.<\/p>\n<p>\u2022 Holzboden<br \/>\n\u2022 Glasfaseranschluss<br \/>\n\u2022 Kabelf\u00fchrung: Kabelkan\u00e4le<br \/>\n\u2022 Beleuchtung: nach Vereinbarung<br \/>\n\u2022 Teek\u00fcche: kann \u00fcbernommen werden \/ Anschluss vorhanden<br \/>\n\u2022 Veranstaltungsr\u00e4ume optional<\/p>\n<p>Die Ausstattung kann bei Bedarf angepasst werden!<\/p>\n<p>Es gelten ausschlie\u00dflich unsere AGB (www.ruhr-real.de\/agb). Wir m\u00f6chten Sie darauf hinweisen, dass die Angaben ausschlie\u00dflich auf den uns vom Eigent\u00fcmer \u00fcbermittelten Unterlagen und Informationen basieren. F\u00fcr Richtigkeit und Vollst\u00e4ndigkeit \u00fcbernehmen wir keine Gew\u00e4hr. Zwischenvermietung vorbehalten.<br \/>\n<div class=\"widget widget_immonex_user_defined_properties_widget\"><div class=\"immonex-widget immonex-widget-houzez\">\n\t\t<div class=\"immonex-widget-title clearfix\">\n\t\t<h2 class=\"widgettitle\">Energieeffizienz<\/h2>\t<\/div>\n\t\t<ul class=\"immonex-property-details row list-lined list-unstyled\">\n\t\t\t\t<li>\n\t\t\t<div class=\"list-lined-item w-100 d-flex justify-content-between py-2\">\n\t\t\t\t\t\t\t\t<strong class=\"property-details-label\">Energieausweis-Jahrgang:<\/strong>&nbsp;<span class=\"property-details-value\">not required<\/span>\n\t\t\t\t\t\t\t<\/div>\n\t\t<\/li>\n\t\t\t<\/ul>\n<\/div><\/div><\/p>\n","protected":false},"excerpt":{"rendered":"<p>Das historische Geb\u00e4ude aus dem 13. Jahrhundert bietet attraktive, gewerblich nutzbare R\u00e4umlichkeiten. Diese sind&#8230;<\/p>\n","protected":false},"author":1,"featured_media":160937,"parent":0,"menu_order":0,"template":"","property_type":[379],"property_status":[352],"property_feature":[537,350],"property_label":[],"property_country":[353],"property_state":[],"property_city":[492],"property_area":[],"class_list":["post-160883","property","type-property","status-publish","has-post-thumbnail","hentry","property_type-bueroflaechen","property_status-zu-vermieten","property_feature-gewerbliche-nutzung-moeglich","property_feature-raeume-veraenderbar","property_country-deutschland","property_city-dorsten"],"acf":[],"property_meta":{"_immonex_import_folder":["users\/RUHRREAL"],"_immonex_translation_id":["3981\/E3"],"_openimmo_obid":["81C983BB0EF44B28998A984351051F26"],"_is_immonex_import_property":["1"],"_immonex_is_reference":[""],"rank_math_internal_links_processed":["1"],"fave_property_map_address":["46286  Dorsten"],"fave_property_zip":["46286 "],"fave_property_country":["DE"],"_immonex_lat":["51.7200378"],"_immonex_lng":["7.03973112541"],"houzez_geolocation_lat":["51.7200378"],"houzez_geolocation_long":["7.03973112541"],"fave_property_location":["51.7200378,7.03973112541"],"fave_property_size":["680"],"fave_property_id":["3981\/E3"],"_immonex_iso_country":["DEU"],"_openimmo_anid":["0000"],"_immonex_group_number":[""],"_immonex_group_id":[""],"_immonex_group_master":[""],"_immonex_import_meta":["a:6:{s:8:\"zip_file\";s:131:\"\/www\/htdocs\/w0172e0e\/ruhr-real_2024\/wp-content\/uploads\/immonex-openimmo-import\/users\/RUHRREAL\/Immowelt_estatePro_20250812152918.zip\";s:8:\"xml_file\";s:158:\"\/www\/htdocs\/w0172e0e\/ruhr-real_2024\/wp-content\/uploads\/immonex-openimmo-import\/immowelt_estatepro_20250812152918\/Homepage_2024_NEW_estatePro20250812152918.xml\";s:12:\"mapping_file\";s:116:\"\/www\/htdocs\/w0172e0e\/ruhr-real_2024\/wp-content\/uploads\/immonex-openimmo-import\/mappings\/houzez_ruhrreal_18122023.csv\";s:9:\"timestamp\";i:1755005381;s:4:\"date\";s:10:\"2025-08-12\";s:4:\"time\";s:8:\"15:29:41\";}"],"_immonex_is_sold":[""],"_immonex_is_reserved":[""],"_immonex_is_available":["1"],"additional_features":["a:13:{i:0;a:2:{s:29:\"fave_additional_feature_title\";s:33:\"Heizkosten in Warmmiete enthalten\";s:29:\"fave_additional_feature_value\";s:4:\"nein\";}i:1;a:2:{s:29:\"fave_additional_feature_title\";s:32:\"Preise zuz\u00fcglich Mehrwertsteuer\";s:29:\"fave_additional_feature_value\";s:4:\"nein\";}i:2;a:2:{s:29:\"fave_additional_feature_title\";s:16:\"K\u00e4uferprovision\";s:29:\"fave_additional_feature_value\";s:32:\"3-4 Nettomonatsmieten zzgl. Ust.\";}i:3;a:2:{s:29:\"fave_additional_feature_title\";s:20:\"Hinweis zur Courtage\";s:29:\"fave_additional_feature_value\";s:233:\"Bei Vertr\u00e4gen bis zu f\u00fcnf Jahren Laufzeit ist ein Honorar von 3 Nettomonatsmieten vom Mieter an RUHR REAL zahlbar; bei Laufzeiten bis zu zehn Jahren werden 4 Nettomonatsmieten f\u00e4llig. Hinzu kommt die jeweils g\u00fcltige Umsatzsteuer.\";}i:4;a:2:{s:29:\"fave_additional_feature_title\";s:10:\"MwSt.-Satz\";s:29:\"fave_additional_feature_value\";s:9:\"19&nbsp;%\";}i:5;a:2:{s:29:\"fave_additional_feature_title\";s:12:\"B\u00fcrofl\u00e4che\";s:29:\"fave_additional_feature_value\";s:12:\"970&nbsp;m\u00b2\";}i:6;a:2:{s:29:\"fave_additional_feature_title\";s:16:\"B\u00fcroteilfl\u00e4che\";s:29:\"fave_additional_feature_value\";s:12:\"680&nbsp;m\u00b2\";}i:7;a:2:{s:29:\"fave_additional_feature_title\";s:10:\"Teilbar ab\";s:29:\"fave_additional_feature_value\";s:12:\"680&nbsp;m\u00b2\";}i:8;a:2:{s:29:\"fave_additional_feature_title\";s:19:\"Art der Ausstattung\";s:29:\"fave_additional_feature_value\";s:7:\"gehoben\";}i:9;a:2:{s:29:\"fave_additional_feature_title\";s:10:\"Bodenbelag\";s:29:\"fave_additional_feature_value\";s:6:\"Dielen\";}i:10;a:2:{s:29:\"fave_additional_feature_title\";s:13:\"Stellplatzart\";s:29:\"fave_additional_feature_value\";s:9:\"Freiplatz\";}i:11;a:2:{s:29:\"fave_additional_feature_title\";s:7:\"Zustand\";s:29:\"fave_additional_feature_value\";s:8:\"gepflegt\";}i:12;a:2:{s:29:\"fave_additional_feature_title\";s:27:\"Immobilie ist verf\u00fcgbar ab\";s:29:\"fave_additional_feature_value\";s:22:\"kurzfristig verf\u00fcgbar\";}}"],"fave_additional_features_enable":["enable"],"_immonex_custom_fields":["a:1:{s:23:\"Energieausweis-Jahrgang\";a:5:{s:14:\"mapping_source\";s:38:\"zustand_angaben->energiepass->jahrgang\";s:4:\"name\";s:0:\"\";s:5:\"group\";s:5:\"epass\";s:5:\"value\";s:12:\"not required\";s:19:\"value_before_filter\";s:12:\"nicht_noetig\";}}"],"_immonex_property_xml_source":["<?xml version=\"1.0\"?>\n<immobilie>\n<objektkategorie>\n<nutzungsart WOHNEN=\"false\" GEWERBE=\"true\"\/>\n<vermarktungsart KAUF=\"false\" MIETE_PACHT=\"true\"\/>\n<objektart>\n<buero_praxen buero_typ=\"BUEROHAUS\"\/>\n<\/objektart>\n<user_defined_simplefield\/>\n<\/objektkategorie>\n<geo>\n<plz>46286 <\/plz>\n<ort>Dorsten<\/ort>\n<strasse>Schloss<\/strasse>\n<hausnummer>2<\/hausnummer>\n<land iso_land=\"DEU\"\/>\n<lage_im_bau\/>\n<\/geo>\n<kontaktperson>\n<email_zentrale>anfrage@ruhr-real.de<\/email_zentrale>\n<email_direkt>schuerk@ruhr-real.de<\/email_direkt>\n<tel_durchw>+49 201 99996333<\/tel_durchw>\n<tel_handy>+49 162 4192000<\/tel_handy>\n<name>Sch&#xFC;rk<\/name>\n<vorname>Christopher<\/vorname>\n<anrede>Herr<\/anrede>\n<firma>RUHR REAL GmbH<\/firma>\n<strasse>Holsterhauser Platz<\/strasse>\n<hausnummer>2<\/hausnummer>\n<plz>45147<\/plz>\n<ort>Essen<\/ort>\n<adressfreigabe>true<\/adressfreigabe>\n<\/kontaktperson>\n<preise>\n<heizkosten_enthalten>false<\/heizkosten_enthalten>\n<zzg_mehrwertsteuer>false<\/zzg_mehrwertsteuer>\n<preis_zeiteinheit\/>\n<provisionspflichtig>true<\/provisionspflichtig>\n<aussen_courtage mit_mwst=\"false\">3-4 Nettomonatsmieten zzgl. Ust.<\/aussen_courtage>\n<courtage_hinweis>Bei Vertr&#xE4;gen bis zu f&#xFC;nf Jahren Laufzeit ist ein Honorar von 3 Nettomonatsmieten vom Mieter an RUHR REAL zahlbar; bei Laufzeiten bis zu zehn Jahren werden 4 Nettomonatsmieten f&#xE4;llig. Hinzu kommt die jeweils g&#xFC;ltige Umsatzsteuer.<\/courtage_hinweis>\n<waehrung iso_waehrung=\"EUR\"\/>\n<mwst_satz>19.00<\/mwst_satz>\n<stp_carport\/>\n<stp_duplex\/>\n<stp_freiplatz\/>\n<stp_garage\/>\n<stp_parkhaus\/>\n<stp_tiefgarage\/>\n<\/preise>\n<bieterverfahren\/>\n<versteigerung\/>\n<flaechen>\n<bueroflaeche>970<\/bueroflaeche>\n<bueroteilflaeche>680<\/bueroteilflaeche>\n<teilbar_ab>680<\/teilbar_ab>\n<anzahl_stellplaetze type=\"xsd:decimal\">10<\/anzahl_stellplaetze>\n<\/flaechen>\n<ausstattung>\n<ausstatt_kategorie>GEHOBEN<\/ausstatt_kategorie>\n<raeume_veraenderbar>true<\/raeume_veraenderbar>\n<bad\/>\n<kueche\/>\n<boden DIELEN=\"true\"\/>\n<heizungsart\/>\n<befeuerung\/>\n<fahrstuhl\/>\n<stellplatzart FREIPLATZ=\"true\"\/>\n<ausricht_balkon_terrasse\/>\n<angeschl_gastronomie\/>\n<sicherheitstechnik\/>\n<\/ausstattung>\n<zustand_angaben>\n<zustand zustand_art=\"GEPFLEGT\"\/>\n<energiepass>\n<jahrgang>nicht_noetig<\/jahrgang>\n<\/energiepass>\n<\/zustand_angaben>\n<bewertung\/>\n<infrastruktur\/>\n<freitexte>\n<objekttitel>Einmalige Gelegenheit: Arbeiten im Lembeck<\/objekttitel>\n<lage>Die Immobilie in Dorsten befindet sich in einer ruhigen, gr&#xFC;nen Umgebung, die durch ihre naturnahe Lage besticht. Das Objekt ist ideal f&#xFC;r diejenigen, die ein ruhiges Wohnumfeld suchen, ohne auf gute Verkehrsanbindungen verzichten zu m&#xFC;ssen. Die Anbindung an die Autobahn A52 und A43 erm&#xF6;glicht eine schnelle Erreichbarkeit der umliegenden St&#xE4;dte und des Ruhrgebiets. Einkaufsm&#xF6;glichkeiten, Schulen und &#xF6;ffentliche Verkehrsmittel sind ebenfalls in unmittelbarer N&#xE4;he und gut erreichbar.<\/lage>\n<ausstatt_beschr>&#x2022; Holzboden\n&#x2022; Glasfaseranschluss\n&#x2022; Kabelf&#xFC;hrung: Kabelkan&#xE4;le\n&#x2022; Beleuchtung: nach Vereinbarung\n&#x2022; Teek&#xFC;che: kann &#xFC;bernommen werden \/ Anschluss vorhanden\n&#x2022; Veranstaltungsr&#xE4;ume optional\n\n\nDie Ausstattung kann bei Bedarf angepasst werden!<\/ausstatt_beschr>\n<objektbeschreibung>Das historische Geb&#xE4;ude aus dem 13. Jahrhundert bietet attraktive, gewerblich nutzbare R&#xE4;umlichkeiten. Diese sind modern ausgestattet. Veranstaltungsr&#xE4;ume k&#xF6;nnen optional genutzt werden. Ferner sind Stellpl&#xE4;tze vorhanden und vor Ort befindet sich ein gepflegter und einladender Park.\nDie Immobilie verf&#xFC;gt &#xFC;ber ein modernes Heizsystem aus 2019 und zahlreiche Wasseranschl&#xFC;sse in den R&#xE4;umlichkeiten.\n\nDerzeit stehen folgende Fl&#xE4;chen zur Disposition:\n\n1. OG: 680 m&#xB2;\n1. OG: 290 m&#xB2;<\/objektbeschreibung><sonstige_angaben>Es gelten ausschlie&#xDF;lich unsere AGB (www.ruhr-real.de\/agb). Wir m&#xF6;chten Sie darauf hinweisen, dass die Angaben ausschlie&#xDF;lich auf den uns vom Eigent&#xFC;mer &#xFC;bermittelten Unterlagen und Informationen basieren. F&#xFC;r Richtigkeit und Vollst&#xE4;ndigkeit &#xFC;bernehmen wir keine Gew&#xE4;hr. Zwischenvermietung vorbehalten.<\/sonstige_angaben>\n<\/freitexte>\n<anhaenge>\n<anhang location=\"EXTERN\" gruppe=\"TITELBILD\">\n<anhangtitel>Au&#xDF;enansicht<\/anhangtitel>\n<format>jpg<\/format>\n<daten>\n<pfad>ec20a5a7a5b74afabd817b08205ac298.jpg<\/pfad>\n<\/daten>\n<\/anhang>\n<anhang location=\"EXTERN\" gruppe=\"BILD\">\n<anhangtitel>Au&#xDF;enansicht<\/anhangtitel>\n<format>jpg<\/format>\n<daten>\n<pfad>75b32a435fa648458ebd764a92eae033.jpg<\/pfad>\n<\/daten>\n<\/anhang>\n<anhang location=\"EXTERN\" gruppe=\"BILD\">\n<anhangtitel>Innenansicht<\/anhangtitel>\n<format>jpg<\/format>\n<daten>\n<pfad>dea4b943174342b9af73b9ebcab715fd.jpg<\/pfad>\n<\/daten>\n<\/anhang>\n<anhang location=\"EXTERN\" gruppe=\"BILD\">\n<anhangtitel>Innenansicht<\/anhangtitel>\n<format>jpg<\/format>\n<daten>\n<pfad>485ce168051d4f5ea12f1fa3de8c6b9e.jpg<\/pfad>\n<\/daten>\n<\/anhang>\n<anhang location=\"EXTERN\" gruppe=\"BILD\">\n<anhangtitel>Innenansicht<\/anhangtitel>\n<format>jpg<\/format>\n<daten>\n<pfad>acf0c3f2ddb04a78aee77c53f3eea7da.jpg<\/pfad>\n<\/daten>\n<\/anhang>\n<anhang location=\"EXTERN\" gruppe=\"BILD\">\n<anhangtitel>Innenansicht<\/anhangtitel>\n<format>jpg<\/format>\n<daten>\n<pfad>47020063ab2344c594084e13526c738e.jpg<\/pfad>\n<\/daten>\n<\/anhang>\n<anhang location=\"EXTERN\" gruppe=\"BILD\">\n<anhangtitel>Innenansicht<\/anhangtitel>\n<format>jpg<\/format>\n<daten>\n<pfad>66e2e4def936464dbf0a59368168a61d.jpg<\/pfad>\n<\/daten>\n<\/anhang>\n<anhang location=\"EXTERN\" gruppe=\"BILD\">\n<anhangtitel>Innenansicht<\/anhangtitel>\n<format>jpg<\/format>\n<daten>\n<pfad>06e7ab7b6e794f8098b89f1dee51ea90.jpg<\/pfad>\n<\/daten>\n<\/anhang>\n<anhang location=\"EXTERN\" gruppe=\"BILD\">\n<anhangtitel>Innenansicht<\/anhangtitel>\n<format>jpg<\/format>\n<daten>\n<pfad>c13a5eeeaedd43c0ac11980bf44b953c.jpg<\/pfad>\n<\/daten>\n<\/anhang>\n<anhang location=\"EXTERN\" gruppe=\"BILD\">\n<anhangtitel>Optionaler Tagungsraum<\/anhangtitel>\n<format>jpg<\/format>\n<daten>\n<pfad>20a4277b834b47f4b6494ac1bf4ddcf2.jpg<\/pfad>\n<\/daten>\n<\/anhang>\n<\/anhaenge>\n<verwaltung_objekt>\n<objektadresse_freigeben>false<\/objektadresse_freigeben>\n<verfuegbar_ab>kurzfristig verf&#xFC;gbar<\/verfuegbar_ab>\n<geschlecht\/>\n<gewerbliche_nutzung>true<\/gewerbliche_nutzung>\n<\/verwaltung_objekt>\n<verwaltung_techn>\n<objektnr_intern>81C983BB0EF44B28998A984351051F26<\/objektnr_intern>\n<objektnr_extern>3981\/E3<\/objektnr_extern>\n<aktion aktionart=\"CHANGE\"\/>\n<openimmo_obid>81C983BB0EF44B28998A984351051F26<\/openimmo_obid>\n<kennung_ursprung>estatePro V10.0.0.8<\/kennung_ursprung>\n<stand_vom>2025-08-12<\/stand_vom>\n<\/verwaltung_techn>\n<user_defined_simplefield feldname=\"Startseite\">Nein<\/user_defined_simplefield>\n<\/immobilie>\n"],"_thumbnail_id":["160937"],"fave_property_images":["160937","160938","160939","160940","160941","160942","160943","160944","160945","160946"],"fave_floor_plans_enable":["disable"],"fave_prop_homeslider":["yes"],"fave_prop_slider_image":["160937"],"fave_agents":["111285"],"fave_agent_display_option":["agent_info"],"fave_single_top_area":["global"],"fave_single_content_area":["global"],"fave_property_price":["0"],"fave_property_map":["1"],"fave_property_map_street_view":["hide"],"fave_property_size_prefix":["m\u00b2"],"fave_property_land_postfix":["m\u00b2"],"fave_featured":["0"],"houzez_featured_listing_date":[""],"fave_currency":["EUR"],"fave_currency_info":["a:8:{s:2:\"id\";s:1:\"1\";s:13:\"currency_name\";s:4:\"Euro\";s:13:\"currency_code\";s:3:\"EUR\";s:15:\"currency_symbol\";s:3:\"\u20ac\";s:17:\"currency_position\";s:5:\"after\";s:16:\"currency_decimal\";s:1:\"2\";s:26:\"currency_decimal_separator\";s:1:\",\";s:27:\"currency_thousand_separator\";s:1:\".\";}"],"fave_show_price_placeholder":["1"],"houzez_total_property_views":["1348"],"houzez_views_by_date":["a:61:{s:10:\"03-04-2026\";i:4;s:10:\"03-05-2026\";i:6;s:10:\"03-06-2026\";i:4;s:10:\"03-07-2026\";i:4;s:10:\"03-08-2026\";i:4;s:10:\"03-09-2026\";i:4;s:10:\"03-10-2026\";i:4;s:10:\"03-11-2026\";i:4;s:10:\"03-12-2026\";i:4;s:10:\"03-13-2026\";i:4;s:10:\"03-14-2026\";i:4;s:10:\"03-15-2026\";i:4;s:10:\"03-16-2026\";i:2;s:10:\"03-17-2026\";i:8;s:10:\"03-18-2026\";i:6;s:10:\"03-19-2026\";i:4;s:10:\"03-20-2026\";i:6;s:10:\"03-21-2026\";i:4;s:10:\"03-22-2026\";i:4;s:10:\"03-23-2026\";i:4;s:10:\"03-24-2026\";i:4;s:10:\"03-25-2026\";i:4;s:10:\"03-26-2026\";i:6;s:10:\"03-27-2026\";i:6;s:10:\"03-28-2026\";i:6;s:10:\"03-29-2026\";i:4;s:10:\"03-30-2026\";i:6;s:10:\"03-31-2026\";i:8;s:10:\"04-01-2026\";i:7;s:10:\"04-02-2026\";i:10;s:10:\"04-03-2026\";i:8;s:10:\"04-04-2026\";i:10;s:10:\"04-05-2026\";i:8;s:10:\"04-06-2026\";i:10;s:10:\"04-07-2026\";i:14;s:10:\"04-08-2026\";i:8;s:10:\"04-09-2026\";i:12;s:10:\"04-10-2026\";i:10;s:10:\"04-11-2026\";i:9;s:10:\"04-12-2026\";i:8;s:10:\"04-13-2026\";i:9;s:10:\"04-14-2026\";i:9;s:10:\"04-15-2026\";i:9;s:10:\"04-16-2026\";i:9;s:10:\"04-17-2026\";i:10;s:10:\"04-18-2026\";i:10;s:10:\"04-19-2026\";i:8;s:10:\"04-20-2026\";i:10;s:10:\"04-21-2026\";i:10;s:10:\"04-22-2026\";i:10;s:10:\"04-23-2026\";i:10;s:10:\"04-24-2026\";i:8;s:10:\"04-25-2026\";i:10;s:10:\"04-26-2026\";i:8;s:10:\"04-27-2026\";i:10;s:10:\"04-28-2026\";i:8;s:10:\"04-29-2026\";i:11;s:10:\"04-30-2026\";i:10;s:10:\"05-01-2026\";i:8;s:10:\"05-02-2026\";i:8;s:10:\"05-03-2026\";i:4;}"],"houzez_recently_viewed":["2026-05-03 11:47:27"],"tp_widgets":["a:2:{s:7:\"widgets\";a:0:{}s:9:\"update_at\";s:10:\"1764682733\";}"],"_elementor_page_assets":["a:0:{}"]},"_links":{"self":[{"href":"https:\/\/ruhr-real.de\/en\/wp-json\/wp\/v2\/properties\/160883","targetHints":{"allow":["GET"]}}],"collection":[{"href":"https:\/\/ruhr-real.de\/en\/wp-json\/wp\/v2\/properties"}],"about":[{"href":"https:\/\/ruhr-real.de\/en\/wp-json\/wp\/v2\/types\/property"}],"author":[{"embeddable":true,"href":"https:\/\/ruhr-real.de\/en\/wp-json\/wp\/v2\/users\/1"}],"version-history":[{"count":0,"href":"https:\/\/ruhr-real.de\/en\/wp-json\/wp\/v2\/properties\/160883\/revisions"}],"wp:featuredmedia":[{"embeddable":true,"href":"https:\/\/ruhr-real.de\/en\/wp-json\/wp\/v2\/media\/160937"}],"wp:attachment":[{"href":"https:\/\/ruhr-real.de\/en\/wp-json\/wp\/v2\/media?parent=160883"}],"wp:term":[{"taxonomy":"property_type","embeddable":true,"href":"https:\/\/ruhr-real.de\/en\/wp-json\/wp\/v2\/property_type?post=160883"},{"taxonomy":"property_status","embeddable":true,"href":"https:\/\/ruhr-real.de\/en\/wp-json\/wp\/v2\/property_status?post=160883"},{"taxonomy":"property_feature","embeddable":true,"href":"https:\/\/ruhr-real.de\/en\/wp-json\/wp\/v2\/property_feature?post=160883"},{"taxonomy":"property_label","embeddable":true,"href":"https:\/\/ruhr-real.de\/en\/wp-json\/wp\/v2\/property_label?post=160883"},{"taxonomy":"property_country","embeddable":true,"href":"https:\/\/ruhr-real.de\/en\/wp-json\/wp\/v2\/property_country?post=160883"},{"taxonomy":"property_state","embeddable":true,"href":"https:\/\/ruhr-real.de\/en\/wp-json\/wp\/v2\/property_state?post=160883"},{"taxonomy":"property_city","embeddable":true,"href":"https:\/\/ruhr-real.de\/en\/wp-json\/wp\/v2\/property_city?post=160883"},{"taxonomy":"property_area","embeddable":true,"href":"https:\/\/ruhr-real.de\/en\/wp-json\/wp\/v2\/property_area?post=160883"}],"curies":[{"name":"wp","href":"https:\/\/api.w.org\/{rel}","templated":true}]}}