{"id":161795,"date":"2026-03-02T00:02:49","date_gmt":"2026-03-01T23:02:49","guid":{"rendered":"https:\/\/ruhr-real.de\/objekt\/westfalencenter-flexible-aufteilung-the-plant\/"},"modified":"2026-03-02T19:24:49","modified_gmt":"2026-03-02T18:24:49","slug":"westfalencenter-flexible-aufteilung-the-plant","status":"publish","type":"property","link":"https:\/\/ruhr-real.de\/en\/objekt\/westfalencenter-flexible-aufteilung-the-plant\/","title":{"rendered":"Westfalencenter | flexible Aufteilung | The Plant"},"content":{"rendered":"<p>Das Westfalen-Center Dortmund zeichnet sich durch den vielf\u00e4ltigen Mietermix, ein repr\u00e4sentatives Foyer und attraktive B\u00fcrofl\u00e4chen aus. Die meisten Fl\u00e4chen sind in Form eines open Space gestaltet. Jedes Geschoss ist mit diversen Personenaufz\u00fcgen erschlossen.<br \/>\nDar\u00fcber hinaus stehen in der Tiefgarage Stellpl\u00e4tze zur Anmietung bereit. Die parkartige Gr\u00fcnanlage, die das Objekt umschlie\u00dft, bietet Ihren Mitarbeitern in der Mittagspause einen R\u00fcckzugsort. Zus\u00e4tzliche Lagerfl\u00e4chen stehen ebenfalls zur Anmietung zur Verf\u00fcgung.<br \/>\nDas Geb\u00e4ude wurde 2019 vollst\u00e4ndig saniert und verf\u00fcgt \u00fcber insgesamt 3 drei Innenh\u00f6fe.<\/p>\n<p>*die Nebenkostenvorauszahlung versteht sich zzgl. Verwaltungskosten- und Instandhaltungspauschale<\/p>\n<p>Folgende Fl\u00e4chen stehen derzeit zur Disposition:<\/p>\n<p>EG (Hausnummer 79) &#8211; ca. 1.088 m\u00b2 \/ teilbar ab 216 m\u00b2<br \/>\n1. OG (Hausnummer 81) &#8211; ca. 349 m\u00b2<br \/>\n2. OG (Hausnummer 32) &#8211; ca. 453 m\u00b2 \/ teilbar ab 212 m\u00b2<br \/>\n2. OG (Hausnummer 77) &#8211; ca. 570 m\u00b2<br \/>\n2. OG (Hausnummer 79) &#8211; ca. 633 m\u00b2<br \/>\n2. OG (Hausnummer 81) &#8211; ca. 349 m\u00b2<br \/>\n3. OG (Hausnummer 30) &#8211; ca. 467 m\u00b2 \/ teilbar ab 215 m\u00b2<br \/>\n6. OG (Hausnummer 81) &#8211; ca. 489 m\u00b2<\/p>\n<p>Das Objekt ist direkt am beliebten Kreuzviertel gelegen und ist hervorragend an den \u00f6ffentlichen Personennahverkehr angebunden. In nur wenigen Minuten erreicht man die Autobahn sowie den Citykern von Dortmund.<\/p>\n<p>Hotels der Umgebung: Steigenberger, Ibis Hotel Dortmund City, Coffee Fellows Hotel Dortmund, B&amp;B Hotel<\/p>\n<p>Bedeutende Unternehmen in der B\u00fcromarktzone: Signal Iduna, Commerzbank<\/p>\n<p>\u2022 Verkabelung: vom Vormieter<br \/>\n\u2022 Verkabelungsort: Doppelboden<br \/>\n\u2022 K\u00fchlung\/L\u00fcftung: nach Vereinbarung \/ teilweise klimatisiert<br \/>\n\u2022 Sonnen-\/Blendschutz: au\u00dfenliegend elektrisch<br \/>\n\u2022 Bodenbelag: Teppichboden, nach Mieterwunsch<br \/>\n\u2022 Teek\u00fcche: voll ausgestattet<br \/>\n*Teilweise Klima\/K\u00fchldecken<\/p>\n<p>Es gelten ausschlie\u00dflich unsere AGB (www.ruhr-real.de\/agb). Wir m\u00f6chten Sie darauf hinweisen, dass die Angaben ausschlie\u00dflich auf den uns vom Eigent\u00fcmer \u00fcbermittelten Unterlagen und Informationen basieren. F\u00fcr Richtigkeit und Vollst\u00e4ndigkeit \u00fcbernehmen wir keine Gew\u00e4hr. Zwischenvermietung vorbehalten.<br \/>\n<div class=\"widget widget_immonex_user_defined_properties_widget\"><div class=\"immonex-widget immonex-widget-houzez\">\n\t\t<div class=\"immonex-widget-title clearfix\">\n\t\t<h2 class=\"widgettitle\">Energieeffizienz<\/h2>\t<\/div>\n\t\t<ul class=\"immonex-property-details row list-lined list-unstyled\">\n\t\t\t\t<li>\n\t\t\t<div class=\"list-lined-item w-100 d-flex justify-content-between py-2\">\n\t\t\t\t\t\t\t\t<strong class=\"property-details-label\">Energieausweis-Art:<\/strong>&nbsp;<span class=\"property-details-value\">Consumption<\/span>\n\t\t\t\t\t\t\t<\/div>\n\t\t<\/li>\n\t\t\t\t<li>\n\t\t\t<div class=\"list-lined-item w-100 d-flex justify-content-between py-2\">\n\t\t\t\t\t\t\t\t<strong class=\"property-details-label\">Prim\u00e4renergietr\u00e4ger:<\/strong>&nbsp;<span class=\"property-details-value\">Gas<\/span>\n\t\t\t\t\t\t\t<\/div>\n\t\t<\/li>\n\t\t\t\t<li>\n\t\t\t<div class=\"list-lined-item w-100 d-flex justify-content-between py-2\">\n\t\t\t\t\t\t\t\t<strong class=\"property-details-label\">Heizenergieverbrauchskennwert:<\/strong>&nbsp;<span class=\"property-details-value\">102,8&nbsp;kWh\/(m\u00b2*a)<\/span>\n\t\t\t\t\t\t\t<\/div>\n\t\t<\/li>\n\t\t\t\t<li>\n\t\t\t<div class=\"list-lined-item w-100 d-flex justify-content-between py-2\">\n\t\t\t\t\t\t\t\t<strong class=\"property-details-label\">Baujahr (Energieausweis):<\/strong>&nbsp;<span class=\"property-details-value\">1998<\/span>\n\t\t\t\t\t\t\t<\/div>\n\t\t<\/li>\n\t\t\t\t<li>\n\t\t\t<div class=\"list-lined-item w-100 d-flex justify-content-between py-2\">\n\t\t\t\t\t\t\t\t<strong class=\"property-details-label\">Energieausweis-Jahrgang:<\/strong>&nbsp;<span class=\"property-details-value\">before 2014<\/span>\n\t\t\t\t\t\t\t<\/div>\n\t\t<\/li>\n\t\t\t<\/ul>\n<\/div><\/div><\/p>\n","protected":false},"excerpt":{"rendered":"<p>Das Westfalen-Center Dortmund zeichnet sich durch den vielf\u00e4ltigen Mietermix, ein repr\u00e4sentatives Foyer und attraktive&#8230;<\/p>\n","protected":false},"author":1,"featured_media":179736,"parent":0,"menu_order":0,"template":"","property_type":[379],"property_status":[352],"property_feature":[],"property_label":[],"property_country":[353],"property_state":[],"property_city":[304],"property_area":[303],"class_list":["post-161795","property","type-property","status-publish","has-post-thumbnail","hentry","property_type-bueroflaechen","property_status-zu-vermieten","property_country-deutschland","property_city-dortmund","property_area-mitte-dortmund"],"acf":[],"property_meta":{"_immonex_import_folder":["users\/RUHRREAL"],"_immonex_translation_id":["297\/E23"],"_openimmo_obid":["CF56A116B06146A18F3EF5A26B421308"],"_is_immonex_import_property":["1"],"_immonex_is_reference":[""],"rank_math_internal_links_processed":["1"],"_immonex_post_status":["updated"],"fave_property_map_address":["44137 Dortmund"],"fave_property_zip":["44137"],"fave_property_country":["DE"],"_immonex_lat":["51.51405"],"_immonex_lng":["7.4481321"],"houzez_geolocation_lat":["51.51405"],"houzez_geolocation_long":["7.4481321"],"fave_property_location":["51.51405,7.4481321"],"fave_property_price":["12.50"],"fave_property_sec_price":["12.5000"],"fave_property_size":["349"],"fave_property_year":["1998"],"fave_property_id":["297\/E23"],"_fave_property_id":["297\/E23"],"_immonex_iso_country":["DEU"],"_openimmo_anid":["0000"],"_immonex_group_number":["8"],"_immonex_group_id":[""],"_immonex_group_master":[""],"_immonex_import_meta":["a:6:{s:8:\"zip_file\";s:131:\"\/www\/htdocs\/w0172e0e\/ruhr-real_2024\/wp-content\/uploads\/immonex-openimmo-import\/users\/RUHRREAL\/Immowelt_estatePro_20260302192434.zip\";s:8:\"xml_file\";s:158:\"\/www\/htdocs\/w0172e0e\/ruhr-real_2024\/wp-content\/uploads\/immonex-openimmo-import\/immowelt_estatepro_20260302192434\/Homepage_2024_NEW_estatePro20260302192434.xml\";s:12:\"mapping_file\";s:116:\"\/www\/htdocs\/w0172e0e\/ruhr-real_2024\/wp-content\/uploads\/immonex-openimmo-import\/mappings\/houzez_ruhrreal_18122023.csv\";s:9:\"timestamp\";i:1772475889;s:4:\"date\";s:10:\"2026-03-02\";s:4:\"time\";s:8:\"19:24:49\";}"],"_immonex_is_sold":[""],"_immonex_is_reserved":[""],"_immonex_is_available":["1"],"_immonex_areabutler_url_with_address":[""],"_immonex_areabutler_url_no_address":[""],"_immonex_areabutler_url":[""],"additional_features":["a:15:{i:0;a:2:{s:29:\"fave_additional_feature_title\";s:14:\"Nettokaltmiete\";s:29:\"fave_additional_feature_value\";s:14:\"12,50&nbsp;\u20ac\";}i:1;a:2:{s:29:\"fave_additional_feature_title\";s:9:\"Kaltmiete\";s:29:\"fave_additional_feature_value\";s:14:\"12,50&nbsp;\u20ac\";}i:2;a:2:{s:29:\"fave_additional_feature_title\";s:29:\"monatl. Betriebs-\/Nebenkosten\";s:29:\"fave_additional_feature_value\";s:13:\"3,80&nbsp;\u20ac\";}i:3;a:2:{s:29:\"fave_additional_feature_title\";s:33:\"Heizkosten in Warmmiete enthalten\";s:29:\"fave_additional_feature_value\";s:4:\"nein\";}i:4;a:2:{s:29:\"fave_additional_feature_title\";s:32:\"Preise zuz\u00fcglich Mehrwertsteuer\";s:29:\"fave_additional_feature_value\";s:4:\"nein\";}i:5;a:2:{s:29:\"fave_additional_feature_title\";s:23:\"Netto-Kaltmiete pro m\u00b2\";s:29:\"fave_additional_feature_value\";s:14:\"12,50&nbsp;\u20ac\";}i:6;a:2:{s:29:\"fave_additional_feature_title\";s:20:\"Hinweis zur Courtage\";s:29:\"fave_additional_feature_value\";s:209:\"Bei Vertr\u00e4gen bis zu f\u00fcnf Jahren Laufzeit ist ein Honorar von 3 Nettomonatsmieten zahlbar; bei Laufzeiten bis zu zehn Jahren werden 4 Nettomonatsmieten f\u00e4llig. Hinzu kommt die jeweils g\u00fcltige Umsatzsteuer.\";}i:7;a:2:{s:29:\"fave_additional_feature_title\";s:10:\"MwSt.-Satz\";s:29:\"fave_additional_feature_value\";s:9:\"19&nbsp;%\";}i:8;a:2:{s:29:\"fave_additional_feature_title\";s:12:\"B\u00fcrofl\u00e4che\";s:29:\"fave_additional_feature_value\";s:12:\"349&nbsp;m\u00b2\";}i:9;a:2:{s:29:\"fave_additional_feature_title\";s:16:\"B\u00fcroteilfl\u00e4che\";s:29:\"fave_additional_feature_value\";s:12:\"349&nbsp;m\u00b2\";}i:10;a:2:{s:29:\"fave_additional_feature_title\";s:10:\"Teilbar ab\";s:29:\"fave_additional_feature_value\";s:12:\"349&nbsp;m\u00b2\";}i:11;a:2:{s:29:\"fave_additional_feature_title\";s:10:\"Befeuerung\";s:29:\"fave_additional_feature_value\";s:3:\"Gas\";}i:12;a:2:{s:29:\"fave_additional_feature_title\";s:13:\"Stellplatzart\";s:29:\"fave_additional_feature_value\";s:10:\"Tiefgarage\";}i:13;a:2:{s:29:\"fave_additional_feature_title\";s:7:\"Zustand\";s:29:\"fave_additional_feature_value\";s:8:\"gepflegt\";}i:14;a:2:{s:29:\"fave_additional_feature_title\";s:27:\"Immobilie ist verf\u00fcgbar ab\";s:29:\"fave_additional_feature_value\";s:10:\"01.03.2026\";}}"],"fave_additional_features_enable":["enable"],"_immonex_custom_fields":["a:5:{s:18:\"Energieausweis-Art\";a:5:{s:14:\"mapping_source\";s:35:\"zustand_angaben->energiepass->epart\";s:4:\"name\";s:0:\"\";s:5:\"group\";s:5:\"epass\";s:5:\"value\";s:11:\"Consumption\";s:19:\"value_before_filter\";s:9:\"VERBRAUCH\";}s:21:\"Prim\u00e4renergietr\u00e4ger\";a:5:{s:14:\"mapping_source\";s:28:\"ausstattung->befeuerung:GAS+\";s:4:\"name\";s:0:\"\";s:5:\"group\";s:5:\"epass\";s:5:\"value\";s:3:\"Gas\";s:19:\"value_before_filter\";s:3:\"Gas\";}s:29:\"Heizenergieverbrauchskennwert\";a:5:{s:14:\"mapping_source\";s:40:\"zustand_angaben->energiepass->waermewert\";s:4:\"name\";s:0:\"\";s:5:\"group\";s:5:\"epass\";s:5:\"value\";s:22:\"102,8&nbsp;kWh\/(m\u00b2*a)\";s:19:\"value_before_filter\";s:5:\"102,8\";}s:24:\"Baujahr (Energieausweis)\";a:5:{s:14:\"mapping_source\";s:37:\"zustand_angaben->energiepass->baujahr\";s:4:\"name\";s:0:\"\";s:5:\"group\";s:5:\"epass\";s:5:\"value\";s:4:\"1998\";s:19:\"value_before_filter\";s:4:\"1998\";}s:23:\"Energieausweis-Jahrgang\";a:5:{s:14:\"mapping_source\";s:38:\"zustand_angaben->energiepass->jahrgang\";s:4:\"name\";s:0:\"\";s:5:\"group\";s:5:\"epass\";s:5:\"value\";s:11:\"before 2014\";s:19:\"value_before_filter\";s:4:\"2008\";}}"],"_immonex_property_xml_source":["<?xml version=\"1.0\"?>\n<immobilie>\n<objektkategorie>\n<nutzungsart WOHNEN=\"false\" GEWERBE=\"true\"\/>\n<vermarktungsart KAUF=\"false\" MIETE_PACHT=\"true\"\/>\n<objektart>\n<buero_praxen buero_typ=\"BUEROHAUS\"\/>\n<\/objektart>\n<user_defined_simplefield\/>\n<\/objektkategorie>\n<geo>\n<plz>44137<\/plz>\n<ort>Dortmund<\/ort>\n<strasse>Lindemannstra&#xDF;e<\/strasse>\n<hausnummer>77-81 \/ Wittekindstra&#xDF;e 30-32<\/hausnummer>\n<land iso_land=\"DEU\"\/>\n<lage_im_bau\/>\n<regionaler_zusatz>Mitte (Dortmund)<\/regionaler_zusatz>\n<\/geo>\n<kontaktperson>\n<email_zentrale>anfrage@ruhr-real.de<\/email_zentrale>\n<email_direkt>ostermann@ruhr-real.de<\/email_direkt>\n<tel_durchw>+49 201 99996333<\/tel_durchw>\n<tel_fax>+49 201 99996344<\/tel_fax>\n<tel_handy>+49 162 8184000<\/tel_handy>\n<name>Ostermann<\/name>\n<vorname>Leon<\/vorname>\n<anrede>Herr<\/anrede>\n<firma>RUHR REAL GmbH<\/firma>\n<strasse>Holsterhauser Platz<\/strasse>\n<hausnummer>2<\/hausnummer>\n<plz>45147<\/plz>\n<ort>Essen<\/ort>\n<adressfreigabe>true<\/adressfreigabe>\n<\/kontaktperson>\n<preise>\n<nettokaltmiete>12.50<\/nettokaltmiete>\n<kaltmiete>12.50<\/kaltmiete>\n<nebenkosten>3.80<\/nebenkosten>\n<heizkosten_enthalten>false<\/heizkosten_enthalten>\n<zzg_mehrwertsteuer>false<\/zzg_mehrwertsteuer>\n<preis_zeiteinheit\/>\n<mietpreis_pro_qm>12.5000<\/mietpreis_pro_qm>\n<provisionspflichtig>false<\/provisionspflichtig>\n<courtage_hinweis>Bei Vertr&#xE4;gen bis zu f&#xFC;nf Jahren Laufzeit ist ein Honorar von 3 Nettomonatsmieten zahlbar; bei Laufzeiten bis zu zehn Jahren werden 4 Nettomonatsmieten f&#xE4;llig. Hinzu kommt die jeweils g&#xFC;ltige Umsatzsteuer.<\/courtage_hinweis>\n<waehrung iso_waehrung=\"EUR\"\/>\n<mwst_satz>19.00<\/mwst_satz>\n<stp_carport\/>\n<stp_duplex\/>\n<stp_freiplatz\/>\n<stp_garage\/>\n<stp_parkhaus\/>\n<stp_tiefgarage\/>\n<\/preise>\n<bieterverfahren\/>\n<versteigerung\/>\n<flaechen>\n<bueroflaeche>349<\/bueroflaeche><bueroteilflaeche>349<\/bueroteilflaeche>\n<teilbar_ab>349<\/teilbar_ab>\n<anzahl_stellplaetze type=\"xsd:decimal\">442<\/anzahl_stellplaetze>\n<\/flaechen>\n<ausstattung>\n<bad\/>\n<kueche\/>\n<heizungsart\/>\n<befeuerung GAS=\"true\"\/>\n<fahrstuhl\/>\n<stellplatzart TIEFGARAGE=\"true\"\/>\n<ausricht_balkon_terrasse\/>\n<angeschl_gastronomie\/>\n<sicherheitstechnik\/>\n<\/ausstattung>\n<zustand_angaben>\n<baujahr>1998<\/baujahr>\n<zustand zustand_art=\"GEPFLEGT\"\/>\n<energiepass>\n<epart>VERBRAUCH<\/epart>\n<waermewert>102,8<\/waermewert>\n<baujahr>1998<\/baujahr>\n<jahrgang>2008<\/jahrgang>\n<\/energiepass>\n<\/zustand_angaben>\n<bewertung\/>\n<infrastruktur\/>\n<freitexte>\n<objekttitel>Westfalencenter | flexible Aufteilung | The Plant<\/objekttitel>\n<lage>Das Objekt ist direkt am beliebten Kreuzviertel gelegen und ist hervorragend an den &#xF6;ffentlichen Personennahverkehr angebunden. In nur wenigen Minuten erreicht man die Autobahn sowie den Citykern von Dortmund.\n\nHotels der Umgebung: Steigenberger, Ibis Hotel Dortmund City, Coffee Fellows Hotel Dortmund, B&amp;B Hotel\n\nBedeutende Unternehmen in der B&#xFC;romarktzone: Signal Iduna, Commerzbank<\/lage>\n<ausstatt_beschr>&#x2022; Verkabelung: vom Vormieter\n&#x2022; Verkabelungsort: Doppelboden \n&#x2022; K&#xFC;hlung\/L&#xFC;ftung: nach Vereinbarung \/ teilweise klimatisiert\n&#x2022; Sonnen-\/Blendschutz: au&#xDF;enliegend elektrisch \n&#x2022; Bodenbelag: Teppichboden, nach Mieterwunsch \n&#x2022; Teek&#xFC;che: voll ausgestattet\n*Teilweise Klima\/K&#xFC;hldecken<\/ausstatt_beschr>\n<objektbeschreibung>Das Westfalen-Center Dortmund zeichnet sich durch den vielf&#xE4;ltigen Mietermix, ein repr&#xE4;sentatives Foyer und attraktive B&#xFC;rofl&#xE4;chen aus. Die meisten Fl&#xE4;chen sind in Form eines open Space gestaltet. Jedes Geschoss ist mit diversen Personenaufz&#xFC;gen erschlossen.\nDar&#xFC;ber hinaus stehen in der Tiefgarage Stellpl&#xE4;tze zur Anmietung bereit. Die parkartige Gr&#xFC;nanlage, die das Objekt umschlie&#xDF;t, bietet Ihren Mitarbeitern in der Mittagspause einen R&#xFC;ckzugsort. Zus&#xE4;tzliche Lagerfl&#xE4;chen stehen ebenfalls zur Anmietung zur Verf&#xFC;gung.\nDas Geb&#xE4;ude wurde 2019 vollst&#xE4;ndig saniert und verf&#xFC;gt &#xFC;ber insgesamt 3 drei Innenh&#xF6;fe.\n\n*die Nebenkostenvorauszahlung versteht sich zzgl. Verwaltungskosten- und Instandhaltungspauschale\n\nFolgende Fl&#xE4;chen stehen derzeit zur Disposition:\n\nEG (Hausnummer 79) - ca. 1.088 m&#xB2; \/ teilbar ab 216 m&#xB2;\n1. OG (Hausnummer 81) - ca. 349 m&#xB2;\n2. OG (Hausnummer 32) - ca. 453 m&#xB2; \/ teilbar ab 212 m&#xB2;\n2. OG (Hausnummer 77) - ca. 570 m&#xB2;\n2. OG (Hausnummer 79) - ca. 633 m&#xB2;\n2. OG (Hausnummer 81) - ca. 349 m&#xB2;\n3. OG (Hausnummer 30) - ca. 467 m&#xB2; \/ teilbar ab 215 m&#xB2;\n6. OG (Hausnummer 81) - ca. 489 m&#xB2;<\/objektbeschreibung>\n<sonstige_angaben>Es gelten ausschlie&#xDF;lich unsere AGB (www.ruhr-real.de\/agb). Wir m&#xF6;chten Sie darauf hinweisen, dass die Angaben ausschlie&#xDF;lich auf den uns vom Eigent&#xFC;mer &#xFC;bermittelten Unterlagen und Informationen basieren. F&#xFC;r Richtigkeit und Vollst&#xE4;ndigkeit &#xFC;bernehmen wir keine Gew&#xE4;hr. Zwischenvermietung vorbehalten.<\/sonstige_angaben>\n<\/freitexte>\n<anhaenge>\n<anhang location=\"EXTERN\" gruppe=\"TITELBILD\">\n<anhangtitel>Innenhof<\/anhangtitel>\n<format>jpg<\/format>\n<daten>\n<pfad>39866743213d4da3a6e04d437feb78b0.jpg<\/pfad>\n<\/daten>\n<\/anhang>\n<anhang location=\"EXTERN\" gruppe=\"BILD\">\n<anhangtitel>Au&#xDF;enansicht<\/anhangtitel>\n<format>jpg<\/format>\n<daten>\n<pfad>ea8edb901e4f4eb6ba10089d12a0c453.jpg<\/pfad>\n<\/daten>\n<\/anhang>\n<anhang location=\"EXTERN\" gruppe=\"BILD\">\n<anhangtitel>Dreierb&#xFC;ro<\/anhangtitel>\n<format>jpg<\/format>\n<daten>\n<pfad>a481e576ff80433ca76e0ece74f08ec4.jpg<\/pfad>\n<\/daten>\n<\/anhang>\n<anhang location=\"EXTERN\" gruppe=\"BILD\">\n<anhangtitel>Empfang<\/anhangtitel>\n<format>jpg<\/format>\n<daten>\n<pfad>a352171508be4543835eaa5b56d92783.jpg<\/pfad>\n<\/daten>\n<\/anhang>\n<anhang location=\"EXTERN\" gruppe=\"BILD\">\n<anhangtitel>Fluransicht<\/anhangtitel>\n<format>jpg<\/format>\n<daten>\n<pfad>b2ebabd53bb5480ca50d6e2e98dd0cc6.jpg<\/pfad>\n<\/daten>\n<\/anhang>\n<anhang location=\"EXTERN\" gruppe=\"BILD\">\n<anhangtitel>Fluransicht<\/anhangtitel>\n<format>jpg<\/format>\n<daten>\n<pfad>9624a4701bef4de69a9f26bbb14a561e.jpg<\/pfad>\n<\/daten>\n<\/anhang>\n<anhang location=\"EXTERN\" gruppe=\"GRUNDRISS\"><anhangtitel>Grundriss 2. OG<\/anhangtitel>\n<format>JPG<\/format>\n<daten>\n<pfad>b262c08756344c6986cf168465ab8f20.JPG<\/pfad>\n<\/daten>\n<\/anhang>\n<\/anhaenge>\n<verwaltung_objekt>\n<objektadresse_freigeben>false<\/objektadresse_freigeben>\n<verfuegbar_ab>01.03.2026<\/verfuegbar_ab>\n<gruppennummer>8<\/gruppennummer>\n<geschlecht\/>\n<\/verwaltung_objekt>\n<verwaltung_techn>\n<objektnr_intern>CF56A116B06146A18F3EF5A26B421308<\/objektnr_intern>\n<objektnr_extern>297\/E23<\/objektnr_extern>\n<aktion aktionart=\"CHANGE\"\/>\n<openimmo_obid>CF56A116B06146A18F3EF5A26B421308<\/openimmo_obid>\n<kennung_ursprung>estatePro V10.0.0.8<\/kennung_ursprung>\n<stand_vom>2026-03-02<\/stand_vom>\n<\/verwaltung_techn>\n<user_defined_simplefield feldname=\"Startseite\">Nein<\/user_defined_simplefield>\n<\/immobilie>\n"],"_immonex_energy_class":[""],"_immonex_energy_class_id":["0"],"_thumbnail_id":["179736"],"fave_property_images":["179736","179737","179738","179739","179740","179741"],"fave_floor_plans_enable":["enable"],"floor_plans":["a:1:{i:0;a:7:{s:15:\"fave_plan_title\";s:15:\"Grundriss 2. OG\";s:15:\"fave_plan_rooms\";s:0:\"\";s:19:\"fave_plan_bathrooms\";s:0:\"\";s:15:\"fave_plan_price\";s:0:\"\";s:14:\"fave_plan_size\";s:0:\"\";s:15:\"fave_plan_image\";s:84:\"https:\/\/ruhr-real.de\/wp-content\/uploads\/2026\/03\/b262c08756344c6986cf168465ab8f20.jpg\";s:21:\"fave_plan_description\";s:0:\"\";}}"],"fave_prop_homeslider":["yes"],"fave_prop_slider_image":["179736"],"fave_agents":["142704"],"fave_agent_display_option":["agent_info"],"fave_single_top_area":["global"],"fave_single_content_area":["global"],"fave_property_map":["1"],"fave_property_map_street_view":["hide"],"fave_property_size_prefix":["m\u00b2"],"fave_property_land_postfix":["m\u00b2"],"fave_featured":["0"],"houzez_featured_listing_date":[""],"fave_property_price_postfix":["pro&nbsp;m\u00b2"],"fave_currency":["EUR"],"fave_currency_info":["a:8:{s:2:\"id\";s:1:\"1\";s:13:\"currency_name\";s:4:\"Euro\";s:13:\"currency_code\";s:3:\"EUR\";s:15:\"currency_symbol\";s:3:\"\u20ac\";s:17:\"currency_position\";s:5:\"after\";s:16:\"currency_decimal\";s:1:\"2\";s:26:\"currency_decimal_separator\";s:1:\",\";s:27:\"currency_thousand_separator\";s:1:\".\";}"],"_wpml_word_count":["384"],"houzez_total_property_views":["359"],"houzez_views_by_date":["a:59:{s:10:\"03-02-2026\";i:2;s:10:\"03-03-2026\";i:4;s:10:\"03-04-2026\";i:6;s:10:\"03-05-2026\";i:5;s:10:\"03-06-2026\";i:4;s:10:\"03-07-2026\";i:4;s:10:\"03-08-2026\";i:4;s:10:\"03-09-2026\";i:4;s:10:\"03-10-2026\";i:4;s:10:\"03-11-2026\";i:6;s:10:\"03-12-2026\";i:4;s:10:\"03-13-2026\";i:4;s:10:\"03-14-2026\";i:4;s:10:\"03-15-2026\";i:4;s:10:\"03-16-2026\";i:2;s:10:\"03-17-2026\";i:4;s:10:\"03-18-2026\";i:6;s:10:\"03-19-2026\";i:4;s:10:\"03-20-2026\";i:6;s:10:\"03-21-2026\";i:4;s:10:\"03-22-2026\";i:4;s:10:\"03-23-2026\";i:4;s:10:\"03-24-2026\";i:4;s:10:\"03-25-2026\";i:4;s:10:\"03-26-2026\";i:6;s:10:\"03-27-2026\";i:4;s:10:\"03-28-2026\";i:4;s:10:\"03-29-2026\";i:4;s:10:\"03-30-2026\";i:2;s:10:\"03-31-2026\";i:1;s:10:\"04-01-2026\";i:9;s:10:\"04-02-2026\";i:8;s:10:\"04-03-2026\";i:8;s:10:\"04-04-2026\";i:8;s:10:\"04-05-2026\";i:8;s:10:\"04-06-2026\";i:8;s:10:\"04-07-2026\";i:12;s:10:\"04-08-2026\";i:6;s:10:\"04-09-2026\";i:10;s:10:\"04-10-2026\";i:8;s:10:\"04-11-2026\";i:8;s:10:\"04-12-2026\";i:8;s:10:\"04-13-2026\";i:8;s:10:\"04-14-2026\";i:8;s:10:\"04-15-2026\";i:8;s:10:\"04-16-2026\";i:8;s:10:\"04-17-2026\";i:8;s:10:\"04-18-2026\";i:8;s:10:\"04-19-2026\";i:8;s:10:\"04-20-2026\";i:8;s:10:\"04-21-2026\";i:8;s:10:\"04-22-2026\";i:8;s:10:\"04-23-2026\";i:10;s:10:\"04-24-2026\";i:10;s:10:\"04-25-2026\";i:8;s:10:\"04-26-2026\";i:8;s:10:\"04-27-2026\";i:8;s:10:\"04-28-2026\";i:8;s:10:\"04-29-2026\";i:4;}"],"houzez_recently_viewed":["2026-04-29 09:03:10"],"tp_widgets":["a:2:{s:7:\"widgets\";a:0:{}s:9:\"update_at\";s:10:\"1764682733\";}"],"_elementor_page_assets":["a:0:{}"]},"_links":{"self":[{"href":"https:\/\/ruhr-real.de\/en\/wp-json\/wp\/v2\/properties\/161795","targetHints":{"allow":["GET"]}}],"collection":[{"href":"https:\/\/ruhr-real.de\/en\/wp-json\/wp\/v2\/properties"}],"about":[{"href":"https:\/\/ruhr-real.de\/en\/wp-json\/wp\/v2\/types\/property"}],"author":[{"embeddable":true,"href":"https:\/\/ruhr-real.de\/en\/wp-json\/wp\/v2\/users\/1"}],"version-history":[{"count":0,"href":"https:\/\/ruhr-real.de\/en\/wp-json\/wp\/v2\/properties\/161795\/revisions"}],"wp:featuredmedia":[{"embeddable":true,"href":"https:\/\/ruhr-real.de\/en\/wp-json\/wp\/v2\/media\/179736"}],"wp:attachment":[{"href":"https:\/\/ruhr-real.de\/en\/wp-json\/wp\/v2\/media?parent=161795"}],"wp:term":[{"taxonomy":"property_type","embeddable":true,"href":"https:\/\/ruhr-real.de\/en\/wp-json\/wp\/v2\/property_type?post=161795"},{"taxonomy":"property_status","embeddable":true,"href":"https:\/\/ruhr-real.de\/en\/wp-json\/wp\/v2\/property_status?post=161795"},{"taxonomy":"property_feature","embeddable":true,"href":"https:\/\/ruhr-real.de\/en\/wp-json\/wp\/v2\/property_feature?post=161795"},{"taxonomy":"property_label","embeddable":true,"href":"https:\/\/ruhr-real.de\/en\/wp-json\/wp\/v2\/property_label?post=161795"},{"taxonomy":"property_country","embeddable":true,"href":"https:\/\/ruhr-real.de\/en\/wp-json\/wp\/v2\/property_country?post=161795"},{"taxonomy":"property_state","embeddable":true,"href":"https:\/\/ruhr-real.de\/en\/wp-json\/wp\/v2\/property_state?post=161795"},{"taxonomy":"property_city","embeddable":true,"href":"https:\/\/ruhr-real.de\/en\/wp-json\/wp\/v2\/property_city?post=161795"},{"taxonomy":"property_area","embeddable":true,"href":"https:\/\/ruhr-real.de\/en\/wp-json\/wp\/v2\/property_area?post=161795"}],"curies":[{"name":"wp","href":"https:\/\/api.w.org\/{rel}","templated":true}]}}