{"id":167720,"date":"2025-09-24T10:26:00","date_gmt":"2025-09-24T08:26:00","guid":{"rendered":"https:\/\/ruhr-real.de\/objekt\/aerzte-aufgepasst-1-205-m%c2%b2-praxisflaeche-im-herzen-von-bocholt-ruhr-real\/"},"modified":"2025-09-25T15:22:37","modified_gmt":"2025-09-25T13:22:37","slug":"aerzte-aufgepasst-1-205-m%c2%b2-praxisflaeche-im-herzen-von-bocholt-ruhr-real","status":"publish","type":"property","link":"https:\/\/ruhr-real.de\/en\/objekt\/aerzte-aufgepasst-1-205-m%c2%b2-praxisflaeche-im-herzen-von-bocholt-ruhr-real\/","title":{"rendered":"\u00c4rzte aufgepasst ! | 1.205 m\u00b2 Praxisfl\u00e4che im Herzen von Bocholt | RUHR REAL"},"content":{"rendered":"<p>Im Jahr 2002 wurde das Quartier Neutor er\u00f6ffnet. Es besteht aus vier Bauk\u00f6rpern mit einer modernen und ansprechenden Architektur und befindet sich in der Innenstadt von Bocholt. Das offene Center, ohne innenliegende Mallstruktur, ist das Tor zur 1A-Lage Bocholts, der Einkaufsstra\u00dfe Neustra\u00dfe. Der beliebte Treffpunkt &#8220;Quartier Neutor&#8221; liegt in der N\u00e4he des historischen Neutorturms, nach dem das Quartier benannt ist.<\/p>\n<p>Aktuell stehen folgende Fl\u00e4chen zur Disposition:<\/p>\n<p>BT II: 444 m\u00b2 B\u00fcro<br \/>\nBT III: 1.205 m\u00b2 Praxis<\/p>\n<p>Die Mietpreisspanne liegt zwischen 7,50 EUR\/m\u00b2 \u2013 9,00 EUR\/m\u00b2 (je nach Ausstattungsstandard).<\/p>\n<p>Die Stadt Bocholt liegt im Nordwesten von Nordrhein-Westfalen und dient als Verbindung zwischen dem Ruhrgebiet und den niederl\u00e4ndischen Wirtschaftszentren Arnheim und Enschede. Aufgrund ihrer N\u00e4he zur niederl\u00e4ndischen Grenze wird Bocholt als wichtiger Knotenpunkt zwischen den Wirtschaftszentren beider L\u00e4nder betrachtet. Daher wird die Stadt oft als &#8220;Sprungbrett&#8221; zu den Niederlanden bezeichnet und genie\u00dft dadurch eine hohe Bekanntheit.<\/p>\n<p>\u2022 Teek\u00fcche: voll ausgestattet<br \/>\n\u2022 EDV-Verkabelung: Vom Vormieter<br \/>\n\u2022 Sonnenschutz: innenliegend, manuell<br \/>\n\u2022 Beleuchtung: Rasterleuchten<br \/>\n\u2022 Bodenbelag: Nach Vereinbarung<\/p>\n<p>Es gelten ausschlie\u00dflich unsere AGB (www.ruhr-real.de\/agb). Wir m\u00f6chten Sie darauf hinweisen, dass die Angaben ausschlie\u00dflich auf den uns vom Eigent\u00fcmer \u00fcbermittelten Unterlagen und Informationen basieren. F\u00fcr Richtigkeit und Vollst\u00e4ndigkeit \u00fcbernehmen wir keine Gew\u00e4hr. Zwischenvermietung vorbehalten.<br \/>\n<\/p>\n","protected":false},"excerpt":{"rendered":"<p>Im Jahr 2002 wurde das Quartier Neutor er\u00f6ffnet. Es besteht aus vier Bauk\u00f6rpern mit einer modernen und ansprechenden&#8230;<\/p>\n","protected":false},"author":1,"featured_media":167721,"parent":0,"menu_order":0,"template":"","property_type":[379],"property_status":[352],"property_feature":[354],"property_label":[],"property_country":[353],"property_state":[],"property_city":[460],"property_area":[],"class_list":["post-167720","property","type-property","status-publish","has-post-thumbnail","hentry","property_type-bueroflaechen","property_status-zu-vermieten","property_feature-personenaufzug","property_country-deutschland","property_city-bocholt"],"acf":[],"property_meta":{"rank_math_internal_links_processed":["1"],"_immonex_post_status":["new"],"_immonex_import_folder":["users\/RUHRREAL"],"fave_property_map_address":["46395 Bocholt"],"fave_property_zip":["46395"],"fave_property_country":["DE"],"_immonex_lat":["51.8390575"],"_immonex_lng":["6.6303238"],"houzez_geolocation_lat":["51.8390575"],"houzez_geolocation_long":["6.6303238"],"fave_property_location":["51.8390575,6.6303238"],"fave_property_price":["7.50"],"fave_property_size":["1205"],"fave_property_year":["2000"],"fave_property_id":["3425\/E1"],"_fave_property_id":["3425\/E1"],"_immonex_translation_id":["3425\/E1"],"_immonex_iso_country":["DEU"],"_openimmo_obid":["5B868E5A739A4D4AB195A2A994B0A38B"],"_openimmo_anid":["0000"],"_immonex_group_number":[""],"_immonex_group_id":[""],"_immonex_group_master":[""],"_immonex_import_meta":["a:6:{s:8:\"zip_file\";s:131:\"\/www\/htdocs\/w0172e0e\/ruhr-real_2024\/wp-content\/uploads\/immonex-openimmo-import\/users\/RUHRREAL\/Immowelt_estatePro_20250924175912.zip\";s:8:\"xml_file\";s:158:\"\/www\/htdocs\/w0172e0e\/ruhr-real_2024\/wp-content\/uploads\/immonex-openimmo-import\/immowelt_estatepro_20250924175912\/Homepage_2024_NEW_estatePro20250924175912.xml\";s:12:\"mapping_file\";s:116:\"\/www\/htdocs\/w0172e0e\/ruhr-real_2024\/wp-content\/uploads\/immonex-openimmo-import\/mappings\/houzez_ruhrreal_18122023.csv\";s:9:\"timestamp\";i:1758732780;s:4:\"date\";s:10:\"2025-09-24\";s:4:\"time\";s:8:\"18:53:00\";}"],"_is_immonex_import_property":["1"],"_immonex_is_reference":[""],"_immonex_is_sold":[""],"_immonex_is_reserved":[""],"_immonex_is_available":["1"],"_immonex_areabutler_url_with_address":[""],"_immonex_areabutler_url_no_address":[""],"_immonex_areabutler_url":[""],"additional_features":["a:10:{i:0;a:2:{s:29:\"fave_additional_feature_title\";s:14:\"Nettokaltmiete\";s:29:\"fave_additional_feature_value\";s:13:\"7,50&nbsp;\u20ac\";}i:1;a:2:{s:29:\"fave_additional_feature_title\";s:9:\"Kaltmiete\";s:29:\"fave_additional_feature_value\";s:13:\"7,50&nbsp;\u20ac\";}i:2;a:2:{s:29:\"fave_additional_feature_title\";s:29:\"monatl. Betriebs-\/Nebenkosten\";s:29:\"fave_additional_feature_value\";s:13:\"2,50&nbsp;\u20ac\";}i:3;a:2:{s:29:\"fave_additional_feature_title\";s:33:\"Heizkosten in Warmmiete enthalten\";s:29:\"fave_additional_feature_value\";s:4:\"nein\";}i:4;a:2:{s:29:\"fave_additional_feature_title\";s:32:\"Preise zuz\u00fcglich Mehrwertsteuer\";s:29:\"fave_additional_feature_value\";s:4:\"nein\";}i:5;a:2:{s:29:\"fave_additional_feature_title\";s:10:\"MwSt.-Satz\";s:29:\"fave_additional_feature_value\";s:9:\"19&nbsp;%\";}i:6;a:2:{s:29:\"fave_additional_feature_title\";s:12:\"B\u00fcrofl\u00e4che\";s:29:\"fave_additional_feature_value\";s:14:\"1.205&nbsp;m\u00b2\";}i:7;a:2:{s:29:\"fave_additional_feature_title\";s:19:\"Art der Ausstattung\";s:29:\"fave_additional_feature_value\";s:8:\"Standard\";}i:8;a:2:{s:29:\"fave_additional_feature_title\";s:13:\"Stellplatzart\";s:29:\"fave_additional_feature_value\";s:8:\"Parkhaus\";}i:9;a:2:{s:29:\"fave_additional_feature_title\";s:27:\"Immobilie ist verf\u00fcgbar ab\";s:29:\"fave_additional_feature_value\";s:17:\"Nach Vereinbarung\";}}"],"fave_additional_features_enable":["enable"],"_immonex_property_xml_source":["<?xml version=\"1.0\"?>\n<immobilie>\n<objektkategorie>\n<nutzungsart WOHNEN=\"false\" GEWERBE=\"true\"\/>\n<vermarktungsart KAUF=\"false\" MIETE_PACHT=\"true\"\/>\n<objektart>\n<buero_praxen buero_typ=\"PRAXISFLAECHE\"\/>\n<\/objektart>\n<user_defined_simplefield\/>\n<\/objektkategorie>\n<geo>\n<plz>46395<\/plz>\n<ort>Bocholt<\/ort>\n<strasse>Neutorplatz<\/strasse>\n<hausnummer>2-4<\/hausnummer>\n<land iso_land=\"DEU\"\/><lage_im_bau\/>\n<\/geo>\n<kontaktperson>\n<email_zentrale>anfrage@ruhr-real.de<\/email_zentrale>\n<email_direkt>jeschke@ruhr-real.de<\/email_direkt>\n<tel_durchw>+49 201 99996333<\/tel_durchw>\n<tel_fax>+49 201 99996344<\/tel_fax>\n<tel_handy>+49 172 7447817<\/tel_handy>\n<name>Jeschke<\/name>\n<vorname>Frederic<\/vorname>\n<anrede>Herr<\/anrede>\n<firma>RUHR REAL GmbH<\/firma>\n<strasse>Holsterhauser Platz<\/strasse>\n<hausnummer>2<\/hausnummer>\n<plz>45147<\/plz>\n<ort>Essen<\/ort>\n<adressfreigabe>true<\/adressfreigabe>\n<\/kontaktperson>\n<preise>\n<nettokaltmiete>7.50<\/nettokaltmiete>\n<kaltmiete>7.50<\/kaltmiete>\n<nebenkosten>2.50<\/nebenkosten>\n<heizkosten_enthalten>false<\/heizkosten_enthalten>\n<zzg_mehrwertsteuer>false<\/zzg_mehrwertsteuer>\n<preis_zeiteinheit\/>\n<provisionspflichtig>false<\/provisionspflichtig>\n<waehrung iso_waehrung=\"EUR\"\/>\n<mwst_satz>19.00<\/mwst_satz>\n<stp_carport\/>\n<stp_duplex\/>\n<stp_freiplatz\/>\n<stp_garage\/>\n<stp_parkhaus\/>\n<stp_tiefgarage\/>\n<\/preise>\n<bieterverfahren\/>\n<versteigerung\/>\n<flaechen>\n<bueroflaeche>1205<\/bueroflaeche>\n<anzahl_stellplaetze type=\"xsd:decimal\">18<\/anzahl_stellplaetze>\n<\/flaechen>\n<ausstattung>\n<ausstatt_kategorie>STANDARD<\/ausstatt_kategorie>\n<bad\/>\n<kueche\/>\n<heizungsart\/>\n<befeuerung\/>\n<fahrstuhl PERSONEN=\"true\"\/>\n<stellplatzart PARKHAUS=\"true\"\/>\n<ausricht_balkon_terrasse\/>\n<angeschl_gastronomie\/>\n<sicherheitstechnik\/>\n<\/ausstattung>\n<zustand_angaben>\n<baujahr>2000<\/baujahr>\n<\/zustand_angaben>\n<bewertung\/>\n<infrastruktur\/>\n<freitexte>\n<objekttitel>&#xC4;rzte aufgepasst ! | 1.205 m&#xB2; Praxisfl&#xE4;che im Herzen von Bocholt | RUHR REAL<\/objekttitel>\n<lage>Die Stadt Bocholt liegt im Nordwesten von Nordrhein-Westfalen und dient als Verbindung zwischen dem Ruhrgebiet und den niederl&#xE4;ndischen Wirtschaftszentren Arnheim und Enschede. Aufgrund ihrer N&#xE4;he zur niederl&#xE4;ndischen Grenze wird Bocholt als wichtiger Knotenpunkt zwischen den Wirtschaftszentren beider L&#xE4;nder betrachtet. Daher wird die Stadt oft als \"Sprungbrett\" zu den Niederlanden bezeichnet und genie&#xDF;t dadurch eine hohe Bekanntheit.<\/lage>\n<ausstatt_beschr>&#x2022; Teek&#xFC;che: voll ausgestattet\n&#x2022; EDV-Verkabelung: Vom Vormieter\n&#x2022; Sonnenschutz: innenliegend, manuell\n&#x2022; Beleuchtung: Rasterleuchten\n&#x2022; Bodenbelag: Nach Vereinbarung\n<\/ausstatt_beschr>\n<objektbeschreibung>Im Jahr 2002 wurde das Quartier Neutor er&#xF6;ffnet. Es besteht aus vier Bauk&#xF6;rpern mit einer modernen und ansprechenden Architektur und befindet sich in der Innenstadt von Bocholt. Das offene Center, ohne innenliegende Mallstruktur, ist das Tor zur 1A-Lage Bocholts, der Einkaufsstra&#xDF;e Neustra&#xDF;e. Der beliebte Treffpunkt \"Quartier Neutor\" liegt in der N&#xE4;he des historischen Neutorturms, nach dem das Quartier benannt ist.\n\nAktuell stehen folgende Fl&#xE4;chen zur Disposition: \n\nBT II: 444 m&#xB2; B&#xFC;ro\nBT III: 1.205 m&#xB2; Praxis\n\nDie Mietpreisspanne liegt zwischen 7,50 EUR\/m&#xB2; &#x2013; 9,00 EUR\/m&#xB2; (je nach Ausstattungsstandard). <\/objektbeschreibung>\n<sonstige_angaben>Es gelten ausschlie&#xDF;lich unsere AGB (www.ruhr-real.de\/agb). Wir m&#xF6;chten Sie darauf hinweisen, dass die Angaben ausschlie&#xDF;lich auf den uns vom Eigent&#xFC;mer &#xFC;bermittelten Unterlagen und Informationen basieren. F&#xFC;r Richtigkeit und Vollst&#xE4;ndigkeit &#xFC;bernehmen wir keine Gew&#xE4;hr. Zwischenvermietung vorbehalten.<\/sonstige_angaben>\n<\/freitexte>\n<anhaenge>\n<anhang location=\"EXTERN\" gruppe=\"TITELBILD\">\n<anhangtitel>Au&#xDF;enansicht<\/anhangtitel>\n<format>jpg<\/format>\n<daten>\n<pfad>a58ae15ca8e2438fafa437907e1fbfc6.jpg<\/pfad>\n<\/daten>\n<\/anhang>\n<anhang location=\"EXTERN\" gruppe=\"BILD\">\n<anhangtitel>Geb&#xE4;udeansicht<\/anhangtitel>\n<format>jpg<\/format>\n<daten>\n<pfad>47590fd53ad74b3cbc08693af7d16046.jpg<\/pfad>\n<\/daten>\n<\/anhang>\n<anhang location=\"EXTERN\" gruppe=\"BILD\">\n<anhangtitel>Empfang<\/anhangtitel>\n<format>jpg<\/format>\n<daten>\n<pfad>f76d5af128b246c8be4ac4034ff38863.jpg<\/pfad>\n<\/daten>\n<\/anhang>\n<anhang location=\"EXTERN\" gruppe=\"BILD\">\n<anhangtitel>Ansicht Wartezimmer<\/anhangtitel>\n<format>jpg<\/format>\n<daten>\n<pfad>6b3ebca5260d4f499b630f6d91625e5f.jpg<\/pfad>\n<\/daten>\n<\/anhang>\n<anhang location=\"EXTERN\" gruppe=\"BILD\">\n<anhangtitel>Eingang OP<\/anhangtitel>\n<format>jpg<\/format>\n<daten>\n<pfad>ebcf0708a6c944ff9645d8acb4faae36.jpg<\/pfad>\n<\/daten>\n<\/anhang>\n<anhang location=\"EXTERN\" gruppe=\"BILD\">\n<anhangtitel>Fluransicht<\/anhangtitel>\n<format>jpg<\/format>\n<daten>\n<pfad>c8148e038ba6428d8e53f68896071c7f.jpg<\/pfad>\n<\/daten>\n<\/anhang>\n<anhang location=\"EXTERN\" gruppe=\"BILD\">\n<anhangtitel>Krankenzimmer<\/anhangtitel>\n<format>jpg<\/format>\n<daten>\n<pfad>7623d75a3e98446a89bc4d50b85881bc.jpg<\/pfad>\n<\/daten>\n<\/anhang>\n<anhang location=\"EXTERN\" gruppe=\"BILD\">\n<anhangtitel>Wartezimmer<\/anhangtitel>\n<format>jpg<\/format>\n<daten>\n<pfad>8cb487156e7d48c5942484f86b69cf0f.jpg<\/pfad>\n<\/daten>\n<\/anhang>\n<anhang location=\"EXTERN\" gruppe=\"BILD\">\n<anhangtitel>Treppenhaus<\/anhangtitel>\n<format>jpg<\/format>\n<daten>\n<pfad>3a18819a3fce4cd3b39bf9a6e4de954e.jpg<\/pfad>\n<\/daten>\n<\/anhang>\n<anhang location=\"EXTERN\" gruppe=\"BILD\">\n<anhangtitel>Stellpl&#xE4;tze<\/anhangtitel>\n<format>jpg<\/format>\n<daten>\n<pfad>c29624689e984681bee6980b8695e1a1.jpg<\/pfad>\n<\/daten>\n<\/anhang>\n<anhang location=\"EXTERN\" gruppe=\"GRUNDRISS\">\n<anhangtitel>3. OG BT III<\/anhangtitel>\n<format>PNG<\/format>\n<daten>\n<pfad>5e98dad10fbd4344ab7cc9a4f74c27f0.PNG<\/pfad>\n<\/daten>\n<\/anhang>\n<anhang location=\"EXTERN\" gruppe=\"GRUNDRISS\">\n<anhangtitel>3. OG BT II<\/anhangtitel>\n<format>PNG<\/format>\n<daten>\n<pfad>b64e78ad9a6c408ca4ded608c2fbd4f8.PNG<\/pfad>\n<\/daten>\n<\/anhang>\n<\/anhaenge>\n<verwaltung_objekt>\n<objektadresse_freigeben>false<\/objektadresse_freigeben>\n<verfuegbar_ab>Nach Vereinbarung<\/verfuegbar_ab>\n<geschlecht\/>\n<\/verwaltung_objekt>\n<verwaltung_techn>\n<objektnr_intern>5B868E5A739A4D4AB195A2A994B0A38B<\/objektnr_intern>\n<objektnr_extern>3425\/E1<\/objektnr_extern>\n<aktion aktionart=\"CHANGE\"\/>\n<openimmo_obid>5B868E5A739A4D4AB195A2A994B0A38B<\/openimmo_obid>\n<kennung_ursprung>estatePro V10.0.0.8<\/kennung_ursprung>\n<stand_vom>2025-09-24<\/stand_vom>\n<\/verwaltung_techn>\n<user_defined_simplefield feldname=\"Startseite\">Nein<\/user_defined_simplefield>\n<\/immobilie>\n"],"_immonex_energy_class":[""],"_immonex_energy_class_id":["0"],"_thumbnail_id":["167721"],"fave_property_images":["167721","167722","167723","167724","167725","167726","167727","167728","167729","167730"],"fave_floor_plans_enable":["enable"],"floor_plans":["a:2:{i:0;a:7:{s:15:\"fave_plan_title\";s:12:\"3. OG BT III\";s:15:\"fave_plan_rooms\";s:0:\"\";s:19:\"fave_plan_bathrooms\";s:0:\"\";s:15:\"fave_plan_price\";s:0:\"\";s:14:\"fave_plan_size\";s:0:\"\";s:15:\"fave_plan_image\";s:84:\"https:\/\/ruhr-real.de\/wp-content\/uploads\/2025\/09\/5e98dad10fbd4344ab7cc9a4f74c27f0.png\";s:21:\"fave_plan_description\";s:0:\"\";}i:1;a:7:{s:15:\"fave_plan_title\";s:11:\"3. OG BT II\";s:15:\"fave_plan_rooms\";s:0:\"\";s:19:\"fave_plan_bathrooms\";s:0:\"\";s:15:\"fave_plan_price\";s:0:\"\";s:14:\"fave_plan_size\";s:0:\"\";s:15:\"fave_plan_image\";s:84:\"https:\/\/ruhr-real.de\/wp-content\/uploads\/2025\/09\/b64e78ad9a6c408ca4ded608c2fbd4f8.png\";s:21:\"fave_plan_description\";s:0:\"\";}}"],"fave_prop_homeslider":["yes"],"fave_prop_slider_image":["167721"],"fave_agents":["113552"],"fave_agent_display_option":["agent_info"],"fave_single_top_area":["global"],"fave_single_content_area":["global"],"fave_property_map":["1"],"fave_property_map_street_view":["hide"],"fave_property_size_prefix":["m\u00b2"],"fave_property_land_postfix":["m\u00b2"],"fave_featured":["0"],"houzez_featured_listing_date":[""],"fave_currency":["EUR"],"fave_currency_info":["a:8:{s:2:\"id\";s:1:\"1\";s:13:\"currency_name\";s:4:\"Euro\";s:13:\"currency_code\";s:3:\"EUR\";s:15:\"currency_symbol\";s:3:\"\u20ac\";s:17:\"currency_position\";s:5:\"after\";s:16:\"currency_decimal\";s:1:\"2\";s:26:\"currency_decimal_separator\";s:1:\",\";s:27:\"currency_thousand_separator\";s:1:\".\";}"],"houzez_total_property_views":["1039"],"houzez_views_by_date":["a:61:{s:10:\"02-27-2026\";i:6;s:10:\"02-28-2026\";i:4;s:10:\"03-01-2026\";i:4;s:10:\"03-02-2026\";i:4;s:10:\"03-03-2026\";i:4;s:10:\"03-04-2026\";i:4;s:10:\"03-05-2026\";i:6;s:10:\"03-06-2026\";i:4;s:10:\"03-07-2026\";i:4;s:10:\"03-08-2026\";i:4;s:10:\"03-09-2026\";i:4;s:10:\"03-10-2026\";i:4;s:10:\"03-11-2026\";i:6;s:10:\"03-12-2026\";i:4;s:10:\"03-13-2026\";i:4;s:10:\"03-14-2026\";i:4;s:10:\"03-15-2026\";i:4;s:10:\"03-16-2026\";i:2;s:10:\"03-17-2026\";i:10;s:10:\"03-18-2026\";i:6;s:10:\"03-19-2026\";i:6;s:10:\"03-20-2026\";i:4;s:10:\"03-21-2026\";i:4;s:10:\"03-22-2026\";i:4;s:10:\"03-23-2026\";i:4;s:10:\"03-24-2026\";i:4;s:10:\"03-25-2026\";i:6;s:10:\"03-26-2026\";i:8;s:10:\"03-27-2026\";i:4;s:10:\"03-28-2026\";i:4;s:10:\"03-29-2026\";i:4;s:10:\"03-30-2026\";i:6;s:10:\"03-31-2026\";i:4;s:10:\"04-01-2026\";i:7;s:10:\"04-02-2026\";i:8;s:10:\"04-03-2026\";i:8;s:10:\"04-04-2026\";i:8;s:10:\"04-05-2026\";i:8;s:10:\"04-06-2026\";i:8;s:10:\"04-07-2026\";i:12;s:10:\"04-08-2026\";i:6;s:10:\"04-09-2026\";i:10;s:10:\"04-10-2026\";i:8;s:10:\"04-11-2026\";i:8;s:10:\"04-12-2026\";i:8;s:10:\"04-13-2026\";i:8;s:10:\"04-14-2026\";i:8;s:10:\"04-15-2026\";i:8;s:10:\"04-16-2026\";i:8;s:10:\"04-17-2026\";i:8;s:10:\"04-18-2026\";i:8;s:10:\"04-19-2026\";i:8;s:10:\"04-20-2026\";i:8;s:10:\"04-21-2026\";i:8;s:10:\"04-22-2026\";i:8;s:10:\"04-23-2026\";i:8;s:10:\"04-24-2026\";i:8;s:10:\"04-25-2026\";i:8;s:10:\"04-26-2026\";i:8;s:10:\"04-27-2026\";i:8;s:10:\"04-28-2026\";i:6;}"],"houzez_recently_viewed":["2026-04-28 19:16:40"],"tp_widgets":["a:2:{s:7:\"widgets\";a:0:{}s:9:\"update_at\";s:10:\"1764682733\";}"],"_edit_last":["13"],"_edit_lock":["1758806557:13"],"_elementor_page_assets":["a:0:{}"]},"_links":{"self":[{"href":"https:\/\/ruhr-real.de\/en\/wp-json\/wp\/v2\/properties\/167720","targetHints":{"allow":["GET"]}}],"collection":[{"href":"https:\/\/ruhr-real.de\/en\/wp-json\/wp\/v2\/properties"}],"about":[{"href":"https:\/\/ruhr-real.de\/en\/wp-json\/wp\/v2\/types\/property"}],"author":[{"embeddable":true,"href":"https:\/\/ruhr-real.de\/en\/wp-json\/wp\/v2\/users\/1"}],"version-history":[{"count":0,"href":"https:\/\/ruhr-real.de\/en\/wp-json\/wp\/v2\/properties\/167720\/revisions"}],"wp:featuredmedia":[{"embeddable":true,"href":"https:\/\/ruhr-real.de\/en\/wp-json\/wp\/v2\/media\/167721"}],"wp:attachment":[{"href":"https:\/\/ruhr-real.de\/en\/wp-json\/wp\/v2\/media?parent=167720"}],"wp:term":[{"taxonomy":"property_type","embeddable":true,"href":"https:\/\/ruhr-real.de\/en\/wp-json\/wp\/v2\/property_type?post=167720"},{"taxonomy":"property_status","embeddable":true,"href":"https:\/\/ruhr-real.de\/en\/wp-json\/wp\/v2\/property_status?post=167720"},{"taxonomy":"property_feature","embeddable":true,"href":"https:\/\/ruhr-real.de\/en\/wp-json\/wp\/v2\/property_feature?post=167720"},{"taxonomy":"property_label","embeddable":true,"href":"https:\/\/ruhr-real.de\/en\/wp-json\/wp\/v2\/property_label?post=167720"},{"taxonomy":"property_country","embeddable":true,"href":"https:\/\/ruhr-real.de\/en\/wp-json\/wp\/v2\/property_country?post=167720"},{"taxonomy":"property_state","embeddable":true,"href":"https:\/\/ruhr-real.de\/en\/wp-json\/wp\/v2\/property_state?post=167720"},{"taxonomy":"property_city","embeddable":true,"href":"https:\/\/ruhr-real.de\/en\/wp-json\/wp\/v2\/property_city?post=167720"},{"taxonomy":"property_area","embeddable":true,"href":"https:\/\/ruhr-real.de\/en\/wp-json\/wp\/v2\/property_area?post=167720"}],"curies":[{"name":"wp","href":"https:\/\/api.w.org\/{rel}","templated":true}]}}