{"id":169660,"date":"2025-09-26T00:01:49","date_gmt":"2025-09-25T22:01:49","guid":{"rendered":"https:\/\/ruhr-real.de\/objekt\/exklusiv-ueber-ruhr-real-provisionsfrei-braunsfeld-effektive-aufteilung\/"},"modified":"2025-09-26T00:01:49","modified_gmt":"2025-09-25T22:01:49","slug":"exklusiv-ueber-ruhr-real-provisionsfrei-braunsfeld-effektive-aufteilung","status":"publish","type":"property","link":"https:\/\/ruhr-real.de\/en\/objekt\/exklusiv-ueber-ruhr-real-provisionsfrei-braunsfeld-effektive-aufteilung\/","title":{"rendered":"Exklusiv \u00fcber RUHR REAL | Provisionsfrei | Braunsfeld | effektive Aufteilung"},"content":{"rendered":"<p>Die B\u00fcrofl\u00e4chen verf\u00fcgen \u00fcber gro\u00dfz\u00fcgige Dachterrassen im 4. Obergeschoss sowie eine vollwertige K\u00fcchenzeile. Die Ausstattung umfasst Teppichboden und PVC-Designboden, teilweise innenliegenden Blendschutz sowie bodentiefe Fenster, die f\u00fcr eine helle und freundliche Arbeitsatmosph\u00e4re sorgen. Ein behindertengerechter Eingang, zwei behindertengerechte WCs und ein Stellplatz gew\u00e4hrleisten Barrierefreiheit. Weitere Ausstattungsmerkmale sind eine Video-Gegensprechanlage, eine Brandmeldeanlage, teilweise klimatisierte Besprechungsr\u00e4ume sowie Schallschutzt\u00fcren.<\/p>\n<p>Verf\u00fcgbare Fl\u00e4chen:<\/p>\n<p>EG B\u00fcrofl\u00e4che: 1.103,17 m\u00b2<br \/>\n1.<\/p>\n<p> OG B\u00fcrofl\u00e4che: 1.315,30 m\u00b2<br \/>\n2.<\/p>\n<p>OG B\u00fcrofl\u00e4che: 1.315,30 m\u00b2<br \/>\n3.<\/p>\n<p>OG B\u00fcrofl\u00e4che: 1.315,30 m\u00b2<br \/>\n4.<\/p>\n<p>OG B\u00fcrofl\u00e4che: 1.335,53 m\u00b2<\/p>\n<p>Das Objekt befindet sich im begehrten und innenstadtnahen K\u00f6lner Stadtteil Ehrenfeld, der sich in den vergangenen Jahren zu einem attraktiven Standort f\u00fcr zahlreiche namhafte Unternehmen entwickelt hat. Die Innenstadt ist nur etwa 3 Kilometer entfernt. Eine hervorragende Anbindung sowohl an das Autobahnnetz als auch an den \u00f6ffentlichen Nahverkehr ist gegeben. Die etablierte Infrastruktur vor Ort gew\u00e4hrleistet eine optimale Versorgung f\u00fcr den t\u00e4glichen Bedarf.<\/p>\n<p>\u2022 Dachterrassen im 4. OG<br \/>\n\u2022 vollwertige K\u00fcchenzeile<br \/>\n\u2022 Teppichboden, PVC-Designboden<br \/>\n\u2022 teilweise innenliegender Blendschutz<br \/>\n\u2022 bodentiefe Fenster<br \/>\n\u2022 behindertengerechter Eingang<br \/>\n\u2022 2 behindertengerechte WC&#8217;s<br \/>\n\u2022 1 behindertengerechter Stellplatz<br \/>\n\u2022 Video-Gegensprechanlage<br \/>\n\u2022 Brandmeldeanlage<br \/>\n\u2022 Besprechungsr\u00e4ume teilw. klimatisiert<br \/>\n\u2022 Schallschutzt\u00fcren<\/p>\n<p>Es gelten ausschlie\u00dflich unsere AGB (www.ruhr-real.de\/agb). Wir m\u00f6chten Sie darauf hinweisen, dass die Angaben ausschlie\u00dflich auf den uns vom Eigent\u00fcmer \u00fcbermittelten Unterlagen und Informationen basieren. F\u00fcr Richtigkeit und Vollst\u00e4ndigkeit \u00fcbernehmen wir keine Gew\u00e4hr. Zwischenvermietung vorbehalten.<br \/>\n<div class=\"widget widget_immonex_user_defined_properties_widget\"><div class=\"immonex-widget immonex-widget-houzez\">\n\t\t<div class=\"immonex-widget-title clearfix\">\n\t\t<h2 class=\"widgettitle\">Energieeffizienz<\/h2>\t<\/div>\n\t\t<ul class=\"immonex-property-details row list-lined list-unstyled\">\n\t\t\t\t<li>\n\t\t\t<div class=\"list-lined-item w-100 d-flex justify-content-between py-2\">\n\t\t\t\t\t\t\t\t<strong class=\"property-details-label\">Energieausweis-Jahrgang:<\/strong>&nbsp;<span class=\"property-details-value\">not available<\/span>\n\t\t\t\t\t\t\t<\/div>\n\t\t<\/li>\n\t\t\t<\/ul>\n<\/div><\/div><\/p>\n","protected":false},"excerpt":{"rendered":"<p>Die B\u00fcrofl\u00e4chen verf\u00fcgen \u00fcber gro\u00dfz\u00fcgige Dachterrassen im 4. Obergeschoss sowie eine vollwertige K\u00fcchenzeile&#8230;.<\/p>\n","protected":false},"author":1,"featured_media":169661,"parent":0,"menu_order":0,"template":"","property_type":[379],"property_status":[352],"property_feature":[354],"property_label":[],"property_country":[353],"property_state":[],"property_city":[336],"property_area":[],"class_list":["post-169660","property","type-property","status-publish","has-post-thumbnail","hentry","property_type-bueroflaechen","property_status-zu-vermieten","property_feature-personenaufzug","property_country-deutschland","property_city-koln"],"acf":[],"property_meta":{"rank_math_internal_links_processed":["1"],"_immonex_post_status":["new"],"_immonex_import_folder":["users\/RUHRREAL"],"fave_property_map_address":["50825 K\u00f6ln"],"fave_property_zip":["50825"],"fave_property_country":["DE"],"_immonex_lat":["50.9575024"],"_immonex_lng":["6.9075293"],"houzez_geolocation_lat":["50.9575024"],"houzez_geolocation_long":["6.9075293"],"fave_property_location":["50.9575024,6.9075293"],"fave_property_price":["11.50"],"fave_property_sec_price":["11.5000"],"fave_property_size":["1103"],"fave_property_id":["4454\/G1\/E6"],"_fave_property_id":["4454\/G1\/E6"],"_immonex_translation_id":["4454\/G1\/E6"],"_immonex_iso_country":["DEU"],"_openimmo_obid":["8A9B8EFFB96F47F5B74C08176CAE04D3"],"_openimmo_anid":["0000"],"_immonex_group_number":[""],"_immonex_group_id":[""],"_immonex_group_master":[""],"_immonex_import_meta":["a:6:{s:8:\"zip_file\";s:131:\"\/www\/htdocs\/w0172e0e\/ruhr-real_2024\/wp-content\/uploads\/immonex-openimmo-import\/users\/RUHRREAL\/Immowelt_estatePro_20250926172223.zip\";s:8:\"xml_file\";s:158:\"\/www\/htdocs\/w0172e0e\/ruhr-real_2024\/wp-content\/uploads\/immonex-openimmo-import\/immowelt_estatepro_20250926172223\/Homepage_2024_NEW_estatePro20250926172223.xml\";s:12:\"mapping_file\";s:116:\"\/www\/htdocs\/w0172e0e\/ruhr-real_2024\/wp-content\/uploads\/immonex-openimmo-import\/mappings\/houzez_ruhrreal_18122023.csv\";s:9:\"timestamp\";i:1758900169;s:4:\"date\";s:10:\"2025-09-26\";s:4:\"time\";s:8:\"17:22:49\";}"],"_is_immonex_import_property":["1"],"_immonex_is_reference":[""],"_immonex_is_sold":[""],"_immonex_is_reserved":[""],"_immonex_is_available":["1"],"_immonex_areabutler_url_with_address":[""],"_immonex_areabutler_url_no_address":[""],"_immonex_areabutler_url":[""],"additional_features":["a:14:{i:0;a:2:{s:29:\"fave_additional_feature_title\";s:14:\"Nettokaltmiete\";s:29:\"fave_additional_feature_value\";s:14:\"11,50&nbsp;\u20ac\";}i:1;a:2:{s:29:\"fave_additional_feature_title\";s:9:\"Kaltmiete\";s:29:\"fave_additional_feature_value\";s:14:\"11,50&nbsp;\u20ac\";}i:2;a:2:{s:29:\"fave_additional_feature_title\";s:33:\"Heizkosten in Warmmiete enthalten\";s:29:\"fave_additional_feature_value\";s:4:\"nein\";}i:3;a:2:{s:29:\"fave_additional_feature_title\";s:32:\"Preise zuz\u00fcglich Mehrwertsteuer\";s:29:\"fave_additional_feature_value\";s:4:\"nein\";}i:4;a:2:{s:29:\"fave_additional_feature_title\";s:23:\"Netto-Kaltmiete pro m\u00b2\";s:29:\"fave_additional_feature_value\";s:14:\"11,50&nbsp;\u20ac\";}i:5;a:2:{s:29:\"fave_additional_feature_title\";s:10:\"MwSt.-Satz\";s:29:\"fave_additional_feature_value\";s:9:\"19&nbsp;%\";}i:6;a:2:{s:29:\"fave_additional_feature_title\";s:12:\"B\u00fcrofl\u00e4che\";s:29:\"fave_additional_feature_value\";s:16:\"6.384,6&nbsp;m\u00b2\";}i:7;a:2:{s:29:\"fave_additional_feature_title\";s:16:\"B\u00fcroteilfl\u00e4che\";s:29:\"fave_additional_feature_value\";s:17:\"1.103,17&nbsp;m\u00b2\";}i:8;a:2:{s:29:\"fave_additional_feature_title\";s:10:\"Teilbar ab\";s:29:\"fave_additional_feature_value\";s:17:\"1.103,17&nbsp;m\u00b2\";}i:9;a:2:{s:29:\"fave_additional_feature_title\";s:19:\"Art der Ausstattung\";s:29:\"fave_additional_feature_value\";s:7:\"gehoben\";}i:10;a:2:{s:29:\"fave_additional_feature_title\";s:10:\"Bodenbelag\";s:29:\"fave_additional_feature_value\";s:19:\"Teppich, Kunststoff\";}i:11;a:2:{s:29:\"fave_additional_feature_title\";s:13:\"Stellplatzart\";s:29:\"fave_additional_feature_value\";s:9:\"Freiplatz\";}i:12;a:2:{s:29:\"fave_additional_feature_title\";s:7:\"Zustand\";s:29:\"fave_additional_feature_value\";s:8:\"gepflegt\";}i:13;a:2:{s:29:\"fave_additional_feature_title\";s:27:\"Immobilie ist verf\u00fcgbar ab\";s:29:\"fave_additional_feature_value\";s:17:\"nach Vereinbarung\";}}"],"fave_additional_features_enable":["enable"],"_immonex_custom_fields":["a:1:{s:23:\"Energieausweis-Jahrgang\";a:5:{s:14:\"mapping_source\";s:38:\"zustand_angaben->energiepass->jahrgang\";s:4:\"name\";s:0:\"\";s:5:\"group\";s:5:\"epass\";s:5:\"value\";s:13:\"not available\";s:19:\"value_before_filter\";s:4:\"ohne\";}}"],"_immonex_property_xml_source":["<?xml version=\"1.0\"?>\n<immobilie>\n<objektkategorie>\n<nutzungsart WOHNEN=\"false\" GEWERBE=\"true\"\/>\n<vermarktungsart KAUF=\"false\" MIETE_PACHT=\"true\"\/>\n<objektart>\n<buero_praxen buero_typ=\"BUEROHAUS\"\/>\n<\/objektart>\n<user_defined_simplefield\/>\n<\/objektkategorie>\n<geo>\n<plz>50825<\/plz>\n<ort>K&#xF6;ln<\/ort>\n<strasse>Maarweg<\/strasse>\n<hausnummer>149-161<\/hausnummer>\n<land iso_land=\"DEU\"\/>\n<lage_im_bau\/>\n<\/geo>\n<kontaktperson>\n<email_zentrale>anfrage@ruhr-real.de<\/email_zentrale>\n<email_direkt>lendzian@ruhr-real.de<\/email_direkt>\n<tel_durchw>+49 221 273 229 22<\/tel_durchw>\n<tel_handy>+49 162 1531000<\/tel_handy>\n<name>Lendzian<\/name>\n<vorname>Niklas<\/vorname>\n<anrede>Herr<\/anrede>\n<firma>RUHR REAL GmbH<\/firma>\n<strasse>Holsterhauser Platz<\/strasse>\n<hausnummer>2<\/hausnummer>\n<plz>45147<\/plz>\n<ort>Essen<\/ort>\n<adressfreigabe>true<\/adressfreigabe>\n<\/kontaktperson>\n<preise>\n<nettokaltmiete>11.50<\/nettokaltmiete>\n<kaltmiete>11.50<\/kaltmiete>\n<heizkosten_enthalten>false<\/heizkosten_enthalten>\n<zzg_mehrwertsteuer>false<\/zzg_mehrwertsteuer>\n<preis_zeiteinheit\/>\n<mietpreis_pro_qm>11.5000<\/mietpreis_pro_qm>\n<provisionspflichtig>false<\/provisionspflichtig>\n<waehrung iso_waehrung=\"EUR\"\/>\n<mwst_satz>19.00<\/mwst_satz>\n<stp_carport\/>\n<stp_duplex\/>\n<stp_freiplatz\/>\n<stp_garage\/>\n<stp_parkhaus\/>\n<stp_tiefgarage\/>\n<\/preise>\n<bieterverfahren\/>\n<versteigerung\/>\n<flaechen>\n<bueroflaeche>6384.6<\/bueroflaeche>\n<bueroteilflaeche>1103.17<\/bueroteilflaeche>\n<teilbar_ab>1103.17<\/teilbar_ab>\n<anzahl_stellplaetze type=\"xsd:decimal\">25<\/anzahl_stellplaetze>\n<\/flaechen>\n<ausstattung>\n<ausstatt_kategorie>GEHOBEN<\/ausstatt_kategorie>\n<bad\/>\n<kueche\/>\n<boden TEPPICH=\"true\" KUNSTSTOFF=\"true\"\/>\n<heizungsart\/>\n<befeuerung\/>\n<fahrstuhl PERSONEN=\"true\"\/>\n<stellplatzart FREIPLATZ=\"true\"\/>\n<ausricht_balkon_terrasse\/>\n<angeschl_gastronomie\/>\n<sicherheitstechnik\/>\n<\/ausstattung>\n<zustand_angaben>\n<zustand zustand_art=\"GEPFLEGT\"\/>\n<energiepass>\n<jahrgang>ohne<\/jahrgang>\n<\/energiepass>\n<\/zustand_angaben>\n<bewertung\/>\n<infrastruktur\/>\n<freitexte>\n<objekttitel>Exklusiv &#xFC;ber RUHR REAL | Provisionsfrei | Braunsfeld | effektive Aufteilung<\/objekttitel>\n<lage>Das Objekt befindet sich im begehrten und innenstadtnahen K&#xF6;lner Stadtteil Ehrenfeld, der sich in den vergangenen Jahren zu einem attraktiven Standort f&#xFC;r zahlreiche namhafte Unternehmen entwickelt hat. Die Innenstadt ist nur etwa 3 Kilometer entfernt. Eine hervorragende Anbindung sowohl an das Autobahnnetz als auch an den &#xF6;ffentlichen Nahverkehr ist gegeben. Die etablierte Infrastruktur vor Ort gew&#xE4;hrleistet eine optimale Versorgung f&#xFC;r den t&#xE4;glichen Bedarf.\n<\/lage>\n<ausstatt_beschr>&#x2022; Dachterrassen im 4. OG\n&#x2022; vollwertige K&#xFC;chenzeile\n&#x2022; Teppichboden, PVC-Designboden\n&#x2022; teilweise innenliegender Blendschutz\n&#x2022; bodentiefe Fenster \n&#x2022; behindertengerechter Eingang\n&#x2022; 2 behindertengerechte WC's\n&#x2022; 1 behindertengerechter Stellplatz\n&#x2022; Video-Gegensprechanlage\n&#x2022; Brandmeldeanlage\n&#x2022; Besprechungsr&#xE4;ume teilw. klimatisiert\n&#x2022; Schallschutzt&#xFC;ren<\/ausstatt_beschr>\n<objektbeschreibung>Die B&#xFC;rofl&#xE4;chen verf&#xFC;gen &#xFC;ber gro&#xDF;z&#xFC;gige Dachterrassen im 4. Obergeschoss sowie eine vollwertige K&#xFC;chenzeile. Die Ausstattung umfasst Teppichboden und PVC-Designboden, teilweise innenliegenden Blendschutz sowie bodentiefe Fenster, die f&#xFC;r eine helle und freundliche Arbeitsatmosph&#xE4;re sorgen. Ein behindertengerechter Eingang, zwei behindertengerechte WCs und ein Stellplatz gew&#xE4;hrleisten Barrierefreiheit. Weitere Ausstattungsmerkmale sind eine Video-Gegensprechanlage, eine Brandmeldeanlage, teilweise klimatisierte Besprechungsr&#xE4;ume sowie Schallschutzt&#xFC;ren.\n\n\n\nVerf&#xFC;gbare Fl&#xE4;chen:\n\n\n\nEG B&#xFC;rofl&#xE4;che: 1.103,17 m&#xB2;\n1.\n\n OG B&#xFC;rofl&#xE4;che: 1.315,30 m&#xB2;\n2. \n\nOG B&#xFC;rofl&#xE4;che: 1.315,30 m&#xB2;\n3. \n\nOG B&#xFC;rofl&#xE4;che: 1.315,30 m&#xB2;\n4. \n\nOG B&#xFC;rofl&#xE4;che: 1.335,53 m&#xB2;<\/objektbeschreibung><sonstige_angaben>Es gelten ausschlie&#xDF;lich unsere AGB (www.ruhr-real.de\/agb). Wir m&#xF6;chten Sie darauf hinweisen, dass die Angaben ausschlie&#xDF;lich auf den uns vom Eigent&#xFC;mer &#xFC;bermittelten Unterlagen und Informationen basieren. F&#xFC;r Richtigkeit und Vollst&#xE4;ndigkeit &#xFC;bernehmen wir keine Gew&#xE4;hr. Zwischenvermietung vorbehalten.<\/sonstige_angaben>\n<\/freitexte>\n<anhaenge>\n<anhang location=\"EXTERN\" gruppe=\"TITELBILD\">\n<anhangtitel>Drohneansicht<\/anhangtitel>\n<format>JPG<\/format>\n<daten>\n<pfad>1a4b7f4ba30e4685b53ed3feceb989a0.JPG<\/pfad>\n<\/daten>\n<\/anhang>\n<anhang location=\"EXTERN\" gruppe=\"BILD\">\n<anhangtitel>Visualisierung<\/anhangtitel>\n<format>PNG<\/format>\n<daten>\n<pfad>fa1638ec875f400cb98d63a15ebc0302.PNG<\/pfad>\n<\/daten>\n<\/anhang>\n<anhang location=\"EXTERN\" gruppe=\"BILD\">\n<anhangtitel>Visualisierung<\/anhangtitel>\n<format>PNG<\/format>\n<daten>\n<pfad>42324fc2f89b4dd993c6c360801eede4.PNG<\/pfad>\n<\/daten>\n<\/anhang>\n<anhang location=\"EXTERN\" gruppe=\"BILD\">\n<anhangtitel>Personenaufzug<\/anhangtitel>\n<format>JPG<\/format>\n<daten>\n<pfad>5d347ab3b6fa41b59c37875188019ebf.JPG<\/pfad>\n<\/daten>\n<\/anhang>\n<anhang location=\"EXTERN\" gruppe=\"BILD\">\n<anhangtitel>Innenansicht<\/anhangtitel>\n<format>JPG<\/format>\n<daten>\n<pfad>9b66db276593455d8edd7c660336bae1.JPG<\/pfad>\n<\/daten>\n<\/anhang>\n<anhang location=\"EXTERN\" gruppe=\"BILD\">\n<anhangtitel>Innenansicht<\/anhangtitel>\n<format>JPG<\/format>\n<daten>\n<pfad>f1957ef712c84809b71a6bc74bf9f6ec.JPG<\/pfad>\n<\/daten>\n<\/anhang>\n<anhang location=\"EXTERN\" gruppe=\"BILD\">\n<anhangtitel>Dachterrasse 4. OG<\/anhangtitel>\n<format>JPG<\/format>\n<daten>\n<pfad>be8382bb0dd3401da33611b69d6e271a.JPG<\/pfad>\n<\/daten>\n<\/anhang>\n<anhang location=\"EXTERN\" gruppe=\"GRUNDRISS\">\n<anhangtitel>Grundriss EG<\/anhangtitel>\n<format>PNG<\/format>\n<daten>\n<pfad>9d8b6257f8d8425bba90b9ab69c2fb2d.PNG<\/pfad>\n<\/daten>\n<\/anhang>\n<anhang location=\"EXTERN\" gruppe=\"GRUNDRISS\">\n<anhangtitel>Grundriss 1. OG<\/anhangtitel>\n<format>PNG<\/format>\n<daten>\n<pfad>97431cc7416346e3abdfa6e320af655a.PNG<\/pfad>\n<\/daten>\n<\/anhang>\n<anhang location=\"EXTERN\" gruppe=\"GRUNDRISS\">\n<anhangtitel>Grundriss 2. OG<\/anhangtitel>\n<format>PNG<\/format>\n<daten>\n<pfad>a672db24633d48feb2ea7747fedf7dc3.PNG<\/pfad>\n<\/daten>\n<\/anhang>\n<anhang location=\"EXTERN\" gruppe=\"BILD\">\n<anhangtitel>Grundriss 3. OG<\/anhangtitel>\n<format>PNG<\/format>\n<daten>\n<pfad>3616cc8ead7f44648a7b87f926af68e9.PNG<\/pfad>\n<\/daten>\n<\/anhang>\n<\/anhaenge>\n<verwaltung_objekt>\n<objektadresse_freigeben>false<\/objektadresse_freigeben>\n<verfuegbar_ab>nach Vereinbarung<\/verfuegbar_ab>\n<geschlecht\/>\n<\/verwaltung_objekt>\n<verwaltung_techn>\n<objektnr_intern>8A9B8EFFB96F47F5B74C08176CAE04D3<\/objektnr_intern>\n<objektnr_extern>4454\/G1\/E6<\/objektnr_extern>\n<aktion aktionart=\"CHANGE\"\/>\n<openimmo_obid>8A9B8EFFB96F47F5B74C08176CAE04D3<\/openimmo_obid>\n<kennung_ursprung>estatePro V10.0.0.8<\/kennung_ursprung>\n<stand_vom>2025-09-26<\/stand_vom>\n<\/verwaltung_techn>\n<user_defined_simplefield feldname=\"Startseite\">Nein<\/user_defined_simplefield>\n<\/immobilie>\n"],"_immonex_energy_class":[""],"_immonex_energy_class_id":["0"],"_thumbnail_id":["169661"],"fave_property_images":["169661","169662","169663","169664","169665","169666","169667","169671"],"fave_floor_plans_enable":["enable"],"floor_plans":["a:3:{i:0;a:7:{s:15:\"fave_plan_title\";s:12:\"Grundriss EG\";s:15:\"fave_plan_rooms\";s:0:\"\";s:19:\"fave_plan_bathrooms\";s:0:\"\";s:15:\"fave_plan_price\";s:0:\"\";s:14:\"fave_plan_size\";s:0:\"\";s:15:\"fave_plan_image\";s:84:\"https:\/\/ruhr-real.de\/wp-content\/uploads\/2025\/09\/9d8b6257f8d8425bba90b9ab69c2fb2d.png\";s:21:\"fave_plan_description\";s:0:\"\";}i:1;a:7:{s:15:\"fave_plan_title\";s:15:\"Grundriss 1. OG\";s:15:\"fave_plan_rooms\";s:0:\"\";s:19:\"fave_plan_bathrooms\";s:0:\"\";s:15:\"fave_plan_price\";s:0:\"\";s:14:\"fave_plan_size\";s:0:\"\";s:15:\"fave_plan_image\";s:84:\"https:\/\/ruhr-real.de\/wp-content\/uploads\/2025\/09\/97431cc7416346e3abdfa6e320af655a.png\";s:21:\"fave_plan_description\";s:0:\"\";}i:2;a:7:{s:15:\"fave_plan_title\";s:15:\"Grundriss 2. OG\";s:15:\"fave_plan_rooms\";s:0:\"\";s:19:\"fave_plan_bathrooms\";s:0:\"\";s:15:\"fave_plan_price\";s:0:\"\";s:14:\"fave_plan_size\";s:0:\"\";s:15:\"fave_plan_image\";s:84:\"https:\/\/ruhr-real.de\/wp-content\/uploads\/2025\/09\/a672db24633d48feb2ea7747fedf7dc3.png\";s:21:\"fave_plan_description\";s:0:\"\";}}"],"fave_prop_homeslider":["yes"],"fave_prop_slider_image":["169661"],"fave_agents":["156452"],"fave_agent_display_option":["agent_info"],"fave_single_top_area":["global"],"fave_single_content_area":["global"],"fave_property_map":["1"],"fave_property_map_street_view":["hide"],"fave_property_size_prefix":["m\u00b2"],"fave_property_land_postfix":["m\u00b2"],"fave_featured":["0"],"houzez_featured_listing_date":[""],"fave_property_price_postfix":["pro&nbsp;m\u00b2"],"fave_currency":["EUR"],"fave_currency_info":["a:8:{s:2:\"id\";s:1:\"1\";s:13:\"currency_name\";s:4:\"Euro\";s:13:\"currency_code\";s:3:\"EUR\";s:15:\"currency_symbol\";s:3:\"\u20ac\";s:17:\"currency_position\";s:5:\"after\";s:16:\"currency_decimal\";s:1:\"2\";s:26:\"currency_decimal_separator\";s:1:\",\";s:27:\"currency_thousand_separator\";s:1:\".\";}"],"houzez_total_property_views":["1027"],"houzez_views_by_date":["a:61:{s:10:\"02-27-2026\";i:6;s:10:\"02-28-2026\";i:4;s:10:\"03-01-2026\";i:4;s:10:\"03-02-2026\";i:4;s:10:\"03-03-2026\";i:4;s:10:\"03-04-2026\";i:4;s:10:\"03-05-2026\";i:6;s:10:\"03-06-2026\";i:4;s:10:\"03-07-2026\";i:4;s:10:\"03-08-2026\";i:4;s:10:\"03-09-2026\";i:4;s:10:\"03-10-2026\";i:4;s:10:\"03-11-2026\";i:6;s:10:\"03-12-2026\";i:4;s:10:\"03-13-2026\";i:4;s:10:\"03-14-2026\";i:4;s:10:\"03-15-2026\";i:4;s:10:\"03-16-2026\";i:2;s:10:\"03-17-2026\";i:9;s:10:\"03-18-2026\";i:6;s:10:\"03-19-2026\";i:4;s:10:\"03-20-2026\";i:6;s:10:\"03-21-2026\";i:4;s:10:\"03-22-2026\";i:4;s:10:\"03-23-2026\";i:4;s:10:\"03-24-2026\";i:4;s:10:\"03-25-2026\";i:4;s:10:\"03-26-2026\";i:6;s:10:\"03-27-2026\";i:4;s:10:\"03-28-2026\";i:4;s:10:\"03-29-2026\";i:4;s:10:\"03-30-2026\";i:6;s:10:\"03-31-2026\";i:4;s:10:\"04-01-2026\";i:7;s:10:\"04-02-2026\";i:9;s:10:\"04-03-2026\";i:8;s:10:\"04-04-2026\";i:8;s:10:\"04-05-2026\";i:8;s:10:\"04-06-2026\";i:8;s:10:\"04-07-2026\";i:11;s:10:\"04-08-2026\";i:8;s:10:\"04-09-2026\";i:8;s:10:\"04-10-2026\";i:8;s:10:\"04-11-2026\";i:6;s:10:\"04-12-2026\";i:8;s:10:\"04-13-2026\";i:8;s:10:\"04-14-2026\";i:8;s:10:\"04-15-2026\";i:8;s:10:\"04-16-2026\";i:8;s:10:\"04-17-2026\";i:8;s:10:\"04-18-2026\";i:8;s:10:\"04-19-2026\";i:8;s:10:\"04-20-2026\";i:8;s:10:\"04-21-2026\";i:8;s:10:\"04-22-2026\";i:8;s:10:\"04-23-2026\";i:8;s:10:\"04-24-2026\";i:8;s:10:\"04-25-2026\";i:8;s:10:\"04-26-2026\";i:8;s:10:\"04-27-2026\";i:8;s:10:\"04-28-2026\";i:4;}"],"houzez_recently_viewed":["2026-04-28 11:38:26"],"tp_widgets":["a:2:{s:7:\"widgets\";a:0:{}s:9:\"update_at\";s:10:\"1764682733\";}"],"_elementor_page_assets":["a:0:{}"]},"_links":{"self":[{"href":"https:\/\/ruhr-real.de\/en\/wp-json\/wp\/v2\/properties\/169660","targetHints":{"allow":["GET"]}}],"collection":[{"href":"https:\/\/ruhr-real.de\/en\/wp-json\/wp\/v2\/properties"}],"about":[{"href":"https:\/\/ruhr-real.de\/en\/wp-json\/wp\/v2\/types\/property"}],"author":[{"embeddable":true,"href":"https:\/\/ruhr-real.de\/en\/wp-json\/wp\/v2\/users\/1"}],"version-history":[{"count":0,"href":"https:\/\/ruhr-real.de\/en\/wp-json\/wp\/v2\/properties\/169660\/revisions"}],"wp:featuredmedia":[{"embeddable":true,"href":"https:\/\/ruhr-real.de\/en\/wp-json\/wp\/v2\/media\/169661"}],"wp:attachment":[{"href":"https:\/\/ruhr-real.de\/en\/wp-json\/wp\/v2\/media?parent=169660"}],"wp:term":[{"taxonomy":"property_type","embeddable":true,"href":"https:\/\/ruhr-real.de\/en\/wp-json\/wp\/v2\/property_type?post=169660"},{"taxonomy":"property_status","embeddable":true,"href":"https:\/\/ruhr-real.de\/en\/wp-json\/wp\/v2\/property_status?post=169660"},{"taxonomy":"property_feature","embeddable":true,"href":"https:\/\/ruhr-real.de\/en\/wp-json\/wp\/v2\/property_feature?post=169660"},{"taxonomy":"property_label","embeddable":true,"href":"https:\/\/ruhr-real.de\/en\/wp-json\/wp\/v2\/property_label?post=169660"},{"taxonomy":"property_country","embeddable":true,"href":"https:\/\/ruhr-real.de\/en\/wp-json\/wp\/v2\/property_country?post=169660"},{"taxonomy":"property_state","embeddable":true,"href":"https:\/\/ruhr-real.de\/en\/wp-json\/wp\/v2\/property_state?post=169660"},{"taxonomy":"property_city","embeddable":true,"href":"https:\/\/ruhr-real.de\/en\/wp-json\/wp\/v2\/property_city?post=169660"},{"taxonomy":"property_area","embeddable":true,"href":"https:\/\/ruhr-real.de\/en\/wp-json\/wp\/v2\/property_area?post=169660"}],"curies":[{"name":"wp","href":"https:\/\/api.w.org\/{rel}","templated":true}]}}