{"id":170173,"date":"2025-10-07T00:01:54","date_gmt":"2025-10-06T22:01:54","guid":{"rendered":"https:\/\/ruhr-real.de\/objekt\/in-bester-lage-23-215-m%c2%b2-lagerflaeche-im-logistikpark-rampen-und-ebenerdige-tore-esfr-sprinklerung-trafo-station\/"},"modified":"2025-10-07T00:01:54","modified_gmt":"2025-10-06T22:01:54","slug":"in-bester-lage-23-215-m%c2%b2-lagerflaeche-im-logistikpark-rampen-und-ebenerdige-tore-esfr-sprinklerung-trafo-station","status":"publish","type":"property","link":"https:\/\/ruhr-real.de\/en\/objekt\/in-bester-lage-23-215-m%c2%b2-lagerflaeche-im-logistikpark-rampen-und-ebenerdige-tore-esfr-sprinklerung-trafo-station\/","title":{"rendered":"In bester Lage: 23.215 m\u00b2 Lagerfl\u00e4che im Logistikpark | Rampen und ebenerdige Tore | ESFR-Sprinklerung &amp; Trafo-Station"},"content":{"rendered":"<p>Zur Disposition stehen ab sofort drei Lagerhallen von insgesamt ca. 23.215 m\u00b2. Das Objekt ist mit einer ESFR-Deckensprinklerung sowie einer BMA ausgestattet, die Fl\u00e4che wird mittels Gasdunkelstrahler beheizt. Eine Trafostation mit 1.000 kVA ist vorhanden, die Lagerfl\u00e4che ist mit LED-Beleuchtung ausgestattet. Die Deckenh\u00f6he der Halle betr\u00e4gt ca. 8,0 m UKB, die Bodentraglast liegt bei 5.000 kg\/ m\u00b2. Das Grundst\u00fcck ist umz\u00e4unt und mit einer Toranlage ausgestattet.<\/p>\n<p>Unit 3: 10.348 m\u00b2 Hallenfl\u00e4che, 534 m\u00b2 B\u00fcrofl\u00e4che, 608 m\u00b2 Mezzanine<br \/>\nUnit 4: 4.813 m\u00b2 Hallenfl\u00e4che, 308 m\u00b2 B\u00fcrofl\u00e4che, 524m\u00b2 Mezzanine<br \/>\nUnit 5: 4.792 m\u00b2 Hallenfl\u00e4che, 304 m\u00b2 B\u00fcrofl\u00e4che, 608 m\u00b2 Mezzanine<\/p>\n<p>Das Objekt befindet sich im Industriegebiet Gaggenau, westlich von Stuttgart nahe zur niederl\u00e4ndischen Grenze. Die n\u00e4chste Autobahnauffahrt zur A5 ist in nur 10 Minuten erreicht und f\u00fchrt direkt zu weiteren regionalen sowie \u00fcberregionalen Autobahnverbindungen. Die Nahversorgung ist dank fu\u00dfl\u00e4ufig erreichbarer Restaurants und Superm\u00e4rkte bestens gegeben. Die \u00d6PNV-Anbindung ist vorhanden, der Flughafen von Stuttgart ist in ca. 65 Minuten erreicht. Der n\u00e4chste Bahnhof ist nur 7 Minuten entfernt.<\/p>\n<p>\u2022 10 Rampentore<br \/>\n\u2022 4 ebenerdige Tore<br \/>\n\u2022 ESFR-Sprinkleranlage<br \/>\n\u2022 Trafo mit 1.000 kVA<br \/>\n\u2022 LED-Beleuchtung<\/p>\n<p>Es gelten ausschlie\u00dflich unsere AGB (www.ruhr-real.de\/agb). Da der Eigent\u00fcmer ausschlie\u00dflich Lager\/Logistik, Produktion und Light Industrial als Nutzung w\u00fcnscht, bitten wir Sie zu ber\u00fccksichtigen, dass Anfragen zu folgenden Nutzungen nicht bearbeitet werden k\u00f6nnen: Veranstaltungen\/Events, Gastronomie\/Vergn\u00fcgungsst\u00e4tten, religi\u00f6se Einrichtungen sowie Sport- und Spielst\u00e4tten. Wir m\u00f6chten Sie darauf hinweisen, dass die Angaben ausschlie\u00dflich auf den uns vom Eigent\u00fcmer \u00fcbermittelten Unterlagen und Informationen basieren. F\u00fcr Richtigkeit und Vollst\u00e4ndigkeit \u00fcbernehmen wir keine Gew\u00e4hr. Zwischenvermietung vorbehalten.<br \/>\n<div class=\"widget widget_immonex_user_defined_properties_widget\"><div class=\"immonex-widget immonex-widget-houzez\">\n\t\t<div class=\"immonex-widget-title clearfix\">\n\t\t<h2 class=\"widgettitle\">Energieeffizienz<\/h2>\t<\/div>\n\t\t<ul class=\"immonex-property-details row list-lined list-unstyled\">\n\t\t\t\t<li>\n\t\t\t<div class=\"list-lined-item w-100 d-flex justify-content-between py-2\">\n\t\t\t\t\t\t\t\t<strong class=\"property-details-label\">Energieausweis-Jahrgang:<\/strong>&nbsp;<span class=\"property-details-value\">not required<\/span>\n\t\t\t\t\t\t\t<\/div>\n\t\t<\/li>\n\t\t\t<\/ul>\n<\/div><\/div><\/p>\n","protected":false},"excerpt":{"rendered":"<p>Zur Disposition stehen ab sofort drei Lagerhallen von insgesamt ca. 23.215 m\u00b2. Das Objekt ist mit einer&#8230;<\/p>\n","protected":false},"author":1,"featured_media":170174,"parent":0,"menu_order":0,"template":"","property_type":[380],"property_status":[352],"property_feature":[],"property_label":[],"property_country":[353],"property_state":[],"property_city":[565],"property_area":[],"class_list":["post-170173","property","type-property","status-publish","has-post-thumbnail","hentry","property_type-lager-und-produktionsflaechen","property_status-zu-vermieten","property_country-deutschland","property_city-gaggenau"],"acf":[],"property_meta":{"rank_math_internal_links_processed":["1"],"_immonex_post_status":["new"],"_immonex_import_folder":["users\/RUHRREAL"],"fave_property_map_address":["76571 Gaggenau"],"fave_property_zip":["76571"],"fave_property_country":["DE"],"_immonex_lat":["48.8010291"],"_immonex_lng":["8.3191799"],"houzez_geolocation_lat":["48.8010291"],"houzez_geolocation_long":["8.3191799"],"fave_property_location":["48.8010291,8.3191799"],"fave_property_price":["6.25"],"fave_property_sec_price":["6.2500"],"fave_property_size":["23215"],"fave_property_id":["3711\/E1"],"_fave_property_id":["3711\/E1"],"_immonex_translation_id":["3711\/E1"],"_immonex_iso_country":["DEU"],"_openimmo_obid":["3CF85255E2A74048AC7A11C2A41FCE86"],"_openimmo_anid":["0000"],"_immonex_group_number":[""],"_immonex_group_id":[""],"_immonex_group_master":[""],"_immonex_import_meta":["a:6:{s:8:\"zip_file\";s:131:\"\/www\/htdocs\/w0172e0e\/ruhr-real_2024\/wp-content\/uploads\/immonex-openimmo-import\/users\/RUHRREAL\/Immowelt_estatePro_20251007112429.zip\";s:8:\"xml_file\";s:158:\"\/www\/htdocs\/w0172e0e\/ruhr-real_2024\/wp-content\/uploads\/immonex-openimmo-import\/immowelt_estatepro_20251007112429\/Homepage_2024_NEW_estatePro20251007112429.xml\";s:12:\"mapping_file\";s:116:\"\/www\/htdocs\/w0172e0e\/ruhr-real_2024\/wp-content\/uploads\/immonex-openimmo-import\/mappings\/houzez_ruhrreal_18122023.csv\";s:9:\"timestamp\";i:1759829156;s:4:\"date\";s:10:\"2025-10-07\";s:4:\"time\";s:8:\"11:25:56\";}"],"_is_immonex_import_property":["1"],"_immonex_is_reference":[""],"_immonex_is_sold":[""],"_immonex_is_reserved":[""],"_immonex_is_available":["1"],"_immonex_areabutler_url_with_address":[""],"_immonex_areabutler_url_no_address":[""],"_immonex_areabutler_url":[""],"additional_features":["a:17:{i:0;a:2:{s:29:\"fave_additional_feature_title\";s:14:\"Nettokaltmiete\";s:29:\"fave_additional_feature_value\";s:13:\"6,25&nbsp;\u20ac\";}i:1;a:2:{s:29:\"fave_additional_feature_title\";s:9:\"Kaltmiete\";s:29:\"fave_additional_feature_value\";s:13:\"6,25&nbsp;\u20ac\";}i:2;a:2:{s:29:\"fave_additional_feature_title\";s:29:\"monatl. Betriebs-\/Nebenkosten\";s:29:\"fave_additional_feature_value\";s:13:\"1,50&nbsp;\u20ac\";}i:3;a:2:{s:29:\"fave_additional_feature_title\";s:33:\"Heizkosten in Warmmiete enthalten\";s:29:\"fave_additional_feature_value\";s:4:\"nein\";}i:4;a:2:{s:29:\"fave_additional_feature_title\";s:32:\"Preise zuz\u00fcglich Mehrwertsteuer\";s:29:\"fave_additional_feature_value\";s:4:\"nein\";}i:5;a:2:{s:29:\"fave_additional_feature_title\";s:23:\"Netto-Kaltmiete pro m\u00b2\";s:29:\"fave_additional_feature_value\";s:13:\"6,25&nbsp;\u20ac\";}i:6;a:2:{s:29:\"fave_additional_feature_title\";s:16:\"K\u00e4uferprovision\";s:29:\"fave_additional_feature_value\";s:21:\"3-4 Nettomonatsmieten\";}i:7;a:2:{s:29:\"fave_additional_feature_title\";s:20:\"Hinweis zur Courtage\";s:29:\"fave_additional_feature_value\";s:233:\"Bei Vertr\u00e4gen bis zu f\u00fcnf Jahren Laufzeit ist ein Honorar von 3 Nettomonatsmieten vom Mieter an RUHR REAL zahlbar; bei Laufzeiten bis zu zehn Jahren werden 4 Nettomonatsmieten f\u00e4llig. Hinzu kommt die jeweils g\u00fcltige Umsatzsteuer.\";}i:8;a:2:{s:29:\"fave_additional_feature_title\";s:10:\"MwSt.-Satz\";s:29:\"fave_additional_feature_value\";s:9:\"19&nbsp;%\";}i:9;a:2:{s:29:\"fave_additional_feature_title\";s:13:\"Gesamtfl\u00e4che\";s:29:\"fave_additional_feature_value\";s:15:\"23.215&nbsp;m\u00b2\";}i:10;a:2:{s:29:\"fave_additional_feature_title\";s:12:\"Lagerfl\u00e4che\";s:29:\"fave_additional_feature_value\";s:15:\"21.609&nbsp;m\u00b2\";}i:11;a:2:{s:29:\"fave_additional_feature_title\";s:12:\"B\u00fcrofl\u00e4che\";s:29:\"fave_additional_feature_value\";s:14:\"1.246&nbsp;m\u00b2\";}i:12;a:2:{s:29:\"fave_additional_feature_title\";s:16:\"B\u00fcroteilfl\u00e4che\";s:29:\"fave_additional_feature_value\";s:12:\"304&nbsp;m\u00b2\";}i:13;a:2:{s:29:\"fave_additional_feature_title\";s:10:\"Teilbar ab\";s:29:\"fave_additional_feature_value\";s:14:\"4.792&nbsp;m\u00b2\";}i:14;a:2:{s:29:\"fave_additional_feature_title\";s:13:\"Stellplatzart\";s:29:\"fave_additional_feature_value\";s:9:\"Freiplatz\";}i:15;a:2:{s:29:\"fave_additional_feature_title\";s:7:\"Zustand\";s:29:\"fave_additional_feature_value\";s:8:\"gepflegt\";}i:16;a:2:{s:29:\"fave_additional_feature_title\";s:27:\"Immobilie ist verf\u00fcgbar ab\";s:29:\"fave_additional_feature_value\";s:17:\"sofort verf\u00fcgbar\";}}"],"fave_additional_features_enable":["enable"],"_immonex_custom_fields":["a:1:{s:23:\"Energieausweis-Jahrgang\";a:5:{s:14:\"mapping_source\";s:38:\"zustand_angaben->energiepass->jahrgang\";s:4:\"name\";s:0:\"\";s:5:\"group\";s:5:\"epass\";s:5:\"value\";s:12:\"not required\";s:19:\"value_before_filter\";s:12:\"nicht_noetig\";}}"],"_immonex_property_xml_source":["<?xml version=\"1.0\"?>\n<immobilie>\n<objektkategorie>\n<nutzungsart WOHNEN=\"false\" GEWERBE=\"true\"\/>\n<vermarktungsart KAUF=\"false\" MIETE_PACHT=\"true\"\/>\n<objektart>\n<hallen_lager_prod hallen_typ=\"LAGERFLAECHEN\"\/>\n<\/objektart>\n<user_defined_simplefield\/>\n<\/objektkategorie>\n<geo>\n<plz>76571<\/plz>\n<ort>Gaggenau<\/ort>\n<strasse>Max-Roth-Str.<\/strasse>\n<hausnummer>5, Gaggenau<\/hausnummer>\n<land iso_land=\"DEU\"\/>\n<lage_im_bau\/>\n<\/geo>\n<kontaktperson>\n<email_zentrale>anfrage@ruhr-real.de<\/email_zentrale>\n<email_direkt>mehrer@ruhr-real.de<\/email_direkt>\n<tel_durchw>+49 201 99996330<\/tel_durchw>\n<tel_fax>+49 201 99996344<\/tel_fax>\n<tel_handy>+49 162 2907000<\/tel_handy>\n<name>Mehrer<\/name>\n<vorname>Nils<\/vorname>\n<anrede>Herr<\/anrede>\n<firma>RUHR REAL GmbH<\/firma>\n<strasse>Holsterhauser Platz<\/strasse>\n<hausnummer>2<\/hausnummer>\n<plz>45147<\/plz>\n<ort>Essen<\/ort>\n<adressfreigabe>true<\/adressfreigabe>\n<\/kontaktperson>\n<preise>\n<nettokaltmiete>6.25<\/nettokaltmiete>\n<kaltmiete>6.25<\/kaltmiete>\n<nebenkosten>1.50<\/nebenkosten>\n<heizkosten_enthalten>false<\/heizkosten_enthalten>\n<zzg_mehrwertsteuer>false<\/zzg_mehrwertsteuer>\n<preis_zeiteinheit\/>\n<mietpreis_pro_qm>6.2500<\/mietpreis_pro_qm>\n<provisionspflichtig>true<\/provisionspflichtig>\n<aussen_courtage mit_mwst=\"false\">3-4 Nettomonatsmieten<\/aussen_courtage>\n<courtage_hinweis>Bei Vertr&#xE4;gen bis zu f&#xFC;nf Jahren Laufzeit ist ein Honorar von 3 Nettomonatsmieten vom Mieter an RUHR REAL zahlbar; bei Laufzeiten bis zu zehn Jahren werden 4 Nettomonatsmieten f&#xE4;llig. Hinzu kommt die jeweils g&#xFC;ltige Umsatzsteuer.<\/courtage_hinweis>\n<waehrung iso_waehrung=\"EUR\"\/>\n<mwst_satz>19.00<\/mwst_satz>\n<stp_carport\/>\n<stp_duplex\/>\n<stp_freiplatz\/>\n<stp_garage\/>\n<stp_parkhaus\/>\n<stp_tiefgarage\/>\n<\/preise>\n<bieterverfahren\/>\n<versteigerung\/>\n<flaechen>\n<gesamtflaeche>23215<\/gesamtflaeche>\n<lagerflaeche>21609<\/lagerflaeche>\n<bueroflaeche>1246<\/bueroflaeche>\n<bueroteilflaeche>304<\/bueroteilflaeche>\n<teilbar_ab>4792<\/teilbar_ab>\n<anzahl_stellplaetze type=\"xsd:decimal\">221<\/anzahl_stellplaetze>\n<\/flaechen>\n<ausstattung>\n<bad\/>\n<kueche\/>\n<heizungsart\/>\n<befeuerung\/>\n<fahrstuhl\/>\n<stellplatzart FREIPLATZ=\"true\"\/>\n<ausricht_balkon_terrasse\/>\n<angeschl_gastronomie\/>\n<sicherheitstechnik\/>\n<\/ausstattung>\n<zustand_angaben>\n<zustand zustand_art=\"GEPFLEGT\"\/>\n<energiepass>\n<jahrgang>nicht_noetig<\/jahrgang>\n<\/energiepass>\n<\/zustand_angaben>\n<bewertung\/>\n<infrastruktur\/>\n<freitexte>\n<objekttitel>In bester Lage: 23.215 m&#xB2; Lagerfl&#xE4;che im Logistikpark | Rampen und ebenerdige Tore | ESFR-Sprinklerung &amp; Trafo-Station<\/objekttitel>\n<lage>Das Objekt befindet sich im Industriegebiet Gaggenau, westlich von Stuttgart nahe zur niederl&#xE4;ndischen Grenze. Die n&#xE4;chste Autobahnauffahrt zur A5 ist in nur 10 Minuten erreicht und f&#xFC;hrt direkt zu weiteren regionalen sowie &#xFC;berregionalen Autobahnverbindungen. Die Nahversorgung ist dank fu&#xDF;l&#xE4;ufig erreichbarer Restaurants und Superm&#xE4;rkte bestens gegeben. Die &#xD6;PNV-Anbindung ist vorhanden, der Flughafen von Stuttgart ist in ca. 65 Minuten erreicht. Der n&#xE4;chste Bahnhof ist nur 7 Minuten entfernt.<\/lage>\n<ausstatt_beschr>&#x2022; 10 Rampentore\n&#x2022; 4 ebenerdige Tore\n&#x2022; ESFR-Sprinkleranlage\n&#x2022; Trafo mit 1.000 kVA\n&#x2022; LED-Beleuchtung<\/ausstatt_beschr>\n<objektbeschreibung>Zur Disposition stehen ab sofort drei Lagerhallen von insgesamt ca. 23.215 m&#xB2;. Das Objekt ist mit einer ESFR-Deckensprinklerung sowie einer BMA ausgestattet, die Fl&#xE4;che wird mittels Gasdunkelstrahler beheizt. Eine Trafostation mit 1.000 kVA ist vorhanden, die Lagerfl&#xE4;che ist mit LED-Beleuchtung ausgestattet. Die Deckenh&#xF6;he der Halle betr&#xE4;gt ca. 8,0 m UKB, die Bodentraglast liegt bei 5.000 kg\/ m&#xB2;. Das Grundst&#xFC;ck ist umz&#xE4;unt und mit einer Toranlage ausgestattet. \n\nUnit 3: 10.348 m&#xB2; Hallenfl&#xE4;che, 534 m&#xB2; B&#xFC;rofl&#xE4;che, 608 m&#xB2; Mezzanine\nUnit 4: 4.813 m&#xB2; Hallenfl&#xE4;che, 308 m&#xB2; B&#xFC;rofl&#xE4;che, 524m&#xB2; Mezzanine\nUnit 5: 4.792 m&#xB2; Hallenfl&#xE4;che, 304 m&#xB2; B&#xFC;rofl&#xE4;che, 608 m&#xB2; Mezzanine<\/objektbeschreibung><sonstige_angaben>Es gelten ausschlie&#xDF;lich unsere AGB (www.ruhr-real.de\/agb). Da der Eigent&#xFC;mer ausschlie&#xDF;lich Lager\/Logistik, Produktion und Light Industrial als Nutzung w&#xFC;nscht, bitten wir Sie zu ber&#xFC;cksichtigen, dass Anfragen zu folgenden Nutzungen nicht bearbeitet werden k&#xF6;nnen: Veranstaltungen\/Events, Gastronomie\/Vergn&#xFC;gungsst&#xE4;tten, religi&#xF6;se Einrichtungen sowie Sport- und Spielst&#xE4;tten. Wir m&#xF6;chten Sie darauf hinweisen, dass die Angaben ausschlie&#xDF;lich auf den uns vom Eigent&#xFC;mer &#xFC;bermittelten Unterlagen und Informationen basieren. F&#xFC;r Richtigkeit und Vollst&#xE4;ndigkeit &#xFC;bernehmen wir keine Gew&#xE4;hr. Zwischenvermietung vorbehalten.<\/sonstige_angaben>\n<\/freitexte>\n<anhaenge>\n<anhang location=\"EXTERN\" gruppe=\"TITELBILD\">\n<anhangtitel>Drohnenansicht<\/anhangtitel>\n<format>PNG<\/format>\n<daten>\n<pfad>075a24b73dda49f3977d4fa4df7b28f5.PNG<\/pfad>\n<\/daten>\n<\/anhang>\n<anhang location=\"EXTERN\" gruppe=\"BILD\">\n<anhangtitel>Andienung<\/anhangtitel>\n<format>PNG<\/format>\n<daten>\n<pfad>94c5dc9bfb2340c4aecd260db9fcd473.PNG<\/pfad>\n<\/daten>\n<\/anhang>\n<anhang location=\"EXTERN\" gruppe=\"BILD\">\n<anhangtitel>Innenansicht<\/anhangtitel>\n<format>PNG<\/format>\n<daten>\n<pfad>f1846ed975d5406d82c6f17e6c21b013.PNG<\/pfad>\n<\/daten>\n<\/anhang>\n<anhang location=\"EXTERN\" gruppe=\"BILD\">\n<anhangtitel>Innenansicht<\/anhangtitel>\n<format>PNG<\/format>\n<daten>\n<pfad>5769171c126f4f2aa1c0cfa47b5ca631.PNG<\/pfad>\n<\/daten>\n<\/anhang>\n<anhang location=\"EXTERN\" gruppe=\"BILD\">\n<anhangtitel>B&#xFC;ro<\/anhangtitel>\n<format>PNG<\/format>\n<daten>\n<pfad>5d9954bbd745465fb0ed3368d5831f5e.PNG<\/pfad>\n<\/daten>\n<\/anhang>\n<anhang location=\"EXTERN\" gruppe=\"GRUNDRISS\">\n<anhangtitel>Lageplan<\/anhangtitel>\n<format>PNG<\/format>\n<daten>\n<pfad>92183abb3c96430f81f349208d7bb981.PNG<\/pfad>\n<\/daten>\n<\/anhang>\n<\/anhaenge>\n<verwaltung_objekt>\n<objektadresse_freigeben>false<\/objektadresse_freigeben>\n<verfuegbar_ab>sofort verf&#xFC;gbar<\/verfuegbar_ab>\n<geschlecht\/>\n<\/verwaltung_objekt>\n<verwaltung_techn>\n<objektnr_intern>3CF85255E2A74048AC7A11C2A41FCE86<\/objektnr_intern>\n<objektnr_extern>3711\/E1<\/objektnr_extern>\n<aktion aktionart=\"CHANGE\"\/>\n<openimmo_obid>3CF85255E2A74048AC7A11C2A41FCE86<\/openimmo_obid>\n<kennung_ursprung>estatePro V10.0.0.8<\/kennung_ursprung>\n<stand_vom>2025-10-07<\/stand_vom>\n<\/verwaltung_techn>\n<user_defined_simplefield feldname=\"Startseite\">Nein<\/user_defined_simplefield>\n<\/immobilie>\n"],"_immonex_energy_class":[""],"_immonex_energy_class_id":["0"],"_thumbnail_id":["170174"],"fave_property_images":["170174","170175","170176","170177","170178"],"fave_floor_plans_enable":["enable"],"floor_plans":["a:1:{i:0;a:7:{s:15:\"fave_plan_title\";s:8:\"Lageplan\";s:15:\"fave_plan_rooms\";s:0:\"\";s:19:\"fave_plan_bathrooms\";s:0:\"\";s:15:\"fave_plan_price\";s:0:\"\";s:14:\"fave_plan_size\";s:0:\"\";s:15:\"fave_plan_image\";s:84:\"https:\/\/ruhr-real.de\/wp-content\/uploads\/2025\/10\/92183abb3c96430f81f349208d7bb981.png\";s:21:\"fave_plan_description\";s:0:\"\";}}"],"fave_prop_homeslider":["yes"],"fave_prop_slider_image":["170174"],"fave_agents":["111859"],"fave_agent_display_option":["agent_info"],"fave_single_top_area":["global"],"fave_single_content_area":["global"],"fave_property_map":["1"],"fave_property_map_street_view":["hide"],"fave_property_size_prefix":["m\u00b2"],"fave_property_land_postfix":["m\u00b2"],"fave_featured":["0"],"houzez_featured_listing_date":[""],"fave_property_price_postfix":["pro&nbsp;m\u00b2"],"fave_currency":["EUR"],"fave_currency_info":["a:8:{s:2:\"id\";s:1:\"1\";s:13:\"currency_name\";s:4:\"Euro\";s:13:\"currency_code\";s:3:\"EUR\";s:15:\"currency_symbol\";s:3:\"\u20ac\";s:17:\"currency_position\";s:5:\"after\";s:16:\"currency_decimal\";s:1:\"2\";s:26:\"currency_decimal_separator\";s:1:\",\";s:27:\"currency_thousand_separator\";s:1:\".\";}"],"houzez_total_property_views":["965"],"houzez_views_by_date":["a:61:{s:10:\"02-28-2026\";i:4;s:10:\"03-01-2026\";i:4;s:10:\"03-02-2026\";i:4;s:10:\"03-03-2026\";i:4;s:10:\"03-04-2026\";i:4;s:10:\"03-05-2026\";i:6;s:10:\"03-06-2026\";i:4;s:10:\"03-07-2026\";i:4;s:10:\"03-08-2026\";i:4;s:10:\"03-09-2026\";i:4;s:10:\"03-10-2026\";i:4;s:10:\"03-11-2026\";i:4;s:10:\"03-12-2026\";i:4;s:10:\"03-13-2026\";i:4;s:10:\"03-14-2026\";i:4;s:10:\"03-15-2026\";i:4;s:10:\"03-16-2026\";i:2;s:10:\"03-17-2026\";i:2;s:10:\"03-18-2026\";i:1;s:10:\"03-19-2026\";i:6;s:10:\"03-20-2026\";i:6;s:10:\"03-21-2026\";i:5;s:10:\"03-22-2026\";i:4;s:10:\"03-23-2026\";i:4;s:10:\"03-24-2026\";i:4;s:10:\"03-25-2026\";i:4;s:10:\"03-26-2026\";i:6;s:10:\"03-27-2026\";i:4;s:10:\"03-28-2026\";i:4;s:10:\"03-29-2026\";i:4;s:10:\"03-30-2026\";i:2;s:10:\"03-31-2026\";i:1;s:10:\"04-01-2026\";i:9;s:10:\"04-02-2026\";i:8;s:10:\"04-03-2026\";i:8;s:10:\"04-04-2026\";i:8;s:10:\"04-05-2026\";i:8;s:10:\"04-06-2026\";i:8;s:10:\"04-07-2026\";i:12;s:10:\"04-08-2026\";i:4;s:10:\"04-09-2026\";i:12;s:10:\"04-10-2026\";i:8;s:10:\"04-11-2026\";i:8;s:10:\"04-12-2026\";i:8;s:10:\"04-13-2026\";i:8;s:10:\"04-14-2026\";i:8;s:10:\"04-15-2026\";i:8;s:10:\"04-16-2026\";i:8;s:10:\"04-17-2026\";i:8;s:10:\"04-18-2026\";i:8;s:10:\"04-19-2026\";i:8;s:10:\"04-20-2026\";i:10;s:10:\"04-21-2026\";i:8;s:10:\"04-22-2026\";i:8;s:10:\"04-23-2026\";i:10;s:10:\"04-24-2026\";i:10;s:10:\"04-25-2026\";i:8;s:10:\"04-26-2026\";i:8;s:10:\"04-27-2026\";i:8;s:10:\"04-28-2026\";i:8;s:10:\"04-29-2026\";i:6;}"],"houzez_recently_viewed":["2026-04-29 11:54:05"],"tp_widgets":["a:2:{s:7:\"widgets\";a:0:{}s:9:\"update_at\";s:10:\"1764682733\";}"],"_elementor_page_assets":["a:0:{}"]},"_links":{"self":[{"href":"https:\/\/ruhr-real.de\/en\/wp-json\/wp\/v2\/properties\/170173","targetHints":{"allow":["GET"]}}],"collection":[{"href":"https:\/\/ruhr-real.de\/en\/wp-json\/wp\/v2\/properties"}],"about":[{"href":"https:\/\/ruhr-real.de\/en\/wp-json\/wp\/v2\/types\/property"}],"author":[{"embeddable":true,"href":"https:\/\/ruhr-real.de\/en\/wp-json\/wp\/v2\/users\/1"}],"version-history":[{"count":0,"href":"https:\/\/ruhr-real.de\/en\/wp-json\/wp\/v2\/properties\/170173\/revisions"}],"wp:featuredmedia":[{"embeddable":true,"href":"https:\/\/ruhr-real.de\/en\/wp-json\/wp\/v2\/media\/170174"}],"wp:attachment":[{"href":"https:\/\/ruhr-real.de\/en\/wp-json\/wp\/v2\/media?parent=170173"}],"wp:term":[{"taxonomy":"property_type","embeddable":true,"href":"https:\/\/ruhr-real.de\/en\/wp-json\/wp\/v2\/property_type?post=170173"},{"taxonomy":"property_status","embeddable":true,"href":"https:\/\/ruhr-real.de\/en\/wp-json\/wp\/v2\/property_status?post=170173"},{"taxonomy":"property_feature","embeddable":true,"href":"https:\/\/ruhr-real.de\/en\/wp-json\/wp\/v2\/property_feature?post=170173"},{"taxonomy":"property_label","embeddable":true,"href":"https:\/\/ruhr-real.de\/en\/wp-json\/wp\/v2\/property_label?post=170173"},{"taxonomy":"property_country","embeddable":true,"href":"https:\/\/ruhr-real.de\/en\/wp-json\/wp\/v2\/property_country?post=170173"},{"taxonomy":"property_state","embeddable":true,"href":"https:\/\/ruhr-real.de\/en\/wp-json\/wp\/v2\/property_state?post=170173"},{"taxonomy":"property_city","embeddable":true,"href":"https:\/\/ruhr-real.de\/en\/wp-json\/wp\/v2\/property_city?post=170173"},{"taxonomy":"property_area","embeddable":true,"href":"https:\/\/ruhr-real.de\/en\/wp-json\/wp\/v2\/property_area?post=170173"}],"curies":[{"name":"wp","href":"https:\/\/api.w.org\/{rel}","templated":true}]}}