{"id":170769,"date":"2026-04-10T00:01:20","date_gmt":"2026-04-09T22:01:20","guid":{"rendered":"https:\/\/ruhr-real.de\/objekt\/ihr-neuer-produktionsstandort-in-beckum-kranbahn-an-der-a2-ruhr-real\/"},"modified":"2026-04-10T16:10:20","modified_gmt":"2026-04-10T14:10:20","slug":"ihr-neuer-produktionsstandort-in-beckum-kranbahn-an-der-a2-ruhr-real","status":"publish","type":"property","link":"https:\/\/ruhr-real.de\/en\/objekt\/ihr-neuer-produktionsstandort-in-beckum-kranbahn-an-der-a2-ruhr-real\/","title":{"rendered":"Ihr neuer Produktionsstandort in Beckum | Kranbahn | an der A2 | RUHR REAL"},"content":{"rendered":"<p>Die Liegenschaft befindet sich auf einem ca. 41.000 m\u00b2 gro\u00dfem ehemaligen Industriegrundst\u00fcck, wodurch hier viel Stromleistung vorhanden ist. Die vakanten Fl\u00e4chen verf\u00fcgen \u00fcber ebenerdige Rolltore, sowie teilweise \u00fcber Kranbahnen mit Kr\u00e4nen zwischen 2-175 t Traglast. Die Deckenh\u00f6he der einzelnen Hallen liegt zwischen 7,5-10 m UKB, eine RWA und BMA dienen zum Brandschutz. Beheizt werden die Fl\u00e4chen mittels Gasdunkelstrahler, die B\u00fcro- &amp; Sozialfl\u00e4chen mit einer Gaszentralheizung. Gro\u00dfz\u00fcgige Lichtb\u00e4nder in den Hallenfl\u00e4chen bieten optimale Tageslichtnutzung. Zus\u00e4tzlich zu den insgesamt 16.839 m\u00b2 Lager- &amp; Prdouktionsfl\u00e4che und den  866 m\u00b2 B\u00fcro &#8211; &amp; Sozialfl\u00e4che ist hier ebenso eine Au\u00dfenfl\u00e4che von ca. 5.000 m\u00b2 Mitbestandteil der Mietfl\u00e4che.<\/p>\n<p>Beckum ist eine Ortschaft zwischen Dortmund und G\u00fctersloh mit direkter Lage an der Autobahn A2, welche die Metropolenregion Rhein-Ruhr mit der nieders\u00e4chsischen Landeshauptstadt Hannover verbindet und bietet von ihr aus gute Anbindungen an weitere regionale und auch \u00fcberregionale Bundesautobahnen. Die Liegenschaft selbst befindet sich im Ortsteil Neubeckum auf einem ehemaligen Industriegel\u00e4nde. Die \u00d6PNV-Anbindung ist durch den fu\u00dfl\u00e4ufig erreichbaren Bahnhof und die anliegenden Bushaltestellen gegeben, viele Restaurants und Gesch\u00e4fte des t\u00e4glichen Bedarfs sind ebenfalls fu\u00dfl\u00e4ufig binnen weniger Minuten erreicht. Der Flughafen Dortmund ist in weniger als 40 Minuten befahren, den Flughafen M\u00fcnster\/ Osnabr\u00fcck erreicht man in unter einer Stunde.<\/p>\n<p>\u2022 mehrere Kranbahnen 2-175 t Traglast<br \/>\n\u2022 Lichtband, RWA<br \/>\n\u2022 ebenerdige Andienung<br \/>\n\u2022 viel Stromleistung vorhanden<br \/>\n\u2022 Deckenh\u00f6he von 7,5-10 m UKB<br \/>\n\u2022 viel Freifl\u00e4che<br \/>\n\u2022 viele Stellpl\u00e4tze<\/p>\n<p>Es gelten ausschlie\u00dflich unsere AGB (www.ruhr-real.de\/agb). Die Halle ist nicht f\u00fcr Veranstaltungsr\u00e4ume geeignet. Wir m\u00f6chten Sie darauf hinweisen, dass die Angaben ausschlie\u00dflich auf den uns vom Eigent\u00fcmer \u00fcbermittelten Unterlagen und Informationen basieren. F\u00fcr Richtigkeit und Vollst\u00e4ndigkeit \u00fcbernehmen wir keine Gew\u00e4hr. Zwischenvermietung vorbehalten.<br \/>\n<div class=\"widget widget_immonex_user_defined_properties_widget\"><div class=\"immonex-widget immonex-widget-houzez\">\n\t\t<div class=\"immonex-widget-title clearfix\">\n\t\t<h2 class=\"widgettitle\">Energieeffizienz<\/h2>\t<\/div>\n\t\t<ul class=\"immonex-property-details row list-lined list-unstyled\">\n\t\t\t\t<li>\n\t\t\t<div class=\"list-lined-item w-100 d-flex justify-content-between py-2\">\n\t\t\t\t\t\t\t\t<strong class=\"property-details-label\">Energieausweis-Jahrgang:<\/strong>&nbsp;<span class=\"property-details-value\">not available<\/span>\n\t\t\t\t\t\t\t<\/div>\n\t\t<\/li>\n\t\t\t<\/ul>\n<\/div><\/div><\/p>\n","protected":false},"excerpt":{"rendered":"<p>Die Liegenschaft befindet sich auf einem ca. 41.000 m\u00b2 gro\u00dfem ehemaligen Industriegrundst\u00fcck, wodurch hier viel&#8230;<\/p>\n","protected":false},"author":1,"featured_media":187470,"parent":0,"menu_order":0,"template":"","property_type":[380],"property_status":[352],"property_feature":[],"property_label":[],"property_country":[353],"property_state":[],"property_city":[567],"property_area":[],"class_list":["post-170769","property","type-property","status-publish","has-post-thumbnail","hentry","property_type-lager-und-produktionsflaechen","property_status-zu-vermieten","property_country-deutschland","property_city-beckum"],"acf":[],"property_meta":{"_immonex_import_folder":["users\/RUHRREAL"],"_immonex_translation_id":["3345\/E6"],"_openimmo_obid":["4FE720D5BFEE48E9A93A64ED0C103798"],"_is_immonex_import_property":["1"],"_immonex_is_reference":[""],"rank_math_internal_links_processed":["1"],"copied_media_ids":["a:0:{}"],"referenced_media_ids":["a:0:{}"],"_immonex_post_status":["updated"],"fave_property_map_address":["59269 Beckum"],"fave_property_zip":["59269"],"fave_property_country":["DE"],"_immonex_lat":["51.7595148"],"_immonex_lng":["8.036135"],"houzez_geolocation_lat":["51.7595148"],"houzez_geolocation_long":["8.036135"],"fave_property_location":["51.7595148,8.036135"],"fave_property_size":["16839"],"fave_property_year":["2008"],"fave_property_id":["3345\/E6"],"_fave_property_id":["3345\/E6"],"_immonex_iso_country":["DEU"],"_openimmo_anid":["0000"],"_immonex_group_number":[""],"_immonex_group_id":[""],"_immonex_group_master":[""],"_immonex_import_meta":["a:6:{s:8:\"zip_file\";s:131:\"\/www\/htdocs\/w0172e0e\/ruhr-real_2024\/wp-content\/uploads\/immonex-openimmo-import\/users\/RUHRREAL\/Immowelt_estatePro_20260410161007.zip\";s:8:\"xml_file\";s:158:\"\/www\/htdocs\/w0172e0e\/ruhr-real_2024\/wp-content\/uploads\/immonex-openimmo-import\/immowelt_estatepro_20260410161007\/Homepage_2024_NEW_estatePro20260410161007.xml\";s:12:\"mapping_file\";s:116:\"\/www\/htdocs\/w0172e0e\/ruhr-real_2024\/wp-content\/uploads\/immonex-openimmo-import\/mappings\/houzez_ruhrreal_20260325.csv\";s:9:\"timestamp\";i:1775830220;s:4:\"date\";s:10:\"2026-04-10\";s:4:\"time\";s:8:\"16:10:20\";}"],"_immonex_is_sold":[""],"_immonex_is_reserved":[""],"_immonex_is_available":["1"],"_immonex_areabutler_url_with_address":[""],"_immonex_areabutler_url_no_address":[""],"_immonex_areabutler_url":[""],"additional_features":["a:11:{i:0;a:2:{s:29:\"fave_additional_feature_title\";s:33:\"Heizkosten in Warmmiete enthalten\";s:29:\"fave_additional_feature_value\";s:4:\"nein\";}i:1;a:2:{s:29:\"fave_additional_feature_title\";s:32:\"Preise zuz\u00fcglich Mehrwertsteuer\";s:29:\"fave_additional_feature_value\";s:4:\"nein\";}i:2;a:2:{s:29:\"fave_additional_feature_title\";s:15:\"Mieterprovision\";s:29:\"fave_additional_feature_value\";s:21:\"3-4 Nettomonatsmieten\";}i:3;a:2:{s:29:\"fave_additional_feature_title\";s:20:\"Hinweis zur Courtage\";s:29:\"fave_additional_feature_value\";s:233:\"Bei Vertr\u00e4gen bis zu f\u00fcnf Jahren Laufzeit ist ein Honorar von 3 Nettomonatsmieten vom Mieter an RUHR REAL zahlbar; bei Laufzeiten bis zu zehn Jahren werden 4 Nettomonatsmieten f\u00e4llig. Hinzu kommt die jeweils g\u00fcltige Umsatzsteuer.\";}i:4;a:2:{s:29:\"fave_additional_feature_title\";s:10:\"MwSt.-Satz\";s:29:\"fave_additional_feature_value\";s:9:\"19&nbsp;%\";}i:5;a:2:{s:29:\"fave_additional_feature_title\";s:13:\"Gesamtfl\u00e4che\";s:29:\"fave_additional_feature_value\";s:15:\"16.839&nbsp;m\u00b2\";}i:6;a:2:{s:29:\"fave_additional_feature_title\";s:12:\"Lagerfl\u00e4che\";s:29:\"fave_additional_feature_value\";s:15:\"16.839&nbsp;m\u00b2\";}i:7;a:2:{s:29:\"fave_additional_feature_title\";s:10:\"Teilbar ab\";s:29:\"fave_additional_feature_value\";s:14:\"3.115&nbsp;m\u00b2\";}i:8;a:2:{s:29:\"fave_additional_feature_title\";s:13:\"Stellplatzart\";s:29:\"fave_additional_feature_value\";s:9:\"Freiplatz\";}i:9;a:2:{s:29:\"fave_additional_feature_title\";s:7:\"Zustand\";s:29:\"fave_additional_feature_value\";s:8:\"gepflegt\";}i:10;a:2:{s:29:\"fave_additional_feature_title\";s:27:\"Immobilie ist verf\u00fcgbar ab\";s:29:\"fave_additional_feature_value\";s:17:\"nach Vereinbarung\";}}"],"fave_additional_features_enable":["enable"],"_immonex_custom_fields":["a:1:{s:23:\"Energieausweis-Jahrgang\";a:5:{s:14:\"mapping_source\";s:38:\"zustand_angaben->energiepass->jahrgang\";s:4:\"name\";s:0:\"\";s:5:\"group\";s:5:\"epass\";s:5:\"value\";s:13:\"not available\";s:19:\"value_before_filter\";s:4:\"ohne\";}}"],"_immonex_property_xml_source":["<?xml version=\"1.0\"?>\n<immobilie>\n<objektkategorie>\n<nutzungsart WOHNEN=\"false\" GEWERBE=\"true\"\/>\n<vermarktungsart KAUF=\"false\" MIETE_PACHT=\"true\"\/>\n<objektart>\n<hallen_lager_prod hallen_typ=\"LAGERFLAECHEN\"\/>\n<\/objektart>\n<user_defined_simplefield\/>\n<\/objektkategorie>\n<geo>\n<plz>59269<\/plz>\n<ort>Beckum<\/ort>\n<strasse>Industriestra&#xDF;e<\/strasse>\n<hausnummer>17<\/hausnummer>\n<land iso_land=\"DEU\"\/>\n<lage_im_bau\/>\n<\/geo>\n<kontaktperson>\n<email_zentrale>anfrage@ruhr-real.de<\/email_zentrale>\n<email_direkt>degenhardt@ruhr-real.de<\/email_direkt>\n<tel_durchw>+49 201 99996336<\/tel_durchw>\n<tel_fax>+49 201 99996344<\/tel_fax>\n<tel_handy>+49 162 4398000<\/tel_handy>\n<name>Degenhardt<\/name>\n<vorname>Marius<\/vorname>\n<anrede>Herr<\/anrede>\n<firma>RUHR REAL GmbH<\/firma>\n<strasse>Holsterhauser Platz<\/strasse>\n<hausnummer>2<\/hausnummer>\n<plz>45147<\/plz>\n<ort>Essen<\/ort>\n<adressfreigabe>true<\/adressfreigabe>\n<\/kontaktperson>\n<preise>\n<heizkosten_enthalten>false<\/heizkosten_enthalten>\n<zzg_mehrwertsteuer>false<\/zzg_mehrwertsteuer>\n<preis_zeiteinheit\/>\n<provisionspflichtig>true<\/provisionspflichtig>\n<aussen_courtage mit_mwst=\"false\">3-4 Nettomonatsmieten<\/aussen_courtage>\n<courtage_hinweis>Bei Vertr&#xE4;gen bis zu f&#xFC;nf Jahren Laufzeit ist ein Honorar von 3 Nettomonatsmieten vom Mieter an RUHR REAL zahlbar; bei Laufzeiten bis zu zehn Jahren werden 4 Nettomonatsmieten f&#xE4;llig. Hinzu kommt die jeweils g&#xFC;ltige Umsatzsteuer.<\/courtage_hinweis>\n<waehrung iso_waehrung=\"EUR\"\/>\n<mwst_satz>19.00<\/mwst_satz>\n<stp_carport\/>\n<stp_duplex\/>\n<stp_freiplatz\/>\n<stp_garage\/>\n<stp_parkhaus\/>\n<stp_tiefgarage\/>\n<\/preise>\n<bieterverfahren\/>\n<versteigerung\/>\n<flaechen>\n<gesamtflaeche>16839<\/gesamtflaeche>\n<lagerflaeche>16839<\/lagerflaeche>\n<teilbar_ab>3115<\/teilbar_ab>\n<anzahl_stellplaetze type=\"xsd:decimal\">30<\/anzahl_stellplaetze>\n<\/flaechen>\n<ausstattung>\n<bad\/>\n<kueche\/>\n<heizungsart\/>\n<befeuerung\/>\n<fahrstuhl\/>\n<stellplatzart FREIPLATZ=\"true\"\/>\n<ausricht_balkon_terrasse\/>\n<angeschl_gastronomie\/>\n<sicherheitstechnik\/>\n<\/ausstattung>\n<zustand_angaben>\n<baujahr>2008<\/baujahr>\n<zustand zustand_art=\"GEPFLEGT\"\/>\n<energiepass>\n<jahrgang>ohne<\/jahrgang>\n<\/energiepass>\n<\/zustand_angaben>\n<bewertung\/>\n<infrastruktur\/>\n<freitexte>\n<objekttitel>Ihr neuer Produktionsstandort in Beckum | Kranbahn | an der A2 | RUHR REAL<\/objekttitel>\n<lage>Beckum ist eine Ortschaft zwischen Dortmund und G&#xFC;tersloh mit direkter Lage an der Autobahn A2, welche die Metropolenregion Rhein-Ruhr mit der nieders&#xE4;chsischen Landeshauptstadt Hannover verbindet und bietet von ihr aus gute Anbindungen an weitere regionale und auch &#xFC;berregionale Bundesautobahnen. Die Liegenschaft selbst befindet sich im Ortsteil Neubeckum auf einem ehemaligen Industriegel&#xE4;nde. Die &#xD6;PNV-Anbindung ist durch den fu&#xDF;l&#xE4;ufig erreichbaren Bahnhof und die anliegenden Bushaltestellen gegeben, viele Restaurants und Gesch&#xE4;fte des t&#xE4;glichen Bedarfs sind ebenfalls fu&#xDF;l&#xE4;ufig binnen weniger Minuten erreicht. Der Flughafen Dortmund ist in weniger als 40 Minuten befahren, den Flughafen M&#xFC;nster\/ Osnabr&#xFC;ck erreicht man in unter einer Stunde. <\/lage>\n<ausstatt_beschr>&#x2022; mehrere Kranbahnen 2-175 t Traglast\n&#x2022; Lichtband, RWA\n&#x2022; ebenerdige Andienung\n&#x2022; viel Stromleistung vorhanden\n&#x2022; Deckenh&#xF6;he von 7,5-10 m UKB\n&#x2022; viel Freifl&#xE4;che\n&#x2022; viele Stellpl&#xE4;tze <\/ausstatt_beschr>\n<objektbeschreibung>Die Liegenschaft befindet sich auf einem ca. 41.000 m&#xB2; gro&#xDF;em ehemaligen Industriegrundst&#xFC;ck, wodurch hier viel Stromleistung vorhanden ist. Die vakanten Fl&#xE4;chen verf&#xFC;gen &#xFC;ber ebenerdige Rolltore, sowie teilweise &#xFC;ber Kranbahnen mit Kr&#xE4;nen zwischen 2-175 t Traglast. Die Deckenh&#xF6;he der einzelnen Hallen liegt zwischen 7,5-10 m UKB, eine RWA und BMA dienen zum Brandschutz. Beheizt werden die Fl&#xE4;chen mittels Gasdunkelstrahler, die B&#xFC;ro- &amp; Sozialfl&#xE4;chen mit einer Gaszentralheizung. Gro&#xDF;z&#xFC;gige Lichtb&#xE4;nder in den Hallenfl&#xE4;chen bieten optimale Tageslichtnutzung. Zus&#xE4;tzlich zu den insgesamt 16.839 m&#xB2; Lager- &amp; Prdouktionsfl&#xE4;che und den  866 m&#xB2; B&#xFC;ro - &amp; Sozialfl&#xE4;che ist hier ebenso eine Au&#xDF;enfl&#xE4;che von ca. 5.000 m&#xB2; Mitbestandteil der Mietfl&#xE4;che.<\/objektbeschreibung><sonstige_angaben>Es gelten ausschlie&#xDF;lich unsere AGB (www.ruhr-real.de\/agb). Die Halle ist nicht f&#xFC;r Veranstaltungsr&#xE4;ume geeignet. Wir m&#xF6;chten Sie darauf hinweisen, dass die Angaben ausschlie&#xDF;lich auf den uns vom Eigent&#xFC;mer &#xFC;bermittelten Unterlagen und Informationen basieren. F&#xFC;r Richtigkeit und Vollst&#xE4;ndigkeit &#xFC;bernehmen wir keine Gew&#xE4;hr. Zwischenvermietung vorbehalten.<\/sonstige_angaben>\n<\/freitexte>\n<anhaenge>\n<anhang location=\"EXTERN\" gruppe=\"TITELBILD\">\n<anhangtitel>Drohnenansicht<\/anhangtitel>\n<format>jpg<\/format>\n<daten>\n<pfad>4edd34becbb74b41b09ad1aa9a640bfe.jpg<\/pfad>\n<\/daten>\n<\/anhang>\n<anhang location=\"EXTERN\" gruppe=\"BILD\">\n<anhangtitel>Krananlagen<\/anhangtitel>\n<format>JPG<\/format>\n<daten>\n<pfad>e0ef11e222ec43f59c9a3f995c50ed02.JPG<\/pfad>\n<\/daten>\n<\/anhang>\n<anhang location=\"EXTERN\" gruppe=\"BILD\">\n<anhangtitel>Innenansicht<\/anhangtitel>\n<format>JPG<\/format>\n<daten>\n<pfad>95e6fa48c3a7462ba4975892a141e74d.JPG<\/pfad>\n<\/daten>\n<\/anhang>\n<anhang location=\"EXTERN\" gruppe=\"BILD\">\n<anhangtitel>Innenansicht<\/anhangtitel>\n<format>JPG<\/format>\n<daten>\n<pfad>1201e22d084346baaad31533d64f2a09.JPG<\/pfad>\n<\/daten>\n<\/anhang>\n<anhang location=\"EXTERN\" gruppe=\"BILD\">\n<anhangtitel>Drohnenansicht<\/anhangtitel>\n<format>jpg<\/format>\n<daten>\n<pfad>02351c924c2440388bccff102463998a.jpg<\/pfad>\n<\/daten>\n<\/anhang>\n<\/anhaenge>\n<verwaltung_objekt>\n<objektadresse_freigeben>false<\/objektadresse_freigeben>\n<verfuegbar_ab>nach Vereinbarung<\/verfuegbar_ab>\n<geschlecht\/>\n<\/verwaltung_objekt>\n<verwaltung_techn>\n<objektnr_intern>4FE720D5BFEE48E9A93A64ED0C103798<\/objektnr_intern>\n<objektnr_extern>3345\/E6<\/objektnr_extern>\n<aktion aktionart=\"CHANGE\"\/>\n<openimmo_obid>4FE720D5BFEE48E9A93A64ED0C103798<\/openimmo_obid>\n<kennung_ursprung>estatePro V10.0.0.8<\/kennung_ursprung>\n<stand_vom>2026-04-10<\/stand_vom>\n<\/verwaltung_techn>\n<user_defined_simplefield feldname=\"Startseite\">Nein<\/user_defined_simplefield>\n<\/immobilie>\n"],"_immonex_energy_class":[""],"_immonex_energy_class_id":["0"],"_thumbnail_id":["187470"],"fave_property_images":["187470","187471","187472","187473","187474"],"fave_floor_plans_enable":["disable"],"fave_prop_homeslider":["yes"],"fave_prop_slider_image":["187470"],"fave_agents":["112643"],"fave_agent_display_option":["agent_info"],"fave_single_top_area":["global"],"fave_single_content_area":["global"],"fave_property_price":["0"],"fave_property_map":["1"],"fave_property_map_street_view":["hide"],"fave_property_size_prefix":["m\u00b2"],"fave_property_land_postfix":["m\u00b2"],"fave_featured":["0"],"houzez_featured_listing_date":[""],"fave_currency":["EUR"],"fave_currency_info":["a:8:{s:2:\"id\";s:1:\"1\";s:13:\"currency_name\";s:4:\"Euro\";s:13:\"currency_code\";s:3:\"EUR\";s:15:\"currency_symbol\";s:3:\"\u20ac\";s:17:\"currency_position\";s:5:\"after\";s:16:\"currency_decimal\";s:1:\"2\";s:26:\"currency_decimal_separator\";s:1:\",\";s:27:\"currency_thousand_separator\";s:1:\".\";}"],"_wpml_word_count":["390"],"houzez_total_property_views":["156"],"houzez_views_by_date":["a:20:{s:10:\"04-10-2026\";i:4;s:10:\"04-11-2026\";i:6;s:10:\"04-12-2026\";i:10;s:10:\"04-13-2026\";i:8;s:10:\"04-14-2026\";i:8;s:10:\"04-15-2026\";i:8;s:10:\"04-16-2026\";i:8;s:10:\"04-17-2026\";i:8;s:10:\"04-18-2026\";i:8;s:10:\"04-19-2026\";i:8;s:10:\"04-20-2026\";i:8;s:10:\"04-21-2026\";i:8;s:10:\"04-22-2026\";i:8;s:10:\"04-23-2026\";i:9;s:10:\"04-24-2026\";i:8;s:10:\"04-25-2026\";i:8;s:10:\"04-26-2026\";i:8;s:10:\"04-27-2026\";i:8;s:10:\"04-28-2026\";i:8;s:10:\"04-29-2026\";i:7;}"],"houzez_recently_viewed":["2026-04-29 14:50:57"],"fave_show_price_placeholder":["1"],"_elementor_page_assets":["a:0:{}"]},"_links":{"self":[{"href":"https:\/\/ruhr-real.de\/en\/wp-json\/wp\/v2\/properties\/170769","targetHints":{"allow":["GET"]}}],"collection":[{"href":"https:\/\/ruhr-real.de\/en\/wp-json\/wp\/v2\/properties"}],"about":[{"href":"https:\/\/ruhr-real.de\/en\/wp-json\/wp\/v2\/types\/property"}],"author":[{"embeddable":true,"href":"https:\/\/ruhr-real.de\/en\/wp-json\/wp\/v2\/users\/1"}],"version-history":[{"count":0,"href":"https:\/\/ruhr-real.de\/en\/wp-json\/wp\/v2\/properties\/170769\/revisions"}],"wp:featuredmedia":[{"embeddable":true,"href":"https:\/\/ruhr-real.de\/en\/wp-json\/wp\/v2\/media\/187470"}],"wp:attachment":[{"href":"https:\/\/ruhr-real.de\/en\/wp-json\/wp\/v2\/media?parent=170769"}],"wp:term":[{"taxonomy":"property_type","embeddable":true,"href":"https:\/\/ruhr-real.de\/en\/wp-json\/wp\/v2\/property_type?post=170769"},{"taxonomy":"property_status","embeddable":true,"href":"https:\/\/ruhr-real.de\/en\/wp-json\/wp\/v2\/property_status?post=170769"},{"taxonomy":"property_feature","embeddable":true,"href":"https:\/\/ruhr-real.de\/en\/wp-json\/wp\/v2\/property_feature?post=170769"},{"taxonomy":"property_label","embeddable":true,"href":"https:\/\/ruhr-real.de\/en\/wp-json\/wp\/v2\/property_label?post=170769"},{"taxonomy":"property_country","embeddable":true,"href":"https:\/\/ruhr-real.de\/en\/wp-json\/wp\/v2\/property_country?post=170769"},{"taxonomy":"property_state","embeddable":true,"href":"https:\/\/ruhr-real.de\/en\/wp-json\/wp\/v2\/property_state?post=170769"},{"taxonomy":"property_city","embeddable":true,"href":"https:\/\/ruhr-real.de\/en\/wp-json\/wp\/v2\/property_city?post=170769"},{"taxonomy":"property_area","embeddable":true,"href":"https:\/\/ruhr-real.de\/en\/wp-json\/wp\/v2\/property_area?post=170769"}],"curies":[{"name":"wp","href":"https:\/\/api.w.org\/{rel}","templated":true}]}}