{"id":171542,"date":"2025-10-23T00:03:43","date_gmt":"2025-10-22T22:03:43","guid":{"rendered":"https:\/\/ruhr-real.de\/objekt\/flexibler-grundriss-494-m%c2%b2-bueroflaeche-in-rheinnaehe-glasfaser-vorhanden-provisionsfrei\/"},"modified":"2025-10-23T18:24:43","modified_gmt":"2025-10-23T16:24:43","slug":"flexibler-grundriss-494-m%c2%b2-bueroflaeche-in-rheinnaehe-glasfaser-vorhanden-provisionsfrei","status":"publish","type":"property","link":"https:\/\/ruhr-real.de\/en\/objekt\/flexibler-grundriss-494-m%c2%b2-bueroflaeche-in-rheinnaehe-glasfaser-vorhanden-provisionsfrei\/","title":{"rendered":"Flexibler Grundriss &#8211; 494 m\u00b2 B\u00fcrofl\u00e4che in Rheinn\u00e4he | Glasfaser vorhanden | PROVISIONSFREI"},"content":{"rendered":"<p>Die moderne und attraktive Gewerbeimmobilie verf\u00fcgt \u00fcber einen eindrucksvollen Eingangsbereich. \u00dcber diesen gelangt man mithilfe des Treppenhauses oder den Personenaufz\u00fcgen problemlos in jede Etage des Geb\u00e4udes. Die gehobene Ausstattung der B\u00fcrofl\u00e4chen sorgt f\u00fcr einen modernen Arbeitsplatz. Alle Fl\u00e4chen sind mit einem Teppichboden ausgelegt, verf\u00fcgen \u00fcber einen au\u00dfenliegenden Sonnenschutz und EDV-Verkabelung. Die tiefen Fenster, sowie die Glaselemente bewirken lichtdurchflutete R\u00e4umlichkeiten. Dem Mieter stehen ausreichend Parkfl\u00e4chen zur Anmietung zur Verf\u00fcgung.<\/p>\n<p>Zur Zeit stehen folgende Fl\u00e4chen zur Disposition:<\/p>\n<p>B\u00fcrokomplex H1<br \/>\nEG: ca. 150 m\u00b2<br \/>\n1. OG: ca. 494 m\u00b2<br \/>\n2. OG: ca. 494 m\u00b2<\/p>\n<p>B\u00fcrokomplex H2:<br \/>\nEG: 820 m\u00b2<br \/>\n1. OG: 820 m\u00b2<br \/>\n2. OG: 820 m\u00b2<br \/>\n3. OG: 820 m\u00b2<br \/>\n4. OG: 820 m\u00b2<\/p>\n<p>Ferner stehen dem Nutzer Archivfl\u00e4chen im Untergeschoss zur Anmietung zur Verf\u00fcgung.<\/p>\n<p>Das Objekt liegt direkt am Duisburger Rhein-Herne-Kanal und ist damit trimodal angebunden. Die Autobahnen A40, A59 und der A3 sind sehr gut zu erreichen. Das \u00d6PNV-Netz ist bestens zu Fu\u00df erreichbar. Zudem wird durch verschiedenste Restaurants, eine gute Nahversorgung geboten.<\/p>\n<p>Bedeutende Unternehmen in der Umgebung: Knauf Interfer, de Beijer Logistik, Baufeld<\/p>\n<p>Hotels der Umgebung: Hotel Friedrichs, B&amp;B Hotels, ibis Hotel, Intercity Hotel<\/p>\n<p>\u2022 Bodenbelag: Teppichboden<br \/>\n\u2022 EDV-Verkabelung: vom Vormieter<br \/>\n\u2022 Kabelf\u00fchrung: Br\u00fcstungskan\u00e4le<br \/>\n\u2022 Sonnenschutz: au\u00dfenliegend, manuell<br \/>\n\u2022 Teek\u00fcche: Anschl\u00fcsse vorhanden<br \/>\n\u2022 Beleuchtung: Deckenbeleuchtung<br \/>\n\u2022 Heizungsart: Fernw\u00e4rme<\/p>\n<p>Die Ausstattung kann kann bei Bedarf angepasst werden!<\/p>\n<p>Es gelten ausschlie\u00dflich unsere AGB (www.ruhr-real.de\/agb). Wir m\u00f6chten Sie darauf hinweisen, dass die Angaben ausschlie\u00dflich auf den uns vom Eigent\u00fcmer \u00fcbermittelten Unterlagen und Informationen basieren. F\u00fcr Richtigkeit und Vollst\u00e4ndigkeit \u00fcbernehmen wir keine Gew\u00e4hr. Zwischenvermietung vorbehalten.<br \/>\n<div class=\"widget widget_immonex_user_defined_properties_widget\"><div class=\"immonex-widget immonex-widget-houzez\">\n\t\t<div class=\"immonex-widget-title clearfix\">\n\t\t<h2 class=\"widgettitle\">Energieeffizienz<\/h2>\t<\/div>\n\t\t<ul class=\"immonex-property-details row list-lined list-unstyled\">\n\t\t\t\t<li>\n\t\t\t<div class=\"list-lined-item w-100 d-flex justify-content-between py-2\">\n\t\t\t\t\t\t\t\t<strong class=\"property-details-label\">Energieausweis-Jahrgang:<\/strong>&nbsp;<span class=\"property-details-value\">not available<\/span>\n\t\t\t\t\t\t\t<\/div>\n\t\t<\/li>\n\t\t\t<\/ul>\n<\/div><\/div><\/p>\n","protected":false},"excerpt":{"rendered":"<p>Die moderne und attraktive Gewerbeimmobilie verf\u00fcgt \u00fcber einen eindrucksvollen Eingangsbereich. \u00dcber diesen gelangt&#8230;<\/p>\n","protected":false},"author":1,"featured_media":171620,"parent":0,"menu_order":0,"template":"","property_type":[379],"property_status":[352],"property_feature":[537,361,354,350],"property_label":[],"property_country":[353],"property_state":[],"property_city":[334],"property_area":[391],"class_list":["post-171542","property","type-property","status-publish","has-post-thumbnail","hentry","property_type-bueroflaechen","property_status-zu-vermieten","property_feature-gewerbliche-nutzung-moeglich","property_feature-klimaanlage","property_feature-personenaufzug","property_feature-raeume-veraenderbar","property_country-deutschland","property_city-duisburg","property_area-obermeiderich"],"acf":[],"property_meta":{"_immonex_import_folder":["users\/RUHRREAL"],"_immonex_translation_id":["1241\/E3"],"_openimmo_obid":["4F9C05C32F7C40EAA7E1805EFD5F1466"],"_is_immonex_import_property":["1"],"_immonex_is_reference":[""],"rank_math_internal_links_processed":["1"],"_immonex_post_status":["updated"],"fave_property_map_address":["47138 Duisburg"],"fave_property_zip":["47138"],"fave_property_country":["DE"],"_immonex_lat":["51.46454675"],"_immonex_lng":["6.8010943675"],"houzez_geolocation_lat":["51.46454675"],"houzez_geolocation_long":["6.8010943675"],"fave_property_location":["51.46454675,6.8010943675"],"fave_property_price":["7.50"],"fave_property_sec_price":["7.5000"],"fave_property_size":["494"],"fave_property_id":["1241\/E3"],"_fave_property_id":["1241\/E3"],"_immonex_iso_country":["DEU"],"_openimmo_anid":["0000"],"_immonex_group_number":["11"],"_immonex_group_id":[""],"_immonex_group_master":[""],"_immonex_import_meta":["a:6:{s:8:\"zip_file\";s:131:\"\/www\/htdocs\/w0172e0e\/ruhr-real_2024\/wp-content\/uploads\/immonex-openimmo-import\/users\/RUHRREAL\/Immowelt_estatePro_20251023182411.zip\";s:8:\"xml_file\";s:158:\"\/www\/htdocs\/w0172e0e\/ruhr-real_2024\/wp-content\/uploads\/immonex-openimmo-import\/immowelt_estatepro_20251023182411\/Homepage_2024_NEW_estatePro20251023182411.xml\";s:12:\"mapping_file\";s:116:\"\/www\/htdocs\/w0172e0e\/ruhr-real_2024\/wp-content\/uploads\/immonex-openimmo-import\/mappings\/houzez_ruhrreal_18122023.csv\";s:9:\"timestamp\";i:1761236683;s:4:\"date\";s:10:\"2025-10-23\";s:4:\"time\";s:8:\"18:24:43\";}"],"_immonex_is_sold":[""],"_immonex_is_reserved":[""],"_immonex_is_available":["1"],"_immonex_areabutler_url_with_address":[""],"_immonex_areabutler_url_no_address":[""],"_immonex_areabutler_url":[""],"additional_features":["a:15:{i:0;a:2:{s:29:\"fave_additional_feature_title\";s:14:\"Nettokaltmiete\";s:29:\"fave_additional_feature_value\";s:13:\"7,50&nbsp;\u20ac\";}i:1;a:2:{s:29:\"fave_additional_feature_title\";s:9:\"Kaltmiete\";s:29:\"fave_additional_feature_value\";s:13:\"7,50&nbsp;\u20ac\";}i:2;a:2:{s:29:\"fave_additional_feature_title\";s:29:\"monatl. Betriebs-\/Nebenkosten\";s:29:\"fave_additional_feature_value\";s:13:\"2,80&nbsp;\u20ac\";}i:3;a:2:{s:29:\"fave_additional_feature_title\";s:33:\"Heizkosten in Warmmiete enthalten\";s:29:\"fave_additional_feature_value\";s:4:\"nein\";}i:4;a:2:{s:29:\"fave_additional_feature_title\";s:32:\"Preise zuz\u00fcglich Mehrwertsteuer\";s:29:\"fave_additional_feature_value\";s:4:\"nein\";}i:5;a:2:{s:29:\"fave_additional_feature_title\";s:23:\"Netto-Kaltmiete pro m\u00b2\";s:29:\"fave_additional_feature_value\";s:13:\"7,50&nbsp;\u20ac\";}i:6;a:2:{s:29:\"fave_additional_feature_title\";s:10:\"MwSt.-Satz\";s:29:\"fave_additional_feature_value\";s:9:\"19&nbsp;%\";}i:7;a:2:{s:29:\"fave_additional_feature_title\";s:12:\"B\u00fcrofl\u00e4che\";s:29:\"fave_additional_feature_value\";s:12:\"494&nbsp;m\u00b2\";}i:8;a:2:{s:29:\"fave_additional_feature_title\";s:16:\"B\u00fcroteilfl\u00e4che\";s:29:\"fave_additional_feature_value\";s:12:\"494&nbsp;m\u00b2\";}i:9;a:2:{s:29:\"fave_additional_feature_title\";s:10:\"Teilbar ab\";s:29:\"fave_additional_feature_value\";s:12:\"494&nbsp;m\u00b2\";}i:10;a:2:{s:29:\"fave_additional_feature_title\";s:19:\"Art der Ausstattung\";s:29:\"fave_additional_feature_value\";s:7:\"gehoben\";}i:11;a:2:{s:29:\"fave_additional_feature_title\";s:10:\"Bodenbelag\";s:29:\"fave_additional_feature_value\";s:7:\"Teppich\";}i:12;a:2:{s:29:\"fave_additional_feature_title\";s:13:\"Stellplatzart\";s:29:\"fave_additional_feature_value\";s:9:\"Freiplatz\";}i:13;a:2:{s:29:\"fave_additional_feature_title\";s:7:\"Zustand\";s:29:\"fave_additional_feature_value\";s:8:\"gepflegt\";}i:14;a:2:{s:29:\"fave_additional_feature_title\";s:27:\"Immobilie ist verf\u00fcgbar ab\";s:29:\"fave_additional_feature_value\";s:6:\"sofort\";}}"],"fave_additional_features_enable":["enable"],"_immonex_custom_fields":["a:1:{s:23:\"Energieausweis-Jahrgang\";a:5:{s:14:\"mapping_source\";s:38:\"zustand_angaben->energiepass->jahrgang\";s:4:\"name\";s:0:\"\";s:5:\"group\";s:5:\"epass\";s:5:\"value\";s:13:\"not available\";s:19:\"value_before_filter\";s:4:\"ohne\";}}"],"_immonex_property_xml_source":["<?xml version=\"1.0\"?>\n<immobilie>\n<objektkategorie>\n<nutzungsart WOHNEN=\"false\" GEWERBE=\"true\"\/>\n<vermarktungsart KAUF=\"false\" MIETE_PACHT=\"true\"\/>\n<objektart>\n<buero_praxen buero_typ=\"BUEROHAUS\"\/>\n<\/objektart>\n<user_defined_simplefield\/>\n<\/objektkategorie>\n<geo>\n<plz>47138<\/plz>\n<ort>Duisburg<\/ort>\n<strasse>Baldusstra&#xDF;e<\/strasse>\n<hausnummer>13<\/hausnummer>\n<land iso_land=\"DEU\"\/>\n<lage_im_bau\/>\n<regionaler_zusatz>Obermeiderich<\/regionaler_zusatz>\n<\/geo>\n<kontaktperson>\n<email_zentrale>anfrage@ruhr-real.de<\/email_zentrale>\n<email_direkt>bruckmann@ruhr-real.de<\/email_direkt>\n<tel_durchw>+49 201 99996337<\/tel_durchw>\n<tel_fax>+49 201 99996344<\/tel_fax>\n<tel_handy>+49 172 7088870<\/tel_handy>\n<name>Bruckmann<\/name>\n<vorname>Jonas<\/vorname>\n<anrede>Herr<\/anrede>\n<firma>RUHR REAL GmbH<\/firma>\n<strasse>Holsterhauser Platz<\/strasse>\n<hausnummer>2<\/hausnummer>\n<plz>45147<\/plz>\n<ort>Essen<\/ort>\n<adressfreigabe>true<\/adressfreigabe>\n<\/kontaktperson>\n<preise>\n<nettokaltmiete>7.50<\/nettokaltmiete>\n<kaltmiete>7.50<\/kaltmiete>\n<nebenkosten>2.80<\/nebenkosten>\n<heizkosten_enthalten>false<\/heizkosten_enthalten>\n<zzg_mehrwertsteuer>false<\/zzg_mehrwertsteuer>\n<preis_zeiteinheit\/>\n<mietpreis_pro_qm>7.5000<\/mietpreis_pro_qm>\n<provisionspflichtig>false<\/provisionspflichtig>\n<waehrung iso_waehrung=\"EUR\"\/>\n<mwst_satz>19.00<\/mwst_satz>\n<stp_carport\/>\n<stp_duplex\/>\n<stp_freiplatz\/>\n<stp_garage\/>\n<stp_parkhaus\/>\n<stp_tiefgarage\/>\n<\/preise>\n<bieterverfahren\/>\n<versteigerung\/>\n<flaechen>\n<bueroflaeche>494<\/bueroflaeche>\n<bueroteilflaeche>494<\/bueroteilflaeche>\n<teilbar_ab>494<\/teilbar_ab>\n<anzahl_stellplaetze type=\"xsd:decimal\">32<\/anzahl_stellplaetze>\n<\/flaechen>\n<ausstattung>\n<ausstatt_kategorie>GEHOBEN<\/ausstatt_kategorie>\n<raeume_veraenderbar>true<\/raeume_veraenderbar>\n<bad\/>\n<kueche\/>\n<boden TEPPICH=\"true\"\/>\n<heizungsart\/>\n<befeuerung\/>\n<klimatisiert>true<\/klimatisiert>\n<fahrstuhl PERSONEN=\"true\"\/>\n<stellplatzart FREIPLATZ=\"true\"\/>\n<ausricht_balkon_terrasse\/>\n<angeschl_gastronomie\/>\n<sicherheitstechnik\/>\n<\/ausstattung>\n<zustand_angaben>\n<zustand zustand_art=\"GEPFLEGT\"\/>\n<energiepass>\n<jahrgang>ohne<\/jahrgang>\n<\/energiepass>\n<\/zustand_angaben><bewertung\/>\n<infrastruktur\/>\n<freitexte>\n<objekttitel>Flexibler Grundriss  - 494 m&#xB2; B&#xFC;rofl&#xE4;che in Rheinn&#xE4;he | Glasfaser vorhanden | PROVISIONSFREI<\/objekttitel>\n<lage>Das Objekt liegt direkt am Duisburger Rhein-Herne-Kanal und ist damit trimodal angebunden. Die Autobahnen A40, A59 und der A3 sind sehr gut zu erreichen. Das &#xD6;PNV-Netz ist bestens zu Fu&#xDF; erreichbar. Zudem wird durch verschiedenste Restaurants, eine gute Nahversorgung geboten. \n\nBedeutende Unternehmen in der Umgebung: Knauf Interfer, de Beijer Logistik, Baufeld\n\nHotels der Umgebung: Hotel Friedrichs, B&amp;B Hotels, ibis Hotel, Intercity Hotel\n<\/lage>\n<ausstatt_beschr>&#x2022; Bodenbelag: Teppichboden\n&#x2022; EDV-Verkabelung: vom Vormieter\n&#x2022; Kabelf&#xFC;hrung: Br&#xFC;stungskan&#xE4;le\n&#x2022; Sonnenschutz: au&#xDF;enliegend, manuell\n&#x2022; Teek&#xFC;che: Anschl&#xFC;sse vorhanden\n&#x2022; Beleuchtung: Deckenbeleuchtung\n&#x2022; Heizungsart: Fernw&#xE4;rme\n\nDie Ausstattung kann kann bei Bedarf angepasst werden!<\/ausstatt_beschr>\n<objektbeschreibung>Die moderne und attraktive Gewerbeimmobilie verf&#xFC;gt &#xFC;ber einen eindrucksvollen Eingangsbereich. &#xDC;ber diesen gelangt man mithilfe des Treppenhauses oder den Personenaufz&#xFC;gen problemlos in jede Etage des Geb&#xE4;udes. Die gehobene Ausstattung der B&#xFC;rofl&#xE4;chen sorgt f&#xFC;r einen modernen Arbeitsplatz. Alle Fl&#xE4;chen sind mit einem Teppichboden ausgelegt, verf&#xFC;gen &#xFC;ber einen au&#xDF;enliegenden Sonnenschutz und EDV-Verkabelung. Die tiefen Fenster, sowie die Glaselemente bewirken lichtdurchflutete R&#xE4;umlichkeiten. Dem Mieter stehen ausreichend Parkfl&#xE4;chen zur Anmietung zur Verf&#xFC;gung. \n\nZur Zeit stehen folgende Fl&#xE4;chen zur Disposition: \n\nB&#xFC;rokomplex H1\t\nEG: ca. 150 m&#xB2;\n1. OG: ca. 494 m&#xB2;\n2. OG: ca. 494 m&#xB2;\n\n\nB&#xFC;rokomplex H2:\nEG: 820 m&#xB2;\n1. OG: 820 m&#xB2;\n2. OG: 820 m&#xB2;\n3. OG: 820 m&#xB2;\n4. OG: 820 m&#xB2;\n\t\n\nFerner stehen dem Nutzer Archivfl&#xE4;chen im Untergeschoss zur Anmietung zur Verf&#xFC;gung.<\/objektbeschreibung>\n<sonstige_angaben>Es gelten ausschlie&#xDF;lich unsere AGB (www.ruhr-real.de\/agb). Wir m&#xF6;chten Sie darauf hinweisen, dass die Angaben ausschlie&#xDF;lich auf den uns vom Eigent&#xFC;mer &#xFC;bermittelten Unterlagen und Informationen basieren. F&#xFC;r Richtigkeit und Vollst&#xE4;ndigkeit &#xFC;bernehmen wir keine Gew&#xE4;hr. Zwischenvermietung vorbehalten.<\/sonstige_angaben>\n<\/freitexte>\n<anhaenge>\n<anhang location=\"EXTERN\" gruppe=\"TITELBILD\">\n<anhangtitel>Seitenansicht<\/anhangtitel>\n<format>jpg<\/format>\n<daten>\n<pfad>3e6afc40b4a748b4a71be6fe8d9e4b28.jpg<\/pfad>\n<\/daten>\n<\/anhang>\n<anhang location=\"EXTERN\" gruppe=\"BILD\">\n<anhangtitel>Eingang<\/anhangtitel>\n<format>jpg<\/format>\n<daten>\n<pfad>c136a74d56954a489c919bb361ae0a7b.jpg<\/pfad>\n<\/daten>\n<\/anhang>\n<anhang location=\"EXTERN\" gruppe=\"BILD\">\n<anhangtitel>Ansicht B&#xFC;roraum<\/anhangtitel>\n<format>jpg<\/format>\n<daten>\n<pfad>534fd778847048a093fab8855c5568f6.jpg<\/pfad>\n<\/daten>\n<\/anhang>\n<anhang location=\"EXTERN\" gruppe=\"BILD\">\n<anhangtitel>Parkfl&#xE4;chen<\/anhangtitel>\n<format>jpg<\/format>\n<daten>\n<pfad>7adb46b28a2f49aa80d610c362e84e76.jpg<\/pfad>\n<\/daten>\n<\/anhang>\n<anhang location=\"EXTERN\" gruppe=\"BILD\">\n<anhangtitel>Ansicht B&#xFC;rofl&#xE4;chen<\/anhangtitel>\n<format>jpg<\/format>\n<daten>\n<pfad>a603035cb1ee48c09d056b257c3db72a.jpg<\/pfad>\n<\/daten>\n<\/anhang>\n<anhang location=\"EXTERN\" gruppe=\"BILD\">\n<anhangtitel>Ansicht Flurbereich<\/anhangtitel>\n<format>jpg<\/format>\n<daten>\n<pfad>502a79f2cf8c4ea790dc34e0ea4e4204.jpg<\/pfad>\n<\/daten>\n<\/anhang>\n<anhang location=\"EXTERN\" gruppe=\"BILD\">\n<anhangtitel>Stra&#xDF;enansicht<\/anhangtitel>\n<format>jpg<\/format>\n<daten>\n<pfad>bbc4c6c1f0e94b7c976fd9e378a7dd66.jpg<\/pfad>\n<\/daten>\n<\/anhang>\n<anhang location=\"EXTERN\" gruppe=\"BILD\">\n<anhangtitel>B&#xFC;ro<\/anhangtitel>\n<format>jpg<\/format>\n<daten>\n<pfad>09cdcac418e54436b17ee93bef3b9f55.jpg<\/pfad>\n<\/daten>\n<\/anhang>\n<anhang location=\"EXTERN\" gruppe=\"BILD\">\n<anhangtitel>B&#xFC;robereich<\/anhangtitel>\n<format>jpg<\/format>\n<daten>\n<pfad>7e48e75e6a5b4b0b8f85b9bce554a91a.jpg<\/pfad>\n<\/daten>\n<\/anhang>\n<anhang location=\"EXTERN\" gruppe=\"BILD\">\n<anhangtitel>B&#xFC;rofl&#xE4;chenansicht<\/anhangtitel>\n<format>jpg<\/format>\n<daten>\n<pfad>276d5c6948d84aeb872665cc2d952f0b.jpg<\/pfad><\/daten>\n<\/anhang>\n<anhang location=\"EXTERN\" gruppe=\"GRUNDRISS\">\n<anhangtitel>1. OG<\/anhangtitel>\n<format>JPG<\/format>\n<daten>\n<pfad>6751d32e12964c2d8b260bb58e677ff4.JPG<\/pfad>\n<\/daten>\n<\/anhang>\n<anhang location=\"EXTERN\" gruppe=\"GRUNDRISS\">\n<anhangtitel>2. OG<\/anhangtitel>\n<format>JPG<\/format>\n<daten>\n<pfad>88e5639233c140aaab1f5cca21e15552.JPG<\/pfad>\n<\/daten>\n<\/anhang>\n<\/anhaenge>\n<verwaltung_objekt>\n<objektadresse_freigeben>false<\/objektadresse_freigeben>\n<verfuegbar_ab>sofort<\/verfuegbar_ab>\n<gruppennummer>11<\/gruppennummer>\n<geschlecht\/>\n<gewerbliche_nutzung>true<\/gewerbliche_nutzung>\n<\/verwaltung_objekt>\n<verwaltung_techn>\n<objektnr_intern>4F9C05C32F7C40EAA7E1805EFD5F1466<\/objektnr_intern>\n<objektnr_extern>1241\/E3<\/objektnr_extern>\n<aktion aktionart=\"CHANGE\"\/>\n<openimmo_obid>4F9C05C32F7C40EAA7E1805EFD5F1466<\/openimmo_obid>\n<kennung_ursprung>estatePro V10.0.0.8<\/kennung_ursprung>\n<stand_vom>2025-10-23<\/stand_vom>\n<\/verwaltung_techn>\n<user_defined_simplefield feldname=\"Startseite\">Nein<\/user_defined_simplefield>\n<\/immobilie>\n"],"_immonex_energy_class":[""],"_immonex_energy_class_id":["0"],"_thumbnail_id":["171620"],"fave_property_images":["171620","171621","171622","171623","171624","171625","171626","171627","171628","171629"],"fave_floor_plans_enable":["enable"],"floor_plans":["a:2:{i:0;a:7:{s:15:\"fave_plan_title\";s:5:\"1. OG\";s:15:\"fave_plan_rooms\";s:0:\"\";s:19:\"fave_plan_bathrooms\";s:0:\"\";s:15:\"fave_plan_price\";s:0:\"\";s:14:\"fave_plan_size\";s:0:\"\";s:15:\"fave_plan_image\";s:84:\"https:\/\/ruhr-real.de\/wp-content\/uploads\/2025\/10\/6751d32e12964c2d8b260bb58e677ff4.jpg\";s:21:\"fave_plan_description\";s:0:\"\";}i:1;a:7:{s:15:\"fave_plan_title\";s:5:\"2. OG\";s:15:\"fave_plan_rooms\";s:0:\"\";s:19:\"fave_plan_bathrooms\";s:0:\"\";s:15:\"fave_plan_price\";s:0:\"\";s:14:\"fave_plan_size\";s:0:\"\";s:15:\"fave_plan_image\";s:84:\"https:\/\/ruhr-real.de\/wp-content\/uploads\/2025\/10\/88e5639233c140aaab1f5cca21e15552.jpg\";s:21:\"fave_plan_description\";s:0:\"\";}}"],"fave_prop_homeslider":["yes"],"fave_prop_slider_image":["171620"],"fave_agents":["111496"],"fave_agent_display_option":["agent_info"],"fave_single_top_area":["global"],"fave_single_content_area":["global"],"fave_property_map":["1"],"fave_property_map_street_view":["hide"],"fave_property_size_prefix":["m\u00b2"],"fave_property_land_postfix":["m\u00b2"],"fave_featured":["0"],"houzez_featured_listing_date":[""],"fave_property_price_postfix":["pro&nbsp;m\u00b2"],"fave_currency":["EUR"],"fave_currency_info":["a:8:{s:2:\"id\";s:1:\"1\";s:13:\"currency_name\";s:4:\"Euro\";s:13:\"currency_code\";s:3:\"EUR\";s:15:\"currency_symbol\";s:3:\"\u20ac\";s:17:\"currency_position\";s:5:\"after\";s:16:\"currency_decimal\";s:1:\"2\";s:26:\"currency_decimal_separator\";s:1:\",\";s:27:\"currency_thousand_separator\";s:1:\".\";}"],"houzez_total_property_views":["910"],"houzez_views_by_date":["a:61:{s:10:\"02-27-2026\";i:6;s:10:\"02-28-2026\";i:4;s:10:\"03-01-2026\";i:4;s:10:\"03-02-2026\";i:4;s:10:\"03-03-2026\";i:4;s:10:\"03-04-2026\";i:6;s:10:\"03-05-2026\";i:4;s:10:\"03-06-2026\";i:4;s:10:\"03-07-2026\";i:4;s:10:\"03-08-2026\";i:4;s:10:\"03-09-2026\";i:4;s:10:\"03-10-2026\";i:4;s:10:\"03-11-2026\";i:6;s:10:\"03-12-2026\";i:6;s:10:\"03-13-2026\";i:4;s:10:\"03-14-2026\";i:4;s:10:\"03-15-2026\";i:4;s:10:\"03-16-2026\";i:2;s:10:\"03-17-2026\";i:12;s:10:\"03-18-2026\";i:6;s:10:\"03-19-2026\";i:4;s:10:\"03-20-2026\";i:6;s:10:\"03-21-2026\";i:4;s:10:\"03-22-2026\";i:5;s:10:\"03-23-2026\";i:4;s:10:\"03-24-2026\";i:4;s:10:\"03-25-2026\";i:4;s:10:\"03-26-2026\";i:6;s:10:\"03-27-2026\";i:4;s:10:\"03-28-2026\";i:4;s:10:\"03-29-2026\";i:4;s:10:\"03-30-2026\";i:6;s:10:\"03-31-2026\";i:4;s:10:\"04-01-2026\";i:7;s:10:\"04-02-2026\";i:9;s:10:\"04-03-2026\";i:8;s:10:\"04-04-2026\";i:8;s:10:\"04-05-2026\";i:8;s:10:\"04-06-2026\";i:8;s:10:\"04-07-2026\";i:12;s:10:\"04-08-2026\";i:6;s:10:\"04-09-2026\";i:8;s:10:\"04-10-2026\";i:8;s:10:\"04-11-2026\";i:8;s:10:\"04-12-2026\";i:8;s:10:\"04-13-2026\";i:8;s:10:\"04-14-2026\";i:8;s:10:\"04-15-2026\";i:8;s:10:\"04-16-2026\";i:8;s:10:\"04-17-2026\";i:8;s:10:\"04-18-2026\";i:8;s:10:\"04-19-2026\";i:8;s:10:\"04-20-2026\";i:8;s:10:\"04-21-2026\";i:8;s:10:\"04-22-2026\";i:8;s:10:\"04-23-2026\";i:11;s:10:\"04-24-2026\";i:8;s:10:\"04-25-2026\";i:8;s:10:\"04-26-2026\";i:8;s:10:\"04-27-2026\";i:8;s:10:\"04-28-2026\";i:4;}"],"houzez_recently_viewed":["2026-04-28 10:35:27"],"tp_widgets":["a:2:{s:7:\"widgets\";a:0:{}s:9:\"update_at\";s:10:\"1764682733\";}"],"_elementor_page_assets":["a:0:{}"]},"_links":{"self":[{"href":"https:\/\/ruhr-real.de\/en\/wp-json\/wp\/v2\/properties\/171542","targetHints":{"allow":["GET"]}}],"collection":[{"href":"https:\/\/ruhr-real.de\/en\/wp-json\/wp\/v2\/properties"}],"about":[{"href":"https:\/\/ruhr-real.de\/en\/wp-json\/wp\/v2\/types\/property"}],"author":[{"embeddable":true,"href":"https:\/\/ruhr-real.de\/en\/wp-json\/wp\/v2\/users\/1"}],"version-history":[{"count":0,"href":"https:\/\/ruhr-real.de\/en\/wp-json\/wp\/v2\/properties\/171542\/revisions"}],"wp:featuredmedia":[{"embeddable":true,"href":"https:\/\/ruhr-real.de\/en\/wp-json\/wp\/v2\/media\/171620"}],"wp:attachment":[{"href":"https:\/\/ruhr-real.de\/en\/wp-json\/wp\/v2\/media?parent=171542"}],"wp:term":[{"taxonomy":"property_type","embeddable":true,"href":"https:\/\/ruhr-real.de\/en\/wp-json\/wp\/v2\/property_type?post=171542"},{"taxonomy":"property_status","embeddable":true,"href":"https:\/\/ruhr-real.de\/en\/wp-json\/wp\/v2\/property_status?post=171542"},{"taxonomy":"property_feature","embeddable":true,"href":"https:\/\/ruhr-real.de\/en\/wp-json\/wp\/v2\/property_feature?post=171542"},{"taxonomy":"property_label","embeddable":true,"href":"https:\/\/ruhr-real.de\/en\/wp-json\/wp\/v2\/property_label?post=171542"},{"taxonomy":"property_country","embeddable":true,"href":"https:\/\/ruhr-real.de\/en\/wp-json\/wp\/v2\/property_country?post=171542"},{"taxonomy":"property_state","embeddable":true,"href":"https:\/\/ruhr-real.de\/en\/wp-json\/wp\/v2\/property_state?post=171542"},{"taxonomy":"property_city","embeddable":true,"href":"https:\/\/ruhr-real.de\/en\/wp-json\/wp\/v2\/property_city?post=171542"},{"taxonomy":"property_area","embeddable":true,"href":"https:\/\/ruhr-real.de\/en\/wp-json\/wp\/v2\/property_area?post=171542"}],"curies":[{"name":"wp","href":"https:\/\/api.w.org\/{rel}","templated":true}]}}