{"id":172472,"date":"2025-11-07T00:01:46","date_gmt":"2025-11-06T23:01:46","guid":{"rendered":"https:\/\/ruhr-real.de\/objekt\/exklusiv-ueber-ruhr-real-moderne-buerovilla-am-stadtwald-zwei-balkone\/"},"modified":"2025-11-07T14:12:46","modified_gmt":"2025-11-07T13:12:46","slug":"exklusiv-ueber-ruhr-real-moderne-buerovilla-am-stadtwald-zwei-balkone","status":"publish","type":"property","link":"https:\/\/ruhr-real.de\/en\/objekt\/exklusiv-ueber-ruhr-real-moderne-buerovilla-am-stadtwald-zwei-balkone\/","title":{"rendered":"Exklusiv \u00fcber RUHR REAL | Moderne B\u00fcrovilla am Stadtwald | Zwei Balkone"},"content":{"rendered":"<p>Das B\u00fcrogeb\u00e4ude (Baujahr 2003) bietet im 1. Obergeschoss eine zusammenh\u00e4ngende B\u00fcrofl\u00e4che von ca. 295,5 m\u00b2 sowie ca. 17 m\u00b2 Archivfl\u00e4che. Die Fl\u00e4che ist modern ausgestattet: CAT-6-Verkabelung und Bodentanks sichern eine flexible Arbeitsplatzzone; bodentiefe Fenster bringen viel Tageslicht, au\u00dfen- und innenliegender Sonnenschutz sorgt f\u00fcr ein angenehmes Raumklima. Ein klimatisierter Serverraum, Glast\u00fcren und eine Teek\u00fcche runden die Ausstattung ab. Der Personenaufzug erm\u00f6glicht einen komfortablen, barrierearmen Zugang. 5 Au\u00dfenstellpl\u00e4tze stehen optional zur Anmietung zur Verf\u00fcgung.<\/p>\n<p>Die Liegenschaft liegt in K\u00f6ln-Junkersdorf (Else-Lang-Stra\u00dfe 1, 50858 K\u00f6ln) mit sehr guter Anbindung: Die Stra\u00dfenbahn Linie 7 (Haltestelle K\u00f6ln St\u00fcttgenhof) ist ca. 1,7 km entfernt, die Buslinien 143\/173 (Haltestelle Wiener Weg) erreicht man nach ca. 550 m. \u00dcber die A4 \/ Kreuz K\u00f6ln-West (ca. 2,3 km) besteht schneller Anschluss an das Fernstra\u00dfennetz; der Flughafen ist ca. 27 km entfernt. Arbeiten am Stadtwald in gehobenem Umfeld \u2013 zugleich gut erreichbar und urban angebunden.<\/p>\n<p>\u2022 Personenaufzug<br \/>\n\u2022 CAT-6-Verkabelung<br \/>\n\u2022 Bodentanks<br \/>\n\u2022 Glast\u00fcren<br \/>\n\u2022 Au\u00dfenliegender Sonnenschutz<br \/>\n\u2022<\/p>\n<p>Innenliegender Blendschutz<br \/>\n\u2022 2 Teek\u00fcchen<br \/>\n\u2022 5 Au\u00dfenstellpl\u00e4tze Nr. 13 \/ 14 \/ 15 \/ 16 \/ 23<br \/>\n\u2022 Archivraum  U 6 mit 15,5 m\u00b2  7,00 EUR pro qm netto<br \/>\n\u2022 Archivraum U 15 mit 17,1 m\u00b2 7,00 EUR pro qm netto<\/p>\n<p>Es gelten ausschlie\u00dflich unsere AGB (www.ruhr-real.de\/agb). Wir m\u00f6chten Sie darauf hinweisen, dass die Angaben ausschlie\u00dflich auf den uns vom Eigent\u00fcmer \u00fcbermittelten Unterlagen und Informationen basieren. F\u00fcr Richtigkeit und Vollst\u00e4ndigkeit \u00fcbernehmen wir keine Gew\u00e4hr. Zwischenvermietung vorbehalten.<br \/>\n<\/p>\n","protected":false},"excerpt":{"rendered":"<p>Das B\u00fcrogeb\u00e4ude (Baujahr 2003) bietet im 1. Obergeschoss eine zusammenh\u00e4ngende B\u00fcrofl\u00e4che von ca. 295,5 m\u00b2 sowie&#8230;<\/p>\n","protected":false},"author":1,"featured_media":172503,"parent":0,"menu_order":0,"template":"","property_type":[379],"property_status":[352],"property_feature":[354],"property_label":[],"property_country":[353],"property_state":[],"property_city":[336],"property_area":[],"class_list":["post-172472","property","type-property","status-publish","has-post-thumbnail","hentry","property_type-bueroflaechen","property_status-zu-vermieten","property_feature-personenaufzug","property_country-deutschland","property_city-koln"],"acf":[],"property_meta":{"_immonex_import_folder":["users\/RUHRREAL"],"_immonex_translation_id":["4658\/G1\/E1"],"_openimmo_obid":["5A26F6764A32484381AC79F3B371CB3B"],"_is_immonex_import_property":["1"],"_immonex_is_reference":[""],"rank_math_internal_links_processed":["1"],"_immonex_post_status":["updated"],"fave_property_map_address":["50858 K\u00f6ln"],"fave_property_zip":["50858"],"fave_property_country":["DE"],"_immonex_lat":["50.9342427"],"_immonex_lng":["6.83723746677"],"houzez_geolocation_lat":["50.9342427"],"houzez_geolocation_long":["6.83723746677"],"fave_property_location":["50.9342427,6.83723746677"],"fave_property_price":["15.00"],"fave_property_sec_price":["15.0000"],"fave_property_size":["295"],"fave_property_year":["2002"],"fave_property_id":["4658\/G1\/E1"],"_fave_property_id":["4658\/G1\/E1"],"_immonex_iso_country":["DEU"],"_openimmo_anid":["0000"],"_immonex_group_number":[""],"_immonex_group_id":[""],"_immonex_group_master":[""],"_immonex_import_meta":["a:6:{s:8:\"zip_file\";s:131:\"\/www\/htdocs\/w0172e0e\/ruhr-real_2024\/wp-content\/uploads\/immonex-openimmo-import\/users\/RUHRREAL\/Immowelt_estatePro_20251107141252.zip\";s:8:\"xml_file\";s:158:\"\/www\/htdocs\/w0172e0e\/ruhr-real_2024\/wp-content\/uploads\/immonex-openimmo-import\/immowelt_estatepro_20251107141252\/Homepage_2024_NEW_estatePro20251107141252.xml\";s:12:\"mapping_file\";s:116:\"\/www\/htdocs\/w0172e0e\/ruhr-real_2024\/wp-content\/uploads\/immonex-openimmo-import\/mappings\/houzez_ruhrreal_18122023.csv\";s:9:\"timestamp\";i:1762521167;s:4:\"date\";s:10:\"2025-11-07\";s:4:\"time\";s:8:\"14:12:47\";}"],"_immonex_is_sold":[""],"_immonex_is_reserved":[""],"_immonex_is_available":["1"],"_immonex_areabutler_url_with_address":[""],"_immonex_areabutler_url_no_address":[""],"_immonex_areabutler_url":[""],"additional_features":["a:18:{i:0;a:2:{s:29:\"fave_additional_feature_title\";s:11:\"Heizungsart\";s:29:\"fave_additional_feature_value\";s:11:\"Fernheizung\";}i:1;a:2:{s:29:\"fave_additional_feature_title\";s:14:\"Nettokaltmiete\";s:29:\"fave_additional_feature_value\";s:11:\"15&nbsp;\u20ac\";}i:2;a:2:{s:29:\"fave_additional_feature_title\";s:9:\"Kaltmiete\";s:29:\"fave_additional_feature_value\";s:11:\"15&nbsp;\u20ac\";}i:3;a:2:{s:29:\"fave_additional_feature_title\";s:33:\"Heizkosten in Warmmiete enthalten\";s:29:\"fave_additional_feature_value\";s:4:\"nein\";}i:4;a:2:{s:29:\"fave_additional_feature_title\";s:32:\"Preise zuz\u00fcglich Mehrwertsteuer\";s:29:\"fave_additional_feature_value\";s:4:\"nein\";}i:5;a:2:{s:29:\"fave_additional_feature_title\";s:23:\"Netto-Kaltmiete pro m\u00b2\";s:29:\"fave_additional_feature_value\";s:11:\"15&nbsp;\u20ac\";}i:6;a:2:{s:29:\"fave_additional_feature_title\";s:16:\"K\u00e4uferprovision\";s:29:\"fave_additional_feature_value\";s:21:\"3-4 Nettomonatsmieten\";}i:7;a:2:{s:29:\"fave_additional_feature_title\";s:10:\"MwSt.-Satz\";s:29:\"fave_additional_feature_value\";s:9:\"19&nbsp;%\";}i:8;a:2:{s:29:\"fave_additional_feature_title\";s:12:\"Lagerfl\u00e4che\";s:29:\"fave_additional_feature_value\";s:11:\"16&nbsp;m\u00b2\";}i:9;a:2:{s:29:\"fave_additional_feature_title\";s:12:\"B\u00fcrofl\u00e4che\";s:29:\"fave_additional_feature_value\";s:14:\"295,5&nbsp;m\u00b2\";}i:10;a:2:{s:29:\"fave_additional_feature_title\";s:16:\"B\u00fcroteilfl\u00e4che\";s:29:\"fave_additional_feature_value\";s:14:\"295,5&nbsp;m\u00b2\";}i:11;a:2:{s:29:\"fave_additional_feature_title\";s:10:\"Teilbar ab\";s:29:\"fave_additional_feature_value\";s:14:\"295,5&nbsp;m\u00b2\";}i:12;a:2:{s:29:\"fave_additional_feature_title\";s:19:\"Art der Ausstattung\";s:29:\"fave_additional_feature_value\";s:7:\"gehoben\";}i:13;a:2:{s:29:\"fave_additional_feature_title\";s:10:\"Bodenbelag\";s:29:\"fave_additional_feature_value\";s:19:\"Teppich, Kunststoff\";}i:14;a:2:{s:29:\"fave_additional_feature_title\";s:6:\"K\u00fcche\";s:29:\"fave_additional_feature_value\";s:13:\"Pantry-K\u00fcche\";}i:15;a:2:{s:29:\"fave_additional_feature_title\";s:13:\"Stellplatzart\";s:29:\"fave_additional_feature_value\";s:9:\"Freiplatz\";}i:16;a:2:{s:29:\"fave_additional_feature_title\";s:7:\"Zustand\";s:29:\"fave_additional_feature_value\";s:8:\"gepflegt\";}i:17;a:2:{s:29:\"fave_additional_feature_title\";s:27:\"Immobilie ist verf\u00fcgbar ab\";s:29:\"fave_additional_feature_value\";s:10:\"01.02.2026\";}}"],"fave_additional_features_enable":["enable"],"_immonex_property_xml_source":["<?xml version=\"1.0\"?>\n<immobilie>\n<objektkategorie>\n<nutzungsart WOHNEN=\"false\" GEWERBE=\"true\"\/>\n<vermarktungsart KAUF=\"false\" MIETE_PACHT=\"true\"\/>\n<objektart>\n<buero_praxen buero_typ=\"BUEROHAUS\"\/>\n<\/objektart>\n<user_defined_simplefield\/>\n<\/objektkategorie>\n<geo>\n<plz>50858<\/plz>\n<ort>K&#xF6;ln<\/ort>\n<strasse>Else-Lang-Stra&#xDF;e<\/strasse>\n<hausnummer>1<\/hausnummer>\n<land iso_land=\"DEU\"\/>\n<lage_im_bau\/>\n<\/geo>\n<kontaktperson>\n<email_zentrale>anfrage@ruhr-real.de<\/email_zentrale>\n<email_direkt>lendzian@ruhr-real.de<\/email_direkt>\n<tel_durchw>+49 221 273 229 22<\/tel_durchw>\n<tel_handy>+49 162 1531000<\/tel_handy>\n<name>Lendzian<\/name>\n<vorname>Niklas<\/vorname>\n<anrede>Herr<\/anrede>\n<firma>RUHR REAL GmbH<\/firma>\n<strasse>Holsterhauser Platz<\/strasse>\n<hausnummer>2<\/hausnummer>\n<plz>45147<\/plz>\n<ort>Essen<\/ort>\n<adressfreigabe>true<\/adressfreigabe>\n<\/kontaktperson>\n<preise>\n<nettokaltmiete>15.00<\/nettokaltmiete>\n<kaltmiete>15.00<\/kaltmiete>\n<heizkosten_enthalten>false<\/heizkosten_enthalten>\n<zzg_mehrwertsteuer>false<\/zzg_mehrwertsteuer>\n<preis_zeiteinheit\/>\n<mietpreis_pro_qm>15.0000<\/mietpreis_pro_qm>\n<provisionspflichtig>true<\/provisionspflichtig>\n<aussen_courtage mit_mwst=\"false\">3-4 Nettomonatsmieten<\/aussen_courtage>\n<waehrung iso_waehrung=\"EUR\"\/>\n<mwst_satz>19.00<\/mwst_satz>\n<stp_carport\/>\n<stp_duplex\/>\n<stp_freiplatz\/>\n<stp_garage\/>\n<stp_parkhaus\/>\n<stp_tiefgarage\/>\n<\/preise>\n<bieterverfahren\/>\n<versteigerung\/>\n<flaechen>\n<lagerflaeche>16<\/lagerflaeche>\n<bueroflaeche>295.5<\/bueroflaeche>\n<bueroteilflaeche>295.5<\/bueroteilflaeche>\n<teilbar_ab>295.5<\/teilbar_ab>\n<anzahl_stellplaetze type=\"xsd:decimal\">5<\/anzahl_stellplaetze>\n<\/flaechen>\n<ausstattung>\n<ausstatt_kategorie>GEHOBEN<\/ausstatt_kategorie>\n<bad\/>\n<kueche PANTRY=\"true\"\/>\n<boden TEPPICH=\"true\" KUNSTSTOFF=\"true\"\/>\n<heizungsart FERN=\"true\"\/>\n<befeuerung\/>\n<fahrstuhl PERSONEN=\"true\"\/>\n<stellplatzart FREIPLATZ=\"true\"\/>\n<ausricht_balkon_terrasse\/>\n<angeschl_gastronomie\/>\n<sicherheitstechnik\/>\n<\/ausstattung>\n<zustand_angaben>\n<baujahr>2002<\/baujahr>\n<zustand zustand_art=\"GEPFLEGT\"\/>\n<\/zustand_angaben>\n<bewertung\/>\n<infrastruktur\/>\n<freitexte>\n<objekttitel>Exklusiv &#xFC;ber RUHR REAL | Moderne B&#xFC;rovilla am Stadtwald | Zwei Balkone<\/objekttitel>\n<lage>Die Liegenschaft liegt in K&#xF6;ln-Junkersdorf (Else-Lang-Stra&#xDF;e 1, 50858 K&#xF6;ln) mit sehr guter Anbindung: Die Stra&#xDF;enbahn Linie 7 (Haltestelle K&#xF6;ln St&#xFC;ttgenhof) ist ca. 1,7 km entfernt, die Buslinien 143\/173 (Haltestelle Wiener Weg) erreicht man nach ca. 550 m. &#xDC;ber die A4 \/ Kreuz K&#xF6;ln-West (ca. 2,3 km) besteht schneller Anschluss an das Fernstra&#xDF;ennetz; der Flughafen ist ca. 27 km entfernt. Arbeiten am Stadtwald in gehobenem Umfeld &#x2013; zugleich gut erreichbar und urban angebunden.<\/lage>\n<ausstatt_beschr>&#x2022; Personenaufzug\n&#x2022; CAT-6-Verkabelung\n&#x2022; Bodentanks\n&#x2022; Glast&#xFC;ren\n&#x2022; Au&#xDF;enliegender Sonnenschutz\n&#x2022; \n\nInnenliegender Blendschutz\n&#x2022; 2 Teek&#xFC;chen\n&#x2022; 5 Au&#xDF;enstellpl&#xE4;tze Nr. 13 \/ 14 \/ 15 \/ 16 \/ 23 \n&#x2022; Archivraum  U 6 mit 15,5 m&#xB2;  7,00 EUR pro qm netto\n&#x2022; Archivraum U 15 mit 17,1 m&#xB2; 7,00 EUR pro qm netto\n<\/ausstatt_beschr>\n<objektbeschreibung>Das B&#xFC;rogeb&#xE4;ude (Baujahr 2003) bietet im 1. Obergeschoss eine zusammenh&#xE4;ngende B&#xFC;rofl&#xE4;che von ca. 295,5 m&#xB2; sowie ca. 17 m&#xB2; Archivfl&#xE4;che. Die Fl&#xE4;che ist modern ausgestattet: CAT-6-Verkabelung und Bodentanks sichern eine flexible Arbeitsplatzzone; bodentiefe Fenster bringen viel Tageslicht, au&#xDF;en- und innenliegender Sonnenschutz sorgt f&#xFC;r ein angenehmes Raumklima. Ein klimatisierter Serverraum, Glast&#xFC;ren und eine Teek&#xFC;che runden die Ausstattung ab. Der Personenaufzug erm&#xF6;glicht einen komfortablen, barrierearmen Zugang. 5 Au&#xDF;enstellpl&#xE4;tze stehen optional zur Anmietung zur Verf&#xFC;gung.<\/objektbeschreibung><sonstige_angaben>Es gelten ausschlie&#xDF;lich unsere AGB (www.ruhr-real.de\/agb). Wir m&#xF6;chten Sie darauf hinweisen, dass die Angaben ausschlie&#xDF;lich auf den uns vom Eigent&#xFC;mer &#xFC;bermittelten Unterlagen und Informationen basieren. F&#xFC;r Richtigkeit und Vollst&#xE4;ndigkeit &#xFC;bernehmen wir keine Gew&#xE4;hr. Zwischenvermietung vorbehalten.<\/sonstige_angaben>\n<\/freitexte>\n<anhaenge>\n<anhang location=\"EXTERN\" gruppe=\"TITELBILD\">\n<anhangtitel>Au&#xDF;en<\/anhangtitel>\n<format>jpg<\/format>\n<daten>\n<pfad>799cfb9a9aad4ab9ba3e960ceb48d307.jpg<\/pfad>\n<\/daten>\n<\/anhang>\n<anhang location=\"EXTERN\" gruppe=\"BILD\">\n<anhangtitel>B&#xFC;ro 1<\/anhangtitel>\n<format>jpg<\/format>\n<daten>\n<pfad>77a8a3ffb40043cd9706c2bf6a817b89.jpg<\/pfad>\n<\/daten>\n<\/anhang>\n<anhang location=\"EXTERN\" gruppe=\"BILD\">\n<anhangtitel>B&#xFC;ro 2<\/anhangtitel>\n<format>jpg<\/format>\n<daten>\n<pfad>4ba918dad928423c89e6a1caaac06eeb.jpg<\/pfad>\n<\/daten>\n<\/anhang>\n<anhang location=\"EXTERN\" gruppe=\"BILD\">\n<anhangtitel>B&#xFC;ro 3<\/anhangtitel>\n<format>jpg<\/format>\n<daten>\n<pfad>d8daf4fc2b3644cf8511f0bd5a19e7ae.jpg<\/pfad>\n<\/daten>\n<\/anhang>\n<anhang location=\"EXTERN\" gruppe=\"BILD\">\n<anhangtitel>B&#xFC;ro 5<\/anhangtitel>\n<format>jpg<\/format>\n<daten>\n<pfad>eeb61a0c69dc4748b6fe590fad0fd8e8.jpg<\/pfad>\n<\/daten>\n<\/anhang>\n<anhang location=\"EXTERN\" gruppe=\"BILD\">\n<anhangtitel>B&#xFC;ro 6<\/anhangtitel>\n<format>jpg<\/format>\n<daten>\n<pfad>c1b3d63ed00d410eadcbb0feeffbe63f.jpg<\/pfad>\n<\/daten>\n<\/anhang>\n<anhang location=\"EXTERN\" gruppe=\"BILD\">\n<anhangtitel>B&#xFC;ro 7<\/anhangtitel>\n<format>jpg<\/format>\n<daten>\n<pfad>554307c54cae487ba557d239e48aa0b5.jpg<\/pfad>\n<\/daten>\n<\/anhang>\n<anhang location=\"EXTERN\" gruppe=\"BILD\">\n<anhangtitel>Foyer<\/anhangtitel>\n<format>jpg<\/format>\n<daten>\n<pfad>14587f58eae14c708f89921406fba3e2.jpg<\/pfad>\n<\/daten>\n<\/anhang>\n<anhang location=\"EXTERN\" gruppe=\"BILD\">\n<anhangtitel>Flur 1<\/anhangtitel>\n<format>jpg<\/format>\n<daten>\n<pfad>18002cd149794046af431c5a284ae5a9.jpg<\/pfad>\n<\/daten>\n<\/anhang>\n<anhang location=\"EXTERN\" gruppe=\"BILD\">\n<anhangtitel>Flur 2<\/anhangtitel>\n<format>jpg<\/format>\n<daten>\n<pfad>d8c18ad083964eb88500d3874882d19f.jpg<\/pfad>\n<\/daten>\n<\/anhang>\n<anhang location=\"EXTERN\" gruppe=\"GRUNDRISS\">\n<anhangtitel>Grundriss 3.OG<\/anhangtitel>\n<format>jpg<\/format>\n<daten>\n<pfad>dfd33dbeffb54162be6e3f29e9c1f670.jpg<\/pfad>\n<\/daten>\n<\/anhang>\n<anhang location=\"EXTERN\" gruppe=\"GRUNDRISS\">\n<anhangtitel>Grundriss UG.<\/anhangtitel>\n<format>jpg<\/format>\n<daten>\n<pfad>43b3b5a5fb7d4d7a8fa69e68de39169b.jpg<\/pfad>\n<\/daten>\n<\/anhang>\n<anhang location=\"EXTERN\" gruppe=\"GRUNDRISS\">\n<anhangtitel>Lageplan<\/anhangtitel>\n<format>jpg<\/format>\n<daten>\n<pfad>dbb6799636a342aa85726466814683dd.jpg<\/pfad>\n<\/daten>\n<\/anhang>\n<\/anhaenge>\n<verwaltung_objekt>\n<objektadresse_freigeben>false<\/objektadresse_freigeben>\n<verfuegbar_ab>01.02.2026<\/verfuegbar_ab>\n<geschlecht\/>\n<\/verwaltung_objekt>\n<verwaltung_techn>\n<objektnr_intern>5A26F6764A32484381AC79F3B371CB3B<\/objektnr_intern>\n<objektnr_extern>4658\/G1\/E1<\/objektnr_extern>\n<aktion aktionart=\"CHANGE\"\/>\n<openimmo_obid>5A26F6764A32484381AC79F3B371CB3B<\/openimmo_obid>\n<kennung_ursprung>estatePro V10.0.0.8<\/kennung_ursprung>\n<stand_vom>2025-11-07<\/stand_vom>\n<\/verwaltung_techn>\n<user_defined_simplefield feldname=\"Startseite\">Nein<\/user_defined_simplefield>\n<\/immobilie>\n"],"_immonex_energy_class":[""],"_immonex_energy_class_id":["0"],"_thumbnail_id":["172503"],"fave_property_images":["172503","172504","172505","172506","172507","172508","172509","172510","172511","172512"],"fave_floor_plans_enable":["enable"],"floor_plans":["a:3:{i:0;a:7:{s:15:\"fave_plan_title\";s:14:\"Grundriss 3.OG\";s:15:\"fave_plan_rooms\";s:0:\"\";s:19:\"fave_plan_bathrooms\";s:0:\"\";s:15:\"fave_plan_price\";s:0:\"\";s:14:\"fave_plan_size\";s:0:\"\";s:15:\"fave_plan_image\";s:84:\"https:\/\/ruhr-real.de\/wp-content\/uploads\/2025\/11\/dfd33dbeffb54162be6e3f29e9c1f670.jpg\";s:21:\"fave_plan_description\";s:0:\"\";}i:1;a:7:{s:15:\"fave_plan_title\";s:13:\"Grundriss UG.\";s:15:\"fave_plan_rooms\";s:0:\"\";s:19:\"fave_plan_bathrooms\";s:0:\"\";s:15:\"fave_plan_price\";s:0:\"\";s:14:\"fave_plan_size\";s:0:\"\";s:15:\"fave_plan_image\";s:84:\"https:\/\/ruhr-real.de\/wp-content\/uploads\/2025\/11\/43b3b5a5fb7d4d7a8fa69e68de39169b.jpg\";s:21:\"fave_plan_description\";s:0:\"\";}i:2;a:7:{s:15:\"fave_plan_title\";s:8:\"Lageplan\";s:15:\"fave_plan_rooms\";s:0:\"\";s:19:\"fave_plan_bathrooms\";s:0:\"\";s:15:\"fave_plan_price\";s:0:\"\";s:14:\"fave_plan_size\";s:0:\"\";s:15:\"fave_plan_image\";s:84:\"https:\/\/ruhr-real.de\/wp-content\/uploads\/2025\/11\/dbb6799636a342aa85726466814683dd.jpg\";s:21:\"fave_plan_description\";s:0:\"\";}}"],"fave_prop_homeslider":["yes"],"fave_prop_slider_image":["172503"],"fave_agents":["156452"],"fave_agent_display_option":["agent_info"],"fave_single_top_area":["global"],"fave_single_content_area":["global"],"fave_property_map":["1"],"fave_property_map_street_view":["hide"],"fave_property_size_prefix":["m\u00b2"],"fave_property_land_postfix":["m\u00b2"],"fave_featured":["0"],"houzez_featured_listing_date":[""],"fave_property_price_postfix":["pro&nbsp;m\u00b2"],"fave_currency":["EUR"],"fave_currency_info":["a:8:{s:2:\"id\";s:1:\"1\";s:13:\"currency_name\";s:4:\"Euro\";s:13:\"currency_code\";s:3:\"EUR\";s:15:\"currency_symbol\";s:3:\"\u20ac\";s:17:\"currency_position\";s:5:\"after\";s:16:\"currency_decimal\";s:1:\"2\";s:26:\"currency_decimal_separator\";s:1:\",\";s:27:\"currency_thousand_separator\";s:1:\".\";}"],"houzez_total_property_views":["858"],"houzez_views_by_date":["a:61:{s:10:\"02-27-2026\";i:6;s:10:\"02-28-2026\";i:4;s:10:\"03-01-2026\";i:4;s:10:\"03-02-2026\";i:4;s:10:\"03-03-2026\";i:4;s:10:\"03-04-2026\";i:6;s:10:\"03-05-2026\";i:4;s:10:\"03-06-2026\";i:4;s:10:\"03-07-2026\";i:4;s:10:\"03-08-2026\";i:4;s:10:\"03-09-2026\";i:4;s:10:\"03-10-2026\";i:4;s:10:\"03-11-2026\";i:6;s:10:\"03-12-2026\";i:6;s:10:\"03-13-2026\";i:4;s:10:\"03-14-2026\";i:4;s:10:\"03-15-2026\";i:4;s:10:\"03-16-2026\";i:2;s:10:\"03-17-2026\";i:9;s:10:\"03-18-2026\";i:6;s:10:\"03-19-2026\";i:4;s:10:\"03-20-2026\";i:6;s:10:\"03-21-2026\";i:4;s:10:\"03-22-2026\";i:4;s:10:\"03-23-2026\";i:4;s:10:\"03-24-2026\";i:4;s:10:\"03-25-2026\";i:4;s:10:\"03-26-2026\";i:6;s:10:\"03-27-2026\";i:4;s:10:\"03-28-2026\";i:4;s:10:\"03-29-2026\";i:4;s:10:\"03-30-2026\";i:6;s:10:\"03-31-2026\";i:4;s:10:\"04-01-2026\";i:8;s:10:\"04-02-2026\";i:8;s:10:\"04-03-2026\";i:8;s:10:\"04-04-2026\";i:8;s:10:\"04-05-2026\";i:8;s:10:\"04-06-2026\";i:8;s:10:\"04-07-2026\";i:12;s:10:\"04-08-2026\";i:8;s:10:\"04-09-2026\";i:8;s:10:\"04-10-2026\";i:8;s:10:\"04-11-2026\";i:8;s:10:\"04-12-2026\";i:8;s:10:\"04-13-2026\";i:8;s:10:\"04-14-2026\";i:8;s:10:\"04-15-2026\";i:8;s:10:\"04-16-2026\";i:10;s:10:\"04-17-2026\";i:6;s:10:\"04-18-2026\";i:10;s:10:\"04-19-2026\";i:8;s:10:\"04-20-2026\";i:8;s:10:\"04-21-2026\";i:8;s:10:\"04-22-2026\";i:8;s:10:\"04-23-2026\";i:12;s:10:\"04-24-2026\";i:8;s:10:\"04-25-2026\";i:8;s:10:\"04-26-2026\";i:8;s:10:\"04-27-2026\";i:8;s:10:\"04-28-2026\";i:4;}"],"houzez_recently_viewed":["2026-04-28 08:50:31"],"tp_widgets":["a:2:{s:7:\"widgets\";a:0:{}s:9:\"update_at\";s:10:\"1764682733\";}"],"_elementor_page_assets":["a:0:{}"]},"_links":{"self":[{"href":"https:\/\/ruhr-real.de\/en\/wp-json\/wp\/v2\/properties\/172472","targetHints":{"allow":["GET"]}}],"collection":[{"href":"https:\/\/ruhr-real.de\/en\/wp-json\/wp\/v2\/properties"}],"about":[{"href":"https:\/\/ruhr-real.de\/en\/wp-json\/wp\/v2\/types\/property"}],"author":[{"embeddable":true,"href":"https:\/\/ruhr-real.de\/en\/wp-json\/wp\/v2\/users\/1"}],"version-history":[{"count":0,"href":"https:\/\/ruhr-real.de\/en\/wp-json\/wp\/v2\/properties\/172472\/revisions"}],"wp:featuredmedia":[{"embeddable":true,"href":"https:\/\/ruhr-real.de\/en\/wp-json\/wp\/v2\/media\/172503"}],"wp:attachment":[{"href":"https:\/\/ruhr-real.de\/en\/wp-json\/wp\/v2\/media?parent=172472"}],"wp:term":[{"taxonomy":"property_type","embeddable":true,"href":"https:\/\/ruhr-real.de\/en\/wp-json\/wp\/v2\/property_type?post=172472"},{"taxonomy":"property_status","embeddable":true,"href":"https:\/\/ruhr-real.de\/en\/wp-json\/wp\/v2\/property_status?post=172472"},{"taxonomy":"property_feature","embeddable":true,"href":"https:\/\/ruhr-real.de\/en\/wp-json\/wp\/v2\/property_feature?post=172472"},{"taxonomy":"property_label","embeddable":true,"href":"https:\/\/ruhr-real.de\/en\/wp-json\/wp\/v2\/property_label?post=172472"},{"taxonomy":"property_country","embeddable":true,"href":"https:\/\/ruhr-real.de\/en\/wp-json\/wp\/v2\/property_country?post=172472"},{"taxonomy":"property_state","embeddable":true,"href":"https:\/\/ruhr-real.de\/en\/wp-json\/wp\/v2\/property_state?post=172472"},{"taxonomy":"property_city","embeddable":true,"href":"https:\/\/ruhr-real.de\/en\/wp-json\/wp\/v2\/property_city?post=172472"},{"taxonomy":"property_area","embeddable":true,"href":"https:\/\/ruhr-real.de\/en\/wp-json\/wp\/v2\/property_area?post=172472"}],"curies":[{"name":"wp","href":"https:\/\/api.w.org\/{rel}","templated":true}]}}