{"id":172618,"date":"2025-12-01T00:02:56","date_gmt":"2025-11-30T23:02:56","guid":{"rendered":"https:\/\/ruhr-real.de\/objekt\/buero-mit-wiedererkennungswert-gute-sichtbarkeit-hervorragende-anbindung-2\/"},"modified":"2025-12-01T11:55:56","modified_gmt":"2025-12-01T10:55:56","slug":"buero-mit-wiedererkennungswert-gute-sichtbarkeit-hervorragende-anbindung-2","status":"publish","type":"property","link":"https:\/\/ruhr-real.de\/en\/objekt\/buero-mit-wiedererkennungswert-gute-sichtbarkeit-hervorragende-anbindung-2\/","title":{"rendered":"Ihr neues B\u00fcro in M\u00fclheim! 495 m\u00b2 mit moderner Ausstattung | Stellpl\u00e4tze vorhanden"},"content":{"rendered":"<p>Die Gewerbeimmobilie an der K\u00f6lner Stra\u00dfe 80\u201382 in M\u00fclheim-Saarn bietet moderne B\u00fcrofl\u00e4chen in verkehrsg\u00fcnstiger Lage mit sehr guter Anbindung an den \u00d6PNV und den Individualverkehr. Das gepflegte Geb\u00e4ude liegt in einem attraktiven Umfeld mit vielf\u00e4ltigen Versorgungs- und Dienstleistungsangeboten.<\/p>\n<p>Au\u00dfen- und Tiefgaragenstellpl\u00e4tze stehen zur Verf\u00fcgung. Das Objekt eignet sich ideal f\u00fcr Unternehmen, die eine repr\u00e4sentative Adresse mit flexiblen Nutzungsm\u00f6glichkeiten und moderner Infrastruktur suchen.<\/p>\n<p>Derzeit stehen folgende Fl\u00e4chen zur Disposition:<\/p>\n<p>EG: ca. 872 m\u00b2<br \/>\n2. OG: ca. 495 m\u00b2<br \/>\n3. OG: ca. 496 m\u00b2<\/p>\n<p>Die Liegenschaft befindet sich im begehrten M\u00fclheimer Stadtteil Saarn und \u00fcberzeugt durch ihre prominente Lage an der hochfrequentierten K\u00f6lner Stra\u00dfe, einer zentralen Verbindungsachse zum Stadtzentrum. Die hervorragende Verkehrsanbindung mit kurzer Distanz zur Autobahn, zum \u00d6PNV und zum Hauptbahnhof gew\u00e4hrleistet eine optimale Erreichbarkeit und hohe Sichtbarkeit.<\/p>\n<p>\u2022 Sonnenschutz: Raffstoren, elektrisch<br \/>\n\u2022 Aufzug: Personenaufzug<br \/>\n\u2022 Kantine: voll ausgestattet<br \/>\n\u2022 Klimatisierung: Klima-Split-Ger\u00e4te<br \/>\n\u2022 Bodenbelag: Teppichboden<br \/>\n\u2022 Verkabelung: CAT-6<br \/>\n\u2022 Verkabelungsort: Bodentanks<br \/>\n\u2022 Beleuchtung: Rasterleuchten<\/p>\n<p> Die Ausstattung kann bei Bedarf angepasst werden!<\/p>\n<p>Es gelten ausschlie\u00dflich unsere AGB (www.ruhr-real.de\/agb). Wir m\u00f6chten Sie darauf hinweisen, dass die Angaben ausschlie\u00dflich auf den uns vom Eigent\u00fcmer \u00fcbermittelten Unterlagen und Informationen basieren. F\u00fcr Richtigkeit und Vollst\u00e4ndigkeit \u00fcbernehmen wir keine Gew\u00e4hr. Zwischenvermietung vorbehalten.<br \/>\n<div class=\"widget widget_immonex_user_defined_properties_widget\"><div class=\"immonex-widget immonex-widget-houzez\">\n\t\t<div class=\"immonex-widget-title clearfix\">\n\t\t<h2 class=\"widgettitle\">Energieeffizienz<\/h2>\t<\/div>\n\t\t<ul class=\"immonex-property-details row list-lined list-unstyled\">\n\t\t\t\t<li>\n\t\t\t<div class=\"list-lined-item w-100 d-flex justify-content-between py-2\">\n\t\t\t\t\t\t\t\t<strong class=\"property-details-label\">Energieausweis-Jahrgang:<\/strong>&nbsp;<span class=\"property-details-value\">not available<\/span>\n\t\t\t\t\t\t\t<\/div>\n\t\t<\/li>\n\t\t\t<\/ul>\n<\/div><\/div><\/p>\n","protected":false},"excerpt":{"rendered":"<p>Die Gewerbeimmobilie an der K\u00f6lner Stra\u00dfe 80\u201382 in M\u00fclheim-Saarn bietet moderne B\u00fcrofl\u00e4chen in&#8230;<\/p>\n","protected":false},"author":1,"featured_media":173891,"parent":0,"menu_order":0,"template":"","property_type":[379],"property_status":[352],"property_feature":[537,361,354,350],"property_label":[],"property_country":[353],"property_state":[],"property_city":[315],"property_area":[],"class_list":["post-172618","property","type-property","status-publish","has-post-thumbnail","hentry","property_type-bueroflaechen","property_status-zu-vermieten","property_feature-gewerbliche-nutzung-moeglich","property_feature-klimaanlage","property_feature-personenaufzug","property_feature-raeume-veraenderbar","property_country-deutschland","property_city-mulheim"],"acf":[],"property_meta":{"_immonex_import_folder":["users\/RUHRREAL"],"_immonex_translation_id":["4666\/E3"],"_openimmo_obid":["CF3327B847444CCEA9C1999125EE05FC"],"_is_immonex_import_property":["1"],"_immonex_is_reference":[""],"rank_math_internal_links_processed":["1"],"_immonex_post_status":["updated"],"fave_property_map_address":["45481  M\u00fclheim"],"fave_property_zip":["45481 "],"fave_property_country":["DE"],"_immonex_lat":["51.4044704"],"_immonex_lng":["6.85078361265"],"houzez_geolocation_lat":["51.4044704"],"houzez_geolocation_long":["6.85078361265"],"fave_property_location":["51.4044704,6.85078361265"],"fave_property_price":["10.00"],"fave_property_sec_price":["10.0000"],"fave_property_size":["495"],"fave_property_year":["2001"],"fave_property_id":["4666\/E3"],"_fave_property_id":["4666\/E3"],"_immonex_iso_country":["DEU"],"_openimmo_anid":["0000"],"_immonex_group_number":[""],"_immonex_group_id":[""],"_immonex_group_master":[""],"_immonex_import_meta":["a:6:{s:8:\"zip_file\";s:131:\"\/www\/htdocs\/w0172e0e\/ruhr-real_2024\/wp-content\/uploads\/immonex-openimmo-import\/users\/RUHRREAL\/Immowelt_estatePro_20251201115525.zip\";s:8:\"xml_file\";s:158:\"\/www\/htdocs\/w0172e0e\/ruhr-real_2024\/wp-content\/uploads\/immonex-openimmo-import\/immowelt_estatepro_20251201115525\/Homepage_2024_NEW_estatePro20251201115525.xml\";s:12:\"mapping_file\";s:116:\"\/www\/htdocs\/w0172e0e\/ruhr-real_2024\/wp-content\/uploads\/immonex-openimmo-import\/mappings\/houzez_ruhrreal_18122023.csv\";s:9:\"timestamp\";i:1764586557;s:4:\"date\";s:10:\"2025-12-01\";s:4:\"time\";s:8:\"11:55:57\";}"],"_immonex_is_sold":[""],"_immonex_is_reserved":[""],"_immonex_is_available":["1"],"_immonex_areabutler_url_with_address":[""],"_immonex_areabutler_url_no_address":[""],"_immonex_areabutler_url":[""],"additional_features":["a:17:{i:0;a:2:{s:29:\"fave_additional_feature_title\";s:11:\"Heizungsart\";s:29:\"fave_additional_feature_value\";s:11:\"Fernheizung\";}i:1;a:2:{s:29:\"fave_additional_feature_title\";s:14:\"Nettokaltmiete\";s:29:\"fave_additional_feature_value\";s:11:\"10&nbsp;\u20ac\";}i:2;a:2:{s:29:\"fave_additional_feature_title\";s:9:\"Kaltmiete\";s:29:\"fave_additional_feature_value\";s:11:\"10&nbsp;\u20ac\";}i:3;a:2:{s:29:\"fave_additional_feature_title\";s:33:\"Heizkosten in Warmmiete enthalten\";s:29:\"fave_additional_feature_value\";s:4:\"nein\";}i:4;a:2:{s:29:\"fave_additional_feature_title\";s:32:\"Preise zuz\u00fcglich Mehrwertsteuer\";s:29:\"fave_additional_feature_value\";s:4:\"nein\";}i:5;a:2:{s:29:\"fave_additional_feature_title\";s:23:\"Netto-Kaltmiete pro m\u00b2\";s:29:\"fave_additional_feature_value\";s:11:\"10&nbsp;\u20ac\";}i:6;a:2:{s:29:\"fave_additional_feature_title\";s:16:\"K\u00e4uferprovision\";s:29:\"fave_additional_feature_value\";s:33:\"3-4 Nettomonatsmieten zzgl.\u00a0Ust.\";}i:7;a:2:{s:29:\"fave_additional_feature_title\";s:20:\"Hinweis zur Courtage\";s:29:\"fave_additional_feature_value\";s:436:\"Bei Abschluss eines Mietvertrags \u00fcber die angebotenen Mietfl\u00e4chen mit bis zu einschlie\u00dflich f\u00fcnf Jahren Laufzeit ist eine Provision in H\u00f6he von 3,0 Nettomonatsmieten; bei einer Laufzeit von bis zu einschlie\u00dflich sieben Jahren ist eine Provision von 3,5 Nettomonatsmieten und bei einer Laufzeit von \u00fcber sieben Jahren ist eine Provision von 4,0 Nettomonatsmieten jeweils zzgl. Umsatzsteuer vom Auftraggeber an RUHR REAL zu zahlen.\";}i:8;a:2:{s:29:\"fave_additional_feature_title\";s:10:\"MwSt.-Satz\";s:29:\"fave_additional_feature_value\";s:9:\"19&nbsp;%\";}i:9;a:2:{s:29:\"fave_additional_feature_title\";s:12:\"B\u00fcrofl\u00e4che\";s:29:\"fave_additional_feature_value\";s:12:\"495&nbsp;m\u00b2\";}i:10;a:2:{s:29:\"fave_additional_feature_title\";s:16:\"B\u00fcroteilfl\u00e4che\";s:29:\"fave_additional_feature_value\";s:12:\"495&nbsp;m\u00b2\";}i:11;a:2:{s:29:\"fave_additional_feature_title\";s:10:\"Teilbar ab\";s:29:\"fave_additional_feature_value\";s:12:\"495&nbsp;m\u00b2\";}i:12;a:2:{s:29:\"fave_additional_feature_title\";s:19:\"Art der Ausstattung\";s:29:\"fave_additional_feature_value\";s:7:\"gehoben\";}i:13;a:2:{s:29:\"fave_additional_feature_title\";s:10:\"Bodenbelag\";s:29:\"fave_additional_feature_value\";s:7:\"Teppich\";}i:14;a:2:{s:29:\"fave_additional_feature_title\";s:13:\"Stellplatzart\";s:29:\"fave_additional_feature_value\";s:21:\"Tiefgarage, Freiplatz\";}i:15;a:2:{s:29:\"fave_additional_feature_title\";s:7:\"Zustand\";s:29:\"fave_additional_feature_value\";s:8:\"gepflegt\";}i:16;a:2:{s:29:\"fave_additional_feature_title\";s:27:\"Immobilie ist verf\u00fcgbar ab\";s:29:\"fave_additional_feature_value\";s:17:\"nach Vereinbarung\";}}"],"fave_additional_features_enable":["enable"],"_immonex_custom_fields":["a:1:{s:23:\"Energieausweis-Jahrgang\";a:5:{s:14:\"mapping_source\";s:38:\"zustand_angaben->energiepass->jahrgang\";s:4:\"name\";s:0:\"\";s:5:\"group\";s:5:\"epass\";s:5:\"value\";s:13:\"not available\";s:19:\"value_before_filter\";s:4:\"ohne\";}}"],"_immonex_property_xml_source":["<?xml version=\"1.0\"?>\n<immobilie>\n<objektkategorie>\n<nutzungsart WOHNEN=\"false\" GEWERBE=\"true\"\/>\n<vermarktungsart KAUF=\"false\" MIETE_PACHT=\"true\"\/>\n<objektart>\n<buero_praxen buero_typ=\"BUEROHAUS\"\/>\n<\/objektart>\n<user_defined_simplefield\/>\n<\/objektkategorie>\n<geo>\n<plz>45481 <\/plz>\n<ort>M&#xFC;lheim<\/ort>\n<strasse>K&#xF6;lner Stra&#xDF;e<\/strasse>\n<hausnummer>80-82<\/hausnummer>\n<land iso_land=\"DEU\"\/>\n<lage_im_bau\/>\n<\/geo>\n<kontaktperson>\n<email_zentrale>anfrage@ruhr-real.de<\/email_zentrale>\n<email_direkt>kruse@ruhr-real.de<\/email_direkt>\n<tel_durchw>+49 201 999963-33<\/tel_durchw>\n<tel_fax>+49 201 99 99 63 44<\/tel_fax>\n<tel_handy>+49 162 88 87 076<\/tel_handy>\n<name>Kruse<\/name>\n<vorname>Samuel<\/vorname>\n<anrede>Herr<\/anrede>\n<firma>RUHR REAL GmbH<\/firma>\n<strasse>Holsterhauser Platz<\/strasse>\n<hausnummer>2<\/hausnummer>\n<plz>45147<\/plz>\n<ort>Essen<\/ort>\n<adressfreigabe>true<\/adressfreigabe>\n<\/kontaktperson>\n<preise>\n<nettokaltmiete>10.00<\/nettokaltmiete>\n<kaltmiete>10.00<\/kaltmiete>\n<heizkosten_enthalten>false<\/heizkosten_enthalten>\n<zzg_mehrwertsteuer>false<\/zzg_mehrwertsteuer>\n<preis_zeiteinheit\/>\n<mietpreis_pro_qm>10.0000<\/mietpreis_pro_qm>\n<provisionspflichtig>true<\/provisionspflichtig>\n<aussen_courtage mit_mwst=\"false\">3-4 Nettomonatsmieten zzgl.&#xA0;Ust.<\/aussen_courtage>\n<courtage_hinweis>Bei Abschluss eines Mietvertrags &#xFC;ber die angebotenen Mietfl&#xE4;chen mit bis zu einschlie&#xDF;lich f&#xFC;nf Jahren Laufzeit ist eine Provision in H&#xF6;he von 3,0 Nettomonatsmieten; bei einer Laufzeit von bis zu einschlie&#xDF;lich sieben Jahren ist eine Provision von 3,5 Nettomonatsmieten und bei einer Laufzeit von &#xFC;ber sieben Jahren ist eine Provision von 4,0 Nettomonatsmieten jeweils zzgl. Umsatzsteuer vom Auftraggeber an RUHR REAL zu zahlen.<\/courtage_hinweis><waehrung iso_waehrung=\"EUR\"\/>\n<mwst_satz>19.00<\/mwst_satz>\n<stp_carport\/>\n<stp_duplex\/>\n<stp_freiplatz\/>\n<stp_garage\/>\n<stp_parkhaus\/>\n<stp_tiefgarage\/>\n<\/preise>\n<bieterverfahren\/>\n<versteigerung\/>\n<flaechen>\n<bueroflaeche>495<\/bueroflaeche>\n<bueroteilflaeche>495<\/bueroteilflaeche>\n<teilbar_ab>495<\/teilbar_ab>\n<anzahl_stellplaetze type=\"xsd:decimal\">44<\/anzahl_stellplaetze>\n<\/flaechen>\n<ausstattung>\n<ausstatt_kategorie>GEHOBEN<\/ausstatt_kategorie>\n<raeume_veraenderbar>true<\/raeume_veraenderbar>\n<bad\/>\n<kueche\/>\n<boden TEPPICH=\"true\"\/>\n<heizungsart FERN=\"true\"\/>\n<befeuerung\/>\n<klimatisiert>true<\/klimatisiert>\n<fahrstuhl PERSONEN=\"true\"\/>\n<stellplatzart FREIPLATZ=\"true\"\/>\n<stellplatzart TIEFGARAGE=\"true\"\/>\n<ausricht_balkon_terrasse\/>\n<angeschl_gastronomie\/>\n<sicherheitstechnik\/>\n<\/ausstattung>\n<zustand_angaben>\n<baujahr>2001<\/baujahr>\n<zustand zustand_art=\"GEPFLEGT\"\/>\n<energiepass>\n<jahrgang>ohne<\/jahrgang>\n<\/energiepass>\n<\/zustand_angaben>\n<bewertung\/>\n<infrastruktur\/>\n<freitexte>\n<objekttitel>Ihr neues B&#xFC;ro in M&#xFC;lheim! 495 m&#xB2; mit moderner Ausstattung | Stellpl&#xE4;tze vorhanden<\/objekttitel>\n<lage>Die Liegenschaft befindet sich im begehrten M&#xFC;lheimer Stadtteil Saarn und &#xFC;berzeugt durch ihre prominente Lage an der hochfrequentierten K&#xF6;lner Stra&#xDF;e, einer zentralen Verbindungsachse zum Stadtzentrum. Die hervorragende Verkehrsanbindung mit kurzer Distanz zur Autobahn, zum &#xD6;PNV und zum Hauptbahnhof gew&#xE4;hrleistet eine optimale Erreichbarkeit und hohe Sichtbarkeit.<\/lage>\n<ausstatt_beschr>&#x2022; Sonnenschutz: Raffstoren, elektrisch\n&#x2022; Aufzug: Personenaufzug \n&#x2022; Kantine: voll ausgestattet\n&#x2022; Klimatisierung: Klima-Split-Ger&#xE4;te\n&#x2022; Bodenbelag: Teppichboden\n&#x2022; Verkabelung: CAT-6\n&#x2022; Verkabelungsort: Bodentanks\n&#x2022; Beleuchtung: Rasterleuchten\n\n Die Ausstattung kann bei Bedarf angepasst werden!<\/ausstatt_beschr>\n<objektbeschreibung>Die Gewerbeimmobilie an der K&#xF6;lner Stra&#xDF;e 80&#x2013;82 in M&#xFC;lheim-Saarn bietet moderne B&#xFC;rofl&#xE4;chen in verkehrsg&#xFC;nstiger Lage mit sehr guter Anbindung an den &#xD6;PNV und den Individualverkehr. Das gepflegte Geb&#xE4;ude liegt in einem attraktiven Umfeld mit vielf&#xE4;ltigen Versorgungs- und Dienstleistungsangeboten.\n\nAu&#xDF;en- und Tiefgaragenstellpl&#xE4;tze stehen zur Verf&#xFC;gung. Das Objekt eignet sich ideal f&#xFC;r Unternehmen, die eine repr&#xE4;sentative Adresse mit flexiblen Nutzungsm&#xF6;glichkeiten und moderner Infrastruktur suchen.\n\nDerzeit stehen folgende Fl&#xE4;chen zur Disposition:\n\nEG: ca. 872 m&#xB2;\n2. OG: ca. 495 m&#xB2;\n3. OG: ca. 496 m&#xB2;<\/objektbeschreibung>\n<sonstige_angaben>Es gelten ausschlie&#xDF;lich unsere AGB (www.ruhr-real.de\/agb). Wir m&#xF6;chten Sie darauf hinweisen, dass die Angaben ausschlie&#xDF;lich auf den uns vom Eigent&#xFC;mer &#xFC;bermittelten Unterlagen und Informationen basieren. F&#xFC;r Richtigkeit und Vollst&#xE4;ndigkeit &#xFC;bernehmen wir keine Gew&#xE4;hr. Zwischenvermietung vorbehalten.<\/sonstige_angaben>\n<\/freitexte>\n<anhaenge>\n<anhang location=\"EXTERN\" gruppe=\"TITELBILD\">\n<anhangtitel>Geb&#xE4;udeansicht<\/anhangtitel>\n<format>jpg<\/format>\n<daten>\n<pfad>07e6f677072c4c558e49e391d61873a4.jpg<\/pfad>\n<\/daten>\n<\/anhang>\n<anhang location=\"EXTERN\" gruppe=\"BILD\">\n<anhangtitel>Geb&#xE4;udeansicht<\/anhangtitel>\n<format>jpg<\/format>\n<daten>\n<pfad>40f5b3c769f54563a5cbd70f575bb4f8.jpg<\/pfad>\n<\/daten>\n<\/anhang>\n<anhang location=\"EXTERN\" gruppe=\"BILD\">\n<anhangtitel>Einbauschr&#xE4;nke<\/anhangtitel>\n<format>jpg<\/format>\n<daten>\n<pfad>c90a65672b7c48489d92ad607a8b0366.jpg<\/pfad>\n<\/daten>\n<\/anhang>\n<anhang location=\"EXTERN\" gruppe=\"BILD\">\n<anhangtitel>Fl&#xE4;che<\/anhangtitel>\n<format>jpg<\/format>\n<daten>\n<pfad>4c611ba8bb84488a885f05c5bf0d8889.jpg<\/pfad>\n<\/daten>\n<\/anhang>\n<anhang location=\"EXTERN\" gruppe=\"BILD\">\n<anhangtitel>Glaselemente<\/anhangtitel>\n<format>jpg<\/format>\n<daten>\n<pfad>b675823c4a2b4247bec778401a3c3257.jpg<\/pfad>\n<\/daten>\n<\/anhang>\n<anhang location=\"EXTERN\" gruppe=\"BILD\">\n<anhangtitel>Teek&#xFC;che<\/anhangtitel>\n<format>jpg<\/format>\n<daten>\n<pfad>8be25be175cf4890b70f817db9b448df.jpg<\/pfad>\n<\/daten>\n<\/anhang>\n<anhang location=\"EXTERN\" gruppe=\"BILD\">\n<anhangtitel>B&#xFC;rofl&#xE4;che<\/anhangtitel>\n<format>jpg<\/format><daten>\n<pfad>3151b17a067740769f4d12cf614e9b10.jpg<\/pfad>\n<\/daten>\n<\/anhang>\n<anhang location=\"EXTERN\" gruppe=\"BILD\">\n<anhangtitel>Geb&#xE4;udeansicht<\/anhangtitel>\n<format>jpg<\/format>\n<daten>\n<pfad>ffde741967db49ce8470fe63a82ed164.jpg<\/pfad>\n<\/daten>\n<\/anhang>\n<\/anhaenge>\n<verwaltung_objekt>\n<objektadresse_freigeben>false<\/objektadresse_freigeben>\n<verfuegbar_ab>nach Vereinbarung<\/verfuegbar_ab>\n<geschlecht\/>\n<gewerbliche_nutzung>true<\/gewerbliche_nutzung>\n<\/verwaltung_objekt>\n<verwaltung_techn>\n<objektnr_intern>CF3327B847444CCEA9C1999125EE05FC<\/objektnr_intern>\n<objektnr_extern>4666\/E3<\/objektnr_extern>\n<aktion aktionart=\"CHANGE\"\/>\n<openimmo_obid>CF3327B847444CCEA9C1999125EE05FC<\/openimmo_obid>\n<kennung_ursprung>estatePro V10.0.0.8<\/kennung_ursprung>\n<stand_vom>2025-12-01<\/stand_vom>\n<\/verwaltung_techn>\n<user_defined_simplefield feldname=\"Startseite\">Nein<\/user_defined_simplefield>\n<\/immobilie>\n"],"_immonex_energy_class":[""],"_immonex_energy_class_id":["0"],"_thumbnail_id":["173891"],"fave_property_images":["173891","173892","173893","173894","173895","173896","173897","173898"],"fave_floor_plans_enable":["disable"],"fave_prop_homeslider":["yes"],"fave_prop_slider_image":["173891"],"fave_agents":["152858"],"fave_agent_display_option":["agent_info"],"fave_single_top_area":["global"],"fave_single_content_area":["global"],"fave_property_map":["1"],"fave_property_map_street_view":["hide"],"fave_property_size_prefix":["m\u00b2"],"fave_property_land_postfix":["m\u00b2"],"fave_featured":["0"],"houzez_featured_listing_date":[""],"fave_property_price_postfix":["pro&nbsp;m\u00b2"],"fave_currency":["EUR"],"fave_currency_info":["a:8:{s:2:\"id\";s:1:\"1\";s:13:\"currency_name\";s:4:\"Euro\";s:13:\"currency_code\";s:3:\"EUR\";s:15:\"currency_symbol\";s:3:\"\u20ac\";s:17:\"currency_position\";s:5:\"after\";s:16:\"currency_decimal\";s:1:\"2\";s:26:\"currency_decimal_separator\";s:1:\",\";s:27:\"currency_thousand_separator\";s:1:\".\";}"],"houzez_total_property_views":["753"],"houzez_views_by_date":["a:61:{s:10:\"02-27-2026\";i:4;s:10:\"02-28-2026\";i:4;s:10:\"03-01-2026\";i:4;s:10:\"03-02-2026\";i:4;s:10:\"03-03-2026\";i:4;s:10:\"03-04-2026\";i:6;s:10:\"03-05-2026\";i:4;s:10:\"03-06-2026\";i:4;s:10:\"03-07-2026\";i:4;s:10:\"03-08-2026\";i:4;s:10:\"03-09-2026\";i:4;s:10:\"03-10-2026\";i:4;s:10:\"03-11-2026\";i:6;s:10:\"03-12-2026\";i:6;s:10:\"03-13-2026\";i:4;s:10:\"03-14-2026\";i:4;s:10:\"03-15-2026\";i:4;s:10:\"03-16-2026\";i:2;s:10:\"03-17-2026\";i:12;s:10:\"03-18-2026\";i:6;s:10:\"03-19-2026\";i:4;s:10:\"03-20-2026\";i:6;s:10:\"03-21-2026\";i:4;s:10:\"03-22-2026\";i:4;s:10:\"03-23-2026\";i:4;s:10:\"03-24-2026\";i:4;s:10:\"03-25-2026\";i:4;s:10:\"03-26-2026\";i:6;s:10:\"03-27-2026\";i:4;s:10:\"03-28-2026\";i:4;s:10:\"03-29-2026\";i:4;s:10:\"03-30-2026\";i:6;s:10:\"03-31-2026\";i:4;s:10:\"04-01-2026\";i:9;s:10:\"04-02-2026\";i:9;s:10:\"04-03-2026\";i:8;s:10:\"04-04-2026\";i:8;s:10:\"04-05-2026\";i:8;s:10:\"04-06-2026\";i:8;s:10:\"04-07-2026\";i:12;s:10:\"04-08-2026\";i:6;s:10:\"04-09-2026\";i:10;s:10:\"04-10-2026\";i:8;s:10:\"04-11-2026\";i:8;s:10:\"04-12-2026\";i:8;s:10:\"04-13-2026\";i:8;s:10:\"04-14-2026\";i:8;s:10:\"04-15-2026\";i:8;s:10:\"04-16-2026\";i:10;s:10:\"04-17-2026\";i:6;s:10:\"04-18-2026\";i:10;s:10:\"04-19-2026\";i:8;s:10:\"04-20-2026\";i:8;s:10:\"04-21-2026\";i:8;s:10:\"04-22-2026\";i:8;s:10:\"04-23-2026\";i:10;s:10:\"04-24-2026\";i:10;s:10:\"04-25-2026\";i:8;s:10:\"04-26-2026\";i:8;s:10:\"04-27-2026\";i:8;s:10:\"04-28-2026\";i:4;}"],"houzez_recently_viewed":["2026-04-28 09:29:28"],"tp_widgets":["a:2:{s:7:\"widgets\";a:0:{}s:9:\"update_at\";s:10:\"1764682733\";}"],"_elementor_page_assets":["a:0:{}"]},"_links":{"self":[{"href":"https:\/\/ruhr-real.de\/en\/wp-json\/wp\/v2\/properties\/172618","targetHints":{"allow":["GET"]}}],"collection":[{"href":"https:\/\/ruhr-real.de\/en\/wp-json\/wp\/v2\/properties"}],"about":[{"href":"https:\/\/ruhr-real.de\/en\/wp-json\/wp\/v2\/types\/property"}],"author":[{"embeddable":true,"href":"https:\/\/ruhr-real.de\/en\/wp-json\/wp\/v2\/users\/1"}],"version-history":[{"count":0,"href":"https:\/\/ruhr-real.de\/en\/wp-json\/wp\/v2\/properties\/172618\/revisions"}],"wp:featuredmedia":[{"embeddable":true,"href":"https:\/\/ruhr-real.de\/en\/wp-json\/wp\/v2\/media\/173891"}],"wp:attachment":[{"href":"https:\/\/ruhr-real.de\/en\/wp-json\/wp\/v2\/media?parent=172618"}],"wp:term":[{"taxonomy":"property_type","embeddable":true,"href":"https:\/\/ruhr-real.de\/en\/wp-json\/wp\/v2\/property_type?post=172618"},{"taxonomy":"property_status","embeddable":true,"href":"https:\/\/ruhr-real.de\/en\/wp-json\/wp\/v2\/property_status?post=172618"},{"taxonomy":"property_feature","embeddable":true,"href":"https:\/\/ruhr-real.de\/en\/wp-json\/wp\/v2\/property_feature?post=172618"},{"taxonomy":"property_label","embeddable":true,"href":"https:\/\/ruhr-real.de\/en\/wp-json\/wp\/v2\/property_label?post=172618"},{"taxonomy":"property_country","embeddable":true,"href":"https:\/\/ruhr-real.de\/en\/wp-json\/wp\/v2\/property_country?post=172618"},{"taxonomy":"property_state","embeddable":true,"href":"https:\/\/ruhr-real.de\/en\/wp-json\/wp\/v2\/property_state?post=172618"},{"taxonomy":"property_city","embeddable":true,"href":"https:\/\/ruhr-real.de\/en\/wp-json\/wp\/v2\/property_city?post=172618"},{"taxonomy":"property_area","embeddable":true,"href":"https:\/\/ruhr-real.de\/en\/wp-json\/wp\/v2\/property_area?post=172618"}],"curies":[{"name":"wp","href":"https:\/\/api.w.org\/{rel}","templated":true}]}}