{"id":173073,"date":"2025-11-13T00:01:47","date_gmt":"2025-11-12T23:01:47","guid":{"rendered":"https:\/\/ruhr-real.de\/objekt\/funktionale-bueroflaeche-buero-schulung-moeglich-gewerbepark\/"},"modified":"2025-11-13T00:01:47","modified_gmt":"2025-11-12T23:01:47","slug":"funktionale-bueroflaeche-buero-schulung-moeglich-gewerbepark","status":"publish","type":"property","link":"https:\/\/ruhr-real.de\/en\/objekt\/funktionale-bueroflaeche-buero-schulung-moeglich-gewerbepark\/","title":{"rendered":"Funktionale B\u00fcrofl\u00e4che | B\u00fcro &amp; Schulung m\u00f6glich | Gewerbepark"},"content":{"rendered":"<p>Im 3. Obergeschoss S\u00fcd steht eine Fl\u00e4che von ca. 309,00 m\u00b2 zur Neuvermietung bereit, die sich ideal als B\u00fcro- und\/oder Schulungsfl\u00e4che eignet. Die moderne Einheit umfasst Einzel- und Gro\u00dfraumb\u00fcros mit viel Tageslicht, ist klimatisiert und mit Alulamellen ausgestattet. Zudem stehen getrennte Sanit\u00e4ranlagen f\u00fcr Damen und Herren sowie ein Serverraum zur gemeinschaftlichen Nutzung mit den weiteren Mietparteien im 3. Obergeschoss zur Verf\u00fcgung. Der Empfang im Eingangsbereich ist werktags von 07:00 bis 18:00 Uhr besetzt, und die Etagen sind \u00fcber zwei Treppenh\u00e4user und zwei Aufz\u00fcge barrierefrei zug\u00e4nglich. Im Objekt befindet sich eine \u00f6ffentliche Kantine mit Mittagstisch sowie Fr\u00fchst\u00fccks- und Nachmittagsangeboten; auf Wunsch k\u00f6nnen individuelle Anforderungen ber\u00fccksichtigt werden, etwa die t\u00e4gliche Verpflegung der Mitarbeiter oder die Versorgung bei Meetings.<\/p>\n<p>Die Liegenschaft befindet sich im Gewerbegebiet Feldkassel im Norden K\u00f6lns, unweit der Ford-Werke. Diesie ist hervorragend an den Individualverkehr angebunden: Die Autobahnen A1, A3 und A57 sind in wenigen Fahrminuten erreichbar. Auch der \u00f6ffentliche Nahverkehr ist gut erschlossen. Die Buslinie 121 der K\u00f6lner Verkehrsbetriebe verbindet das Objekt in s\u00fcdlicher Richtung mit der Endhaltestelle Merkenich der Stra\u00dfenbahnlinie 12 und in westlicher Richtung mit dem S-Bahnhof K\u00f6ln-Chorweiler. Eine Bushaltestelle liegt nur etwa 200 Meter vom Objekt entfernt.<\/p>\n<p>Bedeutende Unternehmen in der B\u00fcromarktzone: Ford, Bosch, PZ Engeneering, ESG<\/p>\n<p>Hotels in der Umgebung: Hotel Rheinischer Hof, Kristallhotel FETTEHENNE, Hotel Fortune<\/p>\n<p>\u2022 Kantine im Objekt (Fr\u00fchst\u00fcck, Mittag, Nachmittagsangebot)<br \/>\n\u2022 gemeinschaftlicher Empfang von 07:00-18:00 Uhr<br \/>\n\u2022 viel Tageslicht<br \/>\n\u2022 getrennte Sanit\u00e4ranlagen<br \/>\n\u2022 Serverraum (gemeinschaftlich)<br \/>\n\u2022 Einzel- &amp; Gro\u00dfraumb\u00fcros<\/p>\n<p>Es gelten ausschlie\u00dflich unsere AGB (www.ruhr-real.de\/agb). Wir m\u00f6chten Sie darauf hinweisen, dass die Angaben ausschlie\u00dflich auf den uns vom Eigent\u00fcmer \u00fcbermittelten Unterlagen und Informationen basieren. F\u00fcr Richtigkeit und Vollst\u00e4ndigkeit \u00fcbernehmen wir keine Gew\u00e4hr. Zwischenvermietung vorbehalten.<br \/>\n<div class=\"widget widget_immonex_user_defined_properties_widget\"><div class=\"immonex-widget immonex-widget-houzez\">\n\t\t<div class=\"immonex-widget-title clearfix\">\n\t\t<h2 class=\"widgettitle\">Energieeffizienz<\/h2>\t<\/div>\n\t\t<ul class=\"immonex-property-details row list-lined list-unstyled\">\n\t\t\t\t<li>\n\t\t\t<div class=\"list-lined-item w-100 d-flex justify-content-between py-2\">\n\t\t\t\t\t\t\t\t<strong class=\"property-details-label\">Energieausweis-Art:<\/strong>&nbsp;<span class=\"property-details-value\">Consumption<\/span>\n\t\t\t\t\t\t\t<\/div>\n\t\t<\/li>\n\t\t\t\t<li>\n\t\t\t<div class=\"list-lined-item w-100 d-flex justify-content-between py-2\">\n\t\t\t\t\t\t\t\t<strong class=\"property-details-label\">Heizenergieverbrauchskennwert:<\/strong>&nbsp;<span class=\"property-details-value\">97,4&nbsp;kWh\/(m\u00b2*a)<\/span>\n\t\t\t\t\t\t\t<\/div>\n\t\t<\/li>\n\t\t\t\t<li>\n\t\t\t<div class=\"list-lined-item w-100 d-flex justify-content-between py-2\">\n\t\t\t\t\t\t\t\t<strong class=\"property-details-label\">Baujahr (Energieausweis):<\/strong>&nbsp;<span class=\"property-details-value\">2001<\/span>\n\t\t\t\t\t\t\t<\/div>\n\t\t<\/li>\n\t\t\t\t<li>\n\t\t\t<div class=\"list-lined-item w-100 d-flex justify-content-between py-2\">\n\t\t\t\t\t\t\t\t<strong class=\"property-details-label\">Energieausweis-Jahrgang:<\/strong>&nbsp;<span class=\"property-details-value\">as from may 2014<\/span>\n\t\t\t\t\t\t\t<\/div>\n\t\t<\/li>\n\t\t\t<\/ul>\n<\/div><\/div><\/p>\n","protected":false},"excerpt":{"rendered":"<p>Im 3. Obergeschoss S\u00fcd steht eine Fl\u00e4che von ca. 309,00 m\u00b2 zur Neuvermietung bereit, die sich ideal als B\u00fcro-&#8230;<\/p>\n","protected":false},"author":1,"featured_media":173074,"parent":0,"menu_order":0,"template":"","property_type":[379],"property_status":[352],"property_feature":[354],"property_label":[],"property_country":[353],"property_state":[],"property_city":[336],"property_area":[],"class_list":["post-173073","property","type-property","status-publish","has-post-thumbnail","hentry","property_type-bueroflaechen","property_status-zu-vermieten","property_feature-personenaufzug","property_country-deutschland","property_city-koln"],"acf":[],"property_meta":{"rank_math_internal_links_processed":["1"],"_immonex_post_status":["new"],"_immonex_import_folder":["users\/RUHRREAL"],"fave_property_map_address":["50769 K\u00f6ln"],"fave_property_zip":["50769"],"fave_property_country":["DE"],"_immonex_lat":["51.053166"],"_immonex_lng":["6.8470763"],"houzez_geolocation_lat":["51.053166"],"houzez_geolocation_long":["6.8470763"],"fave_property_location":["51.053166,6.8470763"],"fave_property_size":["309"],"fave_property_year":["2001"],"fave_property_id":["4096\/E2"],"_fave_property_id":["4096\/E2"],"_immonex_translation_id":["4096\/E2"],"_immonex_iso_country":["DEU"],"_openimmo_obid":["22A305DD32C143EFA2BB92DA0D7C68AE"],"_openimmo_anid":["0000"],"_immonex_group_number":[""],"_immonex_group_id":[""],"_immonex_group_master":[""],"_immonex_import_meta":["a:6:{s:8:\"zip_file\";s:131:\"\/www\/htdocs\/w0172e0e\/ruhr-real_2024\/wp-content\/uploads\/immonex-openimmo-import\/users\/RUHRREAL\/Immowelt_estatePro_20251113111426.zip\";s:8:\"xml_file\";s:158:\"\/www\/htdocs\/w0172e0e\/ruhr-real_2024\/wp-content\/uploads\/immonex-openimmo-import\/immowelt_estatepro_20251113111426\/Homepage_2024_NEW_estatePro20251113111426.xml\";s:12:\"mapping_file\";s:116:\"\/www\/htdocs\/w0172e0e\/ruhr-real_2024\/wp-content\/uploads\/immonex-openimmo-import\/mappings\/houzez_ruhrreal_18122023.csv\";s:9:\"timestamp\";i:1763029007;s:4:\"date\";s:10:\"2025-11-13\";s:4:\"time\";s:8:\"11:16:47\";}"],"_is_immonex_import_property":["1"],"_immonex_is_reference":[""],"_immonex_is_sold":[""],"_immonex_is_reserved":[""],"_immonex_is_available":["1"],"_immonex_areabutler_url_with_address":[""],"_immonex_areabutler_url_no_address":[""],"_immonex_areabutler_url":[""],"additional_features":["a:13:{i:0;a:2:{s:29:\"fave_additional_feature_title\";s:33:\"Heizkosten in Warmmiete enthalten\";s:29:\"fave_additional_feature_value\";s:4:\"nein\";}i:1;a:2:{s:29:\"fave_additional_feature_title\";s:32:\"Preise zuz\u00fcglich Mehrwertsteuer\";s:29:\"fave_additional_feature_value\";s:4:\"nein\";}i:2;a:2:{s:29:\"fave_additional_feature_title\";s:16:\"K\u00e4uferprovision\";s:29:\"fave_additional_feature_value\";s:21:\"3-4 Nettomonatsmieten\";}i:3;a:2:{s:29:\"fave_additional_feature_title\";s:20:\"Hinweis zur Courtage\";s:29:\"fave_additional_feature_value\";s:233:\"Bei Vertr\u00e4gen bis zu f\u00fcnf Jahren Laufzeit ist ein Honorar von 3 Nettomonatsmieten vom Mieter an RUHR REAL zahlbar; bei Laufzeiten bis zu zehn Jahren werden 4 Nettomonatsmieten f\u00e4llig. Hinzu kommt die jeweils g\u00fcltige Umsatzsteuer.\";}i:4;a:2:{s:29:\"fave_additional_feature_title\";s:10:\"MwSt.-Satz\";s:29:\"fave_additional_feature_value\";s:9:\"19&nbsp;%\";}i:5;a:2:{s:29:\"fave_additional_feature_title\";s:12:\"B\u00fcrofl\u00e4che\";s:29:\"fave_additional_feature_value\";s:12:\"309&nbsp;m\u00b2\";}i:6;a:2:{s:29:\"fave_additional_feature_title\";s:16:\"B\u00fcroteilfl\u00e4che\";s:29:\"fave_additional_feature_value\";s:12:\"309&nbsp;m\u00b2\";}i:7;a:2:{s:29:\"fave_additional_feature_title\";s:10:\"Teilbar ab\";s:29:\"fave_additional_feature_value\";s:12:\"309&nbsp;m\u00b2\";}i:8;a:2:{s:29:\"fave_additional_feature_title\";s:19:\"Art der Ausstattung\";s:29:\"fave_additional_feature_value\";s:8:\"Standard\";}i:9;a:2:{s:29:\"fave_additional_feature_title\";s:10:\"Bodenbelag\";s:29:\"fave_additional_feature_value\";s:19:\"Teppich, Kunststoff\";}i:10;a:2:{s:29:\"fave_additional_feature_title\";s:6:\"K\u00fcche\";s:29:\"fave_additional_feature_value\";s:13:\"Pantry-K\u00fcche\";}i:11;a:2:{s:29:\"fave_additional_feature_title\";s:7:\"Zustand\";s:29:\"fave_additional_feature_value\";s:8:\"gepflegt\";}i:12;a:2:{s:29:\"fave_additional_feature_title\";s:27:\"Immobilie ist verf\u00fcgbar ab\";s:29:\"fave_additional_feature_value\";s:17:\"nach Vereinbarung\";}}"],"fave_additional_features_enable":["enable"],"_immonex_custom_fields":["a:4:{s:18:\"Energieausweis-Art\";a:5:{s:14:\"mapping_source\";s:35:\"zustand_angaben->energiepass->epart\";s:4:\"name\";s:0:\"\";s:5:\"group\";s:5:\"epass\";s:5:\"value\";s:11:\"Consumption\";s:19:\"value_before_filter\";s:9:\"VERBRAUCH\";}s:29:\"Heizenergieverbrauchskennwert\";a:5:{s:14:\"mapping_source\";s:40:\"zustand_angaben->energiepass->waermewert\";s:4:\"name\";s:0:\"\";s:5:\"group\";s:5:\"epass\";s:5:\"value\";s:21:\"97,4&nbsp;kWh\/(m\u00b2*a)\";s:19:\"value_before_filter\";s:4:\"97,4\";}s:24:\"Baujahr (Energieausweis)\";a:5:{s:14:\"mapping_source\";s:37:\"zustand_angaben->energiepass->baujahr\";s:4:\"name\";s:0:\"\";s:5:\"group\";s:5:\"epass\";s:5:\"value\";s:4:\"2001\";s:19:\"value_before_filter\";s:4:\"2001\";}s:23:\"Energieausweis-Jahrgang\";a:5:{s:14:\"mapping_source\";s:38:\"zustand_angaben->energiepass->jahrgang\";s:4:\"name\";s:0:\"\";s:5:\"group\";s:5:\"epass\";s:5:\"value\";s:16:\"as from may 2014\";s:19:\"value_before_filter\";s:4:\"2014\";}}"],"_immonex_property_xml_source":["<?xml version=\"1.0\"?>\n<immobilie>\n<objektkategorie>\n<nutzungsart WOHNEN=\"false\" GEWERBE=\"true\"\/>\n<vermarktungsart KAUF=\"false\" MIETE_PACHT=\"true\"\/>\n<objektart>\n<buero_praxen buero_typ=\"BUEROHAUS\"\/>\n<\/objektart>\n<user_defined_simplefield\/>\n<\/objektkategorie>\n<geo>\n<plz>50769<\/plz>\n<ort>K&#xF6;ln<\/ort>\n<strasse>Oskar-Schindler-Stra&#xDF;e<\/strasse>\n<hausnummer>9<\/hausnummer>\n<land iso_land=\"DEU\"\/>\n<lage_im_bau\/>\n<\/geo>\n<kontaktperson>\n<email_zentrale>anfrage@ruhr-real.de<\/email_zentrale>\n<email_direkt>lendzian@ruhr-real.de<\/email_direkt>\n<tel_durchw>+49 221 273 229 22<\/tel_durchw>\n<tel_handy>+49 162 1531000<\/tel_handy>\n<name>Lendzian<\/name>\n<vorname>Niklas<\/vorname>\n<anrede>Herr<\/anrede>\n<firma>RUHR REAL GmbH<\/firma>\n<strasse>Holsterhauser Platz<\/strasse>\n<hausnummer>2<\/hausnummer>\n<plz>45147<\/plz>\n<ort>Essen<\/ort>\n<adressfreigabe>true<\/adressfreigabe>\n<\/kontaktperson>\n<preise>\n<heizkosten_enthalten>false<\/heizkosten_enthalten>\n<zzg_mehrwertsteuer>false<\/zzg_mehrwertsteuer>\n<preis_zeiteinheit\/>\n<provisionspflichtig>true<\/provisionspflichtig>\n<aussen_courtage mit_mwst=\"false\">3-4 Nettomonatsmieten<\/aussen_courtage>\n<courtage_hinweis>Bei Vertr&#xE4;gen bis zu f&#xFC;nf Jahren Laufzeit ist ein Honorar von 3 Nettomonatsmieten vom Mieter an RUHR REAL zahlbar; bei Laufzeiten bis zu zehn Jahren werden 4 Nettomonatsmieten f&#xE4;llig. Hinzu kommt die jeweils g&#xFC;ltige Umsatzsteuer.<\/courtage_hinweis>\n<waehrung iso_waehrung=\"EUR\"\/>\n<mwst_satz>19.00<\/mwst_satz>\n<stp_carport\/>\n<stp_duplex\/>\n<stp_freiplatz\/>\n<stp_garage\/>\n<stp_parkhaus\/>\n<stp_tiefgarage\/>\n<\/preise>\n<bieterverfahren\/>\n<versteigerung\/>\n<flaechen>\n<bueroflaeche>309<\/bueroflaeche>\n<bueroteilflaeche>309<\/bueroteilflaeche>\n<teilbar_ab>309<\/teilbar_ab>\n<anzahl_stellplaetze type=\"xsd:decimal\">1<\/anzahl_stellplaetze>\n<\/flaechen>\n<ausstattung>\n<ausstatt_kategorie>STANDARD<\/ausstatt_kategorie>\n<bad\/>\n<kueche PANTRY=\"true\"\/>\n<boden TEPPICH=\"true\" KUNSTSTOFF=\"true\"\/>\n<heizungsart\/>\n<befeuerung\/>\n<fahrstuhl PERSONEN=\"true\"\/>\n<ausricht_balkon_terrasse\/>\n<angeschl_gastronomie\/>\n<sicherheitstechnik\/>\n<\/ausstattung>\n<zustand_angaben>\n<baujahr>2001<\/baujahr>\n<zustand zustand_art=\"GEPFLEGT\"\/>\n<energiepass>\n<epart>VERBRAUCH<\/epart>\n<waermewert>97,4<\/waermewert>\n<baujahr>2001<\/baujahr>\n<jahrgang>2014<\/jahrgang>\n<\/energiepass>\n<\/zustand_angaben>\n<bewertung\/>\n<infrastruktur\/>\n<freitexte>\n<objekttitel>Funktionale B&#xFC;rofl&#xE4;che | B&#xFC;ro &amp; Schulung m&#xF6;glich | Gewerbepark<\/objekttitel>\n<lage>Die Liegenschaft befindet sich im Gewerbegebiet Feldkassel im Norden K&#xF6;lns, unweit der Ford-Werke. Diesie ist hervorragend an den Individualverkehr angebunden: Die Autobahnen A1, A3 und A57 sind in wenigen Fahrminuten erreichbar. Auch der &#xF6;ffentliche Nahverkehr ist gut erschlossen. Die Buslinie 121 der K&#xF6;lner Verkehrsbetriebe verbindet das Objekt in s&#xFC;dlicher Richtung mit der Endhaltestelle Merkenich der Stra&#xDF;enbahnlinie 12 und in westlicher Richtung mit dem S-Bahnhof K&#xF6;ln-Chorweiler. Eine Bushaltestelle liegt nur etwa 200 Meter vom Objekt entfernt.\n\nBedeutende Unternehmen in der B&#xFC;romarktzone: Ford, Bosch, PZ Engeneering, ESG\n\nHotels in der Umgebung: Hotel Rheinischer Hof, Kristallhotel FETTEHENNE, Hotel Fortune<\/lage>\n<ausstatt_beschr>&#x2022; Kantine im Objekt (Fr&#xFC;hst&#xFC;ck, Mittag, Nachmittagsangebot)\n&#x2022; gemeinschaftlicher Empfang von 07:00-18:00 Uhr\n&#x2022; viel Tageslicht\n&#x2022; getrennte Sanit&#xE4;ranlagen\n&#x2022; Serverraum (gemeinschaftlich)\n&#x2022; Einzel- &amp; Gro&#xDF;raumb&#xFC;ros<\/ausstatt_beschr>\n<objektbeschreibung>Im 3. Obergeschoss S&#xFC;d steht eine Fl&#xE4;che von ca. 309,00 m&#xB2; zur Neuvermietung bereit, die sich ideal als B&#xFC;ro- und\/oder Schulungsfl&#xE4;che eignet. Die moderne Einheit umfasst Einzel- und Gro&#xDF;raumb&#xFC;ros mit viel Tageslicht, ist klimatisiert und mit Alulamellen ausgestattet. Zudem stehen getrennte Sanit&#xE4;ranlagen f&#xFC;r Damen und Herren sowie ein Serverraum zur gemeinschaftlichen Nutzung mit den weiteren Mietparteien im 3. Obergeschoss zur Verf&#xFC;gung. Der Empfang im Eingangsbereich ist werktags von 07:00 bis 18:00 Uhr besetzt, und die Etagen sind &#xFC;ber zwei Treppenh&#xE4;user und zwei Aufz&#xFC;ge barrierefrei zug&#xE4;nglich. Im Objekt befindet sich eine &#xF6;ffentliche Kantine mit Mittagstisch sowie Fr&#xFC;hst&#xFC;cks- und Nachmittagsangeboten; auf Wunsch k&#xF6;nnen individuelle Anforderungen ber&#xFC;cksichtigt werden, etwa die t&#xE4;gliche Verpflegung der Mitarbeiter oder die Versorgung bei Meetings.<\/objektbeschreibung><sonstige_angaben>Es gelten ausschlie&#xDF;lich unsere AGB (www.ruhr-real.de\/agb). Wir m&#xF6;chten Sie darauf hinweisen, dass die Angaben ausschlie&#xDF;lich auf den uns vom Eigent&#xFC;mer &#xFC;bermittelten Unterlagen und Informationen basieren. F&#xFC;r Richtigkeit und Vollst&#xE4;ndigkeit &#xFC;bernehmen wir keine Gew&#xE4;hr. Zwischenvermietung vorbehalten.<\/sonstige_angaben>\n<\/freitexte>\n<anhaenge>\n<anhang location=\"EXTERN\" gruppe=\"TITELBILD\">\n<anhangtitel>Au&#xDF;en<\/anhangtitel>\n<format>PNG<\/format>\n<daten>\n<pfad>c775d6d3506d4e97a56b5155a32065e6.PNG<\/pfad>\n<\/daten>\n<\/anhang>\n<anhang location=\"EXTERN\" gruppe=\"BILD\">\n<anhangtitel>Au&#xDF;en<\/anhangtitel>\n<format>PNG<\/format>\n<daten>\n<pfad>702a90eae06542de849efd88a3b91fca.PNG<\/pfad>\n<\/daten>\n<\/anhang>\n<anhang location=\"EXTERN\" gruppe=\"BILD\">\n<anhangtitel>Au&#xDF;en<\/anhangtitel>\n<format>PNG<\/format>\n<daten>\n<pfad>ca8afafdafc342abb77105f10bc6966c.PNG<\/pfad>\n<\/daten>\n<\/anhang>\n<anhang location=\"EXTERN\" gruppe=\"BILD\">\n<anhangtitel>Foyer<\/anhangtitel>\n<format>PNG<\/format>\n<daten>\n<pfad>e05fd79496724a65ad288482498c427e.PNG<\/pfad>\n<\/daten>\n<\/anhang>\n<anhang location=\"EXTERN\" gruppe=\"BILD\">\n<anhangtitel>B&#xFC;ro<\/anhangtitel>\n<format>PNG<\/format>\n<daten>\n<pfad>dcf108039b0e47909e698f48f54e0998.PNG<\/pfad>\n<\/daten>\n<\/anhang>\n<anhang location=\"EXTERN\" gruppe=\"BILD\">\n<anhangtitel>B&#xFC;ro<\/anhangtitel>\n<format>PNG<\/format>\n<daten>\n<pfad>55fcc03a442041a9a5a1ccab6dd75ece.PNG<\/pfad>\n<\/daten>\n<\/anhang>\n<anhang location=\"EXTERN\" gruppe=\"GRUNDRISS\">\n<anhangtitel>Grundriss 3. OG S&#xFC;d<\/anhangtitel>\n<format>PNG<\/format>\n<daten>\n<pfad>d4128ccd49fa4d06b47b5eb6ea6f53c1.PNG<\/pfad>\n<\/daten>\n<\/anhang>\n<\/anhaenge>\n<verwaltung_objekt>\n<objektadresse_freigeben>false<\/objektadresse_freigeben>\n<verfuegbar_ab>nach Vereinbarung<\/verfuegbar_ab>\n<geschlecht\/>\n<\/verwaltung_objekt>\n<verwaltung_techn>\n<objektnr_intern>22A305DD32C143EFA2BB92DA0D7C68AE<\/objektnr_intern>\n<objektnr_extern>4096\/E2<\/objektnr_extern>\n<aktion aktionart=\"CHANGE\"\/>\n<openimmo_obid>22A305DD32C143EFA2BB92DA0D7C68AE<\/openimmo_obid>\n<kennung_ursprung>estatePro V10.0.0.8<\/kennung_ursprung>\n<stand_vom>2025-11-13<\/stand_vom>\n<\/verwaltung_techn>\n<user_defined_simplefield feldname=\"Startseite\">Nein<\/user_defined_simplefield>\n<\/immobilie>\n"],"_immonex_energy_class":[""],"_immonex_energy_class_id":["0"],"_thumbnail_id":["173074"],"fave_property_images":["173074","173075","173076","173077","173078","173079"],"fave_floor_plans_enable":["enable"],"floor_plans":["a:1:{i:0;a:7:{s:15:\"fave_plan_title\";s:20:\"Grundriss 3. OG S\u00fcd\";s:15:\"fave_plan_rooms\";s:0:\"\";s:19:\"fave_plan_bathrooms\";s:0:\"\";s:15:\"fave_plan_price\";s:0:\"\";s:14:\"fave_plan_size\";s:0:\"\";s:15:\"fave_plan_image\";s:84:\"https:\/\/ruhr-real.de\/wp-content\/uploads\/2025\/11\/d4128ccd49fa4d06b47b5eb6ea6f53c1.png\";s:21:\"fave_plan_description\";s:0:\"\";}}"],"fave_prop_homeslider":["yes"],"fave_prop_slider_image":["173074"],"fave_agents":["156452"],"fave_agent_display_option":["agent_info"],"fave_single_top_area":["global"],"fave_single_content_area":["global"],"fave_property_price":["0"],"fave_property_map":["1"],"fave_property_map_street_view":["hide"],"fave_property_size_prefix":["m\u00b2"],"fave_property_land_postfix":["m\u00b2"],"fave_featured":["0"],"houzez_featured_listing_date":[""],"fave_currency":["EUR"],"fave_currency_info":["a:8:{s:2:\"id\";s:1:\"1\";s:13:\"currency_name\";s:4:\"Euro\";s:13:\"currency_code\";s:3:\"EUR\";s:15:\"currency_symbol\";s:3:\"\u20ac\";s:17:\"currency_position\";s:5:\"after\";s:16:\"currency_decimal\";s:1:\"2\";s:26:\"currency_decimal_separator\";s:1:\",\";s:27:\"currency_thousand_separator\";s:1:\".\";}"],"fave_show_price_placeholder":["1"],"houzez_total_property_views":["819"],"houzez_views_by_date":["a:61:{s:10:\"02-27-2026\";i:4;s:10:\"02-28-2026\";i:4;s:10:\"03-01-2026\";i:4;s:10:\"03-02-2026\";i:4;s:10:\"03-03-2026\";i:4;s:10:\"03-04-2026\";i:4;s:10:\"03-05-2026\";i:6;s:10:\"03-06-2026\";i:4;s:10:\"03-07-2026\";i:4;s:10:\"03-08-2026\";i:4;s:10:\"03-09-2026\";i:4;s:10:\"03-10-2026\";i:4;s:10:\"03-11-2026\";i:6;s:10:\"03-12-2026\";i:6;s:10:\"03-13-2026\";i:4;s:10:\"03-14-2026\";i:4;s:10:\"03-15-2026\";i:4;s:10:\"03-16-2026\";i:2;s:10:\"03-17-2026\";i:8;s:10:\"03-18-2026\";i:6;s:10:\"03-19-2026\";i:4;s:10:\"03-20-2026\";i:6;s:10:\"03-21-2026\";i:4;s:10:\"03-22-2026\";i:4;s:10:\"03-23-2026\";i:4;s:10:\"03-24-2026\";i:4;s:10:\"03-25-2026\";i:4;s:10:\"03-26-2026\";i:6;s:10:\"03-27-2026\";i:4;s:10:\"03-28-2026\";i:4;s:10:\"03-29-2026\";i:4;s:10:\"03-30-2026\";i:6;s:10:\"03-31-2026\";i:4;s:10:\"04-01-2026\";i:9;s:10:\"04-02-2026\";i:8;s:10:\"04-03-2026\";i:8;s:10:\"04-04-2026\";i:8;s:10:\"04-05-2026\";i:8;s:10:\"04-06-2026\";i:8;s:10:\"04-07-2026\";i:12;s:10:\"04-08-2026\";i:6;s:10:\"04-09-2026\";i:10;s:10:\"04-10-2026\";i:8;s:10:\"04-11-2026\";i:8;s:10:\"04-12-2026\";i:8;s:10:\"04-13-2026\";i:8;s:10:\"04-14-2026\";i:8;s:10:\"04-15-2026\";i:8;s:10:\"04-16-2026\";i:8;s:10:\"04-17-2026\";i:8;s:10:\"04-18-2026\";i:10;s:10:\"04-19-2026\";i:8;s:10:\"04-20-2026\";i:8;s:10:\"04-21-2026\";i:8;s:10:\"04-22-2026\";i:8;s:10:\"04-23-2026\";i:10;s:10:\"04-24-2026\";i:8;s:10:\"04-25-2026\";i:8;s:10:\"04-26-2026\";i:8;s:10:\"04-27-2026\";i:8;s:10:\"04-28-2026\";i:4;}"],"houzez_recently_viewed":["2026-04-28 09:18:19"],"tp_widgets":["a:2:{s:7:\"widgets\";a:0:{}s:9:\"update_at\";s:10:\"1764682733\";}"],"_elementor_page_assets":["a:0:{}"]},"_links":{"self":[{"href":"https:\/\/ruhr-real.de\/en\/wp-json\/wp\/v2\/properties\/173073","targetHints":{"allow":["GET"]}}],"collection":[{"href":"https:\/\/ruhr-real.de\/en\/wp-json\/wp\/v2\/properties"}],"about":[{"href":"https:\/\/ruhr-real.de\/en\/wp-json\/wp\/v2\/types\/property"}],"author":[{"embeddable":true,"href":"https:\/\/ruhr-real.de\/en\/wp-json\/wp\/v2\/users\/1"}],"version-history":[{"count":0,"href":"https:\/\/ruhr-real.de\/en\/wp-json\/wp\/v2\/properties\/173073\/revisions"}],"wp:featuredmedia":[{"embeddable":true,"href":"https:\/\/ruhr-real.de\/en\/wp-json\/wp\/v2\/media\/173074"}],"wp:attachment":[{"href":"https:\/\/ruhr-real.de\/en\/wp-json\/wp\/v2\/media?parent=173073"}],"wp:term":[{"taxonomy":"property_type","embeddable":true,"href":"https:\/\/ruhr-real.de\/en\/wp-json\/wp\/v2\/property_type?post=173073"},{"taxonomy":"property_status","embeddable":true,"href":"https:\/\/ruhr-real.de\/en\/wp-json\/wp\/v2\/property_status?post=173073"},{"taxonomy":"property_feature","embeddable":true,"href":"https:\/\/ruhr-real.de\/en\/wp-json\/wp\/v2\/property_feature?post=173073"},{"taxonomy":"property_label","embeddable":true,"href":"https:\/\/ruhr-real.de\/en\/wp-json\/wp\/v2\/property_label?post=173073"},{"taxonomy":"property_country","embeddable":true,"href":"https:\/\/ruhr-real.de\/en\/wp-json\/wp\/v2\/property_country?post=173073"},{"taxonomy":"property_state","embeddable":true,"href":"https:\/\/ruhr-real.de\/en\/wp-json\/wp\/v2\/property_state?post=173073"},{"taxonomy":"property_city","embeddable":true,"href":"https:\/\/ruhr-real.de\/en\/wp-json\/wp\/v2\/property_city?post=173073"},{"taxonomy":"property_area","embeddable":true,"href":"https:\/\/ruhr-real.de\/en\/wp-json\/wp\/v2\/property_area?post=173073"}],"curies":[{"name":"wp","href":"https:\/\/api.w.org\/{rel}","templated":true}]}}