{"id":173326,"date":"2025-11-19T00:01:46","date_gmt":"2025-11-18T23:01:46","guid":{"rendered":"https:\/\/ruhr-real.de\/objekt\/provisionsfrei-1a-lage-ausbau-nach-mieterwunsch\/"},"modified":"2025-11-19T00:01:46","modified_gmt":"2025-11-18T23:01:46","slug":"provisionsfrei-1a-lage-ausbau-nach-mieterwunsch","status":"publish","type":"property","link":"https:\/\/ruhr-real.de\/en\/objekt\/provisionsfrei-1a-lage-ausbau-nach-mieterwunsch\/","title":{"rendered":"Provisionsfrei | 1a Lage | Ausbau nach Mieterwunsch"},"content":{"rendered":"<p>Folgende Fl\u00e4chen stehen zur Verf\u00fcgung:<\/p>\n<p>1. OG; 1.297,13 m\u00b2; 22,50 EUR<br \/>\n2. OG; 392,74 m\u00b2; 23,00 EUR<br \/>\n2. OG; 274,58 m\u00b2; 23,00 EUR<br \/>\n2. OG; 260,49 m\u00b2; 23,00 EUR<br \/>\n2. OG; 288,11 m\u00b2; 23,00 EUR<br \/>\n3. OG; 292,17 m\u00b2; 24,00 EUR<br \/>\n3. OG; 154,25 m\u00b2; 24,00 EUR<\/p>\n<p>Gesamt ca. 2.959,65 m\u00b2<\/p>\n<p>Die zentrale Lage bietet eine ausgezeichnete Anbindung an den \u00f6ffentlichen Nahverkehr, da sowohl Bus- als auch Stadtbahnhaltestellen in wenigen Gehminuten erreichbar sind. In der direkten Umgebung finden sich zahlreiche Restaurants, Caf\u00e9s und Einkaufsm\u00f6glichkeiten, die eine vielseitige Versorgung sicherstellen. Der K\u00f6lner Hauptbahnhof ist in etwa 8 Fahrminuten erreichbar, w\u00e4hrend der Flughafen K\u00f6ln\/Bonn in rund 20 Minuten erreichbar ist. \u00dcber die Autobahnen A1, A3 und A4 besteht zudem eine sehr gute Anbindung an das regionale und \u00fcberregionale Stra\u00dfennetz.<\/p>\n<p>\u2022 Tiefgarage<br \/>\n\u2022 Glasfaseranschluss<br \/>\n\u2022 CAT-7-Verkabelung<br \/>\n\u2022 ideale \u00d6PNV-Anbindung<\/p>\n<p>Es gelten ausschlie\u00dflich unsere AGB (www.ruhr-real.de\/agb). Wir m\u00f6chten Sie darauf hinweisen, dass die Angaben ausschlie\u00dflich auf den uns vom Eigent\u00fcmer \u00fcbermittelten Unterlagen und Informationen basieren. F\u00fcr Richtigkeit und Vollst\u00e4ndigkeit \u00fcbernehmen wir keine Gew\u00e4hr. Zwischenvermietung vorbehalten.<br \/>\n<div class=\"widget widget_immonex_user_defined_properties_widget\"><div class=\"immonex-widget immonex-widget-houzez\">\n\t\t<div class=\"immonex-widget-title clearfix\">\n\t\t<h2 class=\"widgettitle\">Energieeffizienz<\/h2>\t<\/div>\n\t\t<ul class=\"immonex-property-details row list-lined list-unstyled\">\n\t\t\t\t<li>\n\t\t\t<div class=\"list-lined-item w-100 d-flex justify-content-between py-2\">\n\t\t\t\t\t\t\t\t<strong class=\"property-details-label\">Energieausweis-Jahrgang:<\/strong>&nbsp;<span class=\"property-details-value\">not available<\/span>\n\t\t\t\t\t\t\t<\/div>\n\t\t<\/li>\n\t\t\t<\/ul>\n<\/div><\/div><\/p>\n","protected":false},"excerpt":{"rendered":"<p>Folgende Fl\u00e4chen stehen zur Verf\u00fcgung: 1. OG; 1.297,13 m\u00b2; 22,50 EUR 2. OG; 392,74 m\u00b2; 23,00 EUR 2. OG; 274,58 m\u00b2;&#8230;<\/p>\n","protected":false},"author":1,"featured_media":173327,"parent":0,"menu_order":0,"template":"","property_type":[379],"property_status":[352],"property_feature":[361,354],"property_label":[],"property_country":[353],"property_state":[],"property_city":[336],"property_area":[],"class_list":["post-173326","property","type-property","status-publish","has-post-thumbnail","hentry","property_type-bueroflaechen","property_status-zu-vermieten","property_feature-klimaanlage","property_feature-personenaufzug","property_country-deutschland","property_city-koln"],"acf":[],"property_meta":{"rank_math_internal_links_processed":["1"],"_immonex_post_status":["new"],"_immonex_import_folder":["users\/RUHRREAL"],"fave_property_map_address":["50676 K\u00f6ln"],"fave_property_zip":["50676"],"fave_property_country":["DE"],"_immonex_lat":["50.9321443"],"_immonex_lng":["6.94447953017"],"houzez_geolocation_lat":["50.9321443"],"houzez_geolocation_long":["6.94447953017"],"fave_property_location":["50.9321443,6.94447953017"],"fave_property_sec_price":[""],"fave_property_size":["154"],"fave_property_id":["4532\/G1\/E22"],"_fave_property_id":["4532\/G1\/E22"],"_immonex_translation_id":["4532\/G1\/E22"],"_immonex_iso_country":["DEU"],"_openimmo_obid":["0FFBD436286848F4945EBD31632E3E82"],"_openimmo_anid":["0000"],"_immonex_group_number":[""],"_immonex_group_id":[""],"_immonex_group_master":[""],"_immonex_import_meta":["a:6:{s:8:\"zip_file\";s:131:\"\/www\/htdocs\/w0172e0e\/ruhr-real_2024\/wp-content\/uploads\/immonex-openimmo-import\/users\/RUHRREAL\/Immowelt_estatePro_20251119152648.zip\";s:8:\"xml_file\";s:158:\"\/www\/htdocs\/w0172e0e\/ruhr-real_2024\/wp-content\/uploads\/immonex-openimmo-import\/immowelt_estatepro_20251119152648\/Homepage_2024_NEW_estatePro20251119152648.xml\";s:12:\"mapping_file\";s:116:\"\/www\/htdocs\/w0172e0e\/ruhr-real_2024\/wp-content\/uploads\/immonex-openimmo-import\/mappings\/houzez_ruhrreal_18122023.csv\";s:9:\"timestamp\";i:1763562467;s:4:\"date\";s:10:\"2025-11-19\";s:4:\"time\";s:8:\"15:27:47\";}"],"_is_immonex_import_property":["1"],"_immonex_is_reference":[""],"_immonex_is_sold":[""],"_immonex_is_reserved":[""],"_immonex_is_available":["1"],"_immonex_areabutler_url_with_address":[""],"_immonex_areabutler_url_no_address":[""],"_immonex_areabutler_url":[""],"additional_features":["a:14:{i:0;a:2:{s:29:\"fave_additional_feature_title\";s:11:\"Heizungsart\";s:29:\"fave_additional_feature_value\";s:11:\"Fernheizung\";}i:1;a:2:{s:29:\"fave_additional_feature_title\";s:11:\"Lage\/Gebiet\";s:29:\"fave_additional_feature_value\";s:2:\"1A\";}i:2;a:2:{s:29:\"fave_additional_feature_title\";s:33:\"Heizkosten in Warmmiete enthalten\";s:29:\"fave_additional_feature_value\";s:4:\"nein\";}i:3;a:2:{s:29:\"fave_additional_feature_title\";s:32:\"Preise zuz\u00fcglich Mehrwertsteuer\";s:29:\"fave_additional_feature_value\";s:4:\"nein\";}i:4;a:2:{s:29:\"fave_additional_feature_title\";s:23:\"Netto-Kaltmiete pro m\u00b2\";s:29:\"fave_additional_feature_value\";s:11:\"24&nbsp;\u20ac\";}i:5;a:2:{s:29:\"fave_additional_feature_title\";s:10:\"MwSt.-Satz\";s:29:\"fave_additional_feature_value\";s:9:\"19&nbsp;%\";}i:6;a:2:{s:29:\"fave_additional_feature_title\";s:12:\"B\u00fcrofl\u00e4che\";s:29:\"fave_additional_feature_value\";s:17:\"2.959,65&nbsp;m\u00b2\";}i:7;a:2:{s:29:\"fave_additional_feature_title\";s:16:\"B\u00fcroteilfl\u00e4che\";s:29:\"fave_additional_feature_value\";s:15:\"154,25&nbsp;m\u00b2\";}i:8;a:2:{s:29:\"fave_additional_feature_title\";s:10:\"Teilbar ab\";s:29:\"fave_additional_feature_value\";s:15:\"154,25&nbsp;m\u00b2\";}i:9;a:2:{s:29:\"fave_additional_feature_title\";s:19:\"Art der Ausstattung\";s:29:\"fave_additional_feature_value\";s:7:\"gehoben\";}i:10;a:2:{s:29:\"fave_additional_feature_title\";s:10:\"Bodenbelag\";s:29:\"fave_additional_feature_value\";s:28:\"Teppich, Parkett, Kunststoff\";}i:11;a:2:{s:29:\"fave_additional_feature_title\";s:13:\"Stellplatzart\";s:29:\"fave_additional_feature_value\";s:10:\"Tiefgarage\";}i:12;a:2:{s:29:\"fave_additional_feature_title\";s:7:\"Zustand\";s:29:\"fave_additional_feature_value\";s:8:\"gepflegt\";}i:13;a:2:{s:29:\"fave_additional_feature_title\";s:27:\"Immobilie ist verf\u00fcgbar ab\";s:29:\"fave_additional_feature_value\";s:17:\"nach Vereinbarung\";}}"],"fave_additional_features_enable":["enable"],"_immonex_custom_fields":["a:1:{s:23:\"Energieausweis-Jahrgang\";a:5:{s:14:\"mapping_source\";s:38:\"zustand_angaben->energiepass->jahrgang\";s:4:\"name\";s:0:\"\";s:5:\"group\";s:5:\"epass\";s:5:\"value\";s:13:\"not available\";s:19:\"value_before_filter\";s:4:\"ohne\";}}"],"_immonex_property_xml_source":["<?xml version=\"1.0\"?>\n<immobilie>\n<objektkategorie>\n<nutzungsart WOHNEN=\"false\" GEWERBE=\"true\"\/>\n<vermarktungsart KAUF=\"false\" MIETE_PACHT=\"true\"\/>\n<objektart>\n<buero_praxen buero_typ=\"BUEROHAUS\"\/>\n<\/objektart>\n<user_defined_simplefield\/>\n<\/objektkategorie>\n<geo>\n<plz>50676<\/plz>\n<ort>K&#xF6;ln<\/ort>\n<strasse>Waidmarkt<\/strasse>\n<hausnummer>11<\/hausnummer>\n<land iso_land=\"DEU\"\/>\n<lage_im_bau\/>\n<lage_gebiet gebiete=\"1A\"\/>\n<\/geo>\n<kontaktperson>\n<email_zentrale>anfrage@ruhr-real.de<\/email_zentrale>\n<email_direkt>lendzian@ruhr-real.de<\/email_direkt>\n<tel_durchw>+49 221 273 229 22<\/tel_durchw>\n<tel_handy>+49 162 1531000<\/tel_handy>\n<name>Lendzian<\/name>\n<vorname>Niklas<\/vorname>\n<anrede>Herr<\/anrede>\n<firma>RUHR REAL GmbH<\/firma>\n<strasse>Holsterhauser Platz<\/strasse>\n<hausnummer>2<\/hausnummer>\n<plz>45147<\/plz>\n<ort>Essen<\/ort>\n<adressfreigabe>true<\/adressfreigabe>\n<\/kontaktperson>\n<preise>\n<heizkosten_enthalten>false<\/heizkosten_enthalten>\n<zzg_mehrwertsteuer>false<\/zzg_mehrwertsteuer>\n<preis_zeiteinheit\/>\n<mietpreis_pro_qm>24.0000<\/mietpreis_pro_qm>\n<provisionspflichtig>false<\/provisionspflichtig>\n<waehrung iso_waehrung=\"EUR\"\/>\n<mwst_satz>19.00<\/mwst_satz>\n<stp_carport\/>\n<stp_duplex\/>\n<stp_freiplatz\/>\n<stp_garage\/>\n<stp_parkhaus\/>\n<stp_tiefgarage\/>\n<\/preise>\n<bieterverfahren\/>\n<versteigerung\/>\n<flaechen>\n<bueroflaeche>2959.65<\/bueroflaeche>\n<bueroteilflaeche>154.25<\/bueroteilflaeche>\n<teilbar_ab>154.25<\/teilbar_ab>\n<anzahl_stellplaetze type=\"xsd:decimal\">20<\/anzahl_stellplaetze>\n<\/flaechen>\n<ausstattung>\n<ausstatt_kategorie>GEHOBEN<\/ausstatt_kategorie>\n<bad\/>\n<kueche\/>\n<boden TEPPICH=\"true\" PARKETT=\"true\" KUNSTSTOFF=\"true\"\/>\n<heizungsart FERN=\"true\"\/>\n<befeuerung\/>\n<klimatisiert>true<\/klimatisiert>\n<fahrstuhl PERSONEN=\"true\"\/>\n<stellplatzart TIEFGARAGE=\"true\"\/>\n<ausricht_balkon_terrasse\/>\n<angeschl_gastronomie\/>\n<sicherheitstechnik\/>\n<\/ausstattung>\n<zustand_angaben>\n<zustand zustand_art=\"GEPFLEGT\"\/>\n<energiepass>\n<jahrgang>ohne<\/jahrgang>\n<\/energiepass>\n<\/zustand_angaben>\n<bewertung\/>\n<infrastruktur\/>\n<freitexte>\n<objekttitel>Provisionsfrei | 1a Lage | Ausbau nach Mieterwunsch <\/objekttitel>\n<lage>Die zentrale Lage bietet eine ausgezeichnete Anbindung an den &#xF6;ffentlichen Nahverkehr, da sowohl Bus- als auch Stadtbahnhaltestellen in wenigen Gehminuten erreichbar sind. In der direkten Umgebung finden sich zahlreiche Restaurants, Caf&#xE9;s und Einkaufsm&#xF6;glichkeiten, die eine vielseitige Versorgung sicherstellen. Der K&#xF6;lner Hauptbahnhof ist in etwa 8 Fahrminuten erreichbar, w&#xE4;hrend der Flughafen K&#xF6;ln\/Bonn in rund 20 Minuten erreichbar ist. &#xDC;ber die Autobahnen A1, A3 und A4 besteht zudem eine sehr gute Anbindung an das regionale und &#xFC;berregionale Stra&#xDF;ennetz.<\/lage>\n<ausstatt_beschr>&#x2022; Tiefgarage\n&#x2022; Glasfaseranschluss\n&#x2022; CAT-7-Verkabelung\n&#x2022; ideale &#xD6;PNV-Anbindung<\/ausstatt_beschr>\n<objektbeschreibung>Folgende Fl&#xE4;chen stehen zur Verf&#xFC;gung: \n\n1. OG; 1.297,13 m&#xB2;; 22,50 EUR\n2. OG; 392,74 m&#xB2;; 23,00 EUR\n2. OG; 274,58 m&#xB2;; 23,00 EUR\n2. OG; 260,49 m&#xB2;; 23,00 EUR\n2. OG; 288,11 m&#xB2;; 23,00 EUR\n3. OG; 292,17 m&#xB2;; 24,00 EUR\n3. OG; 154,25 m&#xB2;; 24,00 EUR\n\nGesamt ca. 2.959,65 m&#xB2;<\/objektbeschreibung>\n<sonstige_angaben>Es gelten ausschlie&#xDF;lich unsere AGB (www.ruhr-real.de\/agb). Wir m&#xF6;chten Sie darauf hinweisen, dass die Angaben ausschlie&#xDF;lich auf den uns vom Eigent&#xFC;mer &#xFC;bermittelten Unterlagen und Informationen basieren. F&#xFC;r Richtigkeit und Vollst&#xE4;ndigkeit &#xFC;bernehmen wir keine Gew&#xE4;hr. Zwischenvermietung vorbehalten.<\/sonstige_angaben>\n<\/freitexte>\n<anhaenge>\n<anhang location=\"EXTERN\" gruppe=\"TITELBILD\">\n<anhangtitel>Au&#xDF;en<\/anhangtitel>\n<format>jpg<\/format>\n<daten>\n<pfad>3df4fd944d78453499d601b513f8164a.jpg<\/pfad><\/daten>\n<\/anhang>\n<anhang location=\"EXTERN\" gruppe=\"BILD\">\n<anhangtitel>B&#xFC;ro<\/anhangtitel>\n<format>jpg<\/format>\n<daten>\n<pfad>63011e61b74043c6ac79882e3654c179.jpg<\/pfad>\n<\/daten>\n<\/anhang>\n<anhang location=\"EXTERN\" gruppe=\"BILD\">\n<anhangtitel>B&#xFC;ro<\/anhangtitel>\n<format>jpg<\/format>\n<daten>\n<pfad>6fd6f73403f8431981689d9195055cf4.jpg<\/pfad>\n<\/daten>\n<\/anhang>\n<anhang location=\"EXTERN\" gruppe=\"GRUNDRISS\">\n<anhangtitel>Grundriss 1. OG<\/anhangtitel>\n<format>PNG<\/format>\n<daten>\n<pfad>1898d740383542d191a3b7e196ef68bb.PNG<\/pfad>\n<\/daten>\n<\/anhang>\n<anhang location=\"EXTERN\" gruppe=\"GRUNDRISS\">\n<anhangtitel>Grundriss 2. OG<\/anhangtitel>\n<format>PNG<\/format>\n<daten>\n<pfad>762d2599a44e45d09db32e4027a1b07d.PNG<\/pfad>\n<\/daten>\n<\/anhang>\n<anhang location=\"EXTERN\" gruppe=\"GRUNDRISS\">\n<anhangtitel>Grundriss 3.OG<\/anhangtitel>\n<format>PNG<\/format>\n<daten>\n<pfad>5415976b3d0f4da493b849d46ecbc144.PNG<\/pfad>\n<\/daten>\n<\/anhang>\n<\/anhaenge>\n<verwaltung_objekt>\n<objektadresse_freigeben>false<\/objektadresse_freigeben>\n<verfuegbar_ab>nach Vereinbarung<\/verfuegbar_ab>\n<geschlecht\/>\n<\/verwaltung_objekt>\n<verwaltung_techn>\n<objektnr_intern>0FFBD436286848F4945EBD31632E3E82<\/objektnr_intern>\n<objektnr_extern>4532\/G1\/E22<\/objektnr_extern>\n<aktion aktionart=\"CHANGE\"\/>\n<openimmo_obid>0FFBD436286848F4945EBD31632E3E82<\/openimmo_obid>\n<kennung_ursprung>estatePro V10.0.0.8<\/kennung_ursprung>\n<stand_vom>2025-11-19<\/stand_vom>\n<\/verwaltung_techn>\n<user_defined_simplefield feldname=\"Startseite\">Nein<\/user_defined_simplefield>\n<\/immobilie>\n"],"_immonex_energy_class":[""],"_immonex_energy_class_id":["0"],"_thumbnail_id":["173327"],"fave_property_images":["173327","173328","173329"],"fave_floor_plans_enable":["enable"],"floor_plans":["a:3:{i:0;a:7:{s:15:\"fave_plan_title\";s:15:\"Grundriss 1. OG\";s:15:\"fave_plan_rooms\";s:0:\"\";s:19:\"fave_plan_bathrooms\";s:0:\"\";s:15:\"fave_plan_price\";s:0:\"\";s:14:\"fave_plan_size\";s:0:\"\";s:15:\"fave_plan_image\";s:84:\"https:\/\/ruhr-real.de\/wp-content\/uploads\/2025\/11\/1898d740383542d191a3b7e196ef68bb.png\";s:21:\"fave_plan_description\";s:0:\"\";}i:1;a:7:{s:15:\"fave_plan_title\";s:15:\"Grundriss 2. OG\";s:15:\"fave_plan_rooms\";s:0:\"\";s:19:\"fave_plan_bathrooms\";s:0:\"\";s:15:\"fave_plan_price\";s:0:\"\";s:14:\"fave_plan_size\";s:0:\"\";s:15:\"fave_plan_image\";s:84:\"https:\/\/ruhr-real.de\/wp-content\/uploads\/2025\/11\/762d2599a44e45d09db32e4027a1b07d.png\";s:21:\"fave_plan_description\";s:0:\"\";}i:2;a:7:{s:15:\"fave_plan_title\";s:14:\"Grundriss 3.OG\";s:15:\"fave_plan_rooms\";s:0:\"\";s:19:\"fave_plan_bathrooms\";s:0:\"\";s:15:\"fave_plan_price\";s:0:\"\";s:14:\"fave_plan_size\";s:0:\"\";s:15:\"fave_plan_image\";s:84:\"https:\/\/ruhr-real.de\/wp-content\/uploads\/2025\/11\/5415976b3d0f4da493b849d46ecbc144.png\";s:21:\"fave_plan_description\";s:0:\"\";}}"],"fave_prop_homeslider":["yes"],"fave_prop_slider_image":["173327"],"fave_agents":["156452"],"fave_agent_display_option":["agent_info"],"fave_single_top_area":["global"],"fave_single_content_area":["global"],"fave_property_price":["24.0000"],"fave_property_map":["1"],"fave_property_map_street_view":["hide"],"fave_property_size_prefix":["m\u00b2"],"fave_property_land_postfix":["m\u00b2"],"fave_featured":["0"],"houzez_featured_listing_date":[""],"fave_property_price_postfix":["pro&nbsp;m\u00b2"],"fave_currency":["EUR"],"fave_currency_info":["a:8:{s:2:\"id\";s:1:\"1\";s:13:\"currency_name\";s:4:\"Euro\";s:13:\"currency_code\";s:3:\"EUR\";s:15:\"currency_symbol\";s:3:\"\u20ac\";s:17:\"currency_position\";s:5:\"after\";s:16:\"currency_decimal\";s:1:\"2\";s:26:\"currency_decimal_separator\";s:1:\",\";s:27:\"currency_thousand_separator\";s:1:\".\";}"],"houzez_total_property_views":["798"],"houzez_views_by_date":["a:61:{s:10:\"02-27-2026\";i:4;s:10:\"02-28-2026\";i:4;s:10:\"03-01-2026\";i:4;s:10:\"03-02-2026\";i:4;s:10:\"03-03-2026\";i:4;s:10:\"03-04-2026\";i:6;s:10:\"03-05-2026\";i:4;s:10:\"03-06-2026\";i:4;s:10:\"03-07-2026\";i:4;s:10:\"03-08-2026\";i:4;s:10:\"03-09-2026\";i:4;s:10:\"03-10-2026\";i:4;s:10:\"03-11-2026\";i:6;s:10:\"03-12-2026\";i:6;s:10:\"03-13-2026\";i:4;s:10:\"03-14-2026\";i:4;s:10:\"03-15-2026\";i:4;s:10:\"03-16-2026\";i:2;s:10:\"03-17-2026\";i:10;s:10:\"03-18-2026\";i:6;s:10:\"03-19-2026\";i:4;s:10:\"03-20-2026\";i:6;s:10:\"03-21-2026\";i:4;s:10:\"03-22-2026\";i:4;s:10:\"03-23-2026\";i:4;s:10:\"03-24-2026\";i:4;s:10:\"03-25-2026\";i:5;s:10:\"03-26-2026\";i:6;s:10:\"03-27-2026\";i:4;s:10:\"03-28-2026\";i:4;s:10:\"03-29-2026\";i:4;s:10:\"03-30-2026\";i:6;s:10:\"03-31-2026\";i:4;s:10:\"04-01-2026\";i:9;s:10:\"04-02-2026\";i:9;s:10:\"04-03-2026\";i:8;s:10:\"04-04-2026\";i:8;s:10:\"04-05-2026\";i:8;s:10:\"04-06-2026\";i:8;s:10:\"04-07-2026\";i:12;s:10:\"04-08-2026\";i:6;s:10:\"04-09-2026\";i:10;s:10:\"04-10-2026\";i:8;s:10:\"04-11-2026\";i:8;s:10:\"04-12-2026\";i:8;s:10:\"04-13-2026\";i:8;s:10:\"04-14-2026\";i:8;s:10:\"04-15-2026\";i:8;s:10:\"04-16-2026\";i:10;s:10:\"04-17-2026\";i:6;s:10:\"04-18-2026\";i:10;s:10:\"04-19-2026\";i:8;s:10:\"04-20-2026\";i:8;s:10:\"04-21-2026\";i:8;s:10:\"04-22-2026\";i:8;s:10:\"04-23-2026\";i:10;s:10:\"04-24-2026\";i:10;s:10:\"04-25-2026\";i:8;s:10:\"04-26-2026\";i:8;s:10:\"04-27-2026\";i:8;s:10:\"04-28-2026\";i:4;}"],"houzez_recently_viewed":["2026-04-28 09:39:44"],"tp_widgets":["a:2:{s:7:\"widgets\";a:0:{}s:9:\"update_at\";s:10:\"1764682733\";}"],"_elementor_page_assets":["a:0:{}"]},"_links":{"self":[{"href":"https:\/\/ruhr-real.de\/en\/wp-json\/wp\/v2\/properties\/173326","targetHints":{"allow":["GET"]}}],"collection":[{"href":"https:\/\/ruhr-real.de\/en\/wp-json\/wp\/v2\/properties"}],"about":[{"href":"https:\/\/ruhr-real.de\/en\/wp-json\/wp\/v2\/types\/property"}],"author":[{"embeddable":true,"href":"https:\/\/ruhr-real.de\/en\/wp-json\/wp\/v2\/users\/1"}],"version-history":[{"count":0,"href":"https:\/\/ruhr-real.de\/en\/wp-json\/wp\/v2\/properties\/173326\/revisions"}],"wp:featuredmedia":[{"embeddable":true,"href":"https:\/\/ruhr-real.de\/en\/wp-json\/wp\/v2\/media\/173327"}],"wp:attachment":[{"href":"https:\/\/ruhr-real.de\/en\/wp-json\/wp\/v2\/media?parent=173326"}],"wp:term":[{"taxonomy":"property_type","embeddable":true,"href":"https:\/\/ruhr-real.de\/en\/wp-json\/wp\/v2\/property_type?post=173326"},{"taxonomy":"property_status","embeddable":true,"href":"https:\/\/ruhr-real.de\/en\/wp-json\/wp\/v2\/property_status?post=173326"},{"taxonomy":"property_feature","embeddable":true,"href":"https:\/\/ruhr-real.de\/en\/wp-json\/wp\/v2\/property_feature?post=173326"},{"taxonomy":"property_label","embeddable":true,"href":"https:\/\/ruhr-real.de\/en\/wp-json\/wp\/v2\/property_label?post=173326"},{"taxonomy":"property_country","embeddable":true,"href":"https:\/\/ruhr-real.de\/en\/wp-json\/wp\/v2\/property_country?post=173326"},{"taxonomy":"property_state","embeddable":true,"href":"https:\/\/ruhr-real.de\/en\/wp-json\/wp\/v2\/property_state?post=173326"},{"taxonomy":"property_city","embeddable":true,"href":"https:\/\/ruhr-real.de\/en\/wp-json\/wp\/v2\/property_city?post=173326"},{"taxonomy":"property_area","embeddable":true,"href":"https:\/\/ruhr-real.de\/en\/wp-json\/wp\/v2\/property_area?post=173326"}],"curies":[{"name":"wp","href":"https:\/\/api.w.org\/{rel}","templated":true}]}}