{"id":173782,"date":"2026-03-30T02:02:20","date_gmt":"2026-03-30T00:02:20","guid":{"rendered":"https:\/\/ruhr-real.de\/objekt\/renovierte-bueroraeume-in-beliebtem-suedviertel-gehobene-ausstattung-stellplaetze\/"},"modified":"2026-04-02T15:57:20","modified_gmt":"2026-04-02T13:57:20","slug":"renovierte-bueroraeume-in-beliebtem-suedviertel-gehobene-ausstattung-stellplaetze","status":"publish","type":"property","link":"https:\/\/ruhr-real.de\/en\/objekt\/renovierte-bueroraeume-in-beliebtem-suedviertel-gehobene-ausstattung-stellplaetze\/","title":{"rendered":"Renovierte B\u00fcror\u00e4ume in beliebtem S\u00fcdviertel | gehobene Ausstattung | Stellpl\u00e4tze"},"content":{"rendered":"<p>Der Haupteingang des Geb\u00e4udes liegt auf der ruhigen G\u00e4rtnerstra\u00dfe unweit der Kronprinzenstra\u00dfe. Die B\u00fcror\u00e4ume werden durch das zentrale Treppenhaus mit Aufzug erreicht. Durch eine wei\u00dfe T\u00fcr betreten Sie den mit Laminat mit heller Holzoptik ausgelegten Eingangsbereich. Die W\u00e4nde werden wei\u00df gestrichen \u00fcbergeben. Im Eingangsbereich befindet sich auf der linken Seite Platz f\u00fcr eine Rezeption. Hier befinden sich auch die hell gefliesten Damen- und Herrentoiletten, jeweils mit 2 Kabinen und Fenstern. Entlang des Flurs befinden sich links und rechts 10 B\u00fcror\u00e4ume, die meisten mit einer Gr\u00f6\u00dfe von ca. 4,90 m\u00b2 x 4,40 m\u00b2 (~ 21 m\u00b2), der gr\u00f6\u00dfte Raum hat 40 m\u00b2. Teilweise sind die B\u00fcror\u00e4ume durch interne T\u00fcren miteinander verbunden. Die B\u00fcror\u00e4ume sind auch mit Laminat in heller Holzoptik und wei\u00dfen W\u00e4nden ausgestattet. Die vom Flur links liegenden B\u00fcros blicken auf den hellen Innenhof Richtung Westen, die rechts liegenden auf die G\u00e4rtnerstra\u00dfe Richtung Osten. Eine K\u00fcche mit K\u00fcchenzeile und ausreichend Platz f\u00fcr eine Sitzgelegenheit geh\u00f6rt ebenfalls zu den B\u00fcror\u00e4umen. Es stehen 1 Parkplatz auf dem Innenhof, der von der G\u00e4rtnerstra\u00dfe durch eine Hofdurchfahrt erreicht wird, zur Verf\u00fcgung. Ein Keller von ca. 11,5 m\u00b2 rundet das Angebot ab. Die Geb\u00e4ude\u00fcberwachung sowie der Winterdienst sind organisiert und werden \u00fcber die Nebenkosten abgerechnet.<\/p>\n<p>Derzeit stehen die folgenden Fl\u00e4chen zur Disposition:<\/p>\n<p>2. OG: 158 m\u00b2<\/p>\n<p>Das B\u00fcro befindet sich im beliebten S\u00fcdviertel, der Hauptbahnhof ist in 6 Minuten zu Fu\u00df oder mit der Stra\u00dfenbahn bzw. Bus mit einem Stopp erreichbar. Die A40 ist nah, ebenso die Auffahrt zur A52 Richtung D\u00fcsseldorf. Die Stra\u00dfenbahnhaltestelle &#8220;Kronprinzenstra\u00dfe&#8221; ist 100m entfernt.<\/p>\n<p>Hotels in der N\u00e4he: Sheraton Hotel, Intercity Hotel, Mercure Hotel, ibis Hotel, Select Hotel Handelshof<\/p>\n<p>Bedeutende Unternehmen in der B\u00fcromarktzone: Santander Consumer Bank AG, Hapag-Lloyd Reiseb\u00fcro, Philharmonie, Innogy, PWC<\/p>\n<p>\u2022 Bodenbelag: Laminat-, Vinylboden<br \/>\n\u2022 Verkabelung: CAT-5-Verkabelung<br \/>\n\u2022 Sonnenschutz: au\u00dfenliegend, elektrisch<br \/>\n\u2022 Teek\u00fcche: voll ausgestattet<br \/>\n\u2022 Beleuchtung: Rasterleuchten<br \/>\n\u2022 Aufzug: Personenaufzug<br \/>\n\u2022 Heizungsart: Zentralheizung<br \/>\n\u2022 Letzte Modernisierung: 2020<\/p>\n<p>Die Ausstattung ist flexibel und kann bei Bedarf individuell an den Mieter angepasst werden!<\/p>\n<p>Es gelten ausschlie\u00dflich unsere AGB (www.ruhr-real.de\/agb). Wir m\u00f6chten Sie darauf hinweisen, dass die Angaben ausschlie\u00dflich auf den uns vom Eigent\u00fcmer \u00fcbermittelten Unterlagen und Informationen basieren. F\u00fcr Richtigkeit und Vollst\u00e4ndigkeit \u00fcbernehmen wir keine Gew\u00e4hr. Zwischenvermietung vorbehalten.<br \/>\n<div class=\"widget widget_immonex_user_defined_properties_widget\"><div class=\"immonex-widget immonex-widget-houzez\">\n\t\t<div class=\"immonex-widget-title clearfix\">\n\t\t<h2 class=\"widgettitle\">Energieeffizienz<\/h2>\t<\/div>\n\t\t<ul class=\"immonex-property-details row list-lined list-unstyled\">\n\t\t\t\t<li>\n\t\t\t<div class=\"list-lined-item w-100 d-flex justify-content-between py-2\">\n\t\t\t\t\t\t\t\t<strong class=\"property-details-label\">Energieausweis-Jahrgang:<\/strong>&nbsp;<span class=\"property-details-value\">not available<\/span>\n\t\t\t\t\t\t\t<\/div>\n\t\t<\/li>\n\t\t\t<\/ul>\n<\/div><\/div><\/p>\n","protected":false},"excerpt":{"rendered":"<p>Der Haupteingang des Geb\u00e4udes liegt auf der ruhigen G\u00e4rtnerstra\u00dfe unweit der Kronprinzenstra\u00dfe. Die B\u00fcror\u00e4ume&#8230;<\/p>\n","protected":false},"author":1,"featured_media":185216,"parent":0,"menu_order":0,"template":"","property_type":[379],"property_status":[352],"property_feature":[],"property_label":[],"property_country":[353],"property_state":[],"property_city":[306],"property_area":[314],"class_list":["post-173782","property","type-property","status-publish","has-post-thumbnail","hentry","property_type-bueroflaechen","property_status-zu-vermieten","property_country-deutschland","property_city-essen","property_area-sudostviertel"],"acf":[],"property_meta":{"_immonex_import_folder":["users\/RUHRREAL"],"_immonex_translation_id":["1342\/E5"],"_openimmo_obid":["D2BBC02E7C4D4FB99176DABE19D7DD43"],"_is_immonex_import_property":["1"],"_immonex_is_reference":[""],"rank_math_internal_links_processed":["1"],"copied_media_ids":["a:0:{}"],"referenced_media_ids":["a:0:{}"],"_immonex_post_status":["updated"],"fave_property_map_address":["45128 Essen"],"fave_property_zip":["45128"],"fave_property_country":["DE"],"_immonex_lat":["51.4601041"],"_immonex_lng":["6.998847"],"houzez_geolocation_lat":["51.4601041"],"houzez_geolocation_long":["6.998847"],"fave_property_location":["51.4601041,6.998847"],"fave_property_price":["9.50"],"fave_property_sec_price":["11.3000"],"fave_property_year":["1972\/2023"],"fave_property_id":["1342\/E5"],"_fave_property_id":["1342\/E5"],"_immonex_iso_country":["DEU"],"fave_nebenkosten":["3&nbsp;\u20ac"],"fave_heizkosten":["150&nbsp;\u20ac"],"_openimmo_anid":["0000"],"_immonex_group_number":[""],"_immonex_group_id":[""],"_immonex_group_master":[""],"_immonex_import_meta":["a:6:{s:8:\"zip_file\";s:131:\"\/www\/htdocs\/w0172e0e\/ruhr-real_2024\/wp-content\/uploads\/immonex-openimmo-import\/users\/RUHRREAL\/Immowelt_estatePro_20260402154854.zip\";s:8:\"xml_file\";s:158:\"\/www\/htdocs\/w0172e0e\/ruhr-real_2024\/wp-content\/uploads\/immonex-openimmo-import\/immowelt_estatepro_20260402154854\/Homepage_2024_NEW_estatePro20260402154854.xml\";s:12:\"mapping_file\";s:116:\"\/www\/htdocs\/w0172e0e\/ruhr-real_2024\/wp-content\/uploads\/immonex-openimmo-import\/mappings\/houzez_ruhrreal_20260325.csv\";s:9:\"timestamp\";i:1775138240;s:4:\"date\";s:10:\"2026-04-02\";s:4:\"time\";s:8:\"15:57:20\";}"],"_immonex_is_sold":[""],"_immonex_is_reserved":[""],"_immonex_is_available":["1"],"_immonex_areabutler_url_with_address":[""],"_immonex_areabutler_url_no_address":[""],"_immonex_areabutler_url":[""],"additional_features":["a:12:{i:0;a:2:{s:29:\"fave_additional_feature_title\";s:14:\"Nettokaltmiete\";s:29:\"fave_additional_feature_value\";s:13:\"9,50&nbsp;\u20ac\";}i:1;a:2:{s:29:\"fave_additional_feature_title\";s:9:\"Kaltmiete\";s:29:\"fave_additional_feature_value\";s:13:\"9,50&nbsp;\u20ac\";}i:2;a:2:{s:29:\"fave_additional_feature_title\";s:9:\"Warmmiete\";s:29:\"fave_additional_feature_value\";s:14:\"1.970&nbsp;\u20ac\";}i:3;a:2:{s:29:\"fave_additional_feature_title\";s:29:\"monatl. Betriebs-\/Nebenkosten\";s:29:\"fave_additional_feature_value\";s:10:\"3&nbsp;\u20ac\";}i:4;a:2:{s:29:\"fave_additional_feature_title\";s:18:\"monatl. Heizkosten\";s:29:\"fave_additional_feature_value\";s:12:\"150&nbsp;\u20ac\";}i:5;a:2:{s:29:\"fave_additional_feature_title\";s:33:\"Heizkosten in Warmmiete enthalten\";s:29:\"fave_additional_feature_value\";s:4:\"nein\";}i:6;a:2:{s:29:\"fave_additional_feature_title\";s:32:\"Preise zuz\u00fcglich Mehrwertsteuer\";s:29:\"fave_additional_feature_value\";s:4:\"nein\";}i:7;a:2:{s:29:\"fave_additional_feature_title\";s:23:\"Netto-Kaltmiete pro m\u00b2\";s:29:\"fave_additional_feature_value\";s:14:\"11,30&nbsp;\u20ac\";}i:8;a:2:{s:29:\"fave_additional_feature_title\";s:10:\"MwSt.-Satz\";s:29:\"fave_additional_feature_value\";s:9:\"19&nbsp;%\";}i:9;a:2:{s:29:\"fave_additional_feature_title\";s:13:\"Stellplatzart\";s:29:\"fave_additional_feature_value\";s:9:\"Freiplatz\";}i:10;a:2:{s:29:\"fave_additional_feature_title\";s:7:\"Zustand\";s:29:\"fave_additional_feature_value\";s:12:\"modernisiert\";}i:11;a:2:{s:29:\"fave_additional_feature_title\";s:27:\"Immobilie ist verf\u00fcgbar ab\";s:29:\"fave_additional_feature_value\";s:10:\"01.04.2025\";}}"],"fave_additional_features_enable":["enable"],"_immonex_custom_fields":["a:1:{s:23:\"Energieausweis-Jahrgang\";a:5:{s:14:\"mapping_source\";s:38:\"zustand_angaben->energiepass->jahrgang\";s:4:\"name\";s:0:\"\";s:5:\"group\";s:5:\"epass\";s:5:\"value\";s:13:\"not available\";s:19:\"value_before_filter\";s:4:\"ohne\";}}"],"_immonex_property_xml_source":["<?xml version=\"1.0\"?>\n<immobilie>\n<objektkategorie>\n<nutzungsart WOHNEN=\"false\" GEWERBE=\"true\"\/>\n<vermarktungsart KAUF=\"false\" MIETE_PACHT=\"true\"\/>\n<objektart>\n<buero_praxen buero_typ=\"BUEROHAUS\"\/>\n<\/objektart>\n<user_defined_simplefield\/>\n<\/objektkategorie>\n<geo>\n<plz>45128<\/plz>\n<ort>Essen<\/ort>\n<strasse>G&#xE4;rtnerstra&#xDF;e<\/strasse>\n<hausnummer>44<\/hausnummer>\n<land iso_land=\"DEU\"\/>\n<lage_im_bau\/>\n<regionaler_zusatz>S&#xFC;dostviertel<\/regionaler_zusatz>\n<\/geo>\n<kontaktperson>\n<email_zentrale>anfrage@ruhr-real.de<\/email_zentrale>\n<email_direkt>kruse@ruhr-real.de<\/email_direkt>\n<tel_durchw>+49 201 999963-33<\/tel_durchw>\n<tel_fax>+49 201 99 99 63 44<\/tel_fax>\n<tel_handy>+49 162 88 87 076<\/tel_handy>\n<name>Kruse<\/name>\n<vorname>Samuel<\/vorname>\n<anrede>Herr<\/anrede>\n<firma>RUHR REAL GmbH<\/firma>\n<strasse>Holsterhauser Platz<\/strasse>\n<hausnummer>2<\/hausnummer>\n<plz>45147<\/plz>\n<ort>Essen<\/ort>\n<adressfreigabe>true<\/adressfreigabe>\n<\/kontaktperson>\n<preise>\n<nettokaltmiete>9.50<\/nettokaltmiete>\n<kaltmiete>9.50<\/kaltmiete>\n<warmmiete>1970.00<\/warmmiete>\n<nebenkosten>3.00<\/nebenkosten>\n<heizkosten_enthalten>false<\/heizkosten_enthalten>\n<heizkosten>150.00<\/heizkosten>\n<zzg_mehrwertsteuer>false<\/zzg_mehrwertsteuer>\n<preis_zeiteinheit\/>\n<mietpreis_pro_qm>11.3000<\/mietpreis_pro_qm>\n<provisionspflichtig>false<\/provisionspflichtig>\n<waehrung iso_waehrung=\"EUR\"\/>\n<mwst_satz>19.00<\/mwst_satz>\n<stp_carport\/>\n<stp_duplex\/>\n<stp_freiplatz\/>\n<stp_garage\/>\n<stp_parkhaus\/>\n<stp_tiefgarage\/>\n<\/preise>\n<bieterverfahren\/>\n<versteigerung\/>\n<flaechen>\n<anzahl_stellplaetze type=\"xsd:decimal\">1<\/anzahl_stellplaetze>\n<\/flaechen>\n<ausstattung>\n<bad\/>\n<kueche\/>\n<heizungsart\/><befeuerung\/>\n<fahrstuhl\/>\n<stellplatzart FREIPLATZ=\"true\"\/>\n<ausricht_balkon_terrasse\/>\n<angeschl_gastronomie\/>\n<sicherheitstechnik\/>\n<\/ausstattung>\n<zustand_angaben>\n<baujahr>1972\/2023<\/baujahr>\n<zustand zustand_art=\"MODERNISIERT\"\/>\n<energiepass>\n<jahrgang>ohne<\/jahrgang>\n<\/energiepass>\n<\/zustand_angaben>\n<bewertung\/>\n<infrastruktur\/>\n<freitexte>\n<objekttitel>Renovierte B&#xFC;ror&#xE4;ume in beliebtem S&#xFC;dviertel | gehobene Ausstattung | Stellpl&#xE4;tze<\/objekttitel>\n<lage>Das B&#xFC;ro befindet sich im beliebten S&#xFC;dviertel, der Hauptbahnhof ist in 6 Minuten zu Fu&#xDF; oder mit der Stra&#xDF;enbahn bzw. Bus mit einem Stopp erreichbar. Die A40 ist nah, ebenso die Auffahrt zur A52 Richtung D&#xFC;sseldorf. Die Stra&#xDF;enbahnhaltestelle \"Kronprinzenstra&#xDF;e\" ist 100m entfernt.\n\nHotels in der N&#xE4;he: Sheraton Hotel, Intercity Hotel, Mercure Hotel, ibis Hotel, Select Hotel Handelshof\n\nBedeutende Unternehmen in der B&#xFC;romarktzone: Santander Consumer Bank AG, Hapag-Lloyd Reiseb&#xFC;ro, Philharmonie, Innogy, PWC<\/lage>\n<ausstatt_beschr>&#x2022; Bodenbelag: Laminat-, Vinylboden\n&#x2022; Verkabelung: CAT-5-Verkabelung\n&#x2022; Sonnenschutz: au&#xDF;enliegend, elektrisch\n&#x2022; Teek&#xFC;che: voll ausgestattet\n&#x2022; Beleuchtung: Rasterleuchten\n&#x2022; Aufzug: Personenaufzug\n&#x2022; Heizungsart: Zentralheizung \n&#x2022; Letzte Modernisierung: 2020\n\nDie Ausstattung ist flexibel und kann bei Bedarf individuell an den Mieter angepasst werden!<\/ausstatt_beschr>\n<objektbeschreibung>Der Haupteingang des Geb&#xE4;udes liegt auf der ruhigen G&#xE4;rtnerstra&#xDF;e unweit der Kronprinzenstra&#xDF;e. Die B&#xFC;ror&#xE4;ume werden durch das zentrale Treppenhaus mit Aufzug erreicht. Durch eine wei&#xDF;e T&#xFC;r betreten Sie den mit Laminat mit heller Holzoptik ausgelegten Eingangsbereich. Die W&#xE4;nde werden wei&#xDF; gestrichen &#xFC;bergeben. Im Eingangsbereich befindet sich auf der linken Seite Platz f&#xFC;r eine Rezeption. Hier befinden sich auch die hell gefliesten Damen- und Herrentoiletten, jeweils mit 2 Kabinen und Fenstern. Entlang des Flurs befinden sich links und rechts 10 B&#xFC;ror&#xE4;ume, die meisten mit einer Gr&#xF6;&#xDF;e von ca. 4,90 m&#xB2; x 4,40 m&#xB2; (~ 21 m&#xB2;), der gr&#xF6;&#xDF;te Raum hat 40 m&#xB2;. Teilweise sind die B&#xFC;ror&#xE4;ume durch interne T&#xFC;ren miteinander verbunden. Die B&#xFC;ror&#xE4;ume sind auch mit Laminat in heller Holzoptik und wei&#xDF;en W&#xE4;nden ausgestattet. Die vom Flur links liegenden B&#xFC;ros blicken auf den hellen Innenhof Richtung Westen, die rechts liegenden auf die G&#xE4;rtnerstra&#xDF;e Richtung Osten. Eine K&#xFC;che mit K&#xFC;chenzeile und ausreichend Platz f&#xFC;r eine Sitzgelegenheit geh&#xF6;rt ebenfalls zu den B&#xFC;ror&#xE4;umen. Es stehen 1 Parkplatz auf dem Innenhof, der von der G&#xE4;rtnerstra&#xDF;e durch eine Hofdurchfahrt erreicht wird, zur Verf&#xFC;gung. Ein Keller von ca. 11,5 m&#xB2; rundet das Angebot ab. Die Geb&#xE4;ude&#xFC;berwachung sowie der Winterdienst sind organisiert und werden &#xFC;ber die Nebenkosten abgerechnet.\n\nDerzeit stehen die folgenden Fl&#xE4;chen zur Disposition: \n\n2. OG: 158 m&#xB2;\n<\/objektbeschreibung>\n<sonstige_angaben>Es gelten ausschlie&#xDF;lich unsere AGB (www.ruhr-real.de\/agb). Wir m&#xF6;chten Sie darauf hinweisen, dass die Angaben ausschlie&#xDF;lich auf den uns vom Eigent&#xFC;mer &#xFC;bermittelten Unterlagen und Informationen basieren. F&#xFC;r Richtigkeit und Vollst&#xE4;ndigkeit &#xFC;bernehmen wir keine Gew&#xE4;hr. Zwischenvermietung vorbehalten.<\/sonstige_angaben>\n<\/freitexte>\n<anhaenge>\n<anhang location=\"EXTERN\" gruppe=\"TITELBILD\">\n<anhangtitel>Au&#xDF;enansicht<\/anhangtitel>\n<format>JPG<\/format>\n<daten>\n<pfad>fd8b4f0c9edf40ce9faaf33cd12e7208.JPG<\/pfad>\n<\/daten>\n<\/anhang>\n<anhang location=\"EXTERN\" gruppe=\"BILD\">\n<anhangtitel>Gro&#xDF;es Zellenb&#xFC;ro<\/anhangtitel>\n<format>PNG<\/format>\n<daten>\n<pfad>804c2443c560469bbe598b8e5f287b0b.PNG<\/pfad>\n<\/daten>\n<\/anhang>\n<anhang location=\"EXTERN\" gruppe=\"BILD\">\n<anhangtitel>Konferenz<\/anhangtitel>\n<format>jpg<\/format>\n<daten>\n<pfad>f22332e28e1245b7aa608c410fa21b78.jpg<\/pfad>\n<\/daten>\n<\/anhang>\n<anhang location=\"EXTERN\" gruppe=\"BILD\">\n<anhangtitel>B&#xFC;ro<\/anhangtitel>\n<format>jpg<\/format>\n<daten>\n<pfad>8aad5d3a9106487484b57b49a8d8df03.jpg<\/pfad>\n<\/daten>\n<\/anhang>\n<anhang location=\"EXTERN\" gruppe=\"BILD\">\n<anhangtitel>B&#xFC;roraum<\/anhangtitel><format>JPG<\/format>\n<daten>\n<pfad>a0eae9137605471f8e70628abd305847.JPG<\/pfad>\n<\/daten>\n<\/anhang>\n<anhang location=\"EXTERN\" gruppe=\"BILD\">\n<anhangtitel>Treppenhaus<\/anhangtitel>\n<format>jpg<\/format>\n<daten>\n<pfad>c963738e9fb9442eac25c467a3e27992.jpg<\/pfad>\n<\/daten>\n<\/anhang>\n<anhang location=\"EXTERN\" gruppe=\"GRUNDRISS\">\n<anhangtitel>2. OG<\/anhangtitel>\n<format>png<\/format>\n<daten>\n<pfad>63eb692a54b744638973854ee412fa33.png<\/pfad>\n<\/daten>\n<\/anhang>\n<\/anhaenge>\n<verwaltung_objekt>\n<objektadresse_freigeben>false<\/objektadresse_freigeben>\n<verfuegbar_ab>01.04.2025<\/verfuegbar_ab>\n<geschlecht\/>\n<\/verwaltung_objekt>\n<verwaltung_techn>\n<objektnr_intern>D2BBC02E7C4D4FB99176DABE19D7DD43<\/objektnr_intern>\n<objektnr_extern>1342\/E5<\/objektnr_extern>\n<aktion aktionart=\"CHANGE\"\/>\n<openimmo_obid>D2BBC02E7C4D4FB99176DABE19D7DD43<\/openimmo_obid>\n<kennung_ursprung>estatePro V10.0.0.8<\/kennung_ursprung>\n<stand_vom>2026-03-30<\/stand_vom>\n<\/verwaltung_techn>\n<user_defined_simplefield feldname=\"Startseite\">Nein<\/user_defined_simplefield>\n<\/immobilie>\n"],"_immonex_energy_class":[""],"_immonex_energy_class_id":["0"],"_thumbnail_id":["185216"],"fave_property_images":["185216","185217","185218","185219","185220","185221"],"fave_floor_plans_enable":["enable"],"floor_plans":["a:1:{i:0;a:7:{s:15:\"fave_plan_title\";s:5:\"2. OG\";s:15:\"fave_plan_rooms\";s:0:\"\";s:19:\"fave_plan_bathrooms\";s:0:\"\";s:15:\"fave_plan_price\";s:0:\"\";s:14:\"fave_plan_size\";s:0:\"\";s:15:\"fave_plan_image\";s:84:\"https:\/\/ruhr-real.de\/wp-content\/uploads\/2026\/03\/63eb692a54b744638973854ee412fa33.png\";s:21:\"fave_plan_description\";s:0:\"\";}}"],"fave_prop_homeslider":["yes"],"fave_prop_slider_image":["185216"],"fave_agents":["152858"],"fave_agent_display_option":["agent_info"],"fave_single_top_area":["global"],"fave_single_content_area":["global"],"fave_property_map":["1"],"fave_property_map_street_view":["hide"],"fave_property_size_prefix":["m\u00b2"],"fave_property_land_postfix":["m\u00b2"],"fave_featured":["0"],"houzez_featured_listing_date":[""],"fave_property_price_postfix":["pro&nbsp;m\u00b2"],"fave_currency":["EUR"],"fave_currency_info":["a:8:{s:2:\"id\";s:1:\"1\";s:13:\"currency_name\";s:4:\"Euro\";s:13:\"currency_code\";s:3:\"EUR\";s:15:\"currency_symbol\";s:3:\"\u20ac\";s:17:\"currency_position\";s:5:\"after\";s:16:\"currency_decimal\";s:1:\"2\";s:26:\"currency_decimal_separator\";s:1:\",\";s:27:\"currency_thousand_separator\";s:1:\".\";}"],"_wpml_word_count":["489"],"houzez_total_property_views":["231"],"houzez_views_by_date":["a:28:{s:10:\"04-02-2026\";i:4;s:10:\"04-03-2026\";i:8;s:10:\"04-04-2026\";i:8;s:10:\"04-05-2026\";i:8;s:10:\"04-06-2026\";i:8;s:10:\"04-07-2026\";i:12;s:10:\"04-08-2026\";i:6;s:10:\"04-09-2026\";i:10;s:10:\"04-10-2026\";i:8;s:10:\"04-11-2026\";i:8;s:10:\"04-12-2026\";i:8;s:10:\"04-13-2026\";i:8;s:10:\"04-14-2026\";i:8;s:10:\"04-15-2026\";i:8;s:10:\"04-16-2026\";i:10;s:10:\"04-17-2026\";i:6;s:10:\"04-18-2026\";i:10;s:10:\"04-19-2026\";i:8;s:10:\"04-20-2026\";i:8;s:10:\"04-21-2026\";i:8;s:10:\"04-22-2026\";i:9;s:10:\"04-23-2026\";i:12;s:10:\"04-24-2026\";i:8;s:10:\"04-25-2026\";i:8;s:10:\"04-26-2026\";i:8;s:10:\"04-27-2026\";i:8;s:10:\"04-28-2026\";i:8;s:10:\"04-29-2026\";i:8;}"],"houzez_recently_viewed":["2026-04-29 14:41:48"],"_elementor_page_assets":["a:0:{}"]},"_links":{"self":[{"href":"https:\/\/ruhr-real.de\/en\/wp-json\/wp\/v2\/properties\/173782","targetHints":{"allow":["GET"]}}],"collection":[{"href":"https:\/\/ruhr-real.de\/en\/wp-json\/wp\/v2\/properties"}],"about":[{"href":"https:\/\/ruhr-real.de\/en\/wp-json\/wp\/v2\/types\/property"}],"author":[{"embeddable":true,"href":"https:\/\/ruhr-real.de\/en\/wp-json\/wp\/v2\/users\/1"}],"version-history":[{"count":0,"href":"https:\/\/ruhr-real.de\/en\/wp-json\/wp\/v2\/properties\/173782\/revisions"}],"wp:featuredmedia":[{"embeddable":true,"href":"https:\/\/ruhr-real.de\/en\/wp-json\/wp\/v2\/media\/185216"}],"wp:attachment":[{"href":"https:\/\/ruhr-real.de\/en\/wp-json\/wp\/v2\/media?parent=173782"}],"wp:term":[{"taxonomy":"property_type","embeddable":true,"href":"https:\/\/ruhr-real.de\/en\/wp-json\/wp\/v2\/property_type?post=173782"},{"taxonomy":"property_status","embeddable":true,"href":"https:\/\/ruhr-real.de\/en\/wp-json\/wp\/v2\/property_status?post=173782"},{"taxonomy":"property_feature","embeddable":true,"href":"https:\/\/ruhr-real.de\/en\/wp-json\/wp\/v2\/property_feature?post=173782"},{"taxonomy":"property_label","embeddable":true,"href":"https:\/\/ruhr-real.de\/en\/wp-json\/wp\/v2\/property_label?post=173782"},{"taxonomy":"property_country","embeddable":true,"href":"https:\/\/ruhr-real.de\/en\/wp-json\/wp\/v2\/property_country?post=173782"},{"taxonomy":"property_state","embeddable":true,"href":"https:\/\/ruhr-real.de\/en\/wp-json\/wp\/v2\/property_state?post=173782"},{"taxonomy":"property_city","embeddable":true,"href":"https:\/\/ruhr-real.de\/en\/wp-json\/wp\/v2\/property_city?post=173782"},{"taxonomy":"property_area","embeddable":true,"href":"https:\/\/ruhr-real.de\/en\/wp-json\/wp\/v2\/property_area?post=173782"}],"curies":[{"name":"wp","href":"https:\/\/api.w.org\/{rel}","templated":true}]}}