{"id":174444,"date":"2025-12-04T00:01:11","date_gmt":"2025-12-03T23:01:11","guid":{"rendered":"https:\/\/ruhr-real.de\/objekt\/attraktive-bueroflaeche-in-beliebter-bueromarktzone-stadtkrone-ost-zahlreiche-stellplaetze-ruhr-real\/"},"modified":"2025-12-04T00:01:11","modified_gmt":"2025-12-03T23:01:11","slug":"attraktive-bueroflaeche-in-beliebter-bueromarktzone-stadtkrone-ost-zahlreiche-stellplaetze-ruhr-real","status":"publish","type":"property","link":"https:\/\/ruhr-real.de\/en\/objekt\/attraktive-bueroflaeche-in-beliebter-bueromarktzone-stadtkrone-ost-zahlreiche-stellplaetze-ruhr-real\/","title":{"rendered":"Attraktive B\u00fcrofl\u00e4che in beliebter B\u00fcromarktzone Stadtkrone-Ost | zahlreiche Stellpl\u00e4tze | RUHR REAL"},"content":{"rendered":"<p>Bei der angebotenen Immobilie handelt es sich um ein B\u00fcrogeb\u00e4ude in bester Lage von Dortmund. Die vakante Fl\u00e4che befindet sich im Untergeschoss. Zahlreiche Fenster sorgen f\u00fcr eine ideale nat\u00fcrliche Belichtung der R\u00e4ume. Die derzeitige Aufteilung der B\u00fcrofl\u00e4chen in Gro\u00dfraumbereiche sowie Team-, und Einzelb\u00fcros, l\u00e4sst die Realisierung moderner Arbeitswelten zu. Die Mietfl\u00e4che ist \u00fcber ein Treppenhaus sowie \u00fcber einen Aufzug erschlossen.<br \/>\nZahlreiche Stellpl\u00e4tze stehen dar\u00fcber hinaus in dem begr\u00fcnten Innenhof zur Anmietung bereit.<\/p>\n<p>Derzeit stehen die folgenden Fl\u00e4chen zur Disposition:<\/p>\n<p>UG: 357,98 m\u00b2 Mietfl\u00e4che<\/p>\n<p>Das angebotene Objekt befindet sich in der Stadtkrone-Ost in Dortmund. Die Stadtkrone Ost ist eine der beliebtesten B\u00fcromarktzonen in der Region. Hier wird eine ruhige Arbeitsatmosph\u00e4re gew\u00e4hrleistet. Gleichzeitig ist man durch die Bushaltestelle &#8220;Europaplatz&#8221; direkt vor dem Eingang ideal an das \u00d6PNV-Netz angebunden. \u00dcber die umliegenden Schnellstra\u00dfen B1 und B236 erreicht man in wenigen Fahrminuten die Autobahnen A40, A44 und A1. Dar\u00fcber hinaus bieten bspw. im Nachbargeb\u00e4ude &#8220;The Ash&#8221; und &#8220;L&#8217;Osteria&#8221; eine hervorragende Nahversorgung.<\/p>\n<p>Bedeutende Unternehmen in der B\u00fcromarktzone: Volksbank, AOK NordWest, DOKOM21, Techniker Krankenkasse, adesso<\/p>\n<p>Hotels in der Umgebung: Holiday Inn, Hampton by Hilton<\/p>\n<p>\u2022 Bodenbelag: Teppichboden<br \/>\n\u2022 Verkabelungsort: Bodentanks<br \/>\n\u2022 Sonnenschutz: au\u00dfenliegend und innenliegend<br \/>\n\u2022 Beleuchtung: arbeitsplatzgerechte Deckenbeleuchtung<br \/>\n\u2022 Aufzug: Personenaufzug<br \/>\n\u2022 Barrierearm: ebenerdiger Zugang<\/p>\n<p>Die Ausstattung kann bei Bedarf angepasst werden!<\/p>\n<p>Es gelten ausschlie\u00dflich unsere AGB (www.ruhr-real.de\/agb). Wir m\u00f6chten Sie darauf hinweisen, dass die Angaben ausschlie\u00dflich auf den uns vom Eigent\u00fcmer \u00fcbermittelten Unterlagen und Informationen basieren. F\u00fcr Richtigkeit und Vollst\u00e4ndigkeit \u00fcbernehmen wir keine Gew\u00e4hr. Zwischenvermietung vor<br \/>\n<div class=\"widget widget_immonex_user_defined_properties_widget\"><div class=\"immonex-widget immonex-widget-houzez\">\n\t\t<div class=\"immonex-widget-title clearfix\">\n\t\t<h2 class=\"widgettitle\">Energieeffizienz<\/h2>\t<\/div>\n\t\t<ul class=\"immonex-property-details row list-lined list-unstyled\">\n\t\t\t\t<li>\n\t\t\t<div class=\"list-lined-item w-100 d-flex justify-content-between py-2\">\n\t\t\t\t\t\t\t\t<strong class=\"property-details-label\">Energieausweis-Art:<\/strong>&nbsp;<span class=\"property-details-value\">Demand<\/span>\n\t\t\t\t\t\t\t<\/div>\n\t\t<\/li>\n\t\t\t\t<li>\n\t\t\t<div class=\"list-lined-item w-100 d-flex justify-content-between py-2\">\n\t\t\t\t\t\t\t\t<strong class=\"property-details-label\">Prim\u00e4renergietr\u00e4ger:<\/strong>&nbsp;<span class=\"property-details-value\">Gas<\/span>\n\t\t\t\t\t\t\t<\/div>\n\t\t<\/li>\n\t\t\t\t<li>\n\t\t\t<div class=\"list-lined-item w-100 d-flex justify-content-between py-2\">\n\t\t\t\t\t\t\t\t<strong class=\"property-details-label\">Stromverbrauchskennwert:<\/strong>&nbsp;<span class=\"property-details-value\">22,8&nbsp;kWh\/(m\u00b2*a)<\/span>\n\t\t\t\t\t\t\t<\/div>\n\t\t<\/li>\n\t\t\t\t<li>\n\t\t\t<div class=\"list-lined-item w-100 d-flex justify-content-between py-2\">\n\t\t\t\t\t\t\t\t<strong class=\"property-details-label\">Heizenergieverbrauchskennwert:<\/strong>&nbsp;<span class=\"property-details-value\">106,9&nbsp;kWh\/(m\u00b2*a)<\/span>\n\t\t\t\t\t\t\t<\/div>\n\t\t<\/li>\n\t\t\t\t<li>\n\t\t\t<div class=\"list-lined-item w-100 d-flex justify-content-between py-2\">\n\t\t\t\t\t\t\t\t<strong class=\"property-details-label\">Baujahr (Energieausweis):<\/strong>&nbsp;<span class=\"property-details-value\">2001<\/span>\n\t\t\t\t\t\t\t<\/div>\n\t\t<\/li>\n\t\t\t\t<li>\n\t\t\t<div class=\"list-lined-item w-100 d-flex justify-content-between py-2\">\n\t\t\t\t\t\t\t\t<strong class=\"property-details-label\">Energieausweis-Ausstellungsdatum:<\/strong>&nbsp;<span class=\"property-details-value\">30.09.2020<\/span>\n\t\t\t\t\t\t\t<\/div>\n\t\t<\/li>\n\t\t\t\t<li>\n\t\t\t<div class=\"list-lined-item w-100 d-flex justify-content-between py-2\">\n\t\t\t\t\t\t\t\t<strong class=\"property-details-label\">Energieausweis-Jahrgang:<\/strong>&nbsp;<span class=\"property-details-value\">as from may 2014<\/span>\n\t\t\t\t\t\t\t<\/div>\n\t\t<\/li>\n\t\t\t<\/ul>\n<\/div><\/div><\/p>\n","protected":false},"excerpt":{"rendered":"<p>Bei der angebotenen Immobilie handelt es sich um ein B\u00fcrogeb\u00e4ude in bester Lage von Dortmund. Die vakante Fl\u00e4che&#8230;<\/p>\n","protected":false},"author":1,"featured_media":174445,"parent":0,"menu_order":0,"template":"","property_type":[379],"property_status":[352],"property_feature":[354],"property_label":[],"property_country":[353],"property_state":[],"property_city":[304],"property_area":[],"class_list":["post-174444","property","type-property","status-publish","has-post-thumbnail","hentry","property_type-bueroflaechen","property_status-zu-vermieten","property_feature-personenaufzug","property_country-deutschland","property_city-dortmund"],"acf":[],"property_meta":{"rank_math_internal_links_processed":["1"],"_immonex_post_status":["new"],"_immonex_import_folder":["users\/RUHRREAL"],"fave_property_map_address":["44269 Dortmund"],"fave_property_zip":["44269"],"fave_property_country":["DE"],"_immonex_lat":["51.4769294"],"_immonex_lng":["7.5418236"],"houzez_geolocation_lat":["51.4769294"],"houzez_geolocation_long":["7.5418236"],"fave_property_location":["51.4769294,7.5418236"],"fave_property_price":["9.50"],"fave_property_sec_price":["9.5000"],"fave_property_size":["158"],"fave_property_id":["1481\/E2"],"_fave_property_id":["1481\/E2"],"_immonex_translation_id":["1481\/E2"],"_immonex_iso_country":["DEU"],"_openimmo_obid":["AEDAD488391043F4AC6E6C796CB03520"],"_openimmo_anid":["0000"],"_immonex_group_number":["9"],"_immonex_group_id":[""],"_immonex_group_master":[""],"_immonex_import_meta":["a:6:{s:8:\"zip_file\";s:131:\"\/www\/htdocs\/w0172e0e\/ruhr-real_2024\/wp-content\/uploads\/immonex-openimmo-import\/users\/RUHRREAL\/Immowelt_estatePro_20251204172200.zip\";s:8:\"xml_file\";s:158:\"\/www\/htdocs\/w0172e0e\/ruhr-real_2024\/wp-content\/uploads\/immonex-openimmo-import\/immowelt_estatepro_20251204172200\/Homepage_2024_NEW_estatePro20251204172200.xml\";s:12:\"mapping_file\";s:116:\"\/www\/htdocs\/w0172e0e\/ruhr-real_2024\/wp-content\/uploads\/immonex-openimmo-import\/mappings\/houzez_ruhrreal_18122023.csv\";s:9:\"timestamp\";i:1764865332;s:4:\"date\";s:10:\"2025-12-04\";s:4:\"time\";s:8:\"17:22:12\";}"],"_is_immonex_import_property":["1"],"_immonex_is_reference":[""],"_immonex_is_sold":[""],"_immonex_is_reserved":[""],"_immonex_is_available":["1"],"_immonex_areabutler_url_with_address":[""],"_immonex_areabutler_url_no_address":[""],"_immonex_areabutler_url":[""],"additional_features":["a:16:{i:0;a:2:{s:29:\"fave_additional_feature_title\";s:14:\"Nettokaltmiete\";s:29:\"fave_additional_feature_value\";s:13:\"9,50&nbsp;\u20ac\";}i:1;a:2:{s:29:\"fave_additional_feature_title\";s:9:\"Kaltmiete\";s:29:\"fave_additional_feature_value\";s:13:\"9,50&nbsp;\u20ac\";}i:2;a:2:{s:29:\"fave_additional_feature_title\";s:29:\"monatl. Betriebs-\/Nebenkosten\";s:29:\"fave_additional_feature_value\";s:10:\"3&nbsp;\u20ac\";}i:3;a:2:{s:29:\"fave_additional_feature_title\";s:33:\"Heizkosten in Warmmiete enthalten\";s:29:\"fave_additional_feature_value\";s:4:\"nein\";}i:4;a:2:{s:29:\"fave_additional_feature_title\";s:32:\"Preise zuz\u00fcglich Mehrwertsteuer\";s:29:\"fave_additional_feature_value\";s:4:\"nein\";}i:5;a:2:{s:29:\"fave_additional_feature_title\";s:23:\"Netto-Kaltmiete pro m\u00b2\";s:29:\"fave_additional_feature_value\";s:13:\"9,50&nbsp;\u20ac\";}i:6;a:2:{s:29:\"fave_additional_feature_title\";s:10:\"MwSt.-Satz\";s:29:\"fave_additional_feature_value\";s:9:\"19&nbsp;%\";}i:7;a:2:{s:29:\"fave_additional_feature_title\";s:12:\"B\u00fcrofl\u00e4che\";s:29:\"fave_additional_feature_value\";s:15:\"357,98&nbsp;m\u00b2\";}i:8;a:2:{s:29:\"fave_additional_feature_title\";s:16:\"B\u00fcroteilfl\u00e4che\";s:29:\"fave_additional_feature_value\";s:12:\"158&nbsp;m\u00b2\";}i:9;a:2:{s:29:\"fave_additional_feature_title\";s:10:\"Teilbar ab\";s:29:\"fave_additional_feature_value\";s:12:\"158&nbsp;m\u00b2\";}i:10;a:2:{s:29:\"fave_additional_feature_title\";s:19:\"Art der Ausstattung\";s:29:\"fave_additional_feature_value\";s:8:\"Standard\";}i:11;a:2:{s:29:\"fave_additional_feature_title\";s:10:\"Befeuerung\";s:29:\"fave_additional_feature_value\";s:3:\"Gas\";}i:12;a:2:{s:29:\"fave_additional_feature_title\";s:10:\"Bodenbelag\";s:29:\"fave_additional_feature_value\";s:7:\"Teppich\";}i:13;a:2:{s:29:\"fave_additional_feature_title\";s:13:\"Stellplatzart\";s:29:\"fave_additional_feature_value\";s:9:\"Freiplatz\";}i:14;a:2:{s:29:\"fave_additional_feature_title\";s:7:\"Zustand\";s:29:\"fave_additional_feature_value\";s:8:\"gepflegt\";}i:15;a:2:{s:29:\"fave_additional_feature_title\";s:27:\"Immobilie ist verf\u00fcgbar ab\";s:29:\"fave_additional_feature_value\";s:17:\"nach Vereinbarung\";}}"],"fave_additional_features_enable":["enable"],"_immonex_custom_fields":["a:7:{s:18:\"Energieausweis-Art\";a:5:{s:14:\"mapping_source\";s:35:\"zustand_angaben->energiepass->epart\";s:4:\"name\";s:0:\"\";s:5:\"group\";s:5:\"epass\";s:5:\"value\";s:6:\"Demand\";s:19:\"value_before_filter\";s:6:\"BEDARF\";}s:21:\"Prim\u00e4renergietr\u00e4ger\";a:5:{s:14:\"mapping_source\";s:28:\"ausstattung->befeuerung:GAS+\";s:4:\"name\";s:0:\"\";s:5:\"group\";s:5:\"epass\";s:5:\"value\";s:3:\"Gas\";s:19:\"value_before_filter\";s:3:\"Gas\";}s:23:\"Stromverbrauchskennwert\";a:5:{s:14:\"mapping_source\";s:39:\"zustand_angaben->energiepass->stromwert\";s:4:\"name\";s:0:\"\";s:5:\"group\";s:5:\"epass\";s:5:\"value\";s:21:\"22,8&nbsp;kWh\/(m\u00b2*a)\";s:19:\"value_before_filter\";s:4:\"22,8\";}s:29:\"Heizenergieverbrauchskennwert\";a:5:{s:14:\"mapping_source\";s:40:\"zustand_angaben->energiepass->waermewert\";s:4:\"name\";s:0:\"\";s:5:\"group\";s:5:\"epass\";s:5:\"value\";s:22:\"106,9&nbsp;kWh\/(m\u00b2*a)\";s:19:\"value_before_filter\";s:5:\"106,9\";}s:24:\"Baujahr (Energieausweis)\";a:5:{s:14:\"mapping_source\";s:37:\"zustand_angaben->energiepass->baujahr\";s:4:\"name\";s:0:\"\";s:5:\"group\";s:5:\"epass\";s:5:\"value\";s:4:\"2001\";s:19:\"value_before_filter\";s:4:\"2001\";}s:32:\"Energieausweis-Ausstellungsdatum\";a:5:{s:14:\"mapping_source\";s:43:\"zustand_angaben->energiepass->ausstelldatum\";s:4:\"name\";s:0:\"\";s:5:\"group\";s:5:\"epass\";s:5:\"value\";s:10:\"30.09.2020\";s:19:\"value_before_filter\";s:10:\"2020-09-30\";}s:23:\"Energieausweis-Jahrgang\";a:5:{s:14:\"mapping_source\";s:38:\"zustand_angaben->energiepass->jahrgang\";s:4:\"name\";s:0:\"\";s:5:\"group\";s:5:\"epass\";s:5:\"value\";s:16:\"as from may 2014\";s:19:\"value_before_filter\";s:4:\"2014\";}}"],"_immonex_property_xml_source":["<?xml version=\"1.0\"?>\n<immobilie>\n<objektkategorie>\n<nutzungsart WOHNEN=\"false\" GEWERBE=\"true\"\/>\n<vermarktungsart KAUF=\"false\" MIETE_PACHT=\"true\"\/>\n<objektart>\n<buero_praxen buero_typ=\"BUEROHAUS\"\/>\n<\/objektart>\n<user_defined_simplefield\/>\n<\/objektkategorie>\n<geo>\n<plz>44269<\/plz>\n<ort>Dortmund<\/ort>\n<strasse>Europaplatz<\/strasse>\n<hausnummer>4-5<\/hausnummer>\n<land iso_land=\"DEU\"\/>\n<lage_im_bau\/>\n<\/geo>\n<kontaktperson>\n<email_zentrale>anfrage@ruhr-real.de<\/email_zentrale>\n<email_direkt>ostermann@ruhr-real.de<\/email_direkt>\n<tel_durchw>+49 201 99996333<\/tel_durchw>\n<tel_fax>+49 201 99996344<\/tel_fax>\n<tel_handy>+49 162 8184000<\/tel_handy>\n<name>Ostermann<\/name>\n<vorname>Leon<\/vorname>\n<anrede>Herr<\/anrede>\n<firma>RUHR REAL GmbH<\/firma>\n<strasse>Holsterhauser Platz<\/strasse>\n<hausnummer>2<\/hausnummer>\n<plz>45147<\/plz>\n<ort>Essen<\/ort>\n<adressfreigabe>true<\/adressfreigabe>\n<\/kontaktperson>\n<preise>\n<nettokaltmiete>9.50<\/nettokaltmiete>\n<kaltmiete>9.50<\/kaltmiete>\n<nebenkosten>3.00<\/nebenkosten>\n<heizkosten_enthalten>false<\/heizkosten_enthalten>\n<zzg_mehrwertsteuer>false<\/zzg_mehrwertsteuer>\n<preis_zeiteinheit\/>\n<mietpreis_pro_qm>9.5000<\/mietpreis_pro_qm>\n<provisionspflichtig>false<\/provisionspflichtig>\n<waehrung iso_waehrung=\"EUR\"\/>\n<mwst_satz>19.00<\/mwst_satz>\n<stp_carport\/>\n<stp_duplex\/>\n<stp_freiplatz\/>\n<stp_garage\/>\n<stp_parkhaus\/>\n<stp_tiefgarage\/>\n<\/preise>\n<bieterverfahren\/>\n<versteigerung\/>\n<flaechen>\n<bueroflaeche>357.98<\/bueroflaeche>\n<bueroteilflaeche>158<\/bueroteilflaeche>\n<teilbar_ab>158<\/teilbar_ab>\n<anzahl_stellplaetze type=\"xsd:decimal\">5<\/anzahl_stellplaetze>\n<\/flaechen>\n<ausstattung>\n<ausstatt_kategorie>STANDARD<\/ausstatt_kategorie>\n<bad\/>\n<kueche\/>\n<boden TEPPICH=\"true\"\/>\n<heizungsart\/>\n<befeuerung GAS=\"true\"\/>\n<fahrstuhl PERSONEN=\"true\"\/>\n<stellplatzart FREIPLATZ=\"true\"\/>\n<ausricht_balkon_terrasse\/>\n<angeschl_gastronomie\/>\n<sicherheitstechnik\/>\n<\/ausstattung>\n<zustand_angaben>\n<zustand zustand_art=\"GEPFLEGT\"\/>\n<energiepass>\n<epart>BEDARF<\/epart>\n<stromwert>22,8<\/stromwert>\n<waermewert>106,9<\/waermewert>\n<baujahr>2001<\/baujahr>\n<ausstelldatum>2020-09-30<\/ausstelldatum>\n<jahrgang>2014<\/jahrgang>\n<\/energiepass>\n<\/zustand_angaben>\n<bewertung\/>\n<infrastruktur\/>\n<freitexte>\n<objekttitel>Attraktive B&#xFC;rofl&#xE4;che in beliebter B&#xFC;romarktzone Stadtkrone-Ost | zahlreiche Stellpl&#xE4;tze | RUHR REAL<\/objekttitel>\n<lage>Das angebotene Objekt befindet sich in der Stadtkrone-Ost in Dortmund. Die Stadtkrone Ost ist eine der beliebtesten B&#xFC;romarktzonen in der Region. Hier wird eine ruhige Arbeitsatmosph&#xE4;re gew&#xE4;hrleistet. Gleichzeitig ist man durch die Bushaltestelle \"Europaplatz\" direkt vor dem Eingang ideal an das &#xD6;PNV-Netz angebunden. &#xDC;ber die umliegenden Schnellstra&#xDF;en B1 und B236 erreicht man in wenigen Fahrminuten die Autobahnen A40, A44 und A1. Dar&#xFC;ber hinaus bieten bspw. im Nachbargeb&#xE4;ude \"The Ash\" und \"L'Osteria\" eine hervorragende Nahversorgung. \n\nBedeutende Unternehmen in der B&#xFC;romarktzone: Volksbank, AOK NordWest, DOKOM21, Techniker Krankenkasse, adesso \n\nHotels in der Umgebung: Holiday Inn, Hampton by Hilton<\/lage>\n<ausstatt_beschr>&#x2022; Bodenbelag: Teppichboden\n&#x2022; Verkabelungsort: Bodentanks\n&#x2022; Sonnenschutz: au&#xDF;enliegend und innenliegend\n&#x2022; Beleuchtung: arbeitsplatzgerechte Deckenbeleuchtung\n&#x2022; Aufzug: Personenaufzug\n&#x2022; Barrierearm: ebenerdiger Zugang \n\nDie Ausstattung kann bei Bedarf angepasst werden!<\/ausstatt_beschr>\n<objektbeschreibung>Bei der angebotenen Immobilie handelt es sich um ein B&#xFC;rogeb&#xE4;ude in bester Lage von Dortmund. Die vakante Fl&#xE4;che befindet sich im Untergeschoss. Zahlreiche Fenster sorgen f&#xFC;r eine ideale nat&#xFC;rliche Belichtung der R&#xE4;ume. Die derzeitige Aufteilung der B&#xFC;rofl&#xE4;chen in Gro&#xDF;raumbereiche sowie Team-, und Einzelb&#xFC;ros, l&#xE4;sst die Realisierung moderner Arbeitswelten zu. Die Mietfl&#xE4;che ist &#xFC;ber ein Treppenhaus sowie &#xFC;ber einen Aufzug erschlossen.\nZahlreiche Stellpl&#xE4;tze stehen dar&#xFC;ber hinaus in dem begr&#xFC;nten Innenhof zur Anmietung bereit.\n\nDerzeit stehen die folgenden Fl&#xE4;chen zur Disposition: \n\nUG: 357,98 m&#xB2; Mietfl&#xE4;che<\/objektbeschreibung><sonstige_angaben>Es gelten ausschlie&#xDF;lich unsere AGB (www.ruhr-real.de\/agb). Wir m&#xF6;chten Sie darauf hinweisen, dass die Angaben ausschlie&#xDF;lich auf den uns vom Eigent&#xFC;mer &#xFC;bermittelten Unterlagen und Informationen basieren. F&#xFC;r Richtigkeit und Vollst&#xE4;ndigkeit &#xFC;bernehmen wir keine Gew&#xE4;hr. Zwischenvermietung vor<\/sonstige_angaben>\n<\/freitexte>\n<anhaenge>\n<anhang location=\"EXTERN\" gruppe=\"TITELBILD\">\n<anhangtitel>Geb&#xE4;udeansicht vorne<\/anhangtitel>\n<format>png<\/format>\n<daten>\n<pfad>4229cfb00c284de381eb137e9102ecd8.png<\/pfad>\n<\/daten>\n<\/anhang>\n<anhang location=\"EXTERN\" gruppe=\"BILD\">\n<anhangtitel>Meetingraum<\/anhangtitel>\n<format>jpeg<\/format>\n<daten>\n<pfad>f501c7666ea84c9c806178e25f0a1bac.jpeg<\/pfad>\n<\/daten>\n<\/anhang>\n<anhang location=\"EXTERN\" gruppe=\"BILD\">\n<anhangtitel>B&#xFC;ro<\/anhangtitel>\n<format>jpeg<\/format>\n<daten>\n<pfad>34beeef1adc842a98e6d8e80c94a8ed9.jpeg<\/pfad>\n<\/daten>\n<\/anhang>\n<anhang location=\"EXTERN\" gruppe=\"BILD\">\n<anhangtitel>B&#xFC;ro<\/anhangtitel>\n<format>jpeg<\/format>\n<daten>\n<pfad>c6db1877956d4cc0b193d01a1dc8be3f.jpeg<\/pfad>\n<\/daten>\n<\/anhang>\n<anhang location=\"EXTERN\" gruppe=\"BILD\">\n<anhangtitel>B&#xFC;ro<\/anhangtitel>\n<format>jpeg<\/format>\n<daten>\n<pfad>23b2362564974e16aa4084faba44301c.jpeg<\/pfad>\n<\/daten>\n<\/anhang>\n<anhang location=\"EXTERN\" gruppe=\"BILD\">\n<anhangtitel>Meetingraum<\/anhangtitel>\n<format>jpeg<\/format>\n<daten>\n<pfad>1efcb892e3a3436f8db75db666cd059c.jpeg<\/pfad>\n<\/daten>\n<\/anhang>\n<anhang location=\"EXTERN\" gruppe=\"BILD\">\n<anhangtitel>B&#xFC;ro<\/anhangtitel>\n<format>jpeg<\/format>\n<daten>\n<pfad>ff17b0f95bfa4c26bb68da0dde2eed0c.jpeg<\/pfad>\n<\/daten>\n<\/anhang>\n<anhang location=\"EXTERN\" gruppe=\"BILD\">\n<anhangtitel>Flur<\/anhangtitel>\n<format>jpeg<\/format>\n<daten>\n<pfad>8616d8d2cff64082978b5c4809d32f9c.jpeg<\/pfad>\n<\/daten>\n<\/anhang>\n<anhang location=\"EXTERN\" gruppe=\"GRUNDRISS\">\n<anhangtitel>Grundriss UG<\/anhangtitel>\n<format>PNG<\/format>\n<daten>\n<pfad>c03f564bf7ce49dd82284fe892905dcc.PNG<\/pfad>\n<\/daten>\n<\/anhang>\n<\/anhaenge>\n<verwaltung_objekt>\n<objektadresse_freigeben>false<\/objektadresse_freigeben>\n<verfuegbar_ab>nach Vereinbarung<\/verfuegbar_ab>\n<gruppennummer>9<\/gruppennummer>\n<geschlecht\/>\n<\/verwaltung_objekt>\n<verwaltung_techn>\n<objektnr_intern>AEDAD488391043F4AC6E6C796CB03520<\/objektnr_intern>\n<objektnr_extern>1481\/E2<\/objektnr_extern>\n<aktion aktionart=\"CHANGE\"\/>\n<openimmo_obid>AEDAD488391043F4AC6E6C796CB03520<\/openimmo_obid>\n<kennung_ursprung>estatePro V10.0.0.8<\/kennung_ursprung>\n<stand_vom>2025-12-04<\/stand_vom>\n<\/verwaltung_techn>\n<user_defined_simplefield feldname=\"Startseite\">Nein<\/user_defined_simplefield>\n<\/immobilie>\n"],"_immonex_energy_class":[""],"_immonex_energy_class_id":["0"],"_thumbnail_id":["174445"],"fave_property_images":["174445","174446","174447","174448","174449","174450","174451","174452"],"fave_floor_plans_enable":["enable"],"floor_plans":["a:1:{i:0;a:7:{s:15:\"fave_plan_title\";s:12:\"Grundriss UG\";s:15:\"fave_plan_rooms\";s:0:\"\";s:19:\"fave_plan_bathrooms\";s:0:\"\";s:15:\"fave_plan_price\";s:0:\"\";s:14:\"fave_plan_size\";s:0:\"\";s:15:\"fave_plan_image\";s:84:\"https:\/\/ruhr-real.de\/wp-content\/uploads\/2025\/12\/c03f564bf7ce49dd82284fe892905dcc.png\";s:21:\"fave_plan_description\";s:0:\"\";}}"],"fave_prop_homeslider":["yes"],"fave_prop_slider_image":["174445"],"fave_agents":["142704"],"fave_agent_display_option":["agent_info"],"fave_single_top_area":["global"],"fave_single_content_area":["global"],"fave_property_map":["1"],"fave_property_map_street_view":["hide"],"fave_property_size_prefix":["m\u00b2"],"fave_property_land_postfix":["m\u00b2"],"fave_featured":["0"],"houzez_featured_listing_date":[""],"fave_property_price_postfix":["pro&nbsp;m\u00b2"],"fave_currency":["EUR"],"fave_currency_info":["a:8:{s:2:\"id\";s:1:\"1\";s:13:\"currency_name\";s:4:\"Euro\";s:13:\"currency_code\";s:3:\"EUR\";s:15:\"currency_symbol\";s:3:\"\u20ac\";s:17:\"currency_position\";s:5:\"after\";s:16:\"currency_decimal\";s:1:\"2\";s:26:\"currency_decimal_separator\";s:1:\",\";s:27:\"currency_thousand_separator\";s:1:\".\";}"],"houzez_total_property_views":["729"],"houzez_views_by_date":["a:61:{s:10:\"02-28-2026\";i:4;s:10:\"03-01-2026\";i:4;s:10:\"03-02-2026\";i:4;s:10:\"03-03-2026\";i:4;s:10:\"03-04-2026\";i:6;s:10:\"03-05-2026\";i:4;s:10:\"03-06-2026\";i:4;s:10:\"03-07-2026\";i:4;s:10:\"03-08-2026\";i:4;s:10:\"03-09-2026\";i:4;s:10:\"03-10-2026\";i:4;s:10:\"03-11-2026\";i:6;s:10:\"03-12-2026\";i:6;s:10:\"03-13-2026\";i:4;s:10:\"03-14-2026\";i:4;s:10:\"03-15-2026\";i:4;s:10:\"03-16-2026\";i:2;s:10:\"03-17-2026\";i:4;s:10:\"03-18-2026\";i:3;s:10:\"03-19-2026\";i:4;s:10:\"03-20-2026\";i:6;s:10:\"03-21-2026\";i:4;s:10:\"03-22-2026\";i:4;s:10:\"03-23-2026\";i:4;s:10:\"03-24-2026\";i:4;s:10:\"03-25-2026\";i:4;s:10:\"03-26-2026\";i:6;s:10:\"03-27-2026\";i:4;s:10:\"03-28-2026\";i:4;s:10:\"03-29-2026\";i:4;s:10:\"03-30-2026\";i:2;s:10:\"03-31-2026\";i:1;s:10:\"04-01-2026\";i:9;s:10:\"04-02-2026\";i:9;s:10:\"04-03-2026\";i:8;s:10:\"04-04-2026\";i:8;s:10:\"04-05-2026\";i:8;s:10:\"04-06-2026\";i:8;s:10:\"04-07-2026\";i:12;s:10:\"04-08-2026\";i:5;s:10:\"04-09-2026\";i:11;s:10:\"04-10-2026\";i:8;s:10:\"04-11-2026\";i:8;s:10:\"04-12-2026\";i:8;s:10:\"04-13-2026\";i:8;s:10:\"04-14-2026\";i:8;s:10:\"04-15-2026\";i:8;s:10:\"04-16-2026\";i:8;s:10:\"04-17-2026\";i:8;s:10:\"04-18-2026\";i:8;s:10:\"04-19-2026\";i:8;s:10:\"04-20-2026\";i:8;s:10:\"04-21-2026\";i:8;s:10:\"04-22-2026\";i:8;s:10:\"04-23-2026\";i:12;s:10:\"04-24-2026\";i:8;s:10:\"04-25-2026\";i:10;s:10:\"04-26-2026\";i:8;s:10:\"04-27-2026\";i:8;s:10:\"04-28-2026\";i:8;s:10:\"04-29-2026\";i:7;}"],"houzez_recently_viewed":["2026-04-29 13:54:17"],"tp_widgets":["a:2:{s:7:\"widgets\";a:0:{}s:9:\"update_at\";s:10:\"1764682733\";}"],"_elementor_page_assets":["a:0:{}"]},"_links":{"self":[{"href":"https:\/\/ruhr-real.de\/en\/wp-json\/wp\/v2\/properties\/174444","targetHints":{"allow":["GET"]}}],"collection":[{"href":"https:\/\/ruhr-real.de\/en\/wp-json\/wp\/v2\/properties"}],"about":[{"href":"https:\/\/ruhr-real.de\/en\/wp-json\/wp\/v2\/types\/property"}],"author":[{"embeddable":true,"href":"https:\/\/ruhr-real.de\/en\/wp-json\/wp\/v2\/users\/1"}],"version-history":[{"count":0,"href":"https:\/\/ruhr-real.de\/en\/wp-json\/wp\/v2\/properties\/174444\/revisions"}],"wp:featuredmedia":[{"embeddable":true,"href":"https:\/\/ruhr-real.de\/en\/wp-json\/wp\/v2\/media\/174445"}],"wp:attachment":[{"href":"https:\/\/ruhr-real.de\/en\/wp-json\/wp\/v2\/media?parent=174444"}],"wp:term":[{"taxonomy":"property_type","embeddable":true,"href":"https:\/\/ruhr-real.de\/en\/wp-json\/wp\/v2\/property_type?post=174444"},{"taxonomy":"property_status","embeddable":true,"href":"https:\/\/ruhr-real.de\/en\/wp-json\/wp\/v2\/property_status?post=174444"},{"taxonomy":"property_feature","embeddable":true,"href":"https:\/\/ruhr-real.de\/en\/wp-json\/wp\/v2\/property_feature?post=174444"},{"taxonomy":"property_label","embeddable":true,"href":"https:\/\/ruhr-real.de\/en\/wp-json\/wp\/v2\/property_label?post=174444"},{"taxonomy":"property_country","embeddable":true,"href":"https:\/\/ruhr-real.de\/en\/wp-json\/wp\/v2\/property_country?post=174444"},{"taxonomy":"property_state","embeddable":true,"href":"https:\/\/ruhr-real.de\/en\/wp-json\/wp\/v2\/property_state?post=174444"},{"taxonomy":"property_city","embeddable":true,"href":"https:\/\/ruhr-real.de\/en\/wp-json\/wp\/v2\/property_city?post=174444"},{"taxonomy":"property_area","embeddable":true,"href":"https:\/\/ruhr-real.de\/en\/wp-json\/wp\/v2\/property_area?post=174444"}],"curies":[{"name":"wp","href":"https:\/\/api.w.org\/{rel}","templated":true}]}}