{"id":175151,"date":"2025-12-16T00:01:02","date_gmt":"2025-12-15T23:01:02","guid":{"rendered":"https:\/\/ruhr-real.de\/objekt\/provisionsfrei-ebenerdige-tore-hallen-buerokombination-ruhr-real\/"},"modified":"2025-12-16T00:01:02","modified_gmt":"2025-12-15T23:01:02","slug":"provisionsfrei-ebenerdige-tore-hallen-buerokombination-ruhr-real","status":"publish","type":"property","link":"https:\/\/ruhr-real.de\/en\/objekt\/provisionsfrei-ebenerdige-tore-hallen-buerokombination-ruhr-real\/","title":{"rendered":"Provisionsfrei | ebenerdige Tore | Hallen-\/B\u00fcrokombination | RUHR REAL"},"content":{"rendered":"<p>Die angebotene Gewerbeeinheit \u00fcberzeugt durch eine funktionale Kombination aus Hallen-, Service- und B\u00fcrofl\u00e4chen und eignet sich ideal f\u00fcr Service-, Handwerks- oder technische Nutzungen. Die Halle verf\u00fcgt \u00fcber ein manuelles, ebenerdiges Rolltor mit einer Gr\u00f6\u00dfe von ca. 2,75 \u00d7 3,60 m und bietet mit einer Deckenh\u00f6he von ca. 3,40 m UKB gute Voraussetzungen f\u00fcr flexible Nutzungsm\u00f6glichkeiten. Der angeschlossene Servicebereich ist teilweise klimatisiert und mit Vinylboden ausgestattet. Zudem stehen eine Teek\u00fcche sowie Sanit\u00e4ranlagen zur Verf\u00fcgung.<\/p>\n<p>Der B\u00fcrobereich ist praxisgerecht ausgestattet und bietet angenehme Arbeitsbedingungen. Nadelfilzboden, CAT-Verkabelung mit Fensterbankkabelkan\u00e4len, ein Serverschrank sowie BAP-Leuchten sorgen f\u00fcr eine funktionale B\u00fcroinfrastruktur. Ein au\u00dfenliegender, manueller Sonnenschutz tr\u00e4gt zus\u00e4tzlich zu einem angenehmen Raumklima bei. Abgerundet wird das Angebot durch vier Au\u00dfenstellpl\u00e4tze; Tiefgaragenstellpl\u00e4tze k\u00f6nnen optional angemietet werden.<\/p>\n<p>Die Gewerbeimmobilie befindet sich in K\u00f6ln-Porz in einem etablierten und gut frequentierten Gewerbegebiet. Das Umfeld ist gepr\u00e4gt von Gewerbe-, Service- und Produktionsbetrieben und bietet ideale Voraussetzungen f\u00fcr vielf\u00e4ltige gewerbliche Nutzungen.<\/p>\n<p>Die Verkehrsanbindung ist sehr gut: \u00dcber die nahegelegenen Autobahnen A59 und A4 ist sowohl die K\u00f6lner Innenstadt als auch das \u00fcberregionale Verkehrsnetz schnell erreichbar. Der Flughafen K\u00f6ln\/Bonn liegt nur wenige Fahrminuten entfernt. \u00d6ffentliche Verkehrsmittel befinden sich in der n\u00e4heren Umgebung und sorgen f\u00fcr eine gute Erreichbarkeit f\u00fcr Mitarbeiter und Kunden. Die Lage \u00fcberzeugt insgesamt durch ihre verkehrsg\u00fcnstige Position, gute Infrastruktur und ein gewerblich starkes Umfeld.<\/p>\n<p>\u2022 Funktionale Hallen-, Service- und B\u00fcrofl\u00e4chen<br \/>\n\u2022 Deckenh\u00f6he ca. 3,40 m UKB<br \/>\n\u2022 Vinylboden im Servicebereich<br \/>\n\u2022 Teek\u00fcche vorhanden<br \/>\n\u2022 Servicebereich teilweise klimatisiert<br \/>\n\u2022 Sanit\u00e4ranlagen vorhanden<\/p>\n<p>Es gelten ausschlie\u00dflich unsere AGB (www.ruhr-real.de\/agb). Da der Eigent\u00fcmer ausschlie\u00dflich Lager\/Logistik, Produktion und Light Industrial als Nutzung w\u00fcnscht, bitten wir Sie zu ber\u00fccksichtigen, dass Anfragen zu folgenden Nutzungen nicht bearbeitet werden k\u00f6nnen: Veranstaltungen\/Events, Gastronomie\/Vergn\u00fcgungsst\u00e4tten, religi\u00f6se Einrichtungen sowie Sport- und Spielst\u00e4tten. Wir m\u00f6chten Sie darauf hinweisen, dass die Angaben ausschlie\u00dflich auf den uns vom Eigent\u00fcmer \u00fcbermittelten Unterlagen und Informationen basieren. F\u00fcr Richtigkeit und Vollst\u00e4ndigkeit \u00fcbernehmen wir keine Gew\u00e4hr. Zwischenvermietung vorbehalten.<br \/>\n<\/p>\n","protected":false},"excerpt":{"rendered":"<p>Die angebotene Gewerbeeinheit \u00fcberzeugt durch eine funktionale Kombination aus Hallen-, Service- und B\u00fcrofl\u00e4chen und&#8230;<\/p>\n","protected":false},"author":1,"featured_media":175152,"parent":0,"menu_order":0,"template":"","property_type":[380],"property_status":[352],"property_feature":[361],"property_label":[],"property_country":[353],"property_state":[],"property_city":[336],"property_area":[],"class_list":["post-175151","property","type-property","status-publish","has-post-thumbnail","hentry","property_type-lager-und-produktionsflaechen","property_status-zu-vermieten","property_feature-klimaanlage","property_country-deutschland","property_city-koln"],"acf":[],"property_meta":{"rank_math_internal_links_processed":["1"],"_immonex_post_status":["new"],"_immonex_import_folder":["users\/RUHRREAL"],"fave_property_map_address":["51149 K\u00f6ln"],"fave_property_zip":["51149"],"fave_property_country":["DE"],"_immonex_lat":["50.8942751"],"_immonex_lng":["7.0526212"],"houzez_geolocation_lat":["50.8942751"],"houzez_geolocation_long":["7.0526212"],"fave_property_location":["50.8942751,7.0526212"],"fave_property_price":["8.00"],"fave_property_sec_price":["8.0000"],"fave_property_size":["826"],"fave_property_id":["4742\/G1\/E3"],"_fave_property_id":["4742\/G1\/E3"],"_immonex_translation_id":["4742\/G1\/E3"],"_immonex_iso_country":["DEU"],"_openimmo_obid":["9361F0CED7A744498E95E31AFB06170C"],"_openimmo_anid":["0000"],"_immonex_group_number":[""],"_immonex_group_id":[""],"_immonex_group_master":[""],"_immonex_import_meta":["a:6:{s:8:\"zip_file\";s:131:\"\/www\/htdocs\/w0172e0e\/ruhr-real_2024\/wp-content\/uploads\/immonex-openimmo-import\/users\/RUHRREAL\/Immowelt_estatePro_20251216132431.zip\";s:8:\"xml_file\";s:158:\"\/www\/htdocs\/w0172e0e\/ruhr-real_2024\/wp-content\/uploads\/immonex-openimmo-import\/immowelt_estatepro_20251216132431\/Homepage_2024_NEW_estatePro20251216132431.xml\";s:12:\"mapping_file\";s:116:\"\/www\/htdocs\/w0172e0e\/ruhr-real_2024\/wp-content\/uploads\/immonex-openimmo-import\/mappings\/houzez_ruhrreal_18122023.csv\";s:9:\"timestamp\";i:1765887920;s:4:\"date\";s:10:\"2025-12-16\";s:4:\"time\";s:8:\"13:25:20\";}"],"_is_immonex_import_property":["1"],"_immonex_is_reference":[""],"_immonex_is_sold":[""],"_immonex_is_reserved":[""],"_immonex_is_available":["1"],"_immonex_areabutler_url_with_address":[""],"_immonex_areabutler_url_no_address":[""],"_immonex_areabutler_url":[""],"additional_features":["a:14:{i:0;a:2:{s:29:\"fave_additional_feature_title\";s:14:\"Nettokaltmiete\";s:29:\"fave_additional_feature_value\";s:10:\"8&nbsp;\u20ac\";}i:1;a:2:{s:29:\"fave_additional_feature_title\";s:9:\"Kaltmiete\";s:29:\"fave_additional_feature_value\";s:10:\"8&nbsp;\u20ac\";}i:2;a:2:{s:29:\"fave_additional_feature_title\";s:33:\"Heizkosten in Warmmiete enthalten\";s:29:\"fave_additional_feature_value\";s:4:\"nein\";}i:3;a:2:{s:29:\"fave_additional_feature_title\";s:32:\"Preise zuz\u00fcglich Mehrwertsteuer\";s:29:\"fave_additional_feature_value\";s:4:\"nein\";}i:4;a:2:{s:29:\"fave_additional_feature_title\";s:23:\"Netto-Kaltmiete pro m\u00b2\";s:29:\"fave_additional_feature_value\";s:10:\"8&nbsp;\u20ac\";}i:5;a:2:{s:29:\"fave_additional_feature_title\";s:10:\"MwSt.-Satz\";s:29:\"fave_additional_feature_value\";s:9:\"19&nbsp;%\";}i:6;a:2:{s:29:\"fave_additional_feature_title\";s:13:\"Gesamtfl\u00e4che\";s:29:\"fave_additional_feature_value\";s:15:\"826,35&nbsp;m\u00b2\";}i:7;a:2:{s:29:\"fave_additional_feature_title\";s:12:\"Lagerfl\u00e4che\";s:29:\"fave_additional_feature_value\";s:15:\"557,18&nbsp;m\u00b2\";}i:8;a:2:{s:29:\"fave_additional_feature_title\";s:11:\"Freifl\u00e4che\";s:29:\"fave_additional_feature_value\";s:15:\"269,17&nbsp;m\u00b2\";}i:9;a:2:{s:29:\"fave_additional_feature_title\";s:10:\"Teilbar ab\";s:29:\"fave_additional_feature_value\";s:15:\"557,18&nbsp;m\u00b2\";}i:10;a:2:{s:29:\"fave_additional_feature_title\";s:19:\"Art der Ausstattung\";s:29:\"fave_additional_feature_value\";s:8:\"Standard\";}i:11;a:2:{s:29:\"fave_additional_feature_title\";s:13:\"Stellplatzart\";s:29:\"fave_additional_feature_value\";s:21:\"Tiefgarage, Freiplatz\";}i:12;a:2:{s:29:\"fave_additional_feature_title\";s:7:\"Zustand\";s:29:\"fave_additional_feature_value\";s:8:\"gepflegt\";}i:13;a:2:{s:29:\"fave_additional_feature_title\";s:27:\"Immobilie ist verf\u00fcgbar ab\";s:29:\"fave_additional_feature_value\";s:17:\"nach Vereinbarung\";}}"],"fave_additional_features_enable":["enable"],"_immonex_property_xml_source":["<?xml version=\"1.0\"?>\n<immobilie>\n<objektkategorie>\n<nutzungsart WOHNEN=\"false\" GEWERBE=\"true\"\/>\n<vermarktungsart KAUF=\"false\" MIETE_PACHT=\"true\"\/>\n<objektart>\n<hallen_lager_prod hallen_typ=\"LAGERFLAECHEN\"\/>\n<\/objektart>\n<user_defined_simplefield\/>\n<\/objektkategorie>\n<geo>\n<plz>51149<\/plz>\n<ort>K&#xF6;ln<\/ort>\n<strasse>Ettore-Bugatti-Stra&#xDF;e<\/strasse>\n<hausnummer>35-45<\/hausnummer>\n<land iso_land=\"DEU\"\/>\n<lage_im_bau\/>\n<\/geo>\n<kontaktperson>\n<email_zentrale>anfrage@ruhr-real.de<\/email_zentrale>\n<email_direkt>ludwig@ruhr-real.de<\/email_direkt>\n<tel_durchw>+49 221 273 229 11<\/tel_durchw>\n<tel_handy>+49 162 1511000<\/tel_handy>\n<name>Ludwig<\/name>\n<vorname>Felix<\/vorname>\n<anrede>Herr<\/anrede>\n<firma>RUHR REAL GmbH<\/firma>\n<strasse>Holsterhauser Platz<\/strasse>\n<hausnummer>2<\/hausnummer>\n<plz>45147<\/plz>\n<ort>Essen<\/ort>\n<adressfreigabe>true<\/adressfreigabe>\n<\/kontaktperson>\n<preise>\n<nettokaltmiete>8.00<\/nettokaltmiete>\n<kaltmiete>8.00<\/kaltmiete>\n<heizkosten_enthalten>false<\/heizkosten_enthalten>\n<zzg_mehrwertsteuer>false<\/zzg_mehrwertsteuer>\n<preis_zeiteinheit\/>\n<mietpreis_pro_qm>8.0000<\/mietpreis_pro_qm>\n<provisionspflichtig>false<\/provisionspflichtig>\n<waehrung iso_waehrung=\"EUR\"\/>\n<mwst_satz>19.00<\/mwst_satz>\n<stp_carport\/>\n<stp_duplex\/>\n<stp_freiplatz\/>\n<stp_garage\/>\n<stp_parkhaus\/>\n<stp_tiefgarage\/>\n<\/preise>\n<bieterverfahren\/>\n<versteigerung\/>\n<flaechen>\n<gesamtflaeche>826.35<\/gesamtflaeche>\n<lagerflaeche>557.18<\/lagerflaeche>\n<freiflaeche>269.17<\/freiflaeche>\n<teilbar_ab>557.18<\/teilbar_ab>\n<\/flaechen>\n<ausstattung>\n<ausstatt_kategorie>STANDARD<\/ausstatt_kategorie>\n<bad\/>\n<kueche\/>\n<heizungsart\/>\n<befeuerung\/>\n<klimatisiert>true<\/klimatisiert>\n<fahrstuhl\/>\n<stellplatzart FREIPLATZ=\"true\"\/>\n<stellplatzart TIEFGARAGE=\"true\"\/>\n<ausricht_balkon_terrasse\/>\n<angeschl_gastronomie\/>\n<sicherheitstechnik\/>\n<\/ausstattung>\n<zustand_angaben>\n<zustand zustand_art=\"GEPFLEGT\"\/>\n<\/zustand_angaben>\n<bewertung\/>\n<infrastruktur\/>\n<freitexte>\n<objekttitel>Provisionsfrei | ebenerdige Tore | Hallen-\/B&#xFC;rokombination | RUHR REAL<\/objekttitel>\n<lage>Die Gewerbeimmobilie befindet sich in K&#xF6;ln-Porz in einem etablierten und gut frequentierten Gewerbegebiet. Das Umfeld ist gepr&#xE4;gt von Gewerbe-, Service- und Produktionsbetrieben und bietet ideale Voraussetzungen f&#xFC;r vielf&#xE4;ltige gewerbliche Nutzungen.\n\nDie Verkehrsanbindung ist sehr gut: &#xDC;ber die nahegelegenen Autobahnen A59 und A4 ist sowohl die K&#xF6;lner Innenstadt als auch das &#xFC;berregionale Verkehrsnetz schnell erreichbar. Der Flughafen K&#xF6;ln\/Bonn liegt nur wenige Fahrminuten entfernt. &#xD6;ffentliche Verkehrsmittel befinden sich in der n&#xE4;heren Umgebung und sorgen f&#xFC;r eine gute Erreichbarkeit f&#xFC;r Mitarbeiter und Kunden. Die Lage &#xFC;berzeugt insgesamt durch ihre verkehrsg&#xFC;nstige Position, gute Infrastruktur und ein gewerblich starkes Umfeld.<\/lage>\n<ausstatt_beschr>&#x2022; Funktionale Hallen-, Service- und B&#xFC;rofl&#xE4;chen\n&#x2022; Deckenh&#xF6;he ca. 3,40 m UKB\n&#x2022; Vinylboden im Servicebereich\n&#x2022; Teek&#xFC;che vorhanden\n&#x2022; Servicebereich teilweise klimatisiert\n&#x2022; Sanit&#xE4;ranlagen vorhanden<\/ausstatt_beschr>\n<objektbeschreibung>Die angebotene Gewerbeeinheit &#xFC;berzeugt durch eine funktionale Kombination aus Hallen-, Service- und B&#xFC;rofl&#xE4;chen und eignet sich ideal f&#xFC;r Service-, Handwerks- oder technische Nutzungen. Die Halle verf&#xFC;gt &#xFC;ber ein manuelles, ebenerdiges Rolltor mit einer Gr&#xF6;&#xDF;e von ca. 2,75 &#xD7; 3,60 m und bietet mit einer Deckenh&#xF6;he von ca. 3,40 m UKB gute Voraussetzungen f&#xFC;r flexible Nutzungsm&#xF6;glichkeiten. Der angeschlossene Servicebereich ist teilweise klimatisiert und mit Vinylboden ausgestattet. Zudem stehen eine Teek&#xFC;che sowie Sanit&#xE4;ranlagen zur Verf&#xFC;gung.\n\nDer B&#xFC;robereich ist praxisgerecht ausgestattet und bietet angenehme Arbeitsbedingungen. Nadelfilzboden, CAT-Verkabelung mit Fensterbankkabelkan&#xE4;len, ein Serverschrank sowie BAP-Leuchten sorgen f&#xFC;r eine funktionale B&#xFC;roinfrastruktur. Ein au&#xDF;enliegender, manueller Sonnenschutz tr&#xE4;gt zus&#xE4;tzlich zu einem angenehmen Raumklima bei. Abgerundet wird das Angebot durch vier Au&#xDF;enstellpl&#xE4;tze; Tiefgaragenstellpl&#xE4;tze k&#xF6;nnen optional angemietet werden.<\/objektbeschreibung><sonstige_angaben>Es gelten ausschlie&#xDF;lich unsere AGB (www.ruhr-real.de\/agb). Da der Eigent&#xFC;mer ausschlie&#xDF;lich Lager\/Logistik, Produktion und Light Industrial als Nutzung w&#xFC;nscht, bitten wir Sie zu ber&#xFC;cksichtigen, dass Anfragen zu folgenden Nutzungen nicht bearbeitet werden k&#xF6;nnen: Veranstaltungen\/Events, Gastronomie\/Vergn&#xFC;gungsst&#xE4;tten, religi&#xF6;se Einrichtungen sowie Sport- und Spielst&#xE4;tten. Wir m&#xF6;chten Sie darauf hinweisen, dass die Angaben ausschlie&#xDF;lich auf den uns vom Eigent&#xFC;mer &#xFC;bermittelten Unterlagen und Informationen basieren. F&#xFC;r Richtigkeit und Vollst&#xE4;ndigkeit &#xFC;bernehmen wir keine Gew&#xE4;hr. Zwischenvermietung vorbehalten.<\/sonstige_angaben>\n<\/freitexte>\n<anhaenge>\n<anhang location=\"EXTERN\" gruppe=\"TITELBILD\">\n<anhangtitel>Innenansicht<\/anhangtitel>\n<format>JPEG<\/format>\n<daten>\n<pfad>2ec7ee4b8a544b2fa0226f3e2910b858.JPEG<\/pfad>\n<\/daten>\n<\/anhang>\n<anhang location=\"EXTERN\" gruppe=\"BILD\">\n<anhangtitel>ebenerdige Rolltore<\/anhangtitel>\n<format>JPEG<\/format>\n<daten>\n<pfad>347bbb1dfe6c46699ab770df1e9c8405.JPEG<\/pfad>\n<\/daten>\n<\/anhang>\n<anhang location=\"EXTERN\" gruppe=\"BILD\">\n<anhangtitel>Rolltor<\/anhangtitel>\n<format>JPEG<\/format>\n<daten>\n<pfad>effb82e60c5f4acbb7cd752c972aca08.JPEG<\/pfad>\n<\/daten>\n<\/anhang>\n<anhang location=\"EXTERN\" gruppe=\"BILD\">\n<anhangtitel>B&#xFC;robereich<\/anhangtitel>\n<format>JPEG<\/format>\n<daten>\n<pfad>9e45dbf147b04fa882fa878f7332b586.JPEG<\/pfad>\n<\/daten>\n<\/anhang>\n<anhang location=\"EXTERN\" gruppe=\"BILD\">\n<anhangtitel>Flurbereich B&#xFC;ro<\/anhangtitel>\n<format>JPEG<\/format>\n<daten>\n<pfad>86136c9a27cf4a199f1fa829b6ca84ca.JPEG<\/pfad>\n<\/daten>\n<\/anhang>\n<anhang location=\"EXTERN\" gruppe=\"BILD\">\n<anhangtitel>Servicebereich<\/anhangtitel>\n<format>JPEG<\/format>\n<daten>\n<pfad>5de22a7488ba42cf9ec8b4d5f9c08d3e.JPEG<\/pfad>\n<\/daten>\n<\/anhang>\n<\/anhaenge>\n<verwaltung_objekt>\n<objektadresse_freigeben>false<\/objektadresse_freigeben>\n<verfuegbar_ab>nach Vereinbarung<\/verfuegbar_ab>\n<geschlecht\/>\n<\/verwaltung_objekt>\n<verwaltung_techn>\n<objektnr_intern>9361F0CED7A744498E95E31AFB06170C<\/objektnr_intern>\n<objektnr_extern>4742\/G1\/E3<\/objektnr_extern>\n<aktion aktionart=\"CHANGE\"\/>\n<openimmo_obid>9361F0CED7A744498E95E31AFB06170C<\/openimmo_obid>\n<kennung_ursprung>estatePro V10.0.0.8<\/kennung_ursprung>\n<stand_vom>2025-12-16<\/stand_vom>\n<\/verwaltung_techn>\n<user_defined_simplefield feldname=\"Startseite\">Nein<\/user_defined_simplefield>\n<\/immobilie>\n"],"_immonex_energy_class":[""],"_immonex_energy_class_id":["0"],"_thumbnail_id":["175152"],"fave_property_images":["175152","175153","175154","175155","175156","175157"],"fave_floor_plans_enable":["disable"],"fave_prop_homeslider":["yes"],"fave_prop_slider_image":["175152"],"fave_agents":["157133"],"fave_agent_display_option":["agent_info"],"fave_single_top_area":["global"],"fave_single_content_area":["global"],"fave_property_map":["1"],"fave_property_map_street_view":["hide"],"fave_property_size_prefix":["m\u00b2"],"fave_property_land_postfix":["m\u00b2"],"fave_featured":["0"],"houzez_featured_listing_date":[""],"fave_property_price_postfix":["pro&nbsp;m\u00b2"],"fave_currency":["EUR"],"fave_currency_info":["a:8:{s:2:\"id\";s:1:\"1\";s:13:\"currency_name\";s:4:\"Euro\";s:13:\"currency_code\";s:3:\"EUR\";s:15:\"currency_symbol\";s:3:\"\u20ac\";s:17:\"currency_position\";s:5:\"after\";s:16:\"currency_decimal\";s:1:\"2\";s:26:\"currency_decimal_separator\";s:1:\",\";s:27:\"currency_thousand_separator\";s:1:\".\";}"],"houzez_total_property_views":["689"],"houzez_views_by_date":["a:61:{s:10:\"03-01-2026\";i:4;s:10:\"03-02-2026\";i:4;s:10:\"03-03-2026\";i:4;s:10:\"03-04-2026\";i:4;s:10:\"03-05-2026\";i:6;s:10:\"03-06-2026\";i:4;s:10:\"03-07-2026\";i:4;s:10:\"03-08-2026\";i:4;s:10:\"03-09-2026\";i:4;s:10:\"03-10-2026\";i:4;s:10:\"03-11-2026\";i:4;s:10:\"03-12-2026\";i:4;s:10:\"03-13-2026\";i:4;s:10:\"03-14-2026\";i:4;s:10:\"03-15-2026\";i:4;s:10:\"03-16-2026\";i:2;s:10:\"03-17-2026\";i:2;s:10:\"03-18-2026\";i:5;s:10:\"03-19-2026\";i:4;s:10:\"03-20-2026\";i:6;s:10:\"03-21-2026\";i:4;s:10:\"03-22-2026\";i:4;s:10:\"03-23-2026\";i:4;s:10:\"03-24-2026\";i:4;s:10:\"03-25-2026\";i:4;s:10:\"03-26-2026\";i:10;s:10:\"03-27-2026\";i:4;s:10:\"03-28-2026\";i:4;s:10:\"03-29-2026\";i:4;s:10:\"03-30-2026\";i:2;s:10:\"03-31-2026\";i:3;s:10:\"04-01-2026\";i:7;s:10:\"04-02-2026\";i:9;s:10:\"04-03-2026\";i:8;s:10:\"04-04-2026\";i:8;s:10:\"04-05-2026\";i:8;s:10:\"04-06-2026\";i:8;s:10:\"04-07-2026\";i:12;s:10:\"04-08-2026\";i:7;s:10:\"04-09-2026\";i:9;s:10:\"04-10-2026\";i:8;s:10:\"04-11-2026\";i:8;s:10:\"04-12-2026\";i:8;s:10:\"04-13-2026\";i:8;s:10:\"04-14-2026\";i:8;s:10:\"04-15-2026\";i:8;s:10:\"04-16-2026\";i:8;s:10:\"04-17-2026\";i:8;s:10:\"04-18-2026\";i:8;s:10:\"04-19-2026\";i:8;s:10:\"04-20-2026\";i:8;s:10:\"04-21-2026\";i:8;s:10:\"04-22-2026\";i:8;s:10:\"04-23-2026\";i:12;s:10:\"04-24-2026\";i:8;s:10:\"04-25-2026\";i:8;s:10:\"04-26-2026\";i:8;s:10:\"04-27-2026\";i:8;s:10:\"04-28-2026\";i:8;s:10:\"04-29-2026\";i:8;s:10:\"04-30-2026\";i:1;}"],"houzez_recently_viewed":["2026-04-30 05:23:20"],"tp_widgets":["a:2:{s:7:\"widgets\";a:0:{}s:9:\"update_at\";s:10:\"1764682733\";}"],"_elementor_page_assets":["a:0:{}"]},"_links":{"self":[{"href":"https:\/\/ruhr-real.de\/en\/wp-json\/wp\/v2\/properties\/175151","targetHints":{"allow":["GET"]}}],"collection":[{"href":"https:\/\/ruhr-real.de\/en\/wp-json\/wp\/v2\/properties"}],"about":[{"href":"https:\/\/ruhr-real.de\/en\/wp-json\/wp\/v2\/types\/property"}],"author":[{"embeddable":true,"href":"https:\/\/ruhr-real.de\/en\/wp-json\/wp\/v2\/users\/1"}],"version-history":[{"count":0,"href":"https:\/\/ruhr-real.de\/en\/wp-json\/wp\/v2\/properties\/175151\/revisions"}],"wp:featuredmedia":[{"embeddable":true,"href":"https:\/\/ruhr-real.de\/en\/wp-json\/wp\/v2\/media\/175152"}],"wp:attachment":[{"href":"https:\/\/ruhr-real.de\/en\/wp-json\/wp\/v2\/media?parent=175151"}],"wp:term":[{"taxonomy":"property_type","embeddable":true,"href":"https:\/\/ruhr-real.de\/en\/wp-json\/wp\/v2\/property_type?post=175151"},{"taxonomy":"property_status","embeddable":true,"href":"https:\/\/ruhr-real.de\/en\/wp-json\/wp\/v2\/property_status?post=175151"},{"taxonomy":"property_feature","embeddable":true,"href":"https:\/\/ruhr-real.de\/en\/wp-json\/wp\/v2\/property_feature?post=175151"},{"taxonomy":"property_label","embeddable":true,"href":"https:\/\/ruhr-real.de\/en\/wp-json\/wp\/v2\/property_label?post=175151"},{"taxonomy":"property_country","embeddable":true,"href":"https:\/\/ruhr-real.de\/en\/wp-json\/wp\/v2\/property_country?post=175151"},{"taxonomy":"property_state","embeddable":true,"href":"https:\/\/ruhr-real.de\/en\/wp-json\/wp\/v2\/property_state?post=175151"},{"taxonomy":"property_city","embeddable":true,"href":"https:\/\/ruhr-real.de\/en\/wp-json\/wp\/v2\/property_city?post=175151"},{"taxonomy":"property_area","embeddable":true,"href":"https:\/\/ruhr-real.de\/en\/wp-json\/wp\/v2\/property_area?post=175151"}],"curies":[{"name":"wp","href":"https:\/\/api.w.org\/{rel}","templated":true}]}}