{"id":175643,"date":"2026-03-30T01:45:50","date_gmt":"2026-03-29T23:45:50","guid":{"rendered":"https:\/\/ruhr-real.de\/objekt\/hochwertige-bueroflaechen-im-hagencampus-ideale-anbindung-provisionfrei\/"},"modified":"2026-04-02T15:56:50","modified_gmt":"2026-04-02T13:56:50","slug":"hochwertige-bueroflaechen-im-hagencampus-ideale-anbindung-provisionfrei","status":"publish","type":"property","link":"https:\/\/ruhr-real.de\/en\/objekt\/hochwertige-bueroflaechen-im-hagencampus-ideale-anbindung-provisionfrei\/","title":{"rendered":"Hochwertige B\u00fcrofl\u00e4chen im HAGENCAMPUS | ideale Anbindung | Provisionfrei"},"content":{"rendered":"<p>Die hochwertigen und modernen B\u00fcrofl\u00e4chen im HAGENCAMPUS bieten ideale Voraussetzungen f\u00fcr viele Nutzungsarten. Die Fl\u00e4chen sind flexibel und verf\u00fcgen \u00fcber einen Personenaufzug f\u00fcr eine barierrefreie Arbeitsweise sowie \u00fcber ausreichend PKW-Stellpl\u00e4tze.<\/p>\n<p>Folgende Mietfl\u00e4chen stehen zur Disposition:<\/p>\n<p>ME 1.5 1. OG: 289,10 \u00b2<br \/>\nME 1.6 &amp; 1.7 1. OG*: 730,42 m\u00b2 (Laborfl\u00e4chen)<br \/>\nME 2.12 2. OG: 372,39 m\u00b2<br \/>\nME 4.18 &amp; 4.19 4. OG**: 808,64 m\u00b2<br \/>\nME 4.20 4. OG: 339,90 m\u00b2<\/p>\n<p>*ME 1.6 und ME 1.7 k\u00f6nnen nur in Verbindung miteinander angemietet werden<br \/>\n**ME 4.18 und ME 4.19 k\u00f6nnen nur in Verbindung miteinander angemietet werden<\/p>\n<p>Die B\u00fcrofl\u00e4chen befinden sich in einem etablierten und gut angebundenen Gewerbestandort im K\u00f6lner Stadtteil Poll. Das Umfeld ist gepr\u00e4gt von einer Mischung aus B\u00fcro-, Dienstleistungs- und Gewerbenutzungen und bietet eine angenehme, professionelle Arbeitsatmosph\u00e4re. Die Anbindung an den Individualverkehr ist sehr gut, sowohl die K\u00f6lner Innenstadt als auch die umliegenden Autobahnen sind in wenigen Minuten erreichbar. \u00d6ffentliche Verkehrsmittel befinden sich in fu\u00dfl\u00e4ufiger Entfernung und gew\u00e4hrleisten eine komfortable Erreichbarkeit f\u00fcr Mitarbeiter und Kunden. Einkaufsm\u00f6glichkeiten sowie gastronomische Angebote zur t\u00e4glichen Versorgung sind ebenfalls im n\u00e4heren Umfeld vorhanden.<\/p>\n<p>\u2022 Flexible B\u00fcrofl\u00e4chen mit variablen Nutzungskonzepten (Zellenb\u00fcros und Gro\u00dfraumb\u00fcros)<br \/>\n\u2022<\/p>\n<p>Repr\u00e4sentativer Haupteingang mit hochwertigem Erscheinungsbild<br \/>\n\u2022<\/p>\n<p>Aufzugsanlage f\u00fcr komfortable und barrierearme Erschlie\u00dfung aller Etagen<br \/>\n\u2022<\/p>\n<p>Tiefgarage mit zugeordneten Stellpl\u00e4tzen<br \/>\n\u2022<\/p>\n<p>Notstromaggregat sowie fl\u00e4chendeckende Sprinkleranlage<br \/>\n\u2022 Klimaanlage und au\u00dfenliegender Sonnenschutz f\u00fcr ein angenehmes Raumklima<\/p>\n<p>\u2022 Moderner Hohlraumboden zur flexiblen Leitungsf\u00fchrung<br \/>\n\u2022<\/p>\n<p>Bandrasterdecke mit Akustikvlies f\u00fcr optimale Raumakustik<\/p>\n<p>\u2022 Hochwertige Cat-7-Verkabelung<\/p>\n<p>\u2022 LED-Beleuchtung<br \/>\n\u2022<\/p>\n<p>Glasfaserf\u00e4hige Telekom-Anbindung<br \/>\n\u2022<\/p>\n<p>LTE- und WLAN-Verf\u00fcgbarkeit<br \/>\n\u2022<\/p>\n<p>Attraktiver, begr\u00fcnter Innenhof<\/p>\n<p>Es gelten ausschlie\u00dflich unsere AGB (www.ruhr-real.de\/agb). Wir m\u00f6chten Sie darauf hinweisen, dass die Angaben ausschlie\u00dflich auf den uns vom Eigent\u00fcmer \u00fcbermittelten Unterlagen und Informationen basieren. F\u00fcr Richtigkeit und Vollst\u00e4ndigkeit \u00fcbernehmen wir keine Gew\u00e4hr. Zwischenvermietung vorbehalten.<br \/>\n<div class=\"widget widget_immonex_user_defined_properties_widget\"><div class=\"immonex-widget immonex-widget-houzez\">\n\t\t<div class=\"immonex-widget-title clearfix\">\n\t\t<h2 class=\"widgettitle\">Energieeffizienz<\/h2>\t<\/div>\n\t\t<ul class=\"immonex-property-details row list-lined list-unstyled\">\n\t\t\t\t<li>\n\t\t\t<div class=\"list-lined-item w-100 d-flex justify-content-between py-2\">\n\t\t\t\t\t\t\t\t<strong class=\"property-details-label\">Energieausweis-Jahrgang:<\/strong>&nbsp;<span class=\"property-details-value\">not available<\/span>\n\t\t\t\t\t\t\t<\/div>\n\t\t<\/li>\n\t\t\t<\/ul>\n<\/div><\/div><\/p>\n","protected":false},"excerpt":{"rendered":"<p>Die hochwertigen und modernen B\u00fcrofl\u00e4chen im HAGENCAMPUS bieten ideale Voraussetzungen f\u00fcr viele Nutzungsarten. Die&#8230;<\/p>\n","protected":false},"author":1,"featured_media":185073,"parent":0,"menu_order":0,"template":"","property_type":[379],"property_status":[352],"property_feature":[],"property_label":[],"property_country":[353],"property_state":[],"property_city":[336],"property_area":[],"class_list":["post-175643","property","type-property","status-publish","has-post-thumbnail","hentry","property_type-bueroflaechen","property_status-zu-vermieten","property_country-deutschland","property_city-koln"],"acf":[],"property_meta":{"_immonex_import_folder":["users\/RUHRREAL"],"_immonex_translation_id":["4564\/G1\/E5"],"_openimmo_obid":["CFBD9CEE416E4770BE7F6098C2F10984"],"_is_immonex_import_property":["1"],"_immonex_is_reference":[""],"rank_math_internal_links_processed":["1"],"copied_media_ids":["a:0:{}"],"referenced_media_ids":["a:0:{}"],"_immonex_post_status":["updated"],"fave_property_map_address":["51105 K\u00f6ln"],"fave_property_zip":["51105"],"fave_property_country":["DE"],"_immonex_lat":["50.9193236"],"_immonex_lng":["7.0014787"],"houzez_geolocation_lat":["50.9193236"],"houzez_geolocation_long":["7.0014787"],"fave_property_location":["50.9193236,7.0014787"],"fave_property_price":["12.00"],"fave_property_sec_price":["12.0000"],"fave_property_size":["366"],"fave_property_id":["4564\/G1\/E5"],"_fave_property_id":["4564\/G1\/E5"],"_immonex_iso_country":["DEU"],"fave_nebenkosten":["4,10&nbsp;\u20ac"],"_openimmo_anid":["0000"],"_immonex_group_number":[""],"_immonex_group_id":[""],"_immonex_group_master":[""],"_immonex_import_meta":["a:6:{s:8:\"zip_file\";s:131:\"\/www\/htdocs\/w0172e0e\/ruhr-real_2024\/wp-content\/uploads\/immonex-openimmo-import\/users\/RUHRREAL\/Immowelt_estatePro_20260402154854.zip\";s:8:\"xml_file\";s:158:\"\/www\/htdocs\/w0172e0e\/ruhr-real_2024\/wp-content\/uploads\/immonex-openimmo-import\/immowelt_estatepro_20260402154854\/Homepage_2024_NEW_estatePro20260402154854.xml\";s:12:\"mapping_file\";s:116:\"\/www\/htdocs\/w0172e0e\/ruhr-real_2024\/wp-content\/uploads\/immonex-openimmo-import\/mappings\/houzez_ruhrreal_20260325.csv\";s:9:\"timestamp\";i:1775138210;s:4:\"date\";s:10:\"2026-04-02\";s:4:\"time\";s:8:\"15:56:50\";}"],"_immonex_is_sold":[""],"_immonex_is_reserved":[""],"_immonex_is_available":["1"],"_immonex_areabutler_url_with_address":[""],"_immonex_areabutler_url_no_address":[""],"_immonex_areabutler_url":[""],"additional_features":["a:14:{i:0;a:2:{s:29:\"fave_additional_feature_title\";s:14:\"Nettokaltmiete\";s:29:\"fave_additional_feature_value\";s:11:\"12&nbsp;\u20ac\";}i:1;a:2:{s:29:\"fave_additional_feature_title\";s:9:\"Kaltmiete\";s:29:\"fave_additional_feature_value\";s:11:\"12&nbsp;\u20ac\";}i:2;a:2:{s:29:\"fave_additional_feature_title\";s:29:\"monatl. Betriebs-\/Nebenkosten\";s:29:\"fave_additional_feature_value\";s:13:\"4,10&nbsp;\u20ac\";}i:3;a:2:{s:29:\"fave_additional_feature_title\";s:33:\"Heizkosten in Warmmiete enthalten\";s:29:\"fave_additional_feature_value\";s:4:\"nein\";}i:4;a:2:{s:29:\"fave_additional_feature_title\";s:32:\"Preise zuz\u00fcglich Mehrwertsteuer\";s:29:\"fave_additional_feature_value\";s:4:\"nein\";}i:5;a:2:{s:29:\"fave_additional_feature_title\";s:23:\"Netto-Kaltmiete pro m\u00b2\";s:29:\"fave_additional_feature_value\";s:11:\"12&nbsp;\u20ac\";}i:6;a:2:{s:29:\"fave_additional_feature_title\";s:15:\"Mieterprovision\";s:29:\"fave_additional_feature_value\";s:21:\"3-4 Nettomonatsmieten\";}i:7;a:2:{s:29:\"fave_additional_feature_title\";s:10:\"MwSt.-Satz\";s:29:\"fave_additional_feature_value\";s:9:\"19&nbsp;%\";}i:8;a:2:{s:29:\"fave_additional_feature_title\";s:12:\"B\u00fcrofl\u00e4che\";s:29:\"fave_additional_feature_value\";s:15:\"366,64&nbsp;m\u00b2\";}i:9;a:2:{s:29:\"fave_additional_feature_title\";s:16:\"B\u00fcroteilfl\u00e4che\";s:29:\"fave_additional_feature_value\";s:15:\"366,64&nbsp;m\u00b2\";}i:10;a:2:{s:29:\"fave_additional_feature_title\";s:10:\"Teilbar ab\";s:29:\"fave_additional_feature_value\";s:15:\"366,64&nbsp;m\u00b2\";}i:11;a:2:{s:29:\"fave_additional_feature_title\";s:13:\"Stellplatzart\";s:29:\"fave_additional_feature_value\";s:10:\"Tiefgarage\";}i:12;a:2:{s:29:\"fave_additional_feature_title\";s:7:\"Zustand\";s:29:\"fave_additional_feature_value\";s:8:\"gepflegt\";}i:13;a:2:{s:29:\"fave_additional_feature_title\";s:27:\"Immobilie ist verf\u00fcgbar ab\";s:29:\"fave_additional_feature_value\";s:17:\"nach Vereinbarung\";}}"],"fave_additional_features_enable":["enable"],"_immonex_custom_fields":["a:1:{s:23:\"Energieausweis-Jahrgang\";a:5:{s:14:\"mapping_source\";s:38:\"zustand_angaben->energiepass->jahrgang\";s:4:\"name\";s:0:\"\";s:5:\"group\";s:5:\"epass\";s:5:\"value\";s:13:\"not available\";s:19:\"value_before_filter\";s:4:\"ohne\";}}"],"_immonex_property_xml_source":["<?xml version=\"1.0\"?>\n<immobilie>\n<objektkategorie>\n<nutzungsart WOHNEN=\"false\" GEWERBE=\"true\"\/>\n<vermarktungsart KAUF=\"false\" MIETE_PACHT=\"true\"\/>\n<objektart>\n<buero_praxen buero_typ=\"BUEROHAUS\"\/>\n<\/objektart>\n<user_defined_simplefield\/>\n<\/objektkategorie>\n<geo>\n<plz>51105<\/plz>\n<ort>K&#xF6;ln<\/ort>\n<strasse>Gottfried-Hagen-Stra&#xDF;e<\/strasse>\n<hausnummer>20<\/hausnummer>\n<land iso_land=\"DEU\"\/>\n<lage_im_bau\/>\n<\/geo>\n<kontaktperson>\n<email_zentrale>anfrage@ruhr-real.de<\/email_zentrale>\n<email_direkt>lendzian@ruhr-real.de<\/email_direkt>\n<tel_durchw>+49 221 273 229 22<\/tel_durchw>\n<tel_handy>+49 162 1531000<\/tel_handy>\n<name>Lendzian<\/name>\n<vorname>Niklas<\/vorname>\n<anrede>Herr<\/anrede>\n<firma>RUHR REAL GmbH<\/firma>\n<strasse>Holsterhauser Platz<\/strasse>\n<hausnummer>2<\/hausnummer>\n<plz>45147<\/plz>\n<ort>Essen<\/ort>\n<adressfreigabe>true<\/adressfreigabe>\n<\/kontaktperson>\n<preise>\n<nettokaltmiete>12.00<\/nettokaltmiete>\n<kaltmiete>12.00<\/kaltmiete>\n<nebenkosten>4.10<\/nebenkosten>\n<heizkosten_enthalten>false<\/heizkosten_enthalten>\n<zzg_mehrwertsteuer>false<\/zzg_mehrwertsteuer><preis_zeiteinheit\/>\n<mietpreis_pro_qm>12.0000<\/mietpreis_pro_qm>\n<provisionspflichtig>false<\/provisionspflichtig>\n<aussen_courtage mit_mwst=\"false\">3-4 Nettomonatsmieten<\/aussen_courtage>\n<waehrung iso_waehrung=\"EUR\"\/>\n<mwst_satz>19.00<\/mwst_satz>\n<stp_carport\/>\n<stp_duplex\/>\n<stp_freiplatz\/>\n<stp_garage\/>\n<stp_parkhaus\/>\n<stp_tiefgarage\/>\n<\/preise>\n<bieterverfahren\/>\n<versteigerung\/>\n<flaechen>\n<bueroflaeche>366.64<\/bueroflaeche>\n<bueroteilflaeche>366.64<\/bueroteilflaeche>\n<teilbar_ab>366.64<\/teilbar_ab>\n<anzahl_stellplaetze type=\"xsd:decimal\">10<\/anzahl_stellplaetze>\n<\/flaechen>\n<ausstattung>\n<bad\/>\n<kueche\/>\n<heizungsart\/>\n<befeuerung\/>\n<fahrstuhl\/>\n<stellplatzart TIEFGARAGE=\"true\"\/>\n<ausricht_balkon_terrasse\/>\n<angeschl_gastronomie\/>\n<sicherheitstechnik\/>\n<\/ausstattung>\n<zustand_angaben>\n<zustand zustand_art=\"GEPFLEGT\"\/>\n<energiepass>\n<jahrgang>ohne<\/jahrgang>\n<\/energiepass>\n<\/zustand_angaben>\n<bewertung\/>\n<infrastruktur\/>\n<freitexte>\n<objekttitel>Hochwertige B&#xFC;rofl&#xE4;chen im HAGENCAMPUS | ideale Anbindung | Provisionfrei<\/objekttitel>\n<lage>Die B&#xFC;rofl&#xE4;chen befinden sich in einem etablierten und gut angebundenen Gewerbestandort im K&#xF6;lner Stadtteil Poll. Das Umfeld ist gepr&#xE4;gt von einer Mischung aus B&#xFC;ro-, Dienstleistungs- und Gewerbenutzungen und bietet eine angenehme, professionelle Arbeitsatmosph&#xE4;re. Die Anbindung an den Individualverkehr ist sehr gut, sowohl die K&#xF6;lner Innenstadt als auch die umliegenden Autobahnen sind in wenigen Minuten erreichbar. &#xD6;ffentliche Verkehrsmittel befinden sich in fu&#xDF;l&#xE4;ufiger Entfernung und gew&#xE4;hrleisten eine komfortable Erreichbarkeit f&#xFC;r Mitarbeiter und Kunden. Einkaufsm&#xF6;glichkeiten sowie gastronomische Angebote zur t&#xE4;glichen Versorgung sind ebenfalls im n&#xE4;heren Umfeld vorhanden.<\/lage>\n<ausstatt_beschr>&#x2022; Flexible B&#xFC;rofl&#xE4;chen mit variablen Nutzungskonzepten (Zellenb&#xFC;ros und Gro&#xDF;raumb&#xFC;ros)\n&#x2022; \n\nRepr&#xE4;sentativer Haupteingang mit hochwertigem Erscheinungsbild\n&#x2022; \n\nAufzugsanlage f&#xFC;r komfortable und barrierearme Erschlie&#xDF;ung aller Etagen\n&#x2022; \n\nTiefgarage mit zugeordneten Stellpl&#xE4;tzen\n&#x2022; \n\nNotstromaggregat sowie fl&#xE4;chendeckende Sprinkleranlage\n&#x2022; Klimaanlage und au&#xDF;enliegender Sonnenschutz f&#xFC;r ein angenehmes Raumklima\n\n\n&#x2022; Moderner Hohlraumboden zur flexiblen Leitungsf&#xFC;hrung\n&#x2022; \n\nBandrasterdecke mit Akustikvlies f&#xFC;r optimale Raumakustik\n\n\n&#x2022; Hochwertige Cat-7-Verkabelung\n\n\n&#x2022; LED-Beleuchtung\n&#x2022; \n\nGlasfaserf&#xE4;hige Telekom-Anbindung\n&#x2022; \n\nLTE- und WLAN-Verf&#xFC;gbarkeit\n&#x2022; \n\nAttraktiver, begr&#xFC;nter Innenhof<\/ausstatt_beschr>\n<objektbeschreibung>Die hochwertigen und modernen B&#xFC;rofl&#xE4;chen im HAGENCAMPUS bieten ideale Voraussetzungen f&#xFC;r viele Nutzungsarten. Die Fl&#xE4;chen sind flexibel und verf&#xFC;gen &#xFC;ber einen Personenaufzug f&#xFC;r eine barierrefreie Arbeitsweise sowie &#xFC;ber ausreichend PKW-Stellpl&#xE4;tze.\n\nFolgende Mietfl&#xE4;chen stehen zur Disposition:\n\nME 1.5 1. OG: 289,10 &#xB2;\nME 1.6 &amp; 1.7 1. OG*: 730,42 m&#xB2; (Laborfl&#xE4;chen)\nME 2.12 2. OG: 372,39 m&#xB2;\nME 4.18 &amp; 4.19 4. OG**: 808,64 m&#xB2;\nME 4.20 4. OG: 339,90 m&#xB2;\n\n*ME 1.6 und ME 1.7 k&#xF6;nnen nur in Verbindung miteinander angemietet werden\n**ME 4.18 und ME 4.19 k&#xF6;nnen nur in Verbindung miteinander angemietet werden\n<\/objektbeschreibung>\n<sonstige_angaben>Es gelten ausschlie&#xDF;lich unsere AGB (www.ruhr-real.de\/agb). Wir m&#xF6;chten Sie darauf hinweisen, dass die Angaben ausschlie&#xDF;lich auf den uns vom Eigent&#xFC;mer &#xFC;bermittelten Unterlagen und Informationen basieren. F&#xFC;r Richtigkeit und Vollst&#xE4;ndigkeit &#xFC;bernehmen wir keine Gew&#xE4;hr. Zwischenvermietung vorbehalten.<\/sonstige_angaben>\n<\/freitexte>\n<anhaenge>\n<anhang location=\"EXTERN\" gruppe=\"TITELBILD\">\n<anhangtitel>Innenansicht<\/anhangtitel>\n<format>jpeg<\/format>\n<daten>\n<pfad>1e7d10f9eedd4301ba7d93c255671e39.jpeg<\/pfad>\n<\/daten>\n<\/anhang>\n<anhang location=\"EXTERN\" gruppe=\"BILD\">\n<anhangtitel>Innenansicht<\/anhangtitel>\n<format>jpeg<\/format>\n<daten>\n<pfad>1a127ca7c88b41c8ad4cce651b1d0254.jpeg<\/pfad>\n<\/daten>\n<\/anhang>\n<anhang location=\"EXTERN\" gruppe=\"BILD\">\n<anhangtitel>Innenansicht<\/anhangtitel><format>jpeg<\/format>\n<daten>\n<pfad>64a02e40be0e41e69b0f9902d24e81ba.jpeg<\/pfad>\n<\/daten>\n<\/anhang>\n<anhang location=\"EXTERN\" gruppe=\"BILD\">\n<anhangtitel>Titelbild<\/anhangtitel>\n<format>jpg<\/format>\n<daten>\n<pfad>36e221dd400d49bf8a9b8890d5bafea3.jpg<\/pfad>\n<\/daten>\n<\/anhang>\n<anhang location=\"EXTERN\" gruppe=\"GRUNDRISS\">\n<anhangtitel>Grundriss ME 4.19<\/anhangtitel>\n<format>PNG<\/format>\n<daten>\n<pfad>47b8a5f63def4b648cc580bb7dada6db.PNG<\/pfad>\n<\/daten>\n<\/anhang>\n<anhang location=\"EXTERN\" gruppe=\"GRUNDRISS\">\n<anhangtitel>Grundriss ME 4.18.<\/anhangtitel>\n<format>PNG<\/format>\n<daten>\n<pfad>7ffa2978cf5d4f5499d64478bd2770f7.PNG<\/pfad>\n<\/daten>\n<\/anhang>\n<\/anhaenge>\n<verwaltung_objekt>\n<objektadresse_freigeben>false<\/objektadresse_freigeben>\n<verfuegbar_ab>nach Vereinbarung<\/verfuegbar_ab>\n<geschlecht\/>\n<\/verwaltung_objekt>\n<verwaltung_techn>\n<objektnr_intern>CFBD9CEE416E4770BE7F6098C2F10984<\/objektnr_intern>\n<objektnr_extern>4564\/G1\/E5<\/objektnr_extern>\n<aktion aktionart=\"CHANGE\"\/>\n<openimmo_obid>CFBD9CEE416E4770BE7F6098C2F10984<\/openimmo_obid>\n<kennung_ursprung>estatePro V10.0.0.8<\/kennung_ursprung>\n<stand_vom>2026-03-30<\/stand_vom>\n<\/verwaltung_techn>\n<user_defined_simplefield feldname=\"Startseite\">Nein<\/user_defined_simplefield>\n<\/immobilie>\n"],"_immonex_energy_class":[""],"_immonex_energy_class_id":["0"],"_thumbnail_id":["185073"],"fave_property_images":["185073","185074","185075","185076"],"fave_floor_plans_enable":["enable"],"floor_plans":["a:2:{i:0;a:7:{s:15:\"fave_plan_title\";s:17:\"Grundriss ME 4.19\";s:15:\"fave_plan_rooms\";s:0:\"\";s:19:\"fave_plan_bathrooms\";s:0:\"\";s:15:\"fave_plan_price\";s:0:\"\";s:14:\"fave_plan_size\";s:0:\"\";s:15:\"fave_plan_image\";s:84:\"https:\/\/ruhr-real.de\/wp-content\/uploads\/2026\/03\/47b8a5f63def4b648cc580bb7dada6db.png\";s:21:\"fave_plan_description\";s:0:\"\";}i:1;a:7:{s:15:\"fave_plan_title\";s:18:\"Grundriss ME 4.18.\";s:15:\"fave_plan_rooms\";s:0:\"\";s:19:\"fave_plan_bathrooms\";s:0:\"\";s:15:\"fave_plan_price\";s:0:\"\";s:14:\"fave_plan_size\";s:0:\"\";s:15:\"fave_plan_image\";s:84:\"https:\/\/ruhr-real.de\/wp-content\/uploads\/2026\/03\/7ffa2978cf5d4f5499d64478bd2770f7.png\";s:21:\"fave_plan_description\";s:0:\"\";}}"],"fave_prop_homeslider":["yes"],"fave_prop_slider_image":["185073"],"fave_agents":["156452"],"fave_agent_display_option":["agent_info"],"fave_single_top_area":["global"],"fave_single_content_area":["global"],"fave_property_map":["1"],"fave_property_map_street_view":["hide"],"fave_property_size_prefix":["m\u00b2"],"fave_property_land_postfix":["m\u00b2"],"fave_featured":["0"],"houzez_featured_listing_date":[""],"fave_property_price_postfix":["pro&nbsp;m\u00b2"],"fave_currency":["EUR"],"fave_currency_info":["a:8:{s:2:\"id\";s:1:\"1\";s:13:\"currency_name\";s:4:\"Euro\";s:13:\"currency_code\";s:3:\"EUR\";s:15:\"currency_symbol\";s:3:\"\u20ac\";s:17:\"currency_position\";s:5:\"after\";s:16:\"currency_decimal\";s:1:\"2\";s:26:\"currency_decimal_separator\";s:1:\",\";s:27:\"currency_thousand_separator\";s:1:\".\";}"],"_wpml_word_count":["435"],"houzez_total_property_views":["217"],"houzez_views_by_date":["a:27:{s:10:\"04-02-2026\";i:4;s:10:\"04-03-2026\";i:8;s:10:\"04-04-2026\";i:8;s:10:\"04-05-2026\";i:8;s:10:\"04-06-2026\";i:8;s:10:\"04-07-2026\";i:12;s:10:\"04-08-2026\";i:6;s:10:\"04-09-2026\";i:10;s:10:\"04-10-2026\";i:9;s:10:\"04-11-2026\";i:8;s:10:\"04-12-2026\";i:8;s:10:\"04-13-2026\";i:8;s:10:\"04-14-2026\";i:8;s:10:\"04-15-2026\";i:8;s:10:\"04-16-2026\";i:8;s:10:\"04-17-2026\";i:8;s:10:\"04-18-2026\";i:8;s:10:\"04-19-2026\";i:8;s:10:\"04-20-2026\";i:8;s:10:\"04-21-2026\";i:8;s:10:\"04-22-2026\";i:8;s:10:\"04-23-2026\";i:10;s:10:\"04-24-2026\";i:10;s:10:\"04-25-2026\";i:8;s:10:\"04-26-2026\";i:8;s:10:\"04-27-2026\";i:8;s:10:\"04-28-2026\";i:4;}"],"houzez_recently_viewed":["2026-04-28 09:14:12"],"_elementor_page_assets":["a:0:{}"]},"_links":{"self":[{"href":"https:\/\/ruhr-real.de\/en\/wp-json\/wp\/v2\/properties\/175643","targetHints":{"allow":["GET"]}}],"collection":[{"href":"https:\/\/ruhr-real.de\/en\/wp-json\/wp\/v2\/properties"}],"about":[{"href":"https:\/\/ruhr-real.de\/en\/wp-json\/wp\/v2\/types\/property"}],"author":[{"embeddable":true,"href":"https:\/\/ruhr-real.de\/en\/wp-json\/wp\/v2\/users\/1"}],"version-history":[{"count":0,"href":"https:\/\/ruhr-real.de\/en\/wp-json\/wp\/v2\/properties\/175643\/revisions"}],"wp:featuredmedia":[{"embeddable":true,"href":"https:\/\/ruhr-real.de\/en\/wp-json\/wp\/v2\/media\/185073"}],"wp:attachment":[{"href":"https:\/\/ruhr-real.de\/en\/wp-json\/wp\/v2\/media?parent=175643"}],"wp:term":[{"taxonomy":"property_type","embeddable":true,"href":"https:\/\/ruhr-real.de\/en\/wp-json\/wp\/v2\/property_type?post=175643"},{"taxonomy":"property_status","embeddable":true,"href":"https:\/\/ruhr-real.de\/en\/wp-json\/wp\/v2\/property_status?post=175643"},{"taxonomy":"property_feature","embeddable":true,"href":"https:\/\/ruhr-real.de\/en\/wp-json\/wp\/v2\/property_feature?post=175643"},{"taxonomy":"property_label","embeddable":true,"href":"https:\/\/ruhr-real.de\/en\/wp-json\/wp\/v2\/property_label?post=175643"},{"taxonomy":"property_country","embeddable":true,"href":"https:\/\/ruhr-real.de\/en\/wp-json\/wp\/v2\/property_country?post=175643"},{"taxonomy":"property_state","embeddable":true,"href":"https:\/\/ruhr-real.de\/en\/wp-json\/wp\/v2\/property_state?post=175643"},{"taxonomy":"property_city","embeddable":true,"href":"https:\/\/ruhr-real.de\/en\/wp-json\/wp\/v2\/property_city?post=175643"},{"taxonomy":"property_area","embeddable":true,"href":"https:\/\/ruhr-real.de\/en\/wp-json\/wp\/v2\/property_area?post=175643"}],"curies":[{"name":"wp","href":"https:\/\/api.w.org\/{rel}","templated":true}]}}