{"id":175691,"date":"2026-01-19T00:02:27","date_gmt":"2026-01-18T23:02:27","guid":{"rendered":"https:\/\/ruhr-real.de\/objekt\/provisionsfrei-helle-moderne-bueroflaechen-ideale-anbindungen-personenaufzug\/"},"modified":"2026-01-19T15:18:27","modified_gmt":"2026-01-19T14:18:27","slug":"provisionsfrei-helle-moderne-bueroflaechen-ideale-anbindungen-personenaufzug","status":"publish","type":"property","link":"https:\/\/ruhr-real.de\/en\/objekt\/provisionsfrei-helle-moderne-bueroflaechen-ideale-anbindungen-personenaufzug\/","title":{"rendered":"Provisionsfrei | helle &amp; moderne B\u00fcrofl\u00e4chen | ideale Anbindungen | Personenaufzug"},"content":{"rendered":"<p>Das B\u00fcroobjekt bietet moderne und flexibel nutzbare B\u00fcrofl\u00e4chen in einem repr\u00e4sentativen Geb\u00e4ude, das im Jahr 2025 umfassend saniert wurde. Die Fl\u00e4chen eignen sich ideal f\u00fcr Unternehmen, die Wert auf zeitgem\u00e4\u00dfe Ausstattung, effiziente Grundrisse und ein professionelles Arbeitsumfeld legen. Verf\u00fcgbar sind folgende Einheiten:<\/p>\n<p>EG: ca. 694,86 m\u00b2 B\u00fcrofl\u00e4che zu 15,50 EUR\/m\u00b2 zzgl. 2,80 EUR\/m\u00b2 Nebenkosten<\/p>\n<p>1. OG: ca. 731,10 m\u00b2 B\u00fcrofl\u00e4che zu 15,50 EUR\/m\u00b2 zzgl. 2,80 EUR\/m\u00b2 Nebenkosten<\/p>\n<p>2. OG: ca. 731,10 m\u00b2 B\u00fcrofl\u00e4che zu 15,50 EUR\/m\u00b2 zzgl. 2,80 EUR\/m\u00b2 Nebenkosten<br \/>\nDie Geschosse k\u00f6nnen einzeln oder kombiniert angemietet werden und bieten dank flexibler Raumaufteilung vielf\u00e4ltige Nutzungsm\u00f6glichkeiten.<\/p>\n<p>Die B\u00fcrofl\u00e4chen befinden sich in einem etablierten und gut angebundenen Gewerbestandort im K\u00f6lner Stadtteil Kalk. Das Umfeld ist gepr\u00e4gt von einer Mischung aus B\u00fcro-, Dienstleistungs- und Gewerbenutzungen und bietet eine angenehme, professionelle Arbeitsatmosph\u00e4re. Die Anbindung an den Individualverkehr ist sehr gut, sowohl die K\u00f6lner Innenstadt als auch die umliegenden Autobahnen sind in wenigen Minuten erreichbar. \u00d6ffentliche Verkehrsmittel befinden sich in fu\u00dfl\u00e4ufiger Entfernung und gew\u00e4hrleisten eine komfortable Erreichbarkeit f\u00fcr Mitarbeiter und Kunden. Einkaufsm\u00f6glichkeiten sowie gastronomische Angebote zur t\u00e4glichen Versorgung sind ebenfalls im n\u00e4heren Umfeld vorhanden.<\/p>\n<p>\u2022 Sanierung (2025)<\/p>\n<p>\u2022 Neue Fassade<br \/>\n\u2022<\/p>\n<p>Aufzug<br \/>\n\u2022<\/p>\n<p>Repr\u00e4sentativer Eingangsbereich<\/p>\n<p>\u2022 Abhangdecke<br \/>\n\u2022<\/p>\n<p>Moderne Beleuchtung<\/p>\n<p>\u2022 Klimatisierung<br \/>\n\u2022<\/p>\n<p>Neuer Teppichboden<br \/>\n\u2022<\/p>\n<p>Flexible Raumaufteilung<\/p>\n<p>Es gelten ausschlie\u00dflich unsere AGB (www.ruhr-real.de\/agb). Wir m\u00f6chten Sie darauf hinweisen, dass die Angaben ausschlie\u00dflich auf den uns vom Eigent\u00fcmer \u00fcbermittelten Unterlagen und Informationen basieren. F\u00fcr Richtigkeit und Vollst\u00e4ndigkeit \u00fcbernehmen wir keine Gew\u00e4hr. Zwischenvermietung vorbehalten.<br \/>\n<div class=\"widget widget_immonex_user_defined_properties_widget\"><div class=\"immonex-widget immonex-widget-houzez\">\n\t\t<div class=\"immonex-widget-title clearfix\">\n\t\t<h2 class=\"widgettitle\">Energieeffizienz<\/h2>\t<\/div>\n\t\t<ul class=\"immonex-property-details row list-lined list-unstyled\">\n\t\t\t\t<li>\n\t\t\t<div class=\"list-lined-item w-100 d-flex justify-content-between py-2\">\n\t\t\t\t\t\t\t\t<strong class=\"property-details-label\">Energieausweis-Jahrgang:<\/strong>&nbsp;<span class=\"property-details-value\">not available<\/span>\n\t\t\t\t\t\t\t<\/div>\n\t\t<\/li>\n\t\t\t<\/ul>\n<\/div><\/div><\/p>\n","protected":false},"excerpt":{"rendered":"<p>Das B\u00fcroobjekt bietet moderne und flexibel nutzbare B\u00fcrofl\u00e4chen in einem repr\u00e4sentativen Geb\u00e4ude, das im Jahr 2025&#8230;<\/p>\n","protected":false},"author":1,"featured_media":176611,"parent":0,"menu_order":0,"template":"","property_type":[379],"property_status":[352],"property_feature":[],"property_label":[],"property_country":[353],"property_state":[],"property_city":[336],"property_area":[],"class_list":["post-175691","property","type-property","status-publish","has-post-thumbnail","hentry","property_type-bueroflaechen","property_status-zu-vermieten","property_country-deutschland","property_city-koln"],"acf":[],"property_meta":{"_immonex_import_folder":["users\/RUHRREAL"],"_immonex_translation_id":["4563\/G1\/E2"],"_openimmo_obid":["3BA43235C4FD4077A5BA570908D1556D"],"_is_immonex_import_property":["1"],"_immonex_is_reference":[""],"rank_math_internal_links_processed":["1"],"_immonex_post_status":["updated"],"fave_property_map_address":["51105 K\u00f6ln"],"fave_property_zip":["51105"],"fave_property_country":["DE"],"_immonex_lat":["50.93058655"],"_immonex_lng":["7.00776561279"],"houzez_geolocation_lat":["50.93058655"],"houzez_geolocation_long":["7.00776561279"],"fave_property_location":["50.93058655,7.00776561279"],"fave_property_price":["15.50"],"fave_property_sec_price":["15.5000"],"fave_property_size":["731"],"fave_property_id":["4563\/G1\/E2"],"_fave_property_id":["4563\/G1\/E2"],"_immonex_iso_country":["DEU"],"_openimmo_anid":["0000"],"_immonex_group_number":[""],"_immonex_group_id":[""],"_immonex_group_master":[""],"_immonex_import_meta":["a:6:{s:8:\"zip_file\";s:131:\"\/www\/htdocs\/w0172e0e\/ruhr-real_2024\/wp-content\/uploads\/immonex-openimmo-import\/users\/RUHRREAL\/Immowelt_estatePro_20260119151700.zip\";s:8:\"xml_file\";s:158:\"\/www\/htdocs\/w0172e0e\/ruhr-real_2024\/wp-content\/uploads\/immonex-openimmo-import\/immowelt_estatepro_20260119151700\/Homepage_2024_NEW_estatePro20260119151700.xml\";s:12:\"mapping_file\";s:116:\"\/www\/htdocs\/w0172e0e\/ruhr-real_2024\/wp-content\/uploads\/immonex-openimmo-import\/mappings\/houzez_ruhrreal_18122023.csv\";s:9:\"timestamp\";i:1768832307;s:4:\"date\";s:10:\"2026-01-19\";s:4:\"time\";s:8:\"15:18:27\";}"],"_immonex_is_sold":[""],"_immonex_is_reserved":[""],"_immonex_is_available":["1"],"_immonex_areabutler_url_with_address":[""],"_immonex_areabutler_url_no_address":[""],"_immonex_areabutler_url":[""],"additional_features":["a:12:{i:0;a:2:{s:29:\"fave_additional_feature_title\";s:14:\"Nettokaltmiete\";s:29:\"fave_additional_feature_value\";s:14:\"15,50&nbsp;\u20ac\";}i:1;a:2:{s:29:\"fave_additional_feature_title\";s:9:\"Kaltmiete\";s:29:\"fave_additional_feature_value\";s:14:\"15,50&nbsp;\u20ac\";}i:2;a:2:{s:29:\"fave_additional_feature_title\";s:29:\"monatl. Betriebs-\/Nebenkosten\";s:29:\"fave_additional_feature_value\";s:13:\"2,80&nbsp;\u20ac\";}i:3;a:2:{s:29:\"fave_additional_feature_title\";s:33:\"Heizkosten in Warmmiete enthalten\";s:29:\"fave_additional_feature_value\";s:4:\"nein\";}i:4;a:2:{s:29:\"fave_additional_feature_title\";s:32:\"Preise zuz\u00fcglich Mehrwertsteuer\";s:29:\"fave_additional_feature_value\";s:4:\"nein\";}i:5;a:2:{s:29:\"fave_additional_feature_title\";s:23:\"Netto-Kaltmiete pro m\u00b2\";s:29:\"fave_additional_feature_value\";s:14:\"15,50&nbsp;\u20ac\";}i:6;a:2:{s:29:\"fave_additional_feature_title\";s:10:\"MwSt.-Satz\";s:29:\"fave_additional_feature_value\";s:9:\"19&nbsp;%\";}i:7;a:2:{s:29:\"fave_additional_feature_title\";s:12:\"B\u00fcrofl\u00e4che\";s:29:\"fave_additional_feature_value\";s:14:\"731,1&nbsp;m\u00b2\";}i:8;a:2:{s:29:\"fave_additional_feature_title\";s:16:\"B\u00fcroteilfl\u00e4che\";s:29:\"fave_additional_feature_value\";s:14:\"731,1&nbsp;m\u00b2\";}i:9;a:2:{s:29:\"fave_additional_feature_title\";s:10:\"Teilbar ab\";s:29:\"fave_additional_feature_value\";s:14:\"731,1&nbsp;m\u00b2\";}i:10;a:2:{s:29:\"fave_additional_feature_title\";s:7:\"Zustand\";s:29:\"fave_additional_feature_value\";s:8:\"gepflegt\";}i:11;a:2:{s:29:\"fave_additional_feature_title\";s:27:\"Immobilie ist verf\u00fcgbar ab\";s:29:\"fave_additional_feature_value\";s:17:\"nach Vereinbarung\";}}"],"fave_additional_features_enable":["enable"],"_immonex_custom_fields":["a:1:{s:23:\"Energieausweis-Jahrgang\";a:5:{s:14:\"mapping_source\";s:38:\"zustand_angaben->energiepass->jahrgang\";s:4:\"name\";s:0:\"\";s:5:\"group\";s:5:\"epass\";s:5:\"value\";s:13:\"not available\";s:19:\"value_before_filter\";s:4:\"ohne\";}}"],"_immonex_property_xml_source":["<?xml version=\"1.0\"?>\n<immobilie>\n<objektkategorie>\n<nutzungsart WOHNEN=\"false\" GEWERBE=\"true\"\/>\n<vermarktungsart KAUF=\"false\" MIETE_PACHT=\"true\"\/>\n<objektart>\n<buero_praxen buero_typ=\"BUEROHAUS\"\/>\n<\/objektart>\n<user_defined_simplefield\/>\n<\/objektkategorie>\n<geo>\n<plz>51105<\/plz>\n<ort>K&#xF6;ln<\/ort>\n<strasse>Gottfried-Hagen-Stra&#xDF;e<\/strasse>\n<hausnummer>36<\/hausnummer>\n<land iso_land=\"DEU\"\/>\n<lage_im_bau\/>\n<\/geo>\n<kontaktperson>\n<email_zentrale>anfrage@ruhr-real.de<\/email_zentrale>\n<email_direkt>lendzian@ruhr-real.de<\/email_direkt>\n<tel_durchw>+49 221 273 229 22<\/tel_durchw>\n<tel_handy>+49 162 1531000<\/tel_handy>\n<name>Lendzian<\/name>\n<vorname>Niklas<\/vorname>\n<anrede>Herr<\/anrede>\n<firma>RUHR REAL GmbH<\/firma>\n<strasse>Holsterhauser Platz<\/strasse>\n<hausnummer>2<\/hausnummer>\n<plz>45147<\/plz>\n<ort>Essen<\/ort>\n<adressfreigabe>true<\/adressfreigabe>\n<\/kontaktperson>\n<preise>\n<nettokaltmiete>15.50<\/nettokaltmiete>\n<kaltmiete>15.50<\/kaltmiete>\n<nebenkosten>2.80<\/nebenkosten>\n<heizkosten_enthalten>false<\/heizkosten_enthalten>\n<zzg_mehrwertsteuer>false<\/zzg_mehrwertsteuer>\n<preis_zeiteinheit\/>\n<mietpreis_pro_qm>15.5000<\/mietpreis_pro_qm>\n<provisionspflichtig>false<\/provisionspflichtig>\n<waehrung iso_waehrung=\"EUR\"\/>\n<mwst_satz>19.00<\/mwst_satz>\n<stp_carport\/>\n<stp_duplex\/>\n<stp_freiplatz\/>\n<stp_garage\/>\n<stp_parkhaus\/>\n<stp_tiefgarage\/>\n<\/preise>\n<bieterverfahren\/>\n<versteigerung\/>\n<flaechen>\n<bueroflaeche>731.1<\/bueroflaeche>\n<bueroteilflaeche>731.1<\/bueroteilflaeche>\n<teilbar_ab>731.1<\/teilbar_ab>\n<\/flaechen>\n<ausstattung>\n<bad\/>\n<kueche\/>\n<heizungsart\/>\n<befeuerung\/>\n<fahrstuhl\/>\n<ausricht_balkon_terrasse\/>\n<angeschl_gastronomie\/><sicherheitstechnik\/>\n<\/ausstattung>\n<zustand_angaben>\n<zustand zustand_art=\"GEPFLEGT\"\/>\n<energiepass>\n<jahrgang>ohne<\/jahrgang>\n<\/energiepass>\n<\/zustand_angaben>\n<bewertung\/>\n<infrastruktur\/>\n<freitexte>\n<objekttitel>Provisionsfrei | helle &amp; moderne B&#xFC;rofl&#xE4;chen  | ideale Anbindungen | Personenaufzug<\/objekttitel>\n<lage>Die B&#xFC;rofl&#xE4;chen befinden sich in einem etablierten und gut angebundenen Gewerbestandort im K&#xF6;lner Stadtteil Kalk. Das Umfeld ist gepr&#xE4;gt von einer Mischung aus B&#xFC;ro-, Dienstleistungs- und Gewerbenutzungen und bietet eine angenehme, professionelle Arbeitsatmosph&#xE4;re. Die Anbindung an den Individualverkehr ist sehr gut, sowohl die K&#xF6;lner Innenstadt als auch die umliegenden Autobahnen sind in wenigen Minuten erreichbar. &#xD6;ffentliche Verkehrsmittel befinden sich in fu&#xDF;l&#xE4;ufiger Entfernung und gew&#xE4;hrleisten eine komfortable Erreichbarkeit f&#xFC;r Mitarbeiter und Kunden. Einkaufsm&#xF6;glichkeiten sowie gastronomische Angebote zur t&#xE4;glichen Versorgung sind ebenfalls im n&#xE4;heren Umfeld vorhanden.<\/lage>\n<ausstatt_beschr>&#x2022; Sanierung (2025)\n\n\n&#x2022; Neue Fassade\n&#x2022; \n\nAufzug\n&#x2022; \n\nRepr&#xE4;sentativer Eingangsbereich\n\n\n&#x2022; Abhangdecke\n&#x2022; \n\nModerne Beleuchtung\n\n\n&#x2022; Klimatisierung\n&#x2022; \n\nNeuer Teppichboden\n&#x2022; \n\nFlexible Raumaufteilung<\/ausstatt_beschr>\n<objektbeschreibung>Das B&#xFC;roobjekt bietet moderne und flexibel nutzbare B&#xFC;rofl&#xE4;chen in einem repr&#xE4;sentativen Geb&#xE4;ude, das im Jahr 2025 umfassend saniert wurde. Die Fl&#xE4;chen eignen sich ideal f&#xFC;r Unternehmen, die Wert auf zeitgem&#xE4;&#xDF;e Ausstattung, effiziente Grundrisse und ein professionelles Arbeitsumfeld legen. Verf&#xFC;gbar sind folgende Einheiten:\n\nEG: ca. 694,86 m&#xB2; B&#xFC;rofl&#xE4;che zu 15,50 EUR\/m&#xB2; zzgl. 2,80 EUR\/m&#xB2; Nebenkosten\n\n1. OG: ca. 731,10 m&#xB2; B&#xFC;rofl&#xE4;che zu 15,50 EUR\/m&#xB2; zzgl. 2,80 EUR\/m&#xB2; Nebenkosten\n\n2. OG: ca. 731,10 m&#xB2; B&#xFC;rofl&#xE4;che zu 15,50 EUR\/m&#xB2; zzgl. 2,80 EUR\/m&#xB2; Nebenkosten\nDie Geschosse k&#xF6;nnen einzeln oder kombiniert angemietet werden und bieten dank flexibler Raumaufteilung vielf&#xE4;ltige Nutzungsm&#xF6;glichkeiten.\n<\/objektbeschreibung>\n<sonstige_angaben>Es gelten ausschlie&#xDF;lich unsere AGB (www.ruhr-real.de\/agb). Wir m&#xF6;chten Sie darauf hinweisen, dass die Angaben ausschlie&#xDF;lich auf den uns vom Eigent&#xFC;mer &#xFC;bermittelten Unterlagen und Informationen basieren. F&#xFC;r Richtigkeit und Vollst&#xE4;ndigkeit &#xFC;bernehmen wir keine Gew&#xE4;hr. Zwischenvermietung vorbehalten.<\/sonstige_angaben>\n<\/freitexte>\n<anhaenge>\n<anhang location=\"EXTERN\" gruppe=\"TITELBILD\">\n<anhangtitel>Titelbild<\/anhangtitel>\n<format>jpg<\/format>\n<daten>\n<pfad>356b1a07e54544749d9d75406449dacf.jpg<\/pfad>\n<\/daten>\n<\/anhang>\n<anhang location=\"EXTERN\" gruppe=\"BILD\">\n<anhangtitel>Innenansicht<\/anhangtitel>\n<format>jpeg<\/format>\n<daten>\n<pfad>2b5a38f2dd2b4f3dac4138a99a7b441d.jpeg<\/pfad>\n<\/daten>\n<\/anhang>\n<anhang location=\"EXTERN\" gruppe=\"BILD\">\n<anhangtitel>Innenansicht<\/anhangtitel>\n<format>jpeg<\/format>\n<daten>\n<pfad>14b88d0715fc43d2b02c92d772083b9c.jpeg<\/pfad>\n<\/daten>\n<\/anhang>\n<anhang location=\"EXTERN\" gruppe=\"BILD\">\n<anhangtitel>Innenansicht<\/anhangtitel>\n<format>jpeg<\/format>\n<daten>\n<pfad>22137d6702414228a4be10a71f892a63.jpeg<\/pfad>\n<\/daten>\n<\/anhang>\n<anhang location=\"EXTERN\" gruppe=\"BILD\">\n<anhangtitel>Flur\/ Personenaufzug<\/anhangtitel>\n<format>jpeg<\/format>\n<daten>\n<pfad>7b0610220f7b4b32b8f63dd5523fdb42.jpeg<\/pfad>\n<\/daten>\n<\/anhang>\n<anhang location=\"EXTERN\" gruppe=\"GRUNDRISS\">\n<anhangtitel>Grundriss EG<\/anhangtitel>\n<format>PNG<\/format>\n<daten>\n<pfad>5a963050c27946cb86e9017d4c4a4828.PNG<\/pfad>\n<\/daten>\n<\/anhang>\n<anhang location=\"EXTERN\" gruppe=\"GRUNDRISS\">\n<anhangtitel>Grundriss 1. OG<\/anhangtitel>\n<format>PNG<\/format>\n<daten>\n<pfad>961a13e8f21e400195fd3add1d1b6f87.PNG<\/pfad>\n<\/daten>\n<\/anhang>\n<anhang location=\"EXTERN\" gruppe=\"GRUNDRISS\">\n<anhangtitel>Grundriss 2. OG<\/anhangtitel>\n<format>PNG<\/format>\n<daten>\n<pfad>d1be3a3c94e9496da478fb1e41eb85ba.PNG<\/pfad>\n<\/daten>\n<\/anhang>\n<\/anhaenge>\n<verwaltung_objekt>\n<objektadresse_freigeben>false<\/objektadresse_freigeben>\n<verfuegbar_ab>nach Vereinbarung<\/verfuegbar_ab>\n<geschlecht\/>\n<\/verwaltung_objekt><verwaltung_techn>\n<objektnr_intern>3BA43235C4FD4077A5BA570908D1556D<\/objektnr_intern>\n<objektnr_extern>4563\/G1\/E2<\/objektnr_extern>\n<aktion aktionart=\"CHANGE\"\/>\n<openimmo_obid>3BA43235C4FD4077A5BA570908D1556D<\/openimmo_obid>\n<kennung_ursprung>estatePro V10.0.0.8<\/kennung_ursprung>\n<stand_vom>2026-01-19<\/stand_vom>\n<\/verwaltung_techn>\n<user_defined_simplefield feldname=\"Startseite\">Nein<\/user_defined_simplefield>\n<\/immobilie>\n"],"_immonex_energy_class":[""],"_immonex_energy_class_id":["0"],"_thumbnail_id":["176611"],"fave_property_images":["176611","176612","176613","176614","176615"],"fave_floor_plans_enable":["enable"],"floor_plans":["a:3:{i:0;a:7:{s:15:\"fave_plan_title\";s:12:\"Grundriss EG\";s:15:\"fave_plan_rooms\";s:0:\"\";s:19:\"fave_plan_bathrooms\";s:0:\"\";s:15:\"fave_plan_price\";s:0:\"\";s:14:\"fave_plan_size\";s:0:\"\";s:15:\"fave_plan_image\";s:84:\"https:\/\/ruhr-real.de\/wp-content\/uploads\/2026\/01\/5a963050c27946cb86e9017d4c4a4828.png\";s:21:\"fave_plan_description\";s:0:\"\";}i:1;a:7:{s:15:\"fave_plan_title\";s:15:\"Grundriss 1. OG\";s:15:\"fave_plan_rooms\";s:0:\"\";s:19:\"fave_plan_bathrooms\";s:0:\"\";s:15:\"fave_plan_price\";s:0:\"\";s:14:\"fave_plan_size\";s:0:\"\";s:15:\"fave_plan_image\";s:84:\"https:\/\/ruhr-real.de\/wp-content\/uploads\/2026\/01\/961a13e8f21e400195fd3add1d1b6f87.png\";s:21:\"fave_plan_description\";s:0:\"\";}i:2;a:7:{s:15:\"fave_plan_title\";s:15:\"Grundriss 2. OG\";s:15:\"fave_plan_rooms\";s:0:\"\";s:19:\"fave_plan_bathrooms\";s:0:\"\";s:15:\"fave_plan_price\";s:0:\"\";s:14:\"fave_plan_size\";s:0:\"\";s:15:\"fave_plan_image\";s:84:\"https:\/\/ruhr-real.de\/wp-content\/uploads\/2026\/01\/d1be3a3c94e9496da478fb1e41eb85ba.png\";s:21:\"fave_plan_description\";s:0:\"\";}}"],"fave_prop_homeslider":["yes"],"fave_prop_slider_image":["176611"],"fave_agents":["156452"],"fave_agent_display_option":["agent_info"],"fave_single_top_area":["global"],"fave_single_content_area":["global"],"fave_property_map":["1"],"fave_property_map_street_view":["hide"],"fave_property_size_prefix":["m\u00b2"],"fave_property_land_postfix":["m\u00b2"],"fave_featured":["0"],"houzez_featured_listing_date":[""],"fave_property_price_postfix":["pro&nbsp;m\u00b2"],"fave_currency":["EUR"],"fave_currency_info":["a:8:{s:2:\"id\";s:1:\"1\";s:13:\"currency_name\";s:4:\"Euro\";s:13:\"currency_code\";s:3:\"EUR\";s:15:\"currency_symbol\";s:3:\"\u20ac\";s:17:\"currency_position\";s:5:\"after\";s:16:\"currency_decimal\";s:1:\"2\";s:26:\"currency_decimal_separator\";s:1:\",\";s:27:\"currency_thousand_separator\";s:1:\".\";}"],"houzez_total_property_views":["529"],"houzez_views_by_date":["a:61:{s:10:\"02-27-2026\";i:4;s:10:\"02-28-2026\";i:4;s:10:\"03-01-2026\";i:4;s:10:\"03-02-2026\";i:4;s:10:\"03-03-2026\";i:4;s:10:\"03-04-2026\";i:4;s:10:\"03-05-2026\";i:6;s:10:\"03-06-2026\";i:4;s:10:\"03-07-2026\";i:4;s:10:\"03-08-2026\";i:4;s:10:\"03-09-2026\";i:4;s:10:\"03-10-2026\";i:4;s:10:\"03-11-2026\";i:4;s:10:\"03-12-2026\";i:4;s:10:\"03-13-2026\";i:5;s:10:\"03-14-2026\";i:4;s:10:\"03-15-2026\";i:4;s:10:\"03-16-2026\";i:3;s:10:\"03-17-2026\";i:5;s:10:\"03-18-2026\";i:6;s:10:\"03-19-2026\";i:4;s:10:\"03-20-2026\";i:7;s:10:\"03-21-2026\";i:4;s:10:\"03-22-2026\";i:4;s:10:\"03-23-2026\";i:4;s:10:\"03-24-2026\";i:4;s:10:\"03-25-2026\";i:4;s:10:\"03-26-2026\";i:6;s:10:\"03-27-2026\";i:4;s:10:\"03-28-2026\";i:4;s:10:\"03-29-2026\";i:4;s:10:\"03-30-2026\";i:2;s:10:\"03-31-2026\";i:3;s:10:\"04-01-2026\";i:7;s:10:\"04-02-2026\";i:9;s:10:\"04-03-2026\";i:8;s:10:\"04-04-2026\";i:8;s:10:\"04-05-2026\";i:8;s:10:\"04-06-2026\";i:8;s:10:\"04-07-2026\";i:12;s:10:\"04-08-2026\";i:6;s:10:\"04-09-2026\";i:10;s:10:\"04-10-2026\";i:8;s:10:\"04-11-2026\";i:8;s:10:\"04-12-2026\";i:8;s:10:\"04-13-2026\";i:8;s:10:\"04-14-2026\";i:8;s:10:\"04-15-2026\";i:8;s:10:\"04-16-2026\";i:8;s:10:\"04-17-2026\";i:8;s:10:\"04-18-2026\";i:8;s:10:\"04-19-2026\";i:8;s:10:\"04-20-2026\";i:8;s:10:\"04-21-2026\";i:8;s:10:\"04-22-2026\";i:8;s:10:\"04-23-2026\";i:12;s:10:\"04-24-2026\";i:8;s:10:\"04-25-2026\";i:8;s:10:\"04-26-2026\";i:8;s:10:\"04-27-2026\";i:8;s:10:\"04-28-2026\";i:4;}"],"houzez_recently_viewed":["2026-04-28 09:12:38"],"tp_widgets":["a:2:{s:7:\"widgets\";a:0:{}s:9:\"update_at\";s:10:\"1764682733\";}"],"_elementor_page_assets":["a:0:{}"]},"_links":{"self":[{"href":"https:\/\/ruhr-real.de\/en\/wp-json\/wp\/v2\/properties\/175691","targetHints":{"allow":["GET"]}}],"collection":[{"href":"https:\/\/ruhr-real.de\/en\/wp-json\/wp\/v2\/properties"}],"about":[{"href":"https:\/\/ruhr-real.de\/en\/wp-json\/wp\/v2\/types\/property"}],"author":[{"embeddable":true,"href":"https:\/\/ruhr-real.de\/en\/wp-json\/wp\/v2\/users\/1"}],"version-history":[{"count":0,"href":"https:\/\/ruhr-real.de\/en\/wp-json\/wp\/v2\/properties\/175691\/revisions"}],"wp:featuredmedia":[{"embeddable":true,"href":"https:\/\/ruhr-real.de\/en\/wp-json\/wp\/v2\/media\/176611"}],"wp:attachment":[{"href":"https:\/\/ruhr-real.de\/en\/wp-json\/wp\/v2\/media?parent=175691"}],"wp:term":[{"taxonomy":"property_type","embeddable":true,"href":"https:\/\/ruhr-real.de\/en\/wp-json\/wp\/v2\/property_type?post=175691"},{"taxonomy":"property_status","embeddable":true,"href":"https:\/\/ruhr-real.de\/en\/wp-json\/wp\/v2\/property_status?post=175691"},{"taxonomy":"property_feature","embeddable":true,"href":"https:\/\/ruhr-real.de\/en\/wp-json\/wp\/v2\/property_feature?post=175691"},{"taxonomy":"property_label","embeddable":true,"href":"https:\/\/ruhr-real.de\/en\/wp-json\/wp\/v2\/property_label?post=175691"},{"taxonomy":"property_country","embeddable":true,"href":"https:\/\/ruhr-real.de\/en\/wp-json\/wp\/v2\/property_country?post=175691"},{"taxonomy":"property_state","embeddable":true,"href":"https:\/\/ruhr-real.de\/en\/wp-json\/wp\/v2\/property_state?post=175691"},{"taxonomy":"property_city","embeddable":true,"href":"https:\/\/ruhr-real.de\/en\/wp-json\/wp\/v2\/property_city?post=175691"},{"taxonomy":"property_area","embeddable":true,"href":"https:\/\/ruhr-real.de\/en\/wp-json\/wp\/v2\/property_area?post=175691"}],"curies":[{"name":"wp","href":"https:\/\/api.w.org\/{rel}","templated":true}]}}