{"id":175824,"date":"2026-01-13T00:01:18","date_gmt":"2026-01-12T23:01:18","guid":{"rendered":"https:\/\/ruhr-real.de\/objekt\/provisionsfrei-moderne-bueroflaechen-im-hagencampus-ideale-anbindung\/"},"modified":"2026-01-13T00:01:18","modified_gmt":"2026-01-12T23:01:18","slug":"provisionsfrei-moderne-bueroflaechen-im-hagencampus-ideale-anbindung","status":"publish","type":"property","link":"https:\/\/ruhr-real.de\/en\/objekt\/provisionsfrei-moderne-bueroflaechen-im-hagencampus-ideale-anbindung\/","title":{"rendered":"Provisionsfrei | Moderne B\u00fcrofl\u00e4chen im HAGENCAMPUS | Ideale Anbindung"},"content":{"rendered":"<p>Die hochwertigen und modernen B\u00fcrofl\u00e4chen bieten ideale Voraussetzungen f\u00fcr eine Vielzahl von Nutzungsarten. Die Fl\u00e4chen sind flexibel gestaltbar und erm\u00f6glichen eine individuelle Anpassung an unterschiedliche Arbeits- und Nutzungskonzepte. Ein Personenaufzug gew\u00e4hrleistet eine barrierefreie Erschlie\u00dfung aller Etagen, w\u00e4hrend ausreichend PKW-Stellpl\u00e4tze am Objekt den Standort zus\u00e4tzlich aufwerten. Die B\u00fcrofl\u00e4chen sind ab einer Gr\u00f6\u00dfe von ca. 289 m\u00b2 teilbar und stehen nach Vereinbarung zur Verf\u00fcgung. Insgesamt stehen ca. 2.136,55 m\u00b2 B\u00fcrofl\u00e4che zur Vermietung.<\/p>\n<p>Folgende Mietfl\u00e4chen stehen aktuell zur Disposition:<\/p>\n<p>\u2022 ME 1.5 | 1. OG: ca. 289,10 m\u00b2 B\u00fcrofl\u00e4che<\/p>\n<p>\u2022 ME 1.6 &amp; ME 1.7 | 1. OG*: ca. 730,42 m\u00b2 B\u00fcro-\/Laborfl\u00e4chen<br \/>\n\u2022<\/p>\n<p>ME 2.12 | 2. OG: ca. 372,39 m\u00b2 B\u00fcrofl\u00e4che<br \/>\n\u2022<\/p>\n<p>ME 4.18 &amp; ME 4.19 | 4. OG**: ca. 744,64 m\u00b2 B\u00fcrofl\u00e4che<br \/>\n\u2022<\/p>\n<p>ME 4.20 | 4. OG: ca. 339,90 m\u00b2 B\u00fcrofl\u00e4che<\/p>\n<p>* Die Mieteinheiten ME 1.6 und ME 1.7 k\u00f6nnen ausschlie\u00dflich gemeinsam angemietet werden.<\/p>\n<p>** Die Mieteinheiten ME 4.18 und ME 4.19 k\u00f6nnen ausschlie\u00dflich gemeinsam angemietet werden.<\/p>\n<p>Die B\u00fcrofl\u00e4chen befinden sich in einem etablierten und gut angebundenen Gewerbestandort im K\u00f6lner Stadtteil Kalk. Das Umfeld ist gepr\u00e4gt von einer Mischung aus B\u00fcro-, Dienstleistungs- und Gewerbenutzungen und bietet eine angenehme, professionelle Arbeitsatmosph\u00e4re. Die Anbindung an den Individualverkehr ist sehr gut, sowohl die K\u00f6lner Innenstadt als auch die umliegenden Autobahnen sind in wenigen Minuten erreichbar. \u00d6ffentliche Verkehrsmittel befinden sich in fu\u00dfl\u00e4ufiger Entfernung und gew\u00e4hrleisten eine komfortable Erreichbarkeit f\u00fcr Mitarbeiter und Kunden. Einkaufsm\u00f6glichkeiten sowie gastronomische Angebote zur t\u00e4glichen Versorgung sind ebenfalls im n\u00e4heren Umfeld vorhanden.<\/p>\n<p>\u2022 Verkabelung: teilw. CAT7-Verkabelung<br \/>\n\u2022 Verkabelungsort: Fensterbankkabelkan\u00e4le, Bodentanks<br \/>\n\u2022 K\u00fchlung\/L\u00fcftung: teilweise klimatisiert<br \/>\n\u2022 Sonnenschutz: au\u00dfenliegend, elektrisch<br \/>\n\u2022 Teek\u00fcvollausgestattete Teek\u00fcchen<br \/>\n\u2022 Beleuchtung: LED-Beleuchtung<br \/>\n\u2022 Rasterdeckenleuchten<br \/>\n\u2022 Bodenbelag: Teppichboden, Parkett, Vinyl<\/p>\n<p>Es gelten ausschlie\u00dflich unsere AGB (www.ruhr-real.de\/agb). Wir m\u00f6chten Sie darauf hinweisen, dass die Angaben ausschlie\u00dflich auf den uns vom Eigent\u00fcmer \u00fcbermittelten Unterlagen und Informationen basieren. F\u00fcr Richtigkeit und Vollst\u00e4ndigkeit \u00fcbernehmen wir keine Gew\u00e4hr. Zwischenvermietung vorbehalten.<br \/>\n<div class=\"widget widget_immonex_user_defined_properties_widget\"><div class=\"immonex-widget immonex-widget-houzez\">\n\t\t<div class=\"immonex-widget-title clearfix\">\n\t\t<h2 class=\"widgettitle\">Energieeffizienz<\/h2>\t<\/div>\n\t\t<ul class=\"immonex-property-details row list-lined list-unstyled\">\n\t\t\t\t<li>\n\t\t\t<div class=\"list-lined-item w-100 d-flex justify-content-between py-2\">\n\t\t\t\t\t\t\t\t<strong class=\"property-details-label\">Energieausweis-Jahrgang:<\/strong>&nbsp;<span class=\"property-details-value\">not available<\/span>\n\t\t\t\t\t\t\t<\/div>\n\t\t<\/li>\n\t\t\t<\/ul>\n<\/div><\/div><\/p>\n","protected":false},"excerpt":{"rendered":"<p>Die hochwertigen und modernen B\u00fcrofl\u00e4chen bieten ideale Voraussetzungen f\u00fcr eine Vielzahl von Nutzungsarten. Die&#8230;<\/p>\n","protected":false},"author":1,"featured_media":175825,"parent":0,"menu_order":0,"template":"","property_type":[379],"property_status":[352],"property_feature":[354],"property_label":[],"property_country":[353],"property_state":[],"property_city":[336],"property_area":[],"class_list":["post-175824","property","type-property","status-publish","has-post-thumbnail","hentry","property_type-bueroflaechen","property_status-zu-vermieten","property_feature-personenaufzug","property_country-deutschland","property_city-koln"],"acf":[],"property_meta":{"rank_math_internal_links_processed":["1"],"_immonex_post_status":["new"],"_immonex_import_folder":["users\/RUHRREAL"],"fave_property_map_address":["51105 K\u00f6ln"],"fave_property_zip":["51105"],"fave_property_country":["DE"],"_immonex_lat":["50.93058655"],"_immonex_lng":["7.00976561279"],"houzez_geolocation_lat":["50.93058655"],"houzez_geolocation_long":["7.00976561279"],"fave_property_location":["50.93058655,7.00976561279"],"fave_property_size":["289"],"fave_property_id":["4564\/G1\/E8"],"_fave_property_id":["4564\/G1\/E8"],"_immonex_translation_id":["4564\/G1\/E8"],"_immonex_iso_country":["DEU"],"_openimmo_obid":["8E8C1876948944F989A129A1360F2919"],"_openimmo_anid":["0000"],"_immonex_group_number":[""],"_immonex_group_id":[""],"_immonex_group_master":[""],"_immonex_import_meta":["a:6:{s:8:\"zip_file\";s:131:\"\/www\/htdocs\/w0172e0e\/ruhr-real_2024\/wp-content\/uploads\/immonex-openimmo-import\/users\/RUHRREAL\/Immowelt_estatePro_20260113100653.zip\";s:8:\"xml_file\";s:158:\"\/www\/htdocs\/w0172e0e\/ruhr-real_2024\/wp-content\/uploads\/immonex-openimmo-import\/immowelt_estatepro_20260113100653\/Homepage_2024_NEW_estatePro20260113100653.xml\";s:12:\"mapping_file\";s:116:\"\/www\/htdocs\/w0172e0e\/ruhr-real_2024\/wp-content\/uploads\/immonex-openimmo-import\/mappings\/houzez_ruhrreal_18122023.csv\";s:9:\"timestamp\";i:1768295239;s:4:\"date\";s:10:\"2026-01-13\";s:4:\"time\";s:8:\"10:07:19\";}"],"_is_immonex_import_property":["1"],"_immonex_is_reference":[""],"_immonex_is_sold":[""],"_immonex_is_reserved":[""],"_immonex_is_available":["1"],"_immonex_areabutler_url_with_address":[""],"_immonex_areabutler_url_no_address":[""],"_immonex_areabutler_url":[""],"additional_features":["a:11:{i:0;a:2:{s:29:\"fave_additional_feature_title\";s:33:\"Heizkosten in Warmmiete enthalten\";s:29:\"fave_additional_feature_value\";s:4:\"nein\";}i:1;a:2:{s:29:\"fave_additional_feature_title\";s:32:\"Preise zuz\u00fcglich Mehrwertsteuer\";s:29:\"fave_additional_feature_value\";s:4:\"nein\";}i:2;a:2:{s:29:\"fave_additional_feature_title\";s:10:\"MwSt.-Satz\";s:29:\"fave_additional_feature_value\";s:9:\"19&nbsp;%\";}i:3;a:2:{s:29:\"fave_additional_feature_title\";s:12:\"B\u00fcrofl\u00e4che\";s:29:\"fave_additional_feature_value\";s:17:\"2.136,55&nbsp;m\u00b2\";}i:4;a:2:{s:29:\"fave_additional_feature_title\";s:16:\"B\u00fcroteilfl\u00e4che\";s:29:\"fave_additional_feature_value\";s:14:\"289,1&nbsp;m\u00b2\";}i:5;a:2:{s:29:\"fave_additional_feature_title\";s:10:\"Teilbar ab\";s:29:\"fave_additional_feature_value\";s:14:\"289,1&nbsp;m\u00b2\";}i:6;a:2:{s:29:\"fave_additional_feature_title\";s:19:\"Art der Ausstattung\";s:29:\"fave_additional_feature_value\";s:8:\"Standard\";}i:7;a:2:{s:29:\"fave_additional_feature_title\";s:10:\"Bodenbelag\";s:29:\"fave_additional_feature_value\";s:28:\"Teppich, Laminat, Kunststoff\";}i:8;a:2:{s:29:\"fave_additional_feature_title\";s:13:\"Stellplatzart\";s:29:\"fave_additional_feature_value\";s:10:\"Tiefgarage\";}i:9;a:2:{s:29:\"fave_additional_feature_title\";s:7:\"Zustand\";s:29:\"fave_additional_feature_value\";s:8:\"gepflegt\";}i:10;a:2:{s:29:\"fave_additional_feature_title\";s:27:\"Immobilie ist verf\u00fcgbar ab\";s:29:\"fave_additional_feature_value\";s:17:\"nach Vereinbarung\";}}"],"fave_additional_features_enable":["enable"],"_immonex_custom_fields":["a:1:{s:23:\"Energieausweis-Jahrgang\";a:5:{s:14:\"mapping_source\";s:38:\"zustand_angaben->energiepass->jahrgang\";s:4:\"name\";s:0:\"\";s:5:\"group\";s:5:\"epass\";s:5:\"value\";s:13:\"not available\";s:19:\"value_before_filter\";s:4:\"ohne\";}}"],"_immonex_property_xml_source":["<?xml version=\"1.0\"?>\n<immobilie>\n<objektkategorie>\n<nutzungsart WOHNEN=\"false\" GEWERBE=\"true\"\/>\n<vermarktungsart KAUF=\"false\" MIETE_PACHT=\"true\"\/>\n<objektart>\n<buero_praxen buero_typ=\"BUEROHAUS\"\/>\n<\/objektart>\n<user_defined_simplefield\/>\n<\/objektkategorie>\n<geo>\n<plz>51105<\/plz>\n<ort>K&#xF6;ln<\/ort>\n<strasse>Gottfried-Hagen-Stra&#xDF;e<\/strasse>\n<hausnummer>20<\/hausnummer>\n<land iso_land=\"DEU\"\/>\n<lage_im_bau\/>\n<\/geo>\n<kontaktperson>\n<email_zentrale>anfrage@ruhr-real.de<\/email_zentrale>\n<email_direkt>lendzian@ruhr-real.de<\/email_direkt>\n<tel_durchw>+49 221 273 229 22<\/tel_durchw>\n<tel_handy>+49 162 1531000<\/tel_handy>\n<name>Lendzian<\/name>\n<vorname>Niklas<\/vorname>\n<anrede>Herr<\/anrede>\n<firma>RUHR REAL GmbH<\/firma>\n<strasse>Holsterhauser Platz<\/strasse>\n<hausnummer>2<\/hausnummer>\n<plz>45147<\/plz>\n<ort>Essen<\/ort>\n<adressfreigabe>true<\/adressfreigabe>\n<\/kontaktperson>\n<preise>\n<heizkosten_enthalten>false<\/heizkosten_enthalten>\n<zzg_mehrwertsteuer>false<\/zzg_mehrwertsteuer>\n<preis_zeiteinheit\/>\n<provisionspflichtig>false<\/provisionspflichtig>\n<waehrung iso_waehrung=\"EUR\"\/>\n<mwst_satz>19.00<\/mwst_satz>\n<stp_carport\/>\n<stp_duplex\/>\n<stp_freiplatz\/>\n<stp_garage\/>\n<stp_parkhaus\/>\n<stp_tiefgarage\/>\n<\/preise>\n<bieterverfahren\/>\n<versteigerung\/>\n<flaechen>\n<bueroflaeche>2136.55<\/bueroflaeche>\n<bueroteilflaeche>289.1<\/bueroteilflaeche>\n<teilbar_ab>289.1<\/teilbar_ab>\n<\/flaechen>\n<ausstattung>\n<ausstatt_kategorie>STANDARD<\/ausstatt_kategorie>\n<bad\/>\n<kueche\/>\n<boden TEPPICH=\"true\" LAMINAT=\"true\" KUNSTSTOFF=\"true\"\/>\n<heizungsart\/>\n<befeuerung\/>\n<fahrstuhl PERSONEN=\"true\"\/>\n<stellplatzart TIEFGARAGE=\"true\"\/>\n<ausricht_balkon_terrasse\/>\n<angeschl_gastronomie\/>\n<sicherheitstechnik\/>\n<\/ausstattung>\n<zustand_angaben>\n<zustand zustand_art=\"GEPFLEGT\"\/>\n<energiepass>\n<jahrgang>ohne<\/jahrgang>\n<\/energiepass>\n<\/zustand_angaben>\n<bewertung\/>\n<infrastruktur\/>\n<freitexte>\n<objekttitel>Provisionsfrei | Moderne B&#xFC;rofl&#xE4;chen im HAGENCAMPUS | Ideale Anbindung<\/objekttitel>\n<lage>Die B&#xFC;rofl&#xE4;chen befinden sich in einem etablierten und gut angebundenen Gewerbestandort im K&#xF6;lner Stadtteil Kalk. Das Umfeld ist gepr&#xE4;gt von einer Mischung aus B&#xFC;ro-, Dienstleistungs- und Gewerbenutzungen und bietet eine angenehme, professionelle Arbeitsatmosph&#xE4;re. Die Anbindung an den Individualverkehr ist sehr gut, sowohl die K&#xF6;lner Innenstadt als auch die umliegenden Autobahnen sind in wenigen Minuten erreichbar. &#xD6;ffentliche Verkehrsmittel befinden sich in fu&#xDF;l&#xE4;ufiger Entfernung und gew&#xE4;hrleisten eine komfortable Erreichbarkeit f&#xFC;r Mitarbeiter und Kunden. Einkaufsm&#xF6;glichkeiten sowie gastronomische Angebote zur t&#xE4;glichen Versorgung sind ebenfalls im n&#xE4;heren Umfeld vorhanden.<\/lage>\n<ausstatt_beschr>&#x2022; Verkabelung: teilw. CAT7-Verkabelung\n&#x2022; Verkabelungsort: Fensterbankkabelkan&#xE4;le, Bodentanks\n&#x2022; K&#xFC;hlung\/L&#xFC;ftung: teilweise klimatisiert\n&#x2022; Sonnenschutz: au&#xDF;enliegend, elektrisch\n&#x2022; Teek&#xFC;vollausgestattete Teek&#xFC;chen\n&#x2022; Beleuchtung: LED-Beleuchtung\n&#x2022; Rasterdeckenleuchten\n&#x2022; Bodenbelag: Teppichboden, Parkett, Vinyl<\/ausstatt_beschr>\n<objektbeschreibung>Die hochwertigen und modernen B&#xFC;rofl&#xE4;chen bieten ideale Voraussetzungen f&#xFC;r eine Vielzahl von Nutzungsarten. Die Fl&#xE4;chen sind flexibel gestaltbar und erm&#xF6;glichen eine individuelle Anpassung an unterschiedliche Arbeits- und Nutzungskonzepte. Ein Personenaufzug gew&#xE4;hrleistet eine barrierefreie Erschlie&#xDF;ung aller Etagen, w&#xE4;hrend ausreichend PKW-Stellpl&#xE4;tze am Objekt den Standort zus&#xE4;tzlich aufwerten. Die B&#xFC;rofl&#xE4;chen sind ab einer Gr&#xF6;&#xDF;e von ca. 289 m&#xB2; teilbar und stehen nach Vereinbarung zur Verf&#xFC;gung. Insgesamt stehen ca. 2.136,55 m&#xB2; B&#xFC;rofl&#xE4;che zur Vermietung.\n\n\n\nFolgende Mietfl&#xE4;chen stehen aktuell zur Disposition:\n\n\n&#x2022; ME 1.5 | 1. OG: ca. 289,10 m&#xB2; B&#xFC;rofl&#xE4;che\n\n\n&#x2022; ME 1.6 &amp; ME 1.7 | 1. OG*: ca. 730,42 m&#xB2; B&#xFC;ro-\/Laborfl&#xE4;chen\n&#x2022; \n\nME 2.12 | 2. OG: ca. 372,39 m&#xB2; B&#xFC;rofl&#xE4;che\n&#x2022; \n\nME 4.18 &amp; ME 4.19 | 4. OG**: ca. 744,64 m&#xB2; B&#xFC;rofl&#xE4;che\n&#x2022; \n\nME 4.20 | 4. OG: ca. 339,90 m&#xB2; B&#xFC;rofl&#xE4;che\n\n\n* Die Mieteinheiten ME 1.6 und ME 1.7 k&#xF6;nnen ausschlie&#xDF;lich gemeinsam angemietet werden.\n\n** Die Mieteinheiten ME 4.18 und ME 4.19 k&#xF6;nnen ausschlie&#xDF;lich gemeinsam angemietet werden.<\/objektbeschreibung><sonstige_angaben>Es gelten ausschlie&#xDF;lich unsere AGB (www.ruhr-real.de\/agb). Wir m&#xF6;chten Sie darauf hinweisen, dass die Angaben ausschlie&#xDF;lich auf den uns vom Eigent&#xFC;mer &#xFC;bermittelten Unterlagen und Informationen basieren. F&#xFC;r Richtigkeit und Vollst&#xE4;ndigkeit &#xFC;bernehmen wir keine Gew&#xE4;hr. Zwischenvermietung vorbehalten.<\/sonstige_angaben>\n<\/freitexte>\n<anhaenge>\n<anhang location=\"EXTERN\" gruppe=\"TITELBILD\">\n<anhangtitel>Au&#xDF;enblick<\/anhangtitel>\n<format>jpg<\/format>\n<daten>\n<pfad>4e410757b5504fd9b10d17d684ea6e2f.jpg<\/pfad>\n<\/daten>\n<\/anhang>\n<anhang location=\"EXTERN\" gruppe=\"BILD\">\n<anhangtitel>ME 1.5 Innenansicht 1<\/anhangtitel>\n<format>jpeg<\/format>\n<daten>\n<pfad>57e4258d6c1c4a269c294f0dbda91301.jpeg<\/pfad>\n<\/daten>\n<\/anhang>\n<anhang location=\"EXTERN\" gruppe=\"BILD\">\n<anhangtitel>ME 1.5 Innenansicht 2<\/anhangtitel>\n<format>jpeg<\/format>\n<daten>\n<pfad>02d4f7d63f6b43b8a5d6947224acf37d.jpeg<\/pfad>\n<\/daten>\n<\/anhang>\n<anhang location=\"EXTERN\" gruppe=\"BILD\">\n<anhangtitel>ME 1.5 Innenansicht 3<\/anhangtitel>\n<format>jpeg<\/format>\n<daten>\n<pfad>1601789d877a48d994882c6153442af6.jpeg<\/pfad>\n<\/daten>\n<\/anhang>\n<anhang location=\"EXTERN\" gruppe=\"BILD\">\n<anhangtitel>ME 1.5 Innenansicht 4<\/anhangtitel>\n<format>jpeg<\/format>\n<daten>\n<pfad>a78261a3e342403b90cb47abd9e37e77.jpeg<\/pfad>\n<\/daten>\n<\/anhang>\n<anhang location=\"EXTERN\" gruppe=\"BILD\">\n<anhangtitel>ME 1.6 Innenansicht 1<\/anhangtitel>\n<format>jpeg<\/format>\n<daten>\n<pfad>2c8e8d6af40d4451b6353efe22c704bf.jpeg<\/pfad>\n<\/daten>\n<\/anhang>\n<anhang location=\"EXTERN\" gruppe=\"BILD\">\n<anhangtitel>ME 1.6 Innenansicht 2<\/anhangtitel>\n<format>jpeg<\/format>\n<daten>\n<pfad>8ca43025beea40288809fb68cccaad8b.jpeg<\/pfad>\n<\/daten>\n<\/anhang>\n<anhang location=\"EXTERN\" gruppe=\"BILD\">\n<anhangtitel>ME 2.12 Innenansicht<\/anhangtitel>\n<format>jpeg<\/format>\n<daten>\n<pfad>b5c16e297fa3430c96e609a08bf9750a.jpeg<\/pfad>\n<\/daten>\n<\/anhang>\n<anhang location=\"EXTERN\" gruppe=\"BILD\">\n<anhangtitel>ME 2.12 Innenansicht 2<\/anhangtitel>\n<format>jpeg<\/format>\n<daten>\n<pfad>20279bab31c74675aee072dd2e9ba58d.jpeg<\/pfad>\n<\/daten>\n<\/anhang>\n<anhang location=\"EXTERN\" gruppe=\"GRUNDRISS\">\n<anhangtitel>Grundriss ME 1.5<\/anhangtitel>\n<format>PNG<\/format>\n<daten>\n<pfad>dd75f985901a4342b74b8fdd9a6d2c08.PNG<\/pfad>\n<\/daten>\n<\/anhang>\n<anhang location=\"EXTERN\" gruppe=\"GRUNDRISS\">\n<anhangtitel>Grundriss ME 1.6<\/anhangtitel>\n<format>PNG<\/format>\n<daten>\n<pfad>a80cf6ae6ea54fc6aa096b3540ecc838.PNG<\/pfad>\n<\/daten>\n<\/anhang>\n<anhang location=\"EXTERN\" gruppe=\"GRUNDRISS\">\n<anhangtitel>Grundriss ME 1.7<\/anhangtitel>\n<format>PNG<\/format>\n<daten>\n<pfad>9d03b8f1ada4469ea58e0e4e3875579d.PNG<\/pfad>\n<\/daten>\n<\/anhang>\n<anhang location=\"EXTERN\" gruppe=\"BILD\">\n<anhangtitel>Grundriss ME 2.12<\/anhangtitel>\n<format>PNG<\/format>\n<daten>\n<pfad>18f23166f43e4bedb4eb04e46e334feb.PNG<\/pfad>\n<\/daten>\n<\/anhang>\n<\/anhaenge>\n<verwaltung_objekt>\n<objektadresse_freigeben>false<\/objektadresse_freigeben>\n<verfuegbar_ab>nach Vereinbarung<\/verfuegbar_ab>\n<geschlecht\/>\n<\/verwaltung_objekt>\n<verwaltung_techn>\n<objektnr_intern>8E8C1876948944F989A129A1360F2919<\/objektnr_intern>\n<objektnr_extern>4564\/G1\/E8<\/objektnr_extern>\n<aktion aktionart=\"CHANGE\"\/>\n<openimmo_obid>8E8C1876948944F989A129A1360F2919<\/openimmo_obid>\n<kennung_ursprung>estatePro V10.0.0.8<\/kennung_ursprung>\n<stand_vom>2026-01-13<\/stand_vom>\n<\/verwaltung_techn>\n<user_defined_simplefield feldname=\"Startseite\">Nein<\/user_defined_simplefield>\n<\/immobilie>\n"],"_immonex_energy_class":[""],"_immonex_energy_class_id":["0"],"_thumbnail_id":["175825"],"fave_property_images":["175825","175826","175827","175828","175829","175830","175831","175832","175833","175837"],"fave_floor_plans_enable":["enable"],"floor_plans":["a:3:{i:0;a:7:{s:15:\"fave_plan_title\";s:16:\"Grundriss ME 1.5\";s:15:\"fave_plan_rooms\";s:0:\"\";s:19:\"fave_plan_bathrooms\";s:0:\"\";s:15:\"fave_plan_price\";s:0:\"\";s:14:\"fave_plan_size\";s:0:\"\";s:15:\"fave_plan_image\";s:84:\"https:\/\/ruhr-real.de\/wp-content\/uploads\/2026\/01\/dd75f985901a4342b74b8fdd9a6d2c08.png\";s:21:\"fave_plan_description\";s:0:\"\";}i:1;a:7:{s:15:\"fave_plan_title\";s:16:\"Grundriss ME 1.6\";s:15:\"fave_plan_rooms\";s:0:\"\";s:19:\"fave_plan_bathrooms\";s:0:\"\";s:15:\"fave_plan_price\";s:0:\"\";s:14:\"fave_plan_size\";s:0:\"\";s:15:\"fave_plan_image\";s:84:\"https:\/\/ruhr-real.de\/wp-content\/uploads\/2026\/01\/a80cf6ae6ea54fc6aa096b3540ecc838.png\";s:21:\"fave_plan_description\";s:0:\"\";}i:2;a:7:{s:15:\"fave_plan_title\";s:16:\"Grundriss ME 1.7\";s:15:\"fave_plan_rooms\";s:0:\"\";s:19:\"fave_plan_bathrooms\";s:0:\"\";s:15:\"fave_plan_price\";s:0:\"\";s:14:\"fave_plan_size\";s:0:\"\";s:15:\"fave_plan_image\";s:84:\"https:\/\/ruhr-real.de\/wp-content\/uploads\/2026\/01\/9d03b8f1ada4469ea58e0e4e3875579d.png\";s:21:\"fave_plan_description\";s:0:\"\";}}"],"fave_prop_homeslider":["yes"],"fave_prop_slider_image":["175825"],"fave_agents":["156452"],"fave_agent_display_option":["agent_info"],"fave_single_top_area":["global"],"fave_single_content_area":["global"],"fave_property_price":["0"],"fave_property_map":["1"],"fave_property_map_street_view":["hide"],"fave_property_size_prefix":["m\u00b2"],"fave_property_land_postfix":["m\u00b2"],"fave_featured":["0"],"houzez_featured_listing_date":[""],"fave_currency":["EUR"],"fave_currency_info":["a:8:{s:2:\"id\";s:1:\"1\";s:13:\"currency_name\";s:4:\"Euro\";s:13:\"currency_code\";s:3:\"EUR\";s:15:\"currency_symbol\";s:3:\"\u20ac\";s:17:\"currency_position\";s:5:\"after\";s:16:\"currency_decimal\";s:1:\"2\";s:26:\"currency_decimal_separator\";s:1:\",\";s:27:\"currency_thousand_separator\";s:1:\".\";}"],"houzez_total_property_views":["536"],"houzez_views_by_date":["a:61:{s:10:\"02-26-2026\";i:4;s:10:\"02-27-2026\";i:4;s:10:\"02-28-2026\";i:4;s:10:\"03-01-2026\";i:4;s:10:\"03-02-2026\";i:5;s:10:\"03-03-2026\";i:4;s:10:\"03-04-2026\";i:4;s:10:\"03-05-2026\";i:6;s:10:\"03-06-2026\";i:4;s:10:\"03-07-2026\";i:4;s:10:\"03-08-2026\";i:4;s:10:\"03-09-2026\";i:4;s:10:\"03-10-2026\";i:4;s:10:\"03-11-2026\";i:4;s:10:\"03-12-2026\";i:4;s:10:\"03-13-2026\";i:5;s:10:\"03-14-2026\";i:4;s:10:\"03-15-2026\";i:4;s:10:\"03-16-2026\";i:2;s:10:\"03-17-2026\";i:2;s:10:\"03-18-2026\";i:5;s:10:\"03-19-2026\";i:4;s:10:\"03-20-2026\";i:6;s:10:\"03-21-2026\";i:4;s:10:\"03-22-2026\";i:4;s:10:\"03-23-2026\";i:4;s:10:\"03-24-2026\";i:4;s:10:\"03-25-2026\";i:4;s:10:\"03-26-2026\";i:6;s:10:\"03-27-2026\";i:4;s:10:\"03-28-2026\";i:4;s:10:\"03-29-2026\";i:4;s:10:\"03-30-2026\";i:2;s:10:\"04-01-2026\";i:1;s:10:\"04-02-2026\";i:8;s:10:\"04-03-2026\";i:9;s:10:\"04-04-2026\";i:8;s:10:\"04-05-2026\";i:8;s:10:\"04-06-2026\";i:8;s:10:\"04-07-2026\";i:12;s:10:\"04-08-2026\";i:4;s:10:\"04-09-2026\";i:10;s:10:\"04-10-2026\";i:8;s:10:\"04-11-2026\";i:6;s:10:\"04-12-2026\";i:8;s:10:\"04-13-2026\";i:8;s:10:\"04-14-2026\";i:8;s:10:\"04-15-2026\";i:8;s:10:\"04-16-2026\";i:8;s:10:\"04-17-2026\";i:8;s:10:\"04-18-2026\";i:8;s:10:\"04-19-2026\";i:8;s:10:\"04-20-2026\";i:8;s:10:\"04-21-2026\";i:8;s:10:\"04-22-2026\";i:8;s:10:\"04-23-2026\";i:9;s:10:\"04-24-2026\";i:8;s:10:\"04-25-2026\";i:8;s:10:\"04-26-2026\";i:8;s:10:\"04-27-2026\";i:8;s:10:\"04-28-2026\";i:4;}"],"houzez_recently_viewed":["2026-04-28 12:27:26"],"tp_widgets":["a:2:{s:7:\"widgets\";a:0:{}s:9:\"update_at\";s:10:\"1764682733\";}"],"fave_show_price_placeholder":["1"],"_elementor_page_assets":["a:0:{}"]},"_links":{"self":[{"href":"https:\/\/ruhr-real.de\/en\/wp-json\/wp\/v2\/properties\/175824","targetHints":{"allow":["GET"]}}],"collection":[{"href":"https:\/\/ruhr-real.de\/en\/wp-json\/wp\/v2\/properties"}],"about":[{"href":"https:\/\/ruhr-real.de\/en\/wp-json\/wp\/v2\/types\/property"}],"author":[{"embeddable":true,"href":"https:\/\/ruhr-real.de\/en\/wp-json\/wp\/v2\/users\/1"}],"version-history":[{"count":0,"href":"https:\/\/ruhr-real.de\/en\/wp-json\/wp\/v2\/properties\/175824\/revisions"}],"wp:featuredmedia":[{"embeddable":true,"href":"https:\/\/ruhr-real.de\/en\/wp-json\/wp\/v2\/media\/175825"}],"wp:attachment":[{"href":"https:\/\/ruhr-real.de\/en\/wp-json\/wp\/v2\/media?parent=175824"}],"wp:term":[{"taxonomy":"property_type","embeddable":true,"href":"https:\/\/ruhr-real.de\/en\/wp-json\/wp\/v2\/property_type?post=175824"},{"taxonomy":"property_status","embeddable":true,"href":"https:\/\/ruhr-real.de\/en\/wp-json\/wp\/v2\/property_status?post=175824"},{"taxonomy":"property_feature","embeddable":true,"href":"https:\/\/ruhr-real.de\/en\/wp-json\/wp\/v2\/property_feature?post=175824"},{"taxonomy":"property_label","embeddable":true,"href":"https:\/\/ruhr-real.de\/en\/wp-json\/wp\/v2\/property_label?post=175824"},{"taxonomy":"property_country","embeddable":true,"href":"https:\/\/ruhr-real.de\/en\/wp-json\/wp\/v2\/property_country?post=175824"},{"taxonomy":"property_state","embeddable":true,"href":"https:\/\/ruhr-real.de\/en\/wp-json\/wp\/v2\/property_state?post=175824"},{"taxonomy":"property_city","embeddable":true,"href":"https:\/\/ruhr-real.de\/en\/wp-json\/wp\/v2\/property_city?post=175824"},{"taxonomy":"property_area","embeddable":true,"href":"https:\/\/ruhr-real.de\/en\/wp-json\/wp\/v2\/property_area?post=175824"}],"curies":[{"name":"wp","href":"https:\/\/api.w.org\/{rel}","templated":true}]}}