{"id":176629,"date":"2026-01-19T00:01:02","date_gmt":"2026-01-18T23:01:02","guid":{"rendered":"https:\/\/ruhr-real.de\/objekt\/provisionsfreie-bueroflaechen-in-verkehrsguenstiger-lage\/"},"modified":"2026-01-19T00:01:02","modified_gmt":"2026-01-18T23:01:02","slug":"provisionsfreie-bueroflaechen-in-verkehrsguenstiger-lage","status":"publish","type":"property","link":"https:\/\/ruhr-real.de\/en\/objekt\/provisionsfreie-bueroflaechen-in-verkehrsguenstiger-lage\/","title":{"rendered":"Provisionsfreie B\u00fcrofl\u00e4chen in verkehrsg\u00fcnstiger Lage"},"content":{"rendered":"<p>Das B\u00fcroobjekt bietet mehrere attraktive B\u00fcroeinheiten in unterschiedlichen Etagen, die flexibel nutzbar sind und sich an verschiedene Unternehmensgr\u00f6\u00dfen und Nutzungskonzepte anpassen lassen. Die Fl\u00e4chen zeichnen sich durch effiziente Grundrisse, gute Belichtung sowie eine funktionale und zeitgem\u00e4\u00dfe B\u00fcrostruktur aus.<\/p>\n<p>Aktuell stehen folgende B\u00fcrofl\u00e4chen zur Verf\u00fcgung:<\/p>\n<p>\u2022 3. Obergeschoss: ca. 1.475,80 m\u00b2 B\u00fcrofl\u00e4che<\/p>\n<p>Nettokaltmiete ab 14,00 EUR\/m\u00b2<\/p>\n<p>Nebenkosten: ca. 5,00 EUR\/m\u00b2<\/p>\n<p>\u2022 4. Obergeschoss: ca. 1.429,10 m\u00b2 B\u00fcrofl\u00e4che<\/p>\n<p>Nettokaltmiete ab 14,00 EUR\/m\u00b2<\/p>\n<p>Nebenkosten: ca. 5,00 EUR\/m\u00b2<\/p>\n<p>\u2022 4. Obergeschoss: ca. 1.057,70 m\u00b2 B\u00fcrofl\u00e4che<\/p>\n<p>Nettokaltmiete ab 14,00 EUR\/m\u00b2<\/p>\n<p>Nebenkosten: ca. 5,00 EUR\/m\u00b2<\/p>\n<p>\u2022 5. Obergeschoss: ca. 404,29 m\u00b2 B\u00fcrofl\u00e4che<\/p>\n<p>Nettokaltmiete ab 16,50 EUR\/m\u00b2<\/p>\n<p>Nebenkosten: ca. 4,50 EUR\/m\u00b2<\/p>\n<p>Die Einheiten sind nach Absprache verf\u00fcgbar und k\u00f6nnen, abh\u00e4ngig von der Fl\u00e4chengr\u00f6\u00dfe, individuell an die Anforderungen des zuk\u00fcnftigen Mieters angepasst werden. Das Objekt eignet sich sowohl f\u00fcr klassische B\u00fcro- und Verwaltungsnutzungen als auch f\u00fcr projektorientierte oder wachstumsstarke Unternehmen.<\/p>\n<p>Die Vermietung erfolgt provisionsfrei f\u00fcr den Mieter.<\/p>\n<p>Das Objekt befindet sich in einem etablierten B\u00fcro- und Gewerbestandort im K\u00f6lner Norden der sich durch eine hohe Unternehmensdichte sowie ein professionelles Gesch\u00e4ftsumfeld auszeichnet. Der Standort z\u00e4hlt zu den dynamischsten Wirtschaftsclustern der Stadt und ist insbesondere bei Medien-, Technologie- und Dienstleistungsunternehmen gefragt.<\/p>\n<p>Die Anbindung an den Individualverkehr ist hervorragend: Mehrere Autobahnen erm\u00f6glichen eine schnelle Erreichbarkeit der K\u00f6lner Innenstadt sowie des regionalen und \u00fcberregionalen Verkehrsnetzes. Auch der \u00f6ffentliche Personennahverkehr ist gut ausgebaut und gew\u00e4hrleistet eine komfortable Erreichbarkeit f\u00fcr Mitarbeiter und Besucher.<\/p>\n<p>Zahlreiche Gastronomie-, Service- und Versorgungsangebote befinden sich im n\u00e4heren Umfeld und tragen zu einer attraktiven Arbeitsatmosph\u00e4re bei.<\/p>\n<p>\u2022 Gute nat\u00fcrliche Belichtung<br \/>\n\u2022 Stellpl\u00e4tze im Objektumfeld vorhanden<br \/>\n\u2022 Abgeh\u00e4ngte Decken<\/p>\n<p>\u2022 Moderne LED-Beleuchtung<br \/>\n\u2022<\/p>\n<p>Teppichboden und\/oder hochwertiger PVC-Designboden<br \/>\n\u2022<\/p>\n<p>Brandmeldeanlage<br \/>\n\u2022<\/p>\n<p>Separater Serverraum<\/p>\n<p>\u2022 Funktionale Teek\u00fcche<\/p>\n<p>\u2022 Bodentanks f\u00fcr eine flexible Strom- und Datenversorgung<\/p>\n<p>Es gelten ausschlie\u00dflich unsere AGB (www.ruhr-real.de\/agb). Wir m\u00f6chten Sie darauf hinweisen, dass die Angaben ausschlie\u00dflich auf den uns vom Eigent\u00fcmer \u00fcbermittelten Unterlagen und Informationen basieren. F\u00fcr Richtigkeit und Vollst\u00e4ndigkeit \u00fcbernehmen wir keine Gew\u00e4hr. Zwischenvermietung vorbehalten.<br \/>\n<\/p>\n","protected":false},"excerpt":{"rendered":"<p>Das B\u00fcroobjekt bietet mehrere attraktive B\u00fcroeinheiten in unterschiedlichen Etagen, die flexibel nutzbar sind und&#8230;<\/p>\n","protected":false},"author":1,"featured_media":176630,"parent":0,"menu_order":0,"template":"","property_type":[379],"property_status":[352],"property_feature":[354,551],"property_label":[],"property_country":[353],"property_state":[],"property_city":[336],"property_area":[],"class_list":["post-176629","property","type-property","status-publish","has-post-thumbnail","hentry","property_type-bueroflaechen","property_status-zu-vermieten","property_feature-personenaufzug","property_feature-sauna","property_country-deutschland","property_city-koln"],"acf":[],"property_meta":{"rank_math_internal_links_processed":["1"],"_immonex_post_status":["new"],"_immonex_import_folder":["users\/RUHRREAL"],"fave_property_map_address":["50829 K\u00f6ln"],"fave_property_zip":["50829"],"fave_property_country":["DE"],"_immonex_lat":["50.97516075"],"_immonex_lng":["6.86938034904"],"houzez_geolocation_lat":["50.97516075"],"houzez_geolocation_long":["6.86938034904"],"fave_property_location":["50.97516075,6.86938034904"],"fave_property_size":["404"],"fave_property_id":["4560\/G1\/E5"],"_fave_property_id":["4560\/G1\/E5"],"_immonex_translation_id":["4560\/G1\/E5"],"_immonex_iso_country":["DEU"],"_openimmo_obid":["CB30ECA7EE7448D29D4C7657737DF555"],"_openimmo_anid":["0000"],"_immonex_group_number":[""],"_immonex_group_id":[""],"_immonex_group_master":[""],"_immonex_import_meta":["a:6:{s:8:\"zip_file\";s:131:\"\/www\/htdocs\/w0172e0e\/ruhr-real_2024\/wp-content\/uploads\/immonex-openimmo-import\/users\/RUHRREAL\/Immowelt_estatePro_20260119153943.zip\";s:8:\"xml_file\";s:158:\"\/www\/htdocs\/w0172e0e\/ruhr-real_2024\/wp-content\/uploads\/immonex-openimmo-import\/immowelt_estatepro_20260119153943\/Homepage_2024_NEW_estatePro20260119153944.xml\";s:12:\"mapping_file\";s:116:\"\/www\/htdocs\/w0172e0e\/ruhr-real_2024\/wp-content\/uploads\/immonex-openimmo-import\/mappings\/houzez_ruhrreal_18122023.csv\";s:9:\"timestamp\";i:1768833602;s:4:\"date\";s:10:\"2026-01-19\";s:4:\"time\";s:8:\"15:40:02\";}"],"_is_immonex_import_property":["1"],"_immonex_is_reference":[""],"_immonex_is_sold":[""],"_immonex_is_reserved":[""],"_immonex_is_available":["1"],"_immonex_areabutler_url_with_address":[""],"_immonex_areabutler_url_no_address":[""],"_immonex_areabutler_url":[""],"additional_features":["a:10:{i:0;a:2:{s:29:\"fave_additional_feature_title\";s:33:\"Heizkosten in Warmmiete enthalten\";s:29:\"fave_additional_feature_value\";s:4:\"nein\";}i:1;a:2:{s:29:\"fave_additional_feature_title\";s:32:\"Preise zuz\u00fcglich Mehrwertsteuer\";s:29:\"fave_additional_feature_value\";s:4:\"nein\";}i:2;a:2:{s:29:\"fave_additional_feature_title\";s:10:\"MwSt.-Satz\";s:29:\"fave_additional_feature_value\";s:9:\"19&nbsp;%\";}i:3;a:2:{s:29:\"fave_additional_feature_title\";s:12:\"B\u00fcrofl\u00e4che\";s:29:\"fave_additional_feature_value\";s:17:\"4.384,89&nbsp;m\u00b2\";}i:4;a:2:{s:29:\"fave_additional_feature_title\";s:16:\"B\u00fcroteilfl\u00e4che\";s:29:\"fave_additional_feature_value\";s:15:\"404,29&nbsp;m\u00b2\";}i:5;a:2:{s:29:\"fave_additional_feature_title\";s:10:\"Teilbar ab\";s:29:\"fave_additional_feature_value\";s:15:\"404,29&nbsp;m\u00b2\";}i:6;a:2:{s:29:\"fave_additional_feature_title\";s:19:\"Art der Ausstattung\";s:29:\"fave_additional_feature_value\";s:8:\"Standard\";}i:7;a:2:{s:29:\"fave_additional_feature_title\";s:10:\"Bodenbelag\";s:29:\"fave_additional_feature_value\";s:7:\"Teppich\";}i:8;a:2:{s:29:\"fave_additional_feature_title\";s:7:\"Zustand\";s:29:\"fave_additional_feature_value\";s:8:\"gepflegt\";}i:9;a:2:{s:29:\"fave_additional_feature_title\";s:27:\"Immobilie ist verf\u00fcgbar ab\";s:29:\"fave_additional_feature_value\";s:17:\"nach Vereinbarung\";}}"],"fave_additional_features_enable":["enable"],"_immonex_property_xml_source":["<?xml version=\"1.0\"?>\n<immobilie>\n<objektkategorie>\n<nutzungsart WOHNEN=\"false\" GEWERBE=\"true\"\/>\n<vermarktungsart KAUF=\"false\" MIETE_PACHT=\"true\"\/>\n<objektart>\n<buero_praxen buero_typ=\"BUEROHAUS\"\/>\n<\/objektart>\n<user_defined_simplefield\/>\n<\/objektkategorie>\n<geo>\n<plz>50829<\/plz>\n<ort>K&#xF6;ln<\/ort>\n<strasse>Richard-Byrd-Stra&#xDF;e<\/strasse>\n<hausnummer>6<\/hausnummer>\n<land iso_land=\"DEU\"\/>\n<lage_im_bau\/>\n<\/geo>\n<kontaktperson>\n<email_zentrale>anfrage@ruhr-real.de<\/email_zentrale>\n<email_direkt>ludwig@ruhr-real.de<\/email_direkt>\n<tel_durchw>+49 221 273 229 11<\/tel_durchw>\n<tel_handy>+49 162 1511000<\/tel_handy>\n<name>Ludwig<\/name>\n<vorname>Felix<\/vorname>\n<anrede>Herr<\/anrede>\n<firma>RUHR REAL GmbH<\/firma>\n<strasse>Holsterhauser Platz<\/strasse>\n<hausnummer>2<\/hausnummer>\n<plz>45147<\/plz>\n<ort>Essen<\/ort>\n<adressfreigabe>true<\/adressfreigabe>\n<\/kontaktperson>\n<preise>\n<heizkosten_enthalten>false<\/heizkosten_enthalten>\n<zzg_mehrwertsteuer>false<\/zzg_mehrwertsteuer>\n<preis_zeiteinheit\/>\n<provisionspflichtig>false<\/provisionspflichtig>\n<waehrung iso_waehrung=\"EUR\"\/>\n<mwst_satz>19.00<\/mwst_satz>\n<stp_carport\/>\n<stp_duplex\/>\n<stp_freiplatz\/>\n<stp_garage\/>\n<stp_parkhaus\/>\n<stp_tiefgarage\/>\n<\/preise>\n<bieterverfahren\/>\n<versteigerung\/>\n<flaechen>\n<bueroflaeche>4384.89<\/bueroflaeche>\n<bueroteilflaeche>404.29<\/bueroteilflaeche>\n<teilbar_ab>404.29<\/teilbar_ab>\n<\/flaechen>\n<ausstattung>\n<ausstatt_kategorie>STANDARD<\/ausstatt_kategorie>\n<bad\/>\n<kueche\/>\n<boden TEPPICH=\"true\"\/>\n<heizungsart\/>\n<befeuerung\/>\n<fahrstuhl PERSONEN=\"true\"\/>\n<ausricht_balkon_terrasse\/>\n<sauna>true<\/sauna>\n<angeschl_gastronomie\/>\n<sicherheitstechnik\/>\n<\/ausstattung>\n<zustand_angaben>\n<zustand zustand_art=\"GEPFLEGT\"\/>\n<\/zustand_angaben>\n<bewertung\/>\n<infrastruktur\/>\n<freitexte>\n<objekttitel>Provisionsfreie B&#xFC;rofl&#xE4;chen in verkehrsg&#xFC;nstiger Lage <\/objekttitel>\n<lage>Das Objekt befindet sich in einem etablierten B&#xFC;ro- und Gewerbestandort im K&#xF6;lner Norden der sich durch eine hohe Unternehmensdichte sowie ein professionelles Gesch&#xE4;ftsumfeld auszeichnet. Der Standort z&#xE4;hlt zu den dynamischsten Wirtschaftsclustern der Stadt und ist insbesondere bei Medien-, Technologie- und Dienstleistungsunternehmen gefragt.\n\nDie Anbindung an den Individualverkehr ist hervorragend: Mehrere Autobahnen erm&#xF6;glichen eine schnelle Erreichbarkeit der K&#xF6;lner Innenstadt sowie des regionalen und &#xFC;berregionalen Verkehrsnetzes. Auch der &#xF6;ffentliche Personennahverkehr ist gut ausgebaut und gew&#xE4;hrleistet eine komfortable Erreichbarkeit f&#xFC;r Mitarbeiter und Besucher.\n\nZahlreiche Gastronomie-, Service- und Versorgungsangebote befinden sich im n&#xE4;heren Umfeld und tragen zu einer attraktiven Arbeitsatmosph&#xE4;re bei.<\/lage>\n<ausstatt_beschr>&#x2022; Gute nat&#xFC;rliche Belichtung\n&#x2022; Stellpl&#xE4;tze im Objektumfeld vorhanden\n&#x2022; Abgeh&#xE4;ngte Decken\n\n\n&#x2022; Moderne LED-Beleuchtung\n&#x2022; \n\nTeppichboden und\/oder hochwertiger PVC-Designboden\n&#x2022; \n\nBrandmeldeanlage\n&#x2022; \n\nSeparater Serverraum\n\n\n&#x2022; Funktionale Teek&#xFC;che\n\n\n&#x2022; Bodentanks f&#xFC;r eine flexible Strom- und Datenversorgung<\/ausstatt_beschr>\n<objektbeschreibung>Das B&#xFC;roobjekt bietet mehrere attraktive B&#xFC;roeinheiten in unterschiedlichen Etagen, die flexibel nutzbar sind und sich an verschiedene Unternehmensgr&#xF6;&#xDF;en und Nutzungskonzepte anpassen lassen. Die Fl&#xE4;chen zeichnen sich durch effiziente Grundrisse, gute Belichtung sowie eine funktionale und zeitgem&#xE4;&#xDF;e B&#xFC;rostruktur aus.\n\n\n\nAktuell stehen folgende B&#xFC;rofl&#xE4;chen zur Verf&#xFC;gung:\n\n\n\n&#x2022; 3. Obergeschoss: ca. 1.475,80 m&#xB2; B&#xFC;rofl&#xE4;che\n\nNettokaltmiete ab 14,00 EUR\/m&#xB2;\n\nNebenkosten: ca. 5,00 EUR\/m&#xB2;\n\n\n\n&#x2022; 4. Obergeschoss: ca. 1.429,10 m&#xB2; B&#xFC;rofl&#xE4;che\n\nNettokaltmiete ab 14,00 EUR\/m&#xB2;\n\nNebenkosten: ca. 5,00 EUR\/m&#xB2;\n\n\n\n&#x2022; 4. Obergeschoss: ca. 1.057,70 m&#xB2; B&#xFC;rofl&#xE4;che\n\nNettokaltmiete ab 14,00 EUR\/m&#xB2;\n\nNebenkosten: ca. 5,00 EUR\/m&#xB2;\n\n\n\n&#x2022; 5. Obergeschoss: ca. 404,29 m&#xB2; B&#xFC;rofl&#xE4;che\n\nNettokaltmiete ab 16,50 EUR\/m&#xB2;\n\nNebenkosten: ca. 4,50 EUR\/m&#xB2;\n\n\n\nDie Einheiten sind nach Absprache verf&#xFC;gbar und k&#xF6;nnen, abh&#xE4;ngig von der Fl&#xE4;chengr&#xF6;&#xDF;e, individuell an die Anforderungen des zuk&#xFC;nftigen Mieters angepasst werden. Das Objekt eignet sich sowohl f&#xFC;r klassische B&#xFC;ro- und Verwaltungsnutzungen als auch f&#xFC;r projektorientierte oder wachstumsstarke Unternehmen. \n\nDie Vermietung erfolgt provisionsfrei f&#xFC;r den Mieter.<\/objektbeschreibung><sonstige_angaben>Es gelten ausschlie&#xDF;lich unsere AGB (www.ruhr-real.de\/agb). Wir m&#xF6;chten Sie darauf hinweisen, dass die Angaben ausschlie&#xDF;lich auf den uns vom Eigent&#xFC;mer &#xFC;bermittelten Unterlagen und Informationen basieren. F&#xFC;r Richtigkeit und Vollst&#xE4;ndigkeit &#xFC;bernehmen wir keine Gew&#xE4;hr. Zwischenvermietung vorbehalten.<\/sonstige_angaben>\n<\/freitexte>\n<anhaenge>\n<anhang location=\"EXTERN\" gruppe=\"TITELBILD\">\n<anhangtitel>Gro&#xDF;raumb&#xFC;ro <\/anhangtitel>\n<format>jpeg<\/format>\n<daten>\n<pfad>b6cc6eb950514e93a29be42e5f946c40.jpeg<\/pfad>\n<\/daten>\n<\/anhang>\n<anhang location=\"EXTERN\" gruppe=\"BILD\">\n<anhangtitel>Gro&#xDF;raumb&#xFC;ro <\/anhangtitel>\n<format>jpeg<\/format>\n<daten>\n<pfad>c0a41e40d62f47fe82f385a3122e1d66.jpeg<\/pfad>\n<\/daten>\n<\/anhang>\n<anhang location=\"EXTERN\" gruppe=\"BILD\">\n<anhangtitel>B&#xFC;ro <\/anhangtitel>\n<format>jpeg<\/format>\n<daten>\n<pfad>6aed674d3d734fe89e4a5e58bbebffb1.jpeg<\/pfad>\n<\/daten>\n<\/anhang>\n<anhang location=\"EXTERN\" gruppe=\"BILD\">\n<anhangtitel>B&#xFC;ro <\/anhangtitel>\n<format>jpeg<\/format>\n<daten>\n<pfad>e5dcd3214b75484d959007fc8fb015e9.jpeg<\/pfad>\n<\/daten>\n<\/anhang>\n<anhang location=\"EXTERN\" gruppe=\"BILD\">\n<anhangtitel>B&#xFC;ro <\/anhangtitel>\n<format>jpeg<\/format>\n<daten>\n<pfad>694f4102b8db419abd2fe0fd8cdabf7c.jpeg<\/pfad>\n<\/daten>\n<\/anhang>\n<anhang location=\"EXTERN\" gruppe=\"BILD\">\n<anhangtitel>Teek&#xFC;che Lounge<\/anhangtitel>\n<format>jpeg<\/format>\n<daten>\n<pfad>ce7edccf1eca41e998ff23499bd4aa8b.jpeg<\/pfad>\n<\/daten>\n<\/anhang>\n<anhang location=\"EXTERN\" gruppe=\"BILD\">\n<anhangtitel>Teek&#xFC;che<\/anhangtitel>\n<format>jpeg<\/format>\n<daten>\n<pfad>4e49f266e8b842c784c2f719a4b9b662.jpeg<\/pfad>\n<\/daten>\n<\/anhang>\n<anhang location=\"EXTERN\" gruppe=\"BILD\">\n<anhangtitel>B&#xFC;ro<\/anhangtitel>\n<format>jpg<\/format>\n<daten>\n<pfad>7c3b6dca8c024ebcaca1b4d82c96465a.jpg<\/pfad>\n<\/daten>\n<\/anhang>\n<anhang location=\"EXTERN\" gruppe=\"BILD\">\n<anhangtitel>B&#xFC;ro<\/anhangtitel>\n<format>jpg<\/format>\n<daten>\n<pfad>639ca718664247cf9f0e66b5e91acf2e.jpg<\/pfad>\n<\/daten>\n<\/anhang>\n<anhang location=\"EXTERN\" gruppe=\"BILD\">\n<anhangtitel>B&#xFC;ro<\/anhangtitel>\n<format>jpg<\/format>\n<daten>\n<pfad>5945d32fd59a4c01830c276f3a159ac1.jpg<\/pfad>\n<\/daten>\n<\/anhang>\n<anhang location=\"EXTERN\" gruppe=\"GRUNDRISS\">\n<anhangtitel>Grundriss 3.OG<\/anhangtitel>\n<format>jpg<\/format>\n<daten>\n<pfad>2f45c2e43cda49b3a3ae888b9d13041c.jpg<\/pfad>\n<\/daten>\n<\/anhang>\n<anhang location=\"EXTERN\" gruppe=\"GRUNDRISS\">\n<anhangtitel>Grundriss 5.OG<\/anhangtitel>\n<format>jpg<\/format>\n<daten>\n<pfad>0f4688914bc744f883f9b11ae95c686b.jpg<\/pfad>\n<\/daten>\n<\/anhang>\n<\/anhaenge>\n<verwaltung_objekt>\n<objektadresse_freigeben>false<\/objektadresse_freigeben>\n<verfuegbar_ab>nach Vereinbarung<\/verfuegbar_ab>\n<geschlecht\/>\n<\/verwaltung_objekt>\n<verwaltung_techn>\n<objektnr_intern>CB30ECA7EE7448D29D4C7657737DF555<\/objektnr_intern>\n<objektnr_extern>4560\/G1\/E5<\/objektnr_extern>\n<aktion aktionart=\"CHANGE\"\/>\n<openimmo_obid>CB30ECA7EE7448D29D4C7657737DF555<\/openimmo_obid>\n<kennung_ursprung>estatePro V10.0.0.8<\/kennung_ursprung>\n<stand_vom>2026-01-19<\/stand_vom>\n<\/verwaltung_techn>\n<user_defined_simplefield feldname=\"Startseite\">Nein<\/user_defined_simplefield>\n<\/immobilie>\n"],"_immonex_energy_class":[""],"_immonex_energy_class_id":["0"],"_thumbnail_id":["176630"],"fave_property_images":["176630","176631","176632","176633","176634","176635","176636","176637","176638","176639"],"fave_floor_plans_enable":["enable"],"floor_plans":["a:2:{i:0;a:7:{s:15:\"fave_plan_title\";s:14:\"Grundriss 3.OG\";s:15:\"fave_plan_rooms\";s:0:\"\";s:19:\"fave_plan_bathrooms\";s:0:\"\";s:15:\"fave_plan_price\";s:0:\"\";s:14:\"fave_plan_size\";s:0:\"\";s:15:\"fave_plan_image\";s:84:\"https:\/\/ruhr-real.de\/wp-content\/uploads\/2026\/01\/2f45c2e43cda49b3a3ae888b9d13041c.jpg\";s:21:\"fave_plan_description\";s:0:\"\";}i:1;a:7:{s:15:\"fave_plan_title\";s:14:\"Grundriss 5.OG\";s:15:\"fave_plan_rooms\";s:0:\"\";s:19:\"fave_plan_bathrooms\";s:0:\"\";s:15:\"fave_plan_price\";s:0:\"\";s:14:\"fave_plan_size\";s:0:\"\";s:15:\"fave_plan_image\";s:84:\"https:\/\/ruhr-real.de\/wp-content\/uploads\/2026\/01\/0f4688914bc744f883f9b11ae95c686b.jpg\";s:21:\"fave_plan_description\";s:0:\"\";}}"],"fave_prop_homeslider":["yes"],"fave_prop_slider_image":["176630"],"fave_agents":["157133"],"fave_agent_display_option":["agent_info"],"fave_single_top_area":["global"],"fave_single_content_area":["global"],"fave_property_price":["0"],"fave_property_map":["1"],"fave_property_map_street_view":["hide"],"fave_property_size_prefix":["m\u00b2"],"fave_property_land_postfix":["m\u00b2"],"fave_featured":["0"],"houzez_featured_listing_date":[""],"fave_currency":["EUR"],"fave_currency_info":["a:8:{s:2:\"id\";s:1:\"1\";s:13:\"currency_name\";s:4:\"Euro\";s:13:\"currency_code\";s:3:\"EUR\";s:15:\"currency_symbol\";s:3:\"\u20ac\";s:17:\"currency_position\";s:5:\"after\";s:16:\"currency_decimal\";s:1:\"2\";s:26:\"currency_decimal_separator\";s:1:\",\";s:27:\"currency_thousand_separator\";s:1:\".\";}"],"houzez_total_property_views":["543"],"houzez_views_by_date":["a:61:{s:10:\"02-28-2026\";i:4;s:10:\"03-01-2026\";i:4;s:10:\"03-02-2026\";i:4;s:10:\"03-03-2026\";i:4;s:10:\"03-04-2026\";i:4;s:10:\"03-05-2026\";i:6;s:10:\"03-06-2026\";i:4;s:10:\"03-07-2026\";i:4;s:10:\"03-08-2026\";i:4;s:10:\"03-09-2026\";i:4;s:10:\"03-10-2026\";i:4;s:10:\"03-11-2026\";i:6;s:10:\"03-12-2026\";i:6;s:10:\"03-13-2026\";i:5;s:10:\"03-14-2026\";i:4;s:10:\"03-15-2026\";i:4;s:10:\"03-16-2026\";i:2;s:10:\"03-17-2026\";i:4;s:10:\"03-18-2026\";i:4;s:10:\"03-19-2026\";i:4;s:10:\"03-20-2026\";i:6;s:10:\"03-21-2026\";i:4;s:10:\"03-22-2026\";i:4;s:10:\"03-23-2026\";i:4;s:10:\"03-24-2026\";i:4;s:10:\"03-25-2026\";i:4;s:10:\"03-26-2026\";i:6;s:10:\"03-27-2026\";i:4;s:10:\"03-28-2026\";i:4;s:10:\"03-29-2026\";i:4;s:10:\"03-30-2026\";i:3;s:10:\"03-31-2026\";i:4;s:10:\"04-01-2026\";i:9;s:10:\"04-02-2026\";i:8;s:10:\"04-03-2026\";i:8;s:10:\"04-04-2026\";i:8;s:10:\"04-05-2026\";i:8;s:10:\"04-06-2026\";i:8;s:10:\"04-07-2026\";i:12;s:10:\"04-08-2026\";i:4;s:10:\"04-09-2026\";i:12;s:10:\"04-10-2026\";i:8;s:10:\"04-11-2026\";i:6;s:10:\"04-12-2026\";i:10;s:10:\"04-13-2026\";i:8;s:10:\"04-14-2026\";i:8;s:10:\"04-15-2026\";i:8;s:10:\"04-16-2026\";i:8;s:10:\"04-17-2026\";i:8;s:10:\"04-18-2026\";i:8;s:10:\"04-19-2026\";i:8;s:10:\"04-20-2026\";i:8;s:10:\"04-21-2026\";i:8;s:10:\"04-22-2026\";i:8;s:10:\"04-23-2026\";i:8;s:10:\"04-24-2026\";i:8;s:10:\"04-25-2026\";i:8;s:10:\"04-26-2026\";i:8;s:10:\"04-27-2026\";i:8;s:10:\"04-28-2026\";i:8;s:10:\"04-29-2026\";i:7;}"],"houzez_recently_viewed":["2026-04-29 13:26:42"],"tp_widgets":["a:2:{s:7:\"widgets\";a:0:{}s:9:\"update_at\";s:10:\"1764682733\";}"],"fave_show_price_placeholder":["1"],"_elementor_page_assets":["a:0:{}"]},"_links":{"self":[{"href":"https:\/\/ruhr-real.de\/en\/wp-json\/wp\/v2\/properties\/176629","targetHints":{"allow":["GET"]}}],"collection":[{"href":"https:\/\/ruhr-real.de\/en\/wp-json\/wp\/v2\/properties"}],"about":[{"href":"https:\/\/ruhr-real.de\/en\/wp-json\/wp\/v2\/types\/property"}],"author":[{"embeddable":true,"href":"https:\/\/ruhr-real.de\/en\/wp-json\/wp\/v2\/users\/1"}],"version-history":[{"count":0,"href":"https:\/\/ruhr-real.de\/en\/wp-json\/wp\/v2\/properties\/176629\/revisions"}],"wp:featuredmedia":[{"embeddable":true,"href":"https:\/\/ruhr-real.de\/en\/wp-json\/wp\/v2\/media\/176630"}],"wp:attachment":[{"href":"https:\/\/ruhr-real.de\/en\/wp-json\/wp\/v2\/media?parent=176629"}],"wp:term":[{"taxonomy":"property_type","embeddable":true,"href":"https:\/\/ruhr-real.de\/en\/wp-json\/wp\/v2\/property_type?post=176629"},{"taxonomy":"property_status","embeddable":true,"href":"https:\/\/ruhr-real.de\/en\/wp-json\/wp\/v2\/property_status?post=176629"},{"taxonomy":"property_feature","embeddable":true,"href":"https:\/\/ruhr-real.de\/en\/wp-json\/wp\/v2\/property_feature?post=176629"},{"taxonomy":"property_label","embeddable":true,"href":"https:\/\/ruhr-real.de\/en\/wp-json\/wp\/v2\/property_label?post=176629"},{"taxonomy":"property_country","embeddable":true,"href":"https:\/\/ruhr-real.de\/en\/wp-json\/wp\/v2\/property_country?post=176629"},{"taxonomy":"property_state","embeddable":true,"href":"https:\/\/ruhr-real.de\/en\/wp-json\/wp\/v2\/property_state?post=176629"},{"taxonomy":"property_city","embeddable":true,"href":"https:\/\/ruhr-real.de\/en\/wp-json\/wp\/v2\/property_city?post=176629"},{"taxonomy":"property_area","embeddable":true,"href":"https:\/\/ruhr-real.de\/en\/wp-json\/wp\/v2\/property_area?post=176629"}],"curies":[{"name":"wp","href":"https:\/\/api.w.org\/{rel}","templated":true}]}}