{"id":178678,"date":"2026-02-17T00:01:48","date_gmt":"2026-02-16T23:01:48","guid":{"rendered":"https:\/\/ruhr-real.de\/objekt\/glasfaseranschluss-zweitbezug-mehrere-balkone\/"},"modified":"2026-02-17T00:01:48","modified_gmt":"2026-02-16T23:01:48","slug":"glasfaseranschluss-zweitbezug-mehrere-balkone","status":"publish","type":"property","link":"https:\/\/ruhr-real.de\/en\/objekt\/glasfaseranschluss-zweitbezug-mehrere-balkone\/","title":{"rendered":"Glasfaseranschluss | ZWEITBEZUG | mehrere Balkone"},"content":{"rendered":"<p>Die B\u00fcrofl\u00e4chen im 1. Obergeschoss umfassen insgesamt drei Einheiten mit ca. 110 m\u00b2, 190 m\u00b2 und 340 m\u00b2 und pr\u00e4sentieren sich als Zweitbezug in neuwertigem Zustand. Die Ausstattung umfasst eine moderne Glasfaserverkabelung \u00fcber Bodentanks, LED-Paneelbeleuchtung, bodentiefe Fenster sowie teilweise vorhandene Balkone, die f\u00fcr helle und angenehme Arbeitsbereiche sorgen. Ein Serverraum, ein Personenaufzug sowie ein behindertengerechtes WC gew\u00e4hrleisten eine zeitgem\u00e4\u00dfe und barrierearme Nutzung. Erg\u00e4nzend stehen sechs Pkw-Stellpl\u00e4tze zu je 35,00 EUR monatlich zur Verf\u00fcgung.<\/p>\n<p>Das Objekt befindet sich in einem etablierten Gewerbegebiet im Westen von K\u00f6ln mit sehr guter Verkehrsanbindung. Bushaltestellen sind in wenigen Gehminuten erreichbar und gew\u00e4hrleisten eine schnelle Verbindung in die umliegenden Stadtteile sowie zur n\u00e4chsten S-Bahn-Station, \u00fcber die der K\u00f6ln Hauptbahnhof in etwa 15 bis 20 Minuten erreichbar ist. Gastronomische Angebote und Nahversorgung befinden sich im n\u00e4heren Umfeld.<\/p>\n<p>\u00dcber die nahegelegenen Autobahnen A1 und A4 besteht eine z\u00fcgige regionale und \u00fcberregionale Anbindung. Der Flughafen K\u00f6ln\/Bonn liegt je nach Verkehrslage rund 25 bis 30 Fahrminuten entfernt. Insgesamt \u00fcberzeugt der Standort durch seine gute Erreichbarkeit und die gewerblich gepr\u00e4gte Infrastruktur.<\/p>\n<p>\u2022 Verkabelung: Glasfaser<br \/>\n\u2022 Verkabelungsort: Bodentanks<br \/>\n\u2022 Beleuchtung: LED-Paneelen<br \/>\n\u2022 Barrierefreiheit: behindertengerechtes WC<br \/>\n\u2022 PKW-Stellpl\u00e4tze: 6 Stk. \u00e1 35,00 EUR<br \/>\n\u2022 Aufzug: Personenaufzug<\/p>\n<p>Es gelten ausschlie\u00dflich unsere AGB (www.ruhr-real.de\/agb). Wir m\u00f6chten Sie darauf hinweisen, dass die Angaben ausschlie\u00dflich auf den uns vom Eigent\u00fcmer \u00fcbermittelten Unterlagen und Informationen basieren. F\u00fcr Richtigkeit und Vollst\u00e4ndigkeit \u00fcbernehmen wir keine Gew\u00e4hr. Zwischenvermietung vorbehalten.<br \/>\n<div class=\"widget widget_immonex_user_defined_properties_widget\"><div class=\"immonex-widget immonex-widget-houzez\">\n\t\t<div class=\"immonex-widget-title clearfix\">\n\t\t<h2 class=\"widgettitle\">Energieeffizienz<\/h2>\t<\/div>\n\t\t<ul class=\"immonex-property-details row list-lined list-unstyled\">\n\t\t\t\t<li>\n\t\t\t<div class=\"list-lined-item w-100 d-flex justify-content-between py-2\">\n\t\t\t\t\t\t\t\t<strong class=\"property-details-label\">Energieausweis-Jahrgang:<\/strong>&nbsp;<span class=\"property-details-value\">not available<\/span>\n\t\t\t\t\t\t\t<\/div>\n\t\t<\/li>\n\t\t\t<\/ul>\n<\/div><\/div><\/p>\n","protected":false},"excerpt":{"rendered":"<p>Die B\u00fcrofl\u00e4chen im 1. Obergeschoss umfassen insgesamt drei Einheiten mit ca. 110 m\u00b2, 190 m\u00b2 und 340 m\u00b2 und&#8230;<\/p>\n","protected":false},"author":1,"featured_media":178679,"parent":0,"menu_order":0,"template":"","property_type":[379],"property_status":[352],"property_feature":[],"property_label":[],"property_country":[353],"property_state":[],"property_city":[336],"property_area":[],"class_list":["post-178678","property","type-property","status-publish","has-post-thumbnail","hentry","property_type-bueroflaechen","property_status-zu-vermieten","property_country-deutschland","property_city-koln"],"acf":[],"property_meta":{"rank_math_internal_links_processed":["1"],"_immonex_post_status":["new"],"_immonex_import_folder":["users\/RUHRREAL"],"fave_property_map_address":["50859 K\u00f6ln"],"fave_property_zip":["50859"],"fave_property_country":["DE"],"_immonex_lat":["50.9378525"],"_immonex_lng":["6.8190982"],"houzez_geolocation_lat":["50.9378525"],"houzez_geolocation_long":["6.8190982"],"fave_property_location":["50.9378525,6.8190982"],"fave_property_price":["15.50"],"fave_property_sec_price":["15.5000"],"fave_property_size":["340"],"fave_property_id":["4862\/G1\/E3"],"_fave_property_id":["4862\/G1\/E3"],"_immonex_translation_id":["4862\/G1\/E3"],"_immonex_iso_country":["DEU"],"_openimmo_obid":["8D6A45E995D44F63BA0C865D588B7DF5"],"_openimmo_anid":["0000"],"_immonex_group_number":[""],"_immonex_group_id":[""],"_immonex_group_master":[""],"_immonex_import_meta":["a:6:{s:8:\"zip_file\";s:131:\"\/www\/htdocs\/w0172e0e\/ruhr-real_2024\/wp-content\/uploads\/immonex-openimmo-import\/users\/RUHRREAL\/Immowelt_estatePro_20260217145035.zip\";s:8:\"xml_file\";s:158:\"\/www\/htdocs\/w0172e0e\/ruhr-real_2024\/wp-content\/uploads\/immonex-openimmo-import\/immowelt_estatepro_20260217145035\/Homepage_2024_NEW_estatePro20260217145035.xml\";s:12:\"mapping_file\";s:116:\"\/www\/htdocs\/w0172e0e\/ruhr-real_2024\/wp-content\/uploads\/immonex-openimmo-import\/mappings\/houzez_ruhrreal_18122023.csv\";s:9:\"timestamp\";i:1771336308;s:4:\"date\";s:10:\"2026-02-17\";s:4:\"time\";s:8:\"14:51:48\";}"],"_is_immonex_import_property":["1"],"_immonex_is_reference":[""],"_immonex_is_sold":[""],"_immonex_is_reserved":[""],"_immonex_is_available":["1"],"_immonex_areabutler_url_with_address":[""],"_immonex_areabutler_url_no_address":[""],"_immonex_areabutler_url":[""],"additional_features":["a:15:{i:0;a:2:{s:29:\"fave_additional_feature_title\";s:14:\"Nettokaltmiete\";s:29:\"fave_additional_feature_value\";s:14:\"15,50&nbsp;\u20ac\";}i:1;a:2:{s:29:\"fave_additional_feature_title\";s:9:\"Kaltmiete\";s:29:\"fave_additional_feature_value\";s:14:\"15,50&nbsp;\u20ac\";}i:2;a:2:{s:29:\"fave_additional_feature_title\";s:29:\"monatl. Betriebs-\/Nebenkosten\";s:29:\"fave_additional_feature_value\";s:13:\"2,50&nbsp;\u20ac\";}i:3;a:2:{s:29:\"fave_additional_feature_title\";s:33:\"Heizkosten in Warmmiete enthalten\";s:29:\"fave_additional_feature_value\";s:4:\"nein\";}i:4;a:2:{s:29:\"fave_additional_feature_title\";s:32:\"Preise zuz\u00fcglich Mehrwertsteuer\";s:29:\"fave_additional_feature_value\";s:4:\"nein\";}i:5;a:2:{s:29:\"fave_additional_feature_title\";s:23:\"Netto-Kaltmiete pro m\u00b2\";s:29:\"fave_additional_feature_value\";s:14:\"15,50&nbsp;\u20ac\";}i:6;a:2:{s:29:\"fave_additional_feature_title\";s:16:\"K\u00e4uferprovision\";s:29:\"fave_additional_feature_value\";s:21:\"3-4 Nettomonatsmieten\";}i:7;a:2:{s:29:\"fave_additional_feature_title\";s:20:\"Hinweis zur Courtage\";s:29:\"fave_additional_feature_value\";s:233:\"Bei Vertr\u00e4gen bis zu f\u00fcnf Jahren Laufzeit ist ein Honorar von 3 Nettomonatsmieten vom Mieter an RUHR REAL zahlbar; bei Laufzeiten bis zu zehn Jahren werden 4 Nettomonatsmieten f\u00e4llig. Hinzu kommt die jeweils g\u00fcltige Umsatzsteuer.\";}i:8;a:2:{s:29:\"fave_additional_feature_title\";s:10:\"MwSt.-Satz\";s:29:\"fave_additional_feature_value\";s:9:\"19&nbsp;%\";}i:9;a:2:{s:29:\"fave_additional_feature_title\";s:12:\"B\u00fcrofl\u00e4che\";s:29:\"fave_additional_feature_value\";s:12:\"340&nbsp;m\u00b2\";}i:10;a:2:{s:29:\"fave_additional_feature_title\";s:16:\"B\u00fcroteilfl\u00e4che\";s:29:\"fave_additional_feature_value\";s:12:\"340&nbsp;m\u00b2\";}i:11;a:2:{s:29:\"fave_additional_feature_title\";s:10:\"Teilbar ab\";s:29:\"fave_additional_feature_value\";s:12:\"340&nbsp;m\u00b2\";}i:12;a:2:{s:29:\"fave_additional_feature_title\";s:13:\"Stellplatzart\";s:29:\"fave_additional_feature_value\";s:9:\"Freiplatz\";}i:13;a:2:{s:29:\"fave_additional_feature_title\";s:7:\"Zustand\";s:29:\"fave_additional_feature_value\";s:9:\"neuwertig\";}i:14;a:2:{s:29:\"fave_additional_feature_title\";s:27:\"Immobilie ist verf\u00fcgbar ab\";s:29:\"fave_additional_feature_value\";s:17:\"nach Vereinbarung\";}}"],"fave_additional_features_enable":["enable"],"_immonex_custom_fields":["a:1:{s:23:\"Energieausweis-Jahrgang\";a:5:{s:14:\"mapping_source\";s:38:\"zustand_angaben->energiepass->jahrgang\";s:4:\"name\";s:0:\"\";s:5:\"group\";s:5:\"epass\";s:5:\"value\";s:13:\"not available\";s:19:\"value_before_filter\";s:4:\"ohne\";}}"],"_immonex_property_xml_source":["<?xml version=\"1.0\"?>\n<immobilie>\n<objektkategorie>\n<nutzungsart WOHNEN=\"false\" GEWERBE=\"true\"\/>\n<vermarktungsart KAUF=\"false\" MIETE_PACHT=\"true\"\/>\n<objektart>\n<buero_praxen buero_typ=\"BUEROHAUS\"\/>\n<\/objektart>\n<user_defined_simplefield\/>\n<\/objektkategorie>\n<geo>\n<plz>50859<\/plz>\n<ort>K&#xF6;ln<\/ort>\n<strasse>Zusestra&#xDF;e<\/strasse>\n<hausnummer>48<\/hausnummer>\n<land iso_land=\"DEU\"\/>\n<lage_im_bau\/>\n<\/geo>\n<kontaktperson>\n<email_zentrale>anfrage@ruhr-real.de<\/email_zentrale>\n<email_direkt>lendzian@ruhr-real.de<\/email_direkt>\n<tel_durchw>+49 221 273 229 22<\/tel_durchw>\n<tel_handy>+49 162 1531000<\/tel_handy>\n<name>Lendzian<\/name>\n<vorname>Niklas<\/vorname>\n<anrede>Herr<\/anrede>\n<firma>RUHR REAL GmbH<\/firma>\n<strasse>Holsterhauser Platz<\/strasse>\n<hausnummer>2<\/hausnummer>\n<plz>45147<\/plz>\n<ort>Essen<\/ort>\n<adressfreigabe>true<\/adressfreigabe>\n<\/kontaktperson>\n<preise>\n<nettokaltmiete>15.50<\/nettokaltmiete>\n<kaltmiete>15.50<\/kaltmiete>\n<nebenkosten>2.50<\/nebenkosten>\n<heizkosten_enthalten>false<\/heizkosten_enthalten>\n<zzg_mehrwertsteuer>false<\/zzg_mehrwertsteuer>\n<preis_zeiteinheit\/>\n<mietpreis_pro_qm>15.5000<\/mietpreis_pro_qm>\n<provisionspflichtig>true<\/provisionspflichtig>\n<aussen_courtage mit_mwst=\"false\">3-4 Nettomonatsmieten<\/aussen_courtage>\n<courtage_hinweis>Bei Vertr&#xE4;gen bis zu f&#xFC;nf Jahren Laufzeit ist ein Honorar von 3 Nettomonatsmieten vom Mieter an RUHR REAL zahlbar; bei Laufzeiten bis zu zehn Jahren werden 4 Nettomonatsmieten f&#xE4;llig. Hinzu kommt die jeweils g&#xFC;ltige Umsatzsteuer.<\/courtage_hinweis>\n<waehrung iso_waehrung=\"EUR\"\/>\n<mwst_satz>19.00<\/mwst_satz>\n<stp_carport\/>\n<stp_duplex\/>\n<stp_freiplatz\/>\n<stp_garage\/>\n<stp_parkhaus\/>\n<stp_tiefgarage\/>\n<\/preise>\n<bieterverfahren\/>\n<versteigerung\/>\n<flaechen>\n<bueroflaeche>340<\/bueroflaeche>\n<bueroteilflaeche>340<\/bueroteilflaeche>\n<teilbar_ab>340<\/teilbar_ab>\n<anzahl_stellplaetze type=\"xsd:decimal\">6<\/anzahl_stellplaetze>\n<\/flaechen>\n<ausstattung>\n<bad\/>\n<kueche\/>\n<heizungsart\/>\n<befeuerung\/>\n<fahrstuhl\/>\n<stellplatzart FREIPLATZ=\"true\"\/>\n<ausricht_balkon_terrasse\/>\n<angeschl_gastronomie\/>\n<sicherheitstechnik\/>\n<\/ausstattung>\n<zustand_angaben>\n<zustand zustand_art=\"NEUWERTIG\"\/>\n<energiepass>\n<jahrgang>ohne<\/jahrgang>\n<\/energiepass>\n<\/zustand_angaben>\n<bewertung\/>\n<infrastruktur\/>\n<freitexte>\n<objekttitel>Glasfaseranschluss | ZWEITBEZUG | mehrere Balkone<\/objekttitel>\n<lage>Das Objekt befindet sich in einem etablierten Gewerbegebiet im Westen von K&#xF6;ln mit sehr guter Verkehrsanbindung. Bushaltestellen sind in wenigen Gehminuten erreichbar und gew&#xE4;hrleisten eine schnelle Verbindung in die umliegenden Stadtteile sowie zur n&#xE4;chsten S-Bahn-Station, &#xFC;ber die der K&#xF6;ln Hauptbahnhof in etwa 15 bis 20 Minuten erreichbar ist. Gastronomische Angebote und Nahversorgung befinden sich im n&#xE4;heren Umfeld.\n\n&#xDC;ber die nahegelegenen Autobahnen A1 und A4 besteht eine z&#xFC;gige regionale und &#xFC;berregionale Anbindung. Der Flughafen K&#xF6;ln\/Bonn liegt je nach Verkehrslage rund 25 bis 30 Fahrminuten entfernt. Insgesamt &#xFC;berzeugt der Standort durch seine gute Erreichbarkeit und die gewerblich gepr&#xE4;gte Infrastruktur.<\/lage>\n<ausstatt_beschr>&#x2022; Verkabelung: Glasfaser\n&#x2022; Verkabelungsort: Bodentanks\n&#x2022; Beleuchtung: LED-Paneelen\n&#x2022; Barrierefreiheit: behindertengerechtes WC\n&#x2022; PKW-Stellpl&#xE4;tze: 6 Stk. &#xE1; 35,00 EUR\n&#x2022; Aufzug: Personenaufzug<\/ausstatt_beschr>\n<objektbeschreibung>Die B&#xFC;rofl&#xE4;chen im 1. Obergeschoss umfassen insgesamt drei Einheiten mit ca. 110 m&#xB2;, 190 m&#xB2; und 340 m&#xB2; und pr&#xE4;sentieren sich als Zweitbezug in neuwertigem Zustand. Die Ausstattung umfasst eine moderne Glasfaserverkabelung &#xFC;ber Bodentanks, LED-Paneelbeleuchtung, bodentiefe Fenster sowie teilweise vorhandene Balkone, die f&#xFC;r helle und angenehme Arbeitsbereiche sorgen. Ein Serverraum, ein Personenaufzug sowie ein behindertengerechtes WC gew&#xE4;hrleisten eine zeitgem&#xE4;&#xDF;e und barrierearme Nutzung. Erg&#xE4;nzend stehen sechs Pkw-Stellpl&#xE4;tze zu je 35,00 EUR monatlich zur Verf&#xFC;gung.<\/objektbeschreibung><sonstige_angaben>Es gelten ausschlie&#xDF;lich unsere AGB (www.ruhr-real.de\/agb). Wir m&#xF6;chten Sie darauf hinweisen, dass die Angaben ausschlie&#xDF;lich auf den uns vom Eigent&#xFC;mer &#xFC;bermittelten Unterlagen und Informationen basieren. F&#xFC;r Richtigkeit und Vollst&#xE4;ndigkeit &#xFC;bernehmen wir keine Gew&#xE4;hr. Zwischenvermietung vorbehalten.<\/sonstige_angaben>\n<\/freitexte>\n<anhaenge>\n<anhang location=\"EXTERN\" gruppe=\"TITELBILD\">\n<anhangtitel>Innenansicht<\/anhangtitel>\n<format>JPEG<\/format>\n<daten>\n<pfad>8bf07a117ce14a3fa7052b7f82542a55.JPEG<\/pfad>\n<\/daten>\n<\/anhang>\n<anhang location=\"EXTERN\" gruppe=\"BILD\">\n<anhangtitel>Innenansicht<\/anhangtitel>\n<format>JPEG<\/format>\n<daten>\n<pfad>b699ef4f4de14a67877c5dd8fbcfdef6.JPEG<\/pfad>\n<\/daten>\n<\/anhang>\n<anhang location=\"EXTERN\" gruppe=\"BILD\">\n<anhangtitel>Innenansicht<\/anhangtitel>\n<format>JPEG<\/format>\n<daten>\n<pfad>6ddf148c0d1b400a8e478f73bfdedeb2.JPEG<\/pfad>\n<\/daten>\n<\/anhang>\n<anhang location=\"EXTERN\" gruppe=\"BILD\">\n<anhangtitel>Innenansicht<\/anhangtitel>\n<format>JPEG<\/format>\n<daten>\n<pfad>40fd26c0ce4e4ae3a9cc5bede9467d49.JPEG<\/pfad>\n<\/daten>\n<\/anhang>\n<anhang location=\"EXTERN\" gruppe=\"GRUNDRISS\">\n<anhangtitel>Grundriss 1. OG Gesamt<\/anhangtitel>\n<format>PNG<\/format>\n<daten>\n<pfad>acbe68e52a9142a9ba19e29d4642a4f7.PNG<\/pfad>\n<\/daten>\n<\/anhang>\n<\/anhaenge>\n<verwaltung_objekt>\n<objektadresse_freigeben>false<\/objektadresse_freigeben>\n<verfuegbar_ab>nach Vereinbarung<\/verfuegbar_ab>\n<geschlecht\/>\n<\/verwaltung_objekt>\n<verwaltung_techn>\n<objektnr_intern>8D6A45E995D44F63BA0C865D588B7DF5<\/objektnr_intern>\n<objektnr_extern>4862\/G1\/E3<\/objektnr_extern>\n<aktion aktionart=\"CHANGE\"\/>\n<openimmo_obid>8D6A45E995D44F63BA0C865D588B7DF5<\/openimmo_obid>\n<kennung_ursprung>estatePro V10.0.0.8<\/kennung_ursprung>\n<stand_vom>2026-02-17<\/stand_vom>\n<\/verwaltung_techn>\n<user_defined_simplefield feldname=\"Startseite\">Nein<\/user_defined_simplefield>\n<\/immobilie>\n"],"_immonex_energy_class":[""],"_immonex_energy_class_id":["0"],"_thumbnail_id":["178679"],"fave_property_images":["178679","178680","178681","178682"],"fave_floor_plans_enable":["enable"],"floor_plans":["a:1:{i:0;a:7:{s:15:\"fave_plan_title\";s:22:\"Grundriss 1. OG Gesamt\";s:15:\"fave_plan_rooms\";s:0:\"\";s:19:\"fave_plan_bathrooms\";s:0:\"\";s:15:\"fave_plan_price\";s:0:\"\";s:14:\"fave_plan_size\";s:0:\"\";s:15:\"fave_plan_image\";s:84:\"https:\/\/ruhr-real.de\/wp-content\/uploads\/2026\/02\/acbe68e52a9142a9ba19e29d4642a4f7.png\";s:21:\"fave_plan_description\";s:0:\"\";}}"],"fave_prop_homeslider":["yes"],"fave_prop_slider_image":["178679"],"fave_agents":["156452"],"fave_agent_display_option":["agent_info"],"fave_single_top_area":["global"],"fave_single_content_area":["global"],"fave_property_map":["1"],"fave_property_map_street_view":["hide"],"fave_property_size_prefix":["m\u00b2"],"fave_property_land_postfix":["m\u00b2"],"fave_featured":["0"],"houzez_featured_listing_date":[""],"fave_property_price_postfix":["pro&nbsp;m\u00b2"],"fave_currency":["EUR"],"fave_currency_info":["a:8:{s:2:\"id\";s:1:\"1\";s:13:\"currency_name\";s:4:\"Euro\";s:13:\"currency_code\";s:3:\"EUR\";s:15:\"currency_symbol\";s:3:\"\u20ac\";s:17:\"currency_position\";s:5:\"after\";s:16:\"currency_decimal\";s:1:\"2\";s:26:\"currency_decimal_separator\";s:1:\",\";s:27:\"currency_thousand_separator\";s:1:\".\";}"],"houzez_total_property_views":["413"],"houzez_views_by_date":["a:61:{s:10:\"02-27-2026\";i:3;s:10:\"02-28-2026\";i:4;s:10:\"03-01-2026\";i:4;s:10:\"03-02-2026\";i:4;s:10:\"03-03-2026\";i:4;s:10:\"03-04-2026\";i:4;s:10:\"03-05-2026\";i:4;s:10:\"03-06-2026\";i:4;s:10:\"03-07-2026\";i:4;s:10:\"03-08-2026\";i:4;s:10:\"03-09-2026\";i:4;s:10:\"03-10-2026\";i:4;s:10:\"03-11-2026\";i:4;s:10:\"03-12-2026\";i:4;s:10:\"03-13-2026\";i:5;s:10:\"03-14-2026\";i:4;s:10:\"03-15-2026\";i:4;s:10:\"03-16-2026\";i:2;s:10:\"03-17-2026\";i:3;s:10:\"03-18-2026\";i:6;s:10:\"03-19-2026\";i:4;s:10:\"03-20-2026\";i:6;s:10:\"03-21-2026\";i:4;s:10:\"03-22-2026\";i:4;s:10:\"03-23-2026\";i:4;s:10:\"03-24-2026\";i:4;s:10:\"03-25-2026\";i:4;s:10:\"03-26-2026\";i:6;s:10:\"03-27-2026\";i:4;s:10:\"03-28-2026\";i:4;s:10:\"03-29-2026\";i:4;s:10:\"03-30-2026\";i:2;s:10:\"03-31-2026\";i:1;s:10:\"04-01-2026\";i:14;s:10:\"04-02-2026\";i:8;s:10:\"04-03-2026\";i:8;s:10:\"04-04-2026\";i:8;s:10:\"04-05-2026\";i:8;s:10:\"04-06-2026\";i:8;s:10:\"04-07-2026\";i:12;s:10:\"04-08-2026\";i:6;s:10:\"04-09-2026\";i:10;s:10:\"04-10-2026\";i:8;s:10:\"04-11-2026\";i:8;s:10:\"04-12-2026\";i:8;s:10:\"04-13-2026\";i:8;s:10:\"04-14-2026\";i:8;s:10:\"04-15-2026\";i:8;s:10:\"04-16-2026\";i:8;s:10:\"04-17-2026\";i:9;s:10:\"04-18-2026\";i:8;s:10:\"04-19-2026\";i:8;s:10:\"04-20-2026\";i:8;s:10:\"04-21-2026\";i:8;s:10:\"04-22-2026\";i:8;s:10:\"04-23-2026\";i:12;s:10:\"04-24-2026\";i:8;s:10:\"04-25-2026\";i:8;s:10:\"04-26-2026\";i:8;s:10:\"04-27-2026\";i:8;s:10:\"04-28-2026\";i:4;}"],"houzez_recently_viewed":["2026-04-28 09:23:33"],"tp_widgets":["a:2:{s:7:\"widgets\";a:0:{}s:9:\"update_at\";s:10:\"1764682733\";}"],"_elementor_page_assets":["a:0:{}"]},"_links":{"self":[{"href":"https:\/\/ruhr-real.de\/en\/wp-json\/wp\/v2\/properties\/178678","targetHints":{"allow":["GET"]}}],"collection":[{"href":"https:\/\/ruhr-real.de\/en\/wp-json\/wp\/v2\/properties"}],"about":[{"href":"https:\/\/ruhr-real.de\/en\/wp-json\/wp\/v2\/types\/property"}],"author":[{"embeddable":true,"href":"https:\/\/ruhr-real.de\/en\/wp-json\/wp\/v2\/users\/1"}],"version-history":[{"count":0,"href":"https:\/\/ruhr-real.de\/en\/wp-json\/wp\/v2\/properties\/178678\/revisions"}],"wp:featuredmedia":[{"embeddable":true,"href":"https:\/\/ruhr-real.de\/en\/wp-json\/wp\/v2\/media\/178679"}],"wp:attachment":[{"href":"https:\/\/ruhr-real.de\/en\/wp-json\/wp\/v2\/media?parent=178678"}],"wp:term":[{"taxonomy":"property_type","embeddable":true,"href":"https:\/\/ruhr-real.de\/en\/wp-json\/wp\/v2\/property_type?post=178678"},{"taxonomy":"property_status","embeddable":true,"href":"https:\/\/ruhr-real.de\/en\/wp-json\/wp\/v2\/property_status?post=178678"},{"taxonomy":"property_feature","embeddable":true,"href":"https:\/\/ruhr-real.de\/en\/wp-json\/wp\/v2\/property_feature?post=178678"},{"taxonomy":"property_label","embeddable":true,"href":"https:\/\/ruhr-real.de\/en\/wp-json\/wp\/v2\/property_label?post=178678"},{"taxonomy":"property_country","embeddable":true,"href":"https:\/\/ruhr-real.de\/en\/wp-json\/wp\/v2\/property_country?post=178678"},{"taxonomy":"property_state","embeddable":true,"href":"https:\/\/ruhr-real.de\/en\/wp-json\/wp\/v2\/property_state?post=178678"},{"taxonomy":"property_city","embeddable":true,"href":"https:\/\/ruhr-real.de\/en\/wp-json\/wp\/v2\/property_city?post=178678"},{"taxonomy":"property_area","embeddable":true,"href":"https:\/\/ruhr-real.de\/en\/wp-json\/wp\/v2\/property_area?post=178678"}],"curies":[{"name":"wp","href":"https:\/\/api.w.org\/{rel}","templated":true}]}}