{"id":179302,"date":"2026-02-25T00:02:48","date_gmt":"2026-02-24T23:02:48","guid":{"rendered":"https:\/\/ruhr-real.de\/objekt\/schoene-bueroflaeche-in-begehrter-lage-am-stadtgarten-essen-suedviertel-stellplaetze-am-objekt\/"},"modified":"2026-02-25T18:27:48","modified_gmt":"2026-02-25T17:27:48","slug":"schoene-bueroflaeche-in-begehrter-lage-am-stadtgarten-essen-suedviertel-stellplaetze-am-objekt","status":"publish","type":"property","link":"https:\/\/ruhr-real.de\/en\/objekt\/schoene-bueroflaeche-in-begehrter-lage-am-stadtgarten-essen-suedviertel-stellplaetze-am-objekt\/","title":{"rendered":"Sch\u00f6ne B\u00fcrofl\u00e4che in begehrter Lage am Stadtgarten | Essen-S\u00fcdviertel | Stellpl\u00e4tze am Objekt"},"content":{"rendered":"<p>Diese moderne Immobilie in gefragter Bestlage von R\u00fcttenscheid vereint repr\u00e4sentative Fl\u00e4chen mit funktionaler Effizienz. Helle, hochwertig ausgestattete B\u00fcror\u00e4umlichkeiten, eine attraktive Dachterrasse sowie Parkettb\u00f6den schaffen ein professionelles Ambiente. Dank Glasfaseranschluss, CAT-6-Verkabelung, LED-Beleuchtung, Fernw\u00e4rme, Teilklimatisierung und energetisch optimierter Dach- und Fensteranlagen ist ein nachhaltiger und leistungsf\u00e4higer Gesch\u00e4ftsbetrieb gew\u00e4hrleistet. Parkm\u00f6glichkeiten stehen in Form von Au\u00dfenstellpl\u00e4tzen und Garagen zur Verf\u00fcgung und gew\u00e4hrleisten eine komfortable An- und Abreise.<\/p>\n<p>Derzeit stehen folgende Fl\u00e4chen zur Disposition:<\/p>\n<p>2. OG: 105 m\u00b2<br \/>\nSG: 98 m\u00b2<\/p>\n<p>UG: 25 m\u00b2 Archivfl\u00e4che (belichtet)<\/p>\n<p>Das Objekt befindet sich in der nachgefragtesten B\u00fcromarktzone in Essen-R\u00fcttenscheid. Die Innenstadt sowie der Hauptbahnhof sind nur wenige Fahrminuten vom Objekt entfernt. Die bekannte R\u00fcttenscheider Stra\u00dfe &#8220;R\u00fc&#8221; ist fu\u00dfl\u00e4ufig zu erreichen. Zahlreiche kleine Trend-Shops, Boutiquen, Stra\u00dfencaf\u00e9s und die vielen kleinen Seitenstra\u00dfen verleihen der &#8220;R\u00fc&#8221; ihren besonderen Charme. Die Autobahnen A40 und A52 liegen nur etwa f\u00fcnf Fahrminuten entfernt. Den Flughafen D\u00fcsseldorf erreichen Sie in ca. 20 Minuten.<\/p>\n<p>Bedeutende Unternehmen in der B\u00fcromarktzone: STEAG GmbH, Emscher Wassertechnik GmbH, Stadtwerke Essen AG, National Bank, Hochtief<\/p>\n<p>\u2022 Bodenbelag: Parkettboden<br \/>\n\u2022 Sonnenschutz: au\u00dfenliegend, manuell<br \/>\n\u2022 Beleuchtung: LED-Deckenbeleuchtung<br \/>\n\u2022 K\u00fchlung: teilklimatisiert<br \/>\n\u2022 Verkabelung: CAT-6<br \/>\n\u2022 Verkabelungsort: Fensterbankkabelkan\u00e4le<br \/>\n\u2022 Teek\u00fcche: voll ausgestattet<br \/>\n\u2022 Heizungsart: Fernw\u00e4rme<\/p>\n<p>Die Ausstattung kann bei Bedarf flexibel an die Nutzerw\u00fcnsche angepasst werden!<\/p>\n<p>Highlights:<\/p>\n<p>\u2022 Dachterrasse<br \/>\n\u2022 beste Lage in R\u00fcttenscheid<br \/>\n\u2022 Archiv- und Lagerfl\u00e4chen im UG<br \/>\n\u2022 Glasfaseranschluss<br \/>\n\u2022 Dacherneuerung inkl. Verbesserung W\u00e4rmed\u00e4mmung (2009)<br \/>\n\u2022 modernisierte Leitungen<br \/>\n\u2022 Kunststofffenster mit Isolierverglasung (2002 und 2009 im SG)<\/p>\n<p>Es gelten ausschlie\u00dflich unsere AGB (www.ruhr-real.de\/agb). Wir m\u00f6chten Sie darauf hinweisen, dass die Angaben ausschlie\u00dflich auf den uns vom Eigent\u00fcmer \u00fcbermittelten Unterlagen und Informationen basieren. F\u00fcr Richtigkeit und Vollst\u00e4ndigkeit \u00fcbernehmen wir keine Gew\u00e4hr. Zwischenvermietung vorbehalten.<br \/>\n<div class=\"widget widget_immonex_user_defined_properties_widget\"><div class=\"immonex-widget immonex-widget-houzez\">\n\t\t<div class=\"immonex-widget-title clearfix\">\n\t\t<h2 class=\"widgettitle\">Energieeffizienz<\/h2>\t<\/div>\n\t\t<ul class=\"immonex-property-details row list-lined list-unstyled\">\n\t\t\t\t<li>\n\t\t\t<div class=\"list-lined-item w-100 d-flex justify-content-between py-2\">\n\t\t\t\t\t\t\t\t<strong class=\"property-details-label\">Energieausweis-Art:<\/strong>&nbsp;<span class=\"property-details-value\">Demand<\/span>\n\t\t\t\t\t\t\t<\/div>\n\t\t<\/li>\n\t\t\t\t<li>\n\t\t\t<div class=\"list-lined-item w-100 d-flex justify-content-between py-2\">\n\t\t\t\t\t\t\t\t<strong class=\"property-details-label\">Energieausweis g\u00fcltig bis:<\/strong>&nbsp;<span class=\"property-details-value\">08.09.2031<\/span>\n\t\t\t\t\t\t\t<\/div>\n\t\t<\/li>\n\t\t\t\t<li>\n\t\t\t<div class=\"list-lined-item w-100 d-flex justify-content-between py-2\">\n\t\t\t\t\t\t\t\t<strong class=\"property-details-label\">Prim\u00e4renergietr\u00e4ger:<\/strong>&nbsp;<span class=\"property-details-value\">Fernw\u00e4rme<\/span>\n\t\t\t\t\t\t\t<\/div>\n\t\t<\/li>\n\t\t\t\t<li>\n\t\t\t<div class=\"list-lined-item w-100 d-flex justify-content-between py-2\">\n\t\t\t\t\t\t\t\t<strong class=\"property-details-label\">Stromverbrauchskennwert:<\/strong>&nbsp;<span class=\"property-details-value\">27,7&nbsp;kWh\/(m\u00b2*a)<\/span>\n\t\t\t\t\t\t\t<\/div>\n\t\t<\/li>\n\t\t\t\t<li>\n\t\t\t<div class=\"list-lined-item w-100 d-flex justify-content-between py-2\">\n\t\t\t\t\t\t\t\t<strong class=\"property-details-label\">Heizenergieverbrauchskennwert:<\/strong>&nbsp;<span class=\"property-details-value\">118,2&nbsp;kWh\/(m\u00b2*a)<\/span>\n\t\t\t\t\t\t\t<\/div>\n\t\t<\/li>\n\t\t\t\t<li>\n\t\t\t<div class=\"list-lined-item w-100 d-flex justify-content-between py-2\">\n\t\t\t\t\t\t\t\t<strong class=\"property-details-label\">Baujahr (Energieausweis):<\/strong>&nbsp;<span class=\"property-details-value\">1967<\/span>\n\t\t\t\t\t\t\t<\/div>\n\t\t<\/li>\n\t\t\t\t<li>\n\t\t\t<div class=\"list-lined-item w-100 d-flex justify-content-between py-2\">\n\t\t\t\t\t\t\t\t<strong class=\"property-details-label\">Energieausweis-Ausstellungsdatum:<\/strong>&nbsp;<span class=\"property-details-value\">09.09.2021<\/span>\n\t\t\t\t\t\t\t<\/div>\n\t\t<\/li>\n\t\t\t\t<li>\n\t\t\t<div class=\"list-lined-item w-100 d-flex justify-content-between py-2\">\n\t\t\t\t\t\t\t\t<strong class=\"property-details-label\">Energieausweis-Jahrgang:<\/strong>&nbsp;<span class=\"property-details-value\">as from may 2014<\/span>\n\t\t\t\t\t\t\t<\/div>\n\t\t<\/li>\n\t\t\t<\/ul>\n<\/div><\/div><\/p>\n","protected":false},"excerpt":{"rendered":"<p>Diese moderne Immobilie in gefragter Bestlage von R\u00fcttenscheid vereint repr\u00e4sentative Fl\u00e4chen mit funktionaler&#8230;<\/p>\n","protected":false},"author":1,"featured_media":179361,"parent":0,"menu_order":0,"template":"","property_type":[379],"property_status":[352],"property_feature":[537,361,350],"property_label":[],"property_country":[353],"property_state":[],"property_city":[306],"property_area":[],"class_list":["post-179302","property","type-property","status-publish","has-post-thumbnail","hentry","property_type-bueroflaechen","property_status-zu-vermieten","property_feature-gewerbliche-nutzung-moeglich","property_feature-klimaanlage","property_feature-raeume-veraenderbar","property_country-deutschland","property_city-essen"],"acf":[],"property_meta":{"_immonex_import_folder":["users\/RUHRREAL"],"_immonex_translation_id":["4811\/E3"],"_openimmo_obid":["2AFCF72C490345BD9CB67DCDFD5DB6A6"],"_is_immonex_import_property":["1"],"_immonex_is_reference":[""],"rank_math_internal_links_processed":["1"],"_immonex_post_status":["updated"],"fave_property_map_address":["45128 Essen"],"fave_property_zip":["45128"],"fave_property_country":["DE"],"_immonex_lat":["51.4601041"],"_immonex_lng":["7.014847"],"houzez_geolocation_lat":["51.4601041"],"houzez_geolocation_long":["7.014847"],"fave_property_location":["51.4601041,7.014847"],"fave_property_price":["1470.00"],"fave_property_sec_price":["1470.0000"],"fave_property_size":["105"],"fave_property_year":["1967"],"fave_property_id":["4811\/E3"],"_fave_property_id":["4811\/E3"],"_immonex_iso_country":["DEU"],"_openimmo_anid":["0000"],"_immonex_group_number":[""],"_immonex_group_id":[""],"_immonex_group_master":[""],"_immonex_import_meta":["a:6:{s:8:\"zip_file\";s:131:\"\/www\/htdocs\/w0172e0e\/ruhr-real_2024\/wp-content\/uploads\/immonex-openimmo-import\/users\/RUHRREAL\/Immowelt_estatePro_20260225182729.zip\";s:8:\"xml_file\";s:158:\"\/www\/htdocs\/w0172e0e\/ruhr-real_2024\/wp-content\/uploads\/immonex-openimmo-import\/immowelt_estatepro_20260225182729\/Homepage_2024_NEW_estatePro20260225182729.xml\";s:12:\"mapping_file\";s:116:\"\/www\/htdocs\/w0172e0e\/ruhr-real_2024\/wp-content\/uploads\/immonex-openimmo-import\/mappings\/houzez_ruhrreal_18122023.csv\";s:9:\"timestamp\";i:1772040468;s:4:\"date\";s:10:\"2026-02-25\";s:4:\"time\";s:8:\"18:27:48\";}"],"_immonex_is_sold":[""],"_immonex_is_reserved":[""],"_immonex_is_available":["1"],"_immonex_areabutler_url_with_address":[""],"_immonex_areabutler_url_no_address":[""],"_immonex_areabutler_url":[""],"additional_features":["a:17:{i:0;a:2:{s:29:\"fave_additional_feature_title\";s:11:\"Heizungsart\";s:29:\"fave_additional_feature_value\";s:11:\"Fernheizung\";}i:1;a:2:{s:29:\"fave_additional_feature_title\";s:14:\"Nettokaltmiete\";s:29:\"fave_additional_feature_value\";s:14:\"1.470&nbsp;\u20ac\";}i:2;a:2:{s:29:\"fave_additional_feature_title\";s:9:\"Kaltmiete\";s:29:\"fave_additional_feature_value\";s:14:\"1.470&nbsp;\u20ac\";}i:3;a:2:{s:29:\"fave_additional_feature_title\";s:29:\"monatl. Betriebs-\/Nebenkosten\";s:29:\"fave_additional_feature_value\";s:12:\"315&nbsp;\u20ac\";}i:4;a:2:{s:29:\"fave_additional_feature_title\";s:33:\"Heizkosten in Warmmiete enthalten\";s:29:\"fave_additional_feature_value\";s:4:\"nein\";}i:5;a:2:{s:29:\"fave_additional_feature_title\";s:32:\"Preise zuz\u00fcglich Mehrwertsteuer\";s:29:\"fave_additional_feature_value\";s:4:\"nein\";}i:6;a:2:{s:29:\"fave_additional_feature_title\";s:23:\"Netto-Kaltmiete pro m\u00b2\";s:29:\"fave_additional_feature_value\";s:14:\"1.470&nbsp;\u20ac\";}i:7;a:2:{s:29:\"fave_additional_feature_title\";s:10:\"MwSt.-Satz\";s:29:\"fave_additional_feature_value\";s:9:\"19&nbsp;%\";}i:8;a:2:{s:29:\"fave_additional_feature_title\";s:12:\"B\u00fcrofl\u00e4che\";s:29:\"fave_additional_feature_value\";s:12:\"105&nbsp;m\u00b2\";}i:9;a:2:{s:29:\"fave_additional_feature_title\";s:16:\"B\u00fcroteilfl\u00e4che\";s:29:\"fave_additional_feature_value\";s:12:\"105&nbsp;m\u00b2\";}i:10;a:2:{s:29:\"fave_additional_feature_title\";s:10:\"Teilbar ab\";s:29:\"fave_additional_feature_value\";s:12:\"105&nbsp;m\u00b2\";}i:11;a:2:{s:29:\"fave_additional_feature_title\";s:19:\"Art der Ausstattung\";s:29:\"fave_additional_feature_value\";s:8:\"Standard\";}i:12;a:2:{s:29:\"fave_additional_feature_title\";s:10:\"Befeuerung\";s:29:\"fave_additional_feature_value\";s:10:\"Fernw\u00e4rme\";}i:13;a:2:{s:29:\"fave_additional_feature_title\";s:10:\"Bodenbelag\";s:29:\"fave_additional_feature_value\";s:7:\"Parkett\";}i:14;a:2:{s:29:\"fave_additional_feature_title\";s:13:\"Stellplatzart\";s:29:\"fave_additional_feature_value\";s:17:\"Garage, Freiplatz\";}i:15;a:2:{s:29:\"fave_additional_feature_title\";s:7:\"Zustand\";s:29:\"fave_additional_feature_value\";s:12:\"modernisiert\";}i:16;a:2:{s:29:\"fave_additional_feature_title\";s:27:\"Immobilie ist verf\u00fcgbar ab\";s:29:\"fave_additional_feature_value\";s:17:\"nach Vereinbarung\";}}"],"fave_additional_features_enable":["enable"],"_immonex_custom_fields":["a:8:{s:18:\"Energieausweis-Art\";a:5:{s:14:\"mapping_source\";s:35:\"zustand_angaben->energiepass->epart\";s:4:\"name\";s:0:\"\";s:5:\"group\";s:5:\"epass\";s:5:\"value\";s:6:\"Demand\";s:19:\"value_before_filter\";s:6:\"BEDARF\";}s:26:\"Energieausweis g\u00fcltig bis\";a:5:{s:14:\"mapping_source\";s:41:\"zustand_angaben->energiepass->gueltig_bis\";s:4:\"name\";s:0:\"\";s:5:\"group\";s:5:\"epass\";s:5:\"value\";s:10:\"08.09.2031\";s:19:\"value_before_filter\";s:10:\"08.09.2031\";}s:21:\"Prim\u00e4renergietr\u00e4ger\";a:5:{s:14:\"mapping_source\";s:29:\"ausstattung->befeuerung:FERN+\";s:4:\"name\";s:0:\"\";s:5:\"group\";s:5:\"epass\";s:5:\"value\";s:10:\"Fernw\u00e4rme\";s:19:\"value_before_filter\";s:10:\"Fernw\u00e4rme\";}s:23:\"Stromverbrauchskennwert\";a:5:{s:14:\"mapping_source\";s:39:\"zustand_angaben->energiepass->stromwert\";s:4:\"name\";s:0:\"\";s:5:\"group\";s:5:\"epass\";s:5:\"value\";s:21:\"27,7&nbsp;kWh\/(m\u00b2*a)\";s:19:\"value_before_filter\";s:4:\"27,7\";}s:29:\"Heizenergieverbrauchskennwert\";a:5:{s:14:\"mapping_source\";s:40:\"zustand_angaben->energiepass->waermewert\";s:4:\"name\";s:0:\"\";s:5:\"group\";s:5:\"epass\";s:5:\"value\";s:22:\"118,2&nbsp;kWh\/(m\u00b2*a)\";s:19:\"value_before_filter\";s:5:\"118,2\";}s:24:\"Baujahr (Energieausweis)\";a:5:{s:14:\"mapping_source\";s:37:\"zustand_angaben->energiepass->baujahr\";s:4:\"name\";s:0:\"\";s:5:\"group\";s:5:\"epass\";s:5:\"value\";s:4:\"1967\";s:19:\"value_before_filter\";s:4:\"1967\";}s:32:\"Energieausweis-Ausstellungsdatum\";a:5:{s:14:\"mapping_source\";s:43:\"zustand_angaben->energiepass->ausstelldatum\";s:4:\"name\";s:0:\"\";s:5:\"group\";s:5:\"epass\";s:5:\"value\";s:10:\"09.09.2021\";s:19:\"value_before_filter\";s:10:\"2021-09-09\";}s:23:\"Energieausweis-Jahrgang\";a:5:{s:14:\"mapping_source\";s:38:\"zustand_angaben->energiepass->jahrgang\";s:4:\"name\";s:0:\"\";s:5:\"group\";s:5:\"epass\";s:5:\"value\";s:16:\"as from may 2014\";s:19:\"value_before_filter\";s:4:\"2014\";}}"],"_immonex_property_xml_source":["<?xml version=\"1.0\"?>\n<immobilie>\n<objektkategorie>\n<nutzungsart WOHNEN=\"false\" GEWERBE=\"true\"\/>\n<vermarktungsart KAUF=\"false\" MIETE_PACHT=\"true\"\/>\n<objektart>\n<buero_praxen buero_typ=\"BUEROHAUS\"\/>\n<\/objektart>\n<user_defined_simplefield\/>\n<\/objektkategorie>\n<geo>\n<plz>45128<\/plz>\n<ort>Essen<\/ort>\n<strasse>Friedrich-List-Stra&#xDF;e<\/strasse>\n<hausnummer>2<\/hausnummer>\n<land iso_land=\"DEU\"\/>\n<lage_im_bau\/>\n<\/geo>\n<kontaktperson>\n<email_zentrale>anfrage@ruhr-real.de<\/email_zentrale>\n<email_direkt>bruckmann@ruhr-real.de<\/email_direkt>\n<tel_durchw>+49 201 99996337<\/tel_durchw>\n<tel_fax>+49 201 99996344<\/tel_fax>\n<tel_handy>+49 172 7088870<\/tel_handy>\n<name>Bruckmann<\/name>\n<vorname>Jonas<\/vorname>\n<anrede>Herr<\/anrede>\n<firma>RUHR REAL GmbH<\/firma>\n<strasse>Holsterhauser Platz<\/strasse>\n<hausnummer>2<\/hausnummer>\n<plz>45147<\/plz>\n<ort>Essen<\/ort>\n<adressfreigabe>true<\/adressfreigabe>\n<\/kontaktperson>\n<preise>\n<nettokaltmiete>1470.00<\/nettokaltmiete>\n<kaltmiete>1470.00<\/kaltmiete>\n<nebenkosten>315.00<\/nebenkosten>\n<heizkosten_enthalten>false<\/heizkosten_enthalten>\n<zzg_mehrwertsteuer>false<\/zzg_mehrwertsteuer>\n<preis_zeiteinheit\/>\n<mietpreis_pro_qm>1470.0000<\/mietpreis_pro_qm>\n<provisionspflichtig>false<\/provisionspflichtig>\n<waehrung iso_waehrung=\"EUR\"\/>\n<mwst_satz>19.00<\/mwst_satz>\n<stp_carport\/>\n<stp_duplex\/>\n<stp_freiplatz\/>\n<stp_garage\/>\n<stp_parkhaus\/>\n<stp_tiefgarage\/>\n<\/preise>\n<bieterverfahren\/>\n<versteigerung\/>\n<flaechen>\n<bueroflaeche>105<\/bueroflaeche>\n<bueroteilflaeche>105<\/bueroteilflaeche>\n<teilbar_ab>105<\/teilbar_ab>\n<anzahl_stellplaetze type=\"xsd:decimal\">4<\/anzahl_stellplaetze>\n<\/flaechen>\n<ausstattung>\n<ausstatt_kategorie>STANDARD<\/ausstatt_kategorie>\n<raeume_veraenderbar>true<\/raeume_veraenderbar>\n<bad\/>\n<kueche\/>\n<boden PARKETT=\"true\"\/>\n<heizungsart FERN=\"true\"\/>\n<befeuerung FERN=\"true\"\/>\n<klimatisiert>true<\/klimatisiert>\n<fahrstuhl\/>\n<stellplatzart GARAGE=\"true\"\/>\n<stellplatzart FREIPLATZ=\"true\"\/>\n<ausricht_balkon_terrasse\/>\n<angeschl_gastronomie\/>\n<sicherheitstechnik\/>\n<\/ausstattung>\n<zustand_angaben>\n<baujahr>1967<\/baujahr>\n<zustand zustand_art=\"MODERNISIERT\"\/>\n<energiepass>\n<epart>BEDARF<\/epart>\n<gueltig_bis>08.09.2031<\/gueltig_bis>\n<stromwert>27,7<\/stromwert>\n<waermewert>118,2<\/waermewert>\n<baujahr>1967<\/baujahr>\n<ausstelldatum>2021-09-09<\/ausstelldatum>\n<jahrgang>2014<\/jahrgang>\n<\/energiepass>\n<\/zustand_angaben>\n<bewertung\/>\n<infrastruktur\/>\n<freitexte>\n<objekttitel>Sch&#xF6;ne B&#xFC;rofl&#xE4;che in begehrter Lage am Stadtgarten | Essen-S&#xFC;dviertel | Stellpl&#xE4;tze am Objekt<\/objekttitel>\n<lage>Das Objekt befindet sich in der nachgefragtesten B&#xFC;romarktzone in Essen-R&#xFC;ttenscheid. Die Innenstadt sowie der Hauptbahnhof sind nur wenige Fahrminuten vom Objekt entfernt. Die bekannte R&#xFC;ttenscheider Stra&#xDF;e \"R&#xFC;\" ist fu&#xDF;l&#xE4;ufig zu erreichen. Zahlreiche kleine Trend-Shops, Boutiquen, Stra&#xDF;encaf&#xE9;s und die vielen kleinen Seitenstra&#xDF;en verleihen der \"R&#xFC;\" ihren besonderen Charme. Die Autobahnen A40 und A52 liegen nur etwa f&#xFC;nf Fahrminuten entfernt. Den Flughafen D&#xFC;sseldorf erreichen Sie in ca. 20 Minuten.\n\nBedeutende Unternehmen in der B&#xFC;romarktzone: STEAG GmbH, Emscher Wassertechnik GmbH, Stadtwerke Essen AG, National Bank, Hochtief<\/lage>\n<ausstatt_beschr>&#x2022; Bodenbelag: Parkettboden\n&#x2022; Sonnenschutz: au&#xDF;enliegend, manuell\n&#x2022; Beleuchtung: LED-Deckenbeleuchtung\n&#x2022; K&#xFC;hlung: teilklimatisiert\n&#x2022; Verkabelung: CAT-6\n&#x2022; Verkabelungsort: Fensterbankkabelkan&#xE4;le\n&#x2022; Teek&#xFC;che: voll ausgestattet\n&#x2022; Heizungsart: Fernw&#xE4;rme\n\nDie Ausstattung kann bei Bedarf flexibel an die Nutzerw&#xFC;nsche angepasst werden!\n\nHighlights:\n\n&#x2022; Dachterrasse\n&#x2022; beste Lage in R&#xFC;ttenscheid\n&#x2022; Archiv- und Lagerfl&#xE4;chen im UG \n&#x2022; Glasfaseranschluss\n&#x2022; Dacherneuerung inkl. Verbesserung W&#xE4;rmed&#xE4;mmung (2009)\n&#x2022; modernisierte Leitungen\n&#x2022; Kunststofffenster mit Isolierverglasung (2002 und 2009 im SG)<\/ausstatt_beschr>\n<objektbeschreibung>Diese moderne Immobilie in gefragter Bestlage von R&#xFC;ttenscheid vereint repr&#xE4;sentative Fl&#xE4;chen mit funktionaler Effizienz. Helle, hochwertig ausgestattete B&#xFC;ror&#xE4;umlichkeiten, eine attraktive Dachterrasse sowie Parkettb&#xF6;den schaffen ein professionelles Ambiente. Dank Glasfaseranschluss, CAT-6-Verkabelung, LED-Beleuchtung, Fernw&#xE4;rme, Teilklimatisierung und energetisch optimierter Dach- und Fensteranlagen ist ein nachhaltiger und leistungsf&#xE4;higer Gesch&#xE4;ftsbetrieb gew&#xE4;hrleistet. Parkm&#xF6;glichkeiten stehen in Form von Au&#xDF;enstellpl&#xE4;tzen und Garagen zur Verf&#xFC;gung und gew&#xE4;hrleisten eine komfortable An- und Abreise. \n\nDerzeit stehen folgende Fl&#xE4;chen zur Disposition:\n\n2. OG: 105 m&#xB2;\nSG: 98 m&#xB2;\n\nUG: 25 m&#xB2; Archivfl&#xE4;che (belichtet)<\/objektbeschreibung>\n<sonstige_angaben>Es gelten ausschlie&#xDF;lich unsere AGB (www.ruhr-real.de\/agb). Wir m&#xF6;chten Sie darauf hinweisen, dass die Angaben ausschlie&#xDF;lich auf den uns vom Eigent&#xFC;mer &#xFC;bermittelten Unterlagen und Informationen basieren. F&#xFC;r Richtigkeit und Vollst&#xE4;ndigkeit &#xFC;bernehmen wir keine Gew&#xE4;hr. Zwischenvermietung vorbehalten.<\/sonstige_angaben><\/freitexte>\n<anhaenge>\n<anhang location=\"EXTERN\" gruppe=\"TITELBILD\">\n<anhangtitel>Au&#xDF;enansicht<\/anhangtitel>\n<format>png<\/format>\n<daten>\n<pfad>8159bed245344ca6a2daf4c2fca5d6eb.png<\/pfad>\n<\/daten>\n<\/anhang>\n<anhang location=\"EXTERN\" gruppe=\"BILD\">\n<anhangtitel>B&#xFC;ro &amp; Flur<\/anhangtitel>\n<format>jpg<\/format>\n<daten>\n<pfad>67e948195c164f8b8b8dde49e95fe591.jpg<\/pfad>\n<\/daten>\n<\/anhang>\n<anhang location=\"EXTERN\" gruppe=\"BILD\">\n<anhangtitel>K&#xFC;che<\/anhangtitel>\n<format>jpg<\/format>\n<daten>\n<pfad>3c0fc56ae78a42b789343b8f70a86e72.jpg<\/pfad>\n<\/daten>\n<\/anhang>\n<anhang location=\"EXTERN\" gruppe=\"BILD\">\n<anhangtitel>B&#xFC;ro<\/anhangtitel>\n<format>jpg<\/format>\n<daten>\n<pfad>3dfcd94a08b4469dbd1d347dc488fff5.jpg<\/pfad>\n<\/daten>\n<\/anhang>\n<anhang location=\"EXTERN\" gruppe=\"BILD\">\n<anhangtitel>B&#xFC;ro<\/anhangtitel>\n<format>jpg<\/format>\n<daten>\n<pfad>03377199c4384702b9bcc74522db222b.jpg<\/pfad>\n<\/daten>\n<\/anhang>\n<anhang location=\"EXTERN\" gruppe=\"BILD\">\n<anhangtitel>Treppenhaus<\/anhangtitel>\n<format>jpg<\/format>\n<daten>\n<pfad>4983aa5eed14496883de8e97f5d2daba.jpg<\/pfad>\n<\/daten>\n<\/anhang>\n<anhang location=\"EXTERN\" gruppe=\"BILD\">\n<anhangtitel>Stadtgarten<\/anhangtitel>\n<format>jpg<\/format>\n<daten>\n<pfad>ad3bb69898f64d5499ba348d02c4b7b4.jpg<\/pfad>\n<\/daten>\n<\/anhang>\n<anhang location=\"EXTERN\" gruppe=\"GRUNDRISS\">\n<anhangtitel>2. OG<\/anhangtitel>\n<format>png<\/format>\n<daten>\n<pfad>a132ff07f842434b8a7fe6ff75f1767d.png<\/pfad>\n<\/daten>\n<\/anhang>\n<anhang location=\"EXTERN\" gruppe=\"GRUNDRISS\">\n<anhangtitel>SG<\/anhangtitel>\n<format>jpeg<\/format>\n<daten>\n<pfad>033ff50866c74ab0a1c8af78ed2b71f6.jpeg<\/pfad>\n<\/daten>\n<\/anhang>\n<\/anhaenge>\n<verwaltung_objekt>\n<objektadresse_freigeben>false<\/objektadresse_freigeben>\n<verfuegbar_ab>nach Vereinbarung<\/verfuegbar_ab>\n<geschlecht\/>\n<gewerbliche_nutzung>true<\/gewerbliche_nutzung>\n<\/verwaltung_objekt>\n<verwaltung_techn>\n<objektnr_intern>2AFCF72C490345BD9CB67DCDFD5DB6A6<\/objektnr_intern>\n<objektnr_extern>4811\/E3<\/objektnr_extern>\n<aktion aktionart=\"CHANGE\"\/>\n<openimmo_obid>2AFCF72C490345BD9CB67DCDFD5DB6A6<\/openimmo_obid>\n<kennung_ursprung>estatePro V10.0.0.8<\/kennung_ursprung>\n<stand_vom>2026-02-25<\/stand_vom>\n<\/verwaltung_techn>\n<user_defined_simplefield feldname=\"Startseite\">Nein<\/user_defined_simplefield>\n<\/immobilie>\n"],"_immonex_energy_class":[""],"_immonex_energy_class_id":["0"],"_thumbnail_id":["179361"],"fave_property_images":["179361","179362","179363","179364","179365","179366","179367"],"fave_floor_plans_enable":["enable"],"floor_plans":["a:2:{i:0;a:7:{s:15:\"fave_plan_title\";s:5:\"2. OG\";s:15:\"fave_plan_rooms\";s:0:\"\";s:19:\"fave_plan_bathrooms\";s:0:\"\";s:15:\"fave_plan_price\";s:0:\"\";s:14:\"fave_plan_size\";s:0:\"\";s:15:\"fave_plan_image\";s:84:\"https:\/\/ruhr-real.de\/wp-content\/uploads\/2026\/02\/a132ff07f842434b8a7fe6ff75f1767d.png\";s:21:\"fave_plan_description\";s:0:\"\";}i:1;a:7:{s:15:\"fave_plan_title\";s:2:\"SG\";s:15:\"fave_plan_rooms\";s:0:\"\";s:19:\"fave_plan_bathrooms\";s:0:\"\";s:15:\"fave_plan_price\";s:0:\"\";s:14:\"fave_plan_size\";s:0:\"\";s:15:\"fave_plan_image\";s:85:\"https:\/\/ruhr-real.de\/wp-content\/uploads\/2026\/02\/033ff50866c74ab0a1c8af78ed2b71f6.jpeg\";s:21:\"fave_plan_description\";s:0:\"\";}}"],"fave_prop_homeslider":["yes"],"fave_prop_slider_image":["179361"],"fave_agents":["111496"],"fave_agent_display_option":["agent_info"],"fave_single_top_area":["global"],"fave_single_content_area":["global"],"fave_property_map":["1"],"fave_property_map_street_view":["hide"],"fave_property_size_prefix":["m\u00b2"],"fave_property_land_postfix":["m\u00b2"],"fave_featured":["0"],"houzez_featured_listing_date":[""],"fave_property_price_postfix":["pro&nbsp;m\u00b2"],"fave_currency":["EUR"],"fave_currency_info":["a:8:{s:2:\"id\";s:1:\"1\";s:13:\"currency_name\";s:4:\"Euro\";s:13:\"currency_code\";s:3:\"EUR\";s:15:\"currency_symbol\";s:3:\"\u20ac\";s:17:\"currency_position\";s:5:\"after\";s:16:\"currency_decimal\";s:1:\"2\";s:26:\"currency_decimal_separator\";s:1:\",\";s:27:\"currency_thousand_separator\";s:1:\".\";}"],"_wpml_word_count":["443"],"houzez_total_property_views":["382"],"houzez_views_by_date":["a:61:{s:10:\"02-27-2026\";i:4;s:10:\"02-28-2026\";i:4;s:10:\"03-01-2026\";i:4;s:10:\"03-02-2026\";i:4;s:10:\"03-03-2026\";i:4;s:10:\"03-04-2026\";i:4;s:10:\"03-05-2026\";i:6;s:10:\"03-06-2026\";i:4;s:10:\"03-07-2026\";i:4;s:10:\"03-08-2026\";i:4;s:10:\"03-09-2026\";i:4;s:10:\"03-10-2026\";i:4;s:10:\"03-11-2026\";i:6;s:10:\"03-12-2026\";i:6;s:10:\"03-13-2026\";i:4;s:10:\"03-14-2026\";i:5;s:10:\"03-15-2026\";i:4;s:10:\"03-16-2026\";i:2;s:10:\"03-17-2026\";i:6;s:10:\"03-18-2026\";i:6;s:10:\"03-19-2026\";i:4;s:10:\"03-20-2026\";i:6;s:10:\"03-21-2026\";i:4;s:10:\"03-22-2026\";i:4;s:10:\"03-23-2026\";i:4;s:10:\"03-24-2026\";i:4;s:10:\"03-25-2026\";i:4;s:10:\"03-26-2026\";i:10;s:10:\"03-27-2026\";i:4;s:10:\"03-28-2026\";i:4;s:10:\"03-29-2026\";i:4;s:10:\"03-30-2026\";i:3;s:10:\"03-31-2026\";i:4;s:10:\"04-01-2026\";i:9;s:10:\"04-02-2026\";i:8;s:10:\"04-03-2026\";i:8;s:10:\"04-04-2026\";i:8;s:10:\"04-05-2026\";i:8;s:10:\"04-06-2026\";i:8;s:10:\"04-07-2026\";i:12;s:10:\"04-08-2026\";i:5;s:10:\"04-09-2026\";i:11;s:10:\"04-10-2026\";i:8;s:10:\"04-11-2026\";i:4;s:10:\"04-12-2026\";i:12;s:10:\"04-13-2026\";i:8;s:10:\"04-14-2026\";i:8;s:10:\"04-15-2026\";i:8;s:10:\"04-16-2026\";i:8;s:10:\"04-17-2026\";i:8;s:10:\"04-18-2026\";i:8;s:10:\"04-19-2026\";i:8;s:10:\"04-20-2026\";i:8;s:10:\"04-21-2026\";i:8;s:10:\"04-22-2026\";i:8;s:10:\"04-23-2026\";i:8;s:10:\"04-24-2026\";i:8;s:10:\"04-25-2026\";i:8;s:10:\"04-26-2026\";i:8;s:10:\"04-27-2026\";i:8;s:10:\"04-28-2026\";i:4;}"],"houzez_recently_viewed":["2026-04-28 09:14:03"],"tp_widgets":["a:2:{s:7:\"widgets\";a:0:{}s:9:\"update_at\";s:10:\"1764682733\";}"],"_elementor_page_assets":["a:0:{}"]},"_links":{"self":[{"href":"https:\/\/ruhr-real.de\/en\/wp-json\/wp\/v2\/properties\/179302","targetHints":{"allow":["GET"]}}],"collection":[{"href":"https:\/\/ruhr-real.de\/en\/wp-json\/wp\/v2\/properties"}],"about":[{"href":"https:\/\/ruhr-real.de\/en\/wp-json\/wp\/v2\/types\/property"}],"author":[{"embeddable":true,"href":"https:\/\/ruhr-real.de\/en\/wp-json\/wp\/v2\/users\/1"}],"version-history":[{"count":0,"href":"https:\/\/ruhr-real.de\/en\/wp-json\/wp\/v2\/properties\/179302\/revisions"}],"wp:featuredmedia":[{"embeddable":true,"href":"https:\/\/ruhr-real.de\/en\/wp-json\/wp\/v2\/media\/179361"}],"wp:attachment":[{"href":"https:\/\/ruhr-real.de\/en\/wp-json\/wp\/v2\/media?parent=179302"}],"wp:term":[{"taxonomy":"property_type","embeddable":true,"href":"https:\/\/ruhr-real.de\/en\/wp-json\/wp\/v2\/property_type?post=179302"},{"taxonomy":"property_status","embeddable":true,"href":"https:\/\/ruhr-real.de\/en\/wp-json\/wp\/v2\/property_status?post=179302"},{"taxonomy":"property_feature","embeddable":true,"href":"https:\/\/ruhr-real.de\/en\/wp-json\/wp\/v2\/property_feature?post=179302"},{"taxonomy":"property_label","embeddable":true,"href":"https:\/\/ruhr-real.de\/en\/wp-json\/wp\/v2\/property_label?post=179302"},{"taxonomy":"property_country","embeddable":true,"href":"https:\/\/ruhr-real.de\/en\/wp-json\/wp\/v2\/property_country?post=179302"},{"taxonomy":"property_state","embeddable":true,"href":"https:\/\/ruhr-real.de\/en\/wp-json\/wp\/v2\/property_state?post=179302"},{"taxonomy":"property_city","embeddable":true,"href":"https:\/\/ruhr-real.de\/en\/wp-json\/wp\/v2\/property_city?post=179302"},{"taxonomy":"property_area","embeddable":true,"href":"https:\/\/ruhr-real.de\/en\/wp-json\/wp\/v2\/property_area?post=179302"}],"curies":[{"name":"wp","href":"https:\/\/api.w.org\/{rel}","templated":true}]}}