{"id":180633,"date":"2026-03-10T00:01:47","date_gmt":"2026-03-09T23:01:47","guid":{"rendered":"https:\/\/ruhr-real.de\/objekt\/exklusiv-bei-ruhr-real-hochwertige-projektierung-mit-flexiblem-mieterausbau-stellflaechen\/"},"modified":"2026-03-10T11:55:47","modified_gmt":"2026-03-10T10:55:47","slug":"exklusiv-bei-ruhr-real-hochwertige-projektierung-mit-flexiblem-mieterausbau-stellflaechen","status":"publish","type":"property","link":"https:\/\/ruhr-real.de\/en\/objekt\/exklusiv-bei-ruhr-real-hochwertige-projektierung-mit-flexiblem-mieterausbau-stellflaechen\/","title":{"rendered":"Exklusiv bei RUHR REAL: moderne Revitalisierung mit flexiblem Mieterausbau | Stellfl\u00e4chen"},"content":{"rendered":"<p>Bei der angebotenen Liegenschaft handelt es sich um eine B\u00fcroimmobilie in etablierter Lage von Essen, die Flexibili\u00e4t und modernen Anspruch vereint. Im Rahmen einer individuellen Projektierung besteht die M\u00f6glichkeit, die Fl\u00e4chennutzung sowie das Design exakt auf die unternehmensspezifischen Anforderungen zuzuschneiden. Vom Erdgeschoss bis zum 3. Obergeschoss stehen flexibel teilbare Mietbereiche zur Verf\u00fcgung, die durch eine gehobene Ausstattung und eine repr\u00e4sentative Atmosph\u00e4re \u00fcberzeugen. Hauseigene Stellpl\u00e4tze im Au\u00dfenbereich (40 EUR\/Stk.) sowie in der Tiefgarage (85 EUR\/Stk.) runden das Angebot ab und garantieren eine komfortable Anreise f\u00fcr Kunden und Mitarbeiter.<\/p>\n<p>Derzeit stehen folgende Fl\u00e4chen zur Disposition:<\/p>\n<p>EG: 986,34 m\u00b2 teilbar ab 445,13 m\u00b2<br \/>\n1. OG: 1.143,53 m\u00b2 teilbar ab 558,59 m\u00b2<br \/>\n2. OG: 1.143,53 m\u00b2<br \/>\n3. OG: 1.029.04 m\u00b2 teilbar ab 505,14 m\u00b2<\/p>\n<p>Die Steubenstra\u00dfe und Kurf\u00fcrstenstra\u00dfe in Essen befinden sich in einer verkehrsg\u00fcnstigen Lage mit einer ausgezeichneten Anbindung an verschiedene Verkehrswege sowie einer guten Nahversorgung.<br \/>\nDer Standort liegt in unmittelbarer N\u00e4he zur Autobahn A40, einer der Hauptverkehrsadern im Ruhrgebiet. \u00dcber die nahegelegenen Anschlussstellen &#8220;Essen-Holsterhausen&#8221; und &#8220;Essen-Zentrum&#8221; besteht eine direkte Anbindung an das Autobahnnetz. Bundesstra\u00dfe B227 verl\u00e4uft in der N\u00e4he und erm\u00f6glicht eine gute Erreichbarkeit weiterer umliegender St\u00e4dte und Gemeinden.<br \/>\nDer \u00f6ffentliche Nahverkehr in Essen ist hervorragend ausgebaut und gew\u00e4hrleistet eine bequeme Erreichbarkeit des Standorts. In fu\u00dfl\u00e4ufiger Entfernung befinden sich mehrere Stra\u00dfenbahn- und Bushaltestellen, die von verschiedenen Linien bedient werden. Die Steubenstra\u00dfe und Kurf\u00fcrstenstra\u00dfe profitieren \u00fcberdies von einer guten Nahversorgung. In der Umgebung befinden sich zahlreiche Gesch\u00e4fte, Superm\u00e4rkte, Restaurants und Caf\u00e9s.<\/p>\n<p>\u2022 Verkabelung: CAT-6<br \/>\n\u2022 Verkabelungsort: Br\u00fcstungskan\u00e4le<br \/>\n\u2022 Heizungsart: Fernw\u00e4rme<br \/>\n\u2022 Beleuchtung: LED-Beleuchtung<br \/>\n\u2022 Klimatisierung: auf Anfrage<br \/>\n\u2022 Sonnenschutz: au\u00dfenliegend, elektrisch<br \/>\n\u2022 Bodenbelag: Teppich-, Vinylboden<\/p>\n<p>Die Ausstattung kann flexibel an die W\u00fcnsche des Nutzers angepasst werden!<\/p>\n<p>Es gelten ausschlie\u00dflich unsere AGB (www.ruhr-real.de\/agb). Wir m\u00f6chten Sie darauf hinweisen, dass die Angaben ausschlie\u00dflich auf den uns vom Eigent\u00fcmer \u00fcbermittelten Unterlagen und Informationen basieren. F\u00fcr Richtigkeit und Vollst\u00e4ndigkeit \u00fcbernehmen wir keine Gew\u00e4hr. Zwischenvermietung vorbehalten.<br \/>\n<div class=\"widget widget_immonex_user_defined_properties_widget\"><div class=\"immonex-widget immonex-widget-houzez\">\n\t\t<div class=\"immonex-widget-title clearfix\">\n\t\t<h2 class=\"widgettitle\">Energieeffizienz<\/h2>\t<\/div>\n\t\t<ul class=\"immonex-property-details row list-lined list-unstyled\">\n\t\t\t\t<li>\n\t\t\t<div class=\"list-lined-item w-100 d-flex justify-content-between py-2\">\n\t\t\t\t\t\t\t\t<strong class=\"property-details-label\">Energieausweis-Art:<\/strong>&nbsp;<span class=\"property-details-value\">Consumption<\/span>\n\t\t\t\t\t\t\t<\/div>\n\t\t<\/li>\n\t\t\t\t<li>\n\t\t\t<div class=\"list-lined-item w-100 d-flex justify-content-between py-2\">\n\t\t\t\t\t\t\t\t<strong class=\"property-details-label\">Energieausweis g\u00fcltig bis:<\/strong>&nbsp;<span class=\"property-details-value\">03.03.2036<\/span>\n\t\t\t\t\t\t\t<\/div>\n\t\t<\/li>\n\t\t\t\t<li>\n\t\t\t<div class=\"list-lined-item w-100 d-flex justify-content-between py-2\">\n\t\t\t\t\t\t\t\t<strong class=\"property-details-label\">Prim\u00e4renergietr\u00e4ger:<\/strong>&nbsp;<span class=\"property-details-value\">Fernw\u00e4rme<\/span>\n\t\t\t\t\t\t\t<\/div>\n\t\t<\/li>\n\t\t\t\t<li>\n\t\t\t<div class=\"list-lined-item w-100 d-flex justify-content-between py-2\">\n\t\t\t\t\t\t\t\t<strong class=\"property-details-label\">Stromverbrauchskennwert:<\/strong>&nbsp;<span class=\"property-details-value\">20,4&nbsp;kWh\/(m\u00b2*a)<\/span>\n\t\t\t\t\t\t\t<\/div>\n\t\t<\/li>\n\t\t\t\t<li>\n\t\t\t<div class=\"list-lined-item w-100 d-flex justify-content-between py-2\">\n\t\t\t\t\t\t\t\t<strong class=\"property-details-label\">Heizenergieverbrauchskennwert:<\/strong>&nbsp;<span class=\"property-details-value\">105,8&nbsp;kWh\/(m\u00b2*a)<\/span>\n\t\t\t\t\t\t\t<\/div>\n\t\t<\/li>\n\t\t\t\t<li>\n\t\t\t<div class=\"list-lined-item w-100 d-flex justify-content-between py-2\">\n\t\t\t\t\t\t\t\t<strong class=\"property-details-label\">Baujahr (Energieausweis):<\/strong>&nbsp;<span class=\"property-details-value\">1991<\/span>\n\t\t\t\t\t\t\t<\/div>\n\t\t<\/li>\n\t\t\t\t<li>\n\t\t\t<div class=\"list-lined-item w-100 d-flex justify-content-between py-2\">\n\t\t\t\t\t\t\t\t<strong class=\"property-details-label\">Energieausweis-Jahrgang:<\/strong>&nbsp;<span class=\"property-details-value\">as from may 2014<\/span>\n\t\t\t\t\t\t\t<\/div>\n\t\t<\/li>\n\t\t\t<\/ul>\n<\/div><\/div><\/p>\n","protected":false},"excerpt":{"rendered":"<p>Bei der angebotenen Liegenschaft handelt es sich um eine B\u00fcroimmobilie in etablierter Lage von Essen, die Flexibili\u00e4t&#8230;<\/p>\n","protected":false},"author":1,"featured_media":180669,"parent":0,"menu_order":0,"template":"","property_type":[379],"property_status":[352],"property_feature":[537,354,350],"property_label":[],"property_country":[353],"property_state":[],"property_city":[306],"property_area":[],"class_list":["post-180633","property","type-property","status-publish","has-post-thumbnail","hentry","property_type-bueroflaechen","property_status-zu-vermieten","property_feature-gewerbliche-nutzung-moeglich","property_feature-personenaufzug","property_feature-raeume-veraenderbar","property_country-deutschland","property_city-essen"],"acf":[],"property_meta":{"_immonex_import_folder":["users\/RUHRREAL"],"_immonex_translation_id":["2750\/E4"],"_openimmo_obid":["1459D01DD2344174869FE26151AB5E11"],"_is_immonex_import_property":["1"],"_immonex_is_reference":[""],"rank_math_internal_links_processed":["1"],"_immonex_post_status":["updated"],"fave_property_map_address":["45138 Essen"],"fave_property_zip":["45138"],"fave_property_country":["DE"],"_immonex_lat":["51.4452195"],"_immonex_lng":["7.0480805"],"houzez_geolocation_lat":["51.4452195"],"houzez_geolocation_long":["7.0480805"],"fave_property_location":["51.4452195,7.0480805"],"fave_property_price":["11.50"],"fave_property_sec_price":["11.5000"],"fave_property_size":["1029"],"fave_property_year":["1955"],"fave_property_id":["2750\/E4"],"_fave_property_id":["2750\/E4"],"_immonex_iso_country":["DEU"],"_openimmo_anid":["0000"],"_immonex_group_number":[""],"_immonex_group_id":[""],"_immonex_group_master":[""],"_immonex_import_meta":["a:6:{s:8:\"zip_file\";s:131:\"\/www\/htdocs\/w0172e0e\/ruhr-real_2024\/wp-content\/uploads\/immonex-openimmo-import\/users\/RUHRREAL\/Immowelt_estatePro_20260310115445.zip\";s:8:\"xml_file\";s:158:\"\/www\/htdocs\/w0172e0e\/ruhr-real_2024\/wp-content\/uploads\/immonex-openimmo-import\/immowelt_estatepro_20260310115445\/Homepage_2024_NEW_estatePro20260310115445.xml\";s:12:\"mapping_file\";s:116:\"\/www\/htdocs\/w0172e0e\/ruhr-real_2024\/wp-content\/uploads\/immonex-openimmo-import\/mappings\/houzez_ruhrreal_18122023.csv\";s:9:\"timestamp\";i:1773140147;s:4:\"date\";s:10:\"2026-03-10\";s:4:\"time\";s:8:\"11:55:47\";}"],"_immonex_is_sold":[""],"_immonex_is_reserved":[""],"_immonex_is_available":["1"],"_immonex_areabutler_url_with_address":[""],"_immonex_areabutler_url_no_address":[""],"_immonex_areabutler_url":[""],"additional_features":["a:17:{i:0;a:2:{s:29:\"fave_additional_feature_title\";s:11:\"Heizungsart\";s:29:\"fave_additional_feature_value\";s:11:\"Fernheizung\";}i:1;a:2:{s:29:\"fave_additional_feature_title\";s:14:\"Nettokaltmiete\";s:29:\"fave_additional_feature_value\";s:14:\"11,50&nbsp;\u20ac\";}i:2;a:2:{s:29:\"fave_additional_feature_title\";s:9:\"Kaltmiete\";s:29:\"fave_additional_feature_value\";s:14:\"11,50&nbsp;\u20ac\";}i:3;a:2:{s:29:\"fave_additional_feature_title\";s:29:\"monatl. Betriebs-\/Nebenkosten\";s:29:\"fave_additional_feature_value\";s:10:\"3&nbsp;\u20ac\";}i:4;a:2:{s:29:\"fave_additional_feature_title\";s:33:\"Heizkosten in Warmmiete enthalten\";s:29:\"fave_additional_feature_value\";s:4:\"nein\";}i:5;a:2:{s:29:\"fave_additional_feature_title\";s:32:\"Preise zuz\u00fcglich Mehrwertsteuer\";s:29:\"fave_additional_feature_value\";s:4:\"nein\";}i:6;a:2:{s:29:\"fave_additional_feature_title\";s:23:\"Netto-Kaltmiete pro m\u00b2\";s:29:\"fave_additional_feature_value\";s:14:\"11,50&nbsp;\u20ac\";}i:7;a:2:{s:29:\"fave_additional_feature_title\";s:10:\"MwSt.-Satz\";s:29:\"fave_additional_feature_value\";s:9:\"19&nbsp;%\";}i:8;a:2:{s:29:\"fave_additional_feature_title\";s:12:\"B\u00fcrofl\u00e4che\";s:29:\"fave_additional_feature_value\";s:14:\"1.029&nbsp;m\u00b2\";}i:9;a:2:{s:29:\"fave_additional_feature_title\";s:16:\"B\u00fcroteilfl\u00e4che\";s:29:\"fave_additional_feature_value\";s:14:\"1.029&nbsp;m\u00b2\";}i:10;a:2:{s:29:\"fave_additional_feature_title\";s:10:\"Teilbar ab\";s:29:\"fave_additional_feature_value\";s:14:\"1.029&nbsp;m\u00b2\";}i:11;a:2:{s:29:\"fave_additional_feature_title\";s:19:\"Art der Ausstattung\";s:29:\"fave_additional_feature_value\";s:7:\"gehoben\";}i:12;a:2:{s:29:\"fave_additional_feature_title\";s:10:\"Befeuerung\";s:29:\"fave_additional_feature_value\";s:10:\"Fernw\u00e4rme\";}i:13;a:2:{s:29:\"fave_additional_feature_title\";s:10:\"Bodenbelag\";s:29:\"fave_additional_feature_value\";s:19:\"Teppich, Kunststoff\";}i:14;a:2:{s:29:\"fave_additional_feature_title\";s:13:\"Stellplatzart\";s:29:\"fave_additional_feature_value\";s:21:\"Tiefgarage, Freiplatz\";}i:15;a:2:{s:29:\"fave_additional_feature_title\";s:7:\"Zustand\";s:29:\"fave_additional_feature_value\";s:11:\"projektiert\";}i:16;a:2:{s:29:\"fave_additional_feature_title\";s:27:\"Immobilie ist verf\u00fcgbar ab\";s:29:\"fave_additional_feature_value\";s:17:\"nach Vereinbarung\";}}"],"fave_additional_features_enable":["enable"],"_immonex_custom_fields":["a:7:{s:18:\"Energieausweis-Art\";a:5:{s:14:\"mapping_source\";s:35:\"zustand_angaben->energiepass->epart\";s:4:\"name\";s:0:\"\";s:5:\"group\";s:5:\"epass\";s:5:\"value\";s:11:\"Consumption\";s:19:\"value_before_filter\";s:9:\"VERBRAUCH\";}s:26:\"Energieausweis g\u00fcltig bis\";a:5:{s:14:\"mapping_source\";s:41:\"zustand_angaben->energiepass->gueltig_bis\";s:4:\"name\";s:0:\"\";s:5:\"group\";s:5:\"epass\";s:5:\"value\";s:10:\"03.03.2036\";s:19:\"value_before_filter\";s:10:\"03.03.2036\";}s:21:\"Prim\u00e4renergietr\u00e4ger\";a:5:{s:14:\"mapping_source\";s:29:\"ausstattung->befeuerung:FERN+\";s:4:\"name\";s:0:\"\";s:5:\"group\";s:5:\"epass\";s:5:\"value\";s:10:\"Fernw\u00e4rme\";s:19:\"value_before_filter\";s:10:\"Fernw\u00e4rme\";}s:23:\"Stromverbrauchskennwert\";a:5:{s:14:\"mapping_source\";s:39:\"zustand_angaben->energiepass->stromwert\";s:4:\"name\";s:0:\"\";s:5:\"group\";s:5:\"epass\";s:5:\"value\";s:21:\"20,4&nbsp;kWh\/(m\u00b2*a)\";s:19:\"value_before_filter\";s:4:\"20,4\";}s:29:\"Heizenergieverbrauchskennwert\";a:5:{s:14:\"mapping_source\";s:40:\"zustand_angaben->energiepass->waermewert\";s:4:\"name\";s:0:\"\";s:5:\"group\";s:5:\"epass\";s:5:\"value\";s:22:\"105,8&nbsp;kWh\/(m\u00b2*a)\";s:19:\"value_before_filter\";s:5:\"105,8\";}s:24:\"Baujahr (Energieausweis)\";a:5:{s:14:\"mapping_source\";s:37:\"zustand_angaben->energiepass->baujahr\";s:4:\"name\";s:0:\"\";s:5:\"group\";s:5:\"epass\";s:5:\"value\";s:4:\"1991\";s:19:\"value_before_filter\";s:4:\"1991\";}s:23:\"Energieausweis-Jahrgang\";a:5:{s:14:\"mapping_source\";s:38:\"zustand_angaben->energiepass->jahrgang\";s:4:\"name\";s:0:\"\";s:5:\"group\";s:5:\"epass\";s:5:\"value\";s:16:\"as from may 2014\";s:19:\"value_before_filter\";s:4:\"2014\";}}"],"_immonex_property_xml_source":["<?xml version=\"1.0\"?>\n<immobilie>\n<objektkategorie>\n<nutzungsart WOHNEN=\"false\" GEWERBE=\"true\"\/>\n<vermarktungsart KAUF=\"false\" MIETE_PACHT=\"true\"\/>\n<objektart>\n<buero_praxen buero_typ=\"BUEROHAUS\"\/>\n<\/objektart>\n<user_defined_simplefield\/>\n<\/objektkategorie>\n<geo>\n<plz>45138<\/plz>\n<ort>Essen<\/ort>\n<strasse>Steubenstra&#xDF;e<\/strasse>\n<hausnummer>53\/Kurf&#xFC;rstenstra&#xDF;e<\/hausnummer>\n<land iso_land=\"DEU\"\/>\n<lage_im_bau\/>\n<\/geo>\n<kontaktperson>\n<email_zentrale>anfrage@ruhr-real.de<\/email_zentrale>\n<email_direkt>bruckmann@ruhr-real.de<\/email_direkt>\n<tel_durchw>+49 201 99996337<\/tel_durchw>\n<tel_fax>+49 201 99996344<\/tel_fax>\n<tel_handy>+49 172 7088870<\/tel_handy>\n<name>Bruckmann<\/name>\n<vorname>Jonas<\/vorname>\n<anrede>Herr<\/anrede>\n<firma>RUHR REAL GmbH<\/firma>\n<strasse>Holsterhauser Platz<\/strasse>\n<hausnummer>2<\/hausnummer>\n<plz>45147<\/plz>\n<ort>Essen<\/ort>\n<adressfreigabe>true<\/adressfreigabe>\n<\/kontaktperson>\n<preise>\n<nettokaltmiete>11.50<\/nettokaltmiete>\n<kaltmiete>11.50<\/kaltmiete>\n<nebenkosten>3.00<\/nebenkosten>\n<heizkosten_enthalten>false<\/heizkosten_enthalten>\n<zzg_mehrwertsteuer>false<\/zzg_mehrwertsteuer>\n<preis_zeiteinheit\/>\n<mietpreis_pro_qm>11.5000<\/mietpreis_pro_qm>\n<provisionspflichtig>false<\/provisionspflichtig>\n<waehrung iso_waehrung=\"EUR\"\/>\n<mwst_satz>19.00<\/mwst_satz>\n<stp_carport\/>\n<stp_duplex\/>\n<stp_freiplatz\/>\n<stp_garage\/>\n<stp_parkhaus\/>\n<stp_tiefgarage\/>\n<\/preise>\n<bieterverfahren\/>\n<versteigerung\/>\n<flaechen>\n<bueroflaeche>1029<\/bueroflaeche>\n<bueroteilflaeche>1029<\/bueroteilflaeche>\n<teilbar_ab>1029<\/teilbar_ab>\n<anzahl_stellplaetze type=\"xsd:decimal\">60<\/anzahl_stellplaetze>\n<\/flaechen>\n<ausstattung>\n<ausstatt_kategorie>GEHOBEN<\/ausstatt_kategorie>\n<raeume_veraenderbar>true<\/raeume_veraenderbar>\n<bad\/>\n<kueche\/>\n<boden TEPPICH=\"true\" KUNSTSTOFF=\"true\"\/>\n<heizungsart FERN=\"true\"\/>\n<befeuerung FERN=\"true\"\/>\n<fahrstuhl PERSONEN=\"true\"\/>\n<stellplatzart FREIPLATZ=\"true\"\/>\n<stellplatzart TIEFGARAGE=\"true\"\/>\n<ausricht_balkon_terrasse\/>\n<angeschl_gastronomie\/>\n<sicherheitstechnik\/>\n<\/ausstattung>\n<zustand_angaben>\n<baujahr>1955<\/baujahr>\n<zustand zustand_art=\"PROJEKTIERT\"\/>\n<energiepass>\n<epart>VERBRAUCH<\/epart>\n<gueltig_bis>03.03.2036<\/gueltig_bis>\n<stromwert>20,4<\/stromwert>\n<waermewert>105,8<\/waermewert>\n<baujahr>1991<\/baujahr>\n<jahrgang>2014<\/jahrgang>\n<\/energiepass>\n<\/zustand_angaben>\n<bewertung\/>\n<infrastruktur\/>\n<freitexte>\n<objekttitel>Exklusiv bei RUHR REAL: moderne Revitalisierung mit flexiblem Mieterausbau | Stellfl&#xE4;chen<\/objekttitel>\n<lage>Die Steubenstra&#xDF;e und Kurf&#xFC;rstenstra&#xDF;e in Essen befinden sich in einer verkehrsg&#xFC;nstigen Lage mit einer ausgezeichneten Anbindung an verschiedene Verkehrswege sowie einer guten Nahversorgung.\nDer Standort liegt in unmittelbarer N&#xE4;he zur Autobahn A40, einer der Hauptverkehrsadern im Ruhrgebiet. &#xDC;ber die nahegelegenen Anschlussstellen \"Essen-Holsterhausen\" und \"Essen-Zentrum\" besteht eine direkte Anbindung an das Autobahnnetz. Bundesstra&#xDF;e B227 verl&#xE4;uft in der N&#xE4;he und erm&#xF6;glicht eine gute Erreichbarkeit weiterer umliegender St&#xE4;dte und Gemeinden.\nDer &#xF6;ffentliche Nahverkehr in Essen ist hervorragend ausgebaut und gew&#xE4;hrleistet eine bequeme Erreichbarkeit des Standorts. In fu&#xDF;l&#xE4;ufiger Entfernung befinden sich mehrere Stra&#xDF;enbahn- und Bushaltestellen, die von verschiedenen Linien bedient werden. Die Steubenstra&#xDF;e und Kurf&#xFC;rstenstra&#xDF;e profitieren &#xFC;berdies von einer guten Nahversorgung. In der Umgebung befinden sich zahlreiche Gesch&#xE4;fte, Superm&#xE4;rkte, Restaurants und Caf&#xE9;s.\n<\/lage>\n<ausstatt_beschr>&#x2022; Verkabelung: CAT-6\n&#x2022; Verkabelungsort: Br&#xFC;stungskan&#xE4;le\n&#x2022; Heizungsart: Fernw&#xE4;rme\n&#x2022; Beleuchtung: LED-Beleuchtung\n&#x2022; Klimatisierung: auf Anfrage\n&#x2022; Sonnenschutz: au&#xDF;enliegend, elektrisch\n&#x2022; Bodenbelag: Teppich-, Vinylboden\n\nDie Ausstattung kann flexibel an die W&#xFC;nsche des Nutzers angepasst werden!<\/ausstatt_beschr><objektbeschreibung>Bei der angebotenen Liegenschaft handelt es sich um eine B&#xFC;roimmobilie in etablierter Lage von Essen, die Flexibili&#xE4;t und modernen Anspruch vereint. Im Rahmen einer individuellen Projektierung besteht die M&#xF6;glichkeit, die Fl&#xE4;chennutzung sowie das Design exakt auf die unternehmensspezifischen Anforderungen zuzuschneiden. Vom Erdgeschoss bis zum 3. Obergeschoss stehen flexibel teilbare Mietbereiche zur Verf&#xFC;gung, die durch eine gehobene Ausstattung und eine repr&#xE4;sentative Atmosph&#xE4;re &#xFC;berzeugen. Hauseigene Stellpl&#xE4;tze im Au&#xDF;enbereich (40 EUR\/Stk.) sowie in der Tiefgarage (85 EUR\/Stk.) runden das Angebot ab und garantieren eine komfortable Anreise f&#xFC;r Kunden und Mitarbeiter.\n\nDerzeit stehen folgende Fl&#xE4;chen zur Disposition:\n\nEG: 986,34 m&#xB2; teilbar ab 445,13 m&#xB2;\n1. OG: 1.143,53 m&#xB2; teilbar ab 558,59 m&#xB2;\n2. OG: 1.143,53 m&#xB2;\n3. OG: 1.029.04 m&#xB2; teilbar ab 505,14 m&#xB2;\n<\/objektbeschreibung>\n<sonstige_angaben>Es gelten ausschlie&#xDF;lich unsere AGB (www.ruhr-real.de\/agb). Wir m&#xF6;chten Sie darauf hinweisen, dass die Angaben ausschlie&#xDF;lich auf den uns vom Eigent&#xFC;mer &#xFC;bermittelten Unterlagen und Informationen basieren. F&#xFC;r Richtigkeit und Vollst&#xE4;ndigkeit &#xFC;bernehmen wir keine Gew&#xE4;hr. Zwischenvermietung vorbehalten.<\/sonstige_angaben>\n<\/freitexte>\n<anhaenge>\n<anhang location=\"EXTERN\" gruppe=\"TITELBILD\">\n<anhangtitel>Au&#xDF;enaufnahme<\/anhangtitel>\n<format>jpg<\/format>\n<daten>\n<pfad>028d080419b64a8fb73a1bb05063ac8c.jpg<\/pfad>\n<\/daten>\n<\/anhang>\n<anhang location=\"EXTERN\" gruppe=\"BILD\">\n<anhangtitel>Drohnenaufnahme<\/anhangtitel>\n<format>jpg<\/format>\n<daten>\n<pfad>fa2d9c2b1df24d5a87db9421362770b2.jpg<\/pfad>\n<\/daten>\n<\/anhang>\n<anhang location=\"EXTERN\" gruppe=\"BILD\">\n<anhangtitel>Objektaufnahme<\/anhangtitel>\n<format>jpg<\/format>\n<daten>\n<pfad>e8ab1dc97a4c4158ac399b0fd3645757.jpg<\/pfad>\n<\/daten>\n<\/anhang>\n<anhang location=\"EXTERN\" gruppe=\"BILD\">\n<anhangtitel>Beispielbild<\/anhangtitel>\n<format>JPEG<\/format>\n<daten>\n<pfad>1cd03c05580847bd9ac2c246ce39ac9f.JPEG<\/pfad>\n<\/daten>\n<\/anhang>\n<anhang location=\"EXTERN\" gruppe=\"BILD\">\n<anhangtitel>Beispielbild<\/anhangtitel>\n<format>jpg<\/format>\n<daten>\n<pfad>e6c136145cfa45ae99e58c82966fb546.jpg<\/pfad>\n<\/daten>\n<\/anhang>\n<anhang location=\"EXTERN\" gruppe=\"GRUNDRISS\">\n<anhangtitel>3. OG<\/anhangtitel>\n<format>JPG<\/format>\n<daten>\n<pfad>aecb25646d9a4e3aa8c54f05ba499f92.JPG<\/pfad>\n<\/daten>\n<\/anhang>\n<\/anhaenge>\n<verwaltung_objekt>\n<objektadresse_freigeben>false<\/objektadresse_freigeben>\n<verfuegbar_ab>nach Vereinbarung<\/verfuegbar_ab>\n<geschlecht\/>\n<gewerbliche_nutzung>true<\/gewerbliche_nutzung>\n<\/verwaltung_objekt>\n<verwaltung_techn>\n<objektnr_intern>1459D01DD2344174869FE26151AB5E11<\/objektnr_intern>\n<objektnr_extern>2750\/E4<\/objektnr_extern>\n<aktion aktionart=\"CHANGE\"\/>\n<openimmo_obid>1459D01DD2344174869FE26151AB5E11<\/openimmo_obid>\n<kennung_ursprung>estatePro V10.0.0.8<\/kennung_ursprung>\n<stand_vom>2026-03-10<\/stand_vom>\n<\/verwaltung_techn>\n<user_defined_simplefield feldname=\"Startseite\">Nein<\/user_defined_simplefield>\n<\/immobilie>\n"],"_immonex_energy_class":[""],"_immonex_energy_class_id":["0"],"_thumbnail_id":["180669"],"fave_property_images":["180669","180670","180671","180672","180673"],"fave_floor_plans_enable":["enable"],"floor_plans":["a:1:{i:0;a:7:{s:15:\"fave_plan_title\";s:5:\"3. OG\";s:15:\"fave_plan_rooms\";s:0:\"\";s:19:\"fave_plan_bathrooms\";s:0:\"\";s:15:\"fave_plan_price\";s:0:\"\";s:14:\"fave_plan_size\";s:0:\"\";s:15:\"fave_plan_image\";s:84:\"https:\/\/ruhr-real.de\/wp-content\/uploads\/2026\/03\/aecb25646d9a4e3aa8c54f05ba499f92.jpg\";s:21:\"fave_plan_description\";s:0:\"\";}}"],"fave_prop_homeslider":["yes"],"fave_prop_slider_image":["180669"],"fave_agents":["111496"],"fave_agent_display_option":["agent_info"],"fave_single_top_area":["global"],"fave_single_content_area":["global"],"fave_property_map":["1"],"fave_property_map_street_view":["hide"],"fave_property_size_prefix":["m\u00b2"],"fave_property_land_postfix":["m\u00b2"],"fave_featured":["0"],"houzez_featured_listing_date":[""],"fave_property_price_postfix":["pro&nbsp;m\u00b2"],"fave_currency":["EUR"],"fave_currency_info":["a:8:{s:2:\"id\";s:1:\"1\";s:13:\"currency_name\";s:4:\"Euro\";s:13:\"currency_code\";s:3:\"EUR\";s:15:\"currency_symbol\";s:3:\"\u20ac\";s:17:\"currency_position\";s:5:\"after\";s:16:\"currency_decimal\";s:1:\"2\";s:26:\"currency_decimal_separator\";s:1:\",\";s:27:\"currency_thousand_separator\";s:1:\".\";}"],"_wpml_word_count":["467"],"houzez_total_property_views":["327"],"houzez_views_by_date":["a:51:{s:10:\"03-10-2026\";i:5;s:10:\"03-11-2026\";i:5;s:10:\"03-12-2026\";i:4;s:10:\"03-13-2026\";i:4;s:10:\"03-14-2026\";i:5;s:10:\"03-15-2026\";i:4;s:10:\"03-16-2026\";i:2;s:10:\"03-17-2026\";i:3;s:10:\"03-18-2026\";i:6;s:10:\"03-19-2026\";i:4;s:10:\"03-20-2026\";i:6;s:10:\"03-21-2026\";i:5;s:10:\"03-22-2026\";i:4;s:10:\"03-23-2026\";i:4;s:10:\"03-24-2026\";i:4;s:10:\"03-25-2026\";i:4;s:10:\"03-26-2026\";i:9;s:10:\"03-27-2026\";i:4;s:10:\"03-28-2026\";i:4;s:10:\"03-29-2026\";i:4;s:10:\"03-30-2026\";i:2;s:10:\"03-31-2026\";i:1;s:10:\"04-01-2026\";i:7;s:10:\"04-02-2026\";i:8;s:10:\"04-03-2026\";i:8;s:10:\"04-04-2026\";i:8;s:10:\"04-05-2026\";i:8;s:10:\"04-06-2026\";i:8;s:10:\"04-07-2026\";i:12;s:10:\"04-08-2026\";i:4;s:10:\"04-09-2026\";i:10;s:10:\"04-10-2026\";i:8;s:10:\"04-11-2026\";i:4;s:10:\"04-12-2026\";i:10;s:10:\"04-13-2026\";i:8;s:10:\"04-14-2026\";i:8;s:10:\"04-15-2026\";i:8;s:10:\"04-16-2026\";i:8;s:10:\"04-17-2026\";i:8;s:10:\"04-18-2026\";i:8;s:10:\"04-19-2026\";i:8;s:10:\"04-20-2026\";i:8;s:10:\"04-21-2026\";i:8;s:10:\"04-22-2026\";i:8;s:10:\"04-23-2026\";i:12;s:10:\"04-24-2026\";i:8;s:10:\"04-25-2026\";i:8;s:10:\"04-26-2026\";i:8;s:10:\"04-27-2026\";i:8;s:10:\"04-28-2026\";i:8;s:10:\"04-29-2026\";i:7;}"],"houzez_recently_viewed":["2026-04-29 11:57:09"],"tp_widgets":["a:2:{s:7:\"widgets\";a:0:{}s:9:\"update_at\";s:10:\"1764682733\";}"],"_elementor_page_assets":["a:0:{}"]},"_links":{"self":[{"href":"https:\/\/ruhr-real.de\/en\/wp-json\/wp\/v2\/properties\/180633","targetHints":{"allow":["GET"]}}],"collection":[{"href":"https:\/\/ruhr-real.de\/en\/wp-json\/wp\/v2\/properties"}],"about":[{"href":"https:\/\/ruhr-real.de\/en\/wp-json\/wp\/v2\/types\/property"}],"author":[{"embeddable":true,"href":"https:\/\/ruhr-real.de\/en\/wp-json\/wp\/v2\/users\/1"}],"version-history":[{"count":0,"href":"https:\/\/ruhr-real.de\/en\/wp-json\/wp\/v2\/properties\/180633\/revisions"}],"wp:featuredmedia":[{"embeddable":true,"href":"https:\/\/ruhr-real.de\/en\/wp-json\/wp\/v2\/media\/180669"}],"wp:attachment":[{"href":"https:\/\/ruhr-real.de\/en\/wp-json\/wp\/v2\/media?parent=180633"}],"wp:term":[{"taxonomy":"property_type","embeddable":true,"href":"https:\/\/ruhr-real.de\/en\/wp-json\/wp\/v2\/property_type?post=180633"},{"taxonomy":"property_status","embeddable":true,"href":"https:\/\/ruhr-real.de\/en\/wp-json\/wp\/v2\/property_status?post=180633"},{"taxonomy":"property_feature","embeddable":true,"href":"https:\/\/ruhr-real.de\/en\/wp-json\/wp\/v2\/property_feature?post=180633"},{"taxonomy":"property_label","embeddable":true,"href":"https:\/\/ruhr-real.de\/en\/wp-json\/wp\/v2\/property_label?post=180633"},{"taxonomy":"property_country","embeddable":true,"href":"https:\/\/ruhr-real.de\/en\/wp-json\/wp\/v2\/property_country?post=180633"},{"taxonomy":"property_state","embeddable":true,"href":"https:\/\/ruhr-real.de\/en\/wp-json\/wp\/v2\/property_state?post=180633"},{"taxonomy":"property_city","embeddable":true,"href":"https:\/\/ruhr-real.de\/en\/wp-json\/wp\/v2\/property_city?post=180633"},{"taxonomy":"property_area","embeddable":true,"href":"https:\/\/ruhr-real.de\/en\/wp-json\/wp\/v2\/property_area?post=180633"}],"curies":[{"name":"wp","href":"https:\/\/api.w.org\/{rel}","templated":true}]}}