{"id":181453,"date":"2026-03-12T00:01:45","date_gmt":"2026-03-11T23:01:45","guid":{"rendered":"https:\/\/ruhr-real.de\/objekt\/provisionsfrei-lager-produktionsflaeche-113-m-ukb-ebenerdige-tore-ruhr-real\/"},"modified":"2026-03-12T16:25:45","modified_gmt":"2026-03-12T15:25:45","slug":"provisionsfrei-lager-produktionsflaeche-113-m-ukb-ebenerdige-tore-ruhr-real","status":"publish","type":"property","link":"https:\/\/ruhr-real.de\/en\/objekt\/provisionsfrei-lager-produktionsflaeche-113-m-ukb-ebenerdige-tore-ruhr-real\/","title":{"rendered":"Provisionsfrei | Lager- &amp; Produktionsfl\u00e4che | 11,3 m UKB | ebenerdige Tore | RUHR REAL"},"content":{"rendered":"<p>Zur Vermietung steht eine moderne Lager und Produktionsfl\u00e4che mit angeschlossener B\u00fcro und Sozialfl\u00e4che in einem etablierten Gewerbestandort in Geilenkirchen. Die Gesamtfl\u00e4che umfasst ca. 5.032 m\u00b2 und teilt sich in ca. 4.690 m\u00b2 Hallenfl\u00e4che sowie ca. 342 m\u00b2 B\u00fcro und Sozialfl\u00e4che auf. Die Halle bietet mit ca. 11,3 m UKB, Beton-Industrieboden, vier ebenerdige elektrische Sektionaltore, LED-Beleuchtung, Lichtkuppeln mit RWA und ausreichend Starkstromanschl\u00fcssen sehr gute Voraussetzungen f\u00fcr Logistik, Produktion und Lagerung. Erg\u00e4nzt wird das Angebot durch modern ausgestattete B\u00fcro und Sozialfl\u00e4chen mit Teek\u00fcche, EDV-Verkabelung, Duschen und Fu\u00dfbodenheizung. Die Fl\u00e4chen sind nach Vereinbarung verf\u00fcgbar. Die Mietkonditionen betragen 6,00 EUR\/m\u00b2 f\u00fcr die Hallenfl\u00e4che und 7,50 EUR\/m\u00b2 f\u00fcr die B\u00fcro und Sozialfl\u00e4che.<\/p>\n<p>Das Objekt wird ebenfalls zum Verkauf angeboten. Bei Bedarf stellen wir Ihnen gerne weitere Informationen zur Verf\u00fcgung.<\/p>\n<p>Der Standort befindet sich in etablierter Gewerbelage von Geilenkirchen im Bereich Niederheid. Das Umfeld ist gepr\u00e4gt von gewerblichen Nutzungen und bietet eine gute Erreichbarkeit f\u00fcr Mitarbeitende, Kunden und Lieferverkehre. \u00dcber die Bundesstra\u00dfen B56 und B221 bestehen z\u00fcgige Anbindungen an das regionale und \u00fcberregionale Stra\u00dfennetz, zudem sind die Autobahnen A46 und A44 in kurzer Fahrdistanz erreichbar. Auch der Bahnhof Geilenkirchen sowie Busanbindungen im Umfeld unterst\u00fctzen eine gute verkehrliche Erschlie\u00dfung des Standorts. Insgesamt eignet sich die Lage besonders f\u00fcr klassische Gewerbe, Service, Lager, Produktion und unternehmensnahe Nutzungen.<\/p>\n<p>Lager-\/Produktionsfl\u00e4che:<br \/>\n\u2022 Beton-Industrieboden<br \/>\n\u2022 Bodentraglast ca. 4,6 t\/m\u00b2<br \/>\n\u2022 Lichtkuppeln mit RWA<br \/>\n\u2022 Ausreichend Starkstromanschl\u00fcsse<br \/>\n\u2022 4 ebenerdige, elektrische Sektionaltore 6 x 5 M<br \/>\n\u2022 Photovoltaikanlage<br \/>\n\u2022 LED-Beleuchtung<\/p>\n<p>B\u00fcro-\/Sozialfl\u00e4che:<br \/>\n\u2022 Abhangdecke mit LED-Panels<br \/>\n\u2022 Linoleumboden<br \/>\n\u2022 Teek\u00fcche<br \/>\n\u2022 Au\u00dfenliegender, elektrischer Sonnenschutz<br \/>\n\u2022 Fensterbankkabelkanal<br \/>\n\u2022 EDV-Verkabelung<br \/>\n\u2022 Sanit\u00e4rbereich mit Duschen<\/p>\n<p>Es gelten ausschlie\u00dflich unsere AGB (www.ruhr-real.de\/agb). Da der Eigent\u00fcmer ausschlie\u00dflich Lager\/Logistik, Produktion und Light Industrial als Nutzung w\u00fcnscht, bitten wir Sie zu ber\u00fccksichtigen, dass Anfragen zu folgenden Nutzungen nicht bearbeitet werden k\u00f6nnen: Veranstaltungen\/Events, Gastronomie\/Vergn\u00fcgungsst\u00e4tten, religi\u00f6se Einrichtungen sowie Sport- und Spielst\u00e4tten. Wir m\u00f6chten Sie darauf hinweisen, dass die Angaben ausschlie\u00dflich auf den uns vom Eigent\u00fcmer \u00fcbermittelten Unterlagen und Informationen basieren. F\u00fcr Richtigkeit und Vollst\u00e4ndigkeit \u00fcbernehmen wir keine Gew\u00e4hr. Zwischenvermietung vorbehalten.<br \/>\n<\/p>\n","protected":false},"excerpt":{"rendered":"<p>Zur Vermietung steht eine moderne Lager und Produktionsfl\u00e4che mit angeschlossener B\u00fcro und Sozialfl\u00e4che in einem&#8230;<\/p>\n","protected":false},"author":1,"featured_media":181463,"parent":0,"menu_order":0,"template":"","property_type":[380],"property_status":[352],"property_feature":[],"property_label":[],"property_country":[353],"property_state":[],"property_city":[573],"property_area":[],"class_list":["post-181453","property","type-property","status-publish","has-post-thumbnail","hentry","property_type-lager-und-produktionsflaechen","property_status-zu-vermieten","property_country-deutschland","property_city-geilenkirchen"],"acf":[],"property_meta":{"_immonex_import_folder":["users\/RUHRREAL"],"_immonex_translation_id":["4905\/G1\/E2"],"_openimmo_obid":["9366D1C48A874B9AAA9D45204EF18952"],"_is_immonex_import_property":["1"],"_immonex_is_reference":[""],"rank_math_internal_links_processed":["1"],"_immonex_post_status":["updated"],"fave_property_map_address":["52511 Geilenkirchen"],"fave_property_zip":["52511"],"fave_property_country":["DE"],"_immonex_lat":["50.964605"],"_immonex_lng":["6.1229802"],"houzez_geolocation_lat":["50.964605"],"houzez_geolocation_long":["6.1229802"],"fave_property_location":["50.964605,6.1229802"],"fave_property_size":["5032"],"fave_property_id":["4905\/G1\/E2"],"_fave_property_id":["4905\/G1\/E2"],"_immonex_iso_country":["DEU"],"_openimmo_anid":["0000"],"_immonex_group_number":[""],"_immonex_group_id":[""],"_immonex_group_master":[""],"_immonex_import_meta":["a:6:{s:8:\"zip_file\";s:131:\"\/www\/htdocs\/w0172e0e\/ruhr-real_2024\/wp-content\/uploads\/immonex-openimmo-import\/users\/RUHRREAL\/Immowelt_estatePro_20260312162538.zip\";s:8:\"xml_file\";s:158:\"\/www\/htdocs\/w0172e0e\/ruhr-real_2024\/wp-content\/uploads\/immonex-openimmo-import\/immowelt_estatepro_20260312162538\/Homepage_2024_NEW_estatePro20260312162538.xml\";s:12:\"mapping_file\";s:116:\"\/www\/htdocs\/w0172e0e\/ruhr-real_2024\/wp-content\/uploads\/immonex-openimmo-import\/mappings\/houzez_ruhrreal_18122023.csv\";s:9:\"timestamp\";i:1773329145;s:4:\"date\";s:10:\"2026-03-12\";s:4:\"time\";s:8:\"16:25:45\";}"],"_immonex_is_sold":[""],"_immonex_is_reserved":[""],"_immonex_is_available":["1"],"_immonex_areabutler_url_with_address":[""],"_immonex_areabutler_url_no_address":[""],"_immonex_areabutler_url":[""],"additional_features":["a:11:{i:0;a:2:{s:29:\"fave_additional_feature_title\";s:33:\"Heizkosten in Warmmiete enthalten\";s:29:\"fave_additional_feature_value\";s:4:\"nein\";}i:1;a:2:{s:29:\"fave_additional_feature_title\";s:32:\"Preise zuz\u00fcglich Mehrwertsteuer\";s:29:\"fave_additional_feature_value\";s:4:\"nein\";}i:2;a:2:{s:29:\"fave_additional_feature_title\";s:20:\"Hinweis zur Courtage\";s:29:\"fave_additional_feature_value\";s:233:\"Bei Vertr\u00e4gen bis zu f\u00fcnf Jahren Laufzeit ist ein Honorar von 3 Nettomonatsmieten vom Mieter an RUHR REAL zahlbar; bei Laufzeiten bis zu zehn Jahren werden 4 Nettomonatsmieten f\u00e4llig. Hinzu kommt die jeweils g\u00fcltige Umsatzsteuer.\";}i:3;a:2:{s:29:\"fave_additional_feature_title\";s:10:\"MwSt.-Satz\";s:29:\"fave_additional_feature_value\";s:9:\"19&nbsp;%\";}i:4;a:2:{s:29:\"fave_additional_feature_title\";s:13:\"Gesamtfl\u00e4che\";s:29:\"fave_additional_feature_value\";s:14:\"5.032&nbsp;m\u00b2\";}i:5;a:2:{s:29:\"fave_additional_feature_title\";s:12:\"Lagerfl\u00e4che\";s:29:\"fave_additional_feature_value\";s:14:\"4.690&nbsp;m\u00b2\";}i:6;a:2:{s:29:\"fave_additional_feature_title\";s:12:\"B\u00fcrofl\u00e4che\";s:29:\"fave_additional_feature_value\";s:12:\"342&nbsp;m\u00b2\";}i:7;a:2:{s:29:\"fave_additional_feature_title\";s:16:\"B\u00fcroteilfl\u00e4che\";s:29:\"fave_additional_feature_value\";s:12:\"342&nbsp;m\u00b2\";}i:8;a:2:{s:29:\"fave_additional_feature_title\";s:13:\"Stellplatzart\";s:29:\"fave_additional_feature_value\";s:9:\"Freiplatz\";}i:9;a:2:{s:29:\"fave_additional_feature_title\";s:7:\"Zustand\";s:29:\"fave_additional_feature_value\";s:8:\"gepflegt\";}i:10;a:2:{s:29:\"fave_additional_feature_title\";s:27:\"Immobilie ist verf\u00fcgbar ab\";s:29:\"fave_additional_feature_value\";s:17:\"nach Vereinbarung\";}}"],"fave_additional_features_enable":["enable"],"_immonex_property_xml_source":["<?xml version=\"1.0\"?>\n<immobilie>\n<objektkategorie>\n<nutzungsart WOHNEN=\"false\" GEWERBE=\"true\"\/>\n<vermarktungsart KAUF=\"false\" MIETE_PACHT=\"true\"\/>\n<objektart>\n<hallen_lager_prod\/>\n<\/objektart>\n<user_defined_simplefield\/>\n<\/objektkategorie>\n<geo>\n<plz>52511<\/plz>\n<ort>Geilenkirchen<\/ort>\n<strasse>Ottostra&#xDF;e<\/strasse>\n<hausnummer>47<\/hausnummer>\n<land iso_land=\"DEU\"\/>\n<lage_im_bau\/>\n<\/geo>\n<kontaktperson>\n<email_zentrale>anfrage@ruhr-real.de<\/email_zentrale>\n<email_direkt>ludwig@ruhr-real.de<\/email_direkt>\n<tel_zentrale>+49 221 273229-0<\/tel_zentrale>\n<tel_durchw>+49 221 273 229 11<\/tel_durchw>\n<tel_handy>+49 162 1511000<\/tel_handy>\n<name>Ludwig<\/name>\n<vorname>Felix<\/vorname>\n<anrede>Herr<\/anrede>\n<firma>RUHR REAL WEST GmbH<\/firma>\n<strasse>Bonner Stra&#xDF;e<\/strasse>\n<hausnummer>326<\/hausnummer>\n<plz>50968<\/plz>\n<ort>K&#xF6;ln<\/ort>\n<adressfreigabe>true<\/adressfreigabe>\n<\/kontaktperson>\n<preise>\n<heizkosten_enthalten>false<\/heizkosten_enthalten>\n<zzg_mehrwertsteuer>false<\/zzg_mehrwertsteuer>\n<preis_zeiteinheit\/>\n<provisionspflichtig>false<\/provisionspflichtig>\n<courtage_hinweis>Bei Vertr&#xE4;gen bis zu f&#xFC;nf Jahren Laufzeit ist ein Honorar von 3 Nettomonatsmieten vom Mieter an RUHR REAL zahlbar; bei Laufzeiten bis zu zehn Jahren werden 4 Nettomonatsmieten f&#xE4;llig. Hinzu kommt die jeweils g&#xFC;ltige Umsatzsteuer.<\/courtage_hinweis>\n<waehrung iso_waehrung=\"EUR\"\/>\n<mwst_satz>19.00<\/mwst_satz>\n<stp_carport\/>\n<stp_duplex\/>\n<stp_freiplatz\/>\n<stp_garage\/>\n<stp_parkhaus\/>\n<stp_tiefgarage\/>\n<\/preise>\n<bieterverfahren\/>\n<versteigerung\/>\n<flaechen>\n<gesamtflaeche>5032<\/gesamtflaeche>\n<lagerflaeche>4690<\/lagerflaeche>\n<bueroflaeche>342<\/bueroflaeche>\n<bueroteilflaeche>342<\/bueroteilflaeche>\n<\/flaechen>\n<ausstattung>\n<bad\/>\n<kueche\/>\n<heizungsart\/>\n<befeuerung\/>\n<fahrstuhl\/>\n<stellplatzart FREIPLATZ=\"true\"\/>\n<ausricht_balkon_terrasse\/>\n<angeschl_gastronomie\/>\n<sicherheitstechnik\/>\n<\/ausstattung>\n<zustand_angaben>\n<zustand zustand_art=\"GEPFLEGT\"\/>\n<\/zustand_angaben>\n<bewertung\/>\n<infrastruktur\/>\n<freitexte>\n<objekttitel>Provisionsfrei | Lager- &amp; Produktionsfl&#xE4;che | 11,3 m UKB | ebenerdige Tore | RUHR REAL<\/objekttitel>\n<lage>Der Standort befindet sich in etablierter Gewerbelage von Geilenkirchen im Bereich Niederheid. Das Umfeld ist gepr&#xE4;gt von gewerblichen Nutzungen und bietet eine gute Erreichbarkeit f&#xFC;r Mitarbeitende, Kunden und Lieferverkehre. &#xDC;ber die Bundesstra&#xDF;en B56 und B221 bestehen z&#xFC;gige Anbindungen an das regionale und &#xFC;berregionale Stra&#xDF;ennetz, zudem sind die Autobahnen A46 und A44 in kurzer Fahrdistanz erreichbar. Auch der Bahnhof Geilenkirchen sowie Busanbindungen im Umfeld unterst&#xFC;tzen eine gute verkehrliche Erschlie&#xDF;ung des Standorts. Insgesamt eignet sich die Lage besonders f&#xFC;r klassische Gewerbe, Service, Lager, Produktion und unternehmensnahe Nutzungen.<\/lage>\n<ausstatt_beschr>Lager-\/Produktionsfl&#xE4;che:\n&#x2022; Beton-Industrieboden\n&#x2022; Bodentraglast ca. 4,6 t\/m&#xB2; \n&#x2022; Lichtkuppeln mit RWA\n&#x2022; Ausreichend Starkstromanschl&#xFC;sse\n&#x2022; 4 ebenerdige, elektrische Sektionaltore 6 x 5 M\n&#x2022; Photovoltaikanlage\n&#x2022; LED-Beleuchtung\n\nB&#xFC;ro-\/Sozialfl&#xE4;che:\n&#x2022; Abhangdecke mit LED-Panels\n&#x2022; Linoleumboden\n&#x2022; Teek&#xFC;che\n&#x2022; Au&#xDF;enliegender, elektrischer Sonnenschutz\n&#x2022; Fensterbankkabelkanal\n&#x2022; EDV-Verkabelung\n&#x2022; Sanit&#xE4;rbereich mit Duschen\n<\/ausstatt_beschr>\n<objektbeschreibung>Zur Vermietung steht eine moderne Lager und Produktionsfl&#xE4;che mit angeschlossener B&#xFC;ro und Sozialfl&#xE4;che in einem etablierten Gewerbestandort in Geilenkirchen. Die Gesamtfl&#xE4;che umfasst ca. 5.032 m&#xB2; und teilt sich in ca. 4.690 m&#xB2; Hallenfl&#xE4;che sowie ca. 342 m&#xB2; B&#xFC;ro und Sozialfl&#xE4;che auf. Die Halle bietet mit ca. 11,3 m UKB, Beton-Industrieboden, vier ebenerdige elektrische Sektionaltore, LED-Beleuchtung, Lichtkuppeln mit RWA und ausreichend Starkstromanschl&#xFC;ssen sehr gute Voraussetzungen f&#xFC;r Logistik, Produktion und Lagerung. Erg&#xE4;nzt wird das Angebot durch modern ausgestattete B&#xFC;ro und Sozialfl&#xE4;chen mit Teek&#xFC;che, EDV-Verkabelung, Duschen und Fu&#xDF;bodenheizung. Die Fl&#xE4;chen sind nach Vereinbarung verf&#xFC;gbar. Die Mietkonditionen betragen 6,00 EUR\/m&#xB2; f&#xFC;r die Hallenfl&#xE4;che und 7,50 EUR\/m&#xB2; f&#xFC;r die B&#xFC;ro und Sozialfl&#xE4;che.\n\nDas Objekt wird ebenfalls zum Verkauf angeboten. Bei Bedarf stellen wir Ihnen gerne weitere Informationen zur Verf&#xFC;gung.<\/objektbeschreibung><sonstige_angaben>Es gelten ausschlie&#xDF;lich unsere AGB (www.ruhr-real.de\/agb). Da der Eigent&#xFC;mer ausschlie&#xDF;lich Lager\/Logistik, Produktion und Light Industrial als Nutzung w&#xFC;nscht, bitten wir Sie zu ber&#xFC;cksichtigen, dass Anfragen zu folgenden Nutzungen nicht bearbeitet werden k&#xF6;nnen: Veranstaltungen\/Events, Gastronomie\/Vergn&#xFC;gungsst&#xE4;tten, religi&#xF6;se Einrichtungen sowie Sport- und Spielst&#xE4;tten. Wir m&#xF6;chten Sie darauf hinweisen, dass die Angaben ausschlie&#xDF;lich auf den uns vom Eigent&#xFC;mer &#xFC;bermittelten Unterlagen und Informationen basieren. F&#xFC;r Richtigkeit und Vollst&#xE4;ndigkeit &#xFC;bernehmen wir keine Gew&#xE4;hr. Zwischenvermietung vorbehalten.<\/sonstige_angaben>\n<\/freitexte>\n<anhaenge>\n<anhang location=\"EXTERN\" gruppe=\"TITELBILD\">\n<anhangtitel>Hallenfl&#xE4;che<\/anhangtitel>\n<format>JPEG<\/format>\n<daten>\n<pfad>e9eef41d005a4a4b9d053b14ad99a59d.JPEG<\/pfad>\n<\/daten>\n<\/anhang>\n<anhang location=\"EXTERN\" gruppe=\"BILD\">\n<anhangtitel>ebenerdige Andienung <\/anhangtitel>\n<format>jpg<\/format>\n<daten>\n<pfad>26214d5c66ec4e80997e0ee6596c5409.jpg<\/pfad>\n<\/daten>\n<\/anhang>\n<anhang location=\"EXTERN\" gruppe=\"BILD\">\n<anhangtitel>Hallenfl&#xE4;che<\/anhangtitel>\n<format>JPEG<\/format>\n<daten>\n<pfad>bd2e86a447d9480684c34b4116afbcc3.JPEG<\/pfad>\n<\/daten>\n<\/anhang>\n<anhang location=\"EXTERN\" gruppe=\"BILD\">\n<anhangtitel>Hallenfl&#xE4;che<\/anhangtitel>\n<format>JPEG<\/format>\n<daten>\n<pfad>adddc0a46f2d4bf6a49fe405a9066e6f.JPEG<\/pfad>\n<\/daten>\n<\/anhang>\n<anhang location=\"EXTERN\" gruppe=\"BILD\">\n<anhangtitel>Pausenraum <\/anhangtitel>\n<format>JPEG<\/format>\n<daten>\n<pfad>a2ea765b32ae4e0ea4c5f956275ba523.JPEG<\/pfad>\n<\/daten>\n<\/anhang>\n<anhang location=\"EXTERN\" gruppe=\"BILD\">\n<anhangtitel>B&#xFC;rofl&#xE4;che<\/anhangtitel>\n<format>JPEG<\/format>\n<daten>\n<pfad>d532bd1bcd51401d9793516ceec1065d.JPEG<\/pfad>\n<\/daten>\n<\/anhang>\n<\/anhaenge>\n<verwaltung_objekt>\n<objektadresse_freigeben>false<\/objektadresse_freigeben>\n<verfuegbar_ab>nach Vereinbarung<\/verfuegbar_ab>\n<geschlecht\/>\n<\/verwaltung_objekt>\n<verwaltung_techn>\n<objektnr_intern>9366D1C48A874B9AAA9D45204EF18952<\/objektnr_intern>\n<objektnr_extern>4905\/G1\/E2<\/objektnr_extern>\n<aktion aktionart=\"CHANGE\"\/>\n<openimmo_obid>9366D1C48A874B9AAA9D45204EF18952<\/openimmo_obid>\n<kennung_ursprung>estatePro V10.0.0.8<\/kennung_ursprung>\n<stand_vom>2026-03-12<\/stand_vom>\n<\/verwaltung_techn>\n<user_defined_simplefield feldname=\"Startseite\">Nein<\/user_defined_simplefield>\n<\/immobilie>\n"],"_immonex_energy_class":[""],"_immonex_energy_class_id":["0"],"_thumbnail_id":["181463"],"fave_property_images":["181463","181464","181465","181466","181467","181468"],"fave_floor_plans_enable":["disable"],"fave_prop_homeslider":["yes"],"fave_prop_slider_image":["181463"],"fave_agents":["157133"],"fave_agent_display_option":["agent_info"],"fave_single_top_area":["global"],"fave_single_content_area":["global"],"fave_property_price":["0"],"fave_property_map":["1"],"fave_property_map_street_view":["hide"],"fave_property_size_prefix":["m\u00b2"],"fave_property_land_postfix":["m\u00b2"],"fave_featured":["0"],"houzez_featured_listing_date":[""],"fave_currency":["EUR"],"fave_currency_info":["a:8:{s:2:\"id\";s:1:\"1\";s:13:\"currency_name\";s:4:\"Euro\";s:13:\"currency_code\";s:3:\"EUR\";s:15:\"currency_symbol\";s:3:\"\u20ac\";s:17:\"currency_position\";s:5:\"after\";s:16:\"currency_decimal\";s:1:\"2\";s:26:\"currency_decimal_separator\";s:1:\",\";s:27:\"currency_thousand_separator\";s:1:\".\";}"],"_wpml_word_count":["508"],"fave_show_price_placeholder":["1"],"houzez_total_property_views":["327"],"houzez_views_by_date":["a:49:{s:10:\"03-12-2026\";i:2;s:10:\"03-13-2026\";i:5;s:10:\"03-14-2026\";i:4;s:10:\"03-15-2026\";i:4;s:10:\"03-16-2026\";i:4;s:10:\"03-17-2026\";i:5;s:10:\"03-18-2026\";i:6;s:10:\"03-19-2026\";i:4;s:10:\"03-20-2026\";i:6;s:10:\"03-21-2026\";i:4;s:10:\"03-22-2026\";i:4;s:10:\"03-23-2026\";i:4;s:10:\"03-24-2026\";i:4;s:10:\"03-25-2026\";i:4;s:10:\"03-26-2026\";i:8;s:10:\"03-27-2026\";i:4;s:10:\"03-28-2026\";i:4;s:10:\"03-29-2026\";i:4;s:10:\"03-30-2026\";i:3;s:10:\"03-31-2026\";i:4;s:10:\"04-01-2026\";i:7;s:10:\"04-02-2026\";i:9;s:10:\"04-03-2026\";i:8;s:10:\"04-04-2026\";i:8;s:10:\"04-05-2026\";i:8;s:10:\"04-06-2026\";i:8;s:10:\"04-07-2026\";i:12;s:10:\"04-08-2026\";i:6;s:10:\"04-09-2026\";i:10;s:10:\"04-10-2026\";i:8;s:10:\"04-11-2026\";i:8;s:10:\"04-12-2026\";i:8;s:10:\"04-13-2026\";i:8;s:10:\"04-14-2026\";i:8;s:10:\"04-15-2026\";i:8;s:10:\"04-16-2026\";i:8;s:10:\"04-17-2026\";i:8;s:10:\"04-18-2026\";i:8;s:10:\"04-19-2026\";i:8;s:10:\"04-20-2026\";i:8;s:10:\"04-21-2026\";i:8;s:10:\"04-22-2026\";i:8;s:10:\"04-23-2026\";i:12;s:10:\"04-24-2026\";i:8;s:10:\"04-25-2026\";i:8;s:10:\"04-26-2026\";i:8;s:10:\"04-27-2026\";i:8;s:10:\"04-28-2026\";i:8;s:10:\"04-29-2026\";i:8;}"],"houzez_recently_viewed":["2026-04-29 15:05:08"],"tp_widgets":["a:2:{s:7:\"widgets\";a:0:{}s:9:\"update_at\";s:10:\"1764682733\";}"],"_elementor_page_assets":["a:0:{}"]},"_links":{"self":[{"href":"https:\/\/ruhr-real.de\/en\/wp-json\/wp\/v2\/properties\/181453","targetHints":{"allow":["GET"]}}],"collection":[{"href":"https:\/\/ruhr-real.de\/en\/wp-json\/wp\/v2\/properties"}],"about":[{"href":"https:\/\/ruhr-real.de\/en\/wp-json\/wp\/v2\/types\/property"}],"author":[{"embeddable":true,"href":"https:\/\/ruhr-real.de\/en\/wp-json\/wp\/v2\/users\/1"}],"version-history":[{"count":0,"href":"https:\/\/ruhr-real.de\/en\/wp-json\/wp\/v2\/properties\/181453\/revisions"}],"wp:featuredmedia":[{"embeddable":true,"href":"https:\/\/ruhr-real.de\/en\/wp-json\/wp\/v2\/media\/181463"}],"wp:attachment":[{"href":"https:\/\/ruhr-real.de\/en\/wp-json\/wp\/v2\/media?parent=181453"}],"wp:term":[{"taxonomy":"property_type","embeddable":true,"href":"https:\/\/ruhr-real.de\/en\/wp-json\/wp\/v2\/property_type?post=181453"},{"taxonomy":"property_status","embeddable":true,"href":"https:\/\/ruhr-real.de\/en\/wp-json\/wp\/v2\/property_status?post=181453"},{"taxonomy":"property_feature","embeddable":true,"href":"https:\/\/ruhr-real.de\/en\/wp-json\/wp\/v2\/property_feature?post=181453"},{"taxonomy":"property_label","embeddable":true,"href":"https:\/\/ruhr-real.de\/en\/wp-json\/wp\/v2\/property_label?post=181453"},{"taxonomy":"property_country","embeddable":true,"href":"https:\/\/ruhr-real.de\/en\/wp-json\/wp\/v2\/property_country?post=181453"},{"taxonomy":"property_state","embeddable":true,"href":"https:\/\/ruhr-real.de\/en\/wp-json\/wp\/v2\/property_state?post=181453"},{"taxonomy":"property_city","embeddable":true,"href":"https:\/\/ruhr-real.de\/en\/wp-json\/wp\/v2\/property_city?post=181453"},{"taxonomy":"property_area","embeddable":true,"href":"https:\/\/ruhr-real.de\/en\/wp-json\/wp\/v2\/property_area?post=181453"}],"curies":[{"name":"wp","href":"https:\/\/api.w.org\/{rel}","templated":true}]}}