{"id":186773,"date":"2026-04-09T00:06:49","date_gmt":"2026-04-08T22:06:49","guid":{"rendered":"https:\/\/ruhr-real.de\/objekt\/moderne-bueros-mit-exklusivem-zugang-empfangsbereich-vorhanden\/"},"modified":"2026-04-09T17:52:49","modified_gmt":"2026-04-09T15:52:49","slug":"moderne-bueros-mit-exklusivem-zugang-empfangsbereich-vorhanden","status":"publish","type":"property","link":"https:\/\/ruhr-real.de\/en\/objekt\/moderne-bueros-mit-exklusivem-zugang-empfangsbereich-vorhanden\/","title":{"rendered":"Moderne B\u00fcros mit exklusivem Zugang | Empfangsbereich vorhanden"},"content":{"rendered":"<p>Das angebotene Objekt ist ein modernisiertes und attraktives B\u00fcrohaus.<br \/>\nAuf mehreren Etagen stehen individuell aufteilbare Fl\u00e4chen sowie gemeinschaftlich genutzte Meetingr\u00e4ume zur Verf\u00fcgung. Der Glasfaserausbau ist fest geplant. Dar\u00fcber hinaus sind eine Kantine und Dachterrasse vorhanden.<\/p>\n<p>Derzeit stehen folgende Fl\u00e4chen zur Disposition:<\/p>\n<p>EG (S\u00fcdfl\u00fcgel): ca. 250 m\u00b2<br \/>\nEG (an der Halle): ca. 445 m\u00b2<br \/>\n1. OG (&#8220;Studio&#8221;): ca. 427 m\u00b2<br \/>\n2. OG (Ost-, West- &amp; S\u00fcdfl\u00fcgel): ca. 648 m\u00b2<\/p>\n<p>Das repr\u00e4sentative Objekt befindet sich in unmittelbarer N\u00e4he der hochfrequentierten Bundesstra\u00dfen B 22 und B 23 sowie der Autobahn A 44.<br \/>\nEs ist in einem ruhigen Gewerbegebiet gelegen, verf\u00fcgt \u00fcber einen guten Anschluss an das \u00d6PNV-Netz und die Nahversorgung ist u.a. eine innerh\u00e4usliche Kantine gew\u00e4hrleistet.<\/p>\n<p>Bedeutende Unternehmen in der B\u00fcromarktzone: Saint-Gobain Performance Plastics Pampus GmbH, Schunk Ingenieurkeramik GmbH, LACROIX Electronics GmbH<\/p>\n<p>Hotels in der Umgebung: Hotel Hubertus Hamacher, Hotel am Park, G\u00e4stehaus R\u00e4ck<\/p>\n<p>\u2022 Sonnenschutz: au\u00dfenliegend, elektrisch und innenliegend, manuell<br \/>\n\u2022 Bodenbelag: Vinylboden \/ nach Vereinbarung<br \/>\n\u2022 Verkabelung: EDV-Verkabelung vorhanden, Glasfaser geplant<br \/>\n\u2022 Kabelf\u00fchrung: Kabelkan\u00e4le<br \/>\n\u2022 Beleuchtung: LED<br \/>\n\u2022 Teek\u00fcche: Anschl\u00fcsse vorhanden<br \/>\n\u2022 Aufzug: Personenaufzug<br \/>\n\u2022 Barrierearm: barrierefrei<br \/>\n\u2022 Heizungsart: Gasheizung<br \/>\n\u2022 L\u00fcftung\/Klimatisierung: teilweise klimatisiert<br \/>\n\u2022 Kantine<br \/>\n\u2022 Dachterrasse<\/p>\n<p>Die Ausstattung kann bei Bedarf angepasst werden!<\/p>\n<p>Es gelten ausschlie\u00dflich unsere AGB (www.ruhr-real.de\/agb). Wir m\u00f6chten Sie darauf hinweisen, dass die Angaben ausschlie\u00dflich auf den uns vom Eigent\u00fcmer \u00fcbermittelten Unterlagen und Informationen basieren. F\u00fcr Richtigkeit und Vollst\u00e4ndigkeit \u00fcbernehmen wir keine Gew\u00e4hr. Zwischenvermietung vorbehalten.<br \/>\n<\/p>\n","protected":false},"excerpt":{"rendered":"<p>Das angebotene Objekt ist ein modernisiertes und attraktives B\u00fcrohaus. Auf mehreren Etagen stehen individuell&#8230;<\/p>\n","protected":false},"author":1,"featured_media":186832,"parent":0,"menu_order":0,"template":"","property_type":[379],"property_status":[352],"property_feature":[361,354,350],"property_label":[],"property_country":[353],"property_state":[],"property_city":[312],"property_area":[],"class_list":["post-186773","property","type-property","status-publish","has-post-thumbnail","hentry","property_type-bueroflaechen","property_status-zu-vermieten","property_feature-klimaanlage","property_feature-personenaufzug","property_feature-raeume-veraenderbar","property_country-deutschland","property_city-willich"],"acf":[],"property_meta":{"_immonex_import_folder":["users\/RUHRREAL"],"_immonex_translation_id":["3244\/E1\/Eh1"],"_openimmo_obid":["B6E4ECB708A248CC8B29EFD623E6561D"],"_is_immonex_import_property":["1"],"_immonex_is_reference":[""],"rank_math_internal_links_processed":["1"],"copied_media_ids":["a:0:{}"],"referenced_media_ids":["a:0:{}"],"_immonex_post_status":["updated"],"fave_property_map_address":["47877  Willich"],"fave_property_zip":["47877 "],"fave_property_country":["DE"],"_immonex_lat":["51.2681433"],"_immonex_lng":["6.5456958"],"houzez_geolocation_lat":["51.2681433"],"houzez_geolocation_long":["6.5456958"],"fave_property_location":["51.2681433,6.5456958"],"fave_property_size":["250"],"fave_property_year":["1988"],"fave_property_id":["3244\/E1\/Eh1"],"_fave_property_id":["3244\/E1\/Eh1"],"_immonex_iso_country":["DEU"],"fave_nebenkosten":["2&nbsp;\u20ac"],"_openimmo_anid":["0000"],"_immonex_group_number":[""],"_immonex_group_id":[""],"_immonex_group_master":[""],"_immonex_import_meta":["a:6:{s:8:\"zip_file\";s:131:\"\/www\/htdocs\/w0172e0e\/ruhr-real_2024\/wp-content\/uploads\/immonex-openimmo-import\/users\/RUHRREAL\/Immowelt_estatePro_20260409175043.zip\";s:8:\"xml_file\";s:158:\"\/www\/htdocs\/w0172e0e\/ruhr-real_2024\/wp-content\/uploads\/immonex-openimmo-import\/immowelt_estatepro_20260409175043\/Homepage_2024_NEW_estatePro20260409175043.xml\";s:12:\"mapping_file\";s:116:\"\/www\/htdocs\/w0172e0e\/ruhr-real_2024\/wp-content\/uploads\/immonex-openimmo-import\/mappings\/houzez_ruhrreal_20260325.csv\";s:9:\"timestamp\";i:1775749969;s:4:\"date\";s:10:\"2026-04-09\";s:4:\"time\";s:8:\"17:52:49\";}"],"_immonex_is_sold":[""],"_immonex_is_reserved":[""],"_immonex_is_available":["1"],"_immonex_areabutler_url_with_address":[""],"_immonex_areabutler_url_no_address":[""],"_immonex_areabutler_url":[""],"additional_features":["a:13:{i:0;a:2:{s:29:\"fave_additional_feature_title\";s:11:\"Heizungsart\";s:29:\"fave_additional_feature_value\";s:14:\"Zentralheizung\";}i:1;a:2:{s:29:\"fave_additional_feature_title\";s:29:\"monatl. Betriebs-\/Nebenkosten\";s:29:\"fave_additional_feature_value\";s:10:\"2&nbsp;\u20ac\";}i:2;a:2:{s:29:\"fave_additional_feature_title\";s:33:\"Heizkosten in Warmmiete enthalten\";s:29:\"fave_additional_feature_value\";s:4:\"nein\";}i:3;a:2:{s:29:\"fave_additional_feature_title\";s:32:\"Preise zuz\u00fcglich Mehrwertsteuer\";s:29:\"fave_additional_feature_value\";s:4:\"nein\";}i:4;a:2:{s:29:\"fave_additional_feature_title\";s:10:\"MwSt.-Satz\";s:29:\"fave_additional_feature_value\";s:9:\"19&nbsp;%\";}i:5;a:2:{s:29:\"fave_additional_feature_title\";s:12:\"B\u00fcrofl\u00e4che\";s:29:\"fave_additional_feature_value\";s:12:\"425&nbsp;m\u00b2\";}i:6;a:2:{s:29:\"fave_additional_feature_title\";s:16:\"B\u00fcroteilfl\u00e4che\";s:29:\"fave_additional_feature_value\";s:12:\"250&nbsp;m\u00b2\";}i:7;a:2:{s:29:\"fave_additional_feature_title\";s:10:\"Teilbar ab\";s:29:\"fave_additional_feature_value\";s:12:\"250&nbsp;m\u00b2\";}i:8;a:2:{s:29:\"fave_additional_feature_title\";s:19:\"Art der Ausstattung\";s:29:\"fave_additional_feature_value\";s:8:\"Standard\";}i:9;a:2:{s:29:\"fave_additional_feature_title\";s:10:\"Bodenbelag\";s:29:\"fave_additional_feature_value\";s:7:\"Teppich\";}i:10;a:2:{s:29:\"fave_additional_feature_title\";s:13:\"Stellplatzart\";s:29:\"fave_additional_feature_value\";s:9:\"Freiplatz\";}i:11;a:2:{s:29:\"fave_additional_feature_title\";s:7:\"Zustand\";s:29:\"fave_additional_feature_value\";s:12:\"modernisiert\";}i:12;a:2:{s:29:\"fave_additional_feature_title\";s:27:\"Immobilie ist verf\u00fcgbar ab\";s:29:\"fave_additional_feature_value\";s:30:\"kurzfristig, nach Vereinbarung\";}}"],"fave_additional_features_enable":["enable"],"_immonex_property_xml_source":["<?xml version=\"1.0\"?>\n<immobilie>\n<objektkategorie>\n<nutzungsart WOHNEN=\"false\" GEWERBE=\"true\"\/>\n<vermarktungsart KAUF=\"false\" MIETE_PACHT=\"true\"\/>\n<objektart>\n<buero_praxen buero_typ=\"BUEROHAUS\"\/>\n<\/objektart>\n<user_defined_simplefield\/>\n<\/objektkategorie>\n<geo>\n<plz>47877 <\/plz>\n<ort>Willich<\/ort>\n<strasse>Siemensring<\/strasse>\n<hausnummer>90-92<\/hausnummer>\n<land iso_land=\"DEU\"\/>\n<lage_im_bau\/>\n<\/geo>\n<kontaktperson>\n<email_zentrale>anfrage@ruhr-real.de<\/email_zentrale>\n<email_direkt>schuerk@ruhr-real.de<\/email_direkt>\n<tel_durchw>+49 201 99996333<\/tel_durchw>\n<tel_handy>+49 162 4192000<\/tel_handy>\n<name>Sch&#xFC;rk<\/name>\n<vorname>Christopher<\/vorname>\n<anrede>Herr<\/anrede>\n<firma>RUHR REAL GmbH<\/firma>\n<strasse>Holsterhauser Platz<\/strasse>\n<hausnummer>2<\/hausnummer>\n<plz>45147<\/plz>\n<ort>Essen<\/ort>\n<adressfreigabe>true<\/adressfreigabe>\n<\/kontaktperson>\n<preise>\n<nebenkosten>2.00<\/nebenkosten>\n<heizkosten_enthalten>false<\/heizkosten_enthalten>\n<zzg_mehrwertsteuer>false<\/zzg_mehrwertsteuer>\n<preis_zeiteinheit\/>\n<provisionspflichtig>false<\/provisionspflichtig>\n<waehrung iso_waehrung=\"EUR\"\/>\n<mwst_satz>19.00<\/mwst_satz>\n<stp_carport\/>\n<stp_duplex\/>\n<stp_freiplatz\/>\n<stp_garage\/>\n<stp_parkhaus\/>\n<stp_tiefgarage\/>\n<\/preise>\n<bieterverfahren\/>\n<versteigerung\/>\n<flaechen>\n<bueroflaeche>425<\/bueroflaeche>\n<bueroteilflaeche>250<\/bueroteilflaeche>\n<teilbar_ab>250<\/teilbar_ab>\n<anzahl_stellplaetze type=\"xsd:decimal\">120<\/anzahl_stellplaetze>\n<\/flaechen>\n<ausstattung>\n<ausstatt_kategorie>STANDARD<\/ausstatt_kategorie>\n<raeume_veraenderbar>true<\/raeume_veraenderbar>\n<bad\/>\n<kueche\/>\n<boden TEPPICH=\"true\"\/>\n<heizungsart ZENTRAL=\"true\"\/><befeuerung\/>\n<klimatisiert>true<\/klimatisiert>\n<fahrstuhl PERSONEN=\"true\"\/>\n<stellplatzart FREIPLATZ=\"true\"\/>\n<ausricht_balkon_terrasse\/>\n<angeschl_gastronomie\/>\n<sicherheitstechnik\/>\n<\/ausstattung>\n<zustand_angaben>\n<baujahr>1988<\/baujahr>\n<zustand zustand_art=\"MODERNISIERT\"\/>\n<\/zustand_angaben>\n<bewertung\/>\n<infrastruktur\/>\n<freitexte>\n<objekttitel>Moderne B&#xFC;ros mit exklusivem Zugang | Empfangsbereich vorhanden<\/objekttitel>\n<lage>Das repr&#xE4;sentative Objekt befindet sich in unmittelbarer N&#xE4;he der hochfrequentierten Bundesstra&#xDF;en B 22 und B 23 sowie der Autobahn A 44.\nEs ist in einem ruhigen Gewerbegebiet gelegen, verf&#xFC;gt &#xFC;ber einen guten Anschluss an das &#xD6;PNV-Netz und die Nahversorgung ist u.a. eine innerh&#xE4;usliche Kantine gew&#xE4;hrleistet.\n\nBedeutende Unternehmen in der B&#xFC;romarktzone: Saint-Gobain Performance Plastics Pampus GmbH, Schunk Ingenieurkeramik GmbH, LACROIX Electronics GmbH\n\nHotels in der Umgebung: Hotel Hubertus Hamacher, Hotel am Park, G&#xE4;stehaus R&#xE4;ck<\/lage>\n<ausstatt_beschr>&#x2022; Sonnenschutz: au&#xDF;enliegend, elektrisch und innenliegend, manuell\n&#x2022; Bodenbelag: Vinylboden \/ nach Vereinbarung\n&#x2022; Verkabelung: EDV-Verkabelung vorhanden, Glasfaser geplant\n&#x2022; Kabelf&#xFC;hrung: Kabelkan&#xE4;le\n&#x2022; Beleuchtung: LED\n&#x2022; Teek&#xFC;che: Anschl&#xFC;sse vorhanden\n&#x2022; Aufzug: Personenaufzug\n&#x2022; Barrierearm: barrierefrei\n&#x2022; Heizungsart: Gasheizung\n&#x2022; L&#xFC;ftung\/Klimatisierung: teilweise klimatisiert\n&#x2022; Kantine\n&#x2022; Dachterrasse\n\nDie Ausstattung kann bei Bedarf angepasst werden!<\/ausstatt_beschr>\n<objektbeschreibung>Das angebotene Objekt ist ein modernisiertes und attraktives B&#xFC;rohaus.\nAuf mehreren Etagen stehen individuell aufteilbare Fl&#xE4;chen sowie gemeinschaftlich genutzte Meetingr&#xE4;ume zur Verf&#xFC;gung. Der Glasfaserausbau ist fest geplant. Dar&#xFC;ber hinaus sind eine Kantine und Dachterrasse vorhanden.\n\nDerzeit stehen folgende Fl&#xE4;chen zur Disposition:\n\nEG (S&#xFC;dfl&#xFC;gel): ca. 250 m&#xB2;\nEG (an der Halle): ca. 445 m&#xB2;\n1. OG (\"Studio\"): ca. 427 m&#xB2;\n2. OG (Ost-, West- &amp; S&#xFC;dfl&#xFC;gel): ca. 648 m&#xB2;<\/objektbeschreibung>\n<sonstige_angaben>Es gelten ausschlie&#xDF;lich unsere AGB (www.ruhr-real.de\/agb). Wir m&#xF6;chten Sie darauf hinweisen, dass die Angaben ausschlie&#xDF;lich auf den uns vom Eigent&#xFC;mer &#xFC;bermittelten Unterlagen und Informationen basieren. F&#xFC;r Richtigkeit und Vollst&#xE4;ndigkeit &#xFC;bernehmen wir keine Gew&#xE4;hr. Zwischenvermietung vorbehalten.<\/sonstige_angaben>\n<\/freitexte>\n<anhaenge>\n<anhang location=\"EXTERN\" gruppe=\"TITELBILD\">\n<anhangtitel>Au&#xDF;enansicht <\/anhangtitel>\n<format>jpg<\/format>\n<daten>\n<pfad>0c53ea22e02a402d9c46fe48ca9322bb.jpg<\/pfad>\n<\/daten>\n<\/anhang>\n<anhang location=\"EXTERN\" gruppe=\"BILD\">\n<anhangtitel>Au&#xDF;enansicht <\/anhangtitel>\n<format>jpg<\/format>\n<daten>\n<pfad>c0a697dbd7284aa1b030860ec1617b07.jpg<\/pfad>\n<\/daten>\n<\/anhang>\n<anhang location=\"EXTERN\" gruppe=\"BILD\">\n<anhangtitel>Foyer<\/anhangtitel>\n<format>jpg<\/format>\n<daten>\n<pfad>5ce9221386044024aef5654d4f217d30.jpg<\/pfad>\n<\/daten>\n<\/anhang>\n<anhang location=\"EXTERN\" gruppe=\"BILD\">\n<anhangtitel>Standardausbau<\/anhangtitel>\n<format>jpg<\/format>\n<daten>\n<pfad>bf1d85c7cde0471488ca3105a21b0349.jpg<\/pfad>\n<\/daten>\n<\/anhang>\n<anhang location=\"EXTERN\" gruppe=\"BILD\">\n<anhangtitel>\"Studio\"<\/anhangtitel>\n<format>jpg<\/format>\n<daten>\n<pfad>29594cc8282642e9ac305fc97a13f92f.jpg<\/pfad>\n<\/daten>\n<\/anhang>\n<anhang location=\"EXTERN\" gruppe=\"BILD\">\n<anhangtitel>Innenansicht<\/anhangtitel>\n<format>jpg<\/format>\n<daten>\n<pfad>11c792e7f72d40cdbb88e8fa6e82336a.jpg<\/pfad>\n<\/daten>\n<\/anhang>\n<anhang location=\"EXTERN\" gruppe=\"BILD\">\n<anhangtitel>Innenansicht<\/anhangtitel>\n<format>jpg<\/format>\n<daten>\n<pfad>44edb4635ec34fb997dff6c4c34e3276.jpg<\/pfad>\n<\/daten>\n<\/anhang>\n<\/anhaenge>\n<verwaltung_objekt>\n<objektadresse_freigeben>false<\/objektadresse_freigeben>\n<verfuegbar_ab>kurzfristig, nach Vereinbarung<\/verfuegbar_ab>\n<geschlecht\/>\n<\/verwaltung_objekt>\n<verwaltung_techn>\n<objektnr_intern>B6E4ECB708A248CC8B29EFD623E6561D<\/objektnr_intern>\n<objektnr_extern>3244\/E1\/Eh1<\/objektnr_extern>\n<aktion aktionart=\"CHANGE\"\/>\n<openimmo_obid>B6E4ECB708A248CC8B29EFD623E6561D<\/openimmo_obid><kennung_ursprung>estatePro V10.0.0.8<\/kennung_ursprung>\n<stand_vom>2026-04-09<\/stand_vom>\n<\/verwaltung_techn>\n<user_defined_simplefield feldname=\"Startseite\">Nein<\/user_defined_simplefield>\n<\/immobilie>\n"],"_immonex_energy_class":[""],"_immonex_energy_class_id":["0"],"_thumbnail_id":["186832"],"fave_property_images":["186832","186833","186834","186835","186836","186837","186838"],"fave_floor_plans_enable":["disable"],"fave_prop_homeslider":["yes"],"fave_prop_slider_image":["186832"],"fave_agents":["111285"],"fave_agent_display_option":["agent_info"],"fave_single_top_area":["global"],"fave_single_content_area":["global"],"fave_property_price":["0"],"fave_property_map":["1"],"fave_property_map_street_view":["hide"],"fave_property_size_prefix":["m\u00b2"],"fave_property_land_postfix":["m\u00b2"],"fave_featured":["0"],"houzez_featured_listing_date":[""],"fave_currency":["EUR"],"fave_currency_info":["a:8:{s:2:\"id\";s:1:\"1\";s:13:\"currency_name\";s:4:\"Euro\";s:13:\"currency_code\";s:3:\"EUR\";s:15:\"currency_symbol\";s:3:\"\u20ac\";s:17:\"currency_position\";s:5:\"after\";s:16:\"currency_decimal\";s:1:\"2\";s:26:\"currency_decimal_separator\";s:1:\",\";s:27:\"currency_thousand_separator\";s:1:\".\";}"],"_wpml_word_count":["347"],"fave_show_price_placeholder":["1"],"houzez_total_property_views":["157"],"houzez_views_by_date":["a:21:{s:10:\"04-09-2026\";i:3;s:10:\"04-10-2026\";i:8;s:10:\"04-11-2026\";i:7;s:10:\"04-12-2026\";i:9;s:10:\"04-13-2026\";i:8;s:10:\"04-14-2026\";i:8;s:10:\"04-15-2026\";i:8;s:10:\"04-16-2026\";i:9;s:10:\"04-17-2026\";i:7;s:10:\"04-18-2026\";i:9;s:10:\"04-19-2026\";i:8;s:10:\"04-20-2026\";i:8;s:10:\"04-21-2026\";i:8;s:10:\"04-22-2026\";i:8;s:10:\"04-23-2026\";i:6;s:10:\"04-24-2026\";i:8;s:10:\"04-25-2026\";i:8;s:10:\"04-26-2026\";i:8;s:10:\"04-27-2026\";i:8;s:10:\"04-28-2026\";i:6;s:10:\"04-29-2026\";i:5;}"],"houzez_recently_viewed":["2026-04-29 15:36:05"],"_elementor_page_assets":["a:0:{}"]},"_links":{"self":[{"href":"https:\/\/ruhr-real.de\/en\/wp-json\/wp\/v2\/properties\/186773","targetHints":{"allow":["GET"]}}],"collection":[{"href":"https:\/\/ruhr-real.de\/en\/wp-json\/wp\/v2\/properties"}],"about":[{"href":"https:\/\/ruhr-real.de\/en\/wp-json\/wp\/v2\/types\/property"}],"author":[{"embeddable":true,"href":"https:\/\/ruhr-real.de\/en\/wp-json\/wp\/v2\/users\/1"}],"version-history":[{"count":0,"href":"https:\/\/ruhr-real.de\/en\/wp-json\/wp\/v2\/properties\/186773\/revisions"}],"wp:featuredmedia":[{"embeddable":true,"href":"https:\/\/ruhr-real.de\/en\/wp-json\/wp\/v2\/media\/186832"}],"wp:attachment":[{"href":"https:\/\/ruhr-real.de\/en\/wp-json\/wp\/v2\/media?parent=186773"}],"wp:term":[{"taxonomy":"property_type","embeddable":true,"href":"https:\/\/ruhr-real.de\/en\/wp-json\/wp\/v2\/property_type?post=186773"},{"taxonomy":"property_status","embeddable":true,"href":"https:\/\/ruhr-real.de\/en\/wp-json\/wp\/v2\/property_status?post=186773"},{"taxonomy":"property_feature","embeddable":true,"href":"https:\/\/ruhr-real.de\/en\/wp-json\/wp\/v2\/property_feature?post=186773"},{"taxonomy":"property_label","embeddable":true,"href":"https:\/\/ruhr-real.de\/en\/wp-json\/wp\/v2\/property_label?post=186773"},{"taxonomy":"property_country","embeddable":true,"href":"https:\/\/ruhr-real.de\/en\/wp-json\/wp\/v2\/property_country?post=186773"},{"taxonomy":"property_state","embeddable":true,"href":"https:\/\/ruhr-real.de\/en\/wp-json\/wp\/v2\/property_state?post=186773"},{"taxonomy":"property_city","embeddable":true,"href":"https:\/\/ruhr-real.de\/en\/wp-json\/wp\/v2\/property_city?post=186773"},{"taxonomy":"property_area","embeddable":true,"href":"https:\/\/ruhr-real.de\/en\/wp-json\/wp\/v2\/property_area?post=186773"}],"curies":[{"name":"wp","href":"https:\/\/api.w.org\/{rel}","templated":true}]}}