{"id":187240,"date":"2026-04-10T00:01:35","date_gmt":"2026-04-09T22:01:35","guid":{"rendered":"https:\/\/ruhr-real.de\/objekt\/270-m%c2%b2-citybuero-individuell-gestaltbar-l-ausstattung-nach-mieterwunsch-hervorragende-lage\/"},"modified":"2026-04-10T14:32:35","modified_gmt":"2026-04-10T12:32:35","slug":"270-m%c2%b2-citybuero-individuell-gestaltbar-l-ausstattung-nach-mieterwunsch-hervorragende-lage","status":"publish","type":"property","link":"https:\/\/ruhr-real.de\/en\/objekt\/270-m%c2%b2-citybuero-individuell-gestaltbar-l-ausstattung-nach-mieterwunsch-hervorragende-lage\/","title":{"rendered":"270 m\u00b2 Cityb\u00fcro &#8211; individuell gestaltbar l Ausstattung nach Mieterwunsch | hervorragende Lage"},"content":{"rendered":"<p>Bei der Immobilie handelt es sich um ein 3-st\u00f6ckiges B\u00fcrogeb\u00e4ude mit lichtdurchfluteten B\u00fcrofl\u00e4chen. Alle Ebenen sind mithilfe eines Personenaufzuges zu erreichen. \u00d6ffentliche Parkpl\u00e4tze und ein Parkhaus stehen vor dem Objekt zur Verf\u00fcgung. Ferner hat der Nutzer die M\u00f6glichkeit, seine B\u00fcrofl\u00e4che individuell zu gestalten.<\/p>\n<p>Derzeit stehen folgende Fl\u00e4chen zur Disposition:<\/p>\n<p>1.OG: 270 m\u00b2<\/p>\n<p>Das B\u00fcrogeb\u00e4ude befindet sich im Citykern von Essen und in direkter Lage zum Kennedyplatz. Das Geb\u00e4ude profitiert von seiner Lage an der stark frequentierten Fu\u00dfg\u00e4ngerzone. Der Limbecker Platz befindet sich nur ca. 5 Gehminuten entfernt. Durch die zentrale Lage bietet das Objekt eine hervorragende \u00d6PVN Anbindung. Die A40 und die B224 ist innerhalb weniger Minuten zu erreichen.<\/p>\n<p>Hotels in der Umgebung: Motel One, Novum Hotel, Hotel Lindenhof, InterCity Hotel, Holiday Inn<\/p>\n<p>\u2022 Sonnenschutz: au\u00dfenliegend, elektrisch<br \/>\n\u2022 Bodenbelag: Laminat<br \/>\n\u2022 Verkabelung: CAT-5 Verkabelung<br \/>\n\u2022 Kabelf\u00fchrung: Fensterbankkabelkan\u00e4le<br \/>\n\u2022 Beleuchtung: Deckenleuchten<br \/>\n\u2022 Teek\u00fcche: nach Vereinbarung<br \/>\n\u2022 Aufzug: Personenaufzug<br \/>\n\u2022 Barrierearm: ebenerdiger Zugang<\/p>\n<p>Die Ausstattung kann bei Bedarf angepasst werden!<\/p>\n<p>Es gelten ausschlie\u00dflich unsere AGB (www.ruhr-real.de\/agb). Wir m\u00f6chten Sie darauf hinweisen, dass die Angaben ausschlie\u00dflich auf den uns vom Eigent\u00fcmer \u00fcbermittelten Unterlagen und Informationen basieren. F\u00fcr Richtigkeit und Vollst\u00e4ndigkeit \u00fcbernehmen wir keine Gew\u00e4hr. Zwischenvermietung vorbehalten.<br \/>\n<div class=\"widget widget_immonex_user_defined_properties_widget\"><div class=\"immonex-widget immonex-widget-houzez\">\n\t\t<div class=\"immonex-widget-title clearfix\">\n\t\t<h2 class=\"widgettitle\">Energieeffizienz<\/h2>\t<\/div>\n\t\t<ul class=\"immonex-property-details row list-lined list-unstyled\">\n\t\t\t\t<li>\n\t\t\t<div class=\"list-lined-item w-100 d-flex justify-content-between py-2\">\n\t\t\t\t\t\t\t\t<strong class=\"property-details-label\">Energieausweis-Jahrgang:<\/strong>&nbsp;<span class=\"property-details-value\">not available<\/span>\n\t\t\t\t\t\t\t<\/div>\n\t\t<\/li>\n\t\t\t<\/ul>\n<\/div><\/div><\/p>\n","protected":false},"excerpt":{"rendered":"<p>Bei der Immobilie handelt es sich um ein 3-st\u00f6ckiges B\u00fcrogeb\u00e4ude mit lichtdurchfluteten B\u00fcrofl\u00e4chen. Alle Ebenen&#8230;<\/p>\n","protected":false},"author":1,"featured_media":187273,"parent":0,"menu_order":0,"template":"","property_type":[379],"property_status":[352],"property_feature":[355,537,354],"property_label":[],"property_country":[353],"property_state":[],"property_city":[306],"property_area":[308],"class_list":["post-187240","property","type-property","status-publish","has-post-thumbnail","hentry","property_type-bueroflaechen","property_status-zu-vermieten","property_feature-barrierefrei","property_feature-gewerbliche-nutzung-moeglich","property_feature-personenaufzug","property_country-deutschland","property_city-essen","property_area-stadtkern"],"acf":[],"property_meta":{"_immonex_import_folder":["users\/RUHRREAL"],"_immonex_translation_id":["328\/E2"],"_openimmo_obid":["3ECC9210813E4B95BEA1E593CEBC3EA4"],"_is_immonex_import_property":["1"],"_immonex_is_reference":[""],"rank_math_internal_links_processed":["1"],"copied_media_ids":["a:0:{}"],"referenced_media_ids":["a:0:{}"],"_immonex_post_status":["updated"],"fave_property_map_address":["45127 Essen"],"fave_property_zip":["45127"],"fave_property_country":["DE"],"_immonex_lat":["51.4494769"],"_immonex_lng":["7.0134679"],"houzez_geolocation_lat":["51.4494769"],"houzez_geolocation_long":["7.0134679"],"fave_property_location":["51.4494769,7.0134679"],"fave_property_price":["10.00"],"fave_property_sec_price":["9.5000"],"fave_property_size":["270"],"fave_property_year":["1965"],"fave_property_id":["328\/E2"],"_fave_property_id":["328\/E2"],"_immonex_iso_country":["DEU"],"fave_nebenkosten":["3,70&nbsp;\u20ac"],"_openimmo_anid":["0000"],"_immonex_group_number":["1"],"_immonex_group_id":[""],"_immonex_group_master":[""],"_immonex_import_meta":["a:6:{s:8:\"zip_file\";s:131:\"\/www\/htdocs\/w0172e0e\/ruhr-real_2024\/wp-content\/uploads\/immonex-openimmo-import\/users\/RUHRREAL\/Immowelt_estatePro_20260410143115.zip\";s:8:\"xml_file\";s:158:\"\/www\/htdocs\/w0172e0e\/ruhr-real_2024\/wp-content\/uploads\/immonex-openimmo-import\/immowelt_estatepro_20260410143115\/Homepage_2024_NEW_estatePro20260410143115.xml\";s:12:\"mapping_file\";s:116:\"\/www\/htdocs\/w0172e0e\/ruhr-real_2024\/wp-content\/uploads\/immonex-openimmo-import\/mappings\/houzez_ruhrreal_20260325.csv\";s:9:\"timestamp\";i:1775824355;s:4:\"date\";s:10:\"2026-04-10\";s:4:\"time\";s:8:\"14:32:35\";}"],"_immonex_is_sold":[""],"_immonex_is_reserved":[""],"_immonex_is_available":["1"],"_immonex_areabutler_url_with_address":[""],"_immonex_areabutler_url_no_address":[""],"_immonex_areabutler_url":[""],"additional_features":["a:13:{i:0;a:2:{s:29:\"fave_additional_feature_title\";s:11:\"Heizungsart\";s:29:\"fave_additional_feature_value\";s:11:\"Fernheizung\";}i:1;a:2:{s:29:\"fave_additional_feature_title\";s:14:\"Nettokaltmiete\";s:29:\"fave_additional_feature_value\";s:11:\"10&nbsp;\u20ac\";}i:2;a:2:{s:29:\"fave_additional_feature_title\";s:9:\"Kaltmiete\";s:29:\"fave_additional_feature_value\";s:11:\"10&nbsp;\u20ac\";}i:3;a:2:{s:29:\"fave_additional_feature_title\";s:29:\"monatl. Betriebs-\/Nebenkosten\";s:29:\"fave_additional_feature_value\";s:13:\"3,70&nbsp;\u20ac\";}i:4;a:2:{s:29:\"fave_additional_feature_title\";s:33:\"Heizkosten in Warmmiete enthalten\";s:29:\"fave_additional_feature_value\";s:4:\"nein\";}i:5;a:2:{s:29:\"fave_additional_feature_title\";s:32:\"Preise zuz\u00fcglich Mehrwertsteuer\";s:29:\"fave_additional_feature_value\";s:4:\"nein\";}i:6;a:2:{s:29:\"fave_additional_feature_title\";s:23:\"Netto-Kaltmiete pro m\u00b2\";s:29:\"fave_additional_feature_value\";s:13:\"9,50&nbsp;\u20ac\";}i:7;a:2:{s:29:\"fave_additional_feature_title\";s:10:\"MwSt.-Satz\";s:29:\"fave_additional_feature_value\";s:9:\"19&nbsp;%\";}i:8;a:2:{s:29:\"fave_additional_feature_title\";s:12:\"B\u00fcrofl\u00e4che\";s:29:\"fave_additional_feature_value\";s:12:\"270&nbsp;m\u00b2\";}i:9;a:2:{s:29:\"fave_additional_feature_title\";s:19:\"Art der Ausstattung\";s:29:\"fave_additional_feature_value\";s:8:\"Standard\";}i:10;a:2:{s:29:\"fave_additional_feature_title\";s:10:\"Bodenbelag\";s:29:\"fave_additional_feature_value\";s:7:\"Laminat\";}i:11;a:2:{s:29:\"fave_additional_feature_title\";s:7:\"Zustand\";s:29:\"fave_additional_feature_value\";s:8:\"gepflegt\";}i:12;a:2:{s:29:\"fave_additional_feature_title\";s:27:\"Immobilie ist verf\u00fcgbar ab\";s:29:\"fave_additional_feature_value\";s:17:\"nach Vereinbarung\";}}"],"fave_additional_features_enable":["enable"],"_immonex_custom_fields":["a:1:{s:23:\"Energieausweis-Jahrgang\";a:5:{s:14:\"mapping_source\";s:38:\"zustand_angaben->energiepass->jahrgang\";s:4:\"name\";s:0:\"\";s:5:\"group\";s:5:\"epass\";s:5:\"value\";s:13:\"not available\";s:19:\"value_before_filter\";s:4:\"ohne\";}}"],"_immonex_property_xml_source":["<?xml version=\"1.0\"?>\n<immobilie>\n<objektkategorie>\n<nutzungsart WOHNEN=\"false\" GEWERBE=\"true\"\/>\n<vermarktungsart KAUF=\"false\" MIETE_PACHT=\"true\"\/>\n<objektart>\n<buero_praxen buero_typ=\"BUEROHAUS\"\/>\n<\/objektart>\n<user_defined_simplefield\/>\n<\/objektkategorie>\n<geo>\n<plz>45127<\/plz>\n<ort>Essen<\/ort>\n<strasse>G&#xE4;nsemarkt<\/strasse>\n<hausnummer>44<\/hausnummer>\n<land iso_land=\"DEU\"\/>\n<lage_im_bau\/>\n<regionaler_zusatz>Stadtkern<\/regionaler_zusatz>\n<\/geo>\n<kontaktperson>\n<email_zentrale>anfrage@ruhr-real.de<\/email_zentrale>\n<email_direkt>kruse@ruhr-real.de<\/email_direkt>\n<tel_durchw>+49 201 999963-33<\/tel_durchw>\n<tel_fax>+49 201 99 99 63 44<\/tel_fax>\n<tel_handy>+49 162 88 87 076<\/tel_handy>\n<name>Kruse<\/name>\n<vorname>Samuel<\/vorname>\n<anrede>Herr<\/anrede>\n<firma>RUHR REAL GmbH<\/firma>\n<strasse>Holsterhauser Platz<\/strasse>\n<hausnummer>2<\/hausnummer>\n<plz>45147<\/plz>\n<ort>Essen<\/ort>\n<adressfreigabe>true<\/adressfreigabe>\n<\/kontaktperson>\n<preise>\n<nettokaltmiete>10.00<\/nettokaltmiete>\n<kaltmiete>10.00<\/kaltmiete>\n<nebenkosten>3.70<\/nebenkosten>\n<heizkosten_enthalten>false<\/heizkosten_enthalten>\n<zzg_mehrwertsteuer>false<\/zzg_mehrwertsteuer>\n<preis_zeiteinheit\/>\n<mietpreis_pro_qm>9.5000<\/mietpreis_pro_qm>\n<provisionspflichtig>false<\/provisionspflichtig>\n<waehrung iso_waehrung=\"EUR\"\/>\n<mwst_satz>19.00<\/mwst_satz>\n<stp_carport\/>\n<stp_duplex\/>\n<stp_freiplatz\/>\n<stp_garage\/>\n<stp_parkhaus\/>\n<stp_tiefgarage\/>\n<\/preise>\n<bieterverfahren\/>\n<versteigerung\/>\n<flaechen>\n<bueroflaeche>270<\/bueroflaeche>\n<\/flaechen>\n<ausstattung>\n<ausstatt_kategorie>STANDARD<\/ausstatt_kategorie>\n<bad\/>\n<kueche\/>\n<boden LAMINAT=\"true\"\/>\n<heizungsart FERN=\"true\"\/>\n<befeuerung\/>\n<fahrstuhl PERSONEN=\"true\"\/>\n<ausricht_balkon_terrasse\/>\n<barrierefrei>true<\/barrierefrei>\n<angeschl_gastronomie\/>\n<sicherheitstechnik\/>\n<\/ausstattung>\n<zustand_angaben>\n<baujahr>1965<\/baujahr>\n<zustand zustand_art=\"GEPFLEGT\"\/>\n<energiepass>\n<jahrgang>ohne<\/jahrgang>\n<\/energiepass>\n<\/zustand_angaben>\n<bewertung\/>\n<infrastruktur\/>\n<freitexte>\n<objekttitel>270 m&#xB2; Cityb&#xFC;ro - individuell gestaltbar l Ausstattung nach Mieterwunsch | hervorragende Lage<\/objekttitel>\n<lage>Das B&#xFC;rogeb&#xE4;ude befindet sich im Citykern von Essen und in direkter Lage zum Kennedyplatz. Das Geb&#xE4;ude profitiert von seiner Lage an der stark frequentierten Fu&#xDF;g&#xE4;ngerzone. Der Limbecker Platz befindet sich nur ca. 5 Gehminuten entfernt. Durch die zentrale Lage bietet das Objekt eine hervorragende &#xD6;PVN Anbindung. Die A40 und die B224 ist innerhalb weniger Minuten zu erreichen.\n\nHotels in der Umgebung: Motel One, Novum Hotel, Hotel Lindenhof, InterCity Hotel, Holiday Inn<\/lage>\n<ausstatt_beschr>&#x2022; Sonnenschutz: au&#xDF;enliegend, elektrisch\n&#x2022; Bodenbelag: Laminat\n&#x2022; Verkabelung: CAT-5 Verkabelung\n&#x2022; Kabelf&#xFC;hrung: Fensterbankkabelkan&#xE4;le\n&#x2022; Beleuchtung: Deckenleuchten\n&#x2022; Teek&#xFC;che: nach Vereinbarung\n&#x2022; Aufzug: Personenaufzug\n&#x2022; Barrierearm: ebenerdiger Zugang\n\nDie Ausstattung kann bei Bedarf angepasst werden!<\/ausstatt_beschr>\n<objektbeschreibung>Bei der Immobilie handelt es sich um ein 3-st&#xF6;ckiges B&#xFC;rogeb&#xE4;ude mit lichtdurchfluteten B&#xFC;rofl&#xE4;chen. Alle Ebenen sind mithilfe eines Personenaufzuges zu erreichen. &#xD6;ffentliche Parkpl&#xE4;tze und ein Parkhaus stehen vor dem Objekt zur Verf&#xFC;gung. Ferner hat der Nutzer die M&#xF6;glichkeit, seine B&#xFC;rofl&#xE4;che individuell zu gestalten.  \n\nDerzeit stehen folgende Fl&#xE4;chen zur Disposition:\n\n1.OG: 270 m&#xB2;<\/objektbeschreibung>\n<sonstige_angaben>Es gelten ausschlie&#xDF;lich unsere AGB (www.ruhr-real.de\/agb). Wir m&#xF6;chten Sie darauf hinweisen, dass die Angaben ausschlie&#xDF;lich auf den uns vom Eigent&#xFC;mer &#xFC;bermittelten Unterlagen und Informationen basieren. F&#xFC;r Richtigkeit und Vollst&#xE4;ndigkeit &#xFC;bernehmen wir keine Gew&#xE4;hr. Zwischenvermietung vorbehalten.<\/sonstige_angaben><\/freitexte>\n<anhaenge>\n<anhang location=\"EXTERN\" gruppe=\"TITELBILD\">\n<anhangtitel>Geb&#xE4;udeansicht<\/anhangtitel>\n<format>JPG<\/format>\n<daten>\n<pfad>64a941a5d8ef4656ac2f7a8fdfa155a4.JPG<\/pfad>\n<\/daten>\n<\/anhang>\n<anhang location=\"EXTERN\" gruppe=\"BILD\">\n<anhangtitel>Teek&#xFC;che<\/anhangtitel>\n<format>JPG<\/format>\n<daten>\n<pfad>be9b1f1c26ac4f7693ca0605fe81bdb6.JPG<\/pfad>\n<\/daten>\n<\/anhang>\n<anhang location=\"EXTERN\" gruppe=\"BILD\">\n<anhangtitel>B&#xFC;roeinheit<\/anhangtitel>\n<format>JPG<\/format>\n<daten>\n<pfad>d6a6836961f949bfa395544e7476bdf5.JPG<\/pfad>\n<\/daten>\n<\/anhang>\n<anhang location=\"EXTERN\" gruppe=\"BILD\">\n<anhangtitel>Einzelb&#xFC;ro<\/anhangtitel>\n<format>JPG<\/format>\n<daten>\n<pfad>c171c33588d2471cb636b072c22c7099.JPG<\/pfad>\n<\/daten>\n<\/anhang>\n<anhang location=\"EXTERN\" gruppe=\"BILD\">\n<anhangtitel>Einzelb&#xFC;ro<\/anhangtitel>\n<format>JPG<\/format>\n<daten>\n<pfad>127cffc07d134b38944bbf1a85bd55d6.JPG<\/pfad>\n<\/daten>\n<\/anhang>\n<anhang location=\"EXTERN\" gruppe=\"BILD\">\n<anhangtitel>Eingangsbereich<\/anhangtitel>\n<format>JPG<\/format>\n<daten>\n<pfad>35d95e5d8fa648209a624ffbc4991e6e.JPG<\/pfad>\n<\/daten>\n<\/anhang>\n<anhang location=\"EXTERN\" gruppe=\"BILD\">\n<anhangtitel>Wartebereich<\/anhangtitel>\n<format>JPG<\/format>\n<daten>\n<pfad>c1325f3999f84a01b345ba5bece81aba.JPG<\/pfad>\n<\/daten>\n<\/anhang>\n<anhang location=\"EXTERN\" gruppe=\"GRUNDRISS\">\n<anhangtitel>Grundriss<\/anhangtitel>\n<format>jpg<\/format>\n<daten>\n<pfad>9cf5fe50d652444784f1068772285e17.jpg<\/pfad>\n<\/daten>\n<\/anhang>\n<\/anhaenge>\n<verwaltung_objekt>\n<objektadresse_freigeben>false<\/objektadresse_freigeben>\n<verfuegbar_ab>nach Vereinbarung<\/verfuegbar_ab>\n<gruppennummer>1<\/gruppennummer>\n<geschlecht\/>\n<gewerbliche_nutzung>true<\/gewerbliche_nutzung>\n<\/verwaltung_objekt>\n<verwaltung_techn>\n<objektnr_intern>3ECC9210813E4B95BEA1E593CEBC3EA4<\/objektnr_intern>\n<objektnr_extern>328\/E2<\/objektnr_extern>\n<aktion aktionart=\"CHANGE\"\/>\n<openimmo_obid>3ECC9210813E4B95BEA1E593CEBC3EA4<\/openimmo_obid>\n<kennung_ursprung>estatePro V10.0.0.8<\/kennung_ursprung>\n<stand_vom>2026-04-10<\/stand_vom>\n<\/verwaltung_techn>\n<user_defined_simplefield feldname=\"Startseite\">Nein<\/user_defined_simplefield>\n<\/immobilie>\n"],"_immonex_energy_class":[""],"_immonex_energy_class_id":["0"],"_thumbnail_id":["187273"],"fave_property_images":["187273","187274","187275","187276","187277","187278","187279"],"fave_floor_plans_enable":["enable"],"floor_plans":["a:1:{i:0;a:7:{s:15:\"fave_plan_title\";s:9:\"Grundriss\";s:15:\"fave_plan_rooms\";s:0:\"\";s:19:\"fave_plan_bathrooms\";s:0:\"\";s:15:\"fave_plan_price\";s:0:\"\";s:14:\"fave_plan_size\";s:0:\"\";s:15:\"fave_plan_image\";s:84:\"https:\/\/ruhr-real.de\/wp-content\/uploads\/2026\/04\/9cf5fe50d652444784f1068772285e17.jpg\";s:21:\"fave_plan_description\";s:0:\"\";}}"],"fave_prop_homeslider":["yes"],"fave_prop_slider_image":["187273"],"fave_agents":["152858"],"fave_agent_display_option":["agent_info"],"fave_single_top_area":["global"],"fave_single_content_area":["global"],"fave_property_map":["1"],"fave_property_map_street_view":["hide"],"fave_property_size_prefix":["m\u00b2"],"fave_property_land_postfix":["m\u00b2"],"fave_featured":["0"],"houzez_featured_listing_date":[""],"fave_property_price_postfix":["pro&nbsp;m\u00b2"],"fave_currency":["EUR"],"fave_currency_info":["a:8:{s:2:\"id\";s:1:\"1\";s:13:\"currency_name\";s:4:\"Euro\";s:13:\"currency_code\";s:3:\"EUR\";s:15:\"currency_symbol\";s:3:\"\u20ac\";s:17:\"currency_position\";s:5:\"after\";s:16:\"currency_decimal\";s:1:\"2\";s:26:\"currency_decimal_separator\";s:1:\",\";s:27:\"currency_thousand_separator\";s:1:\".\";}"],"_wpml_word_count":["299"],"houzez_total_property_views":["148"],"houzez_views_by_date":["a:20:{s:10:\"04-10-2026\";i:3;s:10:\"04-11-2026\";i:8;s:10:\"04-12-2026\";i:8;s:10:\"04-13-2026\";i:8;s:10:\"04-14-2026\";i:8;s:10:\"04-15-2026\";i:8;s:10:\"04-16-2026\";i:8;s:10:\"04-17-2026\";i:8;s:10:\"04-18-2026\";i:8;s:10:\"04-19-2026\";i:8;s:10:\"04-20-2026\";i:8;s:10:\"04-21-2026\";i:8;s:10:\"04-22-2026\";i:8;s:10:\"04-23-2026\";i:6;s:10:\"04-24-2026\";i:7;s:10:\"04-25-2026\";i:9;s:10:\"04-26-2026\";i:8;s:10:\"04-27-2026\";i:8;s:10:\"04-28-2026\";i:5;s:10:\"04-29-2026\";i:6;}"],"houzez_recently_viewed":["2026-04-29 14:10:51"],"_elementor_page_assets":["a:0:{}"]},"_links":{"self":[{"href":"https:\/\/ruhr-real.de\/en\/wp-json\/wp\/v2\/properties\/187240","targetHints":{"allow":["GET"]}}],"collection":[{"href":"https:\/\/ruhr-real.de\/en\/wp-json\/wp\/v2\/properties"}],"about":[{"href":"https:\/\/ruhr-real.de\/en\/wp-json\/wp\/v2\/types\/property"}],"author":[{"embeddable":true,"href":"https:\/\/ruhr-real.de\/en\/wp-json\/wp\/v2\/users\/1"}],"version-history":[{"count":0,"href":"https:\/\/ruhr-real.de\/en\/wp-json\/wp\/v2\/properties\/187240\/revisions"}],"wp:featuredmedia":[{"embeddable":true,"href":"https:\/\/ruhr-real.de\/en\/wp-json\/wp\/v2\/media\/187273"}],"wp:attachment":[{"href":"https:\/\/ruhr-real.de\/en\/wp-json\/wp\/v2\/media?parent=187240"}],"wp:term":[{"taxonomy":"property_type","embeddable":true,"href":"https:\/\/ruhr-real.de\/en\/wp-json\/wp\/v2\/property_type?post=187240"},{"taxonomy":"property_status","embeddable":true,"href":"https:\/\/ruhr-real.de\/en\/wp-json\/wp\/v2\/property_status?post=187240"},{"taxonomy":"property_feature","embeddable":true,"href":"https:\/\/ruhr-real.de\/en\/wp-json\/wp\/v2\/property_feature?post=187240"},{"taxonomy":"property_label","embeddable":true,"href":"https:\/\/ruhr-real.de\/en\/wp-json\/wp\/v2\/property_label?post=187240"},{"taxonomy":"property_country","embeddable":true,"href":"https:\/\/ruhr-real.de\/en\/wp-json\/wp\/v2\/property_country?post=187240"},{"taxonomy":"property_state","embeddable":true,"href":"https:\/\/ruhr-real.de\/en\/wp-json\/wp\/v2\/property_state?post=187240"},{"taxonomy":"property_city","embeddable":true,"href":"https:\/\/ruhr-real.de\/en\/wp-json\/wp\/v2\/property_city?post=187240"},{"taxonomy":"property_area","embeddable":true,"href":"https:\/\/ruhr-real.de\/en\/wp-json\/wp\/v2\/property_area?post=187240"}],"curies":[{"name":"wp","href":"https:\/\/api.w.org\/{rel}","templated":true}]}}