{"id":187371,"date":"2026-04-10T00:01:29","date_gmt":"2026-04-09T22:01:29","guid":{"rendered":"https:\/\/ruhr-real.de\/objekt\/repraesentative-kombination-aus-buero-und-hallenflaechen-verkehrsguenstige-lage\/"},"modified":"2026-04-10T15:47:29","modified_gmt":"2026-04-10T13:47:29","slug":"repraesentative-kombination-aus-buero-und-hallenflaechen-verkehrsguenstige-lage","status":"publish","type":"property","link":"https:\/\/ruhr-real.de\/en\/objekt\/repraesentative-kombination-aus-buero-und-hallenflaechen-verkehrsguenstige-lage\/","title":{"rendered":"Repr\u00e4sentative Kombination aus B\u00fcro- und Hallenfl\u00e4chen | verkehrsg\u00fcnstige Lage"},"content":{"rendered":"<p>Der Service-Park Essen setzt sich aus insgesamt 4 Liegeschaften mit jeweils zwei\u2013 bis dreigeschossigen Geb\u00e4uden zusammen. Die B\u00fcro-Hallen-Kombinationen wurden 1992 erbaut und werden kontinuierlich modernisiert. Die attraktive und moderne Fensterfront erm\u00f6glicht nicht nur ein Arbeiten bei Tageslicht, sondern ist aufgrund der Doppelfassade auch schallisolierend.<br \/>\nDie Immobilie liegt direkt an der Gladbecker Stra\u00dfe, einer der Haupteinfallsstra\u00dfen ins Essener Zentrum, und bietet neben einer verkehrsg\u00fcnstigen Lage auch zahlreiche Parkm\u00f6glichkeiten auf dem gesamten Grundst\u00fcck.<\/p>\n<p>Derzeit stehen die folgenden Fl\u00e4chen zur Disposition:<\/p>\n<p>H425:<br \/>\nEG B\u00fcro: 260,05 m\u00b2<br \/>\nEG Halle: 243,90 m\u00b2<br \/>\nDie Fl\u00e4chen sind nur zusammenh\u00e4ngend zu vermieten.<\/p>\n<p>H431a:<br \/>\nEG B\u00fcro: 113,58 m\u00b2<br \/>\nEG Halle: 331,79 m\u00b2<br \/>\nDie Fl\u00e4chen sind nur zusammenh\u00e4ngend zu vermieten.<\/p>\n<p>H435:<br \/>\n1. OG: 152,23 m\u00b2<br \/>\nEG Halle : 256,78 m\u00b2<\/p>\n<p>Das Objekt befindet sich auf der sehr bekannten und gut frequentierten Gladbecker Stra\u00dfe. In nur wenigen Fahrminuten sind die Autobahnanschl\u00fcsse A40 und A42 erreichbar. Die S-Bahn-Station &#8220;Altessener-Bahnhof&#8221; ist nur zwei Minuten mit dem Bus entfernt und f\u00e4hrt direkt zum Essener Hauptbahnhof. Die Innenstadt ist ebenfalls nur wenige Fahrminuten entfernt. Im Umfeld gibt es ein breites gastronomisches Angebot.<\/p>\n<p>Bedeutende Unternehmen in der B\u00fcromarktzone: Bilfinger Piping Technologies, Computacenter, Metro, Open Grid Europe, SAG GmbH, Strabag<\/p>\n<p>Hotels in der Umgebung: Astoria Business Hotel, Hotel B\u00f6ll Essen, Ibis Budget Essen Nord<\/p>\n<p>\u2022 flexible Raumaufteilung<br \/>\n\u2022 BAP-Beleuchtung<br \/>\n\u2022 elektrischer, au\u00dfenliegender Sonnenschutz (zur Sonnenseite)<br \/>\n\u2022 antistatischer, stuhlrollenfester Teppichboden<br \/>\n\u2022 Fensterbankkabelkan\u00e4le<br \/>\n<div class=\"widget widget_immonex_user_defined_properties_widget\"><div class=\"immonex-widget immonex-widget-houzez\">\n\t\t<div class=\"immonex-widget-title clearfix\">\n\t\t<h2 class=\"widgettitle\">Energieeffizienz<\/h2>\t<\/div>\n\t\t<ul class=\"immonex-property-details row list-lined list-unstyled\">\n\t\t\t\t<li>\n\t\t\t<div class=\"list-lined-item w-100 d-flex justify-content-between py-2\">\n\t\t\t\t\t\t\t\t<strong class=\"property-details-label\">Energieausweis-Art:<\/strong>&nbsp;<span class=\"property-details-value\">Consumption<\/span>\n\t\t\t\t\t\t\t<\/div>\n\t\t<\/li>\n\t\t\t\t<li>\n\t\t\t<div class=\"list-lined-item w-100 d-flex justify-content-between py-2\">\n\t\t\t\t\t\t\t\t<strong class=\"property-details-label\">Energieausweis g\u00fcltig bis:<\/strong>&nbsp;<span class=\"property-details-value\">11.08.2024<\/span>\n\t\t\t\t\t\t\t<\/div>\n\t\t<\/li>\n\t\t\t\t<li>\n\t\t\t<div class=\"list-lined-item w-100 d-flex justify-content-between py-2\">\n\t\t\t\t\t\t\t\t<strong class=\"property-details-label\">Prim\u00e4renergietr\u00e4ger:<\/strong>&nbsp;<span class=\"property-details-value\">Fernw\u00e4rme<\/span>\n\t\t\t\t\t\t\t<\/div>\n\t\t<\/li>\n\t\t\t\t<li>\n\t\t\t<div class=\"list-lined-item w-100 d-flex justify-content-between py-2\">\n\t\t\t\t\t\t\t\t<strong class=\"property-details-label\">Stromverbrauchskennwert:<\/strong>&nbsp;<span class=\"property-details-value\">34&nbsp;kWh\/(m\u00b2*a)<\/span>\n\t\t\t\t\t\t\t<\/div>\n\t\t<\/li>\n\t\t\t\t<li>\n\t\t\t<div class=\"list-lined-item w-100 d-flex justify-content-between py-2\">\n\t\t\t\t\t\t\t\t<strong class=\"property-details-label\">Heizenergieverbrauchskennwert:<\/strong>&nbsp;<span class=\"property-details-value\">81&nbsp;kWh\/(m\u00b2*a)<\/span>\n\t\t\t\t\t\t\t<\/div>\n\t\t<\/li>\n\t\t\t\t<li>\n\t\t\t<div class=\"list-lined-item w-100 d-flex justify-content-between py-2\">\n\t\t\t\t\t\t\t\t<strong class=\"property-details-label\">Baujahr (Energieausweis):<\/strong>&nbsp;<span class=\"property-details-value\">1992<\/span>\n\t\t\t\t\t\t\t<\/div>\n\t\t<\/li>\n\t\t\t\t<li>\n\t\t\t<div class=\"list-lined-item w-100 d-flex justify-content-between py-2\">\n\t\t\t\t\t\t\t\t<strong class=\"property-details-label\">Energieausweis-Jahrgang:<\/strong>&nbsp;<span class=\"property-details-value\">as from may 2014<\/span>\n\t\t\t\t\t\t\t<\/div>\n\t\t<\/li>\n\t\t\t<\/ul>\n<\/div><\/div><\/p>\n","protected":false},"excerpt":{"rendered":"<p>Der Service-Park Essen setzt sich aus insgesamt 4 Liegeschaften mit jeweils zwei\u2013 bis dreigeschossigen Geb\u00e4uden&#8230;<\/p>\n","protected":false},"author":1,"featured_media":187415,"parent":0,"menu_order":0,"template":"","property_type":[379],"property_status":[352],"property_feature":[355,537,354,350],"property_label":[],"property_country":[353],"property_state":[],"property_city":[306],"property_area":[429],"class_list":["post-187371","property","type-property","status-publish","has-post-thumbnail","hentry","property_type-bueroflaechen","property_status-zu-vermieten","property_feature-barrierefrei","property_feature-gewerbliche-nutzung-moeglich","property_feature-personenaufzug","property_feature-raeume-veraenderbar","property_country-deutschland","property_city-essen","property_area-altenessen-nord"],"acf":[],"property_meta":{"_immonex_import_folder":["users\/RUHRREAL"],"_immonex_translation_id":["125\/E1"],"_openimmo_obid":["4FE8BC352560496A984416F94A9F7B84"],"_is_immonex_import_property":["1"],"_immonex_is_reference":[""],"rank_math_internal_links_processed":["1"],"copied_media_ids":["a:0:{}"],"referenced_media_ids":["a:0:{}"],"_immonex_post_status":["updated"],"fave_property_map_address":["45329 Essen"],"fave_property_zip":["45329"],"fave_property_country":["DE"],"_immonex_lat":["51.5066254"],"_immonex_lng":["7.0097163"],"houzez_geolocation_lat":["51.5066254"],"houzez_geolocation_long":["7.0097163"],"fave_property_location":["51.5066254,7.0097163"],"fave_property_price":["6.90"],"fave_property_sec_price":["6.9000"],"fave_property_size":["260"],"fave_property_year":["1992"],"fave_property_id":["125\/E1"],"_fave_property_id":["125\/E1"],"_immonex_iso_country":["DEU"],"fave_nebenkosten":["4,70&nbsp;\u20ac"],"_openimmo_anid":["0000"],"_immonex_group_number":["1"],"_immonex_group_id":[""],"_immonex_group_master":[""],"_immonex_import_meta":["a:6:{s:8:\"zip_file\";s:131:\"\/www\/htdocs\/w0172e0e\/ruhr-real_2024\/wp-content\/uploads\/immonex-openimmo-import\/users\/RUHRREAL\/Immowelt_estatePro_20260410154551.zip\";s:8:\"xml_file\";s:158:\"\/www\/htdocs\/w0172e0e\/ruhr-real_2024\/wp-content\/uploads\/immonex-openimmo-import\/immowelt_estatepro_20260410154551\/Homepage_2024_NEW_estatePro20260410154551.xml\";s:12:\"mapping_file\";s:116:\"\/www\/htdocs\/w0172e0e\/ruhr-real_2024\/wp-content\/uploads\/immonex-openimmo-import\/mappings\/houzez_ruhrreal_20260325.csv\";s:9:\"timestamp\";i:1775828849;s:4:\"date\";s:10:\"2026-04-10\";s:4:\"time\";s:8:\"15:47:29\";}"],"_immonex_is_sold":[""],"_immonex_is_reserved":[""],"_immonex_is_available":["1"],"_immonex_areabutler_url_with_address":[""],"_immonex_areabutler_url_no_address":[""],"_immonex_areabutler_url":[""],"additional_features":["a:17:{i:0;a:2:{s:29:\"fave_additional_feature_title\";s:11:\"Heizungsart\";s:29:\"fave_additional_feature_value\";s:11:\"Fernheizung\";}i:1;a:2:{s:29:\"fave_additional_feature_title\";s:14:\"Nettokaltmiete\";s:29:\"fave_additional_feature_value\";s:13:\"6,90&nbsp;\u20ac\";}i:2;a:2:{s:29:\"fave_additional_feature_title\";s:9:\"Kaltmiete\";s:29:\"fave_additional_feature_value\";s:13:\"6,90&nbsp;\u20ac\";}i:3;a:2:{s:29:\"fave_additional_feature_title\";s:29:\"monatl. Betriebs-\/Nebenkosten\";s:29:\"fave_additional_feature_value\";s:13:\"4,70&nbsp;\u20ac\";}i:4;a:2:{s:29:\"fave_additional_feature_title\";s:33:\"Heizkosten in Warmmiete enthalten\";s:29:\"fave_additional_feature_value\";s:4:\"nein\";}i:5;a:2:{s:29:\"fave_additional_feature_title\";s:32:\"Preise zuz\u00fcglich Mehrwertsteuer\";s:29:\"fave_additional_feature_value\";s:4:\"nein\";}i:6;a:2:{s:29:\"fave_additional_feature_title\";s:23:\"Netto-Kaltmiete pro m\u00b2\";s:29:\"fave_additional_feature_value\";s:13:\"6,90&nbsp;\u20ac\";}i:7;a:2:{s:29:\"fave_additional_feature_title\";s:10:\"MwSt.-Satz\";s:29:\"fave_additional_feature_value\";s:9:\"19&nbsp;%\";}i:8;a:2:{s:29:\"fave_additional_feature_title\";s:12:\"B\u00fcrofl\u00e4che\";s:29:\"fave_additional_feature_value\";s:12:\"260&nbsp;m\u00b2\";}i:9;a:2:{s:29:\"fave_additional_feature_title\";s:16:\"B\u00fcroteilfl\u00e4che\";s:29:\"fave_additional_feature_value\";s:12:\"260&nbsp;m\u00b2\";}i:10;a:2:{s:29:\"fave_additional_feature_title\";s:10:\"Teilbar ab\";s:29:\"fave_additional_feature_value\";s:12:\"260&nbsp;m\u00b2\";}i:11;a:2:{s:29:\"fave_additional_feature_title\";s:19:\"Art der Ausstattung\";s:29:\"fave_additional_feature_value\";s:8:\"Standard\";}i:12;a:2:{s:29:\"fave_additional_feature_title\";s:10:\"Befeuerung\";s:29:\"fave_additional_feature_value\";s:10:\"Fernw\u00e4rme\";}i:13;a:2:{s:29:\"fave_additional_feature_title\";s:10:\"Bodenbelag\";s:29:\"fave_additional_feature_value\";s:7:\"Teppich\";}i:14;a:2:{s:29:\"fave_additional_feature_title\";s:13:\"Stellplatzart\";s:29:\"fave_additional_feature_value\";s:9:\"Freiplatz\";}i:15;a:2:{s:29:\"fave_additional_feature_title\";s:7:\"Zustand\";s:29:\"fave_additional_feature_value\";s:8:\"gepflegt\";}i:16;a:2:{s:29:\"fave_additional_feature_title\";s:27:\"Immobilie ist verf\u00fcgbar ab\";s:29:\"fave_additional_feature_value\";s:17:\"nach Vereinbarung\";}}"],"fave_additional_features_enable":["enable"],"_immonex_custom_fields":["a:7:{s:18:\"Energieausweis-Art\";a:5:{s:14:\"mapping_source\";s:35:\"zustand_angaben->energiepass->epart\";s:4:\"name\";s:0:\"\";s:5:\"group\";s:5:\"epass\";s:5:\"value\";s:11:\"Consumption\";s:19:\"value_before_filter\";s:9:\"VERBRAUCH\";}s:26:\"Energieausweis g\u00fcltig bis\";a:5:{s:14:\"mapping_source\";s:41:\"zustand_angaben->energiepass->gueltig_bis\";s:4:\"name\";s:0:\"\";s:5:\"group\";s:5:\"epass\";s:5:\"value\";s:10:\"11.08.2024\";s:19:\"value_before_filter\";s:10:\"11.08.2024\";}s:21:\"Prim\u00e4renergietr\u00e4ger\";a:5:{s:14:\"mapping_source\";s:29:\"ausstattung->befeuerung:FERN+\";s:4:\"name\";s:0:\"\";s:5:\"group\";s:5:\"epass\";s:5:\"value\";s:10:\"Fernw\u00e4rme\";s:19:\"value_before_filter\";s:10:\"Fernw\u00e4rme\";}s:23:\"Stromverbrauchskennwert\";a:5:{s:14:\"mapping_source\";s:39:\"zustand_angaben->energiepass->stromwert\";s:4:\"name\";s:0:\"\";s:5:\"group\";s:5:\"epass\";s:5:\"value\";s:19:\"34&nbsp;kWh\/(m\u00b2*a)\";s:19:\"value_before_filter\";s:2:\"34\";}s:29:\"Heizenergieverbrauchskennwert\";a:5:{s:14:\"mapping_source\";s:40:\"zustand_angaben->energiepass->waermewert\";s:4:\"name\";s:0:\"\";s:5:\"group\";s:5:\"epass\";s:5:\"value\";s:19:\"81&nbsp;kWh\/(m\u00b2*a)\";s:19:\"value_before_filter\";s:2:\"81\";}s:24:\"Baujahr (Energieausweis)\";a:5:{s:14:\"mapping_source\";s:37:\"zustand_angaben->energiepass->baujahr\";s:4:\"name\";s:0:\"\";s:5:\"group\";s:5:\"epass\";s:5:\"value\";s:4:\"1992\";s:19:\"value_before_filter\";s:4:\"1992\";}s:23:\"Energieausweis-Jahrgang\";a:5:{s:14:\"mapping_source\";s:38:\"zustand_angaben->energiepass->jahrgang\";s:4:\"name\";s:0:\"\";s:5:\"group\";s:5:\"epass\";s:5:\"value\";s:16:\"as from may 2014\";s:19:\"value_before_filter\";s:4:\"2014\";}}"],"_immonex_property_xml_source":["<?xml version=\"1.0\"?>\n<immobilie>\n<objektkategorie>\n<nutzungsart WOHNEN=\"false\" GEWERBE=\"true\"\/>\n<vermarktungsart KAUF=\"false\" MIETE_PACHT=\"true\"\/>\n<objektart>\n<buero_praxen buero_typ=\"BUEROHAUS\"\/>\n<\/objektart>\n<user_defined_simplefield\/>\n<\/objektkategorie>\n<geo>\n<plz>45329<\/plz>\n<ort>Essen<\/ort>\n<strasse>Gladbecker Stra&#xDF;e<\/strasse>\n<hausnummer>425-435<\/hausnummer>\n<land iso_land=\"DEU\"\/>\n<lage_im_bau\/>\n<regionaler_zusatz>Altenessen-Nord<\/regionaler_zusatz>\n<\/geo>\n<kontaktperson>\n<email_zentrale>anfrage@ruhr-real.de<\/email_zentrale>\n<email_direkt>kruse@ruhr-real.de<\/email_direkt>\n<tel_durchw>+49 201 999963-33<\/tel_durchw>\n<tel_fax>+49 201 99 99 63 44<\/tel_fax>\n<tel_handy>+49 162 88 87 076<\/tel_handy>\n<name>Kruse<\/name>\n<vorname>Samuel<\/vorname>\n<anrede>Herr<\/anrede>\n<firma>RUHR REAL GmbH<\/firma>\n<strasse>Holsterhauser Platz<\/strasse>\n<hausnummer>2<\/hausnummer>\n<plz>45147<\/plz>\n<ort>Essen<\/ort>\n<adressfreigabe>true<\/adressfreigabe>\n<\/kontaktperson>\n<preise>\n<nettokaltmiete>6.90<\/nettokaltmiete>\n<kaltmiete>6.90<\/kaltmiete>\n<nebenkosten>4.70<\/nebenkosten>\n<heizkosten_enthalten>false<\/heizkosten_enthalten>\n<zzg_mehrwertsteuer>false<\/zzg_mehrwertsteuer>\n<preis_zeiteinheit\/>\n<mietpreis_pro_qm>6.9000<\/mietpreis_pro_qm>\n<provisionspflichtig>false<\/provisionspflichtig>\n<waehrung iso_waehrung=\"EUR\"\/>\n<mwst_satz>19.00<\/mwst_satz>\n<stp_carport\/>\n<stp_duplex\/>\n<stp_freiplatz\/>\n<stp_garage\/>\n<stp_parkhaus\/>\n<stp_tiefgarage\/>\n<\/preise>\n<bieterverfahren\/>\n<versteigerung\/>\n<flaechen>\n<bueroflaeche>260<\/bueroflaeche>\n<bueroteilflaeche>260<\/bueroteilflaeche>\n<teilbar_ab>260<\/teilbar_ab>\n<anzahl_stellplaetze type=\"xsd:decimal\">20<\/anzahl_stellplaetze>\n<\/flaechen>\n<ausstattung>\n<ausstatt_kategorie>STANDARD<\/ausstatt_kategorie>\n<raeume_veraenderbar>true<\/raeume_veraenderbar>\n<bad\/>\n<kueche\/>\n<boden TEPPICH=\"true\"\/>\n<heizungsart FERN=\"true\"\/>\n<befeuerung FERN=\"true\"\/>\n<fahrstuhl PERSONEN=\"true\"\/>\n<stellplatzart FREIPLATZ=\"true\"\/>\n<ausricht_balkon_terrasse\/>\n<barrierefrei>true<\/barrierefrei>\n<angeschl_gastronomie\/>\n<sicherheitstechnik\/>\n<\/ausstattung>\n<zustand_angaben>\n<baujahr>1992<\/baujahr>\n<zustand zustand_art=\"GEPFLEGT\"\/>\n<energiepass>\n<epart>VERBRAUCH<\/epart>\n<gueltig_bis>11.08.2024<\/gueltig_bis>\n<stromwert>34<\/stromwert>\n<waermewert>81<\/waermewert>\n<baujahr>1992<\/baujahr>\n<jahrgang>2014<\/jahrgang>\n<\/energiepass>\n<\/zustand_angaben>\n<bewertung\/>\n<infrastruktur\/>\n<freitexte>\n<objekttitel>Repr&#xE4;sentative Kombination aus B&#xFC;ro- und Hallenfl&#xE4;chen | verkehrsg&#xFC;nstige Lage<\/objekttitel>\n<lage>Das Objekt befindet sich auf der sehr bekannten und gut frequentierten Gladbecker Stra&#xDF;e. In nur wenigen Fahrminuten sind die Autobahnanschl&#xFC;sse A40 und A42 erreichbar. Die S-Bahn-Station \"Altessener-Bahnhof\" ist nur zwei Minuten mit dem Bus entfernt und f&#xE4;hrt direkt zum Essener Hauptbahnhof. Die Innenstadt ist ebenfalls nur wenige Fahrminuten entfernt. Im Umfeld gibt es ein breites gastronomisches Angebot. \n\nBedeutende Unternehmen in der B&#xFC;romarktzone: Bilfinger Piping Technologies, Computacenter, Metro, Open Grid Europe, SAG GmbH, Strabag\n\nHotels in der Umgebung: Astoria Business Hotel, Hotel B&#xF6;ll Essen, Ibis Budget Essen Nord<\/lage>\n<ausstatt_beschr>&#x2022; flexible Raumaufteilung \n&#x2022; BAP-Beleuchtung\n&#x2022; elektrischer, au&#xDF;enliegender Sonnenschutz (zur Sonnenseite)\n&#x2022; antistatischer, stuhlrollenfester Teppichboden \n&#x2022; Fensterbankkabelkan&#xE4;le<\/ausstatt_beschr>\n<objektbeschreibung>Der Service-Park Essen setzt sich aus insgesamt 4 Liegeschaften mit jeweils zwei&#x2013; bis dreigeschossigen Geb&#xE4;uden zusammen. Die B&#xFC;ro-Hallen-Kombinationen wurden 1992 erbaut und werden kontinuierlich modernisiert. Die attraktive und moderne Fensterfront erm&#xF6;glicht nicht nur ein Arbeiten bei Tageslicht, sondern ist aufgrund der Doppelfassade auch schallisolierend.\nDie Immobilie liegt direkt an der Gladbecker Stra&#xDF;e, einer der Haupteinfallsstra&#xDF;en ins Essener Zentrum, und bietet neben einer verkehrsg&#xFC;nstigen Lage auch zahlreiche Parkm&#xF6;glichkeiten auf dem gesamten Grundst&#xFC;ck.\n\nDerzeit stehen die folgenden Fl&#xE4;chen zur Disposition: \n\n\nH425:\nEG B&#xFC;ro: 260,05 m&#xB2;\nEG Halle: 243,90 m&#xB2;\nDie Fl&#xE4;chen sind nur zusammenh&#xE4;ngend zu vermieten.\n\nH431a:\nEG B&#xFC;ro: 113,58 m&#xB2;\nEG Halle: 331,79 m&#xB2;\nDie Fl&#xE4;chen sind nur zusammenh&#xE4;ngend zu vermieten.\n\nH435:\n1. OG: 152,23 m&#xB2;\nEG Halle : 256,78 m&#xB2;\n<\/objektbeschreibung><\/freitexte>\n<anhaenge>\n<anhang location=\"EXTERN\" gruppe=\"TITELBILD\">\n<anhangtitel>Stra&#xDF;enansicht<\/anhangtitel>\n<format>jpg<\/format>\n<daten>\n<pfad>8bfa80320ae943de97a96f716d9264af.jpg<\/pfad>\n<\/daten>\n<\/anhang>\n<anhang location=\"EXTERN\" gruppe=\"BILD\">\n<anhangtitel>Geb&#xE4;udeansicht<\/anhangtitel>\n<format>jpg<\/format>\n<daten>\n<pfad>1ff92a4d293c443380768760ffd56f31.jpg<\/pfad>\n<\/daten>\n<\/anhang>\n<anhang location=\"EXTERN\" gruppe=\"BILD\">\n<anhangtitel>Treppenhaus<\/anhangtitel>\n<format>JPG<\/format>\n<daten>\n<pfad>602e2db64fd943c483c0e0d8b7a39337.JPG<\/pfad>\n<\/daten>\n<\/anhang>\n<anhang location=\"EXTERN\" gruppe=\"BILD\">\n<anhangtitel>B&#xFC;rofl&#xE4;che<\/anhangtitel>\n<format>JPG<\/format>\n<daten>\n<pfad>8531ceb641804f31a14946c57730db2a.JPG<\/pfad>\n<\/daten>\n<\/anhang>\n<anhang location=\"EXTERN\" gruppe=\"BILD\">\n<anhangtitel>B&#xFC;ro<\/anhangtitel>\n<format>jpg<\/format>\n<daten>\n<pfad>5a026722e3ec44e99ab675429a2a4c46.jpg<\/pfad>\n<\/daten>\n<\/anhang>\n<anhang location=\"EXTERN\" gruppe=\"BILD\">\n<anhangtitel>B&#xFC;ro<\/anhangtitel>\n<format>jpg<\/format>\n<daten>\n<pfad>c5188c61d25c4832a2d49a805d693944.jpg<\/pfad>\n<\/daten>\n<\/anhang>\n<anhang location=\"EXTERN\" gruppe=\"BILD\">\n<anhangtitel>Teek&#xFC;che<\/anhangtitel>\n<format>jpg<\/format>\n<daten>\n<pfad>9776e957a16f4349a8acd311a8e7f432.jpg<\/pfad>\n<\/daten>\n<\/anhang>\n<anhang location=\"EXTERN\" gruppe=\"GRUNDRISS\">\n<anhangtitel>EG (H425)<\/anhangtitel>\n<format>JPG<\/format>\n<daten>\n<pfad>97ffcef5b61f4c47a00b5c5e34ecd7ad.JPG<\/pfad>\n<\/daten>\n<\/anhang>\n<\/anhaenge>\n<verwaltung_objekt>\n<objektadresse_freigeben>false<\/objektadresse_freigeben>\n<verfuegbar_ab>nach Vereinbarung<\/verfuegbar_ab>\n<gruppennummer>1<\/gruppennummer>\n<geschlecht\/>\n<gewerbliche_nutzung>true<\/gewerbliche_nutzung>\n<\/verwaltung_objekt>\n<verwaltung_techn>\n<objektnr_intern>4FE8BC352560496A984416F94A9F7B84<\/objektnr_intern>\n<objektnr_extern>125\/E1<\/objektnr_extern>\n<aktion aktionart=\"CHANGE\"\/>\n<openimmo_obid>4FE8BC352560496A984416F94A9F7B84<\/openimmo_obid>\n<kennung_ursprung>estatePro V10.0.0.8<\/kennung_ursprung>\n<stand_vom>2026-04-10<\/stand_vom>\n<\/verwaltung_techn>\n<user_defined_simplefield feldname=\"Startseite\">Nein<\/user_defined_simplefield>\n<\/immobilie>\n"],"_immonex_energy_class":[""],"_immonex_energy_class_id":["0"],"_thumbnail_id":["187415"],"fave_property_images":["187415","187416","187417","187418","187419","187420","187421"],"fave_floor_plans_enable":["enable"],"floor_plans":["a:1:{i:0;a:7:{s:15:\"fave_plan_title\";s:9:\"EG (H425)\";s:15:\"fave_plan_rooms\";s:0:\"\";s:19:\"fave_plan_bathrooms\";s:0:\"\";s:15:\"fave_plan_price\";s:0:\"\";s:14:\"fave_plan_size\";s:0:\"\";s:15:\"fave_plan_image\";s:84:\"https:\/\/ruhr-real.de\/wp-content\/uploads\/2026\/04\/97ffcef5b61f4c47a00b5c5e34ecd7ad.jpg\";s:21:\"fave_plan_description\";s:0:\"\";}}"],"fave_prop_homeslider":["yes"],"fave_prop_slider_image":["187415"],"fave_agents":["152858"],"fave_agent_display_option":["agent_info"],"fave_single_top_area":["global"],"fave_single_content_area":["global"],"fave_property_map":["1"],"fave_property_map_street_view":["hide"],"fave_property_size_prefix":["m\u00b2"],"fave_property_land_postfix":["m\u00b2"],"fave_featured":["0"],"houzez_featured_listing_date":[""],"fave_property_price_postfix":["pro&nbsp;m\u00b2"],"fave_currency":["EUR"],"fave_currency_info":["a:8:{s:2:\"id\";s:1:\"1\";s:13:\"currency_name\";s:4:\"Euro\";s:13:\"currency_code\";s:3:\"EUR\";s:15:\"currency_symbol\";s:3:\"\u20ac\";s:17:\"currency_position\";s:5:\"after\";s:16:\"currency_decimal\";s:1:\"2\";s:26:\"currency_decimal_separator\";s:1:\",\";s:27:\"currency_thousand_separator\";s:1:\".\";}"],"_wpml_word_count":["325"],"houzez_total_property_views":["148"],"houzez_views_by_date":["a:20:{s:10:\"04-10-2026\";i:3;s:10:\"04-11-2026\";i:8;s:10:\"04-12-2026\";i:8;s:10:\"04-13-2026\";i:8;s:10:\"04-14-2026\";i:8;s:10:\"04-15-2026\";i:8;s:10:\"04-16-2026\";i:8;s:10:\"04-17-2026\";i:8;s:10:\"04-18-2026\";i:8;s:10:\"04-19-2026\";i:8;s:10:\"04-20-2026\";i:8;s:10:\"04-21-2026\";i:8;s:10:\"04-22-2026\";i:8;s:10:\"04-23-2026\";i:6;s:10:\"04-24-2026\";i:8;s:10:\"04-25-2026\";i:8;s:10:\"04-26-2026\";i:8;s:10:\"04-27-2026\";i:8;s:10:\"04-28-2026\";i:5;s:10:\"04-29-2026\";i:6;}"],"houzez_recently_viewed":["2026-04-29 14:50:57"],"_elementor_page_assets":["a:0:{}"]},"_links":{"self":[{"href":"https:\/\/ruhr-real.de\/en\/wp-json\/wp\/v2\/properties\/187371","targetHints":{"allow":["GET"]}}],"collection":[{"href":"https:\/\/ruhr-real.de\/en\/wp-json\/wp\/v2\/properties"}],"about":[{"href":"https:\/\/ruhr-real.de\/en\/wp-json\/wp\/v2\/types\/property"}],"author":[{"embeddable":true,"href":"https:\/\/ruhr-real.de\/en\/wp-json\/wp\/v2\/users\/1"}],"version-history":[{"count":0,"href":"https:\/\/ruhr-real.de\/en\/wp-json\/wp\/v2\/properties\/187371\/revisions"}],"wp:featuredmedia":[{"embeddable":true,"href":"https:\/\/ruhr-real.de\/en\/wp-json\/wp\/v2\/media\/187415"}],"wp:attachment":[{"href":"https:\/\/ruhr-real.de\/en\/wp-json\/wp\/v2\/media?parent=187371"}],"wp:term":[{"taxonomy":"property_type","embeddable":true,"href":"https:\/\/ruhr-real.de\/en\/wp-json\/wp\/v2\/property_type?post=187371"},{"taxonomy":"property_status","embeddable":true,"href":"https:\/\/ruhr-real.de\/en\/wp-json\/wp\/v2\/property_status?post=187371"},{"taxonomy":"property_feature","embeddable":true,"href":"https:\/\/ruhr-real.de\/en\/wp-json\/wp\/v2\/property_feature?post=187371"},{"taxonomy":"property_label","embeddable":true,"href":"https:\/\/ruhr-real.de\/en\/wp-json\/wp\/v2\/property_label?post=187371"},{"taxonomy":"property_country","embeddable":true,"href":"https:\/\/ruhr-real.de\/en\/wp-json\/wp\/v2\/property_country?post=187371"},{"taxonomy":"property_state","embeddable":true,"href":"https:\/\/ruhr-real.de\/en\/wp-json\/wp\/v2\/property_state?post=187371"},{"taxonomy":"property_city","embeddable":true,"href":"https:\/\/ruhr-real.de\/en\/wp-json\/wp\/v2\/property_city?post=187371"},{"taxonomy":"property_area","embeddable":true,"href":"https:\/\/ruhr-real.de\/en\/wp-json\/wp\/v2\/property_area?post=187371"}],"curies":[{"name":"wp","href":"https:\/\/api.w.org\/{rel}","templated":true}]}}