{"id":187663,"date":"2026-04-15T00:01:39","date_gmt":"2026-04-14T22:01:39","guid":{"rendered":"https:\/\/ruhr-real.de\/objekt\/attraktive-bueroflaeche-in-zentraler-lage-der-neustadt-nord\/"},"modified":"2026-04-15T00:01:39","modified_gmt":"2026-04-14T22:01:39","slug":"attraktive-bueroflaeche-in-zentraler-lage-der-neustadt-nord","status":"publish","type":"property","link":"https:\/\/ruhr-real.de\/en\/objekt\/attraktive-bueroflaeche-in-zentraler-lage-der-neustadt-nord\/","title":{"rendered":"Attraktive B\u00fcrofl\u00e4che in zentraler Lage der Neustadt-Nord"},"content":{"rendered":"<p>Das Objekt befindet sich im prestigetr\u00e4chtigen Viertel Neustadt-Nord in K\u00f6ln und \u00fcberzeugt durch seine hervorragende Lage am Hansaring, einer der zentralen Verkehrsachsen der Stadt. Die B\u00fcrofl\u00e4che im 2. Obergeschoss umfasst ca. 240 m\u00b2 und bietet eine flexible Raumaufteilung, die individuell an die Bed\u00fcrfnisse des Mieters angepasst werden kann.<br \/>\nDas Geb\u00e4ude verf\u00fcgt \u00fcber zwei Personenaufz\u00fcge, Bodentanks f\u00fcr die Verkabelung, au\u00dfenliegenden Sonnenschutz sowie einen nachr\u00fcstbaren Klimatisierungsanschluss. Der Bodenbelag kann nach Mieterwunsch gestaltet werden.<br \/>\nDank der hellen R\u00e4ume, der modernen technischen Ausstattung und der repr\u00e4sentativen Lage eignet sich das Objekt ideal f\u00fcr Unternehmen, die Wert auf Komfort, Erreichbarkeit und ein professionelles Arbeitsumfeld legen. Stellpl\u00e4tze sind im Haus verf\u00fcgbar (1 Stellplatz je 58 m\u00b2).<\/p>\n<p>Die angebotene Immobilie ist nahe des Media Park in K\u00f6ln n\u00f6rdlich der Innenstadt situiert und verf\u00fcgt \u00fcber eine hervorragende \u00d6PNV-Anbindung. Bushaltestellen und die n\u00e4chste S-Bahn Haltestelle ist lediglich 4 Gehminuten entfernt. Dar\u00fcber hinaus kann die Autobahnauffahrt zur A57 innerhalb weniger Fahrminuten erreicht. Die \u00f6rtliche Nahversorgung wird durch Superm\u00e4rkte und in n\u00e4chster N\u00e4he liegenden Restaurants gesichert.<\/p>\n<p>Bedeutende Unternehmen in der B\u00fcromarktzone: Media Park K\u00f6ln, Interhyp Baufinanzierung, VDV eTicket Service GmbH &amp; Co. KG, VSB-Bildungswerk, Fresenius Fachhochschulen<\/p>\n<p>Hotels in der Umgebung: Hotel NH Collection K\u00f6ln Mediapark, Hotel Windsor, City Hotel Storch, Premier Inn City Mediapark Hotel, Lindner Hotel Cologne am Dom<\/p>\n<p>\u2022 Top-Lage am Hansaring im Viertel Neustadt-Nord<br \/>\n\u2022<\/p>\n<p>Nur 900 m zur Innenstadt und zum Bahnhof K\u00f6ln-West<br \/>\n\u2022Exzellente Anbindung an \u00d6PNV, Autobahn (2 km) und Flughafen (18 km)<\/p>\n<p>\u2022Flexible Raumaufteilung und individuelle Gestaltungsm\u00f6glichkeiten<br \/>\n\u2022<\/p>\n<p>Bodentanks, Glasfaseranschluss und au\u00dfenliegender Sonnenschutz<\/p>\n<p>\u2022Zwei Personenaufz\u00fcge im Geb\u00e4ude<\/p>\n<p>Stellpl\u00e4tze verf\u00fcgbar (120 EUR\/Stk.)<\/p>\n<p>\u2022Repr\u00e4sentative Lage mit Gastronomie (50 m) und Einkaufsm\u00f6glichkeiten (100 m) direkt in der Umgebung<\/p>\n<p>Es gelten ausschlie\u00dflich unsere AGB (www.ruhr-real.de\/agb). Wir m\u00f6chten Sie darauf hinweisen, dass die Angaben ausschlie\u00dflich auf den uns vom Eigent\u00fcmer \u00fcbermittelten Unterlagen und Informationen basieren. F\u00fcr Richtigkeit und Vollst\u00e4ndigkeit \u00fcbernehmen wir keine Gew\u00e4hr. Zwischenvermietung vorbehalten.<br \/>\n<div class=\"widget widget_immonex_user_defined_properties_widget\"><div class=\"immonex-widget immonex-widget-houzez\">\n\t\t<div class=\"immonex-widget-title clearfix\">\n\t\t<h2 class=\"widgettitle\">Energieeffizienz<\/h2>\t<\/div>\n\t\t<ul class=\"immonex-property-details row list-lined list-unstyled\">\n\t\t\t\t<li>\n\t\t\t<div class=\"list-lined-item w-100 d-flex justify-content-between py-2\">\n\t\t\t\t\t\t\t\t<strong class=\"property-details-label\">Energieausweis-Jahrgang:<\/strong>&nbsp;<span class=\"property-details-value\">not available<\/span>\n\t\t\t\t\t\t\t<\/div>\n\t\t<\/li>\n\t\t\t<\/ul>\n<\/div><\/div><\/p>\n","protected":false},"excerpt":{"rendered":"<p>Das Objekt befindet sich im prestigetr\u00e4chtigen Viertel Neustadt-Nord in K\u00f6ln und \u00fcberzeugt durch seine hervorragende&#8230;<\/p>\n","protected":false},"author":1,"featured_media":187664,"parent":0,"menu_order":0,"template":"","property_type":[379],"property_status":[352],"property_feature":[354],"property_label":[],"property_country":[353],"property_state":[],"property_city":[336],"property_area":[],"class_list":["post-187663","property","type-property","status-publish","has-post-thumbnail","hentry","property_type-bueroflaechen","property_status-zu-vermieten","property_feature-personenaufzug","property_country-deutschland","property_city-koln"],"acf":[],"property_meta":{"rank_math_internal_links_processed":["1"],"copied_media_ids":["a:0:{}"],"referenced_media_ids":["a:0:{}"],"_immonex_post_status":["new"],"_immonex_import_folder":["users\/RUHRREAL"],"fave_property_map_address":["50670 K\u00f6ln"],"fave_property_zip":["50670"],"fave_property_country":["DE"],"_immonex_lat":["50.9566582"],"_immonex_lng":["6.9664003"],"houzez_geolocation_lat":["50.9566582"],"houzez_geolocation_long":["6.9664003"],"fave_property_location":["50.9566582,6.9664003"],"fave_property_price":["16.50"],"fave_property_sec_price":["16.5000"],"fave_property_size":["240"],"fave_property_year":["1961\/1992"],"fave_property_id":["4079\/E1"],"_fave_property_id":["4079\/E1"],"_immonex_translation_id":["4079\/E1"],"_immonex_iso_country":["DEU"],"_openimmo_obid":["C5B488E788EF47AF867AC841628BB4C7"],"_openimmo_anid":["0000"],"_immonex_group_number":[""],"_immonex_group_id":[""],"_immonex_group_master":[""],"_immonex_import_meta":["a:6:{s:8:\"zip_file\";s:131:\"\/www\/htdocs\/w0172e0e\/ruhr-real_2024\/wp-content\/uploads\/immonex-openimmo-import\/users\/RUHRREAL\/Immowelt_estatePro_20260415095832.zip\";s:8:\"xml_file\";s:158:\"\/www\/htdocs\/w0172e0e\/ruhr-real_2024\/wp-content\/uploads\/immonex-openimmo-import\/immowelt_estatepro_20260415095832\/Homepage_2024_NEW_estatePro20260415095832.xml\";s:12:\"mapping_file\";s:116:\"\/www\/htdocs\/w0172e0e\/ruhr-real_2024\/wp-content\/uploads\/immonex-openimmo-import\/mappings\/houzez_ruhrreal_20260325.csv\";s:9:\"timestamp\";i:1776239919;s:4:\"date\";s:10:\"2026-04-15\";s:4:\"time\";s:8:\"09:58:39\";}"],"_is_immonex_import_property":["1"],"_immonex_is_reference":[""],"_immonex_is_sold":[""],"_immonex_is_reserved":[""],"_immonex_is_available":["1"],"_immonex_areabutler_url_with_address":[""],"_immonex_areabutler_url_no_address":[""],"_immonex_areabutler_url":[""],"additional_features":["a:15:{i:0;a:2:{s:29:\"fave_additional_feature_title\";s:14:\"Nettokaltmiete\";s:29:\"fave_additional_feature_value\";s:14:\"16,50&nbsp;\u20ac\";}i:1;a:2:{s:29:\"fave_additional_feature_title\";s:9:\"Kaltmiete\";s:29:\"fave_additional_feature_value\";s:14:\"16,50&nbsp;\u20ac\";}i:2;a:2:{s:29:\"fave_additional_feature_title\";s:9:\"Warmmiete\";s:29:\"fave_additional_feature_value\";s:11:\"21&nbsp;\u20ac\";}i:3;a:2:{s:29:\"fave_additional_feature_title\";s:33:\"Heizkosten in Warmmiete enthalten\";s:29:\"fave_additional_feature_value\";s:4:\"nein\";}i:4;a:2:{s:29:\"fave_additional_feature_title\";s:32:\"Preise zuz\u00fcglich Mehrwertsteuer\";s:29:\"fave_additional_feature_value\";s:4:\"nein\";}i:5;a:2:{s:29:\"fave_additional_feature_title\";s:23:\"Netto-Kaltmiete pro m\u00b2\";s:29:\"fave_additional_feature_value\";s:14:\"16,50&nbsp;\u20ac\";}i:6;a:2:{s:29:\"fave_additional_feature_title\";s:10:\"MwSt.-Satz\";s:29:\"fave_additional_feature_value\";s:9:\"19&nbsp;%\";}i:7;a:2:{s:29:\"fave_additional_feature_title\";s:12:\"B\u00fcrofl\u00e4che\";s:29:\"fave_additional_feature_value\";s:12:\"240&nbsp;m\u00b2\";}i:8;a:2:{s:29:\"fave_additional_feature_title\";s:16:\"B\u00fcroteilfl\u00e4che\";s:29:\"fave_additional_feature_value\";s:12:\"240&nbsp;m\u00b2\";}i:9;a:2:{s:29:\"fave_additional_feature_title\";s:10:\"Teilbar ab\";s:29:\"fave_additional_feature_value\";s:12:\"240&nbsp;m\u00b2\";}i:10;a:2:{s:29:\"fave_additional_feature_title\";s:19:\"Art der Ausstattung\";s:29:\"fave_additional_feature_value\";s:8:\"Standard\";}i:11;a:2:{s:29:\"fave_additional_feature_title\";s:10:\"Bodenbelag\";s:29:\"fave_additional_feature_value\";s:37:\"Teppich, Parkett, Laminat, Kunststoff\";}i:12;a:2:{s:29:\"fave_additional_feature_title\";s:6:\"K\u00fcche\";s:29:\"fave_additional_feature_value\";s:13:\"Pantry-K\u00fcche\";}i:13;a:2:{s:29:\"fave_additional_feature_title\";s:7:\"Zustand\";s:29:\"fave_additional_feature_value\";s:8:\"gepflegt\";}i:14;a:2:{s:29:\"fave_additional_feature_title\";s:27:\"Immobilie ist verf\u00fcgbar ab\";s:29:\"fave_additional_feature_value\";s:17:\"sofort verf\u00fcgbar\";}}"],"fave_additional_features_enable":["enable"],"_immonex_custom_fields":["a:1:{s:23:\"Energieausweis-Jahrgang\";a:5:{s:14:\"mapping_source\";s:38:\"zustand_angaben->energiepass->jahrgang\";s:4:\"name\";s:0:\"\";s:5:\"group\";s:5:\"epass\";s:5:\"value\";s:13:\"not available\";s:19:\"value_before_filter\";s:4:\"ohne\";}}"],"_immonex_property_xml_source":["<?xml version=\"1.0\"?>\n<immobilie>\n<objektkategorie>\n<nutzungsart WOHNEN=\"false\" GEWERBE=\"true\"\/>\n<vermarktungsart KAUF=\"false\" MIETE_PACHT=\"true\"\/>\n<objektart>\n<buero_praxen buero_typ=\"BUEROHAUS\"\/>\n<\/objektart>\n<user_defined_simplefield\/>\n<\/objektkategorie>\n<geo>\n<plz>50670<\/plz>\n<ort>K&#xF6;ln<\/ort>\n<strasse>Hansaring<\/strasse>\n<hausnummer>55-61<\/hausnummer>\n<land iso_land=\"DEU\"\/>\n<lage_im_bau\/>\n<\/geo>\n<kontaktperson>\n<email_zentrale>anfrage@ruhr-real.de<\/email_zentrale>\n<email_direkt>laufenberg@ruhr-real.de<\/email_direkt>\n<tel_durchw>+49 221 273 229 33<\/tel_durchw>\n<tel_handy>+49 162 1728000<\/tel_handy>\n<name>Laufenberg<\/name>\n<vorname>Lars<\/vorname>\n<anrede>Herr<\/anrede>\n<firma>RUHR REAL GmbH<\/firma>\n<strasse>Holsterhauser Platz<\/strasse>\n<hausnummer>2<\/hausnummer>\n<plz>45147<\/plz>\n<ort>Essen<\/ort>\n<adressfreigabe>true<\/adressfreigabe>\n<\/kontaktperson>\n<preise>\n<nettokaltmiete>16.50<\/nettokaltmiete>\n<kaltmiete>16.50<\/kaltmiete>\n<warmmiete>21.00<\/warmmiete>\n<heizkosten_enthalten>false<\/heizkosten_enthalten>\n<zzg_mehrwertsteuer>false<\/zzg_mehrwertsteuer>\n<preis_zeiteinheit\/>\n<mietpreis_pro_qm>16.5000<\/mietpreis_pro_qm>\n<provisionspflichtig>false<\/provisionspflichtig>\n<waehrung iso_waehrung=\"EUR\"\/>\n<mwst_satz>19.00<\/mwst_satz>\n<stp_carport\/>\n<stp_duplex\/>\n<stp_freiplatz\/>\n<stp_garage\/>\n<stp_parkhaus\/>\n<stp_tiefgarage\/>\n<\/preise>\n<bieterverfahren\/>\n<versteigerung\/>\n<flaechen>\n<bueroflaeche>240<\/bueroflaeche>\n<bueroteilflaeche>240<\/bueroteilflaeche>\n<teilbar_ab>240<\/teilbar_ab>\n<anzahl_stellplaetze type=\"xsd:decimal\">2<\/anzahl_stellplaetze>\n<\/flaechen>\n<ausstattung>\n<ausstatt_kategorie>STANDARD<\/ausstatt_kategorie>\n<bad\/>\n<kueche PANTRY=\"true\"\/>\n<boden TEPPICH=\"true\" PARKETT=\"true\" LAMINAT=\"true\" KUNSTSTOFF=\"true\"\/>\n<heizungsart\/>\n<befeuerung\/>\n<fahrstuhl PERSONEN=\"true\"\/>\n<ausricht_balkon_terrasse\/>\n<angeschl_gastronomie\/>\n<sicherheitstechnik\/>\n<\/ausstattung>\n<zustand_angaben>\n<baujahr>1961\/1992<\/baujahr>\n<zustand zustand_art=\"GEPFLEGT\"\/>\n<energiepass>\n<jahrgang>ohne<\/jahrgang>\n<\/energiepass>\n<\/zustand_angaben>\n<bewertung\/>\n<infrastruktur\/>\n<freitexte>\n<objekttitel>Attraktive B&#xFC;rofl&#xE4;che in zentraler Lage der Neustadt-Nord<\/objekttitel>\n<lage>Die angebotene Immobilie ist nahe des Media Park in K&#xF6;ln n&#xF6;rdlich der Innenstadt situiert und verf&#xFC;gt &#xFC;ber eine hervorragende &#xD6;PNV-Anbindung. Bushaltestellen und die n&#xE4;chste S-Bahn Haltestelle ist lediglich 4 Gehminuten entfernt. Dar&#xFC;ber hinaus kann die Autobahnauffahrt zur A57 innerhalb weniger Fahrminuten erreicht. Die &#xF6;rtliche Nahversorgung wird durch Superm&#xE4;rkte und in n&#xE4;chster N&#xE4;he liegenden Restaurants gesichert.\n\nBedeutende Unternehmen in der B&#xFC;romarktzone: Media Park K&#xF6;ln, Interhyp Baufinanzierung, VDV eTicket Service GmbH &amp; Co. KG, VSB-Bildungswerk, Fresenius Fachhochschulen\n\nHotels in der Umgebung: Hotel NH Collection K&#xF6;ln Mediapark, Hotel Windsor, City Hotel Storch, Premier Inn City Mediapark Hotel, Lindner Hotel Cologne am Dom<\/lage>\n<ausstatt_beschr>&#x2022; Top-Lage am Hansaring im Viertel Neustadt-Nord\n&#x2022;\n\nNur 900 m zur Innenstadt und zum Bahnhof K&#xF6;ln-West\n&#x2022;Exzellente Anbindung an &#xD6;PNV, Autobahn (2 km) und Flughafen (18 km)\n\n\n&#x2022;Flexible Raumaufteilung und individuelle Gestaltungsm&#xF6;glichkeiten\n&#x2022;\n\nBodentanks, Glasfaseranschluss und au&#xDF;enliegender Sonnenschutz\n\n\n&#x2022;Zwei Personenaufz&#xFC;ge im Geb&#xE4;ude\n\nStellpl&#xE4;tze verf&#xFC;gbar (120 EUR\/Stk.)\n\n\n&#x2022;Repr&#xE4;sentative Lage mit Gastronomie (50 m) und Einkaufsm&#xF6;glichkeiten (100 m) direkt in der Umgebung<\/ausstatt_beschr>\n<objektbeschreibung>Das Objekt befindet sich im prestigetr&#xE4;chtigen Viertel Neustadt-Nord in K&#xF6;ln und &#xFC;berzeugt durch seine hervorragende Lage am Hansaring, einer der zentralen Verkehrsachsen der Stadt. Die B&#xFC;rofl&#xE4;che im 2. Obergeschoss umfasst ca. 240 m&#xB2; und bietet eine flexible Raumaufteilung, die individuell an die Bed&#xFC;rfnisse des Mieters angepasst werden kann.\nDas Geb&#xE4;ude verf&#xFC;gt &#xFC;ber zwei Personenaufz&#xFC;ge, Bodentanks f&#xFC;r die Verkabelung, au&#xDF;enliegenden Sonnenschutz sowie einen nachr&#xFC;stbaren Klimatisierungsanschluss. Der Bodenbelag kann nach Mieterwunsch gestaltet werden.\nDank der hellen R&#xE4;ume, der modernen technischen Ausstattung und der repr&#xE4;sentativen Lage eignet sich das Objekt ideal f&#xFC;r Unternehmen, die Wert auf Komfort, Erreichbarkeit und ein professionelles Arbeitsumfeld legen. Stellpl&#xE4;tze sind im Haus verf&#xFC;gbar (1 Stellplatz je 58 m&#xB2;).<\/objektbeschreibung><sonstige_angaben>Es gelten ausschlie&#xDF;lich unsere AGB (www.ruhr-real.de\/agb). Wir m&#xF6;chten Sie darauf hinweisen, dass die Angaben ausschlie&#xDF;lich auf den uns vom Eigent&#xFC;mer &#xFC;bermittelten Unterlagen und Informationen basieren. F&#xFC;r Richtigkeit und Vollst&#xE4;ndigkeit &#xFC;bernehmen wir keine Gew&#xE4;hr. Zwischenvermietung vorbehalten.<\/sonstige_angaben>\n<\/freitexte>\n<anhaenge>\n<anhang location=\"EXTERN\" gruppe=\"TITELBILD\">\n<anhangtitel>Stra&#xDF;enblick<\/anhangtitel>\n<format>jpg<\/format>\n<daten>\n<pfad>f1cf8397906c41c4871b0e09778863b7.jpg<\/pfad>\n<\/daten>\n<\/anhang>\n<anhang location=\"EXTERN\" gruppe=\"BILD\">\n<anhangtitel>Haupttreppen<\/anhangtitel>\n<format>jpg<\/format>\n<daten>\n<pfad>495c19c1661144488f71b862fd9f6ce9.jpg<\/pfad>\n<\/daten>\n<\/anhang>\n<anhang location=\"EXTERN\" gruppe=\"BILD\">\n<anhangtitel>Au&#xDF;enblick 1<\/anhangtitel>\n<format>jpg<\/format>\n<daten>\n<pfad>d9a590a151be4925b1c4bf3f20093a56.jpg<\/pfad>\n<\/daten>\n<\/anhang>\n<anhang location=\"EXTERN\" gruppe=\"BILD\">\n<anhangtitel>Innenblick 1<\/anhangtitel>\n<format>jpg<\/format>\n<daten>\n<pfad>d3716ee7068f490ca6026b959fc907d4.jpg<\/pfad>\n<\/daten>\n<\/anhang>\n<anhang location=\"EXTERN\" gruppe=\"BILD\">\n<anhangtitel>Innenblick 2<\/anhangtitel>\n<format>jpg<\/format>\n<daten>\n<pfad>d6f253f9e065416fbe08927808b4daec.jpg<\/pfad>\n<\/daten>\n<\/anhang>\n<anhang location=\"EXTERN\" gruppe=\"BILD\">\n<anhangtitel>Innenblick 3<\/anhangtitel>\n<format>jpg<\/format>\n<daten>\n<pfad>8bed6a9b572d467b94ac46cf4bed7c25.jpg<\/pfad>\n<\/daten>\n<\/anhang>\n<anhang location=\"EXTERN\" gruppe=\"BILD\">\n<anhangtitel>Innenblick 4<\/anhangtitel>\n<format>jpg<\/format>\n<daten>\n<pfad>b7f87c4425ec480a8786560a47447f68.jpg<\/pfad>\n<\/daten>\n<\/anhang>\n<\/anhaenge>\n<verwaltung_objekt>\n<objektadresse_freigeben>false<\/objektadresse_freigeben>\n<verfuegbar_ab>sofort verf&#xFC;gbar<\/verfuegbar_ab>\n<geschlecht\/>\n<\/verwaltung_objekt>\n<verwaltung_techn>\n<objektnr_intern>C5B488E788EF47AF867AC841628BB4C7<\/objektnr_intern>\n<objektnr_extern>4079\/E1<\/objektnr_extern>\n<aktion aktionart=\"CHANGE\"\/>\n<openimmo_obid>C5B488E788EF47AF867AC841628BB4C7<\/openimmo_obid>\n<kennung_ursprung>estatePro V10.0.0.8<\/kennung_ursprung>\n<stand_vom>2026-04-15<\/stand_vom>\n<\/verwaltung_techn>\n<user_defined_simplefield feldname=\"Startseite\">Nein<\/user_defined_simplefield>\n<\/immobilie>\n"],"_immonex_energy_class":[""],"_immonex_energy_class_id":["0"],"_thumbnail_id":["187664"],"fave_property_images":["187664","187665","187666","187667","187668","187669","187670"],"fave_floor_plans_enable":["disable"],"fave_prop_homeslider":["yes"],"fave_prop_slider_image":["187664"],"fave_agents":["156439"],"fave_agent_display_option":["agent_info"],"fave_single_top_area":["global"],"fave_single_content_area":["global"],"fave_property_map":["1"],"fave_property_map_street_view":["hide"],"fave_property_size_prefix":["m\u00b2"],"fave_property_land_postfix":["m\u00b2"],"fave_featured":["0"],"houzez_featured_listing_date":[""],"fave_property_price_postfix":["pro&nbsp;m\u00b2"],"fave_currency":["EUR"],"fave_currency_info":["a:8:{s:2:\"id\";s:1:\"1\";s:13:\"currency_name\";s:4:\"Euro\";s:13:\"currency_code\";s:3:\"EUR\";s:15:\"currency_symbol\";s:3:\"\u20ac\";s:17:\"currency_position\";s:5:\"after\";s:16:\"currency_decimal\";s:1:\"2\";s:26:\"currency_decimal_separator\";s:1:\",\";s:27:\"currency_thousand_separator\";s:1:\".\";}"],"_wpml_word_count":["452"],"houzez_total_property_views":["109"],"houzez_views_by_date":["a:15:{s:10:\"04-15-2026\";i:6;s:10:\"04-16-2026\";i:8;s:10:\"04-17-2026\";i:8;s:10:\"04-18-2026\";i:8;s:10:\"04-19-2026\";i:8;s:10:\"04-20-2026\";i:8;s:10:\"04-21-2026\";i:8;s:10:\"04-22-2026\";i:8;s:10:\"04-23-2026\";i:6;s:10:\"04-24-2026\";i:7;s:10:\"04-25-2026\";i:8;s:10:\"04-26-2026\";i:8;s:10:\"04-27-2026\";i:8;s:10:\"04-28-2026\";i:5;s:10:\"04-29-2026\";i:5;}"],"houzez_recently_viewed":["2026-04-29 13:30:14"],"_elementor_page_assets":["a:0:{}"]},"_links":{"self":[{"href":"https:\/\/ruhr-real.de\/en\/wp-json\/wp\/v2\/properties\/187663","targetHints":{"allow":["GET"]}}],"collection":[{"href":"https:\/\/ruhr-real.de\/en\/wp-json\/wp\/v2\/properties"}],"about":[{"href":"https:\/\/ruhr-real.de\/en\/wp-json\/wp\/v2\/types\/property"}],"author":[{"embeddable":true,"href":"https:\/\/ruhr-real.de\/en\/wp-json\/wp\/v2\/users\/1"}],"version-history":[{"count":0,"href":"https:\/\/ruhr-real.de\/en\/wp-json\/wp\/v2\/properties\/187663\/revisions"}],"wp:featuredmedia":[{"embeddable":true,"href":"https:\/\/ruhr-real.de\/en\/wp-json\/wp\/v2\/media\/187664"}],"wp:attachment":[{"href":"https:\/\/ruhr-real.de\/en\/wp-json\/wp\/v2\/media?parent=187663"}],"wp:term":[{"taxonomy":"property_type","embeddable":true,"href":"https:\/\/ruhr-real.de\/en\/wp-json\/wp\/v2\/property_type?post=187663"},{"taxonomy":"property_status","embeddable":true,"href":"https:\/\/ruhr-real.de\/en\/wp-json\/wp\/v2\/property_status?post=187663"},{"taxonomy":"property_feature","embeddable":true,"href":"https:\/\/ruhr-real.de\/en\/wp-json\/wp\/v2\/property_feature?post=187663"},{"taxonomy":"property_label","embeddable":true,"href":"https:\/\/ruhr-real.de\/en\/wp-json\/wp\/v2\/property_label?post=187663"},{"taxonomy":"property_country","embeddable":true,"href":"https:\/\/ruhr-real.de\/en\/wp-json\/wp\/v2\/property_country?post=187663"},{"taxonomy":"property_state","embeddable":true,"href":"https:\/\/ruhr-real.de\/en\/wp-json\/wp\/v2\/property_state?post=187663"},{"taxonomy":"property_city","embeddable":true,"href":"https:\/\/ruhr-real.de\/en\/wp-json\/wp\/v2\/property_city?post=187663"},{"taxonomy":"property_area","embeddable":true,"href":"https:\/\/ruhr-real.de\/en\/wp-json\/wp\/v2\/property_area?post=187663"}],"curies":[{"name":"wp","href":"https:\/\/api.w.org\/{rel}","templated":true}]}}