{"id":187719,"date":"2026-04-17T00:01:21","date_gmt":"2026-04-16T22:01:21","guid":{"rendered":"https:\/\/ruhr-real.de\/objekt\/friedrichsarkaden-wuppertal-charmante-bueroflaeche-in-verkehrsguenstiger-lage-klimaanlage\/"},"modified":"2026-04-17T14:52:21","modified_gmt":"2026-04-17T12:52:21","slug":"friedrichsarkaden-wuppertal-charmante-bueroflaeche-in-verkehrsguenstiger-lage-klimaanlage","status":"publish","type":"property","link":"https:\/\/ruhr-real.de\/en\/objekt\/friedrichsarkaden-wuppertal-charmante-bueroflaeche-in-verkehrsguenstiger-lage-klimaanlage\/","title":{"rendered":"Charmante B\u00fcrofl\u00e4che in verkehrsg\u00fcnstiger Lage | Klimaanlage | Friedrichsarkaden Wuppertal"},"content":{"rendered":"<p>Die Friedrichsarkaden sind architektonisch ansprechend gestaltet. Die Fassade ist modern und einladend, mit gro\u00dfen Schaufenstern, die die Gesch\u00e4fte und Boutiquen pr\u00e4sentieren. Die Einkaufspassage verf\u00fcgt \u00fcber eine attraktive \u00dcberdachung, die die Besucher vor den Elementen sch\u00fctzt und gleichzeitig eine einladende Atmosph\u00e4re schafft. \u00dcber den Einkaufsm\u00f6glichkeiten befinden sich moderne B\u00fcrofl\u00e4chen, welche \u00fcber zwei Personenaufz\u00fcge erschlossen werden k\u00f6nnen. Des Weiteren k\u00f6nnen Stellpl\u00e4tze in der hauseigenen Tiefgarage angemietet werden.<\/p>\n<p>Zurzeit stehen folgende Fl\u00e4chen zur Disposition:<\/p>\n<p>1. OG: 479,66 m\u00b2 B\u00fcrofl\u00e4che<br \/>\n2. OG: 289 m\u00b2 B\u00fcrofl\u00e4che<br \/>\n3. OG: 322 m\u00b2 B\u00fcrofl\u00e4che<\/p>\n<p>Die Friedrichsarkaden sind im Herzen von Wuppertal-Elberfeld situiert und sind optimal an das \u00d6PNV-Netz angebunden. Die n\u00e4chstgelegene Bushaltestelle befindet sich in unmittelbarere N\u00e4he. Auch die Anbindung an die A 46 ist als gut zu bewerten, wodurch eine gute Erreichbarkeit der umliegenden St\u00e4dte gew\u00e4hrleistet ist. Die Nahversorgung ist durch die zahlreichen Restaurant und Cafes in der Umgebung garantiert.<\/p>\n<p>\u2022 Bodenbelag: Teppichboden<br \/>\n\u2022 Teek\u00fcche: Anschl\u00fcsse vorhanden<br \/>\n\u2022 Aufzug: Personenaufzug<br \/>\n\u2022 Barrierearm: ebenerdiger Zugang<br \/>\n\u2022 Heizungsart: Fernw\u00e4rme<br \/>\n\u2022 Klima\/L\u00fcftung: voll klimatisiert<\/p>\n<p>Die Ausstattung kann kann bei Bedarf angepasst werden!<\/p>\n<p>Es gelten ausschlie\u00dflich unsere AGB (www.ruhr-real.de\/agb). Wir m\u00f6chten Sie darauf hinweisen, dass die Angaben ausschlie\u00dflich auf den uns vom Eigent\u00fcmer \u00fcbermittelten Unterlagen und Informationen basieren. F\u00fcr Richtigkeit und Vollst\u00e4ndigkeit \u00fcbernehmen wir keine Gew\u00e4hr. Zwischenvermietung vorbehalten.<br \/>\n<\/p>\n","protected":false},"excerpt":{"rendered":"<p>Die Friedrichsarkaden sind architektonisch ansprechend gestaltet. Die Fassade ist modern und einladend, mit gro\u00dfen&#8230;<\/p>\n","protected":false},"author":1,"featured_media":187752,"parent":0,"menu_order":0,"template":"","property_type":[379],"property_status":[352],"property_feature":[537,361,354,350],"property_label":[],"property_country":[353],"property_state":[],"property_city":[289],"property_area":[],"class_list":["post-187719","property","type-property","status-publish","has-post-thumbnail","hentry","property_type-bueroflaechen","property_status-zu-vermieten","property_feature-gewerbliche-nutzung-moeglich","property_feature-klimaanlage","property_feature-personenaufzug","property_feature-raeume-veraenderbar","property_country-deutschland","property_city-wuppertal"],"acf":[],"property_meta":{"_immonex_import_folder":["users\/RUHRREAL"],"_immonex_translation_id":["386\/E6"],"_openimmo_obid":["221A7889AF12407C9E2F025CCA41F2A0"],"_is_immonex_import_property":["1"],"_immonex_is_reference":[""],"rank_math_internal_links_processed":["1"],"copied_media_ids":["a:0:{}"],"referenced_media_ids":["a:0:{}"],"_immonex_post_status":["updated"],"fave_property_map_address":["42105 Wuppertal"],"fave_property_zip":["42105"],"fave_property_country":["DE"],"_immonex_lat":["51.25588"],"_immonex_lng":["7.1382802"],"houzez_geolocation_lat":["51.25588"],"houzez_geolocation_long":["7.1382802"],"fave_property_location":["51.25588,7.1382802"],"fave_property_price":["9.50"],"fave_property_sec_price":["12.0000"],"fave_property_size":["322"],"fave_property_id":["386\/E6"],"_fave_property_id":["386\/E6"],"_immonex_iso_country":["DEU"],"fave_nebenkosten":["4,20&nbsp;\u20ac"],"_openimmo_anid":["0000"],"_immonex_group_number":[""],"_immonex_group_id":[""],"_immonex_group_master":[""],"_immonex_import_meta":["a:6:{s:8:\"zip_file\";s:131:\"\/www\/htdocs\/w0172e0e\/ruhr-real_2024\/wp-content\/uploads\/immonex-openimmo-import\/users\/RUHRREAL\/Immowelt_estatePro_20260417145132.zip\";s:8:\"xml_file\";s:158:\"\/www\/htdocs\/w0172e0e\/ruhr-real_2024\/wp-content\/uploads\/immonex-openimmo-import\/immowelt_estatepro_20260417145132\/Homepage_2024_NEW_estatePro20260417145132.xml\";s:12:\"mapping_file\";s:116:\"\/www\/htdocs\/w0172e0e\/ruhr-real_2024\/wp-content\/uploads\/immonex-openimmo-import\/mappings\/houzez_ruhrreal_20260325.csv\";s:9:\"timestamp\";i:1776430341;s:4:\"date\";s:10:\"2026-04-17\";s:4:\"time\";s:8:\"14:52:21\";}"],"_immonex_is_sold":[""],"_immonex_is_reserved":[""],"_immonex_is_available":["1"],"_immonex_areabutler_url_with_address":[""],"_immonex_areabutler_url_no_address":[""],"_immonex_areabutler_url":[""],"additional_features":["a:17:{i:0;a:2:{s:29:\"fave_additional_feature_title\";s:11:\"Heizungsart\";s:29:\"fave_additional_feature_value\";s:11:\"Fernheizung\";}i:1;a:2:{s:29:\"fave_additional_feature_title\";s:14:\"Nettokaltmiete\";s:29:\"fave_additional_feature_value\";s:13:\"9,50&nbsp;\u20ac\";}i:2;a:2:{s:29:\"fave_additional_feature_title\";s:9:\"Kaltmiete\";s:29:\"fave_additional_feature_value\";s:13:\"9,50&nbsp;\u20ac\";}i:3;a:2:{s:29:\"fave_additional_feature_title\";s:29:\"monatl. Betriebs-\/Nebenkosten\";s:29:\"fave_additional_feature_value\";s:13:\"4,20&nbsp;\u20ac\";}i:4;a:2:{s:29:\"fave_additional_feature_title\";s:33:\"Heizkosten in Warmmiete enthalten\";s:29:\"fave_additional_feature_value\";s:4:\"nein\";}i:5;a:2:{s:29:\"fave_additional_feature_title\";s:32:\"Preise zuz\u00fcglich Mehrwertsteuer\";s:29:\"fave_additional_feature_value\";s:4:\"nein\";}i:6;a:2:{s:29:\"fave_additional_feature_title\";s:23:\"Netto-Kaltmiete pro m\u00b2\";s:29:\"fave_additional_feature_value\";s:11:\"12&nbsp;\u20ac\";}i:7;a:2:{s:29:\"fave_additional_feature_title\";s:15:\"Mieterprovision\";s:29:\"fave_additional_feature_value\";s:51:\"Bei Vertr\u00e4gen bis zu f\u00fcnf Jahren Laufzeit ist ein\";}i:8;a:2:{s:29:\"fave_additional_feature_title\";s:20:\"Hinweis zur Courtage\";s:29:\"fave_additional_feature_value\";s:307:\"Bei Vertr\u00e4gen bis zu f\u00fcnf Jahren Laufzeit ist ein Honorar von 3 Nettomonatsmieten zahlbar; bei Laufzeiten bis zu zehn Jahren werden 4 Nettomonatsmieten f\u00e4llig. Hinzu kommt die jeweils g\u00fcltige Umsatzsteuer. Die Provision ist vom Mieter an RUHR REAL zu zahlen und f\u00e4llig bei Abschluss eines Mietvertrages\";}i:9;a:2:{s:29:\"fave_additional_feature_title\";s:10:\"MwSt.-Satz\";s:29:\"fave_additional_feature_value\";s:9:\"19&nbsp;%\";}i:10;a:2:{s:29:\"fave_additional_feature_title\";s:12:\"B\u00fcrofl\u00e4che\";s:29:\"fave_additional_feature_value\";s:12:\"322&nbsp;m\u00b2\";}i:11;a:2:{s:29:\"fave_additional_feature_title\";s:16:\"B\u00fcroteilfl\u00e4che\";s:29:\"fave_additional_feature_value\";s:12:\"322&nbsp;m\u00b2\";}i:12;a:2:{s:29:\"fave_additional_feature_title\";s:10:\"Teilbar ab\";s:29:\"fave_additional_feature_value\";s:12:\"322&nbsp;m\u00b2\";}i:13;a:2:{s:29:\"fave_additional_feature_title\";s:19:\"Art der Ausstattung\";s:29:\"fave_additional_feature_value\";s:7:\"gehoben\";}i:14;a:2:{s:29:\"fave_additional_feature_title\";s:10:\"Bodenbelag\";s:29:\"fave_additional_feature_value\";s:7:\"Teppich\";}i:15;a:2:{s:29:\"fave_additional_feature_title\";s:7:\"Zustand\";s:29:\"fave_additional_feature_value\";s:8:\"gepflegt\";}i:16;a:2:{s:29:\"fave_additional_feature_title\";s:27:\"Immobilie ist verf\u00fcgbar ab\";s:29:\"fave_additional_feature_value\";s:17:\"nach Vereinbarung\";}}"],"fave_additional_features_enable":["enable"],"_immonex_property_xml_source":["<?xml version=\"1.0\"?>\n<immobilie>\n<objektkategorie>\n<nutzungsart WOHNEN=\"false\" GEWERBE=\"true\"\/>\n<vermarktungsart KAUF=\"false\" MIETE_PACHT=\"true\"\/>\n<objektart>\n<buero_praxen buero_typ=\"BUEROHAUS\"\/>\n<\/objektart>\n<user_defined_simplefield\/>\n<\/objektkategorie>\n<geo>\n<plz>42105<\/plz>\n<ort>Wuppertal<\/ort>\n<strasse>Friedrichstra&#xDF;e<\/strasse>\n<hausnummer>51<\/hausnummer>\n<land iso_land=\"DEU\"\/>\n<lage_im_bau\/>\n<\/geo>\n<kontaktperson>\n<email_zentrale>anfrage@ruhr-real.de<\/email_zentrale>\n<email_direkt>ostermann@ruhr-real.de<\/email_direkt>\n<tel_durchw>+49 201 99996333<\/tel_durchw>\n<tel_fax>+49 201 99996344<\/tel_fax>\n<tel_handy>+49 162 8184000<\/tel_handy>\n<name>Ostermann<\/name>\n<vorname>Leon<\/vorname>\n<anrede>Herr<\/anrede>\n<firma>RUHR REAL GmbH<\/firma>\n<strasse>Holsterhauser Platz<\/strasse>\n<hausnummer>2<\/hausnummer>\n<plz>45147<\/plz>\n<ort>Essen<\/ort>\n<adressfreigabe>true<\/adressfreigabe>\n<\/kontaktperson>\n<preise>\n<nettokaltmiete>9.50<\/nettokaltmiete>\n<kaltmiete>9.50<\/kaltmiete>\n<nebenkosten>4.20<\/nebenkosten>\n<heizkosten_enthalten>false<\/heizkosten_enthalten>\n<zzg_mehrwertsteuer>false<\/zzg_mehrwertsteuer>\n<preis_zeiteinheit\/>\n<mietpreis_pro_qm>12.0000<\/mietpreis_pro_qm>\n<provisionspflichtig>false<\/provisionspflichtig>\n<aussen_courtage mit_mwst=\"false\">Bei Vertr&#xE4;gen bis zu f&#xFC;nf Jahren Laufzeit ist ein <\/aussen_courtage>\n<courtage_hinweis>Bei Vertr&#xE4;gen bis zu f&#xFC;nf Jahren Laufzeit ist ein Honorar von 3 Nettomonatsmieten zahlbar; bei Laufzeiten bis zu zehn Jahren werden 4 Nettomonatsmieten f&#xE4;llig. Hinzu kommt die jeweils g&#xFC;ltige Umsatzsteuer. Die Provision ist vom Mieter an RUHR REAL zu zahlen und f&#xE4;llig bei Abschluss eines Mietvertrages<\/courtage_hinweis>\n<waehrung iso_waehrung=\"EUR\"\/>\n<mwst_satz>19.00<\/mwst_satz>\n<stp_carport\/>\n<stp_duplex\/>\n<stp_freiplatz\/>\n<stp_garage\/>\n<stp_parkhaus\/>\n<stp_tiefgarage\/>\n<\/preise>\n<bieterverfahren\/>\n<versteigerung\/>\n<flaechen>\n<bueroflaeche>322<\/bueroflaeche>\n<bueroteilflaeche>322<\/bueroteilflaeche>\n<teilbar_ab>322<\/teilbar_ab>\n<anzahl_stellplaetze type=\"xsd:decimal\">2<\/anzahl_stellplaetze>\n<\/flaechen>\n<ausstattung>\n<ausstatt_kategorie>GEHOBEN<\/ausstatt_kategorie>\n<raeume_veraenderbar>true<\/raeume_veraenderbar>\n<bad\/>\n<kueche\/>\n<boden TEPPICH=\"true\"\/>\n<heizungsart FERN=\"true\"\/>\n<befeuerung\/>\n<klimatisiert>true<\/klimatisiert>\n<fahrstuhl PERSONEN=\"true\"\/>\n<ausricht_balkon_terrasse\/>\n<angeschl_gastronomie\/>\n<sicherheitstechnik\/>\n<\/ausstattung>\n<zustand_angaben>\n<zustand zustand_art=\"GEPFLEGT\"\/>\n<\/zustand_angaben>\n<bewertung\/>\n<infrastruktur\/>\n<freitexte>\n<objekttitel>Charmante B&#xFC;rofl&#xE4;che in verkehrsg&#xFC;nstiger Lage | Klimaanlage | Friedrichsarkaden Wuppertal\n<\/objekttitel>\n<lage>Die Friedrichsarkaden sind im Herzen von Wuppertal-Elberfeld situiert und sind optimal an das &#xD6;PNV-Netz angebunden. Die n&#xE4;chstgelegene Bushaltestelle befindet sich in unmittelbarere N&#xE4;he. Auch die Anbindung an die A 46 ist als gut zu bewerten, wodurch eine gute Erreichbarkeit der umliegenden St&#xE4;dte gew&#xE4;hrleistet ist. Die Nahversorgung ist durch die zahlreichen Restaurant und Cafes in der Umgebung garantiert.<\/lage>\n<ausstatt_beschr>&#x2022; Bodenbelag: Teppichboden\n&#x2022; Teek&#xFC;che: Anschl&#xFC;sse vorhanden\n&#x2022; Aufzug: Personenaufzug\n&#x2022; Barrierearm: ebenerdiger Zugang\n&#x2022; Heizungsart: Fernw&#xE4;rme\n&#x2022; Klima\/L&#xFC;ftung: voll klimatisiert\n\nDie Ausstattung kann kann bei Bedarf angepasst werden!<\/ausstatt_beschr>\n<objektbeschreibung>Die Friedrichsarkaden sind architektonisch ansprechend gestaltet. Die Fassade ist modern und einladend, mit gro&#xDF;en Schaufenstern, die die Gesch&#xE4;fte und Boutiquen pr&#xE4;sentieren. Die Einkaufspassage verf&#xFC;gt &#xFC;ber eine attraktive &#xDC;berdachung, die die Besucher vor den Elementen sch&#xFC;tzt und gleichzeitig eine einladende Atmosph&#xE4;re schafft. &#xDC;ber den Einkaufsm&#xF6;glichkeiten befinden sich moderne B&#xFC;rofl&#xE4;chen, welche &#xFC;ber zwei Personenaufz&#xFC;ge erschlossen werden k&#xF6;nnen. Des Weiteren k&#xF6;nnen Stellpl&#xE4;tze in der hauseigenen Tiefgarage angemietet werden.\n\nZurzeit stehen folgende Fl&#xE4;chen zur Disposition:\n\n1. OG: 479,66 m&#xB2; B&#xFC;rofl&#xE4;che\n2. OG: 289 m&#xB2; B&#xFC;rofl&#xE4;che\n3. OG: 322 m&#xB2; B&#xFC;rofl&#xE4;che<\/objektbeschreibung><sonstige_angaben>Es gelten ausschlie&#xDF;lich unsere AGB (www.ruhr-real.de\/agb). Wir m&#xF6;chten Sie darauf hinweisen, dass die Angaben ausschlie&#xDF;lich auf den uns vom Eigent&#xFC;mer &#xFC;bermittelten Unterlagen und Informationen basieren. F&#xFC;r Richtigkeit und Vollst&#xE4;ndigkeit &#xFC;bernehmen wir keine Gew&#xE4;hr. Zwischenvermietung vorbehalten.<\/sonstige_angaben>\n<\/freitexte>\n<anhaenge>\n<anhang location=\"EXTERN\" gruppe=\"TITELBILD\">\n<anhangtitel>Au&#xDF;enansicht<\/anhangtitel>\n<format>JPG<\/format>\n<daten>\n<pfad>834eaed9236e4203a384c77c4e98d731.JPG<\/pfad>\n<\/daten>\n<\/anhang>\n<anhang location=\"EXTERN\" gruppe=\"BILD\">\n<anhangtitel>Ansicht Boutiquen<\/anhangtitel>\n<format>JPG<\/format>\n<daten>\n<pfad>265a405a52ad49c3a72e8e355d62848f.JPG<\/pfad>\n<\/daten>\n<\/anhang>\n<anhang location=\"EXTERN\" gruppe=\"BILD\">\n<anhangtitel>Seitenansicht <\/anhangtitel>\n<format>JPG<\/format>\n<daten>\n<pfad>de454d618c0d44caab51d349237dd7c7.JPG<\/pfad>\n<\/daten>\n<\/anhang>\n<anhang location=\"EXTERN\" gruppe=\"BILD\">\n<anhangtitel>Open Space B&#xFC;ro<\/anhangtitel>\n<format>JPG<\/format>\n<daten>\n<pfad>417276e048cd4f78b76c53fd2de50ae3.JPG<\/pfad>\n<\/daten>\n<\/anhang>\n<anhang location=\"EXTERN\" gruppe=\"BILD\">\n<anhangtitel>Open Space B&#xFC;ro<\/anhangtitel>\n<format>JPG<\/format>\n<daten>\n<pfad>c98ab7e5c831485d8e10dae06a35f447.JPG<\/pfad>\n<\/daten>\n<\/anhang>\n<anhang location=\"EXTERN\" gruppe=\"BILD\">\n<anhangtitel>Serverrraum<\/anhangtitel>\n<format>JPG<\/format>\n<daten>\n<pfad>ac7aecc891d3444a84639adc5606d685.JPG<\/pfad>\n<\/daten>\n<\/anhang>\n<anhang location=\"EXTERN\" gruppe=\"BILD\">\n<anhangtitel>Eingang B&#xFC;rofl&#xE4;che <\/anhangtitel>\n<format>JPG<\/format>\n<daten>\n<pfad>8b43ca1252bd4cdabe9e43a54b04bf8c.JPG<\/pfad>\n<\/daten>\n<\/anhang>\n<anhang location=\"EXTERN\" gruppe=\"BILD\">\n<anhangtitel>Zugang B&#xFC;rofl&#xE4;chen<\/anhangtitel>\n<format>JPG<\/format>\n<daten>\n<pfad>3f2bd21dcb7e44d49d42236df28724f7.JPG<\/pfad>\n<\/daten>\n<\/anhang>\n<anhang location=\"EXTERN\" gruppe=\"GRUNDRISS\">\n<anhangtitel>3. OG<\/anhangtitel>\n<format>JPG<\/format>\n<daten>\n<pfad>4ac6c3dadb6e44c3b49677c91a0040d5.JPG<\/pfad>\n<\/daten>\n<\/anhang>\n<\/anhaenge>\n<verwaltung_objekt>\n<objektadresse_freigeben>false<\/objektadresse_freigeben>\n<verfuegbar_ab>nach Vereinbarung <\/verfuegbar_ab>\n<geschlecht\/>\n<gewerbliche_nutzung>true<\/gewerbliche_nutzung>\n<\/verwaltung_objekt>\n<verwaltung_techn>\n<objektnr_intern>221A7889AF12407C9E2F025CCA41F2A0<\/objektnr_intern>\n<objektnr_extern>386\/E6<\/objektnr_extern>\n<aktion aktionart=\"CHANGE\"\/>\n<openimmo_obid>221A7889AF12407C9E2F025CCA41F2A0<\/openimmo_obid>\n<kennung_ursprung>estatePro V10.0.0.8<\/kennung_ursprung>\n<stand_vom>2026-04-17<\/stand_vom>\n<\/verwaltung_techn>\n<user_defined_simplefield feldname=\"Startseite\">Nein<\/user_defined_simplefield>\n<\/immobilie>\n"],"_immonex_energy_class":[""],"_immonex_energy_class_id":["0"],"_thumbnail_id":["187752"],"fave_property_images":["187752","187753","187754","187755","187756","187757","187758","187759"],"fave_floor_plans_enable":["enable"],"floor_plans":["a:1:{i:0;a:7:{s:15:\"fave_plan_title\";s:5:\"3. OG\";s:15:\"fave_plan_rooms\";s:0:\"\";s:19:\"fave_plan_bathrooms\";s:0:\"\";s:15:\"fave_plan_price\";s:0:\"\";s:14:\"fave_plan_size\";s:0:\"\";s:15:\"fave_plan_image\";s:84:\"https:\/\/ruhr-real.de\/wp-content\/uploads\/2026\/04\/4ac6c3dadb6e44c3b49677c91a0040d5.jpg\";s:21:\"fave_plan_description\";s:0:\"\";}}"],"fave_prop_homeslider":["yes"],"fave_prop_slider_image":["187752"],"fave_agents":["142704"],"fave_agent_display_option":["agent_info"],"fave_single_top_area":["global"],"fave_single_content_area":["global"],"fave_property_map":["1"],"fave_property_map_street_view":["hide"],"fave_property_size_prefix":["m\u00b2"],"fave_property_land_postfix":["m\u00b2"],"fave_featured":["0"],"houzez_featured_listing_date":[""],"fave_property_price_postfix":["pro&nbsp;m\u00b2"],"fave_currency":["EUR"],"fave_currency_info":["a:8:{s:2:\"id\";s:1:\"1\";s:13:\"currency_name\";s:4:\"Euro\";s:13:\"currency_code\";s:3:\"EUR\";s:15:\"currency_symbol\";s:3:\"\u20ac\";s:17:\"currency_position\";s:5:\"after\";s:16:\"currency_decimal\";s:1:\"2\";s:26:\"currency_decimal_separator\";s:1:\",\";s:27:\"currency_thousand_separator\";s:1:\".\";}"],"_wpml_word_count":["328"],"houzez_total_property_views":["91"],"houzez_views_by_date":["a:13:{s:10:\"04-17-2026\";i:4;s:10:\"04-18-2026\";i:8;s:10:\"04-19-2026\";i:8;s:10:\"04-20-2026\";i:8;s:10:\"04-21-2026\";i:8;s:10:\"04-22-2026\";i:8;s:10:\"04-23-2026\";i:6;s:10:\"04-24-2026\";i:7;s:10:\"04-25-2026\";i:8;s:10:\"04-26-2026\";i:8;s:10:\"04-27-2026\";i:8;s:10:\"04-28-2026\";i:5;s:10:\"04-29-2026\";i:5;}"],"houzez_recently_viewed":["2026-04-29 13:30:12"],"_elementor_page_assets":["a:0:{}"]},"_links":{"self":[{"href":"https:\/\/ruhr-real.de\/en\/wp-json\/wp\/v2\/properties\/187719","targetHints":{"allow":["GET"]}}],"collection":[{"href":"https:\/\/ruhr-real.de\/en\/wp-json\/wp\/v2\/properties"}],"about":[{"href":"https:\/\/ruhr-real.de\/en\/wp-json\/wp\/v2\/types\/property"}],"author":[{"embeddable":true,"href":"https:\/\/ruhr-real.de\/en\/wp-json\/wp\/v2\/users\/1"}],"version-history":[{"count":0,"href":"https:\/\/ruhr-real.de\/en\/wp-json\/wp\/v2\/properties\/187719\/revisions"}],"wp:featuredmedia":[{"embeddable":true,"href":"https:\/\/ruhr-real.de\/en\/wp-json\/wp\/v2\/media\/187752"}],"wp:attachment":[{"href":"https:\/\/ruhr-real.de\/en\/wp-json\/wp\/v2\/media?parent=187719"}],"wp:term":[{"taxonomy":"property_type","embeddable":true,"href":"https:\/\/ruhr-real.de\/en\/wp-json\/wp\/v2\/property_type?post=187719"},{"taxonomy":"property_status","embeddable":true,"href":"https:\/\/ruhr-real.de\/en\/wp-json\/wp\/v2\/property_status?post=187719"},{"taxonomy":"property_feature","embeddable":true,"href":"https:\/\/ruhr-real.de\/en\/wp-json\/wp\/v2\/property_feature?post=187719"},{"taxonomy":"property_label","embeddable":true,"href":"https:\/\/ruhr-real.de\/en\/wp-json\/wp\/v2\/property_label?post=187719"},{"taxonomy":"property_country","embeddable":true,"href":"https:\/\/ruhr-real.de\/en\/wp-json\/wp\/v2\/property_country?post=187719"},{"taxonomy":"property_state","embeddable":true,"href":"https:\/\/ruhr-real.de\/en\/wp-json\/wp\/v2\/property_state?post=187719"},{"taxonomy":"property_city","embeddable":true,"href":"https:\/\/ruhr-real.de\/en\/wp-json\/wp\/v2\/property_city?post=187719"},{"taxonomy":"property_area","embeddable":true,"href":"https:\/\/ruhr-real.de\/en\/wp-json\/wp\/v2\/property_area?post=187719"}],"curies":[{"name":"wp","href":"https:\/\/api.w.org\/{rel}","templated":true}]}}