{"id":187874,"date":"2026-04-22T00:02:04","date_gmt":"2026-04-21T22:02:04","guid":{"rendered":"https:\/\/ruhr-real.de\/objekt\/flexible-bueroflaechen-im-brueckencenter-direkt-am-hauptbahnhof\/"},"modified":"2026-04-22T13:55:04","modified_gmt":"2026-04-22T11:55:04","slug":"flexible-bueroflaechen-im-brueckencenter-direkt-am-hauptbahnhof","status":"publish","type":"property","link":"https:\/\/ruhr-real.de\/en\/objekt\/flexible-bueroflaechen-im-brueckencenter-direkt-am-hauptbahnhof\/","title":{"rendered":"Flexible B\u00fcrofl\u00e4chen im Br\u00fcckencenter | direkt am Hauptbahnhof"},"content":{"rendered":"<p>Die moderne B\u00fcrofl\u00e4che mit funktionaler Ausstattung befinden sich im Br\u00fccken-Center in Remscheid in zentraler Lage. Die Einheit verf\u00fcgt \u00fcber eine zeitgem\u00e4\u00dfe Verkabelung \u00fcber Bodentanks sowie eine effiziente Beleuchtung durch Rasterdeckenleuchten. Der Teppichboden sorgt f\u00fcr eine angenehme Arbeitsatmosph\u00e4re. F\u00fcr optimalen Komfort ist ein au\u00dfenliegender, elektrisch steuerbarer Sonnenschutz vorhanden. Ein Personenaufzug gew\u00e4hrleistet einen bequemen Zugang zu allen Etagen. Erg\u00e4nzt wird das Angebot durch eine voll ausgestattete Teek\u00fcche, die den Arbeitsalltag ideal unterst\u00fctzt. Ankermieter dieses Objektes, welches \u00fcber insgesamt 17 Mieteinheiten verf\u00fcgt, ist Kaufland, TAKKO, Intersport und Tedi.<\/p>\n<p>Die Immobilie befindet sich im Zentrum von Remscheid mit sehr guter Anbindung an das Stra\u00dfen- und Verkehrsnetz. Die Autobahn A 1 ist in kurzer Fahrzeit erreichbar und verbindet die Stadt effizient mit dem umliegenden Rhein-Ruhr-Gebiet. Der Hauptbahnhof Remscheid liegt in direkter Nachbarschaft, was eine schnelle Erreichbarkeit von Bahnverbindungen bedeutet, \u00d6PNV-Haltestellen f\u00fcr Busse befinden sich fu\u00dfl\u00e4ufig in wenigen Minuten. Zum Flughafen D\u00fcsseldorf ben\u00f6tigt man mit dem Auto etwa 45 Minuten. Die Nahversorgung ist dank der im gleichen Geb\u00e4ude befindlichen Superm\u00e4rkten und Restaurants\/ B\u00e4ckereien bestens bedient.<\/p>\n<p>bedeutende Unternehmen in der B\u00fcromarktzone: Schulten Geb\u00e4udedienste, HEYCO Holding GmbH, ADAC<\/p>\n<p>Hotels in der N\u00e4he: mk-Hotel Remscheid, Holday Inn Express Remscheid by IHG, Hotel K\u00f6nig<\/p>\n<p>\u2022 Verkabelungsort: Bodentanks<br \/>\n\u2022 Beleuchtung: Ratserdeckenleuchten<br \/>\n\u2022 Bodenbelag: Teppichboden<br \/>\n\u2022 Sonnenschutz: au\u00dfenliegend, elektrisch<br \/>\n\u2022 Aufzug: Personenaufzug<br \/>\n\u2022 Teek\u00fcche: voll ausgestattet<br \/>\n\u2022 PKW-Stellpl\u00e4tze:507<br \/>\n\u2022 Stellplatzart: Au\u00dfenstellplatz, Parkhaus, Tiefgarage<\/p>\n<p>Es gelten ausschlie\u00dflich unsere AGB (www.ruhr-real.de\/agb). Wir m\u00f6chten Sie darauf hinweisen, dass die Angaben ausschlie\u00dflich auf den uns vom Eigent\u00fcmer \u00fcbermittelten Unterlagen und Informationen basieren. F\u00fcr Richtigkeit und Vollst\u00e4ndigkeit \u00fcbernehmen wir keine Gew\u00e4hr. Zwischenvermietung vorbehalten.<br \/>\n<div class=\"widget widget_immonex_user_defined_properties_widget\"><div class=\"immonex-widget immonex-widget-houzez\">\n\t\t<div class=\"immonex-widget-title clearfix\">\n\t\t<h2 class=\"widgettitle\">Energieeffizienz<\/h2>\t<\/div>\n\t\t<ul class=\"immonex-property-details row list-lined list-unstyled\">\n\t\t\t\t<li>\n\t\t\t<div class=\"list-lined-item w-100 d-flex justify-content-between py-2\">\n\t\t\t\t\t\t\t\t<strong class=\"property-details-label\">Energieausweis-Jahrgang:<\/strong>&nbsp;<span class=\"property-details-value\">not available<\/span>\n\t\t\t\t\t\t\t<\/div>\n\t\t<\/li>\n\t\t\t<\/ul>\n<\/div><\/div><\/p>\n","protected":false},"excerpt":{"rendered":"<p>Die moderne B\u00fcrofl\u00e4che mit funktionaler Ausstattung befinden sich im Br\u00fccken-Center in Remscheid in zentraler Lage&#8230;.<\/p>\n","protected":false},"author":1,"featured_media":187895,"parent":0,"menu_order":0,"template":"","property_type":[379],"property_status":[352],"property_feature":[354],"property_label":[],"property_country":[353],"property_state":[],"property_city":[493],"property_area":[],"class_list":["post-187874","property","type-property","status-publish","has-post-thumbnail","hentry","property_type-bueroflaechen","property_status-zu-vermieten","property_feature-personenaufzug","property_country-deutschland","property_city-remscheid"],"acf":[],"property_meta":{"_immonex_import_folder":["users\/RUHRREAL"],"_immonex_translation_id":["4702\/E1"],"_openimmo_obid":["5917A81E8C5F4EA98A67196FB03A470F"],"_is_immonex_import_property":["1"],"_immonex_is_reference":[""],"rank_math_internal_links_processed":["1"],"copied_media_ids":["a:0:{}"],"referenced_media_ids":["a:0:{}"],"_immonex_post_status":["updated"],"fave_property_map_address":["42859 Remscheid"],"fave_property_zip":["42859"],"fave_property_country":["DE"],"_immonex_lat":["51.18123"],"_immonex_lng":["7.196008"],"houzez_geolocation_lat":["51.18123"],"houzez_geolocation_long":["7.196008"],"fave_property_location":["51.18123,7.196008"],"fave_property_size":["387"],"fave_property_year":["2009"],"fave_property_id":["4702\/E1"],"_fave_property_id":["4702\/E1"],"_immonex_iso_country":["DEU"],"_openimmo_anid":["0000"],"_immonex_group_number":[""],"_immonex_group_id":[""],"_immonex_group_master":[""],"_immonex_import_meta":["a:6:{s:8:\"zip_file\";s:131:\"\/www\/htdocs\/w0172e0e\/ruhr-real_2024\/wp-content\/uploads\/immonex-openimmo-import\/users\/RUHRREAL\/Immowelt_estatePro_20260422135341.zip\";s:8:\"xml_file\";s:158:\"\/www\/htdocs\/w0172e0e\/ruhr-real_2024\/wp-content\/uploads\/immonex-openimmo-import\/immowelt_estatepro_20260422135341\/Homepage_2024_NEW_estatePro20260422135341.xml\";s:12:\"mapping_file\";s:116:\"\/www\/htdocs\/w0172e0e\/ruhr-real_2024\/wp-content\/uploads\/immonex-openimmo-import\/mappings\/houzez_ruhrreal_20260325.csv\";s:9:\"timestamp\";i:1776858904;s:4:\"date\";s:10:\"2026-04-22\";s:4:\"time\";s:8:\"13:55:04\";}"],"_immonex_is_sold":[""],"_immonex_is_reserved":[""],"_immonex_is_available":["1"],"_immonex_areabutler_url_with_address":[""],"_immonex_areabutler_url_no_address":[""],"_immonex_areabutler_url":[""],"additional_features":["a:10:{i:0;a:2:{s:29:\"fave_additional_feature_title\";s:33:\"Heizkosten in Warmmiete enthalten\";s:29:\"fave_additional_feature_value\";s:4:\"nein\";}i:1;a:2:{s:29:\"fave_additional_feature_title\";s:32:\"Preise zuz\u00fcglich Mehrwertsteuer\";s:29:\"fave_additional_feature_value\";s:4:\"nein\";}i:2;a:2:{s:29:\"fave_additional_feature_title\";s:10:\"MwSt.-Satz\";s:29:\"fave_additional_feature_value\";s:9:\"19&nbsp;%\";}i:3;a:2:{s:29:\"fave_additional_feature_title\";s:12:\"B\u00fcrofl\u00e4che\";s:29:\"fave_additional_feature_value\";s:12:\"387&nbsp;m\u00b2\";}i:4;a:2:{s:29:\"fave_additional_feature_title\";s:16:\"B\u00fcroteilfl\u00e4che\";s:29:\"fave_additional_feature_value\";s:12:\"387&nbsp;m\u00b2\";}i:5;a:2:{s:29:\"fave_additional_feature_title\";s:10:\"Teilbar ab\";s:29:\"fave_additional_feature_value\";s:12:\"387&nbsp;m\u00b2\";}i:6;a:2:{s:29:\"fave_additional_feature_title\";s:10:\"Bodenbelag\";s:29:\"fave_additional_feature_value\";s:7:\"Teppich\";}i:7;a:2:{s:29:\"fave_additional_feature_title\";s:13:\"Stellplatzart\";s:29:\"fave_additional_feature_value\";s:31:\"Tiefgarage, Freiplatz, Parkhaus\";}i:8;a:2:{s:29:\"fave_additional_feature_title\";s:7:\"Zustand\";s:29:\"fave_additional_feature_value\";s:8:\"gepflegt\";}i:9;a:2:{s:29:\"fave_additional_feature_title\";s:27:\"Immobilie ist verf\u00fcgbar ab\";s:29:\"fave_additional_feature_value\";s:17:\"nach Vereinbarung\";}}"],"fave_additional_features_enable":["enable"],"_immonex_custom_fields":["a:1:{s:23:\"Energieausweis-Jahrgang\";a:5:{s:14:\"mapping_source\";s:38:\"zustand_angaben->energiepass->jahrgang\";s:4:\"name\";s:0:\"\";s:5:\"group\";s:5:\"epass\";s:5:\"value\";s:13:\"not available\";s:19:\"value_before_filter\";s:4:\"ohne\";}}"],"_immonex_property_xml_source":["<?xml version=\"1.0\"?>\n<immobilie>\n<objektkategorie>\n<nutzungsart WOHNEN=\"false\" GEWERBE=\"true\"\/>\n<vermarktungsart KAUF=\"false\" MIETE_PACHT=\"true\"\/>\n<objektart>\n<buero_praxen buero_typ=\"BUEROHAUS\"\/>\n<\/objektart>\n<user_defined_simplefield\/>\n<\/objektkategorie>\n<geo>\n<plz>42859<\/plz>\n<ort>Remscheid<\/ort>\n<strasse>Willy-Brandt-Platz<\/strasse>\n<hausnummer>1\/ Presover Stra&#xDF;e 16+20<\/hausnummer>\n<land iso_land=\"DEU\"\/>\n<lage_im_bau\/>\n<\/geo>\n<kontaktperson>\n<email_zentrale>anfrage@ruhr-real.de<\/email_zentrale>\n<email_direkt>ostermann@ruhr-real.de<\/email_direkt>\n<tel_durchw>+49 201 99996333<\/tel_durchw>\n<tel_fax>+49 201 99996344<\/tel_fax>\n<tel_handy>+49 162 8184000<\/tel_handy>\n<name>Ostermann<\/name>\n<vorname>Leon<\/vorname>\n<anrede>Herr<\/anrede>\n<firma>RUHR REAL GmbH<\/firma>\n<strasse>Holsterhauser Platz<\/strasse>\n<hausnummer>2<\/hausnummer>\n<plz>45147<\/plz>\n<ort>Essen<\/ort>\n<adressfreigabe>true<\/adressfreigabe>\n<\/kontaktperson>\n<preise>\n<heizkosten_enthalten>false<\/heizkosten_enthalten>\n<zzg_mehrwertsteuer>false<\/zzg_mehrwertsteuer>\n<preis_zeiteinheit\/>\n<provisionspflichtig>false<\/provisionspflichtig>\n<waehrung iso_waehrung=\"EUR\"\/>\n<mwst_satz>19.00<\/mwst_satz>\n<stp_carport\/>\n<stp_duplex\/>\n<stp_freiplatz\/>\n<stp_garage\/>\n<stp_parkhaus\/>\n<stp_tiefgarage\/>\n<\/preise>\n<bieterverfahren\/>\n<versteigerung\/>\n<flaechen>\n<bueroflaeche>387<\/bueroflaeche>\n<bueroteilflaeche>387<\/bueroteilflaeche>\n<teilbar_ab>387<\/teilbar_ab>\n<anzahl_stellplaetze type=\"xsd:decimal\">507<\/anzahl_stellplaetze>\n<\/flaechen>\n<ausstattung>\n<bad\/>\n<kueche\/>\n<boden TEPPICH=\"true\"\/>\n<heizungsart\/>\n<befeuerung\/>\n<fahrstuhl PERSONEN=\"true\"\/>\n<stellplatzart PARKHAUS=\"true\"\/>\n<stellplatzart TIEFGARAGE=\"true\"\/>\n<stellplatzart FREIPLATZ=\"true\"\/>\n<ausricht_balkon_terrasse\/>\n<angeschl_gastronomie\/>\n<sicherheitstechnik\/>\n<\/ausstattung>\n<zustand_angaben>\n<baujahr>2009<\/baujahr>\n<zustand zustand_art=\"GEPFLEGT\"\/>\n<energiepass>\n<jahrgang>ohne<\/jahrgang>\n<\/energiepass>\n<\/zustand_angaben>\n<bewertung\/>\n<infrastruktur\/>\n<freitexte>\n<objekttitel>Flexible B&#xFC;rofl&#xE4;chen im Br&#xFC;ckencenter | direkt am Hauptbahnhof<\/objekttitel>\n<lage>Die Immobilie befindet sich im Zentrum von Remscheid mit sehr guter Anbindung an das Stra&#xDF;en- und Verkehrsnetz. Die Autobahn A 1 ist in kurzer Fahrzeit erreichbar und verbindet die Stadt effizient mit dem umliegenden Rhein-Ruhr-Gebiet. Der Hauptbahnhof Remscheid liegt in direkter Nachbarschaft, was eine schnelle Erreichbarkeit von Bahnverbindungen bedeutet, &#xD6;PNV-Haltestellen f&#xFC;r Busse befinden sich fu&#xDF;l&#xE4;ufig in wenigen Minuten. Zum Flughafen D&#xFC;sseldorf ben&#xF6;tigt man mit dem Auto etwa 45 Minuten. Die Nahversorgung ist dank der im gleichen Geb&#xE4;ude befindlichen Superm&#xE4;rkten und Restaurants\/ B&#xE4;ckereien bestens bedient.\n\nbedeutende Unternehmen in der B&#xFC;romarktzone: Schulten Geb&#xE4;udedienste, HEYCO Holding GmbH, ADAC\n\nHotels in der N&#xE4;he: mk-Hotel Remscheid, Holday Inn Express Remscheid by IHG, Hotel K&#xF6;nig<\/lage><ausstatt_beschr>&#x2022; Verkabelungsort: Bodentanks\n&#x2022; Beleuchtung: Ratserdeckenleuchten\n&#x2022; Bodenbelag: Teppichboden\n&#x2022; Sonnenschutz: au&#xDF;enliegend, elektrisch\n&#x2022; Aufzug: Personenaufzug\n&#x2022; Teek&#xFC;che: voll ausgestattet\n&#x2022; PKW-Stellpl&#xE4;tze:507\n&#x2022; Stellplatzart: Au&#xDF;enstellplatz, Parkhaus, Tiefgarage<\/ausstatt_beschr>\n<objektbeschreibung>Die moderne B&#xFC;rofl&#xE4;che mit funktionaler Ausstattung befinden sich im Br&#xFC;cken-Center in Remscheid in zentraler Lage. Die Einheit verf&#xFC;gt &#xFC;ber eine zeitgem&#xE4;&#xDF;e Verkabelung &#xFC;ber Bodentanks sowie eine effiziente Beleuchtung durch Rasterdeckenleuchten. Der Teppichboden sorgt f&#xFC;r eine angenehme Arbeitsatmosph&#xE4;re. F&#xFC;r optimalen Komfort ist ein au&#xDF;enliegender, elektrisch steuerbarer Sonnenschutz vorhanden. Ein Personenaufzug gew&#xE4;hrleistet einen bequemen Zugang zu allen Etagen. Erg&#xE4;nzt wird das Angebot durch eine voll ausgestattete Teek&#xFC;che, die den Arbeitsalltag ideal unterst&#xFC;tzt. Ankermieter dieses Objektes, welches &#xFC;ber insgesamt 17 Mieteinheiten verf&#xFC;gt, ist Kaufland, TAKKO, Intersport und Tedi.<\/objektbeschreibung>\n<sonstige_angaben>Es gelten ausschlie&#xDF;lich unsere AGB (www.ruhr-real.de\/agb). Wir m&#xF6;chten Sie darauf hinweisen, dass die Angaben ausschlie&#xDF;lich auf den uns vom Eigent&#xFC;mer &#xFC;bermittelten Unterlagen und Informationen basieren. F&#xFC;r Richtigkeit und Vollst&#xE4;ndigkeit &#xFC;bernehmen wir keine Gew&#xE4;hr. Zwischenvermietung vorbehalten.<\/sonstige_angaben>\n<\/freitexte>\n<anhaenge>\n<anhang location=\"EXTERN\" gruppe=\"TITELBILD\">\n<anhangtitel>Innenansicht<\/anhangtitel>\n<format>jpeg<\/format>\n<daten>\n<pfad>1c70061a67404740937348f009f2bf2b.jpeg<\/pfad>\n<\/daten>\n<\/anhang>\n<anhang location=\"EXTERN\" gruppe=\"BILD\">\n<anhangtitel>Innenansicht<\/anhangtitel>\n<format>jpeg<\/format>\n<daten>\n<pfad>a6bbf66b529b4b009b512638dea78ebe.jpeg<\/pfad>\n<\/daten>\n<\/anhang>\n<anhang location=\"EXTERN\" gruppe=\"BILD\">\n<anhangtitel>Innenansicht<\/anhangtitel>\n<format>jpeg<\/format>\n<daten>\n<pfad>d512fc067d124bd1825fcb01fb7c407b.jpeg<\/pfad>\n<\/daten>\n<\/anhang>\n<anhang location=\"EXTERN\" gruppe=\"BILD\">\n<anhangtitel>Au&#xDF;enansicht<\/anhangtitel>\n<format>jpeg<\/format>\n<daten>\n<pfad>670bf9880c7644f6aaa676d0617bd2a9.jpeg<\/pfad>\n<\/daten>\n<\/anhang>\n<anhang location=\"EXTERN\" gruppe=\"GRUNDRISS\">\n<anhangtitel>Grundriss 2. OG<\/anhangtitel>\n<format>PNG<\/format>\n<daten>\n<pfad>bfeceb988f954fbd8b31ed74e15a6c3c.PNG<\/pfad>\n<\/daten>\n<\/anhang>\n<\/anhaenge>\n<verwaltung_objekt>\n<objektadresse_freigeben>false<\/objektadresse_freigeben>\n<verfuegbar_ab>nach Vereinbarung<\/verfuegbar_ab>\n<geschlecht\/>\n<\/verwaltung_objekt>\n<verwaltung_techn>\n<objektnr_intern>5917A81E8C5F4EA98A67196FB03A470F<\/objektnr_intern>\n<objektnr_extern>4702\/E1<\/objektnr_extern>\n<aktion aktionart=\"CHANGE\"\/>\n<openimmo_obid>5917A81E8C5F4EA98A67196FB03A470F<\/openimmo_obid>\n<kennung_ursprung>estatePro V10.0.0.8<\/kennung_ursprung>\n<stand_vom>2026-04-22<\/stand_vom>\n<\/verwaltung_techn>\n<user_defined_simplefield feldname=\"Startseite\">Nein<\/user_defined_simplefield>\n<\/immobilie>\n"],"_immonex_energy_class":[""],"_immonex_energy_class_id":["0"],"_thumbnail_id":["187895"],"fave_property_images":["187895","187896","187897","187898"],"fave_floor_plans_enable":["enable"],"floor_plans":["a:1:{i:0;a:7:{s:15:\"fave_plan_title\";s:15:\"Grundriss 2. OG\";s:15:\"fave_plan_rooms\";s:0:\"\";s:19:\"fave_plan_bathrooms\";s:0:\"\";s:15:\"fave_plan_price\";s:0:\"\";s:14:\"fave_plan_size\";s:0:\"\";s:15:\"fave_plan_image\";s:84:\"https:\/\/ruhr-real.de\/wp-content\/uploads\/2026\/04\/bfeceb988f954fbd8b31ed74e15a6c3c.png\";s:21:\"fave_plan_description\";s:0:\"\";}}"],"fave_prop_homeslider":["yes"],"fave_prop_slider_image":["187895"],"fave_agents":["142704"],"fave_agent_display_option":["agent_info"],"fave_single_top_area":["global"],"fave_single_content_area":["global"],"fave_property_price":["0"],"fave_property_map":["1"],"fave_property_map_street_view":["hide"],"fave_property_size_prefix":["m\u00b2"],"fave_property_land_postfix":["m\u00b2"],"fave_featured":["0"],"houzez_featured_listing_date":[""],"fave_currency":["EUR"],"fave_currency_info":["a:8:{s:2:\"id\";s:1:\"1\";s:13:\"currency_name\";s:4:\"Euro\";s:13:\"currency_code\";s:3:\"EUR\";s:15:\"currency_symbol\";s:3:\"\u20ac\";s:17:\"currency_position\";s:5:\"after\";s:16:\"currency_decimal\";s:1:\"2\";s:26:\"currency_decimal_separator\";s:1:\",\";s:27:\"currency_thousand_separator\";s:1:\".\";}"],"_wpml_word_count":["407"],"houzez_total_property_views":["24"],"houzez_views_by_date":["a:4:{s:10:\"04-22-2026\";i:4;s:10:\"04-23-2026\";i:8;s:10:\"04-24-2026\";i:8;s:10:\"04-25-2026\";i:4;}"],"houzez_recently_viewed":["2026-04-25 08:33:37"],"fave_show_price_placeholder":["1"],"_elementor_page_assets":["a:0:{}"]},"_links":{"self":[{"href":"https:\/\/ruhr-real.de\/en\/wp-json\/wp\/v2\/properties\/187874","targetHints":{"allow":["GET"]}}],"collection":[{"href":"https:\/\/ruhr-real.de\/en\/wp-json\/wp\/v2\/properties"}],"about":[{"href":"https:\/\/ruhr-real.de\/en\/wp-json\/wp\/v2\/types\/property"}],"author":[{"embeddable":true,"href":"https:\/\/ruhr-real.de\/en\/wp-json\/wp\/v2\/users\/1"}],"version-history":[{"count":0,"href":"https:\/\/ruhr-real.de\/en\/wp-json\/wp\/v2\/properties\/187874\/revisions"}],"wp:featuredmedia":[{"embeddable":true,"href":"https:\/\/ruhr-real.de\/en\/wp-json\/wp\/v2\/media\/187895"}],"wp:attachment":[{"href":"https:\/\/ruhr-real.de\/en\/wp-json\/wp\/v2\/media?parent=187874"}],"wp:term":[{"taxonomy":"property_type","embeddable":true,"href":"https:\/\/ruhr-real.de\/en\/wp-json\/wp\/v2\/property_type?post=187874"},{"taxonomy":"property_status","embeddable":true,"href":"https:\/\/ruhr-real.de\/en\/wp-json\/wp\/v2\/property_status?post=187874"},{"taxonomy":"property_feature","embeddable":true,"href":"https:\/\/ruhr-real.de\/en\/wp-json\/wp\/v2\/property_feature?post=187874"},{"taxonomy":"property_label","embeddable":true,"href":"https:\/\/ruhr-real.de\/en\/wp-json\/wp\/v2\/property_label?post=187874"},{"taxonomy":"property_country","embeddable":true,"href":"https:\/\/ruhr-real.de\/en\/wp-json\/wp\/v2\/property_country?post=187874"},{"taxonomy":"property_state","embeddable":true,"href":"https:\/\/ruhr-real.de\/en\/wp-json\/wp\/v2\/property_state?post=187874"},{"taxonomy":"property_city","embeddable":true,"href":"https:\/\/ruhr-real.de\/en\/wp-json\/wp\/v2\/property_city?post=187874"},{"taxonomy":"property_area","embeddable":true,"href":"https:\/\/ruhr-real.de\/en\/wp-json\/wp\/v2\/property_area?post=187874"}],"curies":[{"name":"wp","href":"https:\/\/api.w.org\/{rel}","templated":true}]}}